{"id":232092,"date":"2026-02-20T16:31:06","date_gmt":"2026-02-20T16:31:06","guid":{"rendered":"https:\/\/oceancamper.com\/aluguer-de-campervan-em-faro-viaja-facilmente-no-algarve\/"},"modified":"2026-08-17T20:19:55","modified_gmt":"2026-08-17T20:19:55","slug":"faro","status":"publish","type":"page","link":"https:\/\/oceancamper.com\/pt-pt\/aluguer-de-campervan\/faro\/","title":{"rendered":"Aluguer de camper em Faro \u2013 Viagens f\u00e1ceis no Algarve"},"content":{"rendered":"\t\t<div data-elementor-type=\"wp-page\" data-elementor-id=\"232092\" class=\"elementor elementor-232092 elementor-230879\" data-elementor-post-type=\"page\">\n\t\t\t\t\t\t<section class=\"elementor-section elementor-top-section elementor-element elementor-element-37576ba2 elementor-section-height-min-height elementor-section-stretched elementor-section-content-middle elementor-section-boxed elementor-section-height-default elementor-section-items-middle\" data-id=\"37576ba2\" data-element_type=\"section\" data-e-type=\"section\" data-settings=\"{&quot;stretch_section&quot;:&quot;section-stretched&quot;,&quot;background_background&quot;:&quot;classic&quot;}\">\n\t\t\t\t\t\t\t<div class=\"elementor-background-overlay\"><\/div>\n\t\t\t\t\t\t\t<div class=\"elementor-container elementor-column-gap-default\">\n\t\t\t\t\t<div class=\"elementor-column elementor-col-100 elementor-top-column elementor-element elementor-element-3be47529\" data-id=\"3be47529\" data-element_type=\"column\" data-e-type=\"column\">\n\t\t\t<div class=\"elementor-widget-wrap elementor-element-populated\">\n\t\t\t\t\t\t<div class=\"elementor-element elementor-element-415b3fea elementor-widget elementor-widget-heading\" data-id=\"415b3fea\" data-element_type=\"widget\" data-e-type=\"widget\" data-widget_type=\"heading.default\">\n\t\t\t\t<div class=\"elementor-widget-container\">\n\t\t\t\t\t<h1 class=\"elementor-heading-title elementor-size-default\">Aluguer autocaravana Faro<\/h1>\t\t\t\t<\/div>\n\t\t\t\t<\/div>\n\t\t\t\t<div class=\"elementor-element elementor-element-2d59b795 elementor-widget elementor-widget-heading\" data-id=\"2d59b795\" data-element_type=\"widget\" data-e-type=\"widget\" data-widget_type=\"heading.default\">\n\t\t\t\t<div class=\"elementor-widget-container\">\n\t\t\t\t\t<p class=\"elementor-heading-title elementor-size-default\">Levantamento a 2 km do aeroporto. Praias a quinze minutos. <\/p>\t\t\t\t<\/div>\n\t\t\t\t<\/div>\n\t\t\t\t\t<\/div>\n\t\t<\/div>\n\t\t\t\t\t<\/div>\n\t\t<\/section>\n\t\t\t\t<section class=\"elementor-section elementor-top-section elementor-element elementor-element-7583ce89 elementor-section-stretched elementor-section-boxed elementor-section-height-default elementor-section-height-default\" data-id=\"7583ce89\" data-element_type=\"section\" data-e-type=\"section\" data-settings=\"{&quot;stretch_section&quot;:&quot;section-stretched&quot;,&quot;background_background&quot;:&quot;classic&quot;}\">\n\t\t\t\t\t\t<div class=\"elementor-container elementor-column-gap-default\">\n\t\t\t\t\t<div class=\"elementor-column elementor-col-100 elementor-top-column elementor-element elementor-element-1ed7fab9\" data-id=\"1ed7fab9\" data-element_type=\"column\" data-e-type=\"column\">\n\t\t\t<div class=\"elementor-widget-wrap elementor-element-populated\">\n\t\t\t\t\t\t<section class=\"elementor-section elementor-inner-section elementor-element elementor-element-3b165573 elementor-section-boxed elementor-section-height-default elementor-section-height-default\" data-id=\"3b165573\" data-element_type=\"section\" data-e-type=\"section\">\n\t\t\t\t\t\t<div class=\"elementor-container elementor-column-gap-default\">\n\t\t\t\t\t<div class=\"elementor-column elementor-col-50 elementor-inner-column elementor-element elementor-element-43798322 elementor-invisible\" data-id=\"43798322\" data-element_type=\"column\" data-e-type=\"column\" data-settings=\"{&quot;background_background&quot;:&quot;classic&quot;,&quot;animation&quot;:&quot;fadeIn&quot;}\">\n\t\t\t<div class=\"elementor-widget-wrap elementor-element-populated\">\n\t\t\t\t\t<div class=\"elementor-background-overlay\"><\/div>\n\t\t\t\t\t\t<div class=\"elementor-element elementor-element-be0fcc4 elementor-view-framed elementor-position-inline-start keep-icon-box-left elementor-mobile-position-inline-start elementor-shape-circle elementor-widget elementor-widget-icon-box\" data-id=\"be0fcc4\" data-element_type=\"widget\" data-e-type=\"widget\" data-widget_type=\"icon-box.default\">\n\t\t\t\t<div class=\"elementor-widget-container\">\n\t\t\t\t\t\t\t<div class=\"elementor-icon-box-wrapper\">\n\n\t\t\t\t\t\t<div class=\"elementor-icon-box-icon\">\n\t\t\t\t<span  class=\"elementor-icon elementor-animation-pop\">\n\t\t\t\t<i aria-hidden=\"true\" class=\"fas fa-check\"><\/i>\t\t\t\t<\/span>\n\t\t\t<\/div>\n\t\t\t\n\t\t\t\t\t\t<div class=\"elementor-icon-box-content\">\n\n\t\t\t\t\t\t\t\t\t<h3 class=\"elementor-icon-box-title\">\n\t\t\t\t\t\t<span  >\n\t\t\t\t\t\t\tA 2 km do Aeroporto de Faro\t\t\t\t\t\t<\/span>\n\t\t\t\t\t<\/h3>\n\t\t\t\t\n\t\t\t\t\n\t\t\t<\/div>\n\t\t\t\n\t\t<\/div>\n\t\t\t\t\t\t<\/div>\n\t\t\t\t<\/div>\n\t\t\t\t<div class=\"elementor-element elementor-element-2802f2cb elementor-view-framed elementor-position-inline-start keep-icon-box-left elementor-mobile-position-inline-start elementor-shape-circle elementor-widget elementor-widget-icon-box\" data-id=\"2802f2cb\" data-element_type=\"widget\" data-e-type=\"widget\" data-widget_type=\"icon-box.default\">\n\t\t\t\t<div class=\"elementor-widget-container\">\n\t\t\t\t\t\t\t<div class=\"elementor-icon-box-wrapper\">\n\n\t\t\t\t\t\t<div class=\"elementor-icon-box-icon\">\n\t\t\t\t<span  class=\"elementor-icon elementor-animation-pop\">\n\t\t\t\t<i aria-hidden=\"true\" class=\"fas fa-check\"><\/i>\t\t\t\t<\/span>\n\t\t\t<\/div>\n\t\t\t\n\t\t\t\t\t\t<div class=\"elementor-icon-box-content\">\n\n\t\t\t\t\t\t\t\t\t<h3 class=\"elementor-icon-box-title\">\n\t\t\t\t\t\t<span  >\n\t\t\t\t\t\t\tAcesso direto \u00e0s praias do Algarve\t\t\t\t\t\t<\/span>\n\t\t\t\t\t<\/h3>\n\t\t\t\t\n\t\t\t\t\n\t\t\t<\/div>\n\t\t\t\n\t\t<\/div>\n\t\t\t\t\t\t<\/div>\n\t\t\t\t<\/div>\n\t\t\t\t<div class=\"elementor-element elementor-element-610e756b elementor-view-framed elementor-position-inline-start keep-icon-box-left elementor-mobile-position-inline-start elementor-shape-circle elementor-widget elementor-widget-icon-box\" data-id=\"610e756b\" data-element_type=\"widget\" data-e-type=\"widget\" data-widget_type=\"icon-box.default\">\n\t\t\t\t<div class=\"elementor-widget-container\">\n\t\t\t\t\t\t\t<div class=\"elementor-icon-box-wrapper\">\n\n\t\t\t\t\t\t<div class=\"elementor-icon-box-icon\">\n\t\t\t\t<span  class=\"elementor-icon elementor-animation-pop\">\n\t\t\t\t<i aria-hidden=\"true\" class=\"fas fa-check\"><\/i>\t\t\t\t<\/span>\n\t\t\t<\/div>\n\t\t\t\n\t\t\t\t\t\t<div class=\"elementor-icon-box-content\">\n\n\t\t\t\t\t\t\t\t\t<h3 class=\"elementor-icon-box-title\">\n\t\t\t\t\t\t<span  >\n\t\t\t\t\t\t\tIdeal para Lagos, Sagres e Costa Vicentina\t\t\t\t\t\t<\/span>\n\t\t\t\t\t<\/h3>\n\t\t\t\t\n\t\t\t\t\n\t\t\t<\/div>\n\t\t\t\n\t\t<\/div>\n\t\t\t\t\t\t<\/div>\n\t\t\t\t<\/div>\n\t\t\t\t<div class=\"elementor-element elementor-element-5ee0f0a7 elementor-view-framed elementor-position-inline-start keep-icon-box-left elementor-mobile-position-inline-start elementor-shape-circle elementor-widget elementor-widget-icon-box\" data-id=\"5ee0f0a7\" data-element_type=\"widget\" data-e-type=\"widget\" data-widget_type=\"icon-box.default\">\n\t\t\t\t<div class=\"elementor-widget-container\">\n\t\t\t\t\t\t\t<div class=\"elementor-icon-box-wrapper\">\n\n\t\t\t\t\t\t<div class=\"elementor-icon-box-icon\">\n\t\t\t\t<span  class=\"elementor-icon elementor-animation-pop\">\n\t\t\t\t<i aria-hidden=\"true\" class=\"fas fa-check\"><\/i>\t\t\t\t<\/span>\n\t\t\t<\/div>\n\t\t\t\n\t\t\t\t\t\t<div class=\"elementor-icon-box-content\">\n\n\t\t\t\t\t\t\t\t\t<h3 class=\"elementor-icon-box-title\">\n\t\t\t\t\t\t<span  >\n\t\t\t\t\t\t\tPerfeito para surfar e fazer viagens costeiras\t\t\t\t\t\t<\/span>\n\t\t\t\t\t<\/h3>\n\t\t\t\t\n\t\t\t\t\n\t\t\t<\/div>\n\t\t\t\n\t\t<\/div>\n\t\t\t\t\t\t<\/div>\n\t\t\t\t<\/div>\n\t\t\t\t<div class=\"elementor-element elementor-element-25d4625a elementor-view-framed elementor-position-inline-start keep-icon-box-left elementor-mobile-position-inline-start elementor-shape-circle elementor-widget elementor-widget-icon-box\" data-id=\"25d4625a\" data-element_type=\"widget\" data-e-type=\"widget\" data-widget_type=\"icon-box.default\">\n\t\t\t\t<div class=\"elementor-widget-container\">\n\t\t\t\t\t\t\t<div class=\"elementor-icon-box-wrapper\">\n\n\t\t\t\t\t\t<div class=\"elementor-icon-box-icon\">\n\t\t\t\t<span  class=\"elementor-icon elementor-animation-pop\">\n\t\t\t\t<i aria-hidden=\"true\" class=\"fas fa-check\"><\/i>\t\t\t\t<\/span>\n\t\t\t<\/div>\n\t\t\t\n\t\t\t\t\t\t<div class=\"elementor-icon-box-content\">\n\n\t\t\t\t\t\t\t\t\t<h3 class=\"elementor-icon-box-title\">\n\t\t\t\t\t\t<span  >\n\t\t\t\t\t\t\tCome\u00e7a facilmente a tua aventura no Algarve\t\t\t\t\t\t<\/span>\n\t\t\t\t\t<\/h3>\n\t\t\t\t\n\t\t\t\t\n\t\t\t<\/div>\n\t\t\t\n\t\t<\/div>\n\t\t\t\t\t\t<\/div>\n\t\t\t\t<\/div>\n\t\t\t\t\t<\/div>\n\t\t<\/div>\n\t\t\t\t<div class=\"elementor-column elementor-col-50 elementor-inner-column elementor-element elementor-element-6678481e\" data-id=\"6678481e\" data-element_type=\"column\" data-e-type=\"column\">\n\t\t\t<div class=\"elementor-widget-wrap\">\n\t\t\t\t\t\t\t<\/div>\n\t\t<\/div>\n\t\t\t\t\t<\/div>\n\t\t<\/section>\n\t\t\t\t\t<\/div>\n\t\t<\/div>\n\t\t\t\t\t<\/div>\n\t\t<\/section>\n\t\t\t\t<section class=\"elementor-section elementor-top-section elementor-element elementor-element-51c01a00 elementor-section-stretched elementor-section-boxed elementor-section-height-default elementor-section-height-default\" data-id=\"51c01a00\" data-element_type=\"section\" data-e-type=\"section\" data-settings=\"{&quot;stretch_section&quot;:&quot;section-stretched&quot;,&quot;background_background&quot;:&quot;classic&quot;}\">\n\t\t\t\t\t\t<div class=\"elementor-container elementor-column-gap-default\">\n\t\t\t\t\t<div class=\"elementor-column elementor-col-100 elementor-top-column elementor-element elementor-element-16d2d75e\" data-id=\"16d2d75e\" data-element_type=\"column\" data-e-type=\"column\">\n\t\t\t<div class=\"elementor-widget-wrap elementor-element-populated\">\n\t\t\t\t\t\t<section class=\"elementor-section elementor-inner-section elementor-element elementor-element-5bfd86f8 elementor-section-boxed elementor-section-height-default elementor-section-height-default\" data-id=\"5bfd86f8\" data-element_type=\"section\" data-e-type=\"section\">\n\t\t\t\t\t\t<div class=\"elementor-container elementor-column-gap-default\">\n\t\t\t\t\t<div class=\"elementor-column elementor-col-50 elementor-inner-column elementor-element elementor-element-5c9374f1 elementor-invisible\" data-id=\"5c9374f1\" data-element_type=\"column\" data-e-type=\"column\" data-settings=\"{&quot;background_background&quot;:&quot;classic&quot;,&quot;animation&quot;:&quot;fadeIn&quot;}\">\n\t\t\t<div class=\"elementor-widget-wrap elementor-element-populated\">\n\t\t\t\t\t<div class=\"elementor-background-overlay\"><\/div>\n\t\t\t\t\t\t<div class=\"elementor-element elementor-element-a74a742 elementor-widget elementor-widget-heading\" data-id=\"a74a742\" data-element_type=\"widget\" data-e-type=\"widget\" data-widget_type=\"heading.default\">\n\t\t\t\t<div class=\"elementor-widget-container\">\n\t\t\t\t\t<h2 class=\"elementor-heading-title elementor-size-default\">Onde levantar a sua campervan em Faro<\/h2>\t\t\t\t<\/div>\n\t\t\t\t<\/div>\n\t\t\t\t<div class=\"elementor-element elementor-element-47c39c9 elementor-widget__width-initial elementor-widget elementor-widget-text-editor\" data-id=\"47c39c9\" data-element_type=\"widget\" data-e-type=\"widget\" data-widget_type=\"text-editor.default\">\n\t\t\t\t<div class=\"elementor-widget-container\">\n\t\t\t\t\t\t\t\t\t<p><strong>Rua Aquilino Ribeiro 124, 8005-177 Faro<\/strong><br\/>A 2 km do Aeroporto de Faro \u2014 cerca de 5 minutos e aproximadamente 6 \u20ac de t\u00e1xi, Bolt ou Uber. A cerca de 10 minutos da esta\u00e7\u00e3o de autocarros e comboios de Faro. <\/p><p><strong>Check-in a qualquer hora a partir das 14:00. Check-out a qualquer hora at\u00e9 \u00e0s 11:00. <\/strong> Os check-ins a partir das 17:30 t\u00eam uma taxa de atraso de 20 \u20ac. A entrega demora cerca de 30 minutos: fazemos uma visita guiada \u00e0 carrinha, mostramos como funcionam a cozinha, a \u00e1gua e o g\u00e1s, e respondemos a todas as suas perguntas antes de partir. <\/p><p>N\u00e3o existe transporte do aeroporto. Se preferir que o encontremos no terminal em vez de na loja, podemos faz\u00ea-lo por 49 \u20ac. <\/p>\t\t\t\t\t\t\t\t<\/div>\n\t\t\t\t<\/div>\n\t\t\t\t\t<\/div>\n\t\t<\/div>\n\t\t\t\t<div class=\"elementor-column elementor-col-50 elementor-inner-column elementor-element elementor-element-82dbc75\" data-id=\"82dbc75\" data-element_type=\"column\" data-e-type=\"column\">\n\t\t\t<div class=\"elementor-widget-wrap elementor-element-populated\">\n\t\t\t\t\t\t<div class=\"elementor-element elementor-element-5eab548 elementor-widget elementor-widget-html\" data-id=\"5eab548\" data-element_type=\"widget\" data-e-type=\"widget\" data-widget_type=\"html.default\">\n\t\t\t\t<div class=\"elementor-widget-container\">\n\t\t\t\t\t<style>\n.oc-map-box{font-family:'Poppins',sans-serif}\n.oc-map-box iframe{width:100%;height:380px;border:0;border-radius:18px;box-shadow:0 2px 18px rgba(30,52,64,.10);display:block}\n.oc-map-box .oc-dir{display:inline-block;margin-top:14px;padding:11px 24px;border-radius:30px;background:#005CAA;color:#fff;font-weight:600;font-size:15px;text-decoration:none}\n.oc-map-box .oc-dir:hover{background:#004080;color:#fff}\n@media (max-width:767px){.oc-map-box iframe{height:300px}}\n<\/style>\n<div class=\"oc-map-box\">\n <iframe loading=\"lazy\" title=\"Mapa com o ponto de levantamento da campervan Ocean Camper na Rua Aquilino Ribeiro 124, Faro\" src=\"https:\/\/maps.google.com\/maps?q=Ocean%20Camper%2C%20Rua%20Aquilino%20Ribeiro%20124%2C%208005-177%20Faro%2C%20Portugal&z=15&output=embed\"><\/iframe>\n <a class=\"oc-dir\" href=\"https:\/\/www.google.com\/maps\/dir\/?api=1&destination=Ocean%20Camper%2C%20Rua%20Aquilino%20Ribeiro%20124%2C%208005-177%20Faro%2C%20Portugal\" target=\"_blank\" rel=\"noopener\">Abrir dire\u00e7\u00f5es no Google Maps<\/a>\n<\/div>\t\t\t\t<\/div>\n\t\t\t\t<\/div>\n\t\t\t\t\t<\/div>\n\t\t<\/div>\n\t\t\t\t\t<\/div>\n\t\t<\/section>\n\t\t\t\t\t<\/div>\n\t\t<\/div>\n\t\t\t\t\t<\/div>\n\t\t<\/section>\n\t\t\t\t<section class=\"elementor-section elementor-top-section elementor-element elementor-element-37f28853 elementor-section-stretched elementor-section-boxed elementor-section-height-default elementor-section-height-default\" data-id=\"37f28853\" data-element_type=\"section\" data-e-type=\"section\" data-settings=\"{&quot;stretch_section&quot;:&quot;section-stretched&quot;,&quot;background_background&quot;:&quot;classic&quot;}\">\n\t\t\t\t\t\t<div class=\"elementor-container elementor-column-gap-default\">\n\t\t\t\t\t<div class=\"elementor-column elementor-col-100 elementor-top-column elementor-element elementor-element-1b5eeb4f\" data-id=\"1b5eeb4f\" data-element_type=\"column\" data-e-type=\"column\">\n\t\t\t<div class=\"elementor-widget-wrap elementor-element-populated\">\n\t\t\t\t\t\t<section class=\"elementor-section elementor-inner-section elementor-element elementor-element-401ac36f elementor-section-boxed elementor-section-height-default elementor-section-height-default\" data-id=\"401ac36f\" data-element_type=\"section\" data-e-type=\"section\">\n\t\t\t\t\t\t<div class=\"elementor-container elementor-column-gap-default\">\n\t\t\t\t\t<div class=\"elementor-column elementor-col-100 elementor-inner-column elementor-element elementor-element-444114de\" data-id=\"444114de\" data-element_type=\"column\" data-e-type=\"column\">\n\t\t\t<div class=\"elementor-widget-wrap elementor-element-populated\">\n\t\t\t\t\t\t<div class=\"elementor-element elementor-element-623ccb6e elementor-widget elementor-widget-heading\" data-id=\"623ccb6e\" data-element_type=\"widget\" data-e-type=\"widget\" data-widget_type=\"heading.default\">\n\t\t\t\t<div class=\"elementor-widget-container\">\n\t\t\t\t\t<h2 class=\"elementor-heading-title elementor-size-default\">As nossas campervans<\/h2>\t\t\t\t<\/div>\n\t\t\t\t<\/div>\n\t\t\t\t<div class=\"elementor-element elementor-element-385b7b88 elementor-widget elementor-widget-text-editor\" data-id=\"385b7b88\" data-element_type=\"widget\" data-e-type=\"widget\" data-widget_type=\"text-editor.default\">\n\t\t\t\t<div class=\"elementor-widget-container\">\n\t\t\t\t\t\t\t\t\t<p>Mini campervans totalmente equipadas, suficientemente pequenas para estacionar em qualquer lugar. As carrinhas dispon\u00edveis dependem das suas datas, por isso verifique a disponibilidade para a sua viagem. <a href=\"https:\/\/oceancamper.com\/pt-pt\/autocaravanas\/\">Ver toda a frota<\/a>. <\/p>\t\t\t\t\t\t\t\t<\/div>\n\t\t\t\t<\/div>\n\t\t\t\t\t<\/div>\n\t\t<\/div>\n\t\t\t\t\t<\/div>\n\t\t<\/section>\n\t\t\t\t\t<\/div>\n\t\t<\/div>\n\t\t\t\t\t<\/div>\n\t\t<\/section>\n\t\t\t\t<section class=\"elementor-section elementor-top-section elementor-element elementor-element-78f99679 elementor-section-stretched elementor-section-boxed elementor-section-height-default elementor-section-height-default\" data-id=\"78f99679\" data-element_type=\"section\" data-e-type=\"section\" data-settings=\"{&quot;stretch_section&quot;:&quot;section-stretched&quot;,&quot;background_background&quot;:&quot;classic&quot;}\">\n\t\t\t\t\t\t<div class=\"elementor-container elementor-column-gap-default\">\n\t\t\t\t\t<div class=\"elementor-column elementor-col-100 elementor-top-column elementor-element elementor-element-35bef299\" data-id=\"35bef299\" data-element_type=\"column\" data-e-type=\"column\">\n\t\t\t<div class=\"elementor-widget-wrap elementor-element-populated\">\n\t\t\t\t\t\t<section class=\"elementor-section elementor-inner-section elementor-element elementor-element-66cd56d7 elementor-section-boxed elementor-section-height-default elementor-section-height-default\" data-id=\"66cd56d7\" data-element_type=\"section\" data-e-type=\"section\">\n\t\t\t\t\t\t<div class=\"elementor-container elementor-column-gap-default\">\n\t\t\t\t\t<div class=\"elementor-column elementor-col-100 elementor-inner-column elementor-element elementor-element-4331d23e\" data-id=\"4331d23e\" data-element_type=\"column\" data-e-type=\"column\">\n\t\t\t<div class=\"elementor-widget-wrap elementor-element-populated\">\n\t\t\t\t\t\t<div class=\"elementor-element elementor-element-28cc9e41 elementor-widget elementor-widget-heading\" data-id=\"28cc9e41\" data-element_type=\"widget\" data-e-type=\"widget\" data-widget_type=\"heading.default\">\n\t\t\t\t<div class=\"elementor-widget-container\">\n\t\t\t\t\t<h2 class=\"elementor-heading-title elementor-size-default\">Todas as nossas Mini Autocaravanas incluem<\/h2>\t\t\t\t<\/div>\n\t\t\t\t<\/div>\n\t\t\t\t\t<\/div>\n\t\t<\/div>\n\t\t\t\t\t<\/div>\n\t\t<\/section>\n\t\t\t\t<section class=\"elementor-section elementor-inner-section elementor-element elementor-element-34063c61 elementor-section-boxed elementor-section-height-default elementor-section-height-default elementor-invisible\" data-id=\"34063c61\" data-element_type=\"section\" data-e-type=\"section\" data-settings=\"{&quot;animation&quot;:&quot;fadeInUp&quot;}\">\n\t\t\t\t\t\t<div class=\"elementor-container elementor-column-gap-default\">\n\t\t\t\t\t<div class=\"elementor-column elementor-col-20 elementor-inner-column elementor-element elementor-element-6e8d00ca\" data-id=\"6e8d00ca\" data-element_type=\"column\" data-e-type=\"column\" data-settings=\"{&quot;background_background&quot;:&quot;classic&quot;}\">\n\t\t\t<div class=\"elementor-widget-wrap elementor-element-populated\">\n\t\t\t\t\t<div class=\"elementor-background-overlay\"><\/div>\n\t\t\t\t\t\t<div class=\"elementor-element elementor-element-8e6960f elementor-position-top elementor-widget elementor-widget-image-box\" data-id=\"8e6960f\" data-element_type=\"widget\" data-e-type=\"widget\" data-widget_type=\"image-box.default\">\n\t\t\t\t<div class=\"elementor-widget-container\">\n\t\t\t\t\t<div class=\"elementor-image-box-wrapper\"><figure class=\"elementor-image-box-img\"><img decoding=\"async\" src=\"https:\/\/oceancamper.com\/wp-content\/uploads\/elementor\/thumbs\/camp-pack-q88hs6ivljx13pvp83w8208p0qiu9bmd9og3eo7l6q.png\" title=\"pacote de acampamento\" alt=\"\u00edcone do pacote de acampamento\" class=\"elementor-animation-pop\" loading=\"lazy\" \/><\/figure><div class=\"elementor-image-box-content\"><h3 class=\"elementor-image-box-title\">Pack de Campismo<\/h3><p class=\"elementor-image-box-description\">Mesa, cadeiras, jogos, carregador USB<\/p><\/div><\/div>\t\t\t\t<\/div>\n\t\t\t\t<\/div>\n\t\t\t\t\t<\/div>\n\t\t<\/div>\n\t\t\t\t<div class=\"elementor-column elementor-col-20 elementor-inner-column elementor-element elementor-element-612560a\" data-id=\"612560a\" data-element_type=\"column\" data-e-type=\"column\" data-settings=\"{&quot;background_background&quot;:&quot;classic&quot;}\">\n\t\t\t<div class=\"elementor-widget-wrap elementor-element-populated\">\n\t\t\t\t\t<div class=\"elementor-background-overlay\"><\/div>\n\t\t\t\t\t\t<div class=\"elementor-element elementor-element-1ee3424b elementor-position-top elementor-widget elementor-widget-image-box\" data-id=\"1ee3424b\" data-element_type=\"widget\" data-e-type=\"widget\" data-widget_type=\"image-box.default\">\n\t\t\t\t<div class=\"elementor-widget-container\">\n\t\t\t\t\t<div class=\"elementor-image-box-wrapper\"><figure class=\"elementor-image-box-img\"><img decoding=\"async\" src=\"https:\/\/oceancamper.com\/wp-content\/uploads\/elementor\/thumbs\/body-care-1-q88hs5l1epvqs3x2dlhlhih8fcnh1mimxjslxe8zcy.png\" title=\"cuidados com o corpo\" alt=\"\u00edcone de cuidados corporais\" class=\"elementor-animation-pop\" loading=\"lazy\" \/><\/figure><div class=\"elementor-image-box-content\"><h3 class=\"elementor-image-box-title\">Necessaire<\/h3><p class=\"elementor-image-box-description\">Sabonete, champ\u00f4, toalhas, papel higi\u00e9nico<\/p><\/div><\/div>\t\t\t\t<\/div>\n\t\t\t\t<\/div>\n\t\t\t\t\t<\/div>\n\t\t<\/div>\n\t\t\t\t<div class=\"elementor-column elementor-col-20 elementor-inner-column elementor-element elementor-element-51fcd880\" data-id=\"51fcd880\" data-element_type=\"column\" data-e-type=\"column\" data-settings=\"{&quot;background_background&quot;:&quot;classic&quot;}\">\n\t\t\t<div class=\"elementor-widget-wrap elementor-element-populated\">\n\t\t\t\t\t<div class=\"elementor-background-overlay\"><\/div>\n\t\t\t\t\t\t<div class=\"elementor-element elementor-element-3c44ec64 elementor-position-top elementor-widget elementor-widget-image-box\" data-id=\"3c44ec64\" data-element_type=\"widget\" data-e-type=\"widget\" data-widget_type=\"image-box.default\">\n\t\t\t\t<div class=\"elementor-widget-container\">\n\t\t\t\t\t<div class=\"elementor-image-box-wrapper\"><figure class=\"elementor-image-box-img\"><img decoding=\"async\" src=\"https:\/\/oceancamper.com\/wp-content\/uploads\/elementor\/thumbs\/cooking-ware-q88hs6ivljx13pvp83w8208p0qiu9bmd9og3eo7l6q.png\" title=\"a cozinha\" alt=\"o \u00edcone da cozinha\" class=\"elementor-animation-pop\" loading=\"lazy\" \/><\/figure><div class=\"elementor-image-box-content\"><h3 class=\"elementor-image-box-title\">A Cozinha<\/h3><p class=\"elementor-image-box-description\">Pratos, panelas, copos, frigideiras, fog\u00e3o, caixa t\u00e9rmica<\/p><\/div><\/div>\t\t\t\t<\/div>\n\t\t\t\t<\/div>\n\t\t\t\t\t<\/div>\n\t\t<\/div>\n\t\t\t\t<div class=\"elementor-column elementor-col-20 elementor-inner-column elementor-element elementor-element-2c7c45fc\" data-id=\"2c7c45fc\" data-element_type=\"column\" data-e-type=\"column\" data-settings=\"{&quot;background_background&quot;:&quot;classic&quot;}\">\n\t\t\t<div class=\"elementor-widget-wrap elementor-element-populated\">\n\t\t\t\t\t<div class=\"elementor-background-overlay\"><\/div>\n\t\t\t\t\t\t<div class=\"elementor-element elementor-element-59ee06ca elementor-position-top elementor-widget elementor-widget-image-box\" data-id=\"59ee06ca\" data-element_type=\"widget\" data-e-type=\"widget\" data-widget_type=\"image-box.default\">\n\t\t\t\t<div class=\"elementor-widget-container\">\n\t\t\t\t\t<div class=\"elementor-image-box-wrapper\"><figure class=\"elementor-image-box-img\"><img decoding=\"async\" src=\"https:\/\/oceancamper.com\/wp-content\/uploads\/elementor\/thumbs\/bedding1-q88hs5l1epvqs3x2dlhlhih8fcnh1mimxjslxe8zcy.png\" title=\"cama1\" alt=\"\u00edcone de cama\" class=\"elementor-animation-pop\" loading=\"lazy\" \/><\/figure><div class=\"elementor-image-box-content\"><h3 class=\"elementor-image-box-title\">Roupa de Cama<\/h3><p class=\"elementor-image-box-description\">Len\u00e7\u00f3is, almofadas, cobertores ou sacos-cama<\/p><\/div><\/div>\t\t\t\t<\/div>\n\t\t\t\t<\/div>\n\t\t\t\t\t<\/div>\n\t\t<\/div>\n\t\t\t\t<div class=\"elementor-column elementor-col-20 elementor-inner-column elementor-element elementor-element-7b117d4f\" data-id=\"7b117d4f\" data-element_type=\"column\" data-e-type=\"column\" data-settings=\"{&quot;background_background&quot;:&quot;classic&quot;}\">\n\t\t\t<div class=\"elementor-widget-wrap elementor-element-populated\">\n\t\t\t\t\t<div class=\"elementor-background-overlay\"><\/div>\n\t\t\t\t\t\t<div class=\"elementor-element elementor-element-10ac81e3 elementor-position-top elementor-widget elementor-widget-image-box\" data-id=\"10ac81e3\" data-element_type=\"widget\" data-e-type=\"widget\" data-widget_type=\"image-box.default\">\n\t\t\t\t<div class=\"elementor-widget-container\">\n\t\t\t\t\t<div class=\"elementor-image-box-wrapper\"><figure class=\"elementor-image-box-img\"><img decoding=\"async\" src=\"https:\/\/oceancamper.com\/wp-content\/uploads\/elementor\/thumbs\/cleaning-set-q88hs7gpsdybfbuc2maumi05m4e7h0q3lt3kvy670i.png\" title=\"conjunto de limpeza\" alt=\"conjunto de limpeza\" class=\"elementor-animation-pop\" loading=\"lazy\" \/><\/figure><div class=\"elementor-image-box-content\"><h3 class=\"elementor-image-box-title\">Pack de Limpeza<\/h3><p class=\"elementor-image-box-description\">Dep\u00f3sito de \u00e1gua, esponja, pano da loi\u00e7a, vassoura, detergente<\/p><\/div><\/div>\t\t\t\t<\/div>\n\t\t\t\t<\/div>\n\t\t\t\t\t<\/div>\n\t\t<\/div>\n\t\t\t\t\t<\/div>\n\t\t<\/section>\n\t\t\t\t\t<\/div>\n\t\t<\/div>\n\t\t\t\t\t<\/div>\n\t\t<\/section>\n\t\t\t\t<section class=\"elementor-section elementor-top-section elementor-element elementor-element-4bfa2417 elementor-section-stretched elementor-section-boxed elementor-section-height-default elementor-section-height-default\" data-id=\"4bfa2417\" data-element_type=\"section\" data-e-type=\"section\" data-settings=\"{&quot;stretch_section&quot;:&quot;section-stretched&quot;,&quot;background_background&quot;:&quot;classic&quot;}\">\n\t\t\t\t\t\t<div class=\"elementor-container elementor-column-gap-default\">\n\t\t\t\t\t<div class=\"elementor-column elementor-col-100 elementor-top-column elementor-element elementor-element-750ba724\" data-id=\"750ba724\" data-element_type=\"column\" data-e-type=\"column\">\n\t\t\t<div class=\"elementor-widget-wrap elementor-element-populated\">\n\t\t\t\t\t\t<section class=\"elementor-section elementor-inner-section elementor-element elementor-element-330a491b elementor-section-boxed elementor-section-height-default elementor-section-height-default\" data-id=\"330a491b\" data-element_type=\"section\" data-e-type=\"section\">\n\t\t\t\t\t\t<div class=\"elementor-container elementor-column-gap-default\">\n\t\t\t\t\t<div class=\"elementor-column elementor-col-50 elementor-inner-column elementor-element elementor-element-e4380 elementor-invisible\" data-id=\"e4380\" data-element_type=\"column\" data-e-type=\"column\" data-settings=\"{&quot;animation&quot;:&quot;fadeIn&quot;}\">\n\t\t\t<div class=\"elementor-widget-wrap elementor-element-populated\">\n\t\t\t\t\t\t<div class=\"elementor-element elementor-element-70849b7a elementor-widget elementor-widget-image\" data-id=\"70849b7a\" data-element_type=\"widget\" data-e-type=\"widget\" data-widget_type=\"image.default\">\n\t\t\t\t<div class=\"elementor-widget-container\">\n\t\t\t\t\t\t\t\t\t\t\t\t\t\t\t<img fetchpriority=\"high\" decoding=\"async\" width=\"800\" height=\"533\" src=\"https:\/\/oceancamper.com\/wp-content\/uploads\/2026\/02\/campervan-rental-faro-algarve-coast-sunset-1-1024x682.webp\" class=\"attachment-large size-large wp-image-232096\" alt=\"Aluguer de mini campervan em Faro para explorar a costa algarvia ao p\u00f4r do sol\" srcset=\"https:\/\/oceancamper.com\/wp-content\/uploads\/2026\/02\/campervan-rental-faro-algarve-coast-sunset-1-1024x682.webp 1024w, https:\/\/oceancamper.com\/wp-content\/uploads\/2026\/02\/campervan-rental-faro-algarve-coast-sunset-1-300x200.webp 300w, https:\/\/oceancamper.com\/wp-content\/uploads\/2026\/02\/campervan-rental-faro-algarve-coast-sunset-1-768x512.webp 768w, https:\/\/oceancamper.com\/wp-content\/uploads\/2026\/02\/campervan-rental-faro-algarve-coast-sunset-1-1536x1024.webp 1536w, https:\/\/oceancamper.com\/wp-content\/uploads\/2026\/02\/campervan-rental-faro-algarve-coast-sunset-1-2048x1365.webp 2048w, https:\/\/oceancamper.com\/wp-content\/uploads\/2026\/02\/campervan-rental-faro-algarve-coast-sunset-1-240x160.webp 240w\" sizes=\"(max-width: 800px) 100vw, 800px\" \/>\t\t\t\t\t\t\t\t\t\t\t\t\t\t\t<\/div>\n\t\t\t\t<\/div>\n\t\t\t\t\t<\/div>\n\t\t<\/div>\n\t\t\t\t<div class=\"elementor-column elementor-col-50 elementor-inner-column elementor-element elementor-element-2d7cdb61\" data-id=\"2d7cdb61\" data-element_type=\"column\" data-e-type=\"column\">\n\t\t\t<div class=\"elementor-widget-wrap\">\n\t\t\t\t\t\t\t<\/div>\n\t\t<\/div>\n\t\t\t\t\t<\/div>\n\t\t<\/section>\n\t\t\t\t<section class=\"elementor-section elementor-inner-section elementor-element elementor-element-3af9d348 elementor-section-boxed elementor-section-height-default elementor-section-height-default\" data-id=\"3af9d348\" data-element_type=\"section\" data-e-type=\"section\">\n\t\t\t\t\t\t<div class=\"elementor-container elementor-column-gap-default\">\n\t\t\t\t\t<div class=\"elementor-column elementor-col-50 elementor-inner-column elementor-element elementor-element-6ae1f21b\" data-id=\"6ae1f21b\" data-element_type=\"column\" data-e-type=\"column\">\n\t\t\t<div class=\"elementor-widget-wrap\">\n\t\t\t\t\t\t\t<\/div>\n\t\t<\/div>\n\t\t\t\t<div class=\"elementor-column elementor-col-50 elementor-inner-column elementor-element elementor-element-7622ac78 elementor-invisible\" data-id=\"7622ac78\" data-element_type=\"column\" data-e-type=\"column\" data-settings=\"{&quot;background_background&quot;:&quot;classic&quot;,&quot;animation&quot;:&quot;fadeInUp&quot;}\">\n\t\t\t<div class=\"elementor-widget-wrap elementor-element-populated\">\n\t\t\t\t\t<div class=\"elementor-background-overlay\"><\/div>\n\t\t\t\t\t\t<div class=\"elementor-element elementor-element-2f7235a elementor-widget elementor-widget-heading\" data-id=\"2f7235a\" data-element_type=\"widget\" data-e-type=\"widget\" data-widget_type=\"heading.default\">\n\t\t\t\t<div class=\"elementor-widget-container\">\n\t\t\t\t\t<h2 class=\"elementor-heading-title elementor-size-default\">A que dist\u00e2ncia fica tudo de Faro?<\/h2>\t\t\t\t<\/div>\n\t\t\t\t<\/div>\n\t\t\t\t<div class=\"elementor-element elementor-element-29a9a4e elementor-widget elementor-widget-text-editor\" data-id=\"29a9a4e\" data-element_type=\"widget\" data-e-type=\"widget\" data-widget_type=\"text-editor.default\">\n\t\t\t\t<div class=\"elementor-widget-container\">\n\t\t\t\t\t\t\t\t\t<p>Faro situa-se na extremidade leste do Algarve, com uma autoestrada que percorre toda a costa, por isso nada fica longe. Tempos de condu\u00e7\u00e3o aproximados a partir da nossa loja: <\/p><ul><li><strong>Praia de Faro e a Ria Formosa<\/strong> \u2014 10 minutos. Praias de barreira e uma lagoa cheia de aves, suficientemente perto para a primeira noite. <\/li><li><strong>Tavira e o sotavento algarvio<\/strong> \u2014 35 minutos. Mais calmo, mais antigo, menos est\u00e2ncias tur\u00edsticas. <\/li><li><strong>Albufeira<\/strong> \u2014 35 minutos.<\/li><li><strong>Benagil e Carvoeiro<\/strong> \u2014 cerca de 50 minutos. As grutas marinhas que todos v\u00eam visitar. <\/li><li><strong>Lagos e Ponta da Piedade<\/strong> \u2014 cerca de 1 hora.<\/li><li><strong>Sagres e Cabo de S\u00e3o Vicente<\/strong> \u2014 cerca de 1 hora e 30 minutos. O extremo sudoeste da Europa. <\/li><li><strong>Aljezur e a Costa Vicentina<\/strong> \u2014 cerca de 1 hora e 20 minutos pelas colinas at\u00e9 \u00e0 selvagem costa oeste, onde est\u00e1 o surf.<\/li><\/ul><p>Uma primeira semana comum: duas noites a leste, perto de Tavira, depois para oeste ao longo da costa at\u00e9 Lagos e Sagres, subindo depois pelo lado atl\u00e2ntico at\u00e9 Aljezur e regressando pelo interior. Nunca conduzir\u00e1 mais do que cerca de 90 minutos por dia. <\/p>\t\t\t\t\t\t\t\t<\/div>\n\t\t\t\t<\/div>\n\t\t\t\t<div class=\"elementor-element elementor-element-273b5409 elementor-align-left elementor-tablet-align-left elementor-mobile-align-left elementor-widget elementor-widget-button\" data-id=\"273b5409\" data-element_type=\"widget\" data-e-type=\"widget\" data-widget_type=\"button.default\">\n\t\t\t\t<div class=\"elementor-widget-container\">\n\t\t\t\t\t\t\t\t\t<div class=\"elementor-button-wrapper\">\n\t\t\t\t\t<a class=\"elementor-button elementor-button-link elementor-size-sm elementor-animation-pop\" href=\"https:\/\/oceancamper.com\/pt-pt\/reservas\/\">\n\t\t\t\t\t\t<span class=\"elementor-button-content-wrapper\">\n\t\t\t\t\t\t\t\t\t<span class=\"elementor-button-text\">Reservar Agora<\/span>\n\t\t\t\t\t<\/span>\n\t\t\t\t\t<\/a>\n\t\t\t\t<\/div>\n\t\t\t\t\t\t\t\t<\/div>\n\t\t\t\t<\/div>\n\t\t\t\t\t<\/div>\n\t\t<\/div>\n\t\t\t\t\t<\/div>\n\t\t<\/section>\n\t\t\t\t\t<\/div>\n\t\t<\/div>\n\t\t\t\t\t<\/div>\n\t\t<\/section>\n\t\t\t\t<section class=\"elementor-section elementor-top-section elementor-element elementor-element-6921508e elementor-section-stretched elementor-section-boxed elementor-section-height-default elementor-section-height-default\" data-id=\"6921508e\" data-element_type=\"section\" data-e-type=\"section\" data-settings=\"{&quot;stretch_section&quot;:&quot;section-stretched&quot;,&quot;background_background&quot;:&quot;classic&quot;}\">\n\t\t\t\t\t\t<div class=\"elementor-container elementor-column-gap-default\">\n\t\t\t\t\t<div class=\"elementor-column elementor-col-100 elementor-top-column elementor-element elementor-element-c715b88\" data-id=\"c715b88\" data-element_type=\"column\" data-e-type=\"column\">\n\t\t\t<div class=\"elementor-widget-wrap elementor-element-populated\">\n\t\t\t\t\t\t<section class=\"elementor-section elementor-inner-section elementor-element elementor-element-346460bd elementor-section-boxed elementor-section-height-default elementor-section-height-default\" data-id=\"346460bd\" data-element_type=\"section\" data-e-type=\"section\">\n\t\t\t\t\t\t<div class=\"elementor-container elementor-column-gap-default\">\n\t\t\t\t\t<div class=\"elementor-column elementor-col-100 elementor-inner-column elementor-element elementor-element-2c43f42d\" data-id=\"2c43f42d\" data-element_type=\"column\" data-e-type=\"column\">\n\t\t\t<div class=\"elementor-widget-wrap elementor-element-populated\">\n\t\t\t\t\t\t<div class=\"elementor-element elementor-element-6576c7b7 elementor-widget elementor-widget-heading\" data-id=\"6576c7b7\" data-element_type=\"widget\" data-e-type=\"widget\" data-widget_type=\"heading.default\">\n\t\t\t\t<div class=\"elementor-widget-container\">\n\t\t\t\t\t<h2 class=\"elementor-heading-title elementor-size-default\">O que os nossos h\u00f3spedes dizem<\/h2>\t\t\t\t<\/div>\n\t\t\t\t<\/div>\n\t\t\t\t<div class=\"elementor-element elementor-element-6788fa elementor-widget elementor-widget-text-editor\" data-id=\"6788fa\" data-element_type=\"widget\" data-e-type=\"widget\" data-widget_type=\"text-editor.default\">\n\t\t\t\t<div class=\"elementor-widget-container\">\n\t\t\t\t\t\t\t\t\t<p>Quase quinhentas avalia\u00e7\u00f5es no Google, Yescapa e Airbnb, e as mesmas duas pessoas entregaram todas as carrinhas. Leia-as antes de reservar \u2014 dizem mais sobre uma pequena empresa familiar do que n\u00f3s poder\u00edamos dizer. <\/p>\t\t\t\t\t\t\t\t<\/div>\n\t\t\t\t<\/div>\n\t\t\t\t\t<\/div>\n\t\t<\/div>\n\t\t\t\t\t<\/div>\n\t\t<\/section>\n\t\t\t\t<section class=\"elementor-section elementor-inner-section elementor-element elementor-element-20285e2 elementor-section-boxed elementor-section-height-default elementor-section-height-default elementor-invisible\" data-id=\"20285e2\" data-element_type=\"section\" data-e-type=\"section\" data-settings=\"{&quot;animation&quot;:&quot;fadeInUp&quot;}\">\n\t\t\t\t\t\t<div class=\"elementor-container elementor-column-gap-default\">\n\t\t\t\t\t<div class=\"elementor-column elementor-col-33 elementor-inner-column elementor-element elementor-element-4d497f21\" data-id=\"4d497f21\" data-element_type=\"column\" data-e-type=\"column\" data-settings=\"{&quot;background_background&quot;:&quot;classic&quot;}\">\n\t\t\t<div class=\"elementor-widget-wrap elementor-element-populated\">\n\t\t\t\t\t<div class=\"elementor-background-overlay\"><\/div>\n\t\t\t\t\t\t<div class=\"elementor-element elementor-element-ee2907 elementor-widget__width-initial elementor-widget elementor-widget-image\" data-id=\"ee2907\" data-element_type=\"widget\" data-e-type=\"widget\" data-widget_type=\"image.default\">\n\t\t\t\t<div class=\"elementor-widget-container\">\n\t\t\t\t\t\t\t\t\t\t\t\t\t\t\t\t<a href=\"https:\/\/g.co\/kgs\/crA8mDs\">\n\t\t\t\t\t\t\t<img decoding=\"async\" width=\"768\" height=\"260\" src=\"https:\/\/oceancamper.com\/wp-content\/uploads\/2025\/01\/Google_2015_logo.svg_-768x260.png\" class=\"attachment-medium_large size-medium_large wp-image-152538\" alt=\"Google Reviews Ocean Camper\" srcset=\"https:\/\/oceancamper.com\/wp-content\/uploads\/2025\/01\/Google_2015_logo.svg_-768x260.png 768w, https:\/\/oceancamper.com\/wp-content\/uploads\/2025\/01\/Google_2015_logo.svg_-300x102.png 300w, https:\/\/oceancamper.com\/wp-content\/uploads\/2025\/01\/Google_2015_logo.svg_-240x81.png 240w, https:\/\/oceancamper.com\/wp-content\/uploads\/2025\/01\/Google_2015_logo.svg_.png 800w\" sizes=\"(max-width: 768px) 100vw, 768px\" \/>\t\t\t\t\t\t\t\t<\/a>\n\t\t\t\t\t\t\t\t\t\t\t\t\t\t\t<\/div>\n\t\t\t\t<\/div>\n\t\t\t\t<div class=\"elementor-element elementor-element-34db09d2 elementor-widget-tablet__width-initial elementor-widget__width-initial elementor-widget elementor-widget-text-editor\" data-id=\"34db09d2\" data-element_type=\"widget\" data-e-type=\"widget\" data-widget_type=\"text-editor.default\">\n\t\t\t\t<div class=\"elementor-widget-container\">\n\t\t\t\t\t\t\t\t\t<p>Classifica\u00e7\u00e3o m\u00e1xima no Google: 5,0 de 5,0 em mais de 470 avalia\u00e7\u00f5es.<\/p>\t\t\t\t\t\t\t\t<\/div>\n\t\t\t\t<\/div>\n\t\t\t\t<div class=\"elementor-element elementor-element-a3f16a7 elementor-align-center elementor-tablet-align-center elementor-mobile-align-center elementor-widget elementor-widget-button\" data-id=\"a3f16a7\" data-element_type=\"widget\" data-e-type=\"widget\" data-widget_type=\"button.default\">\n\t\t\t\t<div class=\"elementor-widget-container\">\n\t\t\t\t\t\t\t\t\t<div class=\"elementor-button-wrapper\">\n\t\t\t\t\t<a class=\"elementor-button elementor-button-link elementor-size-sm elementor-animation-pop\" href=\"https:\/\/g.co\/kgs\/Rzav59W\" target=\"_blank\">\n\t\t\t\t\t\t<span class=\"elementor-button-content-wrapper\">\n\t\t\t\t\t\t\t\t\t<span class=\"elementor-button-text\">Saber Mais<\/span>\n\t\t\t\t\t<\/span>\n\t\t\t\t\t<\/a>\n\t\t\t\t<\/div>\n\t\t\t\t\t\t\t\t<\/div>\n\t\t\t\t<\/div>\n\t\t\t\t\t<\/div>\n\t\t<\/div>\n\t\t\t\t<div class=\"elementor-column elementor-col-33 elementor-inner-column elementor-element elementor-element-5bd79055\" data-id=\"5bd79055\" data-element_type=\"column\" data-e-type=\"column\" data-settings=\"{&quot;background_background&quot;:&quot;classic&quot;}\">\n\t\t\t<div class=\"elementor-widget-wrap elementor-element-populated\">\n\t\t\t\t\t<div class=\"elementor-background-overlay\"><\/div>\n\t\t\t\t\t\t<div class=\"elementor-element elementor-element-7edcb13d elementor-widget__width-initial elementor-widget elementor-widget-image\" data-id=\"7edcb13d\" data-element_type=\"widget\" data-e-type=\"widget\" data-widget_type=\"image.default\">\n\t\t\t\t<div class=\"elementor-widget-container\">\n\t\t\t\t\t\t\t\t\t\t\t\t\t\t\t\t<a href=\"https:\/\/www.yescapa.pt\/campers\/29929\">\n\t\t\t\t\t\t\t<img decoding=\"async\" width=\"1024\" height=\"233\" src=\"https:\/\/oceancamper.com\/wp-content\/uploads\/2025\/01\/ug36vrv2jq3odc9hi6ol0tqnyk7x-1.png\" class=\"attachment-full size-full wp-image-152559\" alt=\"Coment\u00e1rios Yescapa Ocean Camper\" srcset=\"https:\/\/oceancamper.com\/wp-content\/uploads\/2025\/01\/ug36vrv2jq3odc9hi6ol0tqnyk7x-1.png 1024w, https:\/\/oceancamper.com\/wp-content\/uploads\/2025\/01\/ug36vrv2jq3odc9hi6ol0tqnyk7x-1-300x68.png 300w, https:\/\/oceancamper.com\/wp-content\/uploads\/2025\/01\/ug36vrv2jq3odc9hi6ol0tqnyk7x-1-768x175.png 768w, https:\/\/oceancamper.com\/wp-content\/uploads\/2025\/01\/ug36vrv2jq3odc9hi6ol0tqnyk7x-1-240x55.png 240w\" sizes=\"(max-width: 1024px) 100vw, 1024px\" \/>\t\t\t\t\t\t\t\t<\/a>\n\t\t\t\t\t\t\t\t\t\t\t\t\t\t\t<\/div>\n\t\t\t\t<\/div>\n\t\t\t\t<div class=\"elementor-element elementor-element-145d0c46 elementor-widget__width-initial elementor-widget-tablet__width-initial elementor-widget elementor-widget-text-editor\" data-id=\"145d0c46\" data-element_type=\"widget\" data-e-type=\"widget\" data-widget_type=\"text-editor.default\">\n\t\t\t\t<div class=\"elementor-widget-container\">\n\t\t\t\t\t\t\t\t\t<p>Pr\u00e9mio <strong>Yescapa<\/strong> &#8220;Best Owner&#8221;, classifica\u00e7\u00e3o de 4,9\/5,0 em mais de 50 avalia\u00e7\u00f5es.<\/p>\t\t\t\t\t\t\t\t<\/div>\n\t\t\t\t<\/div>\n\t\t\t\t<div class=\"elementor-element elementor-element-6c257686 elementor-align-center elementor-tablet-align-center elementor-mobile-align-center elementor-widget elementor-widget-button\" data-id=\"6c257686\" data-element_type=\"widget\" data-e-type=\"widget\" data-widget_type=\"button.default\">\n\t\t\t\t<div class=\"elementor-widget-container\">\n\t\t\t\t\t\t\t\t\t<div class=\"elementor-button-wrapper\">\n\t\t\t\t\t<a class=\"elementor-button elementor-button-link elementor-size-sm elementor-animation-pop\" href=\"https:\/\/www.yescapa.com\/campers\/29929\" target=\"_blank\">\n\t\t\t\t\t\t<span class=\"elementor-button-content-wrapper\">\n\t\t\t\t\t\t\t\t\t<span class=\"elementor-button-text\">Saber Mais<\/span>\n\t\t\t\t\t<\/span>\n\t\t\t\t\t<\/a>\n\t\t\t\t<\/div>\n\t\t\t\t\t\t\t\t<\/div>\n\t\t\t\t<\/div>\n\t\t\t\t\t<\/div>\n\t\t<\/div>\n\t\t\t\t<div class=\"elementor-column elementor-col-33 elementor-inner-column elementor-element elementor-element-1057d319\" data-id=\"1057d319\" data-element_type=\"column\" data-e-type=\"column\" data-settings=\"{&quot;background_background&quot;:&quot;classic&quot;}\">\n\t\t\t<div class=\"elementor-widget-wrap elementor-element-populated\">\n\t\t\t\t\t<div class=\"elementor-background-overlay\"><\/div>\n\t\t\t\t\t\t<div class=\"elementor-element elementor-element-548c423d elementor-widget__width-initial elementor-widget elementor-widget-image\" data-id=\"548c423d\" data-element_type=\"widget\" data-e-type=\"widget\" data-widget_type=\"image.default\">\n\t\t\t\t<div class=\"elementor-widget-container\">\n\t\t\t\t\t\t\t\t\t\t\t\t\t\t\t\t<a href=\"https:\/\/www.airbnb.de\/users\/show\/147121665\">\n\t\t\t\t\t\t\t<img loading=\"lazy\" decoding=\"async\" width=\"1280\" height=\"400\" src=\"https:\/\/oceancamper.com\/wp-content\/uploads\/2025\/01\/Airbnb_Logo_Belo.svg_.png\" class=\"attachment-full size-full wp-image-152552\" alt=\"Coment\u00e1rios Airbnb Ocean Camper\" srcset=\"https:\/\/oceancamper.com\/wp-content\/uploads\/2025\/01\/Airbnb_Logo_Belo.svg_.png 1280w, https:\/\/oceancamper.com\/wp-content\/uploads\/2025\/01\/Airbnb_Logo_Belo.svg_-300x94.png 300w, https:\/\/oceancamper.com\/wp-content\/uploads\/2025\/01\/Airbnb_Logo_Belo.svg_-1024x320.png 1024w, https:\/\/oceancamper.com\/wp-content\/uploads\/2025\/01\/Airbnb_Logo_Belo.svg_-768x240.png 768w, https:\/\/oceancamper.com\/wp-content\/uploads\/2025\/01\/Airbnb_Logo_Belo.svg_-240x75.png 240w\" sizes=\"(max-width: 1280px) 100vw, 1280px\" \/>\t\t\t\t\t\t\t\t<\/a>\n\t\t\t\t\t\t\t\t\t\t\t\t\t\t\t<\/div>\n\t\t\t\t<\/div>\n\t\t\t\t<div class=\"elementor-element elementor-element-58771a6a elementor-widget__width-initial elementor-widget-tablet__width-initial elementor-widget elementor-widget-text-editor\" data-id=\"58771a6a\" data-element_type=\"widget\" data-e-type=\"widget\" data-widget_type=\"text-editor.default\">\n\t\t\t\t<div class=\"elementor-widget-container\">\n\t\t\t\t\t\t\t\t\t<p><span style=\"color: var( --e-global-color-text ); font-family: var( --e-global-typography-text-font-family ), Sans-serif; font-weight: var( --e-global-typography-text-font-weight ); font-size: 1rem;\">Pr\u00e9mio &#8220;Superhost status&#8221;<\/span><strong>da Airbnb<\/strong><span style=\"color: var( --e-global-color-text ); font-family: var( --e-global-typography-text-font-family ), Sans-serif; font-weight: var( --e-global-typography-text-font-weight ); font-size: 1rem;\">desde 2018,<\/span><span style=\"color: var( --e-global-color-text ); font-family: var( --e-global-typography-text-font-family ), Sans-serif; font-weight: var( --e-global-typography-text-font-weight ); font-size: 1rem;\"> classifica\u00e7\u00e3o de 4,9\/5,0 estrelas em <\/span><span style=\"color: var( --e-global-color-text ); font-family: var( --e-global-typography-text-font-family ), Sans-serif; font-weight: var( --e-global-typography-text-font-weight ); font-size: 1rem;\">mais de 700 avalia\u00e7\u00f5es<\/span><span style=\"color: var( --e-global-color-text ); font-family: var( --e-global-typography-text-font-family ), Sans-serif; font-size: 1rem; font-weight: var( --e-global-typography-text-font-weight );\">.<\/span><\/p>\t\t\t\t\t\t\t\t<\/div>\n\t\t\t\t<\/div>\n\t\t\t\t<div class=\"elementor-element elementor-element-10d98e7b elementor-align-center elementor-tablet-align-center elementor-mobile-align-center elementor-widget elementor-widget-button\" data-id=\"10d98e7b\" data-element_type=\"widget\" data-e-type=\"widget\" data-widget_type=\"button.default\">\n\t\t\t\t<div class=\"elementor-widget-container\">\n\t\t\t\t\t\t\t\t\t<div class=\"elementor-button-wrapper\">\n\t\t\t\t\t<a class=\"elementor-button elementor-button-link elementor-size-sm elementor-animation-pop\" href=\"https:\/\/www.airbnb.com\/users\/show\/147121665\" target=\"_blank\">\n\t\t\t\t\t\t<span class=\"elementor-button-content-wrapper\">\n\t\t\t\t\t\t\t\t\t<span class=\"elementor-button-text\">Saber Mais<\/span>\n\t\t\t\t\t<\/span>\n\t\t\t\t\t<\/a>\n\t\t\t\t<\/div>\n\t\t\t\t\t\t\t\t<\/div>\n\t\t\t\t<\/div>\n\t\t\t\t\t<\/div>\n\t\t<\/div>\n\t\t\t\t\t<\/div>\n\t\t<\/section>\n\t\t\t\t<div class=\"elementor-element elementor-element-236ae1d elementor-widget elementor-widget-text-editor\" data-id=\"236ae1d\" data-element_type=\"widget\" data-e-type=\"widget\" data-widget_type=\"text-editor.default\">\n\t\t\t\t<div class=\"elementor-widget-container\">\n\t\t\t\t\t\t\t\t\t<p><div class=\"wp-gr rpi wpac\" style=\"--rev-color: #f4f4f4;\" data-id=\"231938\" data-layout=\"slider\" data-exec=\"false\" data-options='{&quot;text_size&quot;:&quot;&quot;,&quot;trans&quot;:{&quot;read more&quot;:&quot;ler mais&quot;}}'><svg xmlns=\"http:\/\/www.w3.org\/2000\/svg\" style=\"display:none!important\"><symbol id=\"grw-tripadvisor\" viewBox=\"0 0 713.496 713.496\"><g><circle fill=\"#34E0A1\" cx=\"356.749\" cy=\"356.748\" r=\"356.748\"\/><path d=\"M577.095,287.152l43.049-46.836h-95.465c-47.792-32.646-105.51-51.659-167.931-51.659   c-62.342,0-119.899,19.054-167.612,51.659H93.432l43.049,46.836c-26.387,24.075-42.929,58.754-42.929,97.259   c0,72.665,58.914,131.578,131.579,131.578c34.519,0,65.968-13.313,89.446-35.077l42.172,45.919l42.172-45.879   c23.478,21.764,54.887,35.037,89.406,35.037c72.665,0,131.658-58.913,131.658-131.578   C620.024,345.866,603.483,311.188,577.095,287.152z M225.17,473.458c-49.188,0-89.047-39.859-89.047-89.047   s39.86-89.048,89.047-89.048c49.187,0,89.047,39.86,89.047,89.048S274.357,473.458,225.17,473.458z M356.788,381.82   c0-58.595-42.61-108.898-98.853-130.383c30.413-12.716,63.776-19.771,98.813-19.771s68.439,7.055,98.853,19.771   C399.399,272.962,356.788,323.226,356.788,381.82z M488.367,473.458c-49.188,0-89.048-39.859-89.048-89.047   s39.86-89.048,89.048-89.048s89.047,39.86,89.047,89.048S537.554,473.458,488.367,473.458z M488.367,337.694   c-25.79,0-46.677,20.887-46.677,46.677c0,25.789,20.887,46.676,46.677,46.676c25.789,0,46.676-20.887,46.676-46.676   C535.042,358.621,514.156,337.694,488.367,337.694z M271.846,384.411c0,25.789-20.887,46.676-46.676,46.676   s-46.676-20.887-46.676-46.676c0-25.79,20.887-46.677,46.676-46.677C250.959,337.694,271.846,358.621,271.846,384.411z\"\/><\/g><\/symbol><symbol id=\"grw-google\" viewBox=\"0 0 512 512\"><g fill=\"none\" fill-rule=\"evenodd\"><path d=\"M482.56 261.36c0-16.73-1.5-32.83-4.29-48.27H256v91.29h127.01c-5.47 29.5-22.1 54.49-47.09 71.23v59.21h76.27c44.63-41.09 70.37-101.59 70.37-173.46z\" fill=\"#4285f4\"\/><path d=\"M256 492c63.72 0 117.14-21.13 156.19-57.18l-76.27-59.21c-21.13 14.16-48.17 22.53-79.92 22.53-61.47 0-113.49-41.51-132.05-97.3H45.1v61.15c38.83 77.13 118.64 130.01 210.9 130.01z\" fill=\"#34a853\"\/><path d=\"M123.95 300.84c-4.72-14.16-7.4-29.29-7.4-44.84s2.68-30.68 7.4-44.84V150.01H45.1C29.12 181.87 20 217.92 20 256c0 38.08 9.12 74.13 25.1 105.99l78.85-61.15z\" fill=\"#fbbc05\"\/><path d=\"M256 113.86c34.65 0 65.76 11.91 90.22 35.29l67.69-67.69C373.03 43.39 319.61 20 256 20c-92.25 0-172.07 52.89-210.9 130.01l78.85 61.15c18.56-55.78 70.59-97.3 132.05-97.3z\" fill=\"#ea4335\"\/><path d=\"M20 20h472v472H20V20z\"\/><\/g><\/symbol><\/svg><div class=\"grw-row grw-row-m\" data-options='{&quot;speed&quot;:3,&quot;autoplay&quot;:true,&quot;mousestop&quot;:true,&quot;breakpoints&quot;:&quot;&quot;}'><div class=\"grw-header\"><div class=\"grw-header-inner rpi-flx rpi-row12\"><div class=\"grw-img-wrap\"><img loading=\"lazy\" decoding=\"async\" class=\"grw-img\" src=\"https:\/\/oceancamper.com\/wp-content\/uploads\/2026\/06\/ChIJtzX78EOzGg0RaPQykH-ORqU.jpg\" loading=\"lazy\" alt=\"Ocean Camper - Campervan Rental Faro place picture\" width=\"50\" height=\"50\" onerror=\"if(this.src!='data:image\/gif;base64,R0lGODlhAQABAIAAAAAAAP\/\/\/yH5BAEAAAAALAAAAAABAAEAAAIBRAA7')this.src='data:image\/gif;base64,R0lGODlhAQABAIAAAAAAAP\/\/\/yH5BAEAAAAALAAAAAABAAEAAAIBRAA7';\" ><\/div><div class=\"rpi-flx rpi-col8\"><span class=\"rpi-stars\" style=\"--rating:5.0\">5.0<\/span><div class=\"wp-google-based\">Como base em 459 cr\u00edticas<\/div><div class=\"wp-google-powered\" role=\"img\" aria-label=\"powered by Google\">powered by <span aria-hidden=\"true\"><span style=\"color:#3c6df0!important\">G<\/span><span style=\"color:#d93025!important\">o<\/span><span style=\"color:#fb8e28!important\">o<\/span><span style=\"color:#3c6df0!important\">g<\/span><span style=\"color:#188038!important\">l<\/span><span style=\"color:#d93025!important\">e<\/span><\/span><\/div><\/div><\/div><\/div><div class=\"rpi-slides-root grw-content\"><div class=\"grw-content-inner\"><button class=\"rpi-ltgt rpi-lt grw-prev\" tabindex=\"0\"><\/button><div class=\"rpi-slides grw-reviews rpi-slides-bite\" data-count=\"3\" data-offset=\"3\"><div class=\"rpi-slide grw-review\"><div class=\"rpi-flx rpi-col12 grw-review-inner grw-backgnd grw-round grw-shadow\"><div class=\"rpi-flx rpi-row12-center\"><div class=\"grw-img-wrap\"><img loading=\"lazy\" decoding=\"async\" class=\"grw-img\" src=\"https:\/\/oceancamper.com\/wp-content\/uploads\/2026\/06\/ChIJtzX78EOzGg0RaPQykH-ORqU_34876239683d7358d3494a41c9126628.jpg\" loading=\"lazy\" alt=\"Gisela Godoy Fuentes profile picture\" width=\"50\" height=\"50\" onerror=\"if(this.src!='https:\/\/oceancamper.com\/wp-content\/plugins\/widget-google-reviews\/assets\/img\/guest.png')this.src='https:\/\/oceancamper.com\/wp-content\/plugins\/widget-google-reviews\/assets\/img\/guest.png';\" ><\/div><div class=\"rpi-flx rpi-col6\"><a href=\"https:\/\/www.google.com\/maps\/contrib\/114095612745903575716\/reviews\" class=\"wp-google-name\" target=\"_blank\" rel=\"nofollow noopener\">Gisela Godoy Fuentes<\/a><div class=\"wp-google-time\" data-time=\"1780057333\" data-lang=\"en\">H\u00e1 3 meses<\/div><\/div><\/div><span class=\"rpi-stars\" style=\"--rating:5\"><\/span><div class=\"rpi-flx rpi-col4\"><div class=\"wp-google-feedback grw-scroll\"  style=\"height:20!important\"><span class=\"wp-google-text\">My partner and  I had a great experience with Ocean Camper and would absolutely recommend it!!! The van was new, clean, comfortable and had everything we needed for the trip. It was actually our first time camping and travelling this way, and we ended up loving it. We slept really well and enjoyed having the freedom to explore different places at our own pace.<br \/><br \/>Also, Mateus was super kind and always quick to respond to any message or question we had, which made everything much easier and more relaxed. Overall, it was such a special experience for us and something we would definitely repeat soon. Thank you again!<\/span><\/div><\/div><svg height=\"16\" width=\"16\" role=\"none\"><use href=\"#grw-google\"\/><\/svg><\/div><\/div><div class=\"rpi-slide grw-review\"><div class=\"rpi-flx rpi-col12 grw-review-inner grw-backgnd grw-round grw-shadow\"><div class=\"rpi-flx rpi-row12-center\"><div class=\"grw-img-wrap\"><img loading=\"lazy\" decoding=\"async\" class=\"grw-img\" src=\"https:\/\/oceancamper.com\/wp-content\/uploads\/2026\/06\/ChIJtzX78EOzGg0RaPQykH-ORqU_0c836ff516c3550bbf9eb4ae7e4f4f57.jpg\" loading=\"lazy\" alt=\"Delphine profile picture\" width=\"50\" height=\"50\" onerror=\"if(this.src!='https:\/\/oceancamper.com\/wp-content\/plugins\/widget-google-reviews\/assets\/img\/guest.png')this.src='https:\/\/oceancamper.com\/wp-content\/plugins\/widget-google-reviews\/assets\/img\/guest.png';\" ><\/div><div class=\"rpi-flx rpi-col6\"><a href=\"https:\/\/www.google.com\/maps\/contrib\/106377095489459524895\/reviews\" class=\"wp-google-name\" target=\"_blank\" rel=\"nofollow noopener\">Delphine<\/a><div class=\"wp-google-time\" data-time=\"1780051348\" data-lang=\"en\">H\u00e1 3 meses<\/div><\/div><\/div><span class=\"rpi-stars\" style=\"--rating:5\"><\/span><div class=\"rpi-flx rpi-col4\"><div class=\"wp-google-feedback grw-scroll\"  style=\"height:20!important\"><span class=\"wp-google-text\">Excellent company that I highly recommend! They are very professional and reliable. The van was spotless! Check-in and check-out were quick. Thank you for this great experience, we loved our trip and our van! The team is really friendly!!<\/span><\/div><\/div><svg height=\"16\" width=\"16\" role=\"none\"><use href=\"#grw-google\"\/><\/svg><\/div><\/div><div class=\"rpi-slide grw-review\"><div class=\"rpi-flx rpi-col12 grw-review-inner grw-backgnd grw-round grw-shadow\"><div class=\"rpi-flx rpi-row12-center\"><div class=\"grw-img-wrap\"><img loading=\"lazy\" decoding=\"async\" class=\"grw-img\" src=\"https:\/\/oceancamper.com\/wp-content\/uploads\/2026\/06\/ChIJtzX78EOzGg0RaPQykH-ORqU_15c1c831e0219e2e9e48ceb727dc3f74.jpg\" loading=\"lazy\" alt=\"Chris Steeghs profile picture\" width=\"50\" height=\"50\" onerror=\"if(this.src!='https:\/\/oceancamper.com\/wp-content\/plugins\/widget-google-reviews\/assets\/img\/guest.png')this.src='https:\/\/oceancamper.com\/wp-content\/plugins\/widget-google-reviews\/assets\/img\/guest.png';\" ><\/div><div class=\"rpi-flx rpi-col6\"><a href=\"https:\/\/www.google.com\/maps\/contrib\/109759328764862779397\/reviews\" class=\"wp-google-name\" target=\"_blank\" rel=\"nofollow noopener\">Chris Steeghs<\/a><div class=\"wp-google-time\" data-time=\"1779699366\" data-lang=\"en\">H\u00e1 3 meses<\/div><\/div><\/div><span class=\"rpi-stars\" style=\"--rating:5\"><\/span><div class=\"rpi-flx rpi-col4\"><div class=\"wp-google-feedback grw-scroll\"  style=\"height:20!important\"><span class=\"wp-google-text\">Excellent experience. Very easy check in and the team were great communicators. The van was amazing (Bohemian) &#8211; very spacious, had everything we needed and everything worked perfectly. We took it all over Portugal and it drove amazing. Pro tip if you have an early flight is to book into the camper park next door the night before. 10\/10 would recommend to all.<\/span><\/div><\/div><svg height=\"16\" width=\"16\" role=\"none\"><use href=\"#grw-google\"\/><\/svg><\/div><\/div><\/div><button class=\"rpi-ltgt rpi-gt grw-next\" tabindex=\"0\"><\/button><\/div><\/div><\/div><script>(function(p){if(!p)return;let w=p.offsetWidth,m=function(a,b){return Math.min(a,b)===a};p.querySelector('.grw-row').classList.replace('grw-row-m','grw-row-'+(m(w,510)?'xs':m(w,750)?'x':m(w,1100)?'s':m(w,1450)?'m':m(w,1800)?'l':'xl'))})(document.currentScript?.parentElement)<\/script><\/div><\/p><p style=\"text-align:center;margin-top:14px\"><a href=\"https:\/\/g.co\/kgs\/Rzav59W\" target=\"_blank\" rel=\"noopener\">L\u00ea todas as nossas avalia\u00e7\u00f5es no Google<\/a><\/p>\t\t\t\t\t\t\t\t<\/div>\n\t\t\t\t<\/div>\n\t\t\t\t\t<\/div>\n\t\t<\/div>\n\t\t\t\t\t<\/div>\n\t\t<\/section>\n\t\t\t\t<section class=\"elementor-section elementor-top-section elementor-element elementor-element-77eb12be elementor-section-stretched elementor-section-boxed elementor-section-height-default elementor-section-height-default\" data-id=\"77eb12be\" data-element_type=\"section\" data-e-type=\"section\" data-settings=\"{&quot;stretch_section&quot;:&quot;section-stretched&quot;,&quot;background_background&quot;:&quot;classic&quot;}\">\n\t\t\t\t\t\t<div class=\"elementor-container elementor-column-gap-default\">\n\t\t\t\t\t<div class=\"elementor-column elementor-col-100 elementor-top-column elementor-element elementor-element-55f4adaf\" data-id=\"55f4adaf\" data-element_type=\"column\" data-e-type=\"column\">\n\t\t\t<div class=\"elementor-widget-wrap elementor-element-populated\">\n\t\t\t\t\t\t<section class=\"elementor-section elementor-inner-section elementor-element elementor-element-7a28cd73 elementor-section-boxed elementor-section-height-default elementor-section-height-default\" data-id=\"7a28cd73\" data-element_type=\"section\" data-e-type=\"section\">\n\t\t\t\t\t\t<div class=\"elementor-container elementor-column-gap-default\">\n\t\t\t\t\t<div class=\"elementor-column elementor-col-100 elementor-inner-column elementor-element elementor-element-52dd02fc\" data-id=\"52dd02fc\" data-element_type=\"column\" data-e-type=\"column\">\n\t\t\t<div class=\"elementor-widget-wrap elementor-element-populated\">\n\t\t\t\t\t\t<div class=\"elementor-element elementor-element-5319a6d5 elementor-widget elementor-widget-heading\" data-id=\"5319a6d5\" data-element_type=\"widget\" data-e-type=\"widget\" data-widget_type=\"heading.default\">\n\t\t\t\t<div class=\"elementor-widget-container\">\n\t\t\t\t\t<h2 class=\"elementor-heading-title elementor-size-default\">Perguntas frequentes \u2013 Aluguer de camper em Faro<\/h2>\t\t\t\t<\/div>\n\t\t\t\t<\/div>\n\t\t\t\t\t<\/div>\n\t\t<\/div>\n\t\t\t\t\t<\/div>\n\t\t<\/section>\n\t\t\t\t<section class=\"elementor-section elementor-inner-section elementor-element elementor-element-153c9da6 elementor-section-boxed elementor-section-height-default elementor-section-height-default\" data-id=\"153c9da6\" data-element_type=\"section\" data-e-type=\"section\">\n\t\t\t\t\t\t<div class=\"elementor-container elementor-column-gap-default\">\n\t\t\t\t\t<div class=\"elementor-column elementor-col-100 elementor-inner-column elementor-element elementor-element-28c85fed\" data-id=\"28c85fed\" data-element_type=\"column\" data-e-type=\"column\">\n\t\t\t<div class=\"elementor-widget-wrap elementor-element-populated\">\n\t\t\t\t\t\t<div class=\"elementor-element elementor-element-ab9f1fa elementor-widget elementor-widget-html\" data-id=\"ab9f1fa\" data-element_type=\"widget\" data-e-type=\"widget\" data-widget_type=\"html.default\">\n\t\t\t\t<div class=\"elementor-widget-container\">\n\t\t\t\t\t<script>jQuery(document).ready(function($) {\r\nvar delay = 100; setTimeout(function() {\r\n$('.elementor-tab-title').removeClass('elementor-active');\r\n $('.elementor-tab-content').css('display', 'none'); }, delay);\r\n});\r\n<\/script>\t\t\t\t<\/div>\n\t\t\t\t<\/div>\n\t\t\t\t<div class=\"elementor-element elementor-element-171cb8c6 elementor-widget elementor-widget-accordion\" data-id=\"171cb8c6\" data-element_type=\"widget\" data-e-type=\"widget\" id=\"faq-section\" data-widget_type=\"accordion.default\">\n\t\t\t\t<div class=\"elementor-widget-container\">\n\t\t\t\t\t\t\t<div class=\"elementor-accordion\">\n\t\t\t\t\t\t\t<div class=\"elementor-accordion-item\">\n\t\t\t\t\t<div id=\"elementor-tab-title-3871\" class=\"elementor-tab-title\" data-tab=\"1\" role=\"button\" aria-controls=\"elementor-tab-content-3871\" aria-expanded=\"false\">\n\t\t\t\t\t\t\t\t\t\t\t\t\t<span class=\"elementor-accordion-icon elementor-accordion-icon-left\" aria-hidden=\"true\">\n\t\t\t\t\t\t\t\t\t\t\t\t\t\t\t<span class=\"elementor-accordion-icon-closed\"><i class=\"fas fa-plus\"><\/i><\/span>\n\t\t\t\t\t\t\t\t<span class=\"elementor-accordion-icon-opened\"><i class=\"fas fa-minus\"><\/i><\/span>\n\t\t\t\t\t\t\t\t\t\t\t\t\t\t<\/span>\n\t\t\t\t\t\t\t\t\t\t\t\t<a class=\"elementor-accordion-title\" tabindex=\"0\">Onde fica o teu local de aluguer de autocaravanas em Faro?<\/a>\n\t\t\t\t\t<\/div>\n\t\t\t\t\t<div id=\"elementor-tab-content-3871\" class=\"elementor-tab-content elementor-clearfix\" data-tab=\"1\" role=\"region\" aria-labelledby=\"elementor-tab-title-3871\"><p><strong>Rua Aquilino Ribeiro 124, 8005-177 Faro.<\/strong> A dois quil\u00f3metros do Aeroporto de Faro e a cerca de 10 minutos da esta\u00e7\u00e3o de autocarros e comboios. Check-in a qualquer hora a partir das 14:00, check-out a qualquer hora at\u00e9 \u00e0s 11:00. Os check-ins a partir das 17:30 t\u00eam uma taxa de atraso de 20 \u20ac.  <\/p>\n<\/div>\n\t\t\t\t<\/div>\n\t\t\t\t\t\t\t<div class=\"elementor-accordion-item\">\n\t\t\t\t\t<div id=\"elementor-tab-title-3872\" class=\"elementor-tab-title\" data-tab=\"2\" role=\"button\" aria-controls=\"elementor-tab-content-3872\" aria-expanded=\"false\">\n\t\t\t\t\t\t\t\t\t\t\t\t\t<span class=\"elementor-accordion-icon elementor-accordion-icon-left\" aria-hidden=\"true\">\n\t\t\t\t\t\t\t\t\t\t\t\t\t\t\t<span class=\"elementor-accordion-icon-closed\"><i class=\"fas fa-plus\"><\/i><\/span>\n\t\t\t\t\t\t\t\t<span class=\"elementor-accordion-icon-opened\"><i class=\"fas fa-minus\"><\/i><\/span>\n\t\t\t\t\t\t\t\t\t\t\t\t\t\t<\/span>\n\t\t\t\t\t\t\t\t\t\t\t\t<a class=\"elementor-accordion-title\" tabindex=\"0\">O local de recolha \u00e9 perto do Aeroporto de Faro?<\/a>\n\t\t\t\t\t<\/div>\n\t\t\t\t\t<div id=\"elementor-tab-content-3872\" class=\"elementor-tab-content elementor-clearfix\" data-tab=\"2\" role=\"region\" aria-labelledby=\"elementor-tab-title-3872\"><p>Sim \u2014 <strong>2 km<\/strong>, o que demora cerca de 5 minutos e custa aproximadamente 6 \u20ac de t\u00e1xi, Bolt ou Uber. N\u00e3o existe transporte do aeroporto, pelo que dever\u00e1 deslocar-se \u00e0 loja pelos seus pr\u00f3prios meios. Se preferir que o encontremos no terminal, podemos faz\u00ea-lo por 49 \u20ac.  <\/p>\n<\/div>\n\t\t\t\t<\/div>\n\t\t\t\t\t\t\t<div class=\"elementor-accordion-item\">\n\t\t\t\t\t<div id=\"elementor-tab-title-3873\" class=\"elementor-tab-title\" data-tab=\"3\" role=\"button\" aria-controls=\"elementor-tab-content-3873\" aria-expanded=\"false\">\n\t\t\t\t\t\t\t\t\t\t\t\t\t<span class=\"elementor-accordion-icon elementor-accordion-icon-left\" aria-hidden=\"true\">\n\t\t\t\t\t\t\t\t\t\t\t\t\t\t\t<span class=\"elementor-accordion-icon-closed\"><i class=\"fas fa-plus\"><\/i><\/span>\n\t\t\t\t\t\t\t\t<span class=\"elementor-accordion-icon-opened\"><i class=\"fas fa-minus\"><\/i><\/span>\n\t\t\t\t\t\t\t\t\t\t\t\t\t\t<\/span>\n\t\t\t\t\t\t\t\t\t\t\t\t<a class=\"elementor-accordion-title\" tabindex=\"0\">Faro \u00e9 um bom ponto de partida para uma viagem pelo Algarve?<\/a>\n\t\t\t\t\t<\/div>\n\t\t\t\t\t<div id=\"elementor-tab-content-3873\" class=\"elementor-tab-content elementor-clearfix\" data-tab=\"3\" role=\"region\" aria-labelledby=\"elementor-tab-title-3873\"><p>Sim, e os tempos de condu\u00e7\u00e3o s\u00e3o a raz\u00e3o. A Praia de Faro fica a 10 minutos, Tavira a 35, Benagil a cerca de 50, Lagos a uma hora, Sagres a uma hora e meia, e a selvagem Costa Vicentina a cerca de uma hora e vinte pelas colinas. Pode ver todo o Algarve a partir daqui sem passar um dia longo ao volante.  <\/p>\n<\/div>\n\t\t\t\t<\/div>\n\t\t\t\t\t\t\t<div class=\"elementor-accordion-item\">\n\t\t\t\t\t<div id=\"elementor-tab-title-3874\" class=\"elementor-tab-title\" data-tab=\"4\" role=\"button\" aria-controls=\"elementor-tab-content-3874\" aria-expanded=\"false\">\n\t\t\t\t\t\t\t\t\t\t\t\t\t<span class=\"elementor-accordion-icon elementor-accordion-icon-left\" aria-hidden=\"true\">\n\t\t\t\t\t\t\t\t\t\t\t\t\t\t\t<span class=\"elementor-accordion-icon-closed\"><i class=\"fas fa-plus\"><\/i><\/span>\n\t\t\t\t\t\t\t\t<span class=\"elementor-accordion-icon-opened\"><i class=\"fas fa-minus\"><\/i><\/span>\n\t\t\t\t\t\t\t\t\t\t\t\t\t\t<\/span>\n\t\t\t\t\t\t\t\t\t\t\t\t<a class=\"elementor-accordion-title\" tabindex=\"0\">Posso iniciar o aluguer da autocaravana em Faro e devolv\u00ea-la em Lisboa?<\/a>\n\t\t\t\t\t<\/div>\n\t\t\t\t\t<div id=\"elementor-tab-content-3874\" class=\"elementor-tab-content elementor-clearfix\" data-tab=\"4\" role=\"region\" aria-labelledby=\"elementor-tab-title-3874\"><p>Sim, em ambos os sentidos, sujeito a disponibilidade. A taxa de trajeto \u00fanico \u00e9 de <strong>300 \u20ac<\/strong>, o que cobre o regresso da carrinha \u00e0 sua base de origem. <\/p>\n<p>Numa viagem de dez dias ou mais, geralmente compensa: percorres o pa\u00eds uma vez em vez de voltares para tr\u00e1s, e terminas onde realmente queres terminar.<\/p>\n<\/div>\n\t\t\t\t<\/div>\n\t\t\t\t\t\t\t<div class=\"elementor-accordion-item\">\n\t\t\t\t\t<div id=\"elementor-tab-title-3875\" class=\"elementor-tab-title\" data-tab=\"5\" role=\"button\" aria-controls=\"elementor-tab-content-3875\" aria-expanded=\"false\">\n\t\t\t\t\t\t\t\t\t\t\t\t\t<span class=\"elementor-accordion-icon elementor-accordion-icon-left\" aria-hidden=\"true\">\n\t\t\t\t\t\t\t\t\t\t\t\t\t\t\t<span class=\"elementor-accordion-icon-closed\"><i class=\"fas fa-plus\"><\/i><\/span>\n\t\t\t\t\t\t\t\t<span class=\"elementor-accordion-icon-opened\"><i class=\"fas fa-minus\"><\/i><\/span>\n\t\t\t\t\t\t\t\t\t\t\t\t\t\t<\/span>\n\t\t\t\t\t\t\t\t\t\t\t\t<a class=\"elementor-accordion-title\" tabindex=\"0\">O que est\u00e1 inclu\u00eddo no aluguer da campervan em Faro?<\/a>\n\t\t\t\t\t<\/div>\n\t\t\t\t\t<div id=\"elementor-tab-content-3875\" class=\"elementor-tab-content elementor-clearfix\" data-tab=\"5\" role=\"region\" aria-labelledby=\"elementor-tab-title-3875\"><p>Todas as nossas carrinhas de campismo em Faro est\u00e3o totalmente equipadas com utens\u00edlios de cozinha, roupa de cama, mesa de campismo e cadeiras. O equipamento espec\u00edfico pode variar consoante o modelo selecionado. Contacta-nos  <\/p>\n<\/div>\n\t\t\t\t<\/div>\n\t\t\t\t\t\t\t<div class=\"elementor-accordion-item\">\n\t\t\t\t\t<div id=\"elementor-tab-title-3876\" class=\"elementor-tab-title\" data-tab=\"6\" role=\"button\" aria-controls=\"elementor-tab-content-3876\" aria-expanded=\"false\">\n\t\t\t\t\t\t\t\t\t\t\t\t\t<span class=\"elementor-accordion-icon elementor-accordion-icon-left\" aria-hidden=\"true\">\n\t\t\t\t\t\t\t\t\t\t\t\t\t\t\t<span class=\"elementor-accordion-icon-closed\"><i class=\"fas fa-plus\"><\/i><\/span>\n\t\t\t\t\t\t\t\t<span class=\"elementor-accordion-icon-opened\"><i class=\"fas fa-minus\"><\/i><\/span>\n\t\t\t\t\t\t\t\t\t\t\t\t\t\t<\/span>\n\t\t\t\t\t\t\t\t\t\t\t\t<a class=\"elementor-accordion-title\" tabindex=\"0\">A que horas posso levantar e devolver a carrinha em Faro?<\/a>\n\t\t\t\t\t<\/div>\n\t\t\t\t\t<div id=\"elementor-tab-content-3876\" class=\"elementor-tab-content elementor-clearfix\" data-tab=\"6\" role=\"region\" aria-labelledby=\"elementor-tab-title-3876\"><p>Levantamento a qualquer hora a partir das <strong>14:00<\/strong> no dia de in\u00edcio do aluguer, devolu\u00e7\u00e3o a qualquer hora at\u00e9 \u00e0s <strong>11:00<\/strong> no dia em que termina. Os check-ins a partir das 17:30 t\u00eam uma taxa de check-in tardio de 20 \u20ac; as devolu\u00e7\u00f5es antecipadas s\u00e3o gratuitas. <\/p>\n<p>O formul\u00e1rio de reserva n\u00e3o aceitar\u00e1 um levantamento ap\u00f3s as 23:45 ou uma devolu\u00e7\u00e3o antes das 04:00. Se o seu voo estiver fora desse hor\u00e1rio, reserve a vaga mais pr\u00f3xima e envie-nos uma mensagem. <\/p>\n<\/div>\n\t\t\t\t<\/div>\n\t\t\t\t\t\t\t<div class=\"elementor-accordion-item\">\n\t\t\t\t\t<div id=\"elementor-tab-title-3877\" class=\"elementor-tab-title\" data-tab=\"7\" role=\"button\" aria-controls=\"elementor-tab-content-3877\" aria-expanded=\"false\">\n\t\t\t\t\t\t\t\t\t\t\t\t\t<span class=\"elementor-accordion-icon elementor-accordion-icon-left\" aria-hidden=\"true\">\n\t\t\t\t\t\t\t\t\t\t\t\t\t\t\t<span class=\"elementor-accordion-icon-closed\"><i class=\"fas fa-plus\"><\/i><\/span>\n\t\t\t\t\t\t\t\t<span class=\"elementor-accordion-icon-opened\"><i class=\"fas fa-minus\"><\/i><\/span>\n\t\t\t\t\t\t\t\t\t\t\t\t\t\t<\/span>\n\t\t\t\t\t\t\t\t\t\t\t\t<a class=\"elementor-accordion-title\" tabindex=\"0\">Quanto tempo demora a entrega?<\/a>\n\t\t\t\t\t<\/div>\n\t\t\t\t\t<div id=\"elementor-tab-content-3877\" class=\"elementor-tab-content elementor-clearfix\" data-tab=\"7\" role=\"region\" aria-labelledby=\"elementor-tab-title-3877\"><p>Cerca de 30 minutos. Fazemos uma visita guiada \u00e0 carrinha, mostramos como funcionam a cama, a cozinha, o frigor\u00edfico, a \u00e1gua e o g\u00e1s, tratamos da papelada e respondemos a todas as suas perguntas. Partir\u00e1 com o nosso contacto.  <\/p>\n<\/div>\n\t\t\t\t<\/div>\n\t\t\t\t\t\t\t\t\t\t<script type=\"application\/ld+json\">{\"@context\":\"https:\\\/\\\/schema.org\",\"@type\":\"FAQPage\",\"mainEntity\":[{\"@type\":\"Question\",\"name\":\"Onde fica o teu local de aluguer de autocaravanas em Faro?\",\"acceptedAnswer\":{\"@type\":\"Answer\",\"text\":\"<p><strong>Rua Aquilino Ribeiro 124, 8005-177 Faro.<\\\/strong> A dois quil\\u00f3metros do Aeroporto de Faro e a cerca de 10 minutos da esta\\u00e7\\u00e3o de autocarros e comboios. Check-in a qualquer hora a partir das 14:00, check-out a qualquer hora at\\u00e9 \\u00e0s 11:00. Os check-ins a partir das 17:30 t\\u00eam uma taxa de atraso de 20 \\u20ac.  <\\\/p>\\n\"}},{\"@type\":\"Question\",\"name\":\"O local de recolha \\u00e9 perto do Aeroporto de Faro?\",\"acceptedAnswer\":{\"@type\":\"Answer\",\"text\":\"<p>Sim \\u2014 <strong>2 km<\\\/strong>, o que demora cerca de 5 minutos e custa aproximadamente 6 \\u20ac de t\\u00e1xi, Bolt ou Uber. N\\u00e3o existe transporte do aeroporto, pelo que dever\\u00e1 deslocar-se \\u00e0 loja pelos seus pr\\u00f3prios meios. Se preferir que o encontremos no terminal, podemos faz\\u00ea-lo por 49 \\u20ac.  <\\\/p>\\n\"}},{\"@type\":\"Question\",\"name\":\"Faro \\u00e9 um bom ponto de partida para uma viagem pelo Algarve?\",\"acceptedAnswer\":{\"@type\":\"Answer\",\"text\":\"<p>Sim, e os tempos de condu\\u00e7\\u00e3o s\\u00e3o a raz\\u00e3o. A Praia de Faro fica a 10 minutos, Tavira a 35, Benagil a cerca de 50, Lagos a uma hora, Sagres a uma hora e meia, e a selvagem Costa Vicentina a cerca de uma hora e vinte pelas colinas. Pode ver todo o Algarve a partir daqui sem passar um dia longo ao volante.  <\\\/p>\\n\"}},{\"@type\":\"Question\",\"name\":\"Posso iniciar o aluguer da autocaravana em Faro e devolv\\u00ea-la em Lisboa?\",\"acceptedAnswer\":{\"@type\":\"Answer\",\"text\":\"<p>Sim, em ambos os sentidos, sujeito a disponibilidade. A taxa de trajeto \\u00fanico \\u00e9 de <strong>300 \\u20ac<\\\/strong>, o que cobre o regresso da carrinha \\u00e0 sua base de origem. <\\\/p>\\n<p>Numa viagem de dez dias ou mais, geralmente compensa: percorres o pa\\u00eds uma vez em vez de voltares para tr\\u00e1s, e terminas onde realmente queres terminar.<\\\/p>\\n\"}},{\"@type\":\"Question\",\"name\":\"O que est\\u00e1 inclu\\u00eddo no aluguer da campervan em Faro?\",\"acceptedAnswer\":{\"@type\":\"Answer\",\"text\":\"<p>Todas as nossas carrinhas de campismo em Faro est\\u00e3o totalmente equipadas com utens\\u00edlios de cozinha, roupa de cama, mesa de campismo e cadeiras. O equipamento espec\\u00edfico pode variar consoante o modelo selecionado. Contacta-nos  <\\\/p>\\n\"}},{\"@type\":\"Question\",\"name\":\"A que horas posso levantar e devolver a carrinha em Faro?\",\"acceptedAnswer\":{\"@type\":\"Answer\",\"text\":\"<p>Levantamento a qualquer hora a partir das <strong>14:00<\\\/strong> no dia de in\\u00edcio do aluguer, devolu\\u00e7\\u00e3o a qualquer hora at\\u00e9 \\u00e0s <strong>11:00<\\\/strong> no dia em que termina. Os check-ins a partir das 17:30 t\\u00eam uma taxa de check-in tardio de 20 \\u20ac; as devolu\\u00e7\\u00f5es antecipadas s\\u00e3o gratuitas. <\\\/p>\\n<p>O formul\\u00e1rio de reserva n\\u00e3o aceitar\\u00e1 um levantamento ap\\u00f3s as 23:45 ou uma devolu\\u00e7\\u00e3o antes das 04:00. Se o seu voo estiver fora desse hor\\u00e1rio, reserve a vaga mais pr\\u00f3xima e envie-nos uma mensagem. <\\\/p>\\n\"}},{\"@type\":\"Question\",\"name\":\"Quanto tempo demora a entrega?\",\"acceptedAnswer\":{\"@type\":\"Answer\",\"text\":\"<p>Cerca de 30 minutos. Fazemos uma visita guiada \\u00e0 carrinha, mostramos como funcionam a cama, a cozinha, o frigor\\u00edfico, a \\u00e1gua e o g\\u00e1s, tratamos da papelada e respondemos a todas as suas perguntas. Partir\\u00e1 com o nosso contacto.  <\\\/p>\\n\"}}]}<\/script>\n\t\t\t\t\t<\/div>\n\t\t\t\t\t\t<\/div>\n\t\t\t\t<\/div>\n\t\t\t\t<div class=\"elementor-element elementor-element-40f3a020 elementor-widget elementor-widget-html\" data-id=\"40f3a020\" data-element_type=\"widget\" data-e-type=\"widget\" data-widget_type=\"html.default\">\n\t\t\t\t<div class=\"elementor-widget-container\">\n\t\t\t\t\t<script>jQuery(function($) {\r\n  \/\/ Target only this FAQ section so other accordions on the site are not affected\r\n  var $faq = $('#faq-section');\r\n\r\n  $faq.find('.elementor-tab-title').removeClass('elementor-active');\r\n  $faq.find('.elementor-tab-content').hide();\r\n});\r\n<\/script>\t\t\t\t<\/div>\n\t\t\t\t<\/div>\n\t\t\t\t\t<\/div>\n\t\t<\/div>\n\t\t\t\t\t<\/div>\n\t\t<\/section>\n\t\t\t\t\t<\/div>\n\t\t<\/div>\n\t\t\t\t\t<\/div>\n\t\t<\/section>\n\t\t\t\t<section class=\"elementor-section elementor-inner-section elementor-element elementor-element-21568005 elementor-section-boxed elementor-section-height-default elementor-section-height-default\" data-id=\"21568005\" data-element_type=\"section\" data-e-type=\"section\" data-settings=\"{&quot;background_background&quot;:&quot;classic&quot;}\">\n\t\t\t\t\t\t<div class=\"elementor-container elementor-column-gap-default\">\n\t\t\t\t\t<div class=\"elementor-column elementor-col-100 elementor-inner-column elementor-element elementor-element-5a25df74\" data-id=\"5a25df74\" data-element_type=\"column\" data-e-type=\"column\">\n\t\t\t<div class=\"elementor-widget-wrap elementor-element-populated\">\n\t\t\t\t\t\t<div class=\"elementor-element elementor-element-3c518dd3 elementor-widget elementor-widget-html\" data-id=\"3c518dd3\" data-element_type=\"widget\" data-e-type=\"widget\" data-widget_type=\"html.default\">\n\t\t\t\t<div class=\"elementor-widget-container\">\n\t\t\t\t\t<script src=\"https:\/\/oceancamper1.oceancamper.com\/public\/car-rental\/integrations\/assets\/integrator\"><\/script><div class=\"hq-rental-software-integration\" data-integrator_link=\"https:\/\/oceancamper1.oceancamper.com\/public\/car-rental\/integrations\" data-brand=\"45359cec-fef8-4a46-9782-487216d45398\" data-snippet=\"reservations\" data-skip_language=\"\" data-rate_type_uuid=\"\" data-referral=\"\" data-forced_locale=\"en\"><\/div>\t\t\t\t<\/div>\n\t\t\t\t<\/div>\n\t\t\t\t\t<\/div>\n\t\t<\/div>\n\t\t\t\t\t<\/div>\n\t\t<\/section>\n\t\t\t\t<section class=\"elementor-section elementor-top-section elementor-element elementor-element-35542bc7 elementor-section-boxed elementor-section-height-default elementor-section-height-default\" data-id=\"35542bc7\" data-element_type=\"section\" data-e-type=\"section\">\n\t\t\t\t\t\t<div class=\"elementor-container elementor-column-gap-default\">\n\t\t\t\t\t<div class=\"elementor-column elementor-col-100 elementor-top-column elementor-element elementor-element-7c817804\" data-id=\"7c817804\" data-element_type=\"column\" data-e-type=\"column\">\n\t\t\t<div class=\"elementor-widget-wrap elementor-element-populated\">\n\t\t\t\t\t\t<section class=\"elementor-section elementor-inner-section elementor-element elementor-element-59773488 elementor-section-boxed elementor-section-height-default elementor-section-height-default elementor-invisible\" data-id=\"59773488\" data-element_type=\"section\" data-e-type=\"section\" data-settings=\"{&quot;animation&quot;:&quot;fadeInUp&quot;}\">\n\t\t\t\t\t\t<div class=\"elementor-container elementor-column-gap-default\">\n\t\t\t\t\t<div class=\"elementor-column elementor-col-25 elementor-inner-column elementor-element elementor-element-1d580ae4\" data-id=\"1d580ae4\" data-element_type=\"column\" data-e-type=\"column\" data-settings=\"{&quot;background_background&quot;:&quot;classic&quot;}\">\n\t\t\t<div class=\"elementor-widget-wrap elementor-element-populated\">\n\t\t\t\t\t<div class=\"elementor-background-overlay\"><\/div>\n\t\t\t\t\t\t<div class=\"elementor-element elementor-element-533ac5f5 elementor-position-top elementor-widget elementor-widget-image-box\" data-id=\"533ac5f5\" data-element_type=\"widget\" data-e-type=\"widget\" data-widget_type=\"image-box.default\">\n\t\t\t\t<div class=\"elementor-widget-container\">\n\t\t\t\t\t<div class=\"elementor-image-box-wrapper\"><figure class=\"elementor-image-box-img\"><img decoding=\"async\" src=\"https:\/\/oceancamper.com\/wp-content\/uploads\/elementor\/thumbs\/location-q88hsyq1akzms0qqng314t4iuanuo8qbdk0nsz1s02.png\" title=\"localiza\u00e7\u00e3o\" alt=\"localiza\u00e7\u00e3o\" class=\"elementor-animation-pop\" loading=\"lazy\" \/><\/figure><div class=\"elementor-image-box-content\"><h3 class=\"elementor-image-box-title\">Localiza\u00e7\u00e3o: Faro<\/h3><p class=\"elementor-image-box-description\">Rua Aquilino Ribeiro 124, a 2 km do Aeroporto de Faro. Sem taxa para levantar ou devolver a carrinha na nossa loja. <\/p><\/div><\/div>\t\t\t\t<\/div>\n\t\t\t\t<\/div>\n\t\t\t\t\t<\/div>\n\t\t<\/div>\n\t\t\t\t<div class=\"elementor-column elementor-col-25 elementor-inner-column elementor-element elementor-element-18f459d9\" data-id=\"18f459d9\" data-element_type=\"column\" data-e-type=\"column\" data-settings=\"{&quot;background_background&quot;:&quot;classic&quot;}\">\n\t\t\t<div class=\"elementor-widget-wrap elementor-element-populated\">\n\t\t\t\t\t<div class=\"elementor-background-overlay\"><\/div>\n\t\t\t\t\t\t<div class=\"elementor-element elementor-element-3afb53c3 elementor-position-top elementor-widget elementor-widget-image-box\" data-id=\"3afb53c3\" data-element_type=\"widget\" data-e-type=\"widget\" data-widget_type=\"image-box.default\">\n\t\t\t\t<div class=\"elementor-widget-container\">\n\t\t\t\t\t<div class=\"elementor-image-box-wrapper\"><figure class=\"elementor-image-box-img\"><img decoding=\"async\" src=\"https:\/\/oceancamper.com\/wp-content\/uploads\/elementor\/thumbs\/check-in-check-out-icon-q88hsznvhf0x3mpdhyhnpavzfoj7vxu1poo5a90dtu.png\" title=\"\u00edcone de check-in-check-out\" alt=\"\u00edcone de check-in check-out\" class=\"elementor-animation-pop\" loading=\"lazy\" \/><\/figure><div class=\"elementor-image-box-content\"><h3 class=\"elementor-image-box-title\">Check-In &amp; Out<\/h3><p class=\"elementor-image-box-description\">Check-in a partir das 14:00, check-out at\u00e9 \u00e0s 11:00.<\/p><\/div><\/div>\t\t\t\t<\/div>\n\t\t\t\t<\/div>\n\t\t\t\t\t<\/div>\n\t\t<\/div>\n\t\t\t\t<div class=\"elementor-column elementor-col-25 elementor-inner-column elementor-element elementor-element-ccde139\" data-id=\"ccde139\" data-element_type=\"column\" data-e-type=\"column\" data-settings=\"{&quot;background_background&quot;:&quot;classic&quot;}\">\n\t\t\t<div class=\"elementor-widget-wrap elementor-element-populated\">\n\t\t\t\t\t<div class=\"elementor-background-overlay\"><\/div>\n\t\t\t\t\t\t<div class=\"elementor-element elementor-element-4118e3b3 elementor-position-top elementor-widget elementor-widget-image-box\" data-id=\"4118e3b3\" data-element_type=\"widget\" data-e-type=\"widget\" data-widget_type=\"image-box.default\">\n\t\t\t\t<div class=\"elementor-widget-container\">\n\t\t\t\t\t<div class=\"elementor-image-box-wrapper\"><figure class=\"elementor-image-box-img\"><img decoding=\"async\" src=\"https:\/\/oceancamper.com\/wp-content\/uploads\/elementor\/thumbs\/insurance-icon-1-q88ht0lpo927f8o0cgwa9sng12el3mxs1tbmriyznm.png\" title=\"\u00edcone de seguro\" alt=\"\u00edcone de seguro\" class=\"elementor-animation-pop\" loading=\"lazy\" \/><\/figure><div class=\"elementor-image-box-content\"><h3 class=\"elementor-image-box-title\">Seguro &amp; Extras<\/h3><p class=\"elementor-image-box-description\">N\u00e3o h\u00e1 taxas ocultas - tudo \u00e9 explicado claramente no checkout.<\/p><\/div><\/div>\t\t\t\t<\/div>\n\t\t\t\t<\/div>\n\t\t\t\t\t<\/div>\n\t\t<\/div>\n\t\t\t\t<div class=\"elementor-column elementor-col-25 elementor-inner-column elementor-element elementor-element-4bad6a40\" data-id=\"4bad6a40\" data-element_type=\"column\" data-e-type=\"column\" data-settings=\"{&quot;background_background&quot;:&quot;classic&quot;}\">\n\t\t\t<div class=\"elementor-widget-wrap elementor-element-populated\">\n\t\t\t\t\t<div class=\"elementor-background-overlay\"><\/div>\n\t\t\t\t\t\t<div class=\"elementor-element elementor-element-7ee6922b elementor-position-top elementor-widget elementor-widget-image-box\" data-id=\"7ee6922b\" data-element_type=\"widget\" data-e-type=\"widget\" data-widget_type=\"image-box.default\">\n\t\t\t\t<div class=\"elementor-widget-container\">\n\t\t\t\t\t<div class=\"elementor-image-box-wrapper\"><figure class=\"elementor-image-box-img\"><img decoding=\"async\" src=\"https:\/\/oceancamper.com\/wp-content\/uploads\/elementor\/thumbs\/pay-30-per-cent-icon-q88ht1jjv33hqumn6zawuaewmg9ybc1idxz48sxlhe.png\" title=\"paga-30-por-cent-\u00edcone\" alt=\"paga 30 por cento de \u00edcone\" class=\"elementor-animation-pop\" loading=\"lazy\" \/><\/figure><div class=\"elementor-image-box-content\"><h3 class=\"elementor-image-box-title\">Paga apenas 30%<\/h3><p class=\"elementor-image-box-description\">Garante a tua reserva com um dep\u00f3sito de 30%. Paga o resto no check-in. <\/p><\/div><\/div>\t\t\t\t<\/div>\n\t\t\t\t<\/div>\n\t\t\t\t\t<\/div>\n\t\t<\/div>\n\t\t\t\t\t<\/div>\n\t\t<\/section>\n\t\t\t\t\t<\/div>\n\t\t<\/div>\n\t\t\t\t\t<\/div>\n\t\t<\/section>\n\t\t\t\t<\/div>\n\t\t","protected":false},"excerpt":{"rendered":"<p>Aluguer autocaravana Faro Levantamento a 2 km do aeroporto. Praias a quinze minutos. A 2 km do Aeroporto de Faro Acesso direto \u00e0s praias do Algarve Ideal para Lagos, Sagres e Costa Vicentina Perfeito para surfar e fazer viagens costeiras Come\u00e7a facilmente a tua aventura no Algarve Onde levantar a sua campervan em Faro Rua [&hellip;]<\/p>\n","protected":false},"author":1,"featured_media":232093,"parent":232138,"menu_order":0,"comment_status":"closed","ping_status":"closed","template":"elementor_header_footer","meta":{"om_disable_all_campaigns":false,"footnotes":""},"class_list":["post-232092","page","type-page","status-publish","has-post-thumbnail","hentry"],"aioseo_notices":[],"aioseo_head":"\n\t\t<!-- All in One SEO 4.9.10 - aioseo.com -->\n\t<meta name=\"description\" content=\"Aluguer de autocaravanas em Faro, a 2 km do aeroporto. Mini campervans totalmente equipadas, check-in a partir das 14:00, check-out at\u00e9 \u00e0s 11:00. Empresa familiar desde 2017.\" \/>\n\t<meta name=\"robots\" content=\"max-image-preview:large\" \/>\n\t<link rel=\"canonical\" href=\"https:\/\/oceancamper.com\/pt-pt\/aluguer-de-campervan\/faro\/\" \/>\n\t<meta name=\"generator\" content=\"All in One SEO (AIOSEO) 4.9.10\" \/>\n\t\t<meta property=\"og:locale\" content=\"pt_PT\" \/>\n\t\t<meta property=\"og:site_name\" content=\"Ocean Camper - Campervan Rental in Faro, Portugal\" \/>\n\t\t<meta property=\"og:type\" content=\"article\" \/>\n\t\t<meta property=\"og:title\" content=\"Aluguer autocaravana Faro: a 2 km do Aeroporto | Ocean Camper\" \/>\n\t\t<meta property=\"og:description\" content=\"Aluguer de autocaravanas em Faro, a 2 km do aeroporto. Mini campervans totalmente equipadas, check-in a partir das 14:00, check-out at\u00e9 \u00e0s 11:00. Empresa familiar desde 2017.\" \/>\n\t\t<meta property=\"og:url\" content=\"https:\/\/oceancamper.com\/pt-pt\/aluguer-de-campervan\/faro\/\" \/>\n\t\t<meta property=\"og:image\" content=\"https:\/\/oceancamper.com\/wp-content\/uploads\/2022\/01\/Asset-5.png\" \/>\n\t\t<meta property=\"og:image:secure_url\" content=\"https:\/\/oceancamper.com\/wp-content\/uploads\/2022\/01\/Asset-5.png\" \/>\n\t\t<meta property=\"og:image:width\" content=\"662\" \/>\n\t\t<meta property=\"og:image:height\" content=\"291\" \/>\n\t\t<meta property=\"article:published_time\" content=\"2026-02-20T16:31:06+00:00\" \/>\n\t\t<meta property=\"article:modified_time\" content=\"2026-08-17T20:19:55+00:00\" \/>\n\t\t<meta property=\"article:publisher\" content=\"https:\/\/www.facebook.com\/oceancamper\/\" \/>\n\t\t<meta name=\"twitter:card\" content=\"summary\" \/>\n\t\t<meta name=\"twitter:site\" content=\"@Ocean_Camper\" \/>\n\t\t<meta name=\"twitter:title\" content=\"Aluguer autocaravana Faro: a 2 km do Aeroporto | Ocean Camper\" \/>\n\t\t<meta name=\"twitter:description\" content=\"Aluguer de autocaravanas em Faro, a 2 km do aeroporto. Mini campervans totalmente equipadas, check-in a partir das 14:00, check-out at\u00e9 \u00e0s 11:00. Empresa familiar desde 2017.\" \/>\n\t\t<meta name=\"twitter:creator\" content=\"@Ocean_Camper\" \/>\n\t\t<meta name=\"twitter:image\" content=\"https:\/\/oceancamper.com\/wp-content\/uploads\/2022\/01\/Asset-5.png\" \/>\n\t\t<script type=\"application\/ld+json\" class=\"aioseo-schema\">\n\t\t\t{\"@context\":\"https:\\\/\\\/schema.org\",\"@graph\":[{\"@type\":\"BreadcrumbList\",\"@id\":\"https:\\\/\\\/oceancamper.com\\\/pt-pt\\\/aluguer-de-campervan\\\/faro\\\/#breadcrumblist\",\"itemListElement\":[{\"@type\":\"ListItem\",\"@id\":\"https:\\\/\\\/oceancamper.com\\\/pt-pt\\\/#listItem\",\"position\":1,\"name\":\"Home\",\"item\":\"https:\\\/\\\/oceancamper.com\\\/pt-pt\\\/\",\"nextItem\":{\"@type\":\"ListItem\",\"@id\":\"https:\\\/\\\/oceancamper.com\\\/pt-pt\\\/aluguer-de-campervan\\\/#listItem\",\"name\":\"Aluguer autocaravana Portugal | Recolha em Faro e Lisboa\"}},{\"@type\":\"ListItem\",\"@id\":\"https:\\\/\\\/oceancamper.com\\\/pt-pt\\\/aluguer-de-campervan\\\/#listItem\",\"position\":2,\"name\":\"Aluguer autocaravana Portugal | Recolha em Faro e Lisboa\",\"item\":\"https:\\\/\\\/oceancamper.com\\\/pt-pt\\\/aluguer-de-campervan\\\/\",\"nextItem\":{\"@type\":\"ListItem\",\"@id\":\"https:\\\/\\\/oceancamper.com\\\/pt-pt\\\/aluguer-de-campervan\\\/faro\\\/#listItem\",\"name\":\"Aluguer de camper em Faro \\u2013 Viagens f\\u00e1ceis no Algarve\"},\"previousItem\":{\"@type\":\"ListItem\",\"@id\":\"https:\\\/\\\/oceancamper.com\\\/pt-pt\\\/#listItem\",\"name\":\"Home\"}},{\"@type\":\"ListItem\",\"@id\":\"https:\\\/\\\/oceancamper.com\\\/pt-pt\\\/aluguer-de-campervan\\\/faro\\\/#listItem\",\"position\":3,\"name\":\"Aluguer de camper em Faro \\u2013 Viagens f\\u00e1ceis no Algarve\",\"previousItem\":{\"@type\":\"ListItem\",\"@id\":\"https:\\\/\\\/oceancamper.com\\\/pt-pt\\\/aluguer-de-campervan\\\/#listItem\",\"name\":\"Aluguer autocaravana Portugal | Recolha em Faro e Lisboa\"}}]},{\"@type\":\"Organization\",\"@id\":\"https:\\\/\\\/oceancamper.com\\\/pt-pt\\\/#organization\",\"name\":\"Ocean Camper\",\"description\":\"Ocean Camper provides affordable campervan rental in Portugal with fully equipped campervans for up to three people, available in Faro and Lisbon for flexible road trips.\",\"url\":\"https:\\\/\\\/oceancamper.com\\\/pt-pt\\\/\",\"email\":\"info@oceancamper.com\",\"telephone\":\"+351920301044\",\"foundingDate\":\"2017-04-19\",\"numberOfEmployees\":{\"@type\":\"QuantitativeValue\",\"minValue\":0,\"maxValue\":10},\"logo\":{\"@type\":\"ImageObject\",\"url\":\"https:\\\/\\\/oceancamper.com\\\/wp-content\\\/uploads\\\/2022\\\/01\\\/Asset-5.png\",\"@id\":\"https:\\\/\\\/oceancamper.com\\\/pt-pt\\\/aluguer-de-campervan\\\/faro\\\/#organizationLogo\",\"width\":662,\"height\":291,\"caption\":\"Ocean Camper logo\"},\"image\":{\"@id\":\"https:\\\/\\\/oceancamper.com\\\/pt-pt\\\/aluguer-de-campervan\\\/faro\\\/#organizationLogo\"},\"sameAs\":[\"https:\\\/\\\/www.facebook.com\\\/oceancamper\\\/\",\"https:\\\/\\\/x.com\\\/Ocean_Camper\",\"https:\\\/\\\/www.instagram.com\\\/oceancamper.vans\\\/\",\"https:\\\/\\\/www.tiktok.com\\\/@oceancamper.vans\",\"https:\\\/\\\/www.youtube.com\\\/@oceancamper\",\"https:\\\/\\\/www.linkedin.com\\\/company\\\/oceancamper\\\/\",\"https:\\\/\\\/www.trustpilot.com\\\/review\\\/oceancamper.com\"]},{\"@type\":\"WebPage\",\"@id\":\"https:\\\/\\\/oceancamper.com\\\/pt-pt\\\/aluguer-de-campervan\\\/faro\\\/#webpage\",\"url\":\"https:\\\/\\\/oceancamper.com\\\/pt-pt\\\/aluguer-de-campervan\\\/faro\\\/\",\"name\":\"Aluguer autocaravana Faro: a 2 km do Aeroporto | Ocean Camper\",\"description\":\"Aluguer de autocaravanas em Faro, a 2 km do aeroporto. Mini campervans totalmente equipadas, check-in a partir das 14:00, check-out at\\u00e9 \\u00e0s 11:00. Empresa familiar desde 2017.\",\"inLanguage\":\"pt-PT\",\"isPartOf\":{\"@id\":\"https:\\\/\\\/oceancamper.com\\\/pt-pt\\\/#website\"},\"breadcrumb\":{\"@id\":\"https:\\\/\\\/oceancamper.com\\\/pt-pt\\\/aluguer-de-campervan\\\/faro\\\/#breadcrumblist\"},\"image\":{\"@type\":\"ImageObject\",\"url\":\"https:\\\/\\\/oceancamper.com\\\/wp-content\\\/uploads\\\/2026\\\/02\\\/campervan-rental-faro-algarve-coast.webp\",\"@id\":\"https:\\\/\\\/oceancamper.com\\\/pt-pt\\\/aluguer-de-campervan\\\/faro\\\/#mainImage\",\"width\":1200,\"height\":800,\"caption\":\"Come\\u00e7a a tua viagem pelo Algarve com o aluguer de uma campervan em Faro, perto da costa.\"},\"primaryImageOfPage\":{\"@id\":\"https:\\\/\\\/oceancamper.com\\\/pt-pt\\\/aluguer-de-campervan\\\/faro\\\/#mainImage\"},\"datePublished\":\"2026-02-20T16:31:06+00:00\",\"dateModified\":\"2026-08-17T20:19:55+00:00\"},{\"@type\":\"WebSite\",\"@id\":\"https:\\\/\\\/oceancamper.com\\\/pt-pt\\\/#website\",\"url\":\"https:\\\/\\\/oceancamper.com\\\/pt-pt\\\/\",\"name\":\"Ocean Camper\",\"alternateName\":\"Ocean Camper Portugal\",\"description\":\"Campervan Rental in Faro, Portugal\",\"inLanguage\":\"pt-PT\",\"publisher\":{\"@id\":\"https:\\\/\\\/oceancamper.com\\\/pt-pt\\\/#organization\"}}]}\n\t\t<\/script>\n\t\t<!-- All in One SEO -->\n\n","aioseo_head_json":{"title":"Aluguer autocaravana Faro: a 2 km do Aeroporto | Ocean Camper","description":"Aluguer de autocaravanas em Faro, a 2 km do aeroporto. Mini campervans totalmente equipadas, check-in a partir das 14:00, check-out at\u00e9 \u00e0s 11:00. Empresa familiar desde 2017.","canonical_url":"https:\/\/oceancamper.com\/pt-pt\/aluguer-de-campervan\/faro\/","robots":"max-image-preview:large","keywords":"","webmasterTools":{"miscellaneous":""},"schema":{"@context":"https:\/\/schema.org","@graph":[{"@type":"BreadcrumbList","@id":"https:\/\/oceancamper.com\/pt-pt\/aluguer-de-campervan\/faro\/#breadcrumblist","itemListElement":[{"@type":"ListItem","@id":"https:\/\/oceancamper.com\/pt-pt\/#listItem","position":1,"name":"Home","item":"https:\/\/oceancamper.com\/pt-pt\/","nextItem":{"@type":"ListItem","@id":"https:\/\/oceancamper.com\/pt-pt\/aluguer-de-campervan\/#listItem","name":"Aluguer autocaravana Portugal | Recolha em Faro e Lisboa"}},{"@type":"ListItem","@id":"https:\/\/oceancamper.com\/pt-pt\/aluguer-de-campervan\/#listItem","position":2,"name":"Aluguer autocaravana Portugal | Recolha em Faro e Lisboa","item":"https:\/\/oceancamper.com\/pt-pt\/aluguer-de-campervan\/","nextItem":{"@type":"ListItem","@id":"https:\/\/oceancamper.com\/pt-pt\/aluguer-de-campervan\/faro\/#listItem","name":"Aluguer de camper em Faro \u2013 Viagens f\u00e1ceis no Algarve"},"previousItem":{"@type":"ListItem","@id":"https:\/\/oceancamper.com\/pt-pt\/#listItem","name":"Home"}},{"@type":"ListItem","@id":"https:\/\/oceancamper.com\/pt-pt\/aluguer-de-campervan\/faro\/#listItem","position":3,"name":"Aluguer de camper em Faro \u2013 Viagens f\u00e1ceis no Algarve","previousItem":{"@type":"ListItem","@id":"https:\/\/oceancamper.com\/pt-pt\/aluguer-de-campervan\/#listItem","name":"Aluguer autocaravana Portugal | Recolha em Faro e Lisboa"}}]},{"@type":"Organization","@id":"https:\/\/oceancamper.com\/pt-pt\/#organization","name":"Ocean Camper","description":"Ocean Camper provides affordable campervan rental in Portugal with fully equipped campervans for up to three people, available in Faro and Lisbon for flexible road trips.","url":"https:\/\/oceancamper.com\/pt-pt\/","email":"info@oceancamper.com","telephone":"+351920301044","foundingDate":"2017-04-19","numberOfEmployees":{"@type":"QuantitativeValue","minValue":0,"maxValue":10},"logo":{"@type":"ImageObject","url":"https:\/\/oceancamper.com\/wp-content\/uploads\/2022\/01\/Asset-5.png","@id":"https:\/\/oceancamper.com\/pt-pt\/aluguer-de-campervan\/faro\/#organizationLogo","width":662,"height":291,"caption":"Ocean Camper logo"},"image":{"@id":"https:\/\/oceancamper.com\/pt-pt\/aluguer-de-campervan\/faro\/#organizationLogo"},"sameAs":["https:\/\/www.facebook.com\/oceancamper\/","https:\/\/x.com\/Ocean_Camper","https:\/\/www.instagram.com\/oceancamper.vans\/","https:\/\/www.tiktok.com\/@oceancamper.vans","https:\/\/www.youtube.com\/@oceancamper","https:\/\/www.linkedin.com\/company\/oceancamper\/","https:\/\/www.trustpilot.com\/review\/oceancamper.com"]},{"@type":"WebPage","@id":"https:\/\/oceancamper.com\/pt-pt\/aluguer-de-campervan\/faro\/#webpage","url":"https:\/\/oceancamper.com\/pt-pt\/aluguer-de-campervan\/faro\/","name":"Aluguer autocaravana Faro: a 2 km do Aeroporto | Ocean Camper","description":"Aluguer de autocaravanas em Faro, a 2 km do aeroporto. Mini campervans totalmente equipadas, check-in a partir das 14:00, check-out at\u00e9 \u00e0s 11:00. Empresa familiar desde 2017.","inLanguage":"pt-PT","isPartOf":{"@id":"https:\/\/oceancamper.com\/pt-pt\/#website"},"breadcrumb":{"@id":"https:\/\/oceancamper.com\/pt-pt\/aluguer-de-campervan\/faro\/#breadcrumblist"},"image":{"@type":"ImageObject","url":"https:\/\/oceancamper.com\/wp-content\/uploads\/2026\/02\/campervan-rental-faro-algarve-coast.webp","@id":"https:\/\/oceancamper.com\/pt-pt\/aluguer-de-campervan\/faro\/#mainImage","width":1200,"height":800,"caption":"Come\u00e7a a tua viagem pelo Algarve com o aluguer de uma campervan em Faro, perto da costa."},"primaryImageOfPage":{"@id":"https:\/\/oceancamper.com\/pt-pt\/aluguer-de-campervan\/faro\/#mainImage"},"datePublished":"2026-02-20T16:31:06+00:00","dateModified":"2026-08-17T20:19:55+00:00"},{"@type":"WebSite","@id":"https:\/\/oceancamper.com\/pt-pt\/#website","url":"https:\/\/oceancamper.com\/pt-pt\/","name":"Ocean Camper","alternateName":"Ocean Camper Portugal","description":"Campervan Rental in Faro, Portugal","inLanguage":"pt-PT","publisher":{"@id":"https:\/\/oceancamper.com\/pt-pt\/#organization"}}]},"og:locale":"pt_PT","og:site_name":"Ocean Camper - Campervan Rental in Faro, Portugal","og:type":"article","og:title":"Aluguer autocaravana Faro: a 2 km do Aeroporto | Ocean Camper","og:description":"Aluguer de autocaravanas em Faro, a 2 km do aeroporto. Mini campervans totalmente equipadas, check-in a partir das 14:00, check-out at\u00e9 \u00e0s 11:00. Empresa familiar desde 2017.","og:url":"https:\/\/oceancamper.com\/pt-pt\/aluguer-de-campervan\/faro\/","og:image":"https:\/\/oceancamper.com\/wp-content\/uploads\/2022\/01\/Asset-5.png","og:image:secure_url":"https:\/\/oceancamper.com\/wp-content\/uploads\/2022\/01\/Asset-5.png","og:image:width":662,"og:image:height":291,"article:published_time":"2026-02-20T16:31:06+00:00","article:modified_time":"2026-08-17T20:19:55+00:00","article:publisher":"https:\/\/www.facebook.com\/oceancamper\/","twitter:card":"summary","twitter:site":"@Ocean_Camper","twitter:title":"Aluguer autocaravana Faro: a 2 km do Aeroporto | Ocean Camper","twitter:description":"Aluguer de autocaravanas em Faro, a 2 km do aeroporto. Mini campervans totalmente equipadas, check-in a partir das 14:00, check-out at\u00e9 \u00e0s 11:00. Empresa familiar desde 2017.","twitter:creator":"@Ocean_Camper","twitter:image":"https:\/\/oceancamper.com\/wp-content\/uploads\/2022\/01\/Asset-5.png"},"aioseo_meta_data":{"post_id":"232092","title":"Aluguer autocaravana Faro: a 2 km do Aeroporto | Ocean Camper","description":"Aluguer de autocaravanas em Faro, a 2 km do aeroporto. Mini campervans totalmente equipadas, check-in a partir das 14:00, check-out at\u00e9 \u00e0s 11:00. Empresa familiar desde 2017.  ","keywords":null,"keyphrases":{"focus":{"keyphrase":"campervan rental faro"},"additional":[]},"primary_term":null,"canonical_url":null,"og_title":null,"og_description":null,"og_object_type":"default","og_image_type":"default","og_image_url":null,"og_image_width":null,"og_image_height":null,"og_image_custom_url":null,"og_image_custom_fields":null,"og_video":"","og_custom_url":null,"og_article_section":null,"og_article_tags":null,"twitter_use_og":false,"twitter_card":"default","twitter_image_type":"default","twitter_image_url":null,"twitter_image_custom_url":null,"twitter_image_custom_fields":null,"twitter_title":null,"twitter_description":null,"schema":{"blockGraphs":[],"customGraphs":[],"default":{"data":{"Article":[],"Course":[],"Dataset":[],"FAQPage":[],"Movie":[],"Person":[],"Product":[],"ProductReview":[],"Car":[],"Recipe":[],"Service":[],"SoftwareApplication":[],"WebPage":[]},"graphName":"WebPage","isEnabled":true},"graphs":[]},"schema_type":"default","schema_type_options":null,"pillar_content":false,"robots_default":true,"robots_noindex":false,"robots_noarchive":false,"robots_nosnippet":false,"robots_nofollow":false,"robots_noimageindex":false,"robots_noodp":false,"robots_notranslate":false,"robots_max_snippet":"-1","robots_max_videopreview":"-1","robots_max_imagepreview":"large","priority":null,"frequency":"default","local_seo":null,"seo_analyzer_scan_date":null,"breadcrumb_settings":null,"limit_modified_date":false,"open_ai":null,"ai":{"faqs":[],"keyPoints":[],"titles":[],"descriptions":[],"socialPosts":{"email":[],"linkedin":[],"twitter":[],"facebook":[],"instagram":[]}},"created":"2026-02-26 09:08:45","updated":"2026-08-17 20:19:57"},"aioseo_breadcrumb":"<div class=\"aioseo-breadcrumbs\"><span class=\"aioseo-breadcrumb\">\n\t\t\t<a href=\"https:\/\/oceancamper.com\/pt-pt\/\" title=\"Home\">Home<\/a>\n\t\t<\/span><span class=\"aioseo-breadcrumb-separator\">\u00bb<\/span><span class=\"aioseo-breadcrumb\">\n\t\t\t<a href=\"https:\/\/oceancamper.com\/pt-pt\/aluguer-de-campervan\/\" title=\"Aluguer autocaravana Portugal | Recolha em Faro e Lisboa\">Aluguer autocaravana Portugal | Recolha em Faro e Lisboa<\/a>\n\t\t<\/span><span class=\"aioseo-breadcrumb-separator\">\u00bb<\/span><span class=\"aioseo-breadcrumb\">\n\t\t\tAluguer de camper em Faro \u2013 Viagens f\u00e1ceis no Algarve\n\t\t<\/span><\/div>","aioseo_breadcrumb_json":[{"label":"Home","link":"https:\/\/oceancamper.com\/pt-pt\/"},{"label":"Aluguer autocaravana Portugal | Recolha em Faro e Lisboa","link":"https:\/\/oceancamper.com\/pt-pt\/aluguer-de-campervan\/"},{"label":"Aluguer de camper em Faro \u2013 Viagens f\u00e1ceis no Algarve","link":"https:\/\/oceancamper.com\/pt-pt\/aluguer-de-campervan\/faro\/"}],"_links":{"self":[{"href":"https:\/\/oceancamper.com\/pt-pt\/wp-json\/wp\/v2\/pages\/232092","targetHints":{"allow":["GET"]}}],"collection":[{"href":"https:\/\/oceancamper.com\/pt-pt\/wp-json\/wp\/v2\/pages"}],"about":[{"href":"https:\/\/oceancamper.com\/pt-pt\/wp-json\/wp\/v2\/types\/page"}],"author":[{"embeddable":true,"href":"https:\/\/oceancamper.com\/pt-pt\/wp-json\/wp\/v2\/users\/1"}],"replies":[{"embeddable":true,"href":"https:\/\/oceancamper.com\/pt-pt\/wp-json\/wp\/v2\/comments?post=232092"}],"version-history":[{"count":15,"href":"https:\/\/oceancamper.com\/pt-pt\/wp-json\/wp\/v2\/pages\/232092\/revisions"}],"predecessor-version":[{"id":270755,"href":"https:\/\/oceancamper.com\/pt-pt\/wp-json\/wp\/v2\/pages\/232092\/revisions\/270755"}],"up":[{"embeddable":true,"href":"https:\/\/oceancamper.com\/pt-pt\/wp-json\/wp\/v2\/pages\/232138"}],"wp:featuredmedia":[{"embeddable":true,"href":"https:\/\/oceancamper.com\/pt-pt\/wp-json\/wp\/v2\/media\/232093"}],"wp:attachment":[{"href":"https:\/\/oceancamper.com\/pt-pt\/wp-json\/wp\/v2\/media?parent=232092"}],"curies":[{"name":"wp","href":"https:\/\/api.w.org\/{rel}","templated":true}]}}