{"id":161692,"date":"2022-01-26T18:39:36","date_gmt":"2022-01-26T18:39:36","guid":{"rendered":"https:\/\/oceancamper.com\/strona-glowna\/"},"modified":"2026-09-05T20:12:18","modified_gmt":"2026-09-05T20:12:18","slug":"strona-glowna","status":"publish","type":"page","link":"https:\/\/oceancamper.com\/pl\/","title":{"rendered":"Wynajem kampera Portugalia. Twoja \u0142atwa podr\u00f3\u017c zaczyna si\u0119 tutaj!"},"content":{"rendered":"\t\t<div data-elementor-type=\"wp-page\" data-elementor-id=\"161692\" class=\"elementor elementor-161692 elementor-254\" data-elementor-post-type=\"page\">\n\t\t\t\t\t\t<section class=\"elementor-section elementor-top-section elementor-element elementor-element-43744e6 elementor-section-height-min-height elementor-section-stretched elementor-section-content-middle elementor-section-boxed elementor-section-height-default elementor-section-items-middle\" data-id=\"43744e6\" data-element_type=\"section\" data-e-type=\"section\" data-settings=\"{&quot;stretch_section&quot;:&quot;section-stretched&quot;,&quot;background_background&quot;:&quot;classic&quot;}\">\n\t\t\t\t\t\t\t<div class=\"elementor-background-overlay\"><\/div>\n\t\t\t\t\t\t\t<div class=\"elementor-container elementor-column-gap-default\">\n\t\t\t\t\t<div class=\"elementor-column elementor-col-100 elementor-top-column elementor-element elementor-element-401862b\" data-id=\"401862b\" data-element_type=\"column\" data-e-type=\"column\">\n\t\t\t<div class=\"elementor-widget-wrap elementor-element-populated\">\n\t\t\t\t\t\t<div class=\"elementor-element elementor-element-351ff86 elementor-widget elementor-widget-heading\" data-id=\"351ff86\" data-element_type=\"widget\" data-e-type=\"widget\" data-widget_type=\"heading.default\">\n\t\t\t\t<div class=\"elementor-widget-container\">\n\t\t\t\t\t<h1 class=\"elementor-heading-title elementor-size-default\">Wynajem kampera Portugalia<\/h1>\t\t\t\t<\/div>\n\t\t\t\t<\/div>\n\t\t\t\t<div class=\"elementor-element elementor-element-acb681f elementor-widget elementor-widget-heading\" data-id=\"acb681f\" data-element_type=\"widget\" data-e-type=\"widget\" data-widget_type=\"heading.default\">\n\t\t\t\t<div class=\"elementor-widget-container\">\n\t\t\t\t\t<div class=\"elementor-heading-title elementor-size-default\">Twoja beztroska wycieczka samochodowa zaczyna si\u0119 w\u0142a\u015bnie tutaj<\/div>\t\t\t\t<\/div>\n\t\t\t\t<\/div>\n\t\t\t\t<div class=\"elementor-element elementor-element-ca7f7b0 elementor-widget elementor-widget-text-editor\" data-id=\"ca7f7b0\" data-element_type=\"widget\" data-e-type=\"widget\" data-widget_type=\"text-editor.default\">\n\t\t\t\t<div class=\"elementor-widget-container\">\n\t\t\t\t\t\t\t\t\t<p>W pe\u0142ni wyposa\u017cone minikampery, na tyle ma\u0142e, \u017ce mo\u017cna je zaparkowa\u0107 gdziekolwiek. Odbi\u00f3r w Faro lub Lizbonie, a potem ruszaj, gdzie tylko chcesz. <\/p>\t\t\t\t\t\t\t\t<\/div>\n\t\t\t\t<\/div>\n\t\t\t\t<div class=\"elementor-element elementor-element-8835c7a elementor-align-center elementor-tablet-align-center elementor-mobile-align-center elementor-widget elementor-widget-button\" data-id=\"8835c7a\" data-element_type=\"widget\" data-e-type=\"widget\" data-widget_type=\"button.default\">\n\t\t\t\t<div class=\"elementor-widget-container\">\n\t\t\t\t\t\t\t\t\t<div class=\"elementor-button-wrapper\">\n\t\t\t\t\t<a class=\"elementor-button elementor-button-link elementor-size-sm elementor-animation-pop\" href=\"https:\/\/oceancamper.com\/pl\/rezerwacje\/\">\n\t\t\t\t\t\t<span class=\"elementor-button-content-wrapper\">\n\t\t\t\t\t\t\t\t\t<span class=\"elementor-button-text\">Sprawd\u017a dost\u0119pno\u015b\u0107<\/span>\n\t\t\t\t\t<\/span>\n\t\t\t\t\t<\/a>\n\t\t\t\t<\/div>\n\t\t\t\t\t\t\t\t<\/div>\n\t\t\t\t<\/div>\n\t\t\t\t\t<\/div>\n\t\t<\/div>\n\t\t\t\t\t<\/div>\n\t\t<\/section>\n\t\t\t\t<section class=\"elementor-section elementor-top-section elementor-element elementor-element-0c6db41 elementor-section-stretched elementor-section-boxed elementor-section-height-default elementor-section-height-default\" data-id=\"0c6db41\" data-element_type=\"section\" data-e-type=\"section\" data-settings=\"{&quot;stretch_section&quot;:&quot;section-stretched&quot;,&quot;background_background&quot;:&quot;classic&quot;}\">\n\t\t\t\t\t\t<div class=\"elementor-container elementor-column-gap-default\">\n\t\t\t\t\t<div class=\"elementor-column elementor-col-100 elementor-top-column elementor-element elementor-element-6c5b91c\" data-id=\"6c5b91c\" data-element_type=\"column\" data-e-type=\"column\">\n\t\t\t<div class=\"elementor-widget-wrap elementor-element-populated\">\n\t\t\t\t\t\t<section class=\"elementor-section elementor-inner-section elementor-element elementor-element-60ce5db elementor-section-boxed elementor-section-height-default elementor-section-height-default\" data-id=\"60ce5db\" data-element_type=\"section\" data-e-type=\"section\" data-settings=\"{&quot;background_background&quot;:&quot;classic&quot;}\">\n\t\t\t\t\t\t<div class=\"elementor-container elementor-column-gap-default\">\n\t\t\t\t\t<div class=\"elementor-column elementor-col-100 elementor-inner-column elementor-element elementor-element-22c809c\" data-id=\"22c809c\" data-element_type=\"column\" data-e-type=\"column\">\n\t\t\t<div class=\"elementor-widget-wrap\">\n\t\t\t\t\t\t\t<\/div>\n\t\t<\/div>\n\t\t\t\t\t<\/div>\n\t\t<\/section>\n\t\t\t\t<section class=\"elementor-section elementor-inner-section elementor-element elementor-element-87c2759 elementor-section-boxed elementor-section-height-default elementor-section-height-default\" data-id=\"87c2759\" data-element_type=\"section\" data-e-type=\"section\" data-settings=\"{&quot;background_background&quot;:&quot;classic&quot;}\">\n\t\t\t\t\t\t<div class=\"elementor-container elementor-column-gap-default\">\n\t\t\t\t\t<div class=\"elementor-column elementor-col-25 elementor-inner-column elementor-element elementor-element-42ac677\" data-id=\"42ac677\" data-element_type=\"column\" data-e-type=\"column\">\n\t\t\t<div class=\"elementor-widget-wrap elementor-element-populated\">\n\t\t\t\t\t\t<div class=\"elementor-element elementor-element-02b6ff8 elementor-position-left elementor-position-top elementor-vertical-align-top elementor-widget elementor-widget-image-box\" data-id=\"02b6ff8\" data-element_type=\"widget\" data-e-type=\"widget\" data-widget_type=\"image-box.default\">\n\t\t\t\t<div class=\"elementor-widget-container\">\n\t\t\t\t\t<div class=\"elementor-image-box-wrapper\"><figure class=\"elementor-image-box-img\"><img decoding=\"async\" src=\"https:\/\/oceancamper.com\/wp-content\/uploads\/elementor\/thumbs\/reviews-icon-q88hrpls6j9vaqk9ywkxt4iebsu8err77cpcrowoaq.png\" title=\"recenzje-ikona\" alt=\"Ikona gwiazdki w recenzjach Google\" class=\"elementor-animation-pop\" loading=\"lazy\" \/><\/figure><div class=\"elementor-image-box-content\"><h3 class=\"elementor-image-box-title\">5.0\u2605 Ocena Google<\/h3><p class=\"elementor-image-box-description\">Ponad 450 recenzji<\/p><\/div><\/div>\t\t\t\t<\/div>\n\t\t\t\t<\/div>\n\t\t\t\t\t<\/div>\n\t\t<\/div>\n\t\t\t\t<div class=\"elementor-column elementor-col-25 elementor-inner-column elementor-element elementor-element-11af6aa\" data-id=\"11af6aa\" data-element_type=\"column\" data-e-type=\"column\">\n\t\t\t<div class=\"elementor-widget-wrap elementor-element-populated\">\n\t\t\t\t\t\t<div class=\"elementor-element elementor-element-accb857 elementor-position-left elementor-position-top elementor-vertical-align-top elementor-widget elementor-widget-image-box\" data-id=\"accb857\" data-element_type=\"widget\" data-e-type=\"widget\" data-widget_type=\"image-box.default\">\n\t\t\t\t<div class=\"elementor-widget-container\">\n\t\t\t\t\t<div class=\"elementor-image-box-wrapper\"><figure class=\"elementor-image-box-img\"><img decoding=\"async\" src=\"https:\/\/oceancamper.com\/wp-content\/uploads\/elementor\/thumbs\/fully-equiped-icon-q88hronxzp8kz4ln4e6b8mqxqeyv72ngv81vaey2gy.png\" title=\"w pe\u0142ni wyposa\u017cona ikona\" alt=\"Ikona zestawu po\u015bcieli i przybor\u00f3w kuchennych\" class=\"elementor-animation-pop\" loading=\"lazy\" \/><\/figure><div class=\"elementor-image-box-content\"><h3 class=\"elementor-image-box-title\">W pe\u0142ni wyposa\u017cony<\/h3><p class=\"elementor-image-box-description\">W zestawie zestaw po\u015bcieli i nie tylko <\/p><\/div><\/div>\t\t\t\t<\/div>\n\t\t\t\t<\/div>\n\t\t\t\t\t<\/div>\n\t\t<\/div>\n\t\t\t\t<div class=\"elementor-column elementor-col-25 elementor-inner-column elementor-element elementor-element-3d859b0\" data-id=\"3d859b0\" data-element_type=\"column\" data-e-type=\"column\">\n\t\t\t<div class=\"elementor-widget-wrap elementor-element-populated\">\n\t\t\t\t\t\t<div class=\"elementor-element elementor-element-401763a elementor-position-left elementor-position-top elementor-vertical-align-top elementor-widget elementor-widget-image-box\" data-id=\"401763a\" data-element_type=\"widget\" data-e-type=\"widget\" data-widget_type=\"image-box.default\">\n\t\t\t\t<div class=\"elementor-widget-container\">\n\t\t\t\t\t<div class=\"elementor-image-box-wrapper\"><figure class=\"elementor-image-box-img\"><img decoding=\"async\" src=\"https:\/\/oceancamper.com\/wp-content\/uploads\/elementor\/thumbs\/low-fare-icon-qlky5pke0zk70fncifrdjipw4fo68ehmdpbqxtw5xe.png\" title=\"low-fare-icon\" alt=\"Ikona skarbonki\" class=\"elementor-animation-pop\" loading=\"lazy\" \/><\/figure><div class=\"elementor-image-box-content\"><h3 class=\"elementor-image-box-title\">Od dw\u00f3ch nocy<\/h3><p class=\"elementor-image-box-description\">Zapraszamy na weekendowe wycieczki<\/p><\/div><\/div>\t\t\t\t<\/div>\n\t\t\t\t<\/div>\n\t\t\t\t\t<\/div>\n\t\t<\/div>\n\t\t\t\t<div class=\"elementor-column elementor-col-25 elementor-inner-column elementor-element elementor-element-a0152bb\" data-id=\"a0152bb\" data-element_type=\"column\" data-e-type=\"column\">\n\t\t\t<div class=\"elementor-widget-wrap elementor-element-populated\">\n\t\t\t\t\t\t<div class=\"elementor-element elementor-element-0dbf49d elementor-position-left elementor-position-top elementor-vertical-align-top elementor-widget elementor-widget-image-box\" data-id=\"0dbf49d\" data-element_type=\"widget\" data-e-type=\"widget\" data-widget_type=\"image-box.default\">\n\t\t\t\t<div class=\"elementor-widget-container\">\n\t\t\t\t\t<div class=\"elementor-image-box-wrapper\"><figure class=\"elementor-image-box-img\"><img decoding=\"async\" src=\"https:\/\/oceancamper.com\/wp-content\/uploads\/elementor\/thumbs\/Iconspace_Family-car-1-r357ssz2tyizh7p0iul3jyrhvv94cvhu1nvk8917uq.png\" title=\"\u0141atwy w prowadzeniu Kamper | Ocean Kamper\" alt=\"Ikona ma\u0142ej furgonetki\" class=\"elementor-animation-pop\" loading=\"lazy\" \/><\/figure><div class=\"elementor-image-box-content\"><h3 class=\"elementor-image-box-title\">\u0141atwo\u015b\u0107 prowadzenia<\/h3><p class=\"elementor-image-box-description\">Kompaktowy i \u0142atwy do zaparkowania.<\/p><\/div><\/div>\t\t\t\t<\/div>\n\t\t\t\t<\/div>\n\t\t\t\t\t<\/div>\n\t\t<\/div>\n\t\t\t\t\t<\/div>\n\t\t<\/section>\n\t\t\t\t\t<\/div>\n\t\t<\/div>\n\t\t\t\t\t<\/div>\n\t\t<\/section>\n\t\t\t\t<section class=\"elementor-section elementor-top-section elementor-element elementor-element-41e17df elementor-section-stretched elementor-section-boxed elementor-section-height-default elementor-section-height-default\" data-id=\"41e17df\" data-element_type=\"section\" data-e-type=\"section\" data-settings=\"{&quot;stretch_section&quot;:&quot;section-stretched&quot;,&quot;background_background&quot;:&quot;classic&quot;}\">\n\t\t\t\t\t\t<div class=\"elementor-container elementor-column-gap-default\">\n\t\t\t\t\t<div class=\"elementor-column elementor-col-100 elementor-top-column elementor-element elementor-element-50d8890\" data-id=\"50d8890\" data-element_type=\"column\" data-e-type=\"column\">\n\t\t\t<div class=\"elementor-widget-wrap elementor-element-populated\">\n\t\t\t\t\t\t<section class=\"elementor-section elementor-inner-section elementor-element elementor-element-7c0966d elementor-section-boxed elementor-section-height-default elementor-section-height-default\" data-id=\"7c0966d\" data-element_type=\"section\" data-e-type=\"section\">\n\t\t\t\t\t\t<div class=\"elementor-container elementor-column-gap-default\">\n\t\t\t\t\t<div class=\"elementor-column elementor-col-100 elementor-inner-column elementor-element elementor-element-51ea68f\" data-id=\"51ea68f\" data-element_type=\"column\" data-e-type=\"column\">\n\t\t\t<div class=\"elementor-widget-wrap elementor-element-populated\">\n\t\t\t\t\t\t<div class=\"elementor-element elementor-element-844baf5 elementor-widget elementor-widget-heading\" data-id=\"844baf5\" data-element_type=\"widget\" data-e-type=\"widget\" data-widget_type=\"heading.default\">\n\t\t\t\t<div class=\"elementor-widget-container\">\n\t\t\t\t\t<h2 class=\"elementor-heading-title elementor-size-default\">Dlaczego Portugalia to \u0142atwe miejsce na rozpocz\u0119cie przygody<\/h2>\t\t\t\t<\/div>\n\t\t\t\t<\/div>\n\t\t\t\t<div class=\"elementor-element elementor-element-f712a84 elementor-widget elementor-widget-text-editor\" data-id=\"f712a84\" data-element_type=\"widget\" data-e-type=\"widget\" data-widget_type=\"text-editor.default\">\n\t\t\t\t<div class=\"elementor-widget-container\">\n\t\t\t\t\t\t\t\t\t<p>Portugalia to niemal idealne miejsce na pierwsz\u0105 wycieczk\u0119 Kamperem. Odleg\u0142o\u015bci s\u0105 niewielkie, wi\u0119c rzadko kiedy do najbli\u017cszej pla\u017cy jest wi\u0119cej ni\u017c kilka godzin drogi. Drogi s\u0105 w dobrym stanie, miejsca kempingowe kosztuj\u0105 u\u0142amek ceny pokoju hotelowego, a pogoda jest na tyle \u0142agodna, \u017ce styczniowy poranek na wybrze\u017cu jest naprawd\u0119 przyjemny.  <\/p><p>Nasze samochody dostawcze s\u0105 celowo niewielkie. Prowadz\u0105 si\u0119 jak zwyk\u0142e samochody osobowe, mo\u017cna je zaparkowa\u0107 na zwyk\u0142ych miejscach parkingowych i mieszcz\u0105 si\u0119 pod dwumetrowymi barierkami, kt\u00f3re uniemo\u017cliwiaj\u0105 wi\u0119kszym kamperom wjazd na najlepsze nadmorskie parkingi. Mo\u017cna nimi wjecha\u0107 w\u0105sk\u0105 uliczk\u0105 prowadz\u0105c\u0105 na pla\u017c\u0119, z kt\u00f3rej sze\u015bciometrowy kamper musi wycofywa\u0107 si\u0119 ty\u0142em.  <\/p>\t\t\t\t\t\t\t\t<\/div>\n\t\t\t\t<\/div>\n\t\t\t\t\t<\/div>\n\t\t<\/div>\n\t\t\t\t\t<\/div>\n\t\t<\/section>\n\t\t\t\t<section class=\"elementor-section elementor-inner-section elementor-element elementor-element-1cb278d elementor-section-boxed elementor-section-height-default elementor-section-height-default elementor-invisible\" data-id=\"1cb278d\" data-element_type=\"section\" data-e-type=\"section\" data-settings=\"{&quot;animation&quot;:&quot;fadeInUp&quot;}\">\n\t\t\t\t\t\t<div class=\"elementor-container elementor-column-gap-default\">\n\t\t\t\t\t<div class=\"elementor-column elementor-col-33 elementor-inner-column elementor-element elementor-element-dbf27a6\" data-id=\"dbf27a6\" data-element_type=\"column\" data-e-type=\"column\" data-settings=\"{&quot;background_background&quot;:&quot;classic&quot;}\">\n\t\t\t<div class=\"elementor-widget-wrap elementor-element-populated\">\n\t\t\t\t\t<div class=\"elementor-background-overlay\"><\/div>\n\t\t\t\t\t\t<div class=\"elementor-element elementor-element-f914ff6 elementor-widget__width-initial elementor-widget elementor-widget-image\" data-id=\"f914ff6\" data-element_type=\"widget\" data-e-type=\"widget\" data-widget_type=\"image.default\">\n\t\t\t\t<div class=\"elementor-widget-container\">\n\t\t\t\t\t\t\t\t\t\t\t\t\t\t\t<img decoding=\"async\" width=\"300\" height=\"102\" src=\"https:\/\/oceancamper.com\/wp-content\/uploads\/2025\/01\/Google_2015_logo.svg_-300x102.png\" class=\"attachment-medium size-medium wp-image-212356\" alt=\"Recenzje Google Ocean Camper\" srcset=\"https:\/\/oceancamper.com\/wp-content\/uploads\/2025\/01\/Google_2015_logo.svg_-300x102.png 300w, https:\/\/oceancamper.com\/wp-content\/uploads\/2025\/01\/Google_2015_logo.svg_-768x260.png 768w, https:\/\/oceancamper.com\/wp-content\/uploads\/2025\/01\/Google_2015_logo.svg_-240x81.png 240w, https:\/\/oceancamper.com\/wp-content\/uploads\/2025\/01\/Google_2015_logo.svg_.png 800w\" sizes=\"(max-width: 300px) 100vw, 300px\" \/>\t\t\t\t\t\t\t\t\t\t\t\t\t\t\t<\/div>\n\t\t\t\t<\/div>\n\t\t\t\t<div class=\"elementor-element elementor-element-289824c elementor-widget__width-initial elementor-widget elementor-widget-text-editor\" data-id=\"289824c\" data-element_type=\"widget\" data-e-type=\"widget\" data-widget_type=\"text-editor.default\">\n\t\t\t\t<div class=\"elementor-widget-container\">\n\t\t\t\t\t\t\t\t\t<p><span style=\"font-size: 1rem;\"><strong>Najwy\u017csza ocena w Google \u2013<\/strong> \u015brednia ocena 5,0\/5,0 gwiazdek na podstawie ponad 450 recenzji.<\/span><\/p>\t\t\t\t\t\t\t\t<\/div>\n\t\t\t\t<\/div>\n\t\t\t\t<div class=\"elementor-element elementor-element-665737a elementor-align-center elementor-widget elementor-widget-button\" data-id=\"665737a\" data-element_type=\"widget\" data-e-type=\"widget\" data-widget_type=\"button.default\">\n\t\t\t\t<div class=\"elementor-widget-container\">\n\t\t\t\t\t\t\t\t\t<div class=\"elementor-button-wrapper\">\n\t\t\t\t\t<a class=\"elementor-button elementor-button-link elementor-size-sm\" href=\"https:\/\/g.co\/kgs\/Rzav59W\" target=\"_blank\">\n\t\t\t\t\t\t<span class=\"elementor-button-content-wrapper\">\n\t\t\t\t\t\t\t\t\t<span class=\"elementor-button-text\">Dowiedz si\u0119 wi\u0119cej<\/span>\n\t\t\t\t\t<\/span>\n\t\t\t\t\t<\/a>\n\t\t\t\t<\/div>\n\t\t\t\t\t\t\t\t<\/div>\n\t\t\t\t<\/div>\n\t\t\t\t\t<\/div>\n\t\t<\/div>\n\t\t\t\t<div class=\"elementor-column elementor-col-33 elementor-inner-column elementor-element elementor-element-a1b8c26\" data-id=\"a1b8c26\" data-element_type=\"column\" data-e-type=\"column\" data-settings=\"{&quot;background_background&quot;:&quot;classic&quot;}\">\n\t\t\t<div class=\"elementor-widget-wrap elementor-element-populated\">\n\t\t\t\t\t<div class=\"elementor-background-overlay\"><\/div>\n\t\t\t\t\t\t<div class=\"elementor-element elementor-element-756b048 elementor-widget__width-initial elementor-widget elementor-widget-image\" data-id=\"756b048\" data-element_type=\"widget\" data-e-type=\"widget\" data-widget_type=\"image.default\">\n\t\t\t\t<div class=\"elementor-widget-container\">\n\t\t\t\t\t\t\t\t\t\t\t\t\t\t\t<img decoding=\"async\" width=\"300\" height=\"68\" src=\"https:\/\/oceancamper.com\/wp-content\/uploads\/2025\/01\/ug36vrv2jq3odc9hi6ol0tqnyk7x-1-300x68.png\" class=\"attachment-medium size-medium wp-image-212359\" alt=\"Yescapa Reviews Ocean Camper\" srcset=\"https:\/\/oceancamper.com\/wp-content\/uploads\/2025\/01\/ug36vrv2jq3odc9hi6ol0tqnyk7x-1-300x68.png 300w, https:\/\/oceancamper.com\/wp-content\/uploads\/2025\/01\/ug36vrv2jq3odc9hi6ol0tqnyk7x-1-768x175.png 768w, https:\/\/oceancamper.com\/wp-content\/uploads\/2025\/01\/ug36vrv2jq3odc9hi6ol0tqnyk7x-1-240x55.png 240w, https:\/\/oceancamper.com\/wp-content\/uploads\/2025\/01\/ug36vrv2jq3odc9hi6ol0tqnyk7x-1.png 1024w\" sizes=\"(max-width: 300px) 100vw, 300px\" \/>\t\t\t\t\t\t\t\t\t\t\t\t\t\t\t<\/div>\n\t\t\t\t<\/div>\n\t\t\t\t<div class=\"elementor-element elementor-element-bf9c46a elementor-widget__width-initial elementor-widget elementor-widget-text-editor\" data-id=\"bf9c46a\" data-element_type=\"widget\" data-e-type=\"widget\" data-widget_type=\"text-editor.default\">\n\t\t\t\t<div class=\"elementor-widget-container\">\n\t\t\t\t\t\t\t\t\t<p><span style=\"font-size: 1rem;\">Nagroda <strong>Yescapa<\/strong> w kategorii \u201eNajlepszy w\u0142a\u015bciciel\u201d, ocena 4,9\/5,0 na podstawie ponad 50 recenzji.<\/span><\/p>\t\t\t\t\t\t\t\t<\/div>\n\t\t\t\t<\/div>\n\t\t\t\t<div class=\"elementor-element elementor-element-fb2b0b2 elementor-align-center elementor-widget elementor-widget-button\" data-id=\"fb2b0b2\" data-element_type=\"widget\" data-e-type=\"widget\" data-widget_type=\"button.default\">\n\t\t\t\t<div class=\"elementor-widget-container\">\n\t\t\t\t\t\t\t\t\t<div class=\"elementor-button-wrapper\">\n\t\t\t\t\t<a class=\"elementor-button elementor-button-link elementor-size-sm\" href=\"https:\/\/www.yescapa.com\/campers\/29929\" target=\"_blank\">\n\t\t\t\t\t\t<span class=\"elementor-button-content-wrapper\">\n\t\t\t\t\t\t\t\t\t<span class=\"elementor-button-text\">Dowiedz si\u0119 wi\u0119cej<\/span>\n\t\t\t\t\t<\/span>\n\t\t\t\t\t<\/a>\n\t\t\t\t<\/div>\n\t\t\t\t\t\t\t\t<\/div>\n\t\t\t\t<\/div>\n\t\t\t\t\t<\/div>\n\t\t<\/div>\n\t\t\t\t<div class=\"elementor-column elementor-col-33 elementor-inner-column elementor-element elementor-element-79715b8\" data-id=\"79715b8\" data-element_type=\"column\" data-e-type=\"column\" data-settings=\"{&quot;background_background&quot;:&quot;classic&quot;}\">\n\t\t\t<div class=\"elementor-widget-wrap elementor-element-populated\">\n\t\t\t\t\t<div class=\"elementor-background-overlay\"><\/div>\n\t\t\t\t\t\t<div class=\"elementor-element elementor-element-70a8c6f elementor-widget__width-initial elementor-widget elementor-widget-image\" data-id=\"70a8c6f\" data-element_type=\"widget\" data-e-type=\"widget\" data-widget_type=\"image.default\">\n\t\t\t\t<div class=\"elementor-widget-container\">\n\t\t\t\t\t\t\t\t\t\t\t\t\t\t\t<img decoding=\"async\" width=\"300\" height=\"94\" src=\"https:\/\/oceancamper.com\/wp-content\/uploads\/2025\/01\/Airbnb_Logo_Belo.svg_-300x94.png\" class=\"attachment-medium size-medium wp-image-212358\" alt=\"Airbnb Recenzje Ocean Camper\" srcset=\"https:\/\/oceancamper.com\/wp-content\/uploads\/2025\/01\/Airbnb_Logo_Belo.svg_-300x94.png 300w, https:\/\/oceancamper.com\/wp-content\/uploads\/2025\/01\/Airbnb_Logo_Belo.svg_-1024x320.png 1024w, https:\/\/oceancamper.com\/wp-content\/uploads\/2025\/01\/Airbnb_Logo_Belo.svg_-768x240.png 768w, https:\/\/oceancamper.com\/wp-content\/uploads\/2025\/01\/Airbnb_Logo_Belo.svg_-240x75.png 240w, https:\/\/oceancamper.com\/wp-content\/uploads\/2025\/01\/Airbnb_Logo_Belo.svg_.png 1280w\" sizes=\"(max-width: 300px) 100vw, 300px\" \/>\t\t\t\t\t\t\t\t\t\t\t\t\t\t\t<\/div>\n\t\t\t\t<\/div>\n\t\t\t\t<div class=\"elementor-element elementor-element-5826fae elementor-widget__width-initial elementor-widget elementor-widget-text-editor\" data-id=\"5826fae\" data-element_type=\"widget\" data-e-type=\"widget\" data-widget_type=\"text-editor.default\">\n\t\t\t\t<div class=\"elementor-widget-container\">\n\t\t\t\t\t\t\t\t\t<p><span style=\"font-size: 1rem;\">Od 2018 r. posiadacz tytu\u0142u \u201eSuperhost\u201d <strong>serwisu Airbnb<\/strong>, ocena 4,9\/5,0 gwiazdek na podstawie ponad 700 recenzji.<\/span><\/p>\t\t\t\t\t\t\t\t<\/div>\n\t\t\t\t<\/div>\n\t\t\t\t<div class=\"elementor-element elementor-element-cae6375 elementor-align-center elementor-widget elementor-widget-button\" data-id=\"cae6375\" data-element_type=\"widget\" data-e-type=\"widget\" data-widget_type=\"button.default\">\n\t\t\t\t<div class=\"elementor-widget-container\">\n\t\t\t\t\t\t\t\t\t<div class=\"elementor-button-wrapper\">\n\t\t\t\t\t<a class=\"elementor-button elementor-button-link elementor-size-sm\" href=\"https:\/\/www.airbnb.com\/users\/show\/147121665\" target=\"_blank\">\n\t\t\t\t\t\t<span class=\"elementor-button-content-wrapper\">\n\t\t\t\t\t\t\t\t\t<span class=\"elementor-button-text\">Dowiedz si\u0119 wi\u0119cej<\/span>\n\t\t\t\t\t<\/span>\n\t\t\t\t\t<\/a>\n\t\t\t\t<\/div>\n\t\t\t\t\t\t\t\t<\/div>\n\t\t\t\t<\/div>\n\t\t\t\t\t<\/div>\n\t\t<\/div>\n\t\t\t\t\t<\/div>\n\t\t<\/section>\n\t\t\t\t\t<\/div>\n\t\t<\/div>\n\t\t\t\t\t<\/div>\n\t\t<\/section>\n\t\t\t\t<section class=\"elementor-section elementor-top-section elementor-element elementor-element-5d672c9 elementor-section-stretched elementor-section-boxed elementor-section-height-default elementor-section-height-default\" data-id=\"5d672c9\" data-element_type=\"section\" data-e-type=\"section\" data-settings=\"{&quot;stretch_section&quot;:&quot;section-stretched&quot;,&quot;background_background&quot;:&quot;classic&quot;}\">\n\t\t\t\t\t\t<div class=\"elementor-container elementor-column-gap-default\">\n\t\t\t\t\t<div class=\"elementor-column elementor-col-100 elementor-top-column elementor-element elementor-element-a76389e\" data-id=\"a76389e\" data-element_type=\"column\" data-e-type=\"column\">\n\t\t\t<div class=\"elementor-widget-wrap elementor-element-populated\">\n\t\t\t\t\t\t<section class=\"elementor-section elementor-inner-section elementor-element elementor-element-b147369 elementor-section-boxed elementor-section-height-default elementor-section-height-default\" data-id=\"b147369\" data-element_type=\"section\" data-e-type=\"section\">\n\t\t\t\t\t\t<div class=\"elementor-container elementor-column-gap-default\">\n\t\t\t\t\t<div class=\"elementor-column elementor-col-50 elementor-inner-column elementor-element elementor-element-22346e6 elementor-invisible\" data-id=\"22346e6\" data-element_type=\"column\" data-e-type=\"column\" data-settings=\"{&quot;background_background&quot;:&quot;classic&quot;,&quot;animation&quot;:&quot;fadeIn&quot;}\">\n\t\t\t<div class=\"elementor-widget-wrap elementor-element-populated\">\n\t\t\t\t\t<div class=\"elementor-background-overlay\"><\/div>\n\t\t\t\t\t\t<div class=\"elementor-element elementor-element-509f3b8 elementor-widget elementor-widget-heading\" data-id=\"509f3b8\" data-element_type=\"widget\" data-e-type=\"widget\" data-widget_type=\"heading.default\">\n\t\t\t\t<div class=\"elementor-widget-container\">\n\t\t\t\t\t<h2 class=\"elementor-heading-title elementor-size-default\">Dlaczego klienci rezerwuj\u0105 u nas<\/h2>\t\t\t\t<\/div>\n\t\t\t\t<\/div>\n\t\t\t\t<div class=\"elementor-element elementor-element-2777d0a elementor-widget__width-initial elementor-widget elementor-widget-text-editor\" data-id=\"2777d0a\" data-element_type=\"widget\" data-e-type=\"widget\" data-widget_type=\"text-editor.default\">\n\t\t\t\t<div class=\"elementor-widget-container\">\n\t\t\t\t\t\t\t\t\t<p>Specjalizujemy si\u0119 w ma\u0142ych kamperach: \u0142atwych w prowadzeniu, \u0142atwych do parkowania i niedrogich w utrzymaniu. Je\u015bli potrzebujesz miejsca dla trzech os\u00f3b, model \u201eBohemian\u201d oferuje wi\u0119ksze \u0142\u00f3\u017cko i wi\u0119cej przestrzeni. Tak czy inaczej, wszystko, czego potrzebujesz, znajduje si\u0119 ju\u017c w kamperze.  <\/p>\t\t\t\t\t\t\t\t<\/div>\n\t\t\t\t<\/div>\n\t\t\t\t<div class=\"elementor-element elementor-element-2ca86a2 elementor-view-framed elementor-position-inline-start keep-icon-box-left elementor-mobile-position-inline-start elementor-shape-circle elementor-widget elementor-widget-icon-box\" data-id=\"2ca86a2\" data-element_type=\"widget\" data-e-type=\"widget\" data-widget_type=\"icon-box.default\">\n\t\t\t\t<div class=\"elementor-widget-container\">\n\t\t\t\t\t\t\t<div class=\"elementor-icon-box-wrapper\">\n\n\t\t\t\t\t\t<div class=\"elementor-icon-box-icon\">\n\t\t\t\t<span  class=\"elementor-icon elementor-animation-pop\">\n\t\t\t\t<i aria-hidden=\"true\" class=\"fas fa-check\"><\/i>\t\t\t\t<\/span>\n\t\t\t<\/div>\n\t\t\t\n\t\t\t\t\t\t<div class=\"elementor-icon-box-content\">\n\n\t\t\t\t\t\t\t\t\t<h3 class=\"elementor-icon-box-title\">\n\t\t\t\t\t\t<span  >\n\t\t\t\t\t\t\tNiedrogi wynajem kamper\u00f3w\t\t\t\t\t\t<\/span>\n\t\t\t\t\t<\/h3>\n\t\t\t\t\n\t\t\t\t\n\t\t\t<\/div>\n\t\t\t\n\t\t<\/div>\n\t\t\t\t\t\t<\/div>\n\t\t\t\t<\/div>\n\t\t\t\t<div class=\"elementor-element elementor-element-0f929b1 elementor-widget elementor-widget-text-editor\" data-id=\"0f929b1\" data-element_type=\"widget\" data-e-type=\"widget\" data-widget_type=\"text-editor.default\">\n\t\t\t\t<div class=\"elementor-widget-container\">\n\t\t\t\t\t\t\t\t\t<p>Przejrzyste ceny bez ukrytych op\u0142at.<\/p>\t\t\t\t\t\t\t\t<\/div>\n\t\t\t\t<\/div>\n\t\t\t\t<div class=\"elementor-element elementor-element-7365c9c elementor-view-framed elementor-position-inline-start keep-icon-box-left elementor-mobile-position-inline-start elementor-shape-circle elementor-widget elementor-widget-icon-box\" data-id=\"7365c9c\" data-element_type=\"widget\" data-e-type=\"widget\" data-widget_type=\"icon-box.default\">\n\t\t\t\t<div class=\"elementor-widget-container\">\n\t\t\t\t\t\t\t<div class=\"elementor-icon-box-wrapper\">\n\n\t\t\t\t\t\t<div class=\"elementor-icon-box-icon\">\n\t\t\t\t<span  class=\"elementor-icon elementor-animation-pop\">\n\t\t\t\t<i aria-hidden=\"true\" class=\"fas fa-check\"><\/i>\t\t\t\t<\/span>\n\t\t\t<\/div>\n\t\t\t\n\t\t\t\t\t\t<div class=\"elementor-icon-box-content\">\n\n\t\t\t\t\t\t\t\t\t<h3 class=\"elementor-icon-box-title\">\n\t\t\t\t\t\t<span  >\n\t\t\t\t\t\t\tInteligentna konstrukcja\t\t\t\t\t\t<\/span>\n\t\t\t\t\t<\/h3>\n\t\t\t\t\n\t\t\t\t\n\t\t\t<\/div>\n\t\t\t\n\t\t<\/div>\n\t\t\t\t\t\t<\/div>\n\t\t\t\t<\/div>\n\t\t\t\t<div class=\"elementor-element elementor-element-ed6c992 elementor-widget elementor-widget-text-editor\" data-id=\"ed6c992\" data-element_type=\"widget\" data-e-type=\"widget\" data-widget_type=\"text-editor.default\">\n\t\t\t\t<div class=\"elementor-widget-container\">\n\t\t\t\t\t\t\t\t\tKompaktowe samochody dostawcze, \u0142atwe do zaparkowania i w pe\u0142ni wyposa\u017cone.\t\t\t\t\t\t\t\t<\/div>\n\t\t\t\t<\/div>\n\t\t\t\t<div class=\"elementor-element elementor-element-cbe8d8a elementor-view-framed elementor-position-inline-start keep-icon-box-left elementor-mobile-position-inline-start elementor-shape-circle elementor-widget elementor-widget-icon-box\" data-id=\"cbe8d8a\" data-element_type=\"widget\" data-e-type=\"widget\" data-widget_type=\"icon-box.default\">\n\t\t\t\t<div class=\"elementor-widget-container\">\n\t\t\t\t\t\t\t<div class=\"elementor-icon-box-wrapper\">\n\n\t\t\t\t\t\t<div class=\"elementor-icon-box-icon\">\n\t\t\t\t<span  class=\"elementor-icon elementor-animation-pop\">\n\t\t\t\t<i aria-hidden=\"true\" class=\"fas fa-check\"><\/i>\t\t\t\t<\/span>\n\t\t\t<\/div>\n\t\t\t\n\t\t\t\t\t\t<div class=\"elementor-icon-box-content\">\n\n\t\t\t\t\t\t\t\t\t<h3 class=\"elementor-icon-box-title\">\n\t\t\t\t\t\t<span  >\n\t\t\t\t\t\t\tLokalizacje w Faro i Lizbonie\t\t\t\t\t\t<\/span>\n\t\t\t\t\t<\/h3>\n\t\t\t\t\n\t\t\t\t\n\t\t\t<\/div>\n\t\t\t\n\t\t<\/div>\n\t\t\t\t\t\t<\/div>\n\t\t\t\t<\/div>\n\t\t\t\t<div class=\"elementor-element elementor-element-a5e8850 elementor-widget elementor-widget-text-editor\" data-id=\"a5e8850\" data-element_type=\"widget\" data-e-type=\"widget\" data-widget_type=\"text-editor.default\">\n\t\t\t\t<div class=\"elementor-widget-container\">\n\t\t\t\t\t\t\t\t\t<p>Odbi\u00f3r i dow\u00f3z mo\u017cliwy w Faro w pobli\u017cu lotniska oraz w Lizbonie-Montijo.<\/p>\t\t\t\t\t\t\t\t<\/div>\n\t\t\t\t<\/div>\n\t\t\t\t<div class=\"elementor-element elementor-element-97ddf21 elementor-view-framed elementor-position-inline-start keep-icon-box-left elementor-mobile-position-inline-start elementor-shape-circle elementor-widget elementor-widget-icon-box\" data-id=\"97ddf21\" data-element_type=\"widget\" data-e-type=\"widget\" data-widget_type=\"icon-box.default\">\n\t\t\t\t<div class=\"elementor-widget-container\">\n\t\t\t\t\t\t\t<div class=\"elementor-icon-box-wrapper\">\n\n\t\t\t\t\t\t<div class=\"elementor-icon-box-icon\">\n\t\t\t\t<span  class=\"elementor-icon elementor-animation-pop\">\n\t\t\t\t<i aria-hidden=\"true\" class=\"fas fa-check\"><\/i>\t\t\t\t<\/span>\n\t\t\t<\/div>\n\t\t\t\n\t\t\t\t\t\t<div class=\"elementor-icon-box-content\">\n\n\t\t\t\t\t\t\t\t\t<h3 class=\"elementor-icon-box-title\">\n\t\t\t\t\t\t<span  >\n\t\t\t\t\t\t\tZameldowanie od 14:00, wymeldowanie do 11:00\t\t\t\t\t\t<\/span>\n\t\t\t\t\t<\/h3>\n\t\t\t\t\n\t\t\t\t\n\t\t\t<\/div>\n\t\t\t\n\t\t<\/div>\n\t\t\t\t\t\t<\/div>\n\t\t\t\t<\/div>\n\t\t\t\t<div class=\"elementor-element elementor-element-23eae9d elementor-widget elementor-widget-text-editor\" data-id=\"23eae9d\" data-element_type=\"widget\" data-e-type=\"widget\" data-widget_type=\"text-editor.default\">\n\t\t\t\t<div class=\"elementor-widget-container\">\n\t\t\t\t\t\t\t\t\tElastyczny odbi\u00f3r i dow\u00f3z.\t\t\t\t\t\t\t\t<\/div>\n\t\t\t\t<\/div>\n\t\t\t\t<div class=\"elementor-element elementor-element-2e24ef7 elementor-view-framed elementor-position-inline-start keep-icon-box-left elementor-mobile-position-inline-start elementor-shape-circle elementor-widget elementor-widget-icon-box\" data-id=\"2e24ef7\" data-element_type=\"widget\" data-e-type=\"widget\" data-widget_type=\"icon-box.default\">\n\t\t\t\t<div class=\"elementor-widget-container\">\n\t\t\t\t\t\t\t<div class=\"elementor-icon-box-wrapper\">\n\n\t\t\t\t\t\t<div class=\"elementor-icon-box-icon\">\n\t\t\t\t<span  class=\"elementor-icon elementor-animation-pop\">\n\t\t\t\t<i aria-hidden=\"true\" class=\"fas fa-check\"><\/i>\t\t\t\t<\/span>\n\t\t\t<\/div>\n\t\t\t\n\t\t\t\t\t\t<div class=\"elementor-icon-box-content\">\n\n\t\t\t\t\t\t\t\t\t<h3 class=\"elementor-icon-box-title\">\n\t\t\t\t\t\t<span  >\n\t\t\t\t\t\t\tNa drodze od 2017 roku\t\t\t\t\t\t<\/span>\n\t\t\t\t\t<\/h3>\n\t\t\t\t\n\t\t\t\t\n\t\t\t<\/div>\n\t\t\t\n\t\t<\/div>\n\t\t\t\t\t\t<\/div>\n\t\t\t\t<\/div>\n\t\t\t\t<div class=\"elementor-element elementor-element-ad3596d elementor-widget elementor-widget-text-editor\" data-id=\"ad3596d\" data-element_type=\"widget\" data-e-type=\"widget\" data-widget_type=\"text-editor.default\">\n\t\t\t\t<div class=\"elementor-widget-container\">\n\t\t\t\t\t\t\t\t\tPrzyjazny zesp\u00f3\u0142 gotowy podzieli\u0107 si\u0119 poufnymi wskaz\u00f3wkami.\t\t\t\t\t\t\t\t<\/div>\n\t\t\t\t<\/div>\n\t\t\t\t\t<\/div>\n\t\t<\/div>\n\t\t\t\t<div class=\"elementor-column elementor-col-50 elementor-inner-column elementor-element elementor-element-b3990bb\" data-id=\"b3990bb\" data-element_type=\"column\" data-e-type=\"column\">\n\t\t\t<div class=\"elementor-widget-wrap\">\n\t\t\t\t\t\t\t<\/div>\n\t\t<\/div>\n\t\t\t\t\t<\/div>\n\t\t<\/section>\n\t\t\t\t\t<\/div>\n\t\t<\/div>\n\t\t\t\t\t<\/div>\n\t\t<\/section>\n\t\t\t\t<section class=\"elementor-section elementor-top-section elementor-element elementor-element-8411806 elementor-section-boxed elementor-section-height-default elementor-section-height-default\" data-id=\"8411806\" data-element_type=\"section\" data-e-type=\"section\" data-settings=\"{&quot;background_background&quot;:&quot;classic&quot;}\">\n\t\t\t\t\t\t<div class=\"elementor-container elementor-column-gap-extended\">\n\t\t\t\t\t<div class=\"elementor-column elementor-col-100 elementor-top-column elementor-element elementor-element-f7ed545\" data-id=\"f7ed545\" data-element_type=\"column\" data-e-type=\"column\">\n\t\t\t<div class=\"elementor-widget-wrap elementor-element-populated\">\n\t\t\t\t\t\t<div class=\"elementor-element elementor-element-e8fc40b elementor-widget elementor-widget-heading\" data-id=\"e8fc40b\" data-element_type=\"widget\" data-e-type=\"widget\" data-widget_type=\"heading.default\">\n\t\t\t\t<div class=\"elementor-widget-container\">\n\t\t\t\t\t<h2 class=\"elementor-heading-title elementor-size-default\">Porozmawiaj z cz\u0142owiekiem, a nie z systemem rezerwacyjnym<\/h2>\t\t\t\t<\/div>\n\t\t\t\t<\/div>\n\t\t\t\t<div class=\"elementor-element elementor-element-cd78619 elementor-widget elementor-widget-text-editor\" data-id=\"cd78619\" data-element_type=\"widget\" data-e-type=\"widget\" data-widget_type=\"text-editor.default\">\n\t\t\t\t<div class=\"elementor-widget-container\">\n\t\t\t\t\t\t\t\t\t<p>Jeste\u015bmy niewielkim zespo\u0142em z Faro, kt\u00f3ry sam podr\u00f3\u017cuje od 2017 roku. Napisz do nas, podaj\u0105c godziny lot\u00f3w, tras\u0119 lub wszelkie w\u0105tpliwo\u015bci, a kto\u015b z naszego zespo\u0142u odpowie, zazwyczaj w ci\u0105gu kilku minut. <\/p>\t\t\t\t\t\t\t\t<\/div>\n\t\t\t\t<\/div>\n\t\t\t\t<div class=\"elementor-element elementor-element-2e62650 elementor-align-center elementor-mobile-align-center elementor-widget elementor-widget-button\" data-id=\"2e62650\" data-element_type=\"widget\" data-e-type=\"widget\" data-widget_type=\"button.default\">\n\t\t\t\t<div class=\"elementor-widget-container\">\n\t\t\t\t\t\t\t\t\t<div class=\"elementor-button-wrapper\">\n\t\t\t\t\t<a class=\"elementor-button elementor-button-link elementor-size-sm\" href=\"https:\/\/wa.me\/351920301044?text=Hi%20Ocean%20Camper%2C%20I%20would%20like%20to%20rent%20a%20campervan.\" target=\"_blank\">\n\t\t\t\t\t\t<span class=\"elementor-button-content-wrapper\">\n\t\t\t\t\t\t<span class=\"elementor-button-icon\">\n\t\t\t\t<i aria-hidden=\"true\" class=\"fab fa-whatsapp\"><\/i>\t\t\t<\/span>\n\t\t\t\t\t\t\t\t\t<span class=\"elementor-button-text\">Napisz do nas na WhatsAppie<\/span>\n\t\t\t\t\t<\/span>\n\t\t\t\t\t<\/a>\n\t\t\t\t<\/div>\n\t\t\t\t\t\t\t\t<\/div>\n\t\t\t\t<\/div>\n\t\t\t\t<div class=\"elementor-element elementor-element-38eeda3 elementor-widget elementor-widget-text-editor\" data-id=\"38eeda3\" data-element_type=\"widget\" data-e-type=\"widget\" data-widget_type=\"text-editor.default\">\n\t\t\t\t<div class=\"elementor-widget-container\">\n\t\t\t\t\t\t\t\t\t<p>Wolisz zadzwoni\u0107?  <a href=\"tel:+351920301044\">+351 920 301 044<\/a><\/p>\t\t\t\t\t\t\t\t<\/div>\n\t\t\t\t<\/div>\n\t\t\t\t\t<\/div>\n\t\t<\/div>\n\t\t\t\t\t<\/div>\n\t\t<\/section>\n\t\t\t\t<section class=\"elementor-section elementor-inner-section elementor-element elementor-element-60eaba5c elementor-section-boxed elementor-section-height-default elementor-section-height-default elementor-invisible\" data-id=\"60eaba5c\" data-element_type=\"section\" data-e-type=\"section\" data-settings=\"{&quot;animation&quot;:&quot;fadeInUp&quot;}\">\n\t\t\t\t\t\t<div class=\"elementor-container elementor-column-gap-default\">\n\t\t\t\t\t<div class=\"elementor-column elementor-col-100 elementor-inner-column elementor-element elementor-element-370df1c3\" data-id=\"370df1c3\" data-element_type=\"column\" data-e-type=\"column\" data-settings=\"{&quot;background_background&quot;:&quot;classic&quot;}\">\n\t\t\t<div class=\"elementor-widget-wrap elementor-element-populated\">\n\t\t\t\t\t<div class=\"elementor-background-overlay\"><\/div>\n\t\t\t\t\t\t<div class=\"elementor-element elementor-element-1a800b56 elementor-widget elementor-widget-heading\" data-id=\"1a800b56\" data-element_type=\"widget\" data-e-type=\"widget\" data-widget_type=\"heading.default\">\n\t\t\t\t<div class=\"elementor-widget-container\">\n\t\t\t\t\t<h2 class=\"elementor-heading-title elementor-size-default\">Nasze kampervany<\/h2>\t\t\t\t<\/div>\n\t\t\t\t<\/div>\n\t\t\t\t<div class=\"elementor-element elementor-element-3e5335dd elementor-widget elementor-widget-text-editor\" data-id=\"3e5335dd\" data-element_type=\"widget\" data-e-type=\"widget\" data-widget_type=\"text-editor.default\">\n\t\t\t\t<div class=\"elementor-widget-container\">\n\t\t\t\t\t\t\t\t\t<p>Pi\u0119\u0107 samochod\u00f3w dostawczych, wszystkie w pe\u0142ni wyposa\u017cone. Cztery z nich mog\u0105 pomie\u015bci\u0107 po dwie osoby, a jeden \u2013 trzy. Minimalny okres rezerwacji to dwie noce.  <\/p>\t\t\t\t\t\t\t\t<\/div>\n\t\t\t\t<\/div>\n\t\t\t\t<div class=\"elementor-element elementor-element-86639ec elementor-arrows-position-outside elementor-pagination-type-bullets elementor-pagination-position-outside elementor-widget elementor-widget-n-carousel\" data-id=\"86639ec\" data-element_type=\"widget\" data-e-type=\"widget\" data-settings=\"{&quot;carousel_items&quot;:[{&quot;slide_title&quot;:&quot;Indigo&quot;,&quot;_id&quot;:&quot;c3fdd06&quot;},{&quot;slide_title&quot;:&quot;Bohemian&quot;,&quot;_id&quot;:&quot;cb7cf73&quot;},{&quot;slide_title&quot;:&quot;Vagabond&quot;,&quot;_id&quot;:&quot;1e21016&quot;},{&quot;slide_title&quot;:&quot;Atlantic&quot;,&quot;_id&quot;:&quot;c73c347&quot;},{&quot;slide_title&quot;:&quot;Indigo&quot;,&quot;_id&quot;:&quot;e5a1b47&quot;}],&quot;image_spacing_custom&quot;:{&quot;unit&quot;:&quot;px&quot;,&quot;size&quot;:20,&quot;sizes&quot;:[]},&quot;slides_to_show&quot;:&quot;3&quot;,&quot;image_spacing_custom_mobile&quot;:{&quot;unit&quot;:&quot;px&quot;,&quot;size&quot;:0,&quot;sizes&quot;:[]},&quot;autoplay_speed&quot;:2500,&quot;slides_to_show_tablet&quot;:&quot;2&quot;,&quot;slides_to_show_mobile&quot;:&quot;1&quot;,&quot;autoplay&quot;:&quot;yes&quot;,&quot;pause_on_interaction&quot;:&quot;yes&quot;,&quot;infinite&quot;:&quot;yes&quot;,&quot;speed&quot;:500,&quot;offset_sides&quot;:&quot;none&quot;,&quot;arrows&quot;:&quot;yes&quot;,&quot;pagination&quot;:&quot;bullets&quot;,&quot;image_spacing_custom_tablet&quot;:{&quot;unit&quot;:&quot;px&quot;,&quot;size&quot;:&quot;&quot;,&quot;sizes&quot;:[]}}\" data-widget_type=\"nested-carousel.default\">\n\t\t\t\t<div class=\"elementor-widget-container\">\n\t\t\t\t\t\t\t<div class=\"e-n-carousel swiper\" role=\"region\" aria-roledescription=\"carousel\" aria-label=\"Carousel\" dir=\"ltr\">\n\t\t\t<div class=\"swiper-wrapper\" aria-live=\"off\">\n\t\t\t\t\t\t\t\t\t\t<div class=\"swiper-slide\" data-slide=\"1\" role=\"group\" aria-roledescription=\"slide\" aria-label=\"1 of 5\">\n\t\t\t\t\t\t\t<div class=\"elementor-element elementor-element-19b0b58 e-flex e-con-boxed e-con e-child\" data-id=\"19b0b58\" data-element_type=\"container\" data-e-type=\"container\">\n\t\t\t\t\t<div class=\"e-con-inner\">\n\t\t<div class=\"elementor-element elementor-element-f781332 e-con-full e-flex e-con e-child\" data-id=\"f781332\" data-element_type=\"container\" data-e-type=\"container\">\n\t\t\t\t<div class=\"elementor-element elementor-element-990ea6d elementor-widget elementor-widget-heading\" data-id=\"990ea6d\" data-element_type=\"widget\" data-e-type=\"widget\" data-widget_type=\"heading.default\">\n\t\t\t\t<div class=\"elementor-widget-container\">\n\t\t\t\t\t<h3 class=\"elementor-heading-title elementor-size-default\">Indigo<\/h3>\t\t\t\t<\/div>\n\t\t\t\t<\/div>\n\t\t\t\t<div class=\"elementor-element elementor-element-1ce9a83 elementor-widget elementor-widget-image\" data-id=\"1ce9a83\" data-element_type=\"widget\" data-e-type=\"widget\" data-widget_type=\"image.default\">\n\t\t\t\t<div class=\"elementor-widget-container\">\n\t\t\t\t\t\t\t\t\t\t\t\t\t\t\t<img loading=\"lazy\" decoding=\"async\" width=\"800\" height=\"450\" src=\"https:\/\/oceancamper.com\/wp-content\/uploads\/2025\/03\/campervans-hire-algarve-portugal-min-1024x576.jpg\" class=\"attachment-large size-large wp-image-163726\" alt=\"Mini kamper Indigo z otwartymi bocznymi drzwiami, po\u015bcielonym \u0142\u00f3\u017ckiem i widoczn\u0105 szafk\u0105 kuchenn\u0105\" srcset=\"https:\/\/oceancamper.com\/wp-content\/uploads\/2025\/03\/campervans-hire-algarve-portugal-min-1024x576.jpg 1024w, https:\/\/oceancamper.com\/wp-content\/uploads\/2025\/03\/campervans-hire-algarve-portugal-min-300x169.jpg 300w, https:\/\/oceancamper.com\/wp-content\/uploads\/2025\/03\/campervans-hire-algarve-portugal-min-768x432.jpg 768w, https:\/\/oceancamper.com\/wp-content\/uploads\/2025\/03\/campervans-hire-algarve-portugal-min-1536x864.jpg 1536w, https:\/\/oceancamper.com\/wp-content\/uploads\/2025\/03\/campervans-hire-algarve-portugal-min-2048x1152.jpg 2048w, https:\/\/oceancamper.com\/wp-content\/uploads\/2025\/03\/campervans-hire-algarve-portugal-min-240x135.jpg 240w\" sizes=\"(max-width: 800px) 100vw, 800px\" \/>\t\t\t\t\t\t\t\t\t\t\t\t\t\t\t<\/div>\n\t\t\t\t<\/div>\n\t\t\t\t<div class=\"elementor-element elementor-element-75aad58 elementor-widget elementor-widget-text-editor\" data-id=\"75aad58\" data-element_type=\"widget\" data-e-type=\"widget\" data-widget_type=\"text-editor.default\">\n\t\t\t\t<div class=\"elementor-widget-container\">\n\t\t\t\t\t\t\t\t\t<p style=\"margin:0 0 7px;line-height:1.5\">Miejsca do spania: <strong>2 osoby<\/strong><\/p><p style=\"margin:0 0 7px;line-height:1.5\">Panel s\u0142oneczny: <strong>Tak, 170 W<\/strong><\/p><p style=\"margin:0 0 7px;line-height:1.5\">Drugi akumulator: <strong>Tak<\/strong><\/p><p style=\"margin:0 0 7px;line-height:1.5\">Wymiary \u0142\u00f3\u017cka: <strong>1,9 x 1,4 m<\/strong><\/p><p style=\"margin:0 0 7px;line-height:1.5\">Ch\u0142odzenie: <strong>Lod\u00f3wka 32L<\/strong><\/p><p style=\"margin:0 0 7px;line-height:1.5\">Skrzynia bieg\u00f3w: <strong>Manualna<\/strong><\/p>\t\t\t\t\t\t\t\t<\/div>\n\t\t\t\t<\/div>\n\t\t\t\t<div class=\"elementor-element elementor-element-89e5d75 elementor-align-center elementor-tablet-align-center elementor-mobile-align-center elementor-widget elementor-widget-button\" data-id=\"89e5d75\" data-element_type=\"widget\" data-e-type=\"widget\" data-widget_type=\"button.default\">\n\t\t\t\t<div class=\"elementor-widget-container\">\n\t\t\t\t\t\t\t\t\t<div class=\"elementor-button-wrapper\">\n\t\t\t\t\t<a class=\"elementor-button elementor-button-link elementor-size-sm elementor-animation-pop\" href=\"https:\/\/oceancamper.com\/pl\/kampery\/indigo-mini-kamper\/\">\n\t\t\t\t\t\t<span class=\"elementor-button-content-wrapper\">\n\t\t\t\t\t\t\t\t\t<span class=\"elementor-button-text\">Zobacz<\/span>\n\t\t\t\t\t<\/span>\n\t\t\t\t\t<\/a>\n\t\t\t\t<\/div>\n\t\t\t\t\t\t\t\t<\/div>\n\t\t\t\t<\/div>\n\t\t\t\t<div class=\"elementor-element elementor-element-528f864 elementor-align-center elementor-tablet-align-center elementor-mobile-align-center elementor-widget elementor-widget-button\" data-id=\"528f864\" data-element_type=\"widget\" data-e-type=\"widget\" data-widget_type=\"button.default\">\n\t\t\t\t<div class=\"elementor-widget-container\">\n\t\t\t\t\t\t\t\t\t<div class=\"elementor-button-wrapper\">\n\t\t\t\t\t<a class=\"elementor-button elementor-button-link elementor-size-sm elementor-animation-pop\" href=\"https:\/\/oceancamper.com\/pl\/rezerwacje\/\">\n\t\t\t\t\t\t<span class=\"elementor-button-content-wrapper\">\n\t\t\t\t\t\t\t\t\t<span class=\"elementor-button-text\">ZAREZERWUJ TERAZ<\/span>\n\t\t\t\t\t<\/span>\n\t\t\t\t\t<\/a>\n\t\t\t\t<\/div>\n\t\t\t\t\t\t\t\t<\/div>\n\t\t\t\t<\/div>\n\t\t\t\t<\/div>\n\t\t\t\t\t<\/div>\n\t\t\t\t<\/div>\n\t\t\t\t\t\t\t\t<\/div>\n\t\t\t\t\t\t\t\t\t\t\t<div class=\"swiper-slide\" data-slide=\"2\" role=\"group\" aria-roledescription=\"slide\" aria-label=\"2 of 5\">\n\t\t\t\t\t\t\t<div class=\"elementor-element elementor-element-364deb9 e-flex e-con-boxed e-con e-child\" data-id=\"364deb9\" data-element_type=\"container\" data-e-type=\"container\">\n\t\t\t\t\t<div class=\"e-con-inner\">\n\t\t<div class=\"elementor-element elementor-element-ff4f892 e-con-full e-flex e-con e-child\" data-id=\"ff4f892\" data-element_type=\"container\" data-e-type=\"container\">\n\t\t\t\t<div class=\"elementor-element elementor-element-701c9b3 elementor-widget elementor-widget-heading\" data-id=\"701c9b3\" data-element_type=\"widget\" data-e-type=\"widget\" data-widget_type=\"heading.default\">\n\t\t\t\t<div class=\"elementor-widget-container\">\n\t\t\t\t\t<h3 class=\"elementor-heading-title elementor-size-default\">Oasis Automatic<\/h3>\t\t\t\t<\/div>\n\t\t\t\t<\/div>\n\t\t\t\t<div class=\"elementor-element elementor-element-fae4366 elementor-widget elementor-widget-image\" data-id=\"fae4366\" data-element_type=\"widget\" data-e-type=\"widget\" data-widget_type=\"image.default\">\n\t\t\t\t<div class=\"elementor-widget-container\">\n\t\t\t\t\t\t\t\t\t\t\t\t\t\t\t<img loading=\"lazy\" decoding=\"async\" width=\"800\" height=\"537\" src=\"https:\/\/oceancamper.com\/wp-content\/uploads\/2026\/08\/oasis-automatic-campervan-rental-portugal-1024x687.webp\" class=\"attachment-large size-large wp-image-269672\" alt=\"Kamper marki Oasis Automatic zaparkowany na piasku nad morzem\" srcset=\"https:\/\/oceancamper.com\/wp-content\/uploads\/2026\/08\/oasis-automatic-campervan-rental-portugal-1024x687.webp 1024w, https:\/\/oceancamper.com\/wp-content\/uploads\/2026\/08\/oasis-automatic-campervan-rental-portugal-300x201.webp 300w, https:\/\/oceancamper.com\/wp-content\/uploads\/2026\/08\/oasis-automatic-campervan-rental-portugal-768x515.webp 768w, https:\/\/oceancamper.com\/wp-content\/uploads\/2026\/08\/oasis-automatic-campervan-rental-portugal-1536x1030.webp 1536w, https:\/\/oceancamper.com\/wp-content\/uploads\/2026\/08\/oasis-automatic-campervan-rental-portugal-240x161.webp 240w, https:\/\/oceancamper.com\/wp-content\/uploads\/2026\/08\/oasis-automatic-campervan-rental-portugal.webp 1600w\" sizes=\"(max-width: 800px) 100vw, 800px\" \/>\t\t\t\t\t\t\t\t\t\t\t\t\t\t\t<\/div>\n\t\t\t\t<\/div>\n\t\t\t\t<div class=\"elementor-element elementor-element-1fdaaf2 elementor-widget elementor-widget-text-editor\" data-id=\"1fdaaf2\" data-element_type=\"widget\" data-e-type=\"widget\" data-widget_type=\"text-editor.default\">\n\t\t\t\t<div class=\"elementor-widget-container\">\n\t\t\t\t\t\t\t\t\t<p style=\"margin:0 0 7px;line-height:1.5\">Miejsca do spania: <strong>2 osoby<\/strong><\/p><p style=\"margin:0 0 7px;line-height:1.5\">Panel s\u0142oneczny: <strong>Tak, 170 W<\/strong><\/p><p style=\"margin:0 0 7px;line-height:1.5\">Drugi akumulator: <strong>Tak<\/strong><\/p><p style=\"margin:0 0 7px;line-height:1.5\">Wymiary \u0142\u00f3\u017cka: <strong>1,9 x 1,4 m<\/strong><\/p><p style=\"margin:0 0 7px;line-height:1.5\">Ch\u0142odzenie: <strong>Lod\u00f3wka 32L<\/strong><\/p><p style=\"margin:0 0 7px;line-height:1.5\">Skrzynia bieg\u00f3w: <strong>Automatyczna<\/strong><\/p>\t\t\t\t\t\t\t\t<\/div>\n\t\t\t\t<\/div>\n\t\t\t\t<div class=\"elementor-element elementor-element-4faa80d elementor-align-center elementor-tablet-align-center elementor-mobile-align-center elementor-widget elementor-widget-button\" data-id=\"4faa80d\" data-element_type=\"widget\" data-e-type=\"widget\" data-widget_type=\"button.default\">\n\t\t\t\t<div class=\"elementor-widget-container\">\n\t\t\t\t\t\t\t\t\t<div class=\"elementor-button-wrapper\">\n\t\t\t\t\t<a class=\"elementor-button elementor-button-link elementor-size-sm elementor-animation-pop\" href=\"https:\/\/oceancamper.com\/pl\/kampery\/oasis-automatyczny-kamper\/\">\n\t\t\t\t\t\t<span class=\"elementor-button-content-wrapper\">\n\t\t\t\t\t\t\t\t\t<span class=\"elementor-button-text\">Zobacz<\/span>\n\t\t\t\t\t<\/span>\n\t\t\t\t\t<\/a>\n\t\t\t\t<\/div>\n\t\t\t\t\t\t\t\t<\/div>\n\t\t\t\t<\/div>\n\t\t\t\t<div class=\"elementor-element elementor-element-b950b4e elementor-align-center elementor-tablet-align-center elementor-mobile-align-center elementor-widget elementor-widget-button\" data-id=\"b950b4e\" data-element_type=\"widget\" data-e-type=\"widget\" data-widget_type=\"button.default\">\n\t\t\t\t<div class=\"elementor-widget-container\">\n\t\t\t\t\t\t\t\t\t<div class=\"elementor-button-wrapper\">\n\t\t\t\t\t<a class=\"elementor-button elementor-button-link elementor-size-sm elementor-animation-pop\" href=\"https:\/\/oceancamper.com\/pl\/rezerwacje\/\">\n\t\t\t\t\t\t<span class=\"elementor-button-content-wrapper\">\n\t\t\t\t\t\t\t\t\t<span class=\"elementor-button-text\">ZAREZERWUJ TERAZ<\/span>\n\t\t\t\t\t<\/span>\n\t\t\t\t\t<\/a>\n\t\t\t\t<\/div>\n\t\t\t\t\t\t\t\t<\/div>\n\t\t\t\t<\/div>\n\t\t\t\t<\/div>\n\t\t\t\t\t<\/div>\n\t\t\t\t<\/div>\n\t\t\t\t\t\t\t\t<\/div>\n\t\t\t\t\t\t\t\t\t\t\t<div class=\"swiper-slide\" data-slide=\"3\" role=\"group\" aria-roledescription=\"slide\" aria-label=\"3 of 5\">\n\t\t\t\t\t\t\t<div class=\"elementor-element elementor-element-7a69c82 e-flex e-con-boxed e-con e-child\" data-id=\"7a69c82\" data-element_type=\"container\" data-e-type=\"container\">\n\t\t\t\t\t<div class=\"e-con-inner\">\n\t\t<div class=\"elementor-element elementor-element-381f2aa e-con-full e-flex e-con e-child\" data-id=\"381f2aa\" data-element_type=\"container\" data-e-type=\"container\">\n\t\t\t\t<div class=\"elementor-element elementor-element-8fe5150 elementor-widget elementor-widget-heading\" data-id=\"8fe5150\" data-element_type=\"widget\" data-e-type=\"widget\" data-widget_type=\"heading.default\">\n\t\t\t\t<div class=\"elementor-widget-container\">\n\t\t\t\t\t<h3 class=\"elementor-heading-title elementor-size-default\">Bohemian<\/h3>\t\t\t\t<\/div>\n\t\t\t\t<\/div>\n\t\t\t\t<div class=\"elementor-element elementor-element-16cc5bf elementor-widget elementor-widget-image\" data-id=\"16cc5bf\" data-element_type=\"widget\" data-e-type=\"widget\" data-widget_type=\"image.default\">\n\t\t\t\t<div class=\"elementor-widget-container\">\n\t\t\t\t\t\t\t\t\t\t\t\t\t\t\t<img decoding=\"async\" src=\"https:\/\/oceancamper.com\/wp-content\/uploads\/elementor\/thumbs\/Bohemian-4-min-2-1-qlq8440lrzc3krh0wfzyzzx42nuugtbecc5a3cmow4.jpg\" title=\"Ocean Kamper Bohemian Kamper Algarve\" alt=\"Bohemian Kamper z desk\u0105 surfingow\u0105 na baga\u017cniku dachowym i roz\u0142o\u017conym zestawem wypoczynkowym na \u015bwie\u017cym powietrzu\" loading=\"lazy\" \/>\t\t\t\t\t\t\t\t\t\t\t\t\t\t\t<\/div>\n\t\t\t\t<\/div>\n\t\t\t\t<div class=\"elementor-element elementor-element-e0a93f2 elementor-widget elementor-widget-text-editor\" data-id=\"e0a93f2\" data-element_type=\"widget\" data-e-type=\"widget\" data-widget_type=\"text-editor.default\">\n\t\t\t\t<div class=\"elementor-widget-container\">\n\t\t\t\t\t\t\t\t\t<p style=\"margin:0 0 7px;line-height:1.5\">Miejsca do spania: <strong>3 osoby<\/strong><\/p><p style=\"margin:0 0 7px;line-height:1.5\">Panel s\u0142oneczny: <strong>Tak, 170 W<\/strong><\/p><p style=\"margin:0 0 7px;line-height:1.5\">Drugi akumulator: <strong>Tak<\/strong><\/p><p style=\"margin:0 0 7px;line-height:1.5\">Rozmiar \u0142\u00f3\u017cka: <strong>2&#215;1,8 m<\/strong><\/p><p style=\"margin:0 0 7px;line-height:1.5\">Ch\u0142odzenie: <strong>Lod\u00f3wka 45L<\/strong><\/p><p style=\"margin:0 0 7px;line-height:1.5\">Skrzynia bieg\u00f3w: <strong>Manualna<\/strong><\/p>\t\t\t\t\t\t\t\t<\/div>\n\t\t\t\t<\/div>\n\t\t\t\t<div class=\"elementor-element elementor-element-cd16a8b elementor-align-center elementor-tablet-align-center elementor-mobile-align-center elementor-widget elementor-widget-button\" data-id=\"cd16a8b\" data-element_type=\"widget\" data-e-type=\"widget\" data-widget_type=\"button.default\">\n\t\t\t\t<div class=\"elementor-widget-container\">\n\t\t\t\t\t\t\t\t\t<div class=\"elementor-button-wrapper\">\n\t\t\t\t\t<a class=\"elementor-button elementor-button-link elementor-size-sm elementor-animation-pop\" href=\"https:\/\/oceancamper.com\/pl\/kampery\/campervan-bohemian\/\">\n\t\t\t\t\t\t<span class=\"elementor-button-content-wrapper\">\n\t\t\t\t\t\t\t\t\t<span class=\"elementor-button-text\">Zobacz<\/span>\n\t\t\t\t\t<\/span>\n\t\t\t\t\t<\/a>\n\t\t\t\t<\/div>\n\t\t\t\t\t\t\t\t<\/div>\n\t\t\t\t<\/div>\n\t\t\t\t<div class=\"elementor-element elementor-element-c0e3e87 elementor-align-center elementor-tablet-align-center elementor-mobile-align-center elementor-widget elementor-widget-button\" data-id=\"c0e3e87\" data-element_type=\"widget\" data-e-type=\"widget\" data-widget_type=\"button.default\">\n\t\t\t\t<div class=\"elementor-widget-container\">\n\t\t\t\t\t\t\t\t\t<div class=\"elementor-button-wrapper\">\n\t\t\t\t\t<a class=\"elementor-button elementor-button-link elementor-size-sm elementor-animation-pop\" href=\"https:\/\/oceancamper.com\/pl\/rezerwacje\/\">\n\t\t\t\t\t\t<span class=\"elementor-button-content-wrapper\">\n\t\t\t\t\t\t\t\t\t<span class=\"elementor-button-text\">ZAREZERWUJ TERAZ<\/span>\n\t\t\t\t\t<\/span>\n\t\t\t\t\t<\/a>\n\t\t\t\t<\/div>\n\t\t\t\t\t\t\t\t<\/div>\n\t\t\t\t<\/div>\n\t\t\t\t<\/div>\n\t\t\t\t\t<\/div>\n\t\t\t\t<\/div>\n\t\t\t\t\t\t\t\t<\/div>\n\t\t\t\t\t\t\t\t\t\t\t<div class=\"swiper-slide\" data-slide=\"4\" role=\"group\" aria-roledescription=\"slide\" aria-label=\"4 of 5\">\n\t\t\t\t\t\t\t<div class=\"elementor-element elementor-element-929f18a e-flex e-con-boxed e-con e-child\" data-id=\"929f18a\" data-element_type=\"container\" data-e-type=\"container\">\n\t\t\t\t\t<div class=\"e-con-inner\">\n\t\t<div class=\"elementor-element elementor-element-92d3b02 e-con-full e-flex e-con e-child\" data-id=\"92d3b02\" data-element_type=\"container\" data-e-type=\"container\">\n\t\t\t\t<div class=\"elementor-element elementor-element-5793c29 elementor-widget elementor-widget-heading\" data-id=\"5793c29\" data-element_type=\"widget\" data-e-type=\"widget\" data-widget_type=\"heading.default\">\n\t\t\t\t<div class=\"elementor-widget-container\">\n\t\t\t\t\t<h3 class=\"elementor-heading-title elementor-size-default\">Vagabond<\/h3>\t\t\t\t<\/div>\n\t\t\t\t<\/div>\n\t\t\t\t<div class=\"elementor-element elementor-element-d3787df elementor-widget elementor-widget-image\" data-id=\"d3787df\" data-element_type=\"widget\" data-e-type=\"widget\" data-widget_type=\"image.default\">\n\t\t\t\t<div class=\"elementor-widget-container\">\n\t\t\t\t\t\t\t\t\t\t\t\t\t\t\t<img loading=\"lazy\" decoding=\"async\" width=\"800\" height=\"534\" src=\"https:\/\/oceancamper.com\/wp-content\/uploads\/2022\/02\/Vagabond1-min-2-1024x683.jpeg\" class=\"attachment-large size-large wp-image-205241\" alt=\"Mini kamper \u201eVagabond\u201d z otwartymi tylnymi drzwiami, z widocznym \u0142\u00f3\u017ckiem i wysuwan\u0105 kuchni\u0105\" srcset=\"https:\/\/oceancamper.com\/wp-content\/uploads\/2022\/02\/Vagabond1-min-2-1024x683.jpeg 1024w, https:\/\/oceancamper.com\/wp-content\/uploads\/2022\/02\/Vagabond1-min-2-300x200.jpeg 300w, https:\/\/oceancamper.com\/wp-content\/uploads\/2022\/02\/Vagabond1-min-2-768x512.jpeg 768w, https:\/\/oceancamper.com\/wp-content\/uploads\/2022\/02\/Vagabond1-min-2.jpeg 1200w\" sizes=\"(max-width: 800px) 100vw, 800px\" \/>\t\t\t\t\t\t\t\t\t\t\t\t\t\t\t<\/div>\n\t\t\t\t<\/div>\n\t\t\t\t<div class=\"elementor-element elementor-element-772b986 elementor-widget elementor-widget-text-editor\" data-id=\"772b986\" data-element_type=\"widget\" data-e-type=\"widget\" data-widget_type=\"text-editor.default\">\n\t\t\t\t<div class=\"elementor-widget-container\">\n\t\t\t\t\t\t\t\t\t<p style=\"margin:0 0 7px;line-height:1.5\">Miejsca do spania: <strong>2 osoby<\/strong><\/p><p style=\"margin:0 0 7px;line-height:1.5\">Panel s\u0142oneczny: <strong>Nie<\/strong><\/p><p style=\"margin:0 0 7px;line-height:1.5\">Drugi akumulator: <strong>Tak<\/strong><\/p><p style=\"margin:0 0 7px;line-height:1.5\">Wymiary \u0142\u00f3\u017cka: <strong>1,9 x 1,4 m<\/strong><\/p><p style=\"margin:0 0 7px;line-height:1.5\">Ch\u0142odzenie: <strong>lod\u00f3wka turystyczna o pojemno\u015bci 20 l, wymaga lodu<\/strong><\/p><p style=\"margin:0 0 7px;line-height:1.5\">Skrzynia bieg\u00f3w: <strong>Manualna<\/strong><\/p>\t\t\t\t\t\t\t\t<\/div>\n\t\t\t\t<\/div>\n\t\t\t\t<div class=\"elementor-element elementor-element-e3cf5a6 elementor-align-center elementor-tablet-align-center elementor-mobile-align-center elementor-widget elementor-widget-button\" data-id=\"e3cf5a6\" data-element_type=\"widget\" data-e-type=\"widget\" data-widget_type=\"button.default\">\n\t\t\t\t<div class=\"elementor-widget-container\">\n\t\t\t\t\t\t\t\t\t<div class=\"elementor-button-wrapper\">\n\t\t\t\t\t<a class=\"elementor-button elementor-button-link elementor-size-sm elementor-animation-pop\" href=\"https:\/\/oceancamper.com\/pl\/kampery\/vagabond-mini-kamper\/\">\n\t\t\t\t\t\t<span class=\"elementor-button-content-wrapper\">\n\t\t\t\t\t\t\t\t\t<span class=\"elementor-button-text\">Zobacz<\/span>\n\t\t\t\t\t<\/span>\n\t\t\t\t\t<\/a>\n\t\t\t\t<\/div>\n\t\t\t\t\t\t\t\t<\/div>\n\t\t\t\t<\/div>\n\t\t\t\t<div class=\"elementor-element elementor-element-7f7eef7 elementor-align-center elementor-tablet-align-center elementor-mobile-align-center elementor-widget elementor-widget-button\" data-id=\"7f7eef7\" data-element_type=\"widget\" data-e-type=\"widget\" data-widget_type=\"button.default\">\n\t\t\t\t<div class=\"elementor-widget-container\">\n\t\t\t\t\t\t\t\t\t<div class=\"elementor-button-wrapper\">\n\t\t\t\t\t<a class=\"elementor-button elementor-button-link elementor-size-sm elementor-animation-pop\" href=\"https:\/\/oceancamper.com\/pl\/rezerwacje\/\">\n\t\t\t\t\t\t<span class=\"elementor-button-content-wrapper\">\n\t\t\t\t\t\t\t\t\t<span class=\"elementor-button-text\">ZAREZERWUJ TERAZ<\/span>\n\t\t\t\t\t<\/span>\n\t\t\t\t\t<\/a>\n\t\t\t\t<\/div>\n\t\t\t\t\t\t\t\t<\/div>\n\t\t\t\t<\/div>\n\t\t\t\t<\/div>\n\t\t\t\t\t<\/div>\n\t\t\t\t<\/div>\n\t\t\t\t\t\t\t\t<\/div>\n\t\t\t\t\t\t\t\t\t\t\t<div class=\"swiper-slide\" data-slide=\"5\" role=\"group\" aria-roledescription=\"slide\" aria-label=\"5 of 5\">\n\t\t\t\t\t\t\t<div class=\"elementor-element elementor-element-6322c8c e-flex e-con-boxed e-con e-child\" data-id=\"6322c8c\" data-element_type=\"container\" data-e-type=\"container\">\n\t\t\t\t\t<div class=\"e-con-inner\">\n\t\t<div class=\"elementor-element elementor-element-a13a078 e-con-full e-flex e-con e-child\" data-id=\"a13a078\" data-element_type=\"container\" data-e-type=\"container\">\n\t\t\t\t<div class=\"elementor-element elementor-element-bc29380 elementor-widget elementor-widget-heading\" data-id=\"bc29380\" data-element_type=\"widget\" data-e-type=\"widget\" data-widget_type=\"heading.default\">\n\t\t\t\t<div class=\"elementor-widget-container\">\n\t\t\t\t\t<h3 class=\"elementor-heading-title elementor-size-default\">Atlanic<\/h3>\t\t\t\t<\/div>\n\t\t\t\t<\/div>\n\t\t\t\t<div class=\"elementor-element elementor-element-1633c60 elementor-widget elementor-widget-image\" data-id=\"1633c60\" data-element_type=\"widget\" data-e-type=\"widget\" data-widget_type=\"image.default\">\n\t\t\t\t<div class=\"elementor-widget-container\">\n\t\t\t\t\t\t\t\t\t\t\t\t\t\t\t<img loading=\"lazy\" decoding=\"async\" width=\"800\" height=\"533\" src=\"https:\/\/oceancamper.com\/wp-content\/uploads\/2022\/02\/Atlantic8-min-1-1024x682.jpeg\" class=\"attachment-large size-large wp-image-205246\" alt=\"Kamper marki Atlanic zaparkowany na nadmorskiej drodze z otwart\u0105 klap\u0105 tyln\u0105\" srcset=\"https:\/\/oceancamper.com\/wp-content\/uploads\/2022\/02\/Atlantic8-min-1-1024x682.jpeg 1024w, https:\/\/oceancamper.com\/wp-content\/uploads\/2022\/02\/Atlantic8-min-1-300x200.jpeg 300w, https:\/\/oceancamper.com\/wp-content\/uploads\/2022\/02\/Atlantic8-min-1-768x512.jpeg 768w, https:\/\/oceancamper.com\/wp-content\/uploads\/2022\/02\/Atlantic8-min-1-1536x1024.jpeg 1536w, https:\/\/oceancamper.com\/wp-content\/uploads\/2022\/02\/Atlantic8-min-1.jpeg 1598w\" sizes=\"(max-width: 800px) 100vw, 800px\" \/>\t\t\t\t\t\t\t\t\t\t\t\t\t\t\t<\/div>\n\t\t\t\t<\/div>\n\t\t\t\t<div class=\"elementor-element elementor-element-a63e26c elementor-widget elementor-widget-text-editor\" data-id=\"a63e26c\" data-element_type=\"widget\" data-e-type=\"widget\" data-widget_type=\"text-editor.default\">\n\t\t\t\t<div class=\"elementor-widget-container\">\n\t\t\t\t\t\t\t\t\t<p style=\"margin:0 0 7px;line-height:1.5\">Miejsca do spania: <strong>2 osoby<\/strong><\/p><p style=\"margin:0 0 7px;line-height:1.5\">Panel s\u0142oneczny: <strong>Nie<\/strong><\/p><p style=\"margin:0 0 7px;line-height:1.5\">Drugi akumulator: <strong>Nie<\/strong><\/p><p style=\"margin:0 0 7px;line-height:1.5\">Wymiary \u0142\u00f3\u017cka: <strong>1,9 x 1,4 m<\/strong><\/p><p style=\"margin:0 0 7px;line-height:1.5\">Ch\u0142odzenie: <strong>lod\u00f3wka turystyczna o pojemno\u015bci 20 l, wymaga lodu<\/strong><\/p><p style=\"margin:0 0 7px;line-height:1.5\">Skrzynia bieg\u00f3w: <strong>Manualna<\/strong><\/p>\t\t\t\t\t\t\t\t<\/div>\n\t\t\t\t<\/div>\n\t\t\t\t<div class=\"elementor-element elementor-element-1255e52 elementor-align-center elementor-tablet-align-center elementor-mobile-align-center elementor-widget elementor-widget-button\" data-id=\"1255e52\" data-element_type=\"widget\" data-e-type=\"widget\" data-widget_type=\"button.default\">\n\t\t\t\t<div class=\"elementor-widget-container\">\n\t\t\t\t\t\t\t\t\t<div class=\"elementor-button-wrapper\">\n\t\t\t\t\t<a class=\"elementor-button elementor-button-link elementor-size-sm elementor-animation-pop\" href=\"https:\/\/oceancamper.com\/pl\/kampery\/atlantic-mini-kamper\/\">\n\t\t\t\t\t\t<span class=\"elementor-button-content-wrapper\">\n\t\t\t\t\t\t\t\t\t<span class=\"elementor-button-text\">Zobacz<\/span>\n\t\t\t\t\t<\/span>\n\t\t\t\t\t<\/a>\n\t\t\t\t<\/div>\n\t\t\t\t\t\t\t\t<\/div>\n\t\t\t\t<\/div>\n\t\t\t\t<div class=\"elementor-element elementor-element-09b500b elementor-align-center elementor-tablet-align-center elementor-mobile-align-center elementor-widget elementor-widget-button\" data-id=\"09b500b\" data-element_type=\"widget\" data-e-type=\"widget\" data-widget_type=\"button.default\">\n\t\t\t\t<div class=\"elementor-widget-container\">\n\t\t\t\t\t\t\t\t\t<div class=\"elementor-button-wrapper\">\n\t\t\t\t\t<a class=\"elementor-button elementor-button-link elementor-size-sm elementor-animation-pop\" href=\"https:\/\/oceancamper.com\/pl\/rezerwacje\/\">\n\t\t\t\t\t\t<span class=\"elementor-button-content-wrapper\">\n\t\t\t\t\t\t\t\t\t<span class=\"elementor-button-text\">ZAREZERWUJ TERAZ<\/span>\n\t\t\t\t\t<\/span>\n\t\t\t\t\t<\/a>\n\t\t\t\t<\/div>\n\t\t\t\t\t\t\t\t<\/div>\n\t\t\t\t<\/div>\n\t\t\t\t<\/div>\n\t\t\t\t\t<\/div>\n\t\t\t\t<\/div>\n\t\t\t\t\t\t\t\t<\/div>\n\t\t\t\t\t\t\t\t<\/div>\n\t\t<\/div>\n\t\t\t\t\t<div class=\"elementor-swiper-button elementor-swiper-button-prev\" role=\"button\" tabindex=\"0\" aria-label=\"Poprzedni\">\n\t\t\t\t<i aria-hidden=\"true\" class=\"eicon-chevron-left\"><\/i>\t\t\t<\/div>\n\t\t\t<div class=\"elementor-swiper-button elementor-swiper-button-next\" role=\"button\" tabindex=\"0\" aria-label=\"Nast\u0119pny\">\n\t\t\t\t<i aria-hidden=\"true\" class=\"eicon-chevron-right\"><\/i>\t\t\t<\/div>\n\t\t\t\t\t<div class=\"swiper-pagination\"><\/div>\n\t\t\t\t\t\t<\/div>\n\t\t\t\t<\/div>\n\t\t\t\t<div class=\"elementor-element elementor-element-5fdc3fe elementor-widget elementor-widget-text-editor\" data-id=\"5fdc3fe\" data-element_type=\"widget\" data-e-type=\"widget\" data-widget_type=\"text-editor.default\">\n\t\t\t\t<div class=\"elementor-widget-container\">\n\t\t\t\t\t\t\t\t\t<p>\u017badnych ukrytych op\u0142at. Wszystkie koszty s\u0105 podane przed dokonaniem rezerwacji. <\/p>\t\t\t\t\t\t\t\t<\/div>\n\t\t\t\t<\/div>\n\t\t\t\t<div class=\"elementor-element elementor-element-96328ed elementor-align-center elementor-widget elementor-widget-button\" data-id=\"96328ed\" data-element_type=\"widget\" data-e-type=\"widget\" data-widget_type=\"button.default\">\n\t\t\t\t<div class=\"elementor-widget-container\">\n\t\t\t\t\t\t\t\t\t<div class=\"elementor-button-wrapper\">\n\t\t\t\t\t<a class=\"elementor-button elementor-button-link elementor-size-sm\" href=\"https:\/\/oceancamper.com\/pl\/kampery\/\">\n\t\t\t\t\t\t<span class=\"elementor-button-content-wrapper\">\n\t\t\t\t\t\t\t\t\t<span class=\"elementor-button-text\">Zobacz wszystkie samochody dostawcze i ceny<\/span>\n\t\t\t\t\t<\/span>\n\t\t\t\t\t<\/a>\n\t\t\t\t<\/div>\n\t\t\t\t\t\t\t\t<\/div>\n\t\t\t\t<\/div>\n\t\t\t\t\t<\/div>\n\t\t<\/div>\n\t\t\t\t\t<\/div>\n\t\t<\/section>\n\t\t\t\t<section class=\"elementor-section elementor-top-section elementor-element elementor-element-e059656 elementor-section-stretched elementor-section-boxed elementor-section-height-default elementor-section-height-default\" data-id=\"e059656\" data-element_type=\"section\" data-e-type=\"section\" data-settings=\"{&quot;stretch_section&quot;:&quot;section-stretched&quot;,&quot;background_background&quot;:&quot;classic&quot;}\">\n\t\t\t\t\t\t<div class=\"elementor-container elementor-column-gap-default\">\n\t\t\t\t\t<div class=\"elementor-column elementor-col-100 elementor-top-column elementor-element elementor-element-f5c2070\" data-id=\"f5c2070\" data-element_type=\"column\" data-e-type=\"column\">\n\t\t\t<div class=\"elementor-widget-wrap elementor-element-populated\">\n\t\t\t\t\t\t<section class=\"elementor-section elementor-inner-section elementor-element elementor-element-95ffff0 elementor-section-boxed elementor-section-height-default elementor-section-height-default\" data-id=\"95ffff0\" data-element_type=\"section\" data-e-type=\"section\">\n\t\t\t\t\t\t<div class=\"elementor-container elementor-column-gap-default\">\n\t\t\t\t\t<div class=\"elementor-column elementor-col-100 elementor-inner-column elementor-element elementor-element-57eb366\" data-id=\"57eb366\" data-element_type=\"column\" data-e-type=\"column\">\n\t\t\t<div class=\"elementor-widget-wrap elementor-element-populated\">\n\t\t\t\t\t\t<div class=\"elementor-element elementor-element-6272fb4 elementor-widget elementor-widget-heading\" data-id=\"6272fb4\" data-element_type=\"widget\" data-e-type=\"widget\" data-widget_type=\"heading.default\">\n\t\t\t\t<div class=\"elementor-widget-container\">\n\t\t\t\t\t<h2 class=\"elementor-heading-title elementor-size-default\">Odbi\u00f3r w Faro lub Lizbonie<\/h2>\t\t\t\t<\/div>\n\t\t\t\t<\/div>\n\t\t\t\t<section class=\"elementor-section elementor-inner-section elementor-element elementor-element-85c1b01 elementor-section-boxed elementor-section-height-default elementor-section-height-default\" data-id=\"85c1b01\" data-element_type=\"section\" data-e-type=\"section\">\n\t\t\t\t\t\t<div class=\"elementor-container elementor-column-gap-extended\">\n\t\t\t\t\t<div class=\"elementor-column elementor-col-50 elementor-inner-column elementor-element elementor-element-557476f\" data-id=\"557476f\" data-element_type=\"column\" data-e-type=\"column\">\n\t\t\t<div class=\"elementor-widget-wrap elementor-element-populated\">\n\t\t\t\t\t\t<div class=\"elementor-element elementor-element-b28aff3 elementor-position-top elementor-widget elementor-widget-image-box\" data-id=\"b28aff3\" data-element_type=\"widget\" data-e-type=\"widget\" data-widget_type=\"image-box.default\">\n\t\t\t\t<div class=\"elementor-widget-container\">\n\t\t\t\t\t<div class=\"elementor-image-box-wrapper\"><figure class=\"elementor-image-box-img\"><a href=\"https:\/\/oceancamper.com\/pl\/wypozyczalnia-kamperow\/trustpilot-ocean-camper-najwyzsza-ocena\/\" tabindex=\"-1\"><img loading=\"lazy\" decoding=\"async\" width=\"768\" height=\"576\" src=\"https:\/\/oceancamper.com\/wp-content\/uploads\/2026\/02\/faro-algarve-city-marina-view-768x576.webp\" class=\"attachment-medium_large size-medium_large wp-image-232462\" alt=\"Marina w Faro i stare miasto widziane z g\u00f3ry\" srcset=\"https:\/\/oceancamper.com\/wp-content\/uploads\/2026\/02\/faro-algarve-city-marina-view-768x576.webp 768w, https:\/\/oceancamper.com\/wp-content\/uploads\/2026\/02\/faro-algarve-city-marina-view-300x225.webp 300w, https:\/\/oceancamper.com\/wp-content\/uploads\/2026\/02\/faro-algarve-city-marina-view-1024x768.webp 1024w, https:\/\/oceancamper.com\/wp-content\/uploads\/2026\/02\/faro-algarve-city-marina-view-1536x1151.webp 1536w, https:\/\/oceancamper.com\/wp-content\/uploads\/2026\/02\/faro-algarve-city-marina-view-2048x1535.webp 2048w, https:\/\/oceancamper.com\/wp-content\/uploads\/2026\/02\/faro-algarve-city-marina-view-240x180.webp 240w\" sizes=\"(max-width: 768px) 100vw, 768px\" \/><\/a><\/figure><div class=\"elementor-image-box-content\"><h3 class=\"elementor-image-box-title\"><a href=\"https:\/\/oceancamper.com\/pl\/wypozyczalnia-kamperow\/trustpilot-ocean-camper-najwyzsza-ocena\/\">Faro<\/a><\/h3><p class=\"elementor-image-box-description\">2 km od lotniska w Faro. Wybrze\u017ce Algarve, Benagil, Sagres i zach\u00f3d. <\/p><\/div><\/div>\t\t\t\t<\/div>\n\t\t\t\t<\/div>\n\t\t\t\t<div class=\"elementor-element elementor-element-dae8b56 elementor-align-center elementor-widget elementor-widget-button\" data-id=\"dae8b56\" data-element_type=\"widget\" data-e-type=\"widget\" data-widget_type=\"button.default\">\n\t\t\t\t<div class=\"elementor-widget-container\">\n\t\t\t\t\t\t\t\t\t<div class=\"elementor-button-wrapper\">\n\t\t\t\t\t<a class=\"elementor-button elementor-button-link elementor-size-sm\" href=\"https:\/\/oceancamper.com\/pl\/wypozyczalnia-kamperow\/trustpilot-ocean-camper-najwyzsza-ocena\/\">\n\t\t\t\t\t\t<span class=\"elementor-button-content-wrapper\">\n\t\t\t\t\t\t\t\t\t<span class=\"elementor-button-text\">Wynajem w Faro<\/span>\n\t\t\t\t\t<\/span>\n\t\t\t\t\t<\/a>\n\t\t\t\t<\/div>\n\t\t\t\t\t\t\t\t<\/div>\n\t\t\t\t<\/div>\n\t\t\t\t\t<\/div>\n\t\t<\/div>\n\t\t\t\t<div class=\"elementor-column elementor-col-50 elementor-inner-column elementor-element elementor-element-c7bd661\" data-id=\"c7bd661\" data-element_type=\"column\" data-e-type=\"column\">\n\t\t\t<div class=\"elementor-widget-wrap elementor-element-populated\">\n\t\t\t\t\t\t<div class=\"elementor-element elementor-element-38fdee7 elementor-position-top elementor-widget elementor-widget-image-box\" data-id=\"38fdee7\" data-element_type=\"widget\" data-e-type=\"widget\" data-widget_type=\"image-box.default\">\n\t\t\t\t<div class=\"elementor-widget-container\">\n\t\t\t\t\t<div class=\"elementor-image-box-wrapper\"><figure class=\"elementor-image-box-img\"><a href=\"https:\/\/oceancamper.com\/pl\/wypozyczalnia-kamperow\/lizbona\/\" tabindex=\"-1\"><img loading=\"lazy\" decoding=\"async\" width=\"768\" height=\"385\" src=\"https:\/\/oceancamper.com\/wp-content\/uploads\/2026\/02\/campervan-rental-lisbon-castle-road-trip-e1772038497177-768x385.webp\" class=\"attachment-medium_large size-medium_large wp-image-232157\" alt=\"Wynajem mini kampera w Lizbonie w pobli\u017cu zabytkowego zamku\" srcset=\"https:\/\/oceancamper.com\/wp-content\/uploads\/2026\/02\/campervan-rental-lisbon-castle-road-trip-e1772038497177-768x385.webp 768w, https:\/\/oceancamper.com\/wp-content\/uploads\/2026\/02\/campervan-rental-lisbon-castle-road-trip-e1772038497177-300x150.webp 300w, https:\/\/oceancamper.com\/wp-content\/uploads\/2026\/02\/campervan-rental-lisbon-castle-road-trip-e1772038497177-1024x513.webp 1024w, https:\/\/oceancamper.com\/wp-content\/uploads\/2026\/02\/campervan-rental-lisbon-castle-road-trip-e1772038497177-240x120.webp 240w, https:\/\/oceancamper.com\/wp-content\/uploads\/2026\/02\/campervan-rental-lisbon-castle-road-trip-e1772038497177.webp 1498w\" sizes=\"(max-width: 768px) 100vw, 768px\" \/><\/a><\/figure><div class=\"elementor-image-box-content\"><h3 class=\"elementor-image-box-title\"><a href=\"https:\/\/oceancamper.com\/pl\/wypozyczalnia-kamperow\/lizbona\/\">Lizbona<\/a><\/h3><p class=\"elementor-image-box-description\">Lizbona\u2013Montijo, po\u0142o\u017cone po drugiej stronie rzeki od miasta. Sintra, Ericeira, Nazar\u00e9 i p\u00f3\u0142noc. <\/p><\/div><\/div>\t\t\t\t<\/div>\n\t\t\t\t<\/div>\n\t\t\t\t<div class=\"elementor-element elementor-element-751640c elementor-align-center elementor-widget elementor-widget-button\" data-id=\"751640c\" data-element_type=\"widget\" data-e-type=\"widget\" data-widget_type=\"button.default\">\n\t\t\t\t<div class=\"elementor-widget-container\">\n\t\t\t\t\t\t\t\t\t<div class=\"elementor-button-wrapper\">\n\t\t\t\t\t<a class=\"elementor-button elementor-button-link elementor-size-sm\" href=\"https:\/\/oceancamper.com\/pl\/wypozyczalnia-kamperow\/lizbona\/\">\n\t\t\t\t\t\t<span class=\"elementor-button-content-wrapper\">\n\t\t\t\t\t\t\t\t\t<span class=\"elementor-button-text\">Wynajem w Lizbonie<\/span>\n\t\t\t\t\t<\/span>\n\t\t\t\t\t<\/a>\n\t\t\t\t<\/div>\n\t\t\t\t\t\t\t\t<\/div>\n\t\t\t\t<\/div>\n\t\t\t\t\t<\/div>\n\t\t<\/div>\n\t\t\t\t\t<\/div>\n\t\t<\/section>\n\t\t\t\t<div class=\"elementor-element elementor-element-f7a524a elementor-widget elementor-widget-text-editor\" data-id=\"f7a524a\" data-element_type=\"widget\" data-e-type=\"widget\" data-widget_type=\"text-editor.default\">\n\t\t\t\t<div class=\"elementor-widget-container\">\n\t\t\t\t\t\t\t\t\t<p>Nie wiesz, kt\u00f3ry wybra\u0107?  <a href=\"https:\/\/oceancamper.com\/pl\/wypozyczalnia-kamperow\/\">Por\u00f3wnaj te dwie rzeczy.<\/a><\/p>\t\t\t\t\t\t\t\t<\/div>\n\t\t\t\t<\/div>\n\t\t\t\t\t<\/div>\n\t\t<\/div>\n\t\t\t\t\t<\/div>\n\t\t<\/section>\n\t\t\t\t\t<\/div>\n\t\t<\/div>\n\t\t\t\t\t<\/div>\n\t\t<\/section>\n\t\t\t\t<section class=\"elementor-section elementor-top-section elementor-element elementor-element-2118801 elementor-section-stretched elementor-section-boxed elementor-section-height-default elementor-section-height-default\" data-id=\"2118801\" data-element_type=\"section\" data-e-type=\"section\" data-settings=\"{&quot;stretch_section&quot;:&quot;section-stretched&quot;,&quot;background_background&quot;:&quot;classic&quot;}\">\n\t\t\t\t\t\t<div class=\"elementor-container elementor-column-gap-default\">\n\t\t\t\t\t<div class=\"elementor-column elementor-col-100 elementor-top-column elementor-element elementor-element-228f32d\" data-id=\"228f32d\" data-element_type=\"column\" data-e-type=\"column\">\n\t\t\t<div class=\"elementor-widget-wrap elementor-element-populated\">\n\t\t\t\t\t\t<section class=\"elementor-section elementor-inner-section elementor-element elementor-element-f29c406 elementor-section-boxed elementor-section-height-default elementor-section-height-default\" data-id=\"f29c406\" data-element_type=\"section\" data-e-type=\"section\">\n\t\t\t\t\t\t<div class=\"elementor-container elementor-column-gap-default\">\n\t\t\t\t\t<div class=\"elementor-column elementor-col-100 elementor-inner-column elementor-element elementor-element-e7e4d61\" data-id=\"e7e4d61\" data-element_type=\"column\" data-e-type=\"column\">\n\t\t\t<div class=\"elementor-widget-wrap elementor-element-populated\">\n\t\t\t\t\t\t<div class=\"elementor-element elementor-element-c4c3fda elementor-widget elementor-widget-heading\" data-id=\"c4c3fda\" data-element_type=\"widget\" data-e-type=\"widget\" data-widget_type=\"heading.default\">\n\t\t\t\t<div class=\"elementor-widget-container\">\n\t\t\t\t\t<h2 class=\"elementor-heading-title elementor-size-default\">Wszystkie nasze kampery obejmuj\u0105<\/h2>\t\t\t\t<\/div>\n\t\t\t\t<\/div>\n\t\t\t\t\t<\/div>\n\t\t<\/div>\n\t\t\t\t\t<\/div>\n\t\t<\/section>\n\t\t\t\t<section class=\"elementor-section elementor-inner-section elementor-element elementor-element-2e43946 elementor-section-boxed elementor-section-height-default elementor-section-height-default elementor-invisible\" data-id=\"2e43946\" data-element_type=\"section\" data-e-type=\"section\" data-settings=\"{&quot;animation&quot;:&quot;fadeInUp&quot;}\">\n\t\t\t\t\t\t<div class=\"elementor-container elementor-column-gap-default\">\n\t\t\t\t\t<div class=\"elementor-column elementor-col-16 elementor-inner-column elementor-element elementor-element-127cd7c\" data-id=\"127cd7c\" data-element_type=\"column\" data-e-type=\"column\" data-settings=\"{&quot;background_background&quot;:&quot;classic&quot;}\">\n\t\t\t<div class=\"elementor-widget-wrap elementor-element-populated\">\n\t\t\t\t\t<div class=\"elementor-background-overlay\"><\/div>\n\t\t\t\t\t\t<div class=\"elementor-element elementor-element-db6fb5c elementor-position-top elementor-widget elementor-widget-image-box\" data-id=\"db6fb5c\" data-element_type=\"widget\" data-e-type=\"widget\" data-widget_type=\"image-box.default\">\n\t\t\t\t<div class=\"elementor-widget-container\">\n\t\t\t\t\t<div class=\"elementor-image-box-wrapper\"><figure class=\"elementor-image-box-img\"><img decoding=\"async\" src=\"https:\/\/oceancamper.com\/wp-content\/uploads\/elementor\/thumbs\/camp-pack-q88hs6ivljx13pvp83w8208p0qiu9bmd9og3eo7l6q.png\" title=\"camp-pack\" alt=\"Ikona pakietu obozowego\" class=\"elementor-animation-pop\" loading=\"lazy\" \/><\/figure><div class=\"elementor-image-box-content\"><h3 class=\"elementor-image-box-title\">Pakiet obozowy<\/h3><p class=\"elementor-image-box-description\">St\u00f3\u0142, krzes\u0142a, gry, \u0142adowarka USB<\/p><\/div><\/div>\t\t\t\t<\/div>\n\t\t\t\t<\/div>\n\t\t\t\t\t<\/div>\n\t\t<\/div>\n\t\t\t\t<div class=\"elementor-column elementor-col-16 elementor-inner-column elementor-element elementor-element-7d047d6\" data-id=\"7d047d6\" data-element_type=\"column\" data-e-type=\"column\" data-settings=\"{&quot;background_background&quot;:&quot;classic&quot;}\">\n\t\t\t<div class=\"elementor-widget-wrap elementor-element-populated\">\n\t\t\t\t\t<div class=\"elementor-background-overlay\"><\/div>\n\t\t\t\t\t\t<div class=\"elementor-element elementor-element-e065648 elementor-position-top elementor-widget elementor-widget-image-box\" data-id=\"e065648\" data-element_type=\"widget\" data-e-type=\"widget\" data-widget_type=\"image-box.default\">\n\t\t\t\t<div class=\"elementor-widget-container\">\n\t\t\t\t\t<div class=\"elementor-image-box-wrapper\"><figure class=\"elementor-image-box-img\"><img decoding=\"async\" src=\"https:\/\/oceancamper.com\/wp-content\/uploads\/elementor\/thumbs\/body-care-1-q88hs5l1epvqs3x2dlhlhih8fcnh1mimxjslxe8zcy.png\" title=\"piel\u0119gnacja cia\u0142a\" alt=\"ikona piel\u0119gnacji cia\u0142a\" class=\"elementor-animation-pop\" loading=\"lazy\" \/><\/figure><div class=\"elementor-image-box-content\"><h3 class=\"elementor-image-box-title\">Piel\u0119gnacja cia\u0142a<\/h3><p class=\"elementor-image-box-description\">Myd\u0142o, szampon, r\u0119czniki, papier toaletowy<\/p><\/div><\/div>\t\t\t\t<\/div>\n\t\t\t\t<\/div>\n\t\t\t\t\t<\/div>\n\t\t<\/div>\n\t\t\t\t<div class=\"elementor-column elementor-col-16 elementor-inner-column elementor-element elementor-element-9956e40\" data-id=\"9956e40\" data-element_type=\"column\" data-e-type=\"column\" data-settings=\"{&quot;background_background&quot;:&quot;classic&quot;}\">\n\t\t\t<div class=\"elementor-widget-wrap elementor-element-populated\">\n\t\t\t\t\t<div class=\"elementor-background-overlay\"><\/div>\n\t\t\t\t\t\t<div class=\"elementor-element elementor-element-6916222 elementor-position-top elementor-widget elementor-widget-image-box\" data-id=\"6916222\" data-element_type=\"widget\" data-e-type=\"widget\" data-widget_type=\"image-box.default\">\n\t\t\t\t<div class=\"elementor-widget-container\">\n\t\t\t\t\t<div class=\"elementor-image-box-wrapper\"><figure class=\"elementor-image-box-img\"><img decoding=\"async\" src=\"https:\/\/oceancamper.com\/wp-content\/uploads\/elementor\/thumbs\/cooking-ware-q88hs6ivljx13pvp83w8208p0qiu9bmd9og3eo7l6q.png\" title=\"kuchnia\" alt=\"ikona kuchni\" class=\"elementor-animation-pop\" loading=\"lazy\" \/><\/figure><div class=\"elementor-image-box-content\"><h3 class=\"elementor-image-box-title\">Kuchnia<\/h3><p class=\"elementor-image-box-description\">Talerze, garnki, kubki, patelnie, kuchenka, lod\u00f3wka<\/p><\/div><\/div>\t\t\t\t<\/div>\n\t\t\t\t<\/div>\n\t\t\t\t\t<\/div>\n\t\t<\/div>\n\t\t\t\t<div class=\"elementor-column elementor-col-16 elementor-inner-column elementor-element elementor-element-232e53a\" data-id=\"232e53a\" data-element_type=\"column\" data-e-type=\"column\" data-settings=\"{&quot;background_background&quot;:&quot;classic&quot;}\">\n\t\t\t<div class=\"elementor-widget-wrap elementor-element-populated\">\n\t\t\t\t\t<div class=\"elementor-background-overlay\"><\/div>\n\t\t\t\t\t\t<div class=\"elementor-element elementor-element-a021c9d elementor-position-top elementor-widget elementor-widget-image-box\" data-id=\"a021c9d\" data-element_type=\"widget\" data-e-type=\"widget\" data-widget_type=\"image-box.default\">\n\t\t\t\t<div class=\"elementor-widget-container\">\n\t\t\t\t\t<div class=\"elementor-image-box-wrapper\"><figure class=\"elementor-image-box-img\"><img decoding=\"async\" src=\"https:\/\/oceancamper.com\/wp-content\/uploads\/elementor\/thumbs\/bedding1-q88hs5l1epvqs3x2dlhlhih8fcnh1mimxjslxe8zcy.png\" title=\"po\u015bciel1\" alt=\"ikona po\u015bcieli\" class=\"elementor-animation-pop\" loading=\"lazy\" \/><\/figure><div class=\"elementor-image-box-content\"><h3 class=\"elementor-image-box-title\">Po\u015bciel<\/h3><p class=\"elementor-image-box-description\">Prze\u015bcierad\u0142a, poduszki, koce lub \u015bpiwory<\/p><\/div><\/div>\t\t\t\t<\/div>\n\t\t\t\t<\/div>\n\t\t\t\t\t<\/div>\n\t\t<\/div>\n\t\t\t\t<div class=\"elementor-column elementor-col-16 elementor-inner-column elementor-element elementor-element-28f5655\" data-id=\"28f5655\" data-element_type=\"column\" data-e-type=\"column\" data-settings=\"{&quot;background_background&quot;:&quot;classic&quot;}\">\n\t\t\t<div class=\"elementor-widget-wrap elementor-element-populated\">\n\t\t\t\t\t<div class=\"elementor-background-overlay\"><\/div>\n\t\t\t\t\t\t<div class=\"elementor-element elementor-element-3bdcdf6 elementor-position-top elementor-widget elementor-widget-image-box\" data-id=\"3bdcdf6\" data-element_type=\"widget\" data-e-type=\"widget\" data-widget_type=\"image-box.default\">\n\t\t\t\t<div class=\"elementor-widget-container\">\n\t\t\t\t\t<div class=\"elementor-image-box-wrapper\"><figure class=\"elementor-image-box-img\"><img decoding=\"async\" src=\"https:\/\/oceancamper.com\/wp-content\/uploads\/elementor\/thumbs\/cleaning-set-q88hs7gpsdybfbuc2maumi05m4e7h0q3lt3kvy670i.png\" title=\"zestaw czyszcz\u0105cy\" alt=\"zestaw czyszcz\u0105cy\" class=\"elementor-animation-pop\" loading=\"lazy\" \/><\/figure><div class=\"elementor-image-box-content\"><h3 class=\"elementor-image-box-title\">Zestaw czyszcz\u0105cy<\/h3><p class=\"elementor-image-box-description\">Osad z wody, g\u0105bka, \u015bcierka do naczy\u0144, miot\u0142a, detergent<\/p><\/div><\/div>\t\t\t\t<\/div>\n\t\t\t\t<\/div>\n\t\t\t\t\t<\/div>\n\t\t<\/div>\n\t\t\t\t<div class=\"elementor-column elementor-col-16 elementor-inner-column elementor-element elementor-element-c106f7e\" data-id=\"c106f7e\" data-element_type=\"column\" data-e-type=\"column\" data-settings=\"{&quot;background_background&quot;:&quot;classic&quot;}\">\n\t\t\t<div class=\"elementor-widget-wrap elementor-element-populated\">\n\t\t\t\t\t<div class=\"elementor-background-overlay\"><\/div>\n\t\t\t\t\t\t<div class=\"elementor-element elementor-element-fc87c97 elementor-position-top elementor-widget elementor-widget-image-box\" data-id=\"fc87c97\" data-element_type=\"widget\" data-e-type=\"widget\" data-widget_type=\"image-box.default\">\n\t\t\t\t<div class=\"elementor-widget-container\">\n\t\t\t\t\t<div class=\"elementor-image-box-wrapper\"><figure class=\"elementor-image-box-img\"><img decoding=\"async\" src=\"https:\/\/oceancamper.com\/wp-content\/uploads\/elementor\/thumbs\/cleaning-set-q88hs7gpsdybfbuc2maumi05m4e7h0q3lt3kvy670i.png\" title=\"zestaw czyszcz\u0105cy\" alt=\"zestaw czyszcz\u0105cy\" class=\"elementor-animation-pop\" loading=\"lazy\" \/><\/figure><div class=\"elementor-image-box-content\"><h3 class=\"elementor-image-box-title\">Woda i prysznic<\/h3><p class=\"elementor-image-box-description\">Zbiornik o pojemno\u015bci 80 litr\u00f3w z prysznicem zewn\u0119trznym<\/p><\/div><\/div>\t\t\t\t<\/div>\n\t\t\t\t<\/div>\n\t\t\t\t\t<\/div>\n\t\t<\/div>\n\t\t\t\t\t<\/div>\n\t\t<\/section>\n\t\t\t\t\t<\/div>\n\t\t<\/div>\n\t\t\t\t\t<\/div>\n\t\t<\/section>\n\t\t\t\t<section class=\"elementor-section elementor-top-section elementor-element elementor-element-894d14f elementor-section-stretched elementor-section-boxed elementor-section-height-default elementor-section-height-default\" data-id=\"894d14f\" data-element_type=\"section\" data-e-type=\"section\" data-settings=\"{&quot;stretch_section&quot;:&quot;section-stretched&quot;,&quot;background_background&quot;:&quot;classic&quot;}\">\n\t\t\t\t\t\t<div class=\"elementor-container elementor-column-gap-default\">\n\t\t\t\t\t<div class=\"elementor-column elementor-col-100 elementor-top-column elementor-element elementor-element-d431212\" data-id=\"d431212\" data-element_type=\"column\" data-e-type=\"column\">\n\t\t\t<div class=\"elementor-widget-wrap elementor-element-populated\">\n\t\t\t\t\t\t<section class=\"elementor-section elementor-inner-section elementor-element elementor-element-f2b18d5 elementor-section-boxed elementor-section-height-default elementor-section-height-default\" data-id=\"f2b18d5\" data-element_type=\"section\" data-e-type=\"section\">\n\t\t\t\t\t\t<div class=\"elementor-container elementor-column-gap-default\">\n\t\t\t\t\t<div class=\"elementor-column elementor-col-50 elementor-inner-column elementor-element elementor-element-36adc42 elementor-invisible\" data-id=\"36adc42\" data-element_type=\"column\" data-e-type=\"column\" data-settings=\"{&quot;animation&quot;:&quot;fadeIn&quot;}\">\n\t\t\t<div class=\"elementor-widget-wrap elementor-element-populated\">\n\t\t\t\t\t\t<div class=\"elementor-element elementor-element-20e2a1c elementor-widget elementor-widget-image\" data-id=\"20e2a1c\" data-element_type=\"widget\" data-e-type=\"widget\" data-widget_type=\"image.default\">\n\t\t\t\t<div class=\"elementor-widget-container\">\n\t\t\t\t\t\t\t\t\t\t\t\t\t\t\t<img loading=\"lazy\" decoding=\"async\" width=\"800\" height=\"533\" src=\"https:\/\/oceancamper.com\/wp-content\/uploads\/2026\/02\/campervan-road-trip-portugal-atlantic-cliffs-1024x682.webp\" class=\"attachment-large size-large wp-image-232235\" alt=\"Wynajem kampera Portugalia z widokiem na klify wybrze\u017ca Atlantyku\" srcset=\"https:\/\/oceancamper.com\/wp-content\/uploads\/2026\/02\/campervan-road-trip-portugal-atlantic-cliffs-1024x682.webp 1024w, https:\/\/oceancamper.com\/wp-content\/uploads\/2026\/02\/campervan-road-trip-portugal-atlantic-cliffs-300x200.webp 300w, https:\/\/oceancamper.com\/wp-content\/uploads\/2026\/02\/campervan-road-trip-portugal-atlantic-cliffs-768x512.webp 768w, https:\/\/oceancamper.com\/wp-content\/uploads\/2026\/02\/campervan-road-trip-portugal-atlantic-cliffs-1536x1024.webp 1536w, https:\/\/oceancamper.com\/wp-content\/uploads\/2026\/02\/campervan-road-trip-portugal-atlantic-cliffs-2048x1365.webp 2048w, https:\/\/oceancamper.com\/wp-content\/uploads\/2026\/02\/campervan-road-trip-portugal-atlantic-cliffs-240x160.webp 240w\" sizes=\"(max-width: 800px) 100vw, 800px\" \/>\t\t\t\t\t\t\t\t\t\t\t\t\t\t\t<\/div>\n\t\t\t\t<\/div>\n\t\t\t\t\t<\/div>\n\t\t<\/div>\n\t\t\t\t<div class=\"elementor-column elementor-col-50 elementor-inner-column elementor-element elementor-element-64867ae\" data-id=\"64867ae\" data-element_type=\"column\" data-e-type=\"column\">\n\t\t\t<div class=\"elementor-widget-wrap\">\n\t\t\t\t\t\t\t<\/div>\n\t\t<\/div>\n\t\t\t\t\t<\/div>\n\t\t<\/section>\n\t\t\t\t<section class=\"elementor-section elementor-inner-section elementor-element elementor-element-c4fce90 elementor-section-boxed elementor-section-height-default elementor-section-height-default\" data-id=\"c4fce90\" data-element_type=\"section\" data-e-type=\"section\">\n\t\t\t\t\t\t<div class=\"elementor-container elementor-column-gap-default\">\n\t\t\t\t\t<div class=\"elementor-column elementor-col-50 elementor-inner-column elementor-element elementor-element-c95360d\" data-id=\"c95360d\" data-element_type=\"column\" data-e-type=\"column\">\n\t\t\t<div class=\"elementor-widget-wrap\">\n\t\t\t\t\t\t\t<\/div>\n\t\t<\/div>\n\t\t\t\t<div class=\"elementor-column elementor-col-50 elementor-inner-column elementor-element elementor-element-dba0dda elementor-invisible\" data-id=\"dba0dda\" data-element_type=\"column\" data-e-type=\"column\" data-settings=\"{&quot;background_background&quot;:&quot;classic&quot;,&quot;animation&quot;:&quot;fadeInUp&quot;}\">\n\t\t\t<div class=\"elementor-widget-wrap elementor-element-populated\">\n\t\t\t\t\t<div class=\"elementor-background-overlay\"><\/div>\n\t\t\t\t\t\t<div class=\"elementor-element elementor-element-2f54927 elementor-widget elementor-widget-heading\" data-id=\"2f54927\" data-element_type=\"widget\" data-e-type=\"widget\" data-widget_type=\"heading.default\">\n\t\t\t\t<div class=\"elementor-widget-container\">\n\t\t\t\t\t<h2 class=\"elementor-heading-title elementor-size-default\">O nas<\/h2>\t\t\t\t<\/div>\n\t\t\t\t<\/div>\n\t\t\t\t<div class=\"elementor-element elementor-element-bb833a9 elementor-widget elementor-widget-text-editor\" data-id=\"bb833a9\" data-element_type=\"widget\" data-e-type=\"widget\" data-widget_type=\"text-editor.default\">\n\t\t\t\t<div class=\"elementor-widget-container\">\n\t\t\t\t\t\t\t\t\t<p><strong>Jeste\u015bmy rodzinn\u0105 wypo\u017cyczalni\u0105 kamper\u00f3w z siedzib\u0105 w Faro w Portugalii, dzia\u0142aj\u0105c\u0105 od 2017 roku.<\/strong><br\/>Nasza misja jest prosta: zapewni\u0107 Pa\u0144stwu beztrosk\u0105 i niezapomnian\u0105 przygod\u0119 z kamperem. Dlatego skupiamy si\u0119 na: <\/p><ul><li>Uczciwe, przejrzyste ceny<\/li><li>Proste, funkcjonalne kampery (ma\u0142e, a tak\u017ce jeden przeznaczony dla trzech os\u00f3b)<\/li><li>Lokalna wiedza na temat regionu Algarve i Lizbony<\/li><li>Wskaz\u00f3wki dotycz\u0105ce miejsc kempingowych, lokalnego jedzenia i sport\u00f3w wodnych<\/li><\/ul>\t\t\t\t\t\t\t\t<\/div>\n\t\t\t\t<\/div>\n\t\t\t\t<div class=\"elementor-element elementor-element-c27804a elementor-align-left elementor-tablet-align-left elementor-mobile-align-center elementor-widget elementor-widget-button\" data-id=\"c27804a\" data-element_type=\"widget\" data-e-type=\"widget\" data-widget_type=\"button.default\">\n\t\t\t\t<div class=\"elementor-widget-container\">\n\t\t\t\t\t\t\t\t\t<div class=\"elementor-button-wrapper\">\n\t\t\t\t\t<a class=\"elementor-button elementor-button-link elementor-size-sm elementor-animation-pop\" href=\"https:\/\/oceancamper.com\/pl\/o-nas\/\">\n\t\t\t\t\t\t<span class=\"elementor-button-content-wrapper\">\n\t\t\t\t\t\t\t\t\t<span class=\"elementor-button-text\">Nasza historia<\/span>\n\t\t\t\t\t<\/span>\n\t\t\t\t\t<\/a>\n\t\t\t\t<\/div>\n\t\t\t\t\t\t\t\t<\/div>\n\t\t\t\t<\/div>\n\t\t\t\t\t<\/div>\n\t\t<\/div>\n\t\t\t\t\t<\/div>\n\t\t<\/section>\n\t\t\t\t\t<\/div>\n\t\t<\/div>\n\t\t\t\t\t<\/div>\n\t\t<\/section>\n\t\t\t\t<section class=\"elementor-section elementor-top-section elementor-element elementor-element-4e1ac71 elementor-section-stretched elementor-section-boxed elementor-section-height-default elementor-section-height-default\" data-id=\"4e1ac71\" data-element_type=\"section\" data-e-type=\"section\" data-settings=\"{&quot;stretch_section&quot;:&quot;section-stretched&quot;,&quot;background_background&quot;:&quot;classic&quot;}\">\n\t\t\t\t\t\t<div class=\"elementor-container elementor-column-gap-default\">\n\t\t\t\t\t<div class=\"elementor-column elementor-col-100 elementor-top-column elementor-element elementor-element-ff1d1d6\" data-id=\"ff1d1d6\" data-element_type=\"column\" data-e-type=\"column\">\n\t\t\t<div class=\"elementor-widget-wrap elementor-element-populated\">\n\t\t\t\t\t\t<section class=\"elementor-section elementor-inner-section elementor-element elementor-element-287bcf3 elementor-section-boxed elementor-section-height-default elementor-section-height-default\" data-id=\"287bcf3\" data-element_type=\"section\" data-e-type=\"section\">\n\t\t\t\t\t\t<div class=\"elementor-container elementor-column-gap-default\">\n\t\t\t\t\t<div class=\"elementor-column elementor-col-100 elementor-inner-column elementor-element elementor-element-d7c01e0\" data-id=\"d7c01e0\" data-element_type=\"column\" data-e-type=\"column\">\n\t\t\t<div class=\"elementor-widget-wrap elementor-element-populated\">\n\t\t\t\t\t\t<div class=\"elementor-element elementor-element-7e791a2 elementor-widget elementor-widget-heading\" data-id=\"7e791a2\" data-element_type=\"widget\" data-e-type=\"widget\" data-widget_type=\"heading.default\">\n\t\t\t\t<div class=\"elementor-widget-container\">\n\t\t\t\t\t<h2 class=\"elementor-heading-title elementor-size-default\">Wskaz\u00f3wki dotycz\u0105ce podr\u00f3\u017cy po Algarve i Portugalii<\/h2>\t\t\t\t<\/div>\n\t\t\t\t<\/div>\n\t\t\t\t<div class=\"elementor-element elementor-element-859bc9a elementor-widget elementor-widget-text-editor\" data-id=\"859bc9a\" data-element_type=\"widget\" data-e-type=\"widget\" data-widget_type=\"text-editor.default\">\n\t\t\t\t<div class=\"elementor-widget-container\">\n\t\t\t\t\t\t\t\t\t<p>Trasy wycieczek samochodowych, pola kempingowe i porady dotycz\u0105ce pakowania od os\u00f3b, kt\u00f3re co tydzie\u0144 je\u017cd\u017c\u0105 tymi drogami.<\/p>\t\t\t\t\t\t\t\t<\/div>\n\t\t\t\t<\/div>\n\t\t\t\t<div class=\"elementor-element elementor-element-6819438 elementor-align-center elementor-tablet-align-center elementor-mobile-align-center elementor-widget elementor-widget-button\" data-id=\"6819438\" data-element_type=\"widget\" data-e-type=\"widget\" data-widget_type=\"button.default\">\n\t\t\t\t<div class=\"elementor-widget-container\">\n\t\t\t\t\t\t\t\t\t<div class=\"elementor-button-wrapper\">\n\t\t\t\t\t<a class=\"elementor-button elementor-button-link elementor-size-sm elementor-animation-pop\" href=\"https:\/\/oceancamper.com\/pl\/blog\/\">\n\t\t\t\t\t\t<span class=\"elementor-button-content-wrapper\">\n\t\t\t\t\t\t\t\t\t<span class=\"elementor-button-text\">Sprawd\u017a nasz przewodnik po obozach surfingowych<\/span>\n\t\t\t\t\t<\/span>\n\t\t\t\t\t<\/a>\n\t\t\t\t<\/div>\n\t\t\t\t\t\t\t\t<\/div>\n\t\t\t\t<\/div>\n\t\t\t\t\t<\/div>\n\t\t<\/div>\n\t\t\t\t\t<\/div>\n\t\t<\/section>\n\t\t\t\t\t<\/div>\n\t\t<\/div>\n\t\t\t\t\t<\/div>\n\t\t<\/section>\n\t\t\t\t<section class=\"elementor-section elementor-top-section elementor-element elementor-element-4807da4 elementor-section-boxed elementor-section-height-default elementor-section-height-default\" data-id=\"4807da4\" data-element_type=\"section\" data-e-type=\"section\">\n\t\t\t\t\t\t<div class=\"elementor-container elementor-column-gap-default\">\n\t\t\t\t\t<div class=\"elementor-column elementor-col-100 elementor-top-column elementor-element elementor-element-1026014\" data-id=\"1026014\" data-element_type=\"column\" data-e-type=\"column\">\n\t\t\t<div class=\"elementor-widget-wrap elementor-element-populated\">\n\t\t\t\t\t\t<section class=\"elementor-section elementor-inner-section elementor-element elementor-element-2c5cfd8 elementor-section-boxed elementor-section-height-default elementor-section-height-default elementor-invisible\" data-id=\"2c5cfd8\" data-element_type=\"section\" data-e-type=\"section\" data-settings=\"{&quot;animation&quot;:&quot;fadeInUp&quot;}\">\n\t\t\t\t\t\t<div class=\"elementor-container elementor-column-gap-default\">\n\t\t\t\t\t<div class=\"elementor-column elementor-col-25 elementor-inner-column elementor-element elementor-element-b026891\" data-id=\"b026891\" data-element_type=\"column\" data-e-type=\"column\" data-settings=\"{&quot;background_background&quot;:&quot;classic&quot;}\">\n\t\t\t<div class=\"elementor-widget-wrap elementor-element-populated\">\n\t\t\t\t\t<div class=\"elementor-background-overlay\"><\/div>\n\t\t\t\t\t\t<div class=\"elementor-element elementor-element-1efd9d0 elementor-position-top elementor-widget elementor-widget-image-box\" data-id=\"1efd9d0\" data-element_type=\"widget\" data-e-type=\"widget\" data-widget_type=\"image-box.default\">\n\t\t\t\t<div class=\"elementor-widget-container\">\n\t\t\t\t\t<div class=\"elementor-image-box-wrapper\"><figure class=\"elementor-image-box-img\"><img decoding=\"async\" src=\"https:\/\/oceancamper.com\/wp-content\/uploads\/elementor\/thumbs\/location-q88hsyq1akzms0qqng314t4iuanuo8qbdk0nsz1s02.png\" title=\"lokalizacja\" alt=\"lokalizacja\" class=\"elementor-animation-pop\" loading=\"lazy\" \/><\/figure><div class=\"elementor-image-box-content\"><h3 class=\"elementor-image-box-title\">Rozpocznij w Faro lub Lizbonie<\/h3><p class=\"elementor-image-box-description\">Blisko lotniska<\/p><\/div><\/div>\t\t\t\t<\/div>\n\t\t\t\t<\/div>\n\t\t\t\t\t<\/div>\n\t\t<\/div>\n\t\t\t\t<div class=\"elementor-column elementor-col-25 elementor-inner-column elementor-element elementor-element-0151e15\" data-id=\"0151e15\" data-element_type=\"column\" data-e-type=\"column\" data-settings=\"{&quot;background_background&quot;:&quot;classic&quot;}\">\n\t\t\t<div class=\"elementor-widget-wrap elementor-element-populated\">\n\t\t\t\t\t<div class=\"elementor-background-overlay\"><\/div>\n\t\t\t\t\t\t<div class=\"elementor-element elementor-element-94dc691 elementor-position-top elementor-widget elementor-widget-image-box\" data-id=\"94dc691\" data-element_type=\"widget\" data-e-type=\"widget\" data-widget_type=\"image-box.default\">\n\t\t\t\t<div class=\"elementor-widget-container\">\n\t\t\t\t\t<div class=\"elementor-image-box-wrapper\"><figure class=\"elementor-image-box-img\"><img decoding=\"async\" src=\"https:\/\/oceancamper.com\/wp-content\/uploads\/elementor\/thumbs\/check-in-check-out-icon-q88hsznvhf0x3mpdhyhnpavzfoj7vxu1poo5a90dtu.png\" title=\"check-in-check-out-icon\" alt=\"Ikona check-in check-out\" class=\"elementor-animation-pop\" loading=\"lazy\" \/><\/figure><div class=\"elementor-image-box-content\"><h3 class=\"elementor-image-box-title\">P\u00f3\u017ane przyjazdy mile widziane<\/h3><p class=\"elementor-image-box-description\">Zameldowanie od 14:00, wymeldowanie do 11:00<\/p><\/div><\/div>\t\t\t\t<\/div>\n\t\t\t\t<\/div>\n\t\t\t\t\t<\/div>\n\t\t<\/div>\n\t\t\t\t<div class=\"elementor-column elementor-col-25 elementor-inner-column elementor-element elementor-element-4c805db\" data-id=\"4c805db\" data-element_type=\"column\" data-e-type=\"column\" data-settings=\"{&quot;background_background&quot;:&quot;classic&quot;}\">\n\t\t\t<div class=\"elementor-widget-wrap elementor-element-populated\">\n\t\t\t\t\t<div class=\"elementor-background-overlay\"><\/div>\n\t\t\t\t\t\t<div class=\"elementor-element elementor-element-b03bb0d elementor-position-top elementor-widget elementor-widget-image-box\" data-id=\"b03bb0d\" data-element_type=\"widget\" data-e-type=\"widget\" data-widget_type=\"image-box.default\">\n\t\t\t\t<div class=\"elementor-widget-container\">\n\t\t\t\t\t<div class=\"elementor-image-box-wrapper\"><figure class=\"elementor-image-box-img\"><img decoding=\"async\" src=\"https:\/\/oceancamper.com\/wp-content\/uploads\/elementor\/thumbs\/insurance-icon-1-q88ht0lpo927f8o0cgwa9sng12el3mxs1tbmriyznm.png\" title=\"ikona ubezpieczenia\" alt=\"ikona ubezpieczenia\" class=\"elementor-animation-pop\" loading=\"lazy\" \/><\/figure><div class=\"elementor-image-box-content\"><h3 class=\"elementor-image-box-title\">Przejrzyste ceny<\/h3><p class=\"elementor-image-box-description\">Brak ukrytych op\u0142at<\/p><\/div><\/div>\t\t\t\t<\/div>\n\t\t\t\t<\/div>\n\t\t\t\t\t<\/div>\n\t\t<\/div>\n\t\t\t\t<div class=\"elementor-column elementor-col-25 elementor-inner-column elementor-element elementor-element-b2cf969\" data-id=\"b2cf969\" data-element_type=\"column\" data-e-type=\"column\" data-settings=\"{&quot;background_background&quot;:&quot;classic&quot;}\">\n\t\t\t<div class=\"elementor-widget-wrap elementor-element-populated\">\n\t\t\t\t\t<div class=\"elementor-background-overlay\"><\/div>\n\t\t\t\t\t\t<div class=\"elementor-element elementor-element-55eebea elementor-position-top elementor-widget elementor-widget-image-box\" data-id=\"55eebea\" data-element_type=\"widget\" data-e-type=\"widget\" data-widget_type=\"image-box.default\">\n\t\t\t\t<div class=\"elementor-widget-container\">\n\t\t\t\t\t<div class=\"elementor-image-box-wrapper\"><figure class=\"elementor-image-box-img\"><img decoding=\"async\" src=\"https:\/\/oceancamper.com\/wp-content\/uploads\/elementor\/thumbs\/pay-30-per-cent-icon-q88ht1jjv33hqumn6zawuaewmg9ybc1idxz48sxlhe.png\" title=\"pay-30-per-cent-icon\" alt=\"zap\u0142aci\u0107 30 procent ikony\" class=\"elementor-animation-pop\" loading=\"lazy\" \/><\/figure><div class=\"elementor-image-box-content\"><h3 class=\"elementor-image-box-title\">Rezerwacja z 30% depozytem<\/h3><p class=\"elementor-image-box-description\">Zap\u0142a\u0107 reszt\u0119 przy zameldowaniu<\/p><\/div><\/div>\t\t\t\t<\/div>\n\t\t\t\t<\/div>\n\t\t\t\t\t<\/div>\n\t\t<\/div>\n\t\t\t\t\t<\/div>\n\t\t<\/section>\n\t\t\t\t\t<\/div>\n\t\t<\/div>\n\t\t\t\t\t<\/div>\n\t\t<\/section>\n\t\t\t\t<section class=\"elementor-section elementor-top-section elementor-element elementor-element-9fd8f37 elementor-section-stretched elementor-section-boxed elementor-section-height-default elementor-section-height-default\" data-id=\"9fd8f37\" data-element_type=\"section\" data-e-type=\"section\" data-settings=\"{&quot;stretch_section&quot;:&quot;section-stretched&quot;,&quot;background_background&quot;:&quot;classic&quot;}\">\n\t\t\t\t\t\t<div class=\"elementor-container elementor-column-gap-default\">\n\t\t\t\t\t<div class=\"elementor-column elementor-col-100 elementor-top-column elementor-element elementor-element-52c04bf\" data-id=\"52c04bf\" data-element_type=\"column\" data-e-type=\"column\">\n\t\t\t<div class=\"elementor-widget-wrap elementor-element-populated\">\n\t\t\t\t\t\t<section class=\"elementor-section elementor-inner-section elementor-element elementor-element-25784bd elementor-section-boxed elementor-section-height-default elementor-section-height-default\" data-id=\"25784bd\" data-element_type=\"section\" data-e-type=\"section\">\n\t\t\t\t\t\t<div class=\"elementor-container elementor-column-gap-default\">\n\t\t\t\t\t<div class=\"elementor-column elementor-col-100 elementor-inner-column elementor-element elementor-element-3ba2769\" data-id=\"3ba2769\" data-element_type=\"column\" data-e-type=\"column\">\n\t\t\t<div class=\"elementor-widget-wrap elementor-element-populated\">\n\t\t\t\t\t\t<div class=\"elementor-element elementor-element-534f2e9 elementor-widget elementor-widget-heading\" data-id=\"534f2e9\" data-element_type=\"widget\" data-e-type=\"widget\" data-widget_type=\"heading.default\">\n\t\t\t\t<div class=\"elementor-widget-container\">\n\t\t\t\t\t<h2 class=\"elementor-heading-title elementor-size-default\">Wynajem kampera Portugalia. Najcz\u0119\u015bciej zadawane pytania (FAQ) <\/h2>\t\t\t\t<\/div>\n\t\t\t\t<\/div>\n\t\t\t\t\t<\/div>\n\t\t<\/div>\n\t\t\t\t\t<\/div>\n\t\t<\/section>\n\t\t\t\t<section class=\"elementor-section elementor-inner-section elementor-element elementor-element-1063390f elementor-section-boxed elementor-section-height-default elementor-section-height-default\" data-id=\"1063390f\" data-element_type=\"section\" data-e-type=\"section\">\n\t\t\t\t\t\t<div class=\"elementor-container elementor-column-gap-default\">\n\t\t\t\t\t<div class=\"elementor-column elementor-col-100 elementor-inner-column elementor-element elementor-element-5d45e689\" data-id=\"5d45e689\" data-element_type=\"column\" data-e-type=\"column\">\n\t\t\t<div class=\"elementor-widget-wrap elementor-element-populated\">\n\t\t\t\t\t\t<div class=\"elementor-element elementor-element-77adbb4b elementor-widget elementor-widget-accordion\" data-id=\"77adbb4b\" data-element_type=\"widget\" data-e-type=\"widget\" id=\"faq-section\" data-widget_type=\"accordion.default\">\n\t\t\t\t<div class=\"elementor-widget-container\">\n\t\t\t\t\t\t\t<div class=\"elementor-accordion\">\n\t\t\t\t\t\t\t<div class=\"elementor-accordion-item\">\n\t\t\t\t\t<div id=\"elementor-tab-title-2001\" class=\"elementor-tab-title\" data-tab=\"1\" role=\"button\" aria-controls=\"elementor-tab-content-2001\" aria-expanded=\"false\">\n\t\t\t\t\t\t\t\t\t\t\t\t\t<span class=\"elementor-accordion-icon elementor-accordion-icon-left\" aria-hidden=\"true\">\n\t\t\t\t\t\t\t\t\t\t\t\t\t\t\t<span class=\"elementor-accordion-icon-closed\"><i class=\"fas fa-plus\"><\/i><\/span>\n\t\t\t\t\t\t\t\t<span class=\"elementor-accordion-icon-opened\"><i class=\"fas fa-minus\"><\/i><\/span>\n\t\t\t\t\t\t\t\t\t\t\t\t\t\t<\/span>\n\t\t\t\t\t\t\t\t\t\t\t\t<a class=\"elementor-accordion-title\" tabindex=\"0\">Co obejmuje wynajem Kampera?<\/a>\n\t\t\t\t\t<\/div>\n\t\t\t\t\t<div id=\"elementor-tab-content-2001\" class=\"elementor-tab-content elementor-clearfix\" data-tab=\"1\" role=\"region\" aria-labelledby=\"elementor-tab-title-2001\"><p>Wszystko, co potrzebne do spania, gotowania i mycia. Po\u015bciel i r\u0119czniki, pe\u0142ne wyposa\u017cenie kuchenne wraz z kuchenk\u0105 gazow\u0105, garnkami, talerzami i sztu\u0107cami, st\u00f3\u0142 i dwa krzes\u0142a, lod\u00f3wka lub lod\u00f3wka turystyczna, panel s\u0142oneczny, 80-litrowy zbiornik na wod\u0119 z prysznicem na \u015bwie\u017cym powietrzu oraz zestaw do sprz\u0105tania. Prosimy o zabranie ze sob\u0105 ubra\u0144 i jedzenia.  <\/p>\n<\/div>\n\t\t\t\t<\/div>\n\t\t\t\t\t\t\t<div class=\"elementor-accordion-item\">\n\t\t\t\t\t<div id=\"elementor-tab-title-2002\" class=\"elementor-tab-title\" data-tab=\"2\" role=\"button\" aria-controls=\"elementor-tab-content-2002\" aria-expanded=\"false\">\n\t\t\t\t\t\t\t\t\t\t\t\t\t<span class=\"elementor-accordion-icon elementor-accordion-icon-left\" aria-hidden=\"true\">\n\t\t\t\t\t\t\t\t\t\t\t\t\t\t\t<span class=\"elementor-accordion-icon-closed\"><i class=\"fas fa-plus\"><\/i><\/span>\n\t\t\t\t\t\t\t\t<span class=\"elementor-accordion-icon-opened\"><i class=\"fas fa-minus\"><\/i><\/span>\n\t\t\t\t\t\t\t\t\t\t\t\t\t\t<\/span>\n\t\t\t\t\t\t\t\t\t\t\t\t<a class=\"elementor-accordion-title\" tabindex=\"0\">Czy \u0142atwo jest prowadzi\u0107 i parkowa\u0107 mini kampera w Portugalii?<\/a>\n\t\t\t\t\t<\/div>\n\t\t\t\t\t<div id=\"elementor-tab-content-2002\" class=\"elementor-tab-content elementor-clearfix\" data-tab=\"2\" role=\"region\" aria-labelledby=\"elementor-tab-title-2002\"><p>Tak. Nasze samochody dostawcze je\u017cd\u017c\u0105 jak zwyk\u0142e samochody osobowe i mieszcz\u0105 si\u0119 na standardowych miejscach parkingowych. Przeje\u017cd\u017caj\u0105 te\u017c pod dwumetrowymi barierami wysoko\u015bciowymi, kt\u00f3re uniemo\u017cliwiaj\u0105 wi\u0119kszym kamperom wjazd na najlepsze parkingi nadmorskie \u2013 i w\u0142a\u015bnie w takich sytuacjach ich niewielkie rozmiary naprawd\u0119 si\u0119 op\u0142acaj\u0105.  <\/p>\n<\/div>\n\t\t\t\t<\/div>\n\t\t\t\t\t\t\t<div class=\"elementor-accordion-item\">\n\t\t\t\t\t<div id=\"elementor-tab-title-2003\" class=\"elementor-tab-title\" data-tab=\"3\" role=\"button\" aria-controls=\"elementor-tab-content-2003\" aria-expanded=\"false\">\n\t\t\t\t\t\t\t\t\t\t\t\t\t<span class=\"elementor-accordion-icon elementor-accordion-icon-left\" aria-hidden=\"true\">\n\t\t\t\t\t\t\t\t\t\t\t\t\t\t\t<span class=\"elementor-accordion-icon-closed\"><i class=\"fas fa-plus\"><\/i><\/span>\n\t\t\t\t\t\t\t\t<span class=\"elementor-accordion-icon-opened\"><i class=\"fas fa-minus\"><\/i><\/span>\n\t\t\t\t\t\t\t\t\t\t\t\t\t\t<\/span>\n\t\t\t\t\t\t\t\t\t\t\t\t<a class=\"elementor-accordion-title\" tabindex=\"0\">Jakie s\u0105 godziny zameldowania i wymeldowania?<\/a>\n\t\t\t\t\t<\/div>\n\t\t\t\t\t<div id=\"elementor-tab-content-2003\" class=\"elementor-tab-content elementor-clearfix\" data-tab=\"3\" role=\"region\" aria-labelledby=\"elementor-tab-title-2003\"><p>Zameldowanie mo\u017cliwe od godziny 14:00, a wymeldowanie do godziny 11:00. Poinformuj nas o godzinach lot\u00f3w podczas rezerwacji, a my to zorganizujemy. <\/p>\n<\/div>\n\t\t\t\t<\/div>\n\t\t\t\t\t\t\t<div class=\"elementor-accordion-item\">\n\t\t\t\t\t<div id=\"elementor-tab-title-2004\" class=\"elementor-tab-title\" data-tab=\"4\" role=\"button\" aria-controls=\"elementor-tab-content-2004\" aria-expanded=\"false\">\n\t\t\t\t\t\t\t\t\t\t\t\t\t<span class=\"elementor-accordion-icon elementor-accordion-icon-left\" aria-hidden=\"true\">\n\t\t\t\t\t\t\t\t\t\t\t\t\t\t\t<span class=\"elementor-accordion-icon-closed\"><i class=\"fas fa-plus\"><\/i><\/span>\n\t\t\t\t\t\t\t\t<span class=\"elementor-accordion-icon-opened\"><i class=\"fas fa-minus\"><\/i><\/span>\n\t\t\t\t\t\t\t\t\t\t\t\t\t\t<\/span>\n\t\t\t\t\t\t\t\t\t\t\t\t<a class=\"elementor-accordion-title\" tabindex=\"0\">Czy obowi\u0105zuje minimalny okres najmu?<\/a>\n\t\t\t\t\t<\/div>\n\t\t\t\t\t<div id=\"elementor-tab-content-2004\" class=\"elementor-tab-content elementor-clearfix\" data-tab=\"4\" role=\"region\" aria-labelledby=\"elementor-tab-title-2004\"><p>Dwie noce. Zapraszamy na weekendowe wyjazdy. <\/p>\n<\/div>\n\t\t\t\t<\/div>\n\t\t\t\t\t\t\t<div class=\"elementor-accordion-item\">\n\t\t\t\t\t<div id=\"elementor-tab-title-2005\" class=\"elementor-tab-title\" data-tab=\"5\" role=\"button\" aria-controls=\"elementor-tab-content-2005\" aria-expanded=\"false\">\n\t\t\t\t\t\t\t\t\t\t\t\t\t<span class=\"elementor-accordion-icon elementor-accordion-icon-left\" aria-hidden=\"true\">\n\t\t\t\t\t\t\t\t\t\t\t\t\t\t\t<span class=\"elementor-accordion-icon-closed\"><i class=\"fas fa-plus\"><\/i><\/span>\n\t\t\t\t\t\t\t\t<span class=\"elementor-accordion-icon-opened\"><i class=\"fas fa-minus\"><\/i><\/span>\n\t\t\t\t\t\t\t\t\t\t\t\t\t\t<\/span>\n\t\t\t\t\t\t\t\t\t\t\t\t<a class=\"elementor-accordion-title\" tabindex=\"0\">Gdzie mog\u0119 odebra\u0107 i zwr\u00f3ci\u0107 Kamper?<\/a>\n\t\t\t\t\t<\/div>\n\t\t\t\t\t<div id=\"elementor-tab-content-2005\" class=\"elementor-tab-content elementor-clearfix\" data-tab=\"5\" role=\"region\" aria-labelledby=\"elementor-tab-title-2005\"><p>Faro lub Lizbona-Montijo. W Faro znajdujemy si\u0119 przy ulicy Rua Aquilino Ribeiro 124, 2 km od lotniska. Lizbona-Montijo le\u017cy po drugiej stronie rzeki od miasta, oko\u0142o 25 minut od centrum. Mo\u017cliwe jest rozpocz\u0119cie podr\u00f3\u017cy w jednym z tych miejsc, a zako\u0144czenie w drugim, pod warunkiem dost\u0119pno\u015bci i uiszczenia op\u0142aty za przejazd w jedn\u0105 stron\u0119.     <a href=\"https:\/\/oceancamper.com\/pl\/wypozyczalnia-kamperow\/\">Por\u00f3wnaj te dwie lokalizacje.<\/a><\/p>\n<\/div>\n\t\t\t\t<\/div>\n\t\t\t\t\t\t\t<div class=\"elementor-accordion-item\">\n\t\t\t\t\t<div id=\"elementor-tab-title-2006\" class=\"elementor-tab-title\" data-tab=\"6\" role=\"button\" aria-controls=\"elementor-tab-content-2006\" aria-expanded=\"false\">\n\t\t\t\t\t\t\t\t\t\t\t\t\t<span class=\"elementor-accordion-icon elementor-accordion-icon-left\" aria-hidden=\"true\">\n\t\t\t\t\t\t\t\t\t\t\t\t\t\t\t<span class=\"elementor-accordion-icon-closed\"><i class=\"fas fa-plus\"><\/i><\/span>\n\t\t\t\t\t\t\t\t<span class=\"elementor-accordion-icon-opened\"><i class=\"fas fa-minus\"><\/i><\/span>\n\t\t\t\t\t\t\t\t\t\t\t\t\t\t<\/span>\n\t\t\t\t\t\t\t\t\t\t\t\t<a class=\"elementor-accordion-title\" tabindex=\"0\">Czy macie kampery z automatyczn\u0105 skrzyni\u0105 bieg\u00f3w?<\/a>\n\t\t\t\t\t<\/div>\n\t\t\t\t\t<div id=\"elementor-tab-content-2006\" class=\"elementor-tab-content elementor-clearfix\" data-tab=\"6\" role=\"region\" aria-labelledby=\"elementor-tab-title-2006\"><p>Tak. Model <a href=\"https:\/\/oceancamper.com\/pl\/kampery\/oasis-automatyczny-kamper\/\">\u201eOasis Automatic\u201d<\/a> to ten sam van co \u201eIndigo\u201d, ale z automatyczn\u0105 skrzyni\u0105 bieg\u00f3w. Jest popularny na pag\u00f3rkowatym zachodnim wybrze\u017cu, a miejsca s\u0105 rezerwowane z du\u017cym wyprzedzeniem latem.  <\/p>\n<\/div>\n\t\t\t\t<\/div>\n\t\t\t\t\t\t\t<div class=\"elementor-accordion-item\">\n\t\t\t\t\t<div id=\"elementor-tab-title-2007\" class=\"elementor-tab-title\" data-tab=\"7\" role=\"button\" aria-controls=\"elementor-tab-content-2007\" aria-expanded=\"false\">\n\t\t\t\t\t\t\t\t\t\t\t\t\t<span class=\"elementor-accordion-icon elementor-accordion-icon-left\" aria-hidden=\"true\">\n\t\t\t\t\t\t\t\t\t\t\t\t\t\t\t<span class=\"elementor-accordion-icon-closed\"><i class=\"fas fa-plus\"><\/i><\/span>\n\t\t\t\t\t\t\t\t<span class=\"elementor-accordion-icon-opened\"><i class=\"fas fa-minus\"><\/i><\/span>\n\t\t\t\t\t\t\t\t\t\t\t\t\t\t<\/span>\n\t\t\t\t\t\t\t\t\t\t\t\t<a class=\"elementor-accordion-title\" tabindex=\"0\">Co musz\u0119 zabra\u0107 ze sob\u0105, aby si\u0119 zameldowa\u0107?<\/a>\n\t\t\t\t\t<\/div>\n\t\t\t\t\t<div id=\"elementor-tab-content-2007\" class=\"elementor-tab-content elementor-clearfix\" data-tab=\"7\" role=\"region\" aria-labelledby=\"elementor-tab-title-2007\"><p>Fizyczne prawo jazdy, wa\u017cne w UE i posiadane przez co najmniej rok w dniu zameldowania, a tak\u017ce paszport lub europejski dow\u00f3d to\u017csamo\u015bci. Cyfrowe prawo jazdy ani jego zdj\u0119cie nie s\u0105 akceptowane, dlatego nale\u017cy zabra\u0107 ze sob\u0105 sam\u0105 kart\u0119. <\/p>\n<\/div>\n\t\t\t\t<\/div>\n\t\t\t\t\t\t\t<div class=\"elementor-accordion-item\">\n\t\t\t\t\t<div id=\"elementor-tab-title-2008\" class=\"elementor-tab-title\" data-tab=\"8\" role=\"button\" aria-controls=\"elementor-tab-content-2008\" aria-expanded=\"false\">\n\t\t\t\t\t\t\t\t\t\t\t\t\t<span class=\"elementor-accordion-icon elementor-accordion-icon-left\" aria-hidden=\"true\">\n\t\t\t\t\t\t\t\t\t\t\t\t\t\t\t<span class=\"elementor-accordion-icon-closed\"><i class=\"fas fa-plus\"><\/i><\/span>\n\t\t\t\t\t\t\t\t<span class=\"elementor-accordion-icon-opened\"><i class=\"fas fa-minus\"><\/i><\/span>\n\t\t\t\t\t\t\t\t\t\t\t\t\t\t<\/span>\n\t\t\t\t\t\t\t\t\t\t\t\t<a class=\"elementor-accordion-title\" tabindex=\"0\">Czy obowi\u0105zuje ograniczenie wiekowe?<\/a>\n\t\t\t\t\t<\/div>\n\t\t\t\t\t<div id=\"elementor-tab-content-2008\" class=\"elementor-tab-content elementor-clearfix\" data-tab=\"8\" role=\"region\" aria-labelledby=\"elementor-tab-title-2008\"><p>W dniu odbioru samochodu musisz mie\u0107 co najmniej rok do\u015bwiadczenia w prowadzeniu pojazd\u00f3w. Kierowcy poni\u017cej 23. roku \u017cycia musz\u0105 ui\u015bci\u0107 op\u0142at\u0119 dla m\u0142odych kierowc\u00f3w; mo\u017cna to zrobi\u0107 podczas rezerwacji lub przy odbiorze samochodu. <\/p>\n<\/div>\n\t\t\t\t<\/div>\n\t\t\t\t\t\t\t<div class=\"elementor-accordion-item\">\n\t\t\t\t\t<div id=\"elementor-tab-title-2009\" class=\"elementor-tab-title\" data-tab=\"9\" role=\"button\" aria-controls=\"elementor-tab-content-2009\" aria-expanded=\"false\">\n\t\t\t\t\t\t\t\t\t\t\t\t\t<span class=\"elementor-accordion-icon elementor-accordion-icon-left\" aria-hidden=\"true\">\n\t\t\t\t\t\t\t\t\t\t\t\t\t\t\t<span class=\"elementor-accordion-icon-closed\"><i class=\"fas fa-plus\"><\/i><\/span>\n\t\t\t\t\t\t\t\t<span class=\"elementor-accordion-icon-opened\"><i class=\"fas fa-minus\"><\/i><\/span>\n\t\t\t\t\t\t\t\t\t\t\t\t\t\t<\/span>\n\t\t\t\t\t\t\t\t\t\t\t\t<a class=\"elementor-accordion-title\" tabindex=\"0\">Jakie zabezpieczenia s\u0105 wliczone w cen\u0119?<\/a>\n\t\t\t\t\t<\/div>\n\t\t\t\t\t<div id=\"elementor-tab-content-2009\" class=\"elementor-tab-content elementor-clearfix\" data-tab=\"9\" role=\"region\" aria-labelledby=\"elementor-tab-title-2009\"><p>Ka\u017cda wypo\u017cyczona pojazd obejmuje ubezpieczenie od odpowiedzialno\u015bci cywilnej wymagane przez prawo portugalskie, a podczas odprawy mo\u017cna wykupi\u0107 plan ochronny oraz wszelkie inne potrzebne us\u0142ugi.  <a href=\"https:\/\/oceancamper.com\/pl\/czesto-zadawane-pytania\/\">Pe\u0142ny tekst warunk\u00f3w mo\u017cna znale\u017a\u0107 na naszej stronie z cz\u0119sto zadawanymi pytaniami.<\/a><\/p>\n<\/div>\n\t\t\t\t<\/div>\n\t\t\t\t\t\t\t\t\t\t<script type=\"application\/ld+json\">{\"@context\":\"https:\\\/\\\/schema.org\",\"@type\":\"FAQPage\",\"mainEntity\":[{\"@type\":\"Question\",\"name\":\"Co obejmuje wynajem Kampera?\",\"acceptedAnswer\":{\"@type\":\"Answer\",\"text\":\"<p>Wszystko, co potrzebne do spania, gotowania i mycia. Po\\u015bciel i r\\u0119czniki, pe\\u0142ne wyposa\\u017cenie kuchenne wraz z kuchenk\\u0105 gazow\\u0105, garnkami, talerzami i sztu\\u0107cami, st\\u00f3\\u0142 i dwa krzes\\u0142a, lod\\u00f3wka lub lod\\u00f3wka turystyczna, panel s\\u0142oneczny, 80-litrowy zbiornik na wod\\u0119 z prysznicem na \\u015bwie\\u017cym powietrzu oraz zestaw do sprz\\u0105tania. Prosimy o zabranie ze sob\\u0105 ubra\\u0144 i jedzenia.  <\\\/p>\\n\"}},{\"@type\":\"Question\",\"name\":\"Czy \\u0142atwo jest prowadzi\\u0107 i parkowa\\u0107 mini kampera w Portugalii?\",\"acceptedAnswer\":{\"@type\":\"Answer\",\"text\":\"<p>Tak. Nasze samochody dostawcze je\\u017cd\\u017c\\u0105 jak zwyk\\u0142e samochody osobowe i mieszcz\\u0105 si\\u0119 na standardowych miejscach parkingowych. Przeje\\u017cd\\u017caj\\u0105 te\\u017c pod dwumetrowymi barierami wysoko\\u015bciowymi, kt\\u00f3re uniemo\\u017cliwiaj\\u0105 wi\\u0119kszym kamperom wjazd na najlepsze parkingi nadmorskie \\u2013 i w\\u0142a\\u015bnie w takich sytuacjach ich niewielkie rozmiary naprawd\\u0119 si\\u0119 op\\u0142acaj\\u0105.  <\\\/p>\\n\"}},{\"@type\":\"Question\",\"name\":\"Jakie s\\u0105 godziny zameldowania i wymeldowania?\",\"acceptedAnswer\":{\"@type\":\"Answer\",\"text\":\"<p>Zameldowanie mo\\u017cliwe od godziny 14:00, a wymeldowanie do godziny 11:00. Poinformuj nas o godzinach lot\\u00f3w podczas rezerwacji, a my to zorganizujemy. <\\\/p>\\n\"}},{\"@type\":\"Question\",\"name\":\"Czy obowi\\u0105zuje minimalny okres najmu?\",\"acceptedAnswer\":{\"@type\":\"Answer\",\"text\":\"<p>Dwie noce. Zapraszamy na weekendowe wyjazdy. <\\\/p>\\n\"}},{\"@type\":\"Question\",\"name\":\"Gdzie mog\\u0119 odebra\\u0107 i zwr\\u00f3ci\\u0107 Kamper?\",\"acceptedAnswer\":{\"@type\":\"Answer\",\"text\":\"<p>Faro lub Lizbona-Montijo. W Faro znajdujemy si\\u0119 przy ulicy Rua Aquilino Ribeiro 124, 2 km od lotniska. Lizbona-Montijo le\\u017cy po drugiej stronie rzeki od miasta, oko\\u0142o 25 minut od centrum. Mo\\u017cliwe jest rozpocz\\u0119cie podr\\u00f3\\u017cy w jednym z tych miejsc, a zako\\u0144czenie w drugim, pod warunkiem dost\\u0119pno\\u015bci i uiszczenia op\\u0142aty za przejazd w jedn\\u0105 stron\\u0119.     <a href=\\\"https:\\\/\\\/oceancamper.com\\\/pl\\\/wypozyczalnia-kamperow\\\/\\\">Por\\u00f3wnaj te dwie lokalizacje.<\\\/a><\\\/p>\\n\"}},{\"@type\":\"Question\",\"name\":\"Czy macie kampery z automatyczn\\u0105 skrzyni\\u0105 bieg\\u00f3w?\",\"acceptedAnswer\":{\"@type\":\"Answer\",\"text\":\"<p>Tak. Model <a href=\\\"https:\\\/\\\/oceancamper.com\\\/pl\\\/kampery\\\/oasis-automatyczny-kamper\\\/\\\">\\u201eOasis Automatic\\u201d<\\\/a> to ten sam van co \\u201eIndigo\\u201d, ale z automatyczn\\u0105 skrzyni\\u0105 bieg\\u00f3w. Jest popularny na pag\\u00f3rkowatym zachodnim wybrze\\u017cu, a miejsca s\\u0105 rezerwowane z du\\u017cym wyprzedzeniem latem.  <\\\/p>\\n\"}},{\"@type\":\"Question\",\"name\":\"Co musz\\u0119 zabra\\u0107 ze sob\\u0105, aby si\\u0119 zameldowa\\u0107?\",\"acceptedAnswer\":{\"@type\":\"Answer\",\"text\":\"<p>Fizyczne prawo jazdy, wa\\u017cne w UE i posiadane przez co najmniej rok w dniu zameldowania, a tak\\u017ce paszport lub europejski dow\\u00f3d to\\u017csamo\\u015bci. Cyfrowe prawo jazdy ani jego zdj\\u0119cie nie s\\u0105 akceptowane, dlatego nale\\u017cy zabra\\u0107 ze sob\\u0105 sam\\u0105 kart\\u0119. <\\\/p>\\n\"}},{\"@type\":\"Question\",\"name\":\"Czy obowi\\u0105zuje ograniczenie wiekowe?\",\"acceptedAnswer\":{\"@type\":\"Answer\",\"text\":\"<p>W dniu odbioru samochodu musisz mie\\u0107 co najmniej rok do\\u015bwiadczenia w prowadzeniu pojazd\\u00f3w. Kierowcy poni\\u017cej 23. roku \\u017cycia musz\\u0105 ui\\u015bci\\u0107 op\\u0142at\\u0119 dla m\\u0142odych kierowc\\u00f3w; mo\\u017cna to zrobi\\u0107 podczas rezerwacji lub przy odbiorze samochodu. <\\\/p>\\n\"}},{\"@type\":\"Question\",\"name\":\"Jakie zabezpieczenia s\\u0105 wliczone w cen\\u0119?\",\"acceptedAnswer\":{\"@type\":\"Answer\",\"text\":\"<p>Ka\\u017cda wypo\\u017cyczona pojazd obejmuje ubezpieczenie od odpowiedzialno\\u015bci cywilnej wymagane przez prawo portugalskie, a podczas odprawy mo\\u017cna wykupi\\u0107 plan ochronny oraz wszelkie inne potrzebne us\\u0142ugi.  <a href=\\\"https:\\\/\\\/oceancamper.com\\\/pl\\\/czesto-zadawane-pytania\\\/\\\">Pe\\u0142ny tekst warunk\\u00f3w mo\\u017cna znale\\u017a\\u0107 na naszej stronie z cz\\u0119sto zadawanymi pytaniami.<\\\/a><\\\/p>\\n\"}}]}<\/script>\n\t\t\t\t\t<\/div>\n\t\t\t\t\t\t<\/div>\n\t\t\t\t<\/div>\n\t\t\t\t<div class=\"elementor-element elementor-element-a1e5d7b elementor-widget elementor-widget-html\" data-id=\"a1e5d7b\" data-element_type=\"widget\" data-e-type=\"widget\" data-widget_type=\"html.default\">\n\t\t\t\t<div class=\"elementor-widget-container\">\n\t\t\t\t\t<script>(function(){\n  function closeAll(root){\n    if(!root) return;\n    root.querySelectorAll(\".elementor-tab-title\").forEach(function(t){\n      t.classList.remove(\"elementor-active\");\n      t.setAttribute(\"aria-expanded\",\"false\");\n    });\n    root.querySelectorAll(\".elementor-tab-content\").forEach(function(c){\n      c.classList.remove(\"elementor-active\");\n      c.style.display=\"none\";\n      c.setAttribute(\"aria-hidden\",\"true\");\n    });\n  }\n  var sel=\".elementor-element-77adbb4b\";\n  closeAll(document.querySelector(sel));\n  if(window.jQuery){\n    jQuery(window).on(\"elementor\/frontend\/init\", function(){\n      elementorFrontend.hooks.addAction(\"frontend\/element_ready\/accordion.default\", function($scope){\n        if($scope && $scope[0] && $scope[0].matches(sel)) closeAll($scope[0]);\n      });\n    });\n  }\n  document.addEventListener(\"DOMContentLoaded\", function(){ closeAll(document.querySelector(sel)); });\n  window.addEventListener(\"load\", function(){ closeAll(document.querySelector(sel)); });\n})();\n<\/script>\t\t\t\t<\/div>\n\t\t\t\t<\/div>\n\t\t\t\t\t<\/div>\n\t\t<\/div>\n\t\t\t\t\t<\/div>\n\t\t<\/section>\n\t\t\t\t<div class=\"elementor-element elementor-element-d22e519 elementor-widget elementor-widget-html\" data-id=\"d22e519\" data-element_type=\"widget\" data-e-type=\"widget\" data-widget_type=\"html.default\">\n\t\t\t\t<div class=\"elementor-widget-container\">\n\t\t\t\t\t<script type=\"application\/ld+json\">{\n \"@context\": \"https:\/\/schema.org\",\n \"@type\": \"AutoRental\",\n \"@id\": \"https:\/\/oceancamper.com\/#localbusiness\",\n \"name\": \"Ocean Camper\",\n \"description\": \"Family-run campervan rental in Portugal. Fully equipped mini campervans collected 2 km from Faro Airport or at Lisbon-Montijo.\",\n \"url\": \"https:\/\/oceancamper.com\/\",\n \"image\": \"https:\/\/oceancamper.com\/wp-content\/uploads\/2026\/01\/campervan-road-trip-portugal-atlantic-cliffs.webp\",\n \"email\": \"info@oceancamper.com\",\n \"telephone\": \"+351920301044\",\n \"priceRange\": \"\u20ac39-\u20ac129\",\n \"currenciesAccepted\": \"EUR\",\n \"address\": {\n  \"@type\": \"PostalAddress\",\n  \"streetAddress\": \"Rua Aquilino Ribeiro 124\",\n  \"addressLocality\": \"Faro\",\n  \"postalCode\": \"8005-177\",\n  \"addressRegion\": \"Algarve\",\n  \"addressCountry\": \"PT\"\n },\n \"areaServed\": {\n  \"@type\": \"Country\",\n  \"name\": \"Portugal\"\n },\n \"parentOrganization\": {\n  \"@id\": \"https:\/\/oceancamper.com\/#organization\"\n }\n}<\/script>\t\t\t\t<\/div>\n\t\t\t\t<\/div>\n\t\t\t\t\t<\/div>\n\t\t<\/div>\n\t\t\t\t\t<\/div>\n\t\t<\/section>\n\t\t\t\t<\/div>\n\t\t","protected":false},"excerpt":{"rendered":"<p>Wynajem kampera Portugalia Twoja beztroska wycieczka samochodowa zaczyna si\u0119 w\u0142a\u015bnie tutaj W pe\u0142ni wyposa\u017cone minikampery, na tyle ma\u0142e, \u017ce mo\u017cna je zaparkowa\u0107 gdziekolwiek. Odbi\u00f3r w Faro lub Lizbonie, a potem ruszaj, gdzie tylko chcesz. Sprawd\u017a dost\u0119pno\u015b\u0107 5.0\u2605 Ocena Google Ponad 450 recenzji W pe\u0142ni wyposa\u017cony W zestawie zestaw po\u015bcieli i nie tylko Od dw\u00f3ch nocy [&hellip;]<\/p>\n","protected":false},"author":1,"featured_media":231464,"parent":0,"menu_order":0,"comment_status":"closed","ping_status":"closed","template":"elementor_header_footer","meta":{"om_disable_all_campaigns":false,"footnotes":""},"class_list":["post-161692","page","type-page","status-publish","has-post-thumbnail","hentry"],"aioseo_notices":[],"aioseo_head":"\n\t\t<!-- All in One SEO 4.9.10 - aioseo.com -->\n\t<meta name=\"description\" content=\"Campervan wynajem Portugalia z odbiorem w Faro lub Lizbonie. W pe\u0142ni wyposa\u017cone mini kampery dla par. Rozpocznij swoj\u0105 elastyczn\u0105 podr\u00f3\u017c po Algarve ju\u017c dzi\u015b.\" \/>\n\t<meta name=\"robots\" content=\"max-image-preview:large\" \/>\n\t<link rel=\"canonical\" href=\"https:\/\/oceancamper.com\/\" \/>\n\t<meta name=\"generator\" content=\"All in One SEO (AIOSEO) 4.9.10\" \/>\n\t\t<meta property=\"og:locale\" content=\"pl_PL\" \/>\n\t\t<meta property=\"og:site_name\" content=\"Ocean Camper - Campervan Rental in Faro, Portugal\" \/>\n\t\t<meta property=\"og:type\" content=\"article\" \/>\n\t\t<meta property=\"og:title\" content=\"Wynajem kampera Portugalia | Niedrogie i w pe\u0142ni wyposa\u017cone kampery\" \/>\n\t\t<meta property=\"og:description\" content=\"Odkryj Portugali\u0119 z Ocean Camper. W pe\u0142ni wyposa\u017cone mini kampery, bezkonkurencyjne ceny i 5\u2b50 opinii. Bezp\u0142atny odbi\u00f3r w pobli\u017cu lotniska Faro. Zarezerwuj swoj\u0105 przygod\u0119 ju\u017c dzi\u015b!\" \/>\n\t\t<meta property=\"og:url\" content=\"https:\/\/oceancamper.com\/\" \/>\n\t\t<meta property=\"og:image\" content=\"https:\/\/oceancamper.com\/wp-content\/uploads\/2026\/02\/campervan-road-trip-portugal-atlantic-cliffs.webp\" \/>\n\t\t<meta property=\"og:image:secure_url\" content=\"https:\/\/oceancamper.com\/wp-content\/uploads\/2026\/02\/campervan-road-trip-portugal-atlantic-cliffs.webp\" \/>\n\t\t<meta property=\"og:image:width\" content=\"2560\" \/>\n\t\t<meta property=\"og:image:height\" content=\"1706\" \/>\n\t\t<meta property=\"article:published_time\" content=\"2022-01-26T18:39:36+00:00\" \/>\n\t\t<meta property=\"article:modified_time\" content=\"2026-09-05T20:12:18+00:00\" \/>\n\t\t<meta property=\"article:publisher\" content=\"https:\/\/www.facebook.com\/oceancamper\/\" \/>\n\t\t<meta name=\"twitter:card\" content=\"summary\" \/>\n\t\t<meta name=\"twitter:site\" content=\"@Ocean_Camper\" \/>\n\t\t<meta name=\"twitter:title\" content=\"Wynajem kampera Portugalia | Niedrogi wynajem kamper\u00f3w Algarve\" \/>\n\t\t<meta name=\"twitter:description\" content=\"Zwiedzaj Portugali\u0119 w pe\u0142ni wyposa\u017conych minikamperach. Bezp\u0142atny odbi\u00f3r z lotniska w Faro i Lizbonie, bezkonkurencyjne ceny i 5\u2b50 opinii. Rozpocznij swoj\u0105 podr\u00f3\u017c z Ocean Camper!\" \/>\n\t\t<meta name=\"twitter:creator\" content=\"@Ocean_Camper\" \/>\n\t\t<meta name=\"twitter:image\" content=\"https:\/\/oceancamper.com\/wp-content\/uploads\/2026\/02\/campervan-road-trip-portugal-atlantic-cliffs.webp\" \/>\n\t\t<script type=\"application\/ld+json\" class=\"aioseo-schema\">\n\t\t\t{\"@context\":\"https:\\\/\\\/schema.org\",\"@graph\":[{\"@type\":\"BreadcrumbList\",\"@id\":\"https:\\\/\\\/oceancamper.com\\\/pl\\\/#breadcrumblist\",\"itemListElement\":[{\"@type\":\"ListItem\",\"@id\":\"https:\\\/\\\/oceancamper.com\\\/pl\\\/#listItem\",\"position\":1,\"name\":\"Home\",\"item\":\"https:\\\/\\\/oceancamper.com\\\/pl\\\/\",\"nextItem\":{\"@type\":\"ListItem\",\"@id\":\"https:\\\/\\\/oceancamper.com\\\/pl\\\/#listItem\",\"name\":\"Wynajem kampera Portugalia. Twoja \\u0142atwa podr\\u00f3\\u017c zaczyna si\\u0119 tutaj!\"}},{\"@type\":\"ListItem\",\"@id\":\"https:\\\/\\\/oceancamper.com\\\/pl\\\/#listItem\",\"position\":2,\"name\":\"Wynajem kampera Portugalia. Twoja \\u0142atwa podr\\u00f3\\u017c zaczyna si\\u0119 tutaj!\",\"previousItem\":{\"@type\":\"ListItem\",\"@id\":\"https:\\\/\\\/oceancamper.com\\\/pl\\\/#listItem\",\"name\":\"Home\"}}]},{\"@type\":\"Organization\",\"@id\":\"https:\\\/\\\/oceancamper.com\\\/pl\\\/#organization\",\"name\":\"Ocean Camper\",\"description\":\"Ocean Camper provides affordable campervan rental in Portugal with fully equipped campervans for up to three people, available in Faro and Lisbon for flexible road trips.\",\"url\":\"https:\\\/\\\/oceancamper.com\\\/pl\\\/\",\"email\":\"info@oceancamper.com\",\"telephone\":\"+351920301044\",\"foundingDate\":\"2017-04-19\",\"numberOfEmployees\":{\"@type\":\"QuantitativeValue\",\"minValue\":0,\"maxValue\":10},\"logo\":{\"@type\":\"ImageObject\",\"url\":\"https:\\\/\\\/oceancamper.com\\\/wp-content\\\/uploads\\\/2022\\\/01\\\/Asset-5.png\",\"@id\":\"https:\\\/\\\/oceancamper.com\\\/pl\\\/#organizationLogo\",\"width\":662,\"height\":291,\"caption\":\"Ocean Camper logo\"},\"image\":{\"@id\":\"https:\\\/\\\/oceancamper.com\\\/pl\\\/#organizationLogo\"},\"sameAs\":[\"https:\\\/\\\/www.facebook.com\\\/oceancamper\\\/\",\"https:\\\/\\\/x.com\\\/Ocean_Camper\",\"https:\\\/\\\/www.instagram.com\\\/oceancamper.vans\\\/\",\"https:\\\/\\\/www.tiktok.com\\\/@oceancamper.vans\",\"https:\\\/\\\/www.youtube.com\\\/@oceancamper\",\"https:\\\/\\\/www.linkedin.com\\\/company\\\/oceancamper\\\/\",\"https:\\\/\\\/www.trustpilot.com\\\/review\\\/oceancamper.com\"]},{\"@type\":\"WebPage\",\"@id\":\"https:\\\/\\\/oceancamper.com\\\/pl\\\/#webpage\",\"url\":\"https:\\\/\\\/oceancamper.com\\\/pl\\\/\",\"name\":\"Wynajem kampera Portugalia \\u2013 Twoja wygodna podr\\u00f3\\u017c samochodem zaczyna si\\u0119 w\\u0142a\\u015bnie tutaj!\",\"description\":\"Campervan wynajem Portugalia z odbiorem w Faro lub Lizbonie. W pe\\u0142ni wyposa\\u017cone mini kampery dla par. Rozpocznij swoj\\u0105 elastyczn\\u0105 podr\\u00f3\\u017c po Algarve ju\\u017c dzi\\u015b.\",\"inLanguage\":\"pl-PL\",\"isPartOf\":{\"@id\":\"https:\\\/\\\/oceancamper.com\\\/pl\\\/#website\"},\"breadcrumb\":{\"@id\":\"https:\\\/\\\/oceancamper.com\\\/pl\\\/#breadcrumblist\"},\"image\":{\"@type\":\"ImageObject\",\"url\":\"https:\\\/\\\/oceancamper.com\\\/wp-content\\\/uploads\\\/2026\\\/02\\\/campervan-rental-portugal-ocean-camper.webp\",\"@id\":\"https:\\\/\\\/oceancamper.com\\\/pl\\\/#mainImage\",\"width\":1200,\"height\":900,\"caption\":\"W pe\\u0142ni wyposa\\u017cony mini campervan wynajmowany w Portugalii przez Ocean Camper.\"},\"primaryImageOfPage\":{\"@id\":\"https:\\\/\\\/oceancamper.com\\\/pl\\\/#mainImage\"},\"datePublished\":\"2022-01-26T18:39:36+00:00\",\"dateModified\":\"2026-09-05T20:12:18+00:00\"},{\"@type\":\"WebSite\",\"@id\":\"https:\\\/\\\/oceancamper.com\\\/pl\\\/#website\",\"url\":\"https:\\\/\\\/oceancamper.com\\\/pl\\\/\",\"name\":\"Ocean Camper\",\"alternateName\":\"Ocean Camper Portugal\",\"description\":\"Campervan Rental in Faro, Portugal\",\"inLanguage\":\"pl-PL\",\"publisher\":{\"@id\":\"https:\\\/\\\/oceancamper.com\\\/pl\\\/#organization\"}}]}\n\t\t<\/script>\n\t\t<!-- All in One SEO -->\n\n","aioseo_head_json":{"title":"Wynajem kampera Portugalia \u2013 Twoja wygodna podr\u00f3\u017c samochodem zaczyna si\u0119 w\u0142a\u015bnie tutaj!","description":"Campervan wynajem Portugalia z odbiorem w Faro lub Lizbonie. W pe\u0142ni wyposa\u017cone mini kampery dla par. Rozpocznij swoj\u0105 elastyczn\u0105 podr\u00f3\u017c po Algarve ju\u017c dzi\u015b.","canonical_url":"https:\/\/oceancamper.com\/","robots":"max-image-preview:large","keywords":"","webmasterTools":{"miscellaneous":""},"schema":{"@context":"https:\/\/schema.org","@graph":[{"@type":"BreadcrumbList","@id":"https:\/\/oceancamper.com\/pl\/#breadcrumblist","itemListElement":[{"@type":"ListItem","@id":"https:\/\/oceancamper.com\/pl\/#listItem","position":1,"name":"Home","item":"https:\/\/oceancamper.com\/pl\/","nextItem":{"@type":"ListItem","@id":"https:\/\/oceancamper.com\/pl\/#listItem","name":"Wynajem kampera Portugalia. Twoja \u0142atwa podr\u00f3\u017c zaczyna si\u0119 tutaj!"}},{"@type":"ListItem","@id":"https:\/\/oceancamper.com\/pl\/#listItem","position":2,"name":"Wynajem kampera Portugalia. Twoja \u0142atwa podr\u00f3\u017c zaczyna si\u0119 tutaj!","previousItem":{"@type":"ListItem","@id":"https:\/\/oceancamper.com\/pl\/#listItem","name":"Home"}}]},{"@type":"Organization","@id":"https:\/\/oceancamper.com\/pl\/#organization","name":"Ocean Camper","description":"Ocean Camper provides affordable campervan rental in Portugal with fully equipped campervans for up to three people, available in Faro and Lisbon for flexible road trips.","url":"https:\/\/oceancamper.com\/pl\/","email":"info@oceancamper.com","telephone":"+351920301044","foundingDate":"2017-04-19","numberOfEmployees":{"@type":"QuantitativeValue","minValue":0,"maxValue":10},"logo":{"@type":"ImageObject","url":"https:\/\/oceancamper.com\/wp-content\/uploads\/2022\/01\/Asset-5.png","@id":"https:\/\/oceancamper.com\/pl\/#organizationLogo","width":662,"height":291,"caption":"Ocean Camper logo"},"image":{"@id":"https:\/\/oceancamper.com\/pl\/#organizationLogo"},"sameAs":["https:\/\/www.facebook.com\/oceancamper\/","https:\/\/x.com\/Ocean_Camper","https:\/\/www.instagram.com\/oceancamper.vans\/","https:\/\/www.tiktok.com\/@oceancamper.vans","https:\/\/www.youtube.com\/@oceancamper","https:\/\/www.linkedin.com\/company\/oceancamper\/","https:\/\/www.trustpilot.com\/review\/oceancamper.com"]},{"@type":"WebPage","@id":"https:\/\/oceancamper.com\/pl\/#webpage","url":"https:\/\/oceancamper.com\/pl\/","name":"Wynajem kampera Portugalia \u2013 Twoja wygodna podr\u00f3\u017c samochodem zaczyna si\u0119 w\u0142a\u015bnie tutaj!","description":"Campervan wynajem Portugalia z odbiorem w Faro lub Lizbonie. W pe\u0142ni wyposa\u017cone mini kampery dla par. Rozpocznij swoj\u0105 elastyczn\u0105 podr\u00f3\u017c po Algarve ju\u017c dzi\u015b.","inLanguage":"pl-PL","isPartOf":{"@id":"https:\/\/oceancamper.com\/pl\/#website"},"breadcrumb":{"@id":"https:\/\/oceancamper.com\/pl\/#breadcrumblist"},"image":{"@type":"ImageObject","url":"https:\/\/oceancamper.com\/wp-content\/uploads\/2026\/02\/campervan-rental-portugal-ocean-camper.webp","@id":"https:\/\/oceancamper.com\/pl\/#mainImage","width":1200,"height":900,"caption":"W pe\u0142ni wyposa\u017cony mini campervan wynajmowany w Portugalii przez Ocean Camper."},"primaryImageOfPage":{"@id":"https:\/\/oceancamper.com\/pl\/#mainImage"},"datePublished":"2022-01-26T18:39:36+00:00","dateModified":"2026-09-05T20:12:18+00:00"},{"@type":"WebSite","@id":"https:\/\/oceancamper.com\/pl\/#website","url":"https:\/\/oceancamper.com\/pl\/","name":"Ocean Camper","alternateName":"Ocean Camper Portugal","description":"Campervan Rental in Faro, Portugal","inLanguage":"pl-PL","publisher":{"@id":"https:\/\/oceancamper.com\/pl\/#organization"}}]},"og:locale":"pl_PL","og:site_name":"Ocean Camper - Campervan Rental in Faro, Portugal","og:type":"article","og:title":"Wynajem kampera Portugalia | Niedrogie i w pe\u0142ni wyposa\u017cone kampery","og:description":"Odkryj Portugali\u0119 z Ocean Camper. W pe\u0142ni wyposa\u017cone mini kampery, bezkonkurencyjne ceny i 5\u2b50 opinii. Bezp\u0142atny odbi\u00f3r w pobli\u017cu lotniska Faro. Zarezerwuj swoj\u0105 przygod\u0119 ju\u017c dzi\u015b!","og:url":"https:\/\/oceancamper.com\/","og:image":"https:\/\/oceancamper.com\/wp-content\/uploads\/2026\/02\/campervan-road-trip-portugal-atlantic-cliffs.webp","og:image:secure_url":"https:\/\/oceancamper.com\/wp-content\/uploads\/2026\/02\/campervan-road-trip-portugal-atlantic-cliffs.webp","og:image:width":2560,"og:image:height":1706,"article:published_time":"2022-01-26T18:39:36+00:00","article:modified_time":"2026-09-05T20:12:18+00:00","article:publisher":"https:\/\/www.facebook.com\/oceancamper\/","twitter:card":"summary","twitter:site":"@Ocean_Camper","twitter:title":"Wynajem kampera Portugalia | Niedrogi wynajem kamper\u00f3w Algarve","twitter:description":"Zwiedzaj Portugali\u0119 w pe\u0142ni wyposa\u017conych minikamperach. Bezp\u0142atny odbi\u00f3r z lotniska w Faro i Lizbonie, bezkonkurencyjne ceny i 5\u2b50 opinii. Rozpocznij swoj\u0105 podr\u00f3\u017c z Ocean Camper!","twitter:creator":"@Ocean_Camper","twitter:image":"https:\/\/oceancamper.com\/wp-content\/uploads\/2026\/02\/campervan-road-trip-portugal-atlantic-cliffs.webp"},"aioseo_meta_data":{"post_id":"161692","title":"Wynajem kampera Portugalia \u2013 Twoja wygodna podr\u00f3\u017c samochodem zaczyna si\u0119 w\u0142a\u015bnie tutaj!","description":"Campervan wynajem Portugalia z odbiorem w Faro lub Lizbonie. W pe\u0142ni wyposa\u017cone mini kampery dla par. Rozpocznij swoj\u0105 elastyczn\u0105 podr\u00f3\u017c po Algarve ju\u017c dzi\u015b.  ","keywords":null,"keyphrases":{"focus":{"keyphrase":"Campervan Rental Portugal","score":67,"analysis":{"keyphraseInTitle":{"score":9,"maxScore":9,"error":0},"keyphraseInDescription":{"score":9,"maxScore":9,"error":0},"keyphraseLength":{"score":9,"maxScore":9,"error":0,"length":3},"keyphraseInIntroduction":{"score":3,"maxScore":9,"error":1},"keyphraseInSubHeadings":{"score":3,"maxScore":9,"error":1},"keyphraseInImageAlt":{"score":9,"maxScore":9,"error":0},"keywordDensity":{"score":0,"type":"low","maxScore":9,"error":1}}},"additional":[{"keyphrase":"mini campervan Portugal","score":53,"analysis":{"keyphraseInDescription":{"score":3,"maxScore":9,"error":1},"keyphraseLength":{"score":9,"maxScore":9,"error":0,"length":3},"keyphraseInIntroduction":{"score":3,"maxScore":9,"error":1},"keyphraseInImageAlt":{"score":9,"maxScore":9,"error":0},"keywordDensity":{"score":0,"type":"low","maxScore":9,"error":1}}},{"keyphrase":"campervan hire Faro","score":53,"analysis":{"keyphraseInDescription":{"score":3,"maxScore":9,"error":1},"keyphraseLength":{"score":9,"maxScore":9,"error":0,"length":3},"keyphraseInIntroduction":{"score":3,"maxScore":9,"error":1},"keyphraseInImageAlt":{"score":9,"maxScore":9,"error":0},"keywordDensity":{"score":0,"type":"low","maxScore":9,"error":1}}},{"keyphrase":"budget campervan rental","score":53,"analysis":{"keyphraseInDescription":{"score":3,"maxScore":9,"error":1},"keyphraseLength":{"score":9,"maxScore":9,"error":0,"length":3},"keyphraseInIntroduction":{"score":3,"maxScore":9,"error":1},"keyphraseInImageAlt":{"score":9,"maxScore":9,"error":0},"keywordDensity":{"score":0,"type":"low","maxScore":9,"error":1}}},{"keyphrase":"best campervan rental Faro","score":40,"analysis":{"keyphraseInDescription":{"score":3,"maxScore":9,"error":1},"keyphraseLength":{"score":9,"maxScore":9,"error":0,"length":4},"keyphraseInIntroduction":{"score":3,"maxScore":9,"error":1},"keyphraseInImageAlt":{"score":3,"maxScore":9,"error":1},"keywordDensity":{"score":0,"type":"low","maxScore":9,"error":1}}}]},"primary_term":null,"canonical_url":"https:\/\/oceancamper.com\/","og_title":"Wynajem kampera Portugalia | Niedrogie i w pe\u0142ni wyposa\u017cone kampery","og_description":"Odkryj Portugali\u0119 z Ocean Camper. W pe\u0142ni wyposa\u017cone mini kampery, bezkonkurencyjne ceny i 5\u2b50 opinii. Bezp\u0142atny odbi\u00f3r w pobli\u017cu lotniska Faro. Zarezerwuj swoj\u0105 przygod\u0119 ju\u017c dzi\u015b!   ","og_object_type":"default","og_image_type":"custom_image","og_image_url":"https:\/\/oceancamper.com\/wp-content\/uploads\/2026\/02\/campervan-road-trip-portugal-atlantic-cliffs.webp","og_image_width":"662","og_image_height":"291","og_image_custom_url":"https:\/\/oceancamper.com\/wp-content\/uploads\/2026\/02\/campervan-road-trip-portugal-atlantic-cliffs.webp","og_image_custom_fields":null,"og_video":"","og_custom_url":null,"og_article_section":null,"og_article_tags":null,"twitter_use_og":false,"twitter_card":"default","twitter_image_type":"custom_image","twitter_image_url":"https:\/\/oceancamper.com\/wp-content\/uploads\/2026\/02\/campervan-road-trip-portugal-atlantic-cliffs.webp","twitter_image_custom_url":"https:\/\/oceancamper.com\/wp-content\/uploads\/2026\/02\/campervan-road-trip-portugal-atlantic-cliffs.webp","twitter_image_custom_fields":null,"twitter_title":"Wynajem kampera Portugalia | Niedrogi wynajem kamper\u00f3w Algarve","twitter_description":"Zwiedzaj Portugali\u0119 w pe\u0142ni wyposa\u017conych minikamperach. Bezp\u0142atny odbi\u00f3r z lotniska w Faro i Lizbonie, bezkonkurencyjne ceny i 5\u2b50 opinii. Rozpocznij swoj\u0105 podr\u00f3\u017c z Ocean Camper!  ","schema":{"blockGraphs":[],"customGraphs":[{"id":"#aioseo-custom-milxju6h","custom":true,"graphName":"Review Schema","schema":"{\"@type\":\"Organization\",\"@id\":\"https:\/\/oceancamper.com\/#organization\",\"name\":\"Ocean Camper\",\"url\":\"https:\/\/oceancamper.com\/\",\"logo\":\"https:\/\/oceancamper.com\/wp-content\/uploads\/2022\/01\/campervan-home-section-min-1.jpg\",\"image\":\"https:\/\/oceancamper.com\/wp-content\/uploads\/2022\/01\/campervan-home-section-min-1.jpg\",\"email\":\"info@oceancamper.com\",\"telephone\":\"+351920301044\",\"address\":{\"@type\":\"PostalAddress\",\"streetAddress\":\"Rua Aquilino Ribeiro 124\",\"addressLocality\":\"Faro\",\"postalCode\":\"8005-177\",\"addressCountry\":\"PT\"},\"aggregateRating\":{\"@type\":\"AggregateRating\",\"ratingValue\":\"5.0\",\"reviewCount\":\"450\",\"bestRating\":\"5\",\"worstRating\":\"1\"}}"},{"id":"#aioseo-custom-localbusiness","custom":true,"graphName":"Local Business","schema":"{\"@type\":\"AutoRental\",\"@id\":\"https:\/\/oceancamper.com\/#localbusiness\",\"name\":\"Ocean Camper\",\"description\":\"Family-run campervan rental in Portugal. Fully equipped mini campervans collected 2 km from Faro Airport or at Lisbon-Montijo.\",\"url\":\"https:\/\/oceancamper.com\/\",\"image\":\"https:\/\/oceancamper.com\/wp-content\/uploads\/2026\/02\/campervan-road-trip-portugal-atlantic-cliffs.webp\",\"logo\":\"https:\/\/oceancamper.com\/wp-content\/uploads\/2022\/01\/cat.png\",\"email\":\"info@oceancamper.com\",\"telephone\":\"+351920301044\",\"priceRange\":\"\u20ac39-\u20ac129\",\"currenciesAccepted\":\"EUR\",\"address\":{\"@type\":\"PostalAddress\",\"streetAddress\":\"Rua Aquilino Ribeiro 124\",\"addressLocality\":\"Faro\",\"postalCode\":\"8005-177\",\"addressRegion\":\"Algarve\",\"addressCountry\":\"PT\"},\"areaServed\":{\"@type\":\"Country\",\"name\":\"Portugal\"},\"parentOrganization\":{\"@id\":\"https:\/\/oceancamper.com\/#organization\"}}"}],"default":{"data":{"Article":[],"Course":[],"Dataset":[],"FAQPage":[],"Movie":[],"Person":[],"Product":[],"ProductReview":[],"Car":[],"Recipe":[],"Service":[],"SoftwareApplication":[],"WebPage":{"id":"aioseo-web-page-6394f5e33259e","slug":"web-page","graphName":"WebPage","label":"Web Page","properties":{"type":"WebPage","name":"","description":""}}},"graphName":"WebPage","isEnabled":false},"graphs":[{"id":"#aioseo-service-mi7l2g58","slug":"service","graphName":"Service","label":"Service - landing page","properties":{"name":"Campervan Rental Portugal","description":"Fully equipped mini campervans for hire in Portugal, collected in Faro or Lisbon-Montijo. Family-run since 2017.","serviceType":"Campervan Rental \/ Camper Hire \/ Motorhome Hire","price":"39","currency":"EUR","image":"https:\/\/oceancamper.com\/wp-content\/uploads\/2022\/01\/bg-why-book-with-us-min-1.jpg","provider":{"name":"Ocean Camper","url":"https:\/\/oceancamper.com","image":"https:\/\/oceancamper.com\/wp-content\/uploads\/2022\/01\/Asset-5.png"}},"value":"service"}]},"schema_type":"default","schema_type_options":"{\"article\":{\"articleType\":\"BlogPosting\"},\"course\":{\"name\":\"\",\"description\":\"\",\"provider\":\"\"},\"faq\":{\"pages\":[]},\"product\":{\"reviews\":[]},\"recipe\":{\"ingredients\":[],\"instructions\":[],\"keywords\":[]},\"software\":{\"reviews\":[],\"operatingSystems\":[]},\"webPage\":{\"webPageType\":\"WebPage\"}}","pillar_content":false,"robots_default":true,"robots_noindex":false,"robots_noarchive":false,"robots_nosnippet":false,"robots_nofollow":false,"robots_noimageindex":false,"robots_noodp":false,"robots_notranslate":false,"robots_max_snippet":"-1","robots_max_videopreview":"-1","robots_max_imagepreview":"large","priority":1,"frequency":"weekly","local_seo":null,"seo_analyzer_scan_date":null,"breadcrumb_settings":null,"limit_modified_date":false,"open_ai":"{\"title\":{\"suggestions\":[],\"usage\":0},\"description\":{\"suggestions\":[],\"usage\":0}}","ai":{"faqs":[],"keyPoints":[],"schemas":[],"titles":[],"descriptions":[],"socialPosts":{"email":[],"linkedin":[],"twitter":[],"facebook":[],"instagram":[]}},"created":"2025-03-14 08:57:09","updated":"2026-09-06 05:12:16"},"aioseo_breadcrumb":"<div class=\"aioseo-breadcrumbs\"><span class=\"aioseo-breadcrumb\">\n\t\t\t<a href=\"https:\/\/oceancamper.com\/pl\/\" title=\"Home\">Home<\/a>\n\t\t<\/span><span class=\"aioseo-breadcrumb-separator\">\u00bb<\/span><span class=\"aioseo-breadcrumb\">\n\t\t\tWynajem kampera Portugalia. Twoja \u0142atwa podr\u00f3\u017c zaczyna si\u0119 tutaj!\n\t\t<\/span><\/div>","aioseo_breadcrumb_json":[{"label":"Home","link":"https:\/\/oceancamper.com\/pl\/"},{"label":"Wynajem kampera Portugalia. Twoja \u0142atwa podr\u00f3\u017c zaczyna si\u0119 tutaj!","link":"https:\/\/oceancamper.com\/pl\/"}],"_links":{"self":[{"href":"https:\/\/oceancamper.com\/pl\/wp-json\/wp\/v2\/pages\/161692","targetHints":{"allow":["GET"]}}],"collection":[{"href":"https:\/\/oceancamper.com\/pl\/wp-json\/wp\/v2\/pages"}],"about":[{"href":"https:\/\/oceancamper.com\/pl\/wp-json\/wp\/v2\/types\/page"}],"author":[{"embeddable":true,"href":"https:\/\/oceancamper.com\/pl\/wp-json\/wp\/v2\/users\/1"}],"replies":[{"embeddable":true,"href":"https:\/\/oceancamper.com\/pl\/wp-json\/wp\/v2\/comments?post=161692"}],"version-history":[{"count":154,"href":"https:\/\/oceancamper.com\/pl\/wp-json\/wp\/v2\/pages\/161692\/revisions"}],"predecessor-version":[{"id":276643,"href":"https:\/\/oceancamper.com\/pl\/wp-json\/wp\/v2\/pages\/161692\/revisions\/276643"}],"wp:featuredmedia":[{"embeddable":true,"href":"https:\/\/oceancamper.com\/pl\/wp-json\/wp\/v2\/media\/231464"}],"wp:attachment":[{"href":"https:\/\/oceancamper.com\/pl\/wp-json\/wp\/v2\/media?parent=161692"}],"curies":[{"name":"wp","href":"https:\/\/api.w.org\/{rel}","templated":true}]}}