{"id":232104,"date":"2026-02-20T16:31:06","date_gmt":"2026-02-20T16:31:06","guid":{"rendered":"https:\/\/oceancamper.com\/lakokocsi-berles-faro-konnyu-kirandulasok-algarve-ban\/"},"modified":"2026-09-01T16:47:05","modified_gmt":"2026-09-01T16:47:05","slug":"trustpilot-ocean-camper-legjobb-ertekeles","status":"publish","type":"page","link":"https:\/\/oceancamper.com\/hu\/lakobuszberles\/trustpilot-ocean-camper-legjobb-ertekeles\/","title":{"rendered":"Campervan b\u00e9rl\u00e9s Faro-ban: K\u00f6nny\u0171 aut\u00f3s kir\u00e1ndul\u00e1sok az Algarve-on"},"content":{"rendered":"\t\t<div data-elementor-type=\"wp-page\" data-elementor-id=\"232104\" class=\"elementor elementor-232104 elementor-230879\" data-elementor-post-type=\"page\">\n\t\t\t\t\t\t<section class=\"elementor-section elementor-top-section elementor-element elementor-element-37576ba2 elementor-section-height-min-height elementor-section-stretched elementor-section-content-middle elementor-section-boxed elementor-section-height-default elementor-section-items-middle\" data-id=\"37576ba2\" data-element_type=\"section\" data-e-type=\"section\" data-settings=\"{&quot;stretch_section&quot;:&quot;section-stretched&quot;,&quot;background_background&quot;:&quot;classic&quot;}\">\n\t\t\t\t\t\t\t<div class=\"elementor-background-overlay\"><\/div>\n\t\t\t\t\t\t\t<div class=\"elementor-container elementor-column-gap-default\">\n\t\t\t\t\t<div class=\"elementor-column elementor-col-100 elementor-top-column elementor-element elementor-element-3be47529\" data-id=\"3be47529\" data-element_type=\"column\" data-e-type=\"column\">\n\t\t\t<div class=\"elementor-widget-wrap elementor-element-populated\">\n\t\t\t\t\t\t<div class=\"elementor-element elementor-element-415b3fea elementor-widget elementor-widget-heading\" data-id=\"415b3fea\" data-element_type=\"widget\" data-e-type=\"widget\" data-widget_type=\"heading.default\">\n\t\t\t\t<div class=\"elementor-widget-container\">\n\t\t\t\t\t<h1 class=\"elementor-heading-title elementor-size-default\">Campervan b\u00e9rl\u00e9s Faro<\/h1>\t\t\t\t<\/div>\n\t\t\t\t<\/div>\n\t\t\t\t<div class=\"elementor-element elementor-element-2d59b795 elementor-widget elementor-widget-heading\" data-id=\"2d59b795\" data-element_type=\"widget\" data-e-type=\"widget\" data-widget_type=\"heading.default\">\n\t\t\t\t<div class=\"elementor-widget-container\">\n\t\t\t\t\t<p class=\"elementor-heading-title elementor-size-default\">2 km-re a rep\u00fcl\u0151t\u00e9rt\u0151l. Foglaljon online, jelentkezzen be m\u00e9g ma! <\/p>\t\t\t\t<\/div>\n\t\t\t\t<\/div>\n\t\t\t\t\t<\/div>\n\t\t<\/div>\n\t\t\t\t\t<\/div>\n\t\t<\/section>\n\t\t\t\t<section class=\"elementor-section elementor-top-section elementor-element elementor-element-7583ce89 elementor-section-stretched elementor-section-boxed elementor-section-height-default elementor-section-height-default\" data-id=\"7583ce89\" data-element_type=\"section\" data-e-type=\"section\" data-settings=\"{&quot;stretch_section&quot;:&quot;section-stretched&quot;,&quot;background_background&quot;:&quot;classic&quot;}\">\n\t\t\t\t\t\t<div class=\"elementor-container elementor-column-gap-default\">\n\t\t\t\t\t<div class=\"elementor-column elementor-col-100 elementor-top-column elementor-element elementor-element-1ed7fab9\" data-id=\"1ed7fab9\" data-element_type=\"column\" data-e-type=\"column\">\n\t\t\t<div class=\"elementor-widget-wrap elementor-element-populated\">\n\t\t\t\t\t\t<section class=\"elementor-section elementor-inner-section elementor-element elementor-element-3b165573 elementor-section-boxed elementor-section-height-default elementor-section-height-default\" data-id=\"3b165573\" data-element_type=\"section\" data-e-type=\"section\">\n\t\t\t\t\t\t<div class=\"elementor-container elementor-column-gap-default\">\n\t\t\t\t\t<div class=\"elementor-column elementor-col-100 elementor-inner-column elementor-element elementor-element-43798322 elementor-invisible\" data-id=\"43798322\" data-element_type=\"column\" data-e-type=\"column\" data-settings=\"{&quot;background_background&quot;:&quot;classic&quot;,&quot;animation&quot;:&quot;fadeIn&quot;}\">\n\t\t\t<div class=\"elementor-widget-wrap elementor-element-populated\">\n\t\t\t\t\t<div class=\"elementor-background-overlay\"><\/div>\n\t\t\t\t\t\t<div class=\"elementor-element elementor-element-6f8102bd elementor-view-framed elementor-position-inline-start keep-icon-box-left elementor-mobile-position-inline-start elementor-shape-circle elementor-widget elementor-widget-icon-box\" data-id=\"6f8102bd\" data-element_type=\"widget\" data-e-type=\"widget\" data-widget_type=\"icon-box.default\">\n\t\t\t\t<div class=\"elementor-widget-container\">\n\t\t\t\t\t\t\t<div class=\"elementor-icon-box-wrapper\">\n\n\t\t\t\t\t\t<div class=\"elementor-icon-box-icon\">\n\t\t\t\t<span  class=\"elementor-icon elementor-animation-pop\">\n\t\t\t\t<i aria-hidden=\"true\" class=\"fas fa-calendar-check\"><\/i>\t\t\t\t<\/span>\n\t\t\t<\/div>\n\t\t\t\n\t\t\t\t\t\t<div class=\"elementor-icon-box-content\">\n\n\t\t\t\t\t\t\t\t\t<h3 class=\"elementor-icon-box-title\">\n\t\t\t\t\t\t<span  >\n\t\t\t\t\t\t\tFoglaljon online, \u00e9s vegye \u00e1t m\u00e9g aznap\t\t\t\t\t\t<\/span>\n\t\t\t\t\t<\/h3>\n\t\t\t\t\n\t\t\t\t\n\t\t\t<\/div>\n\t\t\t\n\t\t<\/div>\n\t\t\t\t\t\t<\/div>\n\t\t\t\t<\/div>\n\t\t\t\t<div class=\"elementor-element elementor-element-be0fcc4 elementor-view-framed elementor-position-inline-start keep-icon-box-left elementor-mobile-position-inline-start elementor-shape-circle elementor-widget elementor-widget-icon-box\" data-id=\"be0fcc4\" data-element_type=\"widget\" data-e-type=\"widget\" data-widget_type=\"icon-box.default\">\n\t\t\t\t<div class=\"elementor-widget-container\">\n\t\t\t\t\t\t\t<div class=\"elementor-icon-box-wrapper\">\n\n\t\t\t\t\t\t<div class=\"elementor-icon-box-icon\">\n\t\t\t\t<span  class=\"elementor-icon elementor-animation-pop\">\n\t\t\t\t<i aria-hidden=\"true\" class=\"fas fa-plane-departure\"><\/i>\t\t\t\t<\/span>\n\t\t\t<\/div>\n\t\t\t\n\t\t\t\t\t\t<div class=\"elementor-icon-box-content\">\n\n\t\t\t\t\t\t\t\t\t<h3 class=\"elementor-icon-box-title\">\n\t\t\t\t\t\t<span  >\n\t\t\t\t\t\t\t2 km-re a Faro rep\u00fcl\u0151t\u00e9rt\u0151l\t\t\t\t\t\t<\/span>\n\t\t\t\t\t<\/h3>\n\t\t\t\t\n\t\t\t\t\n\t\t\t<\/div>\n\t\t\t\n\t\t<\/div>\n\t\t\t\t\t\t<\/div>\n\t\t\t\t<\/div>\n\t\t\t\t<div class=\"elementor-element elementor-element-2802f2cb elementor-view-framed elementor-position-inline-start keep-icon-box-left elementor-mobile-position-inline-start elementor-shape-circle elementor-widget elementor-widget-icon-box\" data-id=\"2802f2cb\" data-element_type=\"widget\" data-e-type=\"widget\" data-widget_type=\"icon-box.default\">\n\t\t\t\t<div class=\"elementor-widget-container\">\n\t\t\t\t\t\t\t<div class=\"elementor-icon-box-wrapper\">\n\n\t\t\t\t\t\t<div class=\"elementor-icon-box-icon\">\n\t\t\t\t<span  class=\"elementor-icon elementor-animation-pop\">\n\t\t\t\t<i aria-hidden=\"true\" class=\"fas fa-umbrella-beach\"><\/i>\t\t\t\t<\/span>\n\t\t\t<\/div>\n\t\t\t\n\t\t\t\t\t\t<div class=\"elementor-icon-box-content\">\n\n\t\t\t\t\t\t\t\t\t<h3 class=\"elementor-icon-box-title\">\n\t\t\t\t\t\t<span  >\n\t\t\t\t\t\t\tK\u00f6zvetlen hozz\u00e1f\u00e9r\u00e9s az algarvei strandokhoz\t\t\t\t\t\t<\/span>\n\t\t\t\t\t<\/h3>\n\t\t\t\t\n\t\t\t\t\n\t\t\t<\/div>\n\t\t\t\n\t\t<\/div>\n\t\t\t\t\t\t<\/div>\n\t\t\t\t<\/div>\n\t\t\t\t<div class=\"elementor-element elementor-element-610e756b elementor-view-framed elementor-position-inline-start keep-icon-box-left elementor-mobile-position-inline-start elementor-shape-circle elementor-widget elementor-widget-icon-box\" data-id=\"610e756b\" data-element_type=\"widget\" data-e-type=\"widget\" data-widget_type=\"icon-box.default\">\n\t\t\t\t<div class=\"elementor-widget-container\">\n\t\t\t\t\t\t\t<div class=\"elementor-icon-box-wrapper\">\n\n\t\t\t\t\t\t<div class=\"elementor-icon-box-icon\">\n\t\t\t\t<span  class=\"elementor-icon elementor-animation-pop\">\n\t\t\t\t<i aria-hidden=\"true\" class=\"fas fa-map-marked-alt\"><\/i>\t\t\t\t<\/span>\n\t\t\t<\/div>\n\t\t\t\n\t\t\t\t\t\t<div class=\"elementor-icon-box-content\">\n\n\t\t\t\t\t\t\t\t\t<h3 class=\"elementor-icon-box-title\">\n\t\t\t\t\t\t<span  >\n\t\t\t\t\t\t\tIde\u00e1lis Lagos, Sagres \u00e9s Costa Vicentina sz\u00e1m\u00e1ra\t\t\t\t\t\t<\/span>\n\t\t\t\t\t<\/h3>\n\t\t\t\t\n\t\t\t\t\n\t\t\t<\/div>\n\t\t\t\n\t\t<\/div>\n\t\t\t\t\t\t<\/div>\n\t\t\t\t<\/div>\n\t\t\t\t<div class=\"elementor-element elementor-element-5ee0f0a7 elementor-view-framed elementor-position-inline-start keep-icon-box-left elementor-mobile-position-inline-start elementor-shape-circle elementor-widget elementor-widget-icon-box\" data-id=\"5ee0f0a7\" data-element_type=\"widget\" data-e-type=\"widget\" data-widget_type=\"icon-box.default\">\n\t\t\t\t<div class=\"elementor-widget-container\">\n\t\t\t\t\t\t\t<div class=\"elementor-icon-box-wrapper\">\n\n\t\t\t\t\t\t<div class=\"elementor-icon-box-icon\">\n\t\t\t\t<span  class=\"elementor-icon elementor-animation-pop\">\n\t\t\t\t<i aria-hidden=\"true\" class=\"fas fa-water\"><\/i>\t\t\t\t<\/span>\n\t\t\t<\/div>\n\t\t\t\n\t\t\t\t\t\t<div class=\"elementor-icon-box-content\">\n\n\t\t\t\t\t\t\t\t\t<h3 class=\"elementor-icon-box-title\">\n\t\t\t\t\t\t<span  >\n\t\t\t\t\t\t\tT\u00f6k\u00e9letes sz\u00f6rf\u00f6z\u00e9shez \u00e9s tengerparti kir\u00e1ndul\u00e1sokhoz\t\t\t\t\t\t<\/span>\n\t\t\t\t\t<\/h3>\n\t\t\t\t\n\t\t\t\t\n\t\t\t<\/div>\n\t\t\t\n\t\t<\/div>\n\t\t\t\t\t\t<\/div>\n\t\t\t\t<\/div>\n\t\t\t\t<div class=\"elementor-element elementor-element-25d4625a elementor-view-framed elementor-position-inline-start keep-icon-box-left elementor-mobile-position-inline-start elementor-shape-circle elementor-widget elementor-widget-icon-box\" data-id=\"25d4625a\" data-element_type=\"widget\" data-e-type=\"widget\" data-widget_type=\"icon-box.default\">\n\t\t\t\t<div class=\"elementor-widget-container\">\n\t\t\t\t\t\t\t<div class=\"elementor-icon-box-wrapper\">\n\n\t\t\t\t\t\t<div class=\"elementor-icon-box-icon\">\n\t\t\t\t<span  class=\"elementor-icon elementor-animation-pop\">\n\t\t\t\t<i aria-hidden=\"true\" class=\"fas fa-compass\"><\/i>\t\t\t\t<\/span>\n\t\t\t<\/div>\n\t\t\t\n\t\t\t\t\t\t<div class=\"elementor-icon-box-content\">\n\n\t\t\t\t\t\t\t\t\t<h3 class=\"elementor-icon-box-title\">\n\t\t\t\t\t\t<span  >\n\t\t\t\t\t\t\tK\u00f6nny\u0171 kezd\u00e9s az algarvei kalandhoz\t\t\t\t\t\t<\/span>\n\t\t\t\t\t<\/h3>\n\t\t\t\t\n\t\t\t\t\n\t\t\t<\/div>\n\t\t\t\n\t\t<\/div>\n\t\t\t\t\t\t<\/div>\n\t\t\t\t<\/div>\n\t\t\t\t\t<\/div>\n\t\t<\/div>\n\t\t\t\t\t<\/div>\n\t\t<\/section>\n\t\t\t\t\t<\/div>\n\t\t<\/div>\n\t\t\t\t\t<\/div>\n\t\t<\/section>\n\t\t\t\t<section class=\"elementor-section elementor-top-section elementor-element elementor-element-51c01a00 elementor-section-stretched elementor-section-boxed elementor-section-height-default elementor-section-height-default\" data-id=\"51c01a00\" data-element_type=\"section\" data-e-type=\"section\" data-settings=\"{&quot;stretch_section&quot;:&quot;section-stretched&quot;,&quot;background_background&quot;:&quot;classic&quot;}\">\n\t\t\t\t\t\t<div class=\"elementor-container elementor-column-gap-default\">\n\t\t\t\t\t<div class=\"elementor-column elementor-col-100 elementor-top-column elementor-element elementor-element-16d2d75e\" data-id=\"16d2d75e\" data-element_type=\"column\" data-e-type=\"column\">\n\t\t\t<div class=\"elementor-widget-wrap elementor-element-populated\">\n\t\t\t\t\t\t<section class=\"elementor-section elementor-inner-section elementor-element elementor-element-5bfd86f8 elementor-section-boxed elementor-section-height-default elementor-section-height-default\" data-id=\"5bfd86f8\" data-element_type=\"section\" data-e-type=\"section\">\n\t\t\t\t\t\t<div class=\"elementor-container elementor-column-gap-default\">\n\t\t\t\t\t<div class=\"elementor-column elementor-col-50 elementor-inner-column elementor-element elementor-element-5c9374f1 elementor-invisible\" data-id=\"5c9374f1\" data-element_type=\"column\" data-e-type=\"column\" data-settings=\"{&quot;background_background&quot;:&quot;classic&quot;,&quot;animation&quot;:&quot;fadeIn&quot;}\">\n\t\t\t<div class=\"elementor-widget-wrap elementor-element-populated\">\n\t\t\t\t\t<div class=\"elementor-background-overlay\"><\/div>\n\t\t\t\t\t\t<div class=\"elementor-element elementor-element-a74a742 elementor-widget elementor-widget-heading\" data-id=\"a74a742\" data-element_type=\"widget\" data-e-type=\"widget\" data-widget_type=\"heading.default\">\n\t\t\t\t<div class=\"elementor-widget-container\">\n\t\t\t\t\t<h2 class=\"elementor-heading-title elementor-size-default\">Hol veheti \u00e1t lak\u00f3aut\u00f3j\u00e1t Far\u00f3ban<\/h2>\t\t\t\t<\/div>\n\t\t\t\t<\/div>\n\t\t\t\t<div class=\"elementor-element elementor-element-47c39c9 elementor-widget__width-initial elementor-widget elementor-widget-text-editor\" data-id=\"47c39c9\" data-element_type=\"widget\" data-e-type=\"widget\" data-widget_type=\"text-editor.default\">\n\t\t\t\t<div class=\"elementor-widget-container\">\n\t\t\t\t\t\t\t\t\t<p><strong>Rua Aquilino Ribeiro 124, 8005-177 Faro<\/strong><br\/>2 km-re a Faro rep\u00fcl\u0151t\u00e9rt\u0151l, taxival, Bolt-tal vagy Uberrel k\u00f6r\u00fclbel\u00fcl 5 perc alatt el\u00e9rhet\u0151, a fuvar \u00e1ra kb. 6 \u20ac. A Faro-i busz- \u00e9s vas\u00fat\u00e1llom\u00e1st\u00f3l k\u00f6r\u00fclbel\u00fcl 10 perc alatt el\u00e9rhet\u0151. <\/p><p><strong>Bejelentkez\u00e9s 14:00 \u00f3r\u00e1t\u00f3l b\u00e1rmikor. Kijelentkez\u00e9s 11:00 \u00f3r\u00e1ig b\u00e1rmikor. <\/strong>  A 17:30 ut\u00e1n t\u00f6rt\u00e9n\u0151 \u00e1tv\u00e9telek eset\u00e9n 20 eur\u00f3s \u00f6n\u00e1ll\u00f3 \u00e1tv\u00e9teli d\u00edjat sz\u00e1molunk fel. Az \u00e1tad\u00e1s k\u00f6r\u00fclbel\u00fcl 30 percet vesz ig\u00e9nybe: v\u00e9gigvezetj\u00fck \u00d6nt a kempingaut\u00f3n, bemutatjuk a konyha, a v\u00edz- \u00e9s a g\u00e1zrendszer m\u0171k\u00f6d\u00e9s\u00e9t, \u00e9s minden k\u00e9rd\u00e9s\u00e9re v\u00e1laszolunk, miel\u0151tt \u00fatnak indulna. <\/p><p>Ink\u00e1bb kihagyn\u00e1 a boltot? A Faro rep\u00fcl\u0151t\u00e9ren nyitvatart\u00e1si id\u0151n t\u00fal is ig\u00e9nybe veheti az \u00f6n\u00e1ll\u00f3 bejelentkez\u00e9st 49 \u20ac-\u00e9rt. <\/p>\t\t\t\t\t\t\t\t<\/div>\n\t\t\t\t<\/div>\n\t\t\t\t\t<\/div>\n\t\t<\/div>\n\t\t\t\t<div class=\"elementor-column elementor-col-50 elementor-inner-column elementor-element elementor-element-82dbc75\" data-id=\"82dbc75\" data-element_type=\"column\" data-e-type=\"column\">\n\t\t\t<div class=\"elementor-widget-wrap elementor-element-populated\">\n\t\t\t\t\t\t<div class=\"elementor-element elementor-element-5eab548 elementor-widget elementor-widget-html\" data-id=\"5eab548\" data-element_type=\"widget\" data-e-type=\"widget\" data-widget_type=\"html.default\">\n\t\t\t\t<div class=\"elementor-widget-container\">\n\t\t\t\t\t<style>\n.oc-map-box{font-family:'Poppins',sans-serif;text-align:center}\n.oc-map-box iframe{width:100%;height:380px;border:0;border-radius:18px;box-shadow:0 2px 18px rgba(30,52,64,.10);display:block}\n.oc-map-box .oc-dir{display:inline-block !important;width:auto !important;margin-top:14px;padding:11px 24px;border-radius:30px;background:#005CAA;color:#fff;font-weight:600;font-size:15px;text-decoration:none}\n.oc-map-box .oc-dir:hover{background:#004080;color:#fff}\n@media (max-width:767px){.oc-map-box iframe{height:300px}}\n<\/style>\n<div class=\"oc-map-box\">\n <iframe loading=\"lazy\" title=\"T\u00e9rk\u00e9p, amely az Ocean Camper lak\u00f3aut\u00f3 \u00e1tv\u00e9teli pontj\u00e1t mutatja a Rua Aquilino Ribeiro 124, Faro c\u00edmen\" src=\"https:\/\/maps.google.com\/maps?q=Ocean%20Camper%2C%20Rua%20Aquilino%20Ribeiro%20124%2C%208005-177%20Faro%2C%20Portugal&z=15&output=embed\"><\/iframe>\n <a class=\"oc-dir\" href=\"https:\/\/www.google.com\/maps\/dir\/?api=1&destination=Ocean%20Camper%2C%20Rua%20Aquilino%20Ribeiro%20124%2C%208005-177%20Faro%2C%20Portugal\" target=\"_blank\" rel=\"noopener\">\u00datvonalterv megnyit\u00e1sa a Google T\u00e9rk\u00e9pen<\/a>\n<\/div>\n<script type=\"application\/ld+json\">{\"@context\":\"https:\/\/schema.org\",\"@type\":\"AutoRental\",\"@id\":\"https:\/\/oceancamper.com\/campervan-rental\/faro\/#autorental\",\"name\":\"Ocean Camper - Campervan Rental Faro\",\"url\":\"https:\/\/oceancamper.com\/campervan-rental\/faro\/\",\"telephone\":\"+351920301044\",\"priceRange\":\"\u20ac\u20ac\",\"currenciesAccepted\":\"EUR\",\"address\":{\"@type\":\"PostalAddress\",\"streetAddress\":\"Rua Aquilino Ribeiro 124\",\"postalCode\":\"8005-177\",\"addressLocality\":\"Faro\",\"addressCountry\":\"PT\"},\"areaServed\":[\"Faro\",\"Algarve\",\"Lagos\",\"Sagres\",\"Costa Vicentina\"],\"openingHoursSpecification\":[{\"@type\":\"OpeningHoursSpecification\",\"dayOfWeek\":[\"Monday\",\"Tuesday\",\"Wednesday\",\"Thursday\",\"Friday\",\"Saturday\",\"Sunday\"],\"opens\":\"09:00\",\"closes\":\"17:30\"}],\"parentOrganization\":{\"@id\":\"https:\/\/oceancamper.com\/#organization\"}}<\/script>\t\t\t\t<\/div>\n\t\t\t\t<\/div>\n\t\t\t\t\t<\/div>\n\t\t<\/div>\n\t\t\t\t\t<\/div>\n\t\t<\/section>\n\t\t\t\t\t<\/div>\n\t\t<\/div>\n\t\t\t\t\t<\/div>\n\t\t<\/section>\n\t\t\t\t<section class=\"elementor-section elementor-top-section elementor-element elementor-element-37f28853 elementor-section-stretched elementor-section-boxed elementor-section-height-default elementor-section-height-default\" data-id=\"37f28853\" data-element_type=\"section\" data-e-type=\"section\" data-settings=\"{&quot;stretch_section&quot;:&quot;section-stretched&quot;,&quot;background_background&quot;:&quot;classic&quot;}\">\n\t\t\t\t\t\t<div class=\"elementor-container elementor-column-gap-default\">\n\t\t\t\t\t<div class=\"elementor-column elementor-col-100 elementor-top-column elementor-element elementor-element-1b5eeb4f\" data-id=\"1b5eeb4f\" data-element_type=\"column\" data-e-type=\"column\">\n\t\t\t<div class=\"elementor-widget-wrap elementor-element-populated\">\n\t\t\t\t\t\t<section class=\"elementor-section elementor-inner-section elementor-element elementor-element-401ac36f elementor-section-boxed elementor-section-height-default elementor-section-height-default\" data-id=\"401ac36f\" data-element_type=\"section\" data-e-type=\"section\">\n\t\t\t\t\t\t<div class=\"elementor-container elementor-column-gap-default\">\n\t\t\t\t\t<div class=\"elementor-column elementor-col-100 elementor-inner-column elementor-element elementor-element-444114de\" data-id=\"444114de\" data-element_type=\"column\" data-e-type=\"column\">\n\t\t\t<div class=\"elementor-widget-wrap elementor-element-populated\">\n\t\t\t\t\t\t<div class=\"elementor-element elementor-element-623ccb6e elementor-widget elementor-widget-heading\" data-id=\"623ccb6e\" data-element_type=\"widget\" data-e-type=\"widget\" data-widget_type=\"heading.default\">\n\t\t\t\t<div class=\"elementor-widget-container\">\n\t\t\t\t\t<h2 class=\"elementor-heading-title elementor-size-default\">Campervans Faro-ban<\/h2>\t\t\t\t<\/div>\n\t\t\t\t<\/div>\n\t\t\t\t<div class=\"elementor-element elementor-element-385b7b88 elementor-widget elementor-widget-text-editor\" data-id=\"385b7b88\" data-element_type=\"widget\" data-e-type=\"widget\" data-widget_type=\"text-editor.default\">\n\t\t\t\t<div class=\"elementor-widget-container\">\n\t\t\t\t\t\t\t\t\t<p>Campervan-k\u00f6lcs\u00f6nz\u00e9s Far\u00f3ban, egy kis csal\u00e1di v\u00e1llalkoz\u00e1s flott\u00e1j\u00e1b\u00f3l, amely a rep\u00fcl\u0151t\u00e9rt\u0151l 2 km-re tal\u00e1lhat\u00f3. Teljesen felszerelt mini Campervans, amelyek el\u00e9g kicsik ahhoz, hogy a v\u00e1rosban is le lehessen vel\u00fck parkolni, \u00e9s el\u00e9g alacsonyak ahhoz, hogy \u00e1tf\u00e9rjenek az Algarve-parti parkol\u00f3k k\u00e9t m\u00e9teres magass\u00e1gkorl\u00e1tai alatt. N\u00e9gy j\u00e1rm\u0171 k\u00e9t f\u0151 elsz\u00e1ll\u00e1sol\u00e1s\u00e1ra alkalmas, egy pedig h\u00e1rom f\u0151 elsz\u00e1ll\u00e1sol\u00e1s\u00e1ra.  <\/p><p>Ha Faro v\u00e1ros\u00e1ban lak\u00f3aut\u00f3- vagy kempingaut\u00f3-b\u00e9rl\u00e9st fontolgat, a mi j\u00e1rm\u0171veink jelentik a kompakt alternat\u00edv\u00e1t: k\u00f6nnyebb vel\u00fck parkolni az Algarve v\u00e1rosaiban, kevesebb \u00fczemanyagot fogyasztanak, \u00e9s a keskeny part menti utakon is k\u00f6nnyen vezethet\u0151k.<\/p><p>Ink\u00e1bb \u00e9szakabbra szeretn\u00e9l kezdeni? N\u00e9zd meg <a href=\"https:\/\/oceancamper.com\/hu\/lakobuszberles\/lisszabon\/\">a Campervan b\u00e9rl\u00e9s Lisszabonban<\/a> lehet\u0151s\u00e9geit. <\/p><p>Az, hogy melyik kisteheraut\u00f3k \u00e1llnak rendelkez\u00e9sre, az utaz\u00e1s d\u00e1tumait\u00f3l f\u00fcgg, ez\u00e9rt k\u00e9rj\u00fck, <a href=\"https:\/\/oceancamper.com\/hu\/fenntartasok\/\">ellen\u0151rizze az utaz\u00e1s\u00e1ra vonatkoz\u00f3 el\u00e9rhet\u0151s\u00e9get<\/a>. <a href=\"https:\/\/oceancamper.com\/hu\/lakoautok\/\">Tekintse meg a teljes j\u00e1rm\u0171parkot.<\/a><\/p>\t\t\t\t\t\t\t\t<\/div>\n\t\t\t\t<\/div>\n\t\t\t\t\t<\/div>\n\t\t<\/div>\n\t\t\t\t\t<\/div>\n\t\t<\/section>\n\t\t\t\t\t<\/div>\n\t\t<\/div>\n\t\t\t\t\t<\/div>\n\t\t<\/section>\n\t\t\t\t<section class=\"elementor-section elementor-top-section elementor-element elementor-element-78f99679 elementor-section-stretched elementor-section-boxed elementor-section-height-default elementor-section-height-default\" data-id=\"78f99679\" data-element_type=\"section\" data-e-type=\"section\" data-settings=\"{&quot;stretch_section&quot;:&quot;section-stretched&quot;,&quot;background_background&quot;:&quot;classic&quot;}\">\n\t\t\t\t\t\t<div class=\"elementor-container elementor-column-gap-default\">\n\t\t\t\t\t<div class=\"elementor-column elementor-col-100 elementor-top-column elementor-element elementor-element-35bef299\" data-id=\"35bef299\" data-element_type=\"column\" data-e-type=\"column\">\n\t\t\t<div class=\"elementor-widget-wrap elementor-element-populated\">\n\t\t\t\t\t\t<section class=\"elementor-section elementor-inner-section elementor-element elementor-element-66cd56d7 elementor-section-boxed elementor-section-height-default elementor-section-height-default\" data-id=\"66cd56d7\" data-element_type=\"section\" data-e-type=\"section\">\n\t\t\t\t\t\t<div class=\"elementor-container elementor-column-gap-default\">\n\t\t\t\t\t<div class=\"elementor-column elementor-col-100 elementor-inner-column elementor-element elementor-element-4331d23e\" data-id=\"4331d23e\" data-element_type=\"column\" data-e-type=\"column\">\n\t\t\t<div class=\"elementor-widget-wrap elementor-element-populated\">\n\t\t\t\t\t\t<div class=\"elementor-element elementor-element-28cc9e41 elementor-widget elementor-widget-heading\" data-id=\"28cc9e41\" data-element_type=\"widget\" data-e-type=\"widget\" data-widget_type=\"heading.default\">\n\t\t\t\t<div class=\"elementor-widget-container\">\n\t\t\t\t\t<h2 class=\"elementor-heading-title elementor-size-default\">Minden lak\u00f3aut\u00f3nk tartalmaz<\/h2>\t\t\t\t<\/div>\n\t\t\t\t<\/div>\n\t\t\t\t\t<\/div>\n\t\t<\/div>\n\t\t\t\t\t<\/div>\n\t\t<\/section>\n\t\t\t\t<section class=\"elementor-section elementor-inner-section elementor-element elementor-element-34063c61 elementor-section-boxed elementor-section-height-default elementor-section-height-default elementor-invisible\" data-id=\"34063c61\" data-element_type=\"section\" data-e-type=\"section\" data-settings=\"{&quot;animation&quot;:&quot;fadeInUp&quot;}\">\n\t\t\t\t\t\t<div class=\"elementor-container elementor-column-gap-default\">\n\t\t\t\t\t<div class=\"elementor-column elementor-col-20 elementor-inner-column elementor-element elementor-element-6e8d00ca\" data-id=\"6e8d00ca\" data-element_type=\"column\" data-e-type=\"column\" data-settings=\"{&quot;background_background&quot;:&quot;classic&quot;}\">\n\t\t\t<div class=\"elementor-widget-wrap elementor-element-populated\">\n\t\t\t\t\t<div class=\"elementor-background-overlay\"><\/div>\n\t\t\t\t\t\t<div class=\"elementor-element elementor-element-8e6960f elementor-position-top elementor-widget elementor-widget-image-box\" data-id=\"8e6960f\" data-element_type=\"widget\" data-e-type=\"widget\" data-widget_type=\"image-box.default\">\n\t\t\t\t<div class=\"elementor-widget-container\">\n\t\t\t\t\t<div class=\"elementor-image-box-wrapper\"><figure class=\"elementor-image-box-img\"><img decoding=\"async\" src=\"https:\/\/oceancamper.com\/wp-content\/uploads\/elementor\/thumbs\/camp-pack-q88hs6ivljx13pvp83w8208p0qiu9bmd9og3eo7l6q.png\" title=\"camp-pack\" alt=\"t\u00e1bori csomag ikon\" class=\"elementor-animation-pop\" loading=\"lazy\" \/><\/figure><div class=\"elementor-image-box-content\"><h3 class=\"elementor-image-box-title\">T\u00e1borcsomag<\/h3><p class=\"elementor-image-box-description\">Asztal, sz\u00e9kek, j\u00e1t\u00e9kok, USB-t\u00f6lt\u0151<\/p><\/div><\/div>\t\t\t\t<\/div>\n\t\t\t\t<\/div>\n\t\t\t\t\t<\/div>\n\t\t<\/div>\n\t\t\t\t<div class=\"elementor-column elementor-col-20 elementor-inner-column elementor-element elementor-element-612560a\" data-id=\"612560a\" data-element_type=\"column\" data-e-type=\"column\" data-settings=\"{&quot;background_background&quot;:&quot;classic&quot;}\">\n\t\t\t<div class=\"elementor-widget-wrap elementor-element-populated\">\n\t\t\t\t\t<div class=\"elementor-background-overlay\"><\/div>\n\t\t\t\t\t\t<div class=\"elementor-element elementor-element-1ee3424b elementor-position-top elementor-widget elementor-widget-image-box\" data-id=\"1ee3424b\" data-element_type=\"widget\" data-e-type=\"widget\" data-widget_type=\"image-box.default\">\n\t\t\t\t<div class=\"elementor-widget-container\">\n\t\t\t\t\t<div class=\"elementor-image-box-wrapper\"><figure class=\"elementor-image-box-img\"><img decoding=\"async\" src=\"https:\/\/oceancamper.com\/wp-content\/uploads\/elementor\/thumbs\/body-care-1-q88hs5l1epvqs3x2dlhlhih8fcnh1mimxjslxe8zcy.png\" title=\"test\u00e1pol\u00e1s\" alt=\"test\u00e1pol\u00e1s ikon\" class=\"elementor-animation-pop\" loading=\"lazy\" \/><\/figure><div class=\"elementor-image-box-content\"><h3 class=\"elementor-image-box-title\">Test\u00e1pol\u00e1s<\/h3><p class=\"elementor-image-box-description\">Szappan, sampon, t\u00f6r\u00f6lk\u00f6z\u0151k, WC-pap\u00edr<\/p><\/div><\/div>\t\t\t\t<\/div>\n\t\t\t\t<\/div>\n\t\t\t\t\t<\/div>\n\t\t<\/div>\n\t\t\t\t<div class=\"elementor-column elementor-col-20 elementor-inner-column elementor-element elementor-element-51fcd880\" data-id=\"51fcd880\" data-element_type=\"column\" data-e-type=\"column\" data-settings=\"{&quot;background_background&quot;:&quot;classic&quot;}\">\n\t\t\t<div class=\"elementor-widget-wrap elementor-element-populated\">\n\t\t\t\t\t<div class=\"elementor-background-overlay\"><\/div>\n\t\t\t\t\t\t<div class=\"elementor-element elementor-element-3c44ec64 elementor-position-top elementor-widget elementor-widget-image-box\" data-id=\"3c44ec64\" data-element_type=\"widget\" data-e-type=\"widget\" data-widget_type=\"image-box.default\">\n\t\t\t\t<div class=\"elementor-widget-container\">\n\t\t\t\t\t<div class=\"elementor-image-box-wrapper\"><figure class=\"elementor-image-box-img\"><img decoding=\"async\" src=\"https:\/\/oceancamper.com\/wp-content\/uploads\/elementor\/thumbs\/cooking-ware-q88hs6ivljx13pvp83w8208p0qiu9bmd9og3eo7l6q.png\" title=\"a konyha\" alt=\"a konyha ikon\" class=\"elementor-animation-pop\" loading=\"lazy\" \/><\/figure><div class=\"elementor-image-box-content\"><h3 class=\"elementor-image-box-title\">A konyha<\/h3><p class=\"elementor-image-box-description\">T\u00e1ny\u00e9rok, ed\u00e9nyek, cs\u00e9sz\u00e9k, serpeny\u0151k, t\u0171zhely, h\u0171t\u0151doboz<\/p><\/div><\/div>\t\t\t\t<\/div>\n\t\t\t\t<\/div>\n\t\t\t\t\t<\/div>\n\t\t<\/div>\n\t\t\t\t<div class=\"elementor-column elementor-col-20 elementor-inner-column elementor-element elementor-element-2c7c45fc\" data-id=\"2c7c45fc\" data-element_type=\"column\" data-e-type=\"column\" data-settings=\"{&quot;background_background&quot;:&quot;classic&quot;}\">\n\t\t\t<div class=\"elementor-widget-wrap elementor-element-populated\">\n\t\t\t\t\t<div class=\"elementor-background-overlay\"><\/div>\n\t\t\t\t\t\t<div class=\"elementor-element elementor-element-59ee06ca elementor-position-top elementor-widget elementor-widget-image-box\" data-id=\"59ee06ca\" data-element_type=\"widget\" data-e-type=\"widget\" data-widget_type=\"image-box.default\">\n\t\t\t\t<div class=\"elementor-widget-container\">\n\t\t\t\t\t<div class=\"elementor-image-box-wrapper\"><figure class=\"elementor-image-box-img\"><img decoding=\"async\" src=\"https:\/\/oceancamper.com\/wp-content\/uploads\/elementor\/thumbs\/bedding1-q88hs5l1epvqs3x2dlhlhih8fcnh1mimxjslxe8zcy.png\" title=\"\u00e1gynem\u01711\" alt=\"\u00e1gynem\u0171 ikon\" class=\"elementor-animation-pop\" loading=\"lazy\" \/><\/figure><div class=\"elementor-image-box-content\"><h3 class=\"elementor-image-box-title\">\u00c1gynem\u0171<\/h3><p class=\"elementor-image-box-description\">\u00c1gynem\u0171, p\u00e1rn\u00e1k, takar\u00f3k vagy h\u00e1l\u00f3zs\u00e1kok<\/p><\/div><\/div>\t\t\t\t<\/div>\n\t\t\t\t<\/div>\n\t\t\t\t\t<\/div>\n\t\t<\/div>\n\t\t\t\t<div class=\"elementor-column elementor-col-20 elementor-inner-column elementor-element elementor-element-8f42a1c9\" data-id=\"8f42a1c9\" data-element_type=\"column\" data-e-type=\"column\" data-settings=\"{&quot;background_background&quot;:&quot;classic&quot;}\">\n\t\t\t<div class=\"elementor-widget-wrap elementor-element-populated\">\n\t\t\t\t\t<div class=\"elementor-background-overlay\"><\/div>\n\t\t\t\t\t\t<div class=\"elementor-element elementor-element-5c9d7e21 elementor-position-top elementor-widget elementor-widget-image-box\" data-id=\"5c9d7e21\" data-element_type=\"widget\" data-e-type=\"widget\" data-widget_type=\"image-box.default\">\n\t\t\t\t<div class=\"elementor-widget-container\">\n\t\t\t\t\t<div class=\"elementor-image-box-wrapper\"><figure class=\"elementor-image-box-img\"><img decoding=\"async\" src=\"https:\/\/oceancamper.com\/wp-content\/uploads\/elementor\/thumbs\/cleaning-set-q88hs7gpsdybfbuc2maumi05m4e7h0q3lt3kvy670i.png\" title=\"tiszt\u00edt\u00f3-k\u00e9szlet\" alt=\"tiszt\u00edt\u00f3-k\u00e9szlet\" class=\"elementor-animation-pop\" loading=\"lazy\" \/><\/figure><div class=\"elementor-image-box-content\"><h3 class=\"elementor-image-box-title\">V\u00edz \u00e9s zuhany<\/h3><p class=\"elementor-image-box-description\">80 literes tart\u00e1ly k\u00fclt\u00e9ri zuhannyal<\/p><\/div><\/div>\t\t\t\t<\/div>\n\t\t\t\t<\/div>\n\t\t\t\t\t<\/div>\n\t\t<\/div>\n\t\t\t\t<div class=\"elementor-column elementor-col-20 elementor-inner-column elementor-element elementor-element-7b117d4f\" data-id=\"7b117d4f\" data-element_type=\"column\" data-e-type=\"column\" data-settings=\"{&quot;background_background&quot;:&quot;classic&quot;}\">\n\t\t\t<div class=\"elementor-widget-wrap elementor-element-populated\">\n\t\t\t\t\t<div class=\"elementor-background-overlay\"><\/div>\n\t\t\t\t\t\t<div class=\"elementor-element elementor-element-10ac81e3 elementor-position-top elementor-widget elementor-widget-image-box\" data-id=\"10ac81e3\" data-element_type=\"widget\" data-e-type=\"widget\" data-widget_type=\"image-box.default\">\n\t\t\t\t<div class=\"elementor-widget-container\">\n\t\t\t\t\t<div class=\"elementor-image-box-wrapper\"><figure class=\"elementor-image-box-img\"><img decoding=\"async\" src=\"https:\/\/oceancamper.com\/wp-content\/uploads\/elementor\/thumbs\/cleaning-set-q88hs7gpsdybfbuc2maumi05m4e7h0q3lt3kvy670i.png\" title=\"tiszt\u00edt\u00f3-k\u00e9szlet\" alt=\"tiszt\u00edt\u00f3-k\u00e9szlet\" class=\"elementor-animation-pop\" loading=\"lazy\" \/><\/figure><div class=\"elementor-image-box-content\"><h3 class=\"elementor-image-box-title\">Tiszt\u00edt\u00f3 k\u00e9szlet<\/h3><p class=\"elementor-image-box-description\">V\u00edzbet\u00e9t, szivacs, mosogat\u00f3t\u00f6rl\u0151, sepr\u0171, mos\u00f3szer<\/p><\/div><\/div>\t\t\t\t<\/div>\n\t\t\t\t<\/div>\n\t\t\t\t\t<\/div>\n\t\t<\/div>\n\t\t\t\t\t<\/div>\n\t\t<\/section>\n\t\t\t\t\t<\/div>\n\t\t<\/div>\n\t\t\t\t\t<\/div>\n\t\t<\/section>\n\t\t\t\t<section class=\"elementor-section elementor-top-section elementor-element elementor-element-4bfa2417 elementor-section-stretched elementor-section-boxed elementor-section-height-default elementor-section-height-default\" data-id=\"4bfa2417\" data-element_type=\"section\" data-e-type=\"section\" data-settings=\"{&quot;stretch_section&quot;:&quot;section-stretched&quot;,&quot;background_background&quot;:&quot;classic&quot;}\">\n\t\t\t\t\t\t<div class=\"elementor-container elementor-column-gap-default\">\n\t\t\t\t\t<div class=\"elementor-column elementor-col-100 elementor-top-column elementor-element elementor-element-750ba724\" data-id=\"750ba724\" data-element_type=\"column\" data-e-type=\"column\">\n\t\t\t<div class=\"elementor-widget-wrap elementor-element-populated\">\n\t\t\t\t\t\t<section class=\"elementor-section elementor-inner-section elementor-element elementor-element-330a491b elementor-section-boxed elementor-section-height-default elementor-section-height-default\" data-id=\"330a491b\" data-element_type=\"section\" data-e-type=\"section\">\n\t\t\t\t\t\t<div class=\"elementor-container elementor-column-gap-default\">\n\t\t\t\t\t<div class=\"elementor-column elementor-col-50 elementor-inner-column elementor-element elementor-element-e4380 elementor-invisible\" data-id=\"e4380\" data-element_type=\"column\" data-e-type=\"column\" data-settings=\"{&quot;animation&quot;:&quot;fadeIn&quot;}\">\n\t\t\t<div class=\"elementor-widget-wrap elementor-element-populated\">\n\t\t\t\t\t\t<div class=\"elementor-element elementor-element-70849b7a elementor-widget elementor-widget-image\" data-id=\"70849b7a\" data-element_type=\"widget\" data-e-type=\"widget\" data-widget_type=\"image.default\">\n\t\t\t\t<div class=\"elementor-widget-container\">\n\t\t\t\t\t\t\t\t\t\t\t\t\t\t\t<img fetchpriority=\"high\" decoding=\"async\" width=\"800\" height=\"533\" src=\"https:\/\/oceancamper.com\/wp-content\/uploads\/2026\/02\/campervan-rental-faro-algarve-coast-sunset-1-1024x682.webp\" class=\"attachment-large size-large wp-image-232108\" alt=\"Mini lak\u00f3aut\u00f3 b\u00e9rl\u00e9s Faro felfedez\u00e9se az Algarve partj\u00e1n naplementekor\" srcset=\"https:\/\/oceancamper.com\/wp-content\/uploads\/2026\/02\/campervan-rental-faro-algarve-coast-sunset-1-1024x682.webp 1024w, https:\/\/oceancamper.com\/wp-content\/uploads\/2026\/02\/campervan-rental-faro-algarve-coast-sunset-1-300x200.webp 300w, https:\/\/oceancamper.com\/wp-content\/uploads\/2026\/02\/campervan-rental-faro-algarve-coast-sunset-1-768x512.webp 768w, https:\/\/oceancamper.com\/wp-content\/uploads\/2026\/02\/campervan-rental-faro-algarve-coast-sunset-1-1536x1024.webp 1536w, https:\/\/oceancamper.com\/wp-content\/uploads\/2026\/02\/campervan-rental-faro-algarve-coast-sunset-1-2048x1365.webp 2048w, https:\/\/oceancamper.com\/wp-content\/uploads\/2026\/02\/campervan-rental-faro-algarve-coast-sunset-1-240x160.webp 240w\" sizes=\"(max-width: 800px) 100vw, 800px\" \/>\t\t\t\t\t\t\t\t\t\t\t\t\t\t\t<\/div>\n\t\t\t\t<\/div>\n\t\t\t\t\t<\/div>\n\t\t<\/div>\n\t\t\t\t<div class=\"elementor-column elementor-col-50 elementor-inner-column elementor-element elementor-element-2d7cdb61\" data-id=\"2d7cdb61\" data-element_type=\"column\" data-e-type=\"column\">\n\t\t\t<div class=\"elementor-widget-wrap\">\n\t\t\t\t\t\t\t<\/div>\n\t\t<\/div>\n\t\t\t\t\t<\/div>\n\t\t<\/section>\n\t\t\t\t<section class=\"elementor-section elementor-inner-section elementor-element elementor-element-3af9d348 elementor-section-boxed elementor-section-height-default elementor-section-height-default\" data-id=\"3af9d348\" data-element_type=\"section\" data-e-type=\"section\">\n\t\t\t\t\t\t<div class=\"elementor-container elementor-column-gap-default\">\n\t\t\t\t\t<div class=\"elementor-column elementor-col-50 elementor-inner-column elementor-element elementor-element-6ae1f21b\" data-id=\"6ae1f21b\" data-element_type=\"column\" data-e-type=\"column\">\n\t\t\t<div class=\"elementor-widget-wrap\">\n\t\t\t\t\t\t\t<\/div>\n\t\t<\/div>\n\t\t\t\t<div class=\"elementor-column elementor-col-50 elementor-inner-column elementor-element elementor-element-7622ac78 elementor-invisible\" data-id=\"7622ac78\" data-element_type=\"column\" data-e-type=\"column\" data-settings=\"{&quot;background_background&quot;:&quot;classic&quot;,&quot;animation&quot;:&quot;fadeInUp&quot;}\">\n\t\t\t<div class=\"elementor-widget-wrap elementor-element-populated\">\n\t\t\t\t\t<div class=\"elementor-background-overlay\"><\/div>\n\t\t\t\t\t\t<div class=\"elementor-element elementor-element-2f7235a elementor-widget elementor-widget-heading\" data-id=\"2f7235a\" data-element_type=\"widget\" data-e-type=\"widget\" data-widget_type=\"heading.default\">\n\t\t\t\t<div class=\"elementor-widget-container\">\n\t\t\t\t\t<h2 class=\"elementor-heading-title elementor-size-default\">Milyen messze van minden Far\u00f3t\u00f3l?<\/h2>\t\t\t\t<\/div>\n\t\t\t\t<\/div>\n\t\t\t\t<div class=\"elementor-element elementor-element-29a9a4e elementor-widget elementor-widget-text-editor\" data-id=\"29a9a4e\" data-element_type=\"widget\" data-e-type=\"widget\" data-widget_type=\"text-editor.default\">\n\t\t\t\t<div class=\"elementor-widget-container\">\n\t\t\t\t\t\t\t\t\t<p>Faro az ALGARVE keleti v\u00e9g\u00e9n fekszik, a part ment\u00e9n aut\u00f3p\u00e1lya h\u00faz\u00f3dik, \u00edgy semmi sincs messze. Hozz\u00e1vet\u0151leges vezet\u00e9si id\u0151k \u00fczlet\u00fcnkt\u0151l: <\/p><ul><li><strong>Praia de Faro \u00e9s a Ria Formosa<\/strong>, 10 percnyire. Homokz\u00e1tonyos strandok \u00e9s madarakkal teli lag\u00fana \u2013 \u00e9pp el\u00e9g az els\u0151 est\u00e9re. <\/li><li><strong>Tavira \u00e9s az Algarve keleti r\u00e9sze<\/strong>, 35 perc. Csendesebb, r\u00e9gebbi, kevesebb \u00fcd\u00fcl\u0151hely. <\/li><li><strong>Albufeira<\/strong>, 35 perc.<\/li><li><strong>Benagil \u00e9s Carvoeiro<\/strong>, k\u00f6r\u00fclbel\u00fcl 50 perc. Azok a tengeri barlangok, amelyek miatt mindenki idej\u00f6n. <\/li><li><strong>Lagos \u00e9s Ponta da Piedade<\/strong>, k\u00f6r\u00fclbel\u00fcl 1 \u00f3ra.<\/li><li><strong>Sagres \u00e9s a Szent Vince-fok<\/strong>, k\u00f6r\u00fclbel\u00fcl 1 \u00f3ra 30 perc. Eur\u00f3pa d\u00e9lnyugati sarka. <\/li><li><strong>Aljezur \u00e9s a Costa Vicentina<\/strong>: k\u00f6r\u00fclbel\u00fcl 1 \u00f3ra 20 perc a dombok k\u00f6z\u00f6tt a vad nyugati partig, ahol a sz\u00f6rf\u00f6z\u0151k is megtal\u00e1lhat\u00f3k.<\/li><\/ul><p>Egy tipikus els\u0151 h\u00e9t: k\u00e9t \u00e9jszaka Tavira k\u00f6rny\u00e9k\u00e9n keleten, majd nyugat fel\u00e9 a part ment\u00e9n Lagosba \u00e9s Sagresbe, azt\u00e1n felfel\u00e9 az Atlanic-\u00f3ce\u00e1n partj\u00e1n Aljezurig, \u00e9s vissza a m\u00e1sik oldalon. Egy nap alatt soha nem kell t\u00f6bbet vezetni, mint k\u00f6r\u00fclbel\u00fcl 90 percet. <\/p>\t\t\t\t\t\t\t\t<\/div>\n\t\t\t\t<\/div>\n\t\t\t\t<div class=\"elementor-element elementor-element-273b5409 elementor-align-left elementor-tablet-align-left elementor-mobile-align-left elementor-widget elementor-widget-button\" data-id=\"273b5409\" data-element_type=\"widget\" data-e-type=\"widget\" data-widget_type=\"button.default\">\n\t\t\t\t<div class=\"elementor-widget-container\">\n\t\t\t\t\t\t\t\t\t<div class=\"elementor-button-wrapper\">\n\t\t\t\t\t<a class=\"elementor-button elementor-button-link elementor-size-sm elementor-animation-pop\" href=\"https:\/\/oceancamper.com\/hu\/fenntartasok\/\">\n\t\t\t\t\t\t<span class=\"elementor-button-content-wrapper\">\n\t\t\t\t\t\t\t\t\t<span class=\"elementor-button-text\">Foglaljon most<\/span>\n\t\t\t\t\t<\/span>\n\t\t\t\t\t<\/a>\n\t\t\t\t<\/div>\n\t\t\t\t\t\t\t\t<\/div>\n\t\t\t\t<\/div>\n\t\t\t\t\t<\/div>\n\t\t<\/div>\n\t\t\t\t\t<\/div>\n\t\t<\/section>\n\t\t\t\t\t<\/div>\n\t\t<\/div>\n\t\t\t\t\t<\/div>\n\t\t<\/section>\n\t\t\t\t<section class=\"elementor-section elementor-top-section elementor-element elementor-element-6921508e elementor-section-stretched elementor-section-boxed elementor-section-height-default elementor-section-height-default\" data-id=\"6921508e\" data-element_type=\"section\" data-e-type=\"section\" data-settings=\"{&quot;stretch_section&quot;:&quot;section-stretched&quot;,&quot;background_background&quot;:&quot;classic&quot;}\">\n\t\t\t\t\t\t<div class=\"elementor-container elementor-column-gap-default\">\n\t\t\t\t\t<div class=\"elementor-column elementor-col-100 elementor-top-column elementor-element elementor-element-c715b88\" data-id=\"c715b88\" data-element_type=\"column\" data-e-type=\"column\">\n\t\t\t<div class=\"elementor-widget-wrap elementor-element-populated\">\n\t\t\t\t\t\t<section class=\"elementor-section elementor-inner-section elementor-element elementor-element-346460bd elementor-section-boxed elementor-section-height-default elementor-section-height-default\" data-id=\"346460bd\" data-element_type=\"section\" data-e-type=\"section\">\n\t\t\t\t\t\t<div class=\"elementor-container elementor-column-gap-default\">\n\t\t\t\t\t<div class=\"elementor-column elementor-col-100 elementor-inner-column elementor-element elementor-element-2c43f42d\" data-id=\"2c43f42d\" data-element_type=\"column\" data-e-type=\"column\">\n\t\t\t<div class=\"elementor-widget-wrap elementor-element-populated\">\n\t\t\t\t\t\t<div class=\"elementor-element elementor-element-6576c7b7 elementor-widget elementor-widget-heading\" data-id=\"6576c7b7\" data-element_type=\"widget\" data-e-type=\"widget\" data-widget_type=\"heading.default\">\n\t\t\t\t<div class=\"elementor-widget-container\">\n\t\t\t\t\t<h2 class=\"elementor-heading-title elementor-size-default\">Amit vend\u00e9geink mondanak<\/h2>\t\t\t\t<\/div>\n\t\t\t\t<\/div>\n\t\t\t\t<div class=\"elementor-element elementor-element-6788fa elementor-widget elementor-widget-text-editor\" data-id=\"6788fa\" data-element_type=\"widget\" data-e-type=\"widget\" data-widget_type=\"text-editor.default\">\n\t\t\t\t<div class=\"elementor-widget-container\">\n\t\t\t\t\t\t\t\t\t<p>K\u00f6zel \u00f6tsz\u00e1z \u00e9rt\u00e9kel\u00e9s a Google-on, a Yescap\u00e1n \u00e9s az Airbnb-n. Olvassa el \u0151ket a foglal\u00e1s el\u0151tt, mert ezek t\u00f6bbet \u00e1rulnak el egy kis csal\u00e1di v\u00e1llalkoz\u00e1sr\u00f3l, mint amennyit mi valaha is elmondhatn\u00e1nk. <\/p>\t\t\t\t\t\t\t\t<\/div>\n\t\t\t\t<\/div>\n\t\t\t\t\t<\/div>\n\t\t<\/div>\n\t\t\t\t\t<\/div>\n\t\t<\/section>\n\t\t\t\t<section class=\"elementor-section elementor-inner-section elementor-element elementor-element-20285e2 elementor-section-boxed elementor-section-height-default elementor-section-height-default elementor-invisible\" data-id=\"20285e2\" data-element_type=\"section\" data-e-type=\"section\" data-settings=\"{&quot;animation&quot;:&quot;fadeInUp&quot;}\">\n\t\t\t\t\t\t<div class=\"elementor-container elementor-column-gap-default\">\n\t\t\t\t\t<div class=\"elementor-column elementor-col-33 elementor-inner-column elementor-element elementor-element-4d497f21\" data-id=\"4d497f21\" data-element_type=\"column\" data-e-type=\"column\" data-settings=\"{&quot;background_background&quot;:&quot;classic&quot;}\">\n\t\t\t<div class=\"elementor-widget-wrap elementor-element-populated\">\n\t\t\t\t\t<div class=\"elementor-background-overlay\"><\/div>\n\t\t\t\t\t\t<div class=\"elementor-element elementor-element-ee2907 elementor-widget__width-initial elementor-widget elementor-widget-image\" data-id=\"ee2907\" data-element_type=\"widget\" data-e-type=\"widget\" data-widget_type=\"image.default\">\n\t\t\t\t<div class=\"elementor-widget-container\">\n\t\t\t\t\t\t\t\t\t\t\t\t\t\t\t\t<a href=\"https:\/\/g.co\/kgs\/crA8mDs\">\n\t\t\t\t\t\t\t<img decoding=\"async\" width=\"300\" height=\"102\" src=\"https:\/\/oceancamper.com\/wp-content\/uploads\/2025\/01\/Google_2015_logo.svg_-300x102.png\" class=\"attachment-medium size-medium wp-image-212420\" alt=\"Google V\u00e9lem\u00e9nyek Ocean Camper\" srcset=\"https:\/\/oceancamper.com\/wp-content\/uploads\/2025\/01\/Google_2015_logo.svg_-300x102.png 300w, https:\/\/oceancamper.com\/wp-content\/uploads\/2025\/01\/Google_2015_logo.svg_-768x260.png 768w, https:\/\/oceancamper.com\/wp-content\/uploads\/2025\/01\/Google_2015_logo.svg_-240x81.png 240w, https:\/\/oceancamper.com\/wp-content\/uploads\/2025\/01\/Google_2015_logo.svg_.png 800w\" sizes=\"(max-width: 300px) 100vw, 300px\" \/>\t\t\t\t\t\t\t\t<\/a>\n\t\t\t\t\t\t\t\t\t\t\t\t\t\t\t<\/div>\n\t\t\t\t<\/div>\n\t\t\t\t<div class=\"elementor-element elementor-element-34db09d2 elementor-widget-tablet__width-initial elementor-widget__width-initial elementor-widget elementor-widget-text-editor\" data-id=\"34db09d2\" data-element_type=\"widget\" data-e-type=\"widget\" data-widget_type=\"text-editor.default\">\n\t\t\t\t<div class=\"elementor-widget-container\">\n\t\t\t\t\t\t\t\t\t<p>Legjobb \u00e9rt\u00e9kel\u00e9s a Google-on: 5,0\/5,0 t\u00f6bb mint 470 \u00e9rt\u00e9kel\u00e9s alapj\u00e1n.<\/p>\t\t\t\t\t\t\t\t<\/div>\n\t\t\t\t<\/div>\n\t\t\t\t<div class=\"elementor-element elementor-element-a3f16a7 elementor-align-center elementor-tablet-align-center elementor-mobile-align-center elementor-widget elementor-widget-button\" data-id=\"a3f16a7\" data-element_type=\"widget\" data-e-type=\"widget\" data-widget_type=\"button.default\">\n\t\t\t\t<div class=\"elementor-widget-container\">\n\t\t\t\t\t\t\t\t\t<div class=\"elementor-button-wrapper\">\n\t\t\t\t\t<a class=\"elementor-button elementor-button-link elementor-size-sm elementor-animation-pop\" href=\"https:\/\/g.co\/kgs\/Rzav59W\" target=\"_blank\">\n\t\t\t\t\t\t<span class=\"elementor-button-content-wrapper\">\n\t\t\t\t\t\t\t\t\t<span class=\"elementor-button-text\">Tudjon meg t\u00f6bbet<\/span>\n\t\t\t\t\t<\/span>\n\t\t\t\t\t<\/a>\n\t\t\t\t<\/div>\n\t\t\t\t\t\t\t\t<\/div>\n\t\t\t\t<\/div>\n\t\t\t\t\t<\/div>\n\t\t<\/div>\n\t\t\t\t<div class=\"elementor-column elementor-col-33 elementor-inner-column elementor-element elementor-element-5bd79055\" data-id=\"5bd79055\" data-element_type=\"column\" data-e-type=\"column\" data-settings=\"{&quot;background_background&quot;:&quot;classic&quot;}\">\n\t\t\t<div class=\"elementor-widget-wrap elementor-element-populated\">\n\t\t\t\t\t<div class=\"elementor-background-overlay\"><\/div>\n\t\t\t\t\t\t<div class=\"elementor-element elementor-element-7edcb13d elementor-widget__width-initial elementor-widget elementor-widget-image\" data-id=\"7edcb13d\" data-element_type=\"widget\" data-e-type=\"widget\" data-widget_type=\"image.default\">\n\t\t\t\t<div class=\"elementor-widget-container\">\n\t\t\t\t\t\t\t\t\t\t\t\t\t\t\t\t<a href=\"https:\/\/www.yescapa.pt\/campers\/29929\">\n\t\t\t\t\t\t\t<img decoding=\"async\" width=\"300\" height=\"68\" src=\"https:\/\/oceancamper.com\/wp-content\/uploads\/2025\/01\/ug36vrv2jq3odc9hi6ol0tqnyk7x-1-300x68.png\" class=\"attachment-medium size-medium wp-image-212423\" alt=\"Yescapa \u00c9rt\u00e9kel\u00e9sek Ocean Camper\" srcset=\"https:\/\/oceancamper.com\/wp-content\/uploads\/2025\/01\/ug36vrv2jq3odc9hi6ol0tqnyk7x-1-300x68.png 300w, https:\/\/oceancamper.com\/wp-content\/uploads\/2025\/01\/ug36vrv2jq3odc9hi6ol0tqnyk7x-1-768x175.png 768w, https:\/\/oceancamper.com\/wp-content\/uploads\/2025\/01\/ug36vrv2jq3odc9hi6ol0tqnyk7x-1-240x55.png 240w, https:\/\/oceancamper.com\/wp-content\/uploads\/2025\/01\/ug36vrv2jq3odc9hi6ol0tqnyk7x-1.png 1024w\" sizes=\"(max-width: 300px) 100vw, 300px\" \/>\t\t\t\t\t\t\t\t<\/a>\n\t\t\t\t\t\t\t\t\t\t\t\t\t\t\t<\/div>\n\t\t\t\t<\/div>\n\t\t\t\t<div class=\"elementor-element elementor-element-145d0c46 elementor-widget__width-initial elementor-widget-tablet__width-initial elementor-widget elementor-widget-text-editor\" data-id=\"145d0c46\" data-element_type=\"widget\" data-e-type=\"widget\" data-widget_type=\"text-editor.default\">\n\t\t\t\t<div class=\"elementor-widget-container\">\n\t\t\t\t\t\t\t\t\t<p><strong>Yescapa &#8222;<\/strong> Best Owner&#8221; d\u00edj, t\u00f6bb mint 50 \u00e9rt\u00e9kel\u00e9sb\u0151l 4,9\/5,0 \u00e9rt\u00e9kel\u00e9s.<\/p>\t\t\t\t\t\t\t\t<\/div>\n\t\t\t\t<\/div>\n\t\t\t\t<div class=\"elementor-element elementor-element-6c257686 elementor-align-center elementor-tablet-align-center elementor-mobile-align-center elementor-widget elementor-widget-button\" data-id=\"6c257686\" data-element_type=\"widget\" data-e-type=\"widget\" data-widget_type=\"button.default\">\n\t\t\t\t<div class=\"elementor-widget-container\">\n\t\t\t\t\t\t\t\t\t<div class=\"elementor-button-wrapper\">\n\t\t\t\t\t<a class=\"elementor-button elementor-button-link elementor-size-sm elementor-animation-pop\" href=\"https:\/\/www.yescapa.com\/campers\/29929\" target=\"_blank\">\n\t\t\t\t\t\t<span class=\"elementor-button-content-wrapper\">\n\t\t\t\t\t\t\t\t\t<span class=\"elementor-button-text\">Tudjon meg t\u00f6bbet<\/span>\n\t\t\t\t\t<\/span>\n\t\t\t\t\t<\/a>\n\t\t\t\t<\/div>\n\t\t\t\t\t\t\t\t<\/div>\n\t\t\t\t<\/div>\n\t\t\t\t\t<\/div>\n\t\t<\/div>\n\t\t\t\t<div class=\"elementor-column elementor-col-33 elementor-inner-column elementor-element elementor-element-1057d319\" data-id=\"1057d319\" data-element_type=\"column\" data-e-type=\"column\" data-settings=\"{&quot;background_background&quot;:&quot;classic&quot;}\">\n\t\t\t<div class=\"elementor-widget-wrap elementor-element-populated\">\n\t\t\t\t\t<div class=\"elementor-background-overlay\"><\/div>\n\t\t\t\t\t\t<div class=\"elementor-element elementor-element-548c423d elementor-widget__width-initial elementor-widget elementor-widget-image\" data-id=\"548c423d\" data-element_type=\"widget\" data-e-type=\"widget\" data-widget_type=\"image.default\">\n\t\t\t\t<div class=\"elementor-widget-container\">\n\t\t\t\t\t\t\t\t\t\t\t\t\t\t\t\t<a href=\"https:\/\/www.airbnb.de\/users\/show\/147121665\">\n\t\t\t\t\t\t\t<img loading=\"lazy\" decoding=\"async\" width=\"300\" height=\"94\" src=\"https:\/\/oceancamper.com\/wp-content\/uploads\/2025\/01\/Airbnb_Logo_Belo.svg_-300x94.png\" class=\"attachment-medium size-medium wp-image-212422\" alt=\"Airbnb \u00c9rt\u00e9kel\u00e9sek Ocean Camper\" srcset=\"https:\/\/oceancamper.com\/wp-content\/uploads\/2025\/01\/Airbnb_Logo_Belo.svg_-300x94.png 300w, https:\/\/oceancamper.com\/wp-content\/uploads\/2025\/01\/Airbnb_Logo_Belo.svg_-1024x320.png 1024w, https:\/\/oceancamper.com\/wp-content\/uploads\/2025\/01\/Airbnb_Logo_Belo.svg_-768x240.png 768w, https:\/\/oceancamper.com\/wp-content\/uploads\/2025\/01\/Airbnb_Logo_Belo.svg_-240x75.png 240w, https:\/\/oceancamper.com\/wp-content\/uploads\/2025\/01\/Airbnb_Logo_Belo.svg_.png 1280w\" sizes=\"(max-width: 300px) 100vw, 300px\" \/>\t\t\t\t\t\t\t\t<\/a>\n\t\t\t\t\t\t\t\t\t\t\t\t\t\t\t<\/div>\n\t\t\t\t<\/div>\n\t\t\t\t<div class=\"elementor-element elementor-element-58771a6a elementor-widget__width-initial elementor-widget-tablet__width-initial elementor-widget elementor-widget-text-editor\" data-id=\"58771a6a\" data-element_type=\"widget\" data-e-type=\"widget\" data-widget_type=\"text-editor.default\">\n\t\t\t\t<div class=\"elementor-widget-container\">\n\t\t\t\t\t\t\t\t\t<p><strong>Airbnb &#8222;<\/strong><span style=\"color: var( --e-global-color-text ); font-family: var( --e-global-typography-text-font-family ), Sans-serif; font-weight: var( --e-global-typography-text-font-weight ); font-size: 1rem;\">Superhost status&#8221; d\u00edj 2018 \u00f3ta,<\/span><span style=\"color: var( --e-global-color-text ); font-family: var( --e-global-typography-text-font-family ), Sans-serif; font-weight: var( --e-global-typography-text-font-weight ); font-size: 1rem;\"> 700+ \u00e9rt\u00e9kel\u00e9sb\u0151l 4 <\/span><span style=\"color: var( --e-global-color-text ); font-family: var( --e-global-typography-text-font-family ), Sans-serif; font-weight: var( --e-global-typography-text-font-weight ); font-size: 1rem;\">,<\/span><span style=\"color: var( --e-global-color-text ); font-family: var( --e-global-typography-text-font-family ), Sans-serif; font-weight: var( --e-global-typography-text-font-weight ); font-size: 1rem;\"> 9\/5,0 csillag. <\/span><\/p>\t\t\t\t\t\t\t\t<\/div>\n\t\t\t\t<\/div>\n\t\t\t\t<div class=\"elementor-element elementor-element-10d98e7b elementor-align-center elementor-tablet-align-center elementor-mobile-align-center elementor-widget elementor-widget-button\" data-id=\"10d98e7b\" data-element_type=\"widget\" data-e-type=\"widget\" data-widget_type=\"button.default\">\n\t\t\t\t<div class=\"elementor-widget-container\">\n\t\t\t\t\t\t\t\t\t<div class=\"elementor-button-wrapper\">\n\t\t\t\t\t<a class=\"elementor-button elementor-button-link elementor-size-sm elementor-animation-pop\" href=\"https:\/\/www.airbnb.com\/users\/show\/147121665\" target=\"_blank\">\n\t\t\t\t\t\t<span class=\"elementor-button-content-wrapper\">\n\t\t\t\t\t\t\t\t\t<span class=\"elementor-button-text\">Tudjon meg t\u00f6bbet<\/span>\n\t\t\t\t\t<\/span>\n\t\t\t\t\t<\/a>\n\t\t\t\t<\/div>\n\t\t\t\t\t\t\t\t<\/div>\n\t\t\t\t<\/div>\n\t\t\t\t\t<\/div>\n\t\t<\/div>\n\t\t\t\t\t<\/div>\n\t\t<\/section>\n\t\t\t\t<div class=\"elementor-element elementor-element-236ae1d elementor-widget elementor-widget-text-editor\" data-id=\"236ae1d\" data-element_type=\"widget\" data-e-type=\"widget\" data-widget_type=\"text-editor.default\">\n\t\t\t\t<div class=\"elementor-widget-container\">\n\t\t\t\t\t\t\t\t\t<p><div class=\"wp-gr rpi wpac\" style=\"--rev-color: #f4f4f4;\" data-id=\"231938\" data-layout=\"slider\" data-exec=\"false\" data-options='{&quot;text_size&quot;:&quot;&quot;,&quot;trans&quot;:{&quot;read more&quot;:&quot;tov\\u00e1bb&quot;}}'><svg xmlns=\"http:\/\/www.w3.org\/2000\/svg\" style=\"display:none!important\"><symbol id=\"grw-tripadvisor\" viewBox=\"0 0 713.496 713.496\"><g><circle fill=\"#34E0A1\" cx=\"356.749\" cy=\"356.748\" r=\"356.748\"\/><path d=\"M577.095,287.152l43.049-46.836h-95.465c-47.792-32.646-105.51-51.659-167.931-51.659   c-62.342,0-119.899,19.054-167.612,51.659H93.432l43.049,46.836c-26.387,24.075-42.929,58.754-42.929,97.259   c0,72.665,58.914,131.578,131.579,131.578c34.519,0,65.968-13.313,89.446-35.077l42.172,45.919l42.172-45.879   c23.478,21.764,54.887,35.037,89.406,35.037c72.665,0,131.658-58.913,131.658-131.578   C620.024,345.866,603.483,311.188,577.095,287.152z M225.17,473.458c-49.188,0-89.047-39.859-89.047-89.047   s39.86-89.048,89.047-89.048c49.187,0,89.047,39.86,89.047,89.048S274.357,473.458,225.17,473.458z M356.788,381.82   c0-58.595-42.61-108.898-98.853-130.383c30.413-12.716,63.776-19.771,98.813-19.771s68.439,7.055,98.853,19.771   C399.399,272.962,356.788,323.226,356.788,381.82z M488.367,473.458c-49.188,0-89.048-39.859-89.048-89.047   s39.86-89.048,89.048-89.048s89.047,39.86,89.047,89.048S537.554,473.458,488.367,473.458z M488.367,337.694   c-25.79,0-46.677,20.887-46.677,46.677c0,25.789,20.887,46.676,46.677,46.676c25.789,0,46.676-20.887,46.676-46.676   C535.042,358.621,514.156,337.694,488.367,337.694z M271.846,384.411c0,25.789-20.887,46.676-46.676,46.676   s-46.676-20.887-46.676-46.676c0-25.79,20.887-46.677,46.676-46.677C250.959,337.694,271.846,358.621,271.846,384.411z\"\/><\/g><\/symbol><symbol id=\"grw-google\" viewBox=\"0 0 512 512\"><g fill=\"none\" fill-rule=\"evenodd\"><path d=\"M482.56 261.36c0-16.73-1.5-32.83-4.29-48.27H256v91.29h127.01c-5.47 29.5-22.1 54.49-47.09 71.23v59.21h76.27c44.63-41.09 70.37-101.59 70.37-173.46z\" fill=\"#4285f4\"\/><path d=\"M256 492c63.72 0 117.14-21.13 156.19-57.18l-76.27-59.21c-21.13 14.16-48.17 22.53-79.92 22.53-61.47 0-113.49-41.51-132.05-97.3H45.1v61.15c38.83 77.13 118.64 130.01 210.9 130.01z\" fill=\"#34a853\"\/><path d=\"M123.95 300.84c-4.72-14.16-7.4-29.29-7.4-44.84s2.68-30.68 7.4-44.84V150.01H45.1C29.12 181.87 20 217.92 20 256c0 38.08 9.12 74.13 25.1 105.99l78.85-61.15z\" fill=\"#fbbc05\"\/><path d=\"M256 113.86c34.65 0 65.76 11.91 90.22 35.29l67.69-67.69C373.03 43.39 319.61 20 256 20c-92.25 0-172.07 52.89-210.9 130.01l78.85 61.15c18.56-55.78 70.59-97.3 132.05-97.3z\" fill=\"#ea4335\"\/><path d=\"M20 20h472v472H20V20z\"\/><\/g><\/symbol><\/svg><div class=\"grw-row grw-row-m\" data-options='{&quot;speed&quot;:3,&quot;autoplay&quot;:true,&quot;mousestop&quot;:true,&quot;breakpoints&quot;:&quot;&quot;}'><div class=\"grw-header\"><div class=\"grw-header-inner rpi-flx rpi-row12\"><div class=\"grw-img-wrap\"><img loading=\"lazy\" decoding=\"async\" class=\"grw-img\" src=\"https:\/\/oceancamper.com\/wp-content\/uploads\/2026\/06\/ChIJtzX78EOzGg0RaPQykH-ORqU.jpg\" loading=\"lazy\" alt=\"Ocean Camper - Campervan Rental Faro place picture\" width=\"50\" height=\"50\" onerror=\"if(this.src!='data:image\/gif;base64,R0lGODlhAQABAIAAAAAAAP\/\/\/yH5BAEAAAAALAAAAAABAAEAAAIBRAA7')this.src='data:image\/gif;base64,R0lGODlhAQABAIAAAAAAAP\/\/\/yH5BAEAAAAALAAAAAABAAEAAAIBRAA7';\" ><\/div><div class=\"rpi-flx rpi-col8\"><span class=\"rpi-stars\" style=\"--rating:5.0\">5.0<\/span><div class=\"wp-google-based\">459 v\u00e9lem\u00e9ny alapj\u00e1n<\/div><div class=\"wp-google-powered\" role=\"img\" aria-label=\"powered by Google\">powered by <span aria-hidden=\"true\"><span style=\"color:#3c6df0!important\">G<\/span><span style=\"color:#d93025!important\">o<\/span><span style=\"color:#fb8e28!important\">o<\/span><span style=\"color:#3c6df0!important\">g<\/span><span style=\"color:#188038!important\">l<\/span><span style=\"color:#d93025!important\">e<\/span><\/span><\/div><\/div><\/div><\/div><div class=\"rpi-slides-root grw-content\"><div class=\"grw-content-inner\"><button class=\"rpi-ltgt rpi-lt grw-prev\" tabindex=\"0\"><\/button><div class=\"rpi-slides grw-reviews rpi-slides-bite\" data-count=\"3\" data-offset=\"3\"><div class=\"rpi-slide grw-review\"><div class=\"rpi-flx rpi-col12 grw-review-inner grw-backgnd grw-round grw-shadow\"><div class=\"rpi-flx rpi-row12-center\"><div class=\"grw-img-wrap\"><img loading=\"lazy\" decoding=\"async\" class=\"grw-img\" src=\"https:\/\/oceancamper.com\/wp-content\/uploads\/2026\/06\/ChIJtzX78EOzGg0RaPQykH-ORqU_34876239683d7358d3494a41c9126628.jpg\" loading=\"lazy\" alt=\"Gisela Godoy Fuentes profile picture\" width=\"50\" height=\"50\" onerror=\"if(this.src!='https:\/\/oceancamper.com\/wp-content\/plugins\/widget-google-reviews\/assets\/img\/guest.png')this.src='https:\/\/oceancamper.com\/wp-content\/plugins\/widget-google-reviews\/assets\/img\/guest.png';\" ><\/div><div class=\"rpi-flx rpi-col6\"><a href=\"https:\/\/www.google.com\/maps\/contrib\/114095612745903575716\/reviews\" class=\"wp-google-name\" target=\"_blank\" rel=\"nofollow noopener\">Gisela Godoy Fuentes<\/a><div class=\"wp-google-time\" data-time=\"1780057333\" data-lang=\"en\">3 h\u00f3nap telt el<\/div><\/div><\/div><span class=\"rpi-stars\" style=\"--rating:5\"><\/span><div class=\"rpi-flx rpi-col4\"><div class=\"wp-google-feedback grw-scroll\"  style=\"height:20!important\"><span class=\"wp-google-text\">My partner and  I had a great experience with Ocean Camper and would absolutely recommend it!!! The van was new, clean, comfortable and had everything we needed for the trip. It was actually our first time camping and travelling this way, and we ended up loving it. We slept really well and enjoyed having the freedom to explore different places at our own pace.<br \/><br \/>Also, Mateus was super kind and always quick to respond to any message or question we had, which made everything much easier and more relaxed. Overall, it was such a special experience for us and something we would definitely repeat soon. Thank you again!<\/span><\/div><\/div><svg height=\"16\" width=\"16\" role=\"none\"><use href=\"#grw-google\"\/><\/svg><\/div><\/div><div class=\"rpi-slide grw-review\"><div class=\"rpi-flx rpi-col12 grw-review-inner grw-backgnd grw-round grw-shadow\"><div class=\"rpi-flx rpi-row12-center\"><div class=\"grw-img-wrap\"><img loading=\"lazy\" decoding=\"async\" class=\"grw-img\" src=\"https:\/\/oceancamper.com\/wp-content\/uploads\/2026\/06\/ChIJtzX78EOzGg0RaPQykH-ORqU_0c836ff516c3550bbf9eb4ae7e4f4f57.jpg\" loading=\"lazy\" alt=\"Delphine profile picture\" width=\"50\" height=\"50\" onerror=\"if(this.src!='https:\/\/oceancamper.com\/wp-content\/plugins\/widget-google-reviews\/assets\/img\/guest.png')this.src='https:\/\/oceancamper.com\/wp-content\/plugins\/widget-google-reviews\/assets\/img\/guest.png';\" ><\/div><div class=\"rpi-flx rpi-col6\"><a href=\"https:\/\/www.google.com\/maps\/contrib\/106377095489459524895\/reviews\" class=\"wp-google-name\" target=\"_blank\" rel=\"nofollow noopener\">Delphine<\/a><div class=\"wp-google-time\" data-time=\"1780051348\" data-lang=\"en\">3 h\u00f3nap telt el<\/div><\/div><\/div><span class=\"rpi-stars\" style=\"--rating:5\"><\/span><div class=\"rpi-flx rpi-col4\"><div class=\"wp-google-feedback grw-scroll\"  style=\"height:20!important\"><span class=\"wp-google-text\">Excellent company that I highly recommend! They are very professional and reliable. The van was spotless! Check-in and check-out were quick. Thank you for this great experience, we loved our trip and our van! The team is really friendly!!<\/span><\/div><\/div><svg height=\"16\" width=\"16\" role=\"none\"><use href=\"#grw-google\"\/><\/svg><\/div><\/div><div class=\"rpi-slide grw-review\"><div class=\"rpi-flx rpi-col12 grw-review-inner grw-backgnd grw-round grw-shadow\"><div class=\"rpi-flx rpi-row12-center\"><div class=\"grw-img-wrap\"><img loading=\"lazy\" decoding=\"async\" class=\"grw-img\" src=\"https:\/\/oceancamper.com\/wp-content\/uploads\/2026\/06\/ChIJtzX78EOzGg0RaPQykH-ORqU_15c1c831e0219e2e9e48ceb727dc3f74.jpg\" loading=\"lazy\" alt=\"Chris Steeghs profile picture\" width=\"50\" height=\"50\" onerror=\"if(this.src!='https:\/\/oceancamper.com\/wp-content\/plugins\/widget-google-reviews\/assets\/img\/guest.png')this.src='https:\/\/oceancamper.com\/wp-content\/plugins\/widget-google-reviews\/assets\/img\/guest.png';\" ><\/div><div class=\"rpi-flx rpi-col6\"><a href=\"https:\/\/www.google.com\/maps\/contrib\/109759328764862779397\/reviews\" class=\"wp-google-name\" target=\"_blank\" rel=\"nofollow noopener\">Chris Steeghs<\/a><div class=\"wp-google-time\" data-time=\"1779699366\" data-lang=\"en\">3 h\u00f3nap telt el<\/div><\/div><\/div><span class=\"rpi-stars\" style=\"--rating:5\"><\/span><div class=\"rpi-flx rpi-col4\"><div class=\"wp-google-feedback grw-scroll\"  style=\"height:20!important\"><span class=\"wp-google-text\">Excellent experience. Very easy check in and the team were great communicators. The van was amazing (Bohemian) &#8211; very spacious, had everything we needed and everything worked perfectly. We took it all over Portugal and it drove amazing. Pro tip if you have an early flight is to book into the camper park next door the night before. 10\/10 would recommend to all.<\/span><\/div><\/div><svg height=\"16\" width=\"16\" role=\"none\"><use href=\"#grw-google\"\/><\/svg><\/div><\/div><\/div><button class=\"rpi-ltgt rpi-gt grw-next\" tabindex=\"0\"><\/button><\/div><\/div><\/div><script>(function(p){if(!p)return;let w=p.offsetWidth,m=function(a,b){return Math.min(a,b)===a};p.querySelector('.grw-row').classList.replace('grw-row-m','grw-row-'+(m(w,510)?'xs':m(w,750)?'x':m(w,1100)?'s':m(w,1450)?'m':m(w,1800)?'l':'xl'))})(document.currentScript?.parentElement)<\/script><\/div><\/p><p style=\"text-align:center;margin-top:14px\"><a href=\"https:\/\/g.co\/kgs\/Rzav59W\" target=\"_blank\" rel=\"noopener\">Olvassa el az \u00f6sszes Google \u00e9rt\u00e9kel\u00e9s\u00fcnket<\/a><\/p>\t\t\t\t\t\t\t\t<\/div>\n\t\t\t\t<\/div>\n\t\t\t\t\t<\/div>\n\t\t<\/div>\n\t\t\t\t\t<\/div>\n\t\t<\/section>\n\t\t\t\t<section class=\"elementor-section elementor-top-section elementor-element elementor-element-77eb12be elementor-section-stretched elementor-section-boxed elementor-section-height-default elementor-section-height-default\" data-id=\"77eb12be\" data-element_type=\"section\" data-e-type=\"section\" data-settings=\"{&quot;stretch_section&quot;:&quot;section-stretched&quot;,&quot;background_background&quot;:&quot;classic&quot;}\">\n\t\t\t\t\t\t<div class=\"elementor-container elementor-column-gap-default\">\n\t\t\t\t\t<div class=\"elementor-column elementor-col-100 elementor-top-column elementor-element elementor-element-55f4adaf\" data-id=\"55f4adaf\" data-element_type=\"column\" data-e-type=\"column\">\n\t\t\t<div class=\"elementor-widget-wrap elementor-element-populated\">\n\t\t\t\t\t\t<section class=\"elementor-section elementor-inner-section elementor-element elementor-element-7a28cd73 elementor-section-boxed elementor-section-height-default elementor-section-height-default\" data-id=\"7a28cd73\" data-element_type=\"section\" data-e-type=\"section\">\n\t\t\t\t\t\t<div class=\"elementor-container elementor-column-gap-default\">\n\t\t\t\t\t<div class=\"elementor-column elementor-col-100 elementor-inner-column elementor-element elementor-element-52dd02fc\" data-id=\"52dd02fc\" data-element_type=\"column\" data-e-type=\"column\">\n\t\t\t<div class=\"elementor-widget-wrap elementor-element-populated\">\n\t\t\t\t\t\t<div class=\"elementor-element elementor-element-5319a6d5 elementor-widget elementor-widget-heading\" data-id=\"5319a6d5\" data-element_type=\"widget\" data-e-type=\"widget\" data-widget_type=\"heading.default\">\n\t\t\t\t<div class=\"elementor-widget-container\">\n\t\t\t\t\t<h2 class=\"elementor-heading-title elementor-size-default\">Campervan b\u00e9rl\u00e9s Faro-ban: Gyakran feltett k\u00e9rd\u00e9sek<\/h2>\t\t\t\t<\/div>\n\t\t\t\t<\/div>\n\t\t\t\t\t<\/div>\n\t\t<\/div>\n\t\t\t\t\t<\/div>\n\t\t<\/section>\n\t\t\t\t<section class=\"elementor-section elementor-inner-section elementor-element elementor-element-153c9da6 elementor-section-boxed elementor-section-height-default elementor-section-height-default\" data-id=\"153c9da6\" data-element_type=\"section\" data-e-type=\"section\">\n\t\t\t\t\t\t<div class=\"elementor-container elementor-column-gap-default\">\n\t\t\t\t\t<div class=\"elementor-column elementor-col-100 elementor-inner-column elementor-element elementor-element-28c85fed\" data-id=\"28c85fed\" data-element_type=\"column\" data-e-type=\"column\">\n\t\t\t<div class=\"elementor-widget-wrap elementor-element-populated\">\n\t\t\t\t\t\t<div class=\"elementor-element elementor-element-ab9f1fa elementor-widget elementor-widget-html\" data-id=\"ab9f1fa\" data-element_type=\"widget\" data-e-type=\"widget\" data-widget_type=\"html.default\">\n\t\t\t\t<div class=\"elementor-widget-container\">\n\t\t\t\t\t<script>jQuery(document).ready(function($) {\r\nvar delay = 100; setTimeout(function() {\r\n$('.elementor-tab-title').removeClass('elementor-active');\r\n $('.elementor-tab-content').css('display', 'none'); }, delay);\r\n});\r\n<\/script>\t\t\t\t<\/div>\n\t\t\t\t<\/div>\n\t\t\t\t<div class=\"elementor-element elementor-element-171cb8c6 elementor-widget elementor-widget-accordion\" data-id=\"171cb8c6\" data-element_type=\"widget\" data-e-type=\"widget\" id=\"faq-section\" data-widget_type=\"accordion.default\">\n\t\t\t\t<div class=\"elementor-widget-container\">\n\t\t\t\t\t\t\t<div class=\"elementor-accordion\">\n\t\t\t\t\t\t\t<div class=\"elementor-accordion-item\">\n\t\t\t\t\t<div id=\"elementor-tab-title-3871\" class=\"elementor-tab-title\" data-tab=\"1\" role=\"button\" aria-controls=\"elementor-tab-content-3871\" aria-expanded=\"false\">\n\t\t\t\t\t\t\t\t\t\t\t\t\t<span class=\"elementor-accordion-icon elementor-accordion-icon-left\" aria-hidden=\"true\">\n\t\t\t\t\t\t\t\t\t\t\t\t\t\t\t<span class=\"elementor-accordion-icon-closed\"><i class=\"fas fa-plus\"><\/i><\/span>\n\t\t\t\t\t\t\t\t<span class=\"elementor-accordion-icon-opened\"><i class=\"fas fa-minus\"><\/i><\/span>\n\t\t\t\t\t\t\t\t\t\t\t\t\t\t<\/span>\n\t\t\t\t\t\t\t\t\t\t\t\t<a class=\"elementor-accordion-title\" tabindex=\"0\">Hol tal\u00e1lhat\u00f3 a lak\u00f3aut\u00f3 b\u00e9rl\u00e9s helye Faro ter\u00fclet\u00e9n?<\/a>\n\t\t\t\t\t<\/div>\n\t\t\t\t\t<div id=\"elementor-tab-content-3871\" class=\"elementor-tab-content elementor-clearfix\" data-tab=\"1\" role=\"region\" aria-labelledby=\"elementor-tab-title-3871\"><p><strong>Rua Aquilino Ribeiro 124, 8005-177 Faro.<\/strong>  K\u00e9t kilom\u00e9terre a Faro rep\u00fcl\u0151t\u00e9rt\u0151l \u00e9s k\u00f6r\u00fclbel\u00fcl 10 percre a busz- \u00e9s vas\u00fat\u00e1llom\u00e1st\u00f3l. Bejelentkez\u00e9s b\u00e1rmikor 14:00-t\u00f3l, kijelentkez\u00e9s b\u00e1rmikor 11:00-ig. A 17:30 ut\u00e1n t\u00f6rt\u00e9n\u0151 bejelentkez\u00e9s eset\u00e9n 20 eur\u00f3s \u00f6n\u00e1ll\u00f3 bejelentkez\u00e9si d\u00edj ker\u00fcl felsz\u00e1m\u00edt\u00e1sra.  <\/p>\n<\/div>\n\t\t\t\t<\/div>\n\t\t\t\t\t\t\t<div class=\"elementor-accordion-item\">\n\t\t\t\t\t<div id=\"elementor-tab-title-3872\" class=\"elementor-tab-title\" data-tab=\"2\" role=\"button\" aria-controls=\"elementor-tab-content-3872\" aria-expanded=\"false\">\n\t\t\t\t\t\t\t\t\t\t\t\t\t<span class=\"elementor-accordion-icon elementor-accordion-icon-left\" aria-hidden=\"true\">\n\t\t\t\t\t\t\t\t\t\t\t\t\t\t\t<span class=\"elementor-accordion-icon-closed\"><i class=\"fas fa-plus\"><\/i><\/span>\n\t\t\t\t\t\t\t\t<span class=\"elementor-accordion-icon-opened\"><i class=\"fas fa-minus\"><\/i><\/span>\n\t\t\t\t\t\t\t\t\t\t\t\t\t\t<\/span>\n\t\t\t\t\t\t\t\t\t\t\t\t<a class=\"elementor-accordion-title\" tabindex=\"0\">A felv\u00e9teli hely k\u00f6zel van a far\u00f3i rep\u00fcl\u0151t\u00e9rhez?<\/a>\n\t\t\t\t\t<\/div>\n\t\t\t\t\t<div id=\"elementor-tab-content-3872\" class=\"elementor-tab-content elementor-clearfix\" data-tab=\"2\" role=\"region\" aria-labelledby=\"elementor-tab-title-3872\"><p>Igen, <strong>2 km<\/strong>, ami k\u00f6r\u00fclbel\u00fcl 5 perc, \u00e9s taxival, Bolt-tal vagy Uberrel nagyj\u00e1b\u00f3l 6 eur\u00f3ba ker\u00fcl. Nincs rep\u00fcl\u0151t\u00e9ri transzfer, ez\u00e9rt saj\u00e1t magadnak kell eljutnod az \u00fczletbe. Ha ink\u00e1bb azt szeretn\u00e9d, hogy a termin\u00e1ln\u00e1l v\u00e1rjunk r\u00e1d, ezt 49 eur\u00f3\u00e9rt meg tudjuk oldani.  <\/p>\n<\/div>\n\t\t\t\t<\/div>\n\t\t\t\t\t\t\t<div class=\"elementor-accordion-item\">\n\t\t\t\t\t<div id=\"elementor-tab-title-3873\" class=\"elementor-tab-title\" data-tab=\"3\" role=\"button\" aria-controls=\"elementor-tab-content-3873\" aria-expanded=\"false\">\n\t\t\t\t\t\t\t\t\t\t\t\t\t<span class=\"elementor-accordion-icon elementor-accordion-icon-left\" aria-hidden=\"true\">\n\t\t\t\t\t\t\t\t\t\t\t\t\t\t\t<span class=\"elementor-accordion-icon-closed\"><i class=\"fas fa-plus\"><\/i><\/span>\n\t\t\t\t\t\t\t\t<span class=\"elementor-accordion-icon-opened\"><i class=\"fas fa-minus\"><\/i><\/span>\n\t\t\t\t\t\t\t\t\t\t\t\t\t\t<\/span>\n\t\t\t\t\t\t\t\t\t\t\t\t<a class=\"elementor-accordion-title\" tabindex=\"0\">Faro j\u00f3 kiindul\u00f3pont egy algarvei kir\u00e1ndul\u00e1shoz?<\/a>\n\t\t\t\t\t<\/div>\n\t\t\t\t\t<div id=\"elementor-tab-content-3873\" class=\"elementor-tab-content elementor-clearfix\" data-tab=\"3\" role=\"region\" aria-labelledby=\"elementor-tab-title-3873\"><p>Igen, \u00e9s a vezet\u00e9si id\u0151k az okai. Praia de Faro 10 percre van, Tavira 35, Benagil k\u00f6r\u00fclbel\u00fcl 50, Lagos egy \u00f3ra, Sagres m\u00e1sf\u00e9l \u00f3ra, \u00e9s a vad Costa Vicentina k\u00f6r\u00fclbel\u00fcl egy \u00f3ra h\u00fasz perc a dombokon \u00e1t. Innen az eg\u00e9sz ALGARVE-t l\u00e1thatja an\u00e9lk\u00fcl, hogy hossz\u00fa napot t\u00f6ltene a vol\u00e1n m\u00f6g\u00f6tt.  <\/p>\n<\/div>\n\t\t\t\t<\/div>\n\t\t\t\t\t\t\t<div class=\"elementor-accordion-item\">\n\t\t\t\t\t<div id=\"elementor-tab-title-3874\" class=\"elementor-tab-title\" data-tab=\"4\" role=\"button\" aria-controls=\"elementor-tab-content-3874\" aria-expanded=\"false\">\n\t\t\t\t\t\t\t\t\t\t\t\t\t<span class=\"elementor-accordion-icon elementor-accordion-icon-left\" aria-hidden=\"true\">\n\t\t\t\t\t\t\t\t\t\t\t\t\t\t\t<span class=\"elementor-accordion-icon-closed\"><i class=\"fas fa-plus\"><\/i><\/span>\n\t\t\t\t\t\t\t\t<span class=\"elementor-accordion-icon-opened\"><i class=\"fas fa-minus\"><\/i><\/span>\n\t\t\t\t\t\t\t\t\t\t\t\t\t\t<\/span>\n\t\t\t\t\t\t\t\t\t\t\t\t<a class=\"elementor-accordion-title\" tabindex=\"0\">Elindulhatok a lak\u00f3aut\u00f3 b\u00e9rl\u00e9sb\u0151l Faro v\u00e1ros\u00e1ban, \u00e9s vissza is adhatom azt Lisszabonban?<\/a>\n\t\t\t\t\t<\/div>\n\t\t\t\t\t<div id=\"elementor-tab-content-3874\" class=\"elementor-tab-content elementor-clearfix\" data-tab=\"4\" role=\"region\" aria-labelledby=\"elementor-tab-title-3874\"><p>Igen, mindk\u00e9t ir\u00e1nyban, el\u00e9rhet\u0151s\u00e9g f\u00fcggv\u00e9ny\u00e9ben. Az egyir\u00e1ny\u00fa d\u00edj <strong>\u20ac300<\/strong>, amely fedezi a furgon visszasz\u00e1ll\u00edt\u00e1s\u00e1t az alaptelephely\u00e9re. <\/p>\n<p>T\u00edz vagy t\u00f6bb napos utaz\u00e1s eset\u00e9n \u00e1ltal\u00e1ban megt\u00e9r\u00fcl: egyszer \u00e1tszeli az orsz\u00e1got ahelyett, hogy visszafel\u00e9 is v\u00e9gigmenne ugyanazon az \u00faton, \u00e9s ott fejezi be, ahol t\u00e9nylegesen be akarja fejezni.<\/p>\n<\/div>\n\t\t\t\t<\/div>\n\t\t\t\t\t\t\t<div class=\"elementor-accordion-item\">\n\t\t\t\t\t<div id=\"elementor-tab-title-3875\" class=\"elementor-tab-title\" data-tab=\"5\" role=\"button\" aria-controls=\"elementor-tab-content-3875\" aria-expanded=\"false\">\n\t\t\t\t\t\t\t\t\t\t\t\t\t<span class=\"elementor-accordion-icon elementor-accordion-icon-left\" aria-hidden=\"true\">\n\t\t\t\t\t\t\t\t\t\t\t\t\t\t\t<span class=\"elementor-accordion-icon-closed\"><i class=\"fas fa-plus\"><\/i><\/span>\n\t\t\t\t\t\t\t\t<span class=\"elementor-accordion-icon-opened\"><i class=\"fas fa-minus\"><\/i><\/span>\n\t\t\t\t\t\t\t\t\t\t\t\t\t\t<\/span>\n\t\t\t\t\t\t\t\t\t\t\t\t<a class=\"elementor-accordion-title\" tabindex=\"0\">Mit tartalmaz a lak\u00f3aut\u00f3 b\u00e9rl\u00e9s Faro v\u00e1ros\u00e1ban?<\/a>\n\t\t\t\t\t<\/div>\n\t\t\t\t\t<div id=\"elementor-tab-content-3875\" class=\"elementor-tab-content elementor-clearfix\" data-tab=\"5\" role=\"region\" aria-labelledby=\"elementor-tab-title-3875\"><p>Minden lak\u00f3aut\u00f3nk Far\u00f3ban teljesen felszerelt, konyhai felszerel\u00e9ssel, \u00e1gynem\u0171vel, kempingasztallal \u00e9s sz\u00e9kekkel. A konkr\u00e9t felszerelts\u00e9g a kiv\u00e1lasztott modellt\u0151l f\u00fcgg\u0151en v\u00e1ltozhat. Kapcsolatfelv\u00e9tel  <\/p>\n<\/div>\n\t\t\t\t<\/div>\n\t\t\t\t\t\t\t<div class=\"elementor-accordion-item\">\n\t\t\t\t\t<div id=\"elementor-tab-title-3876\" class=\"elementor-tab-title\" data-tab=\"6\" role=\"button\" aria-controls=\"elementor-tab-content-3876\" aria-expanded=\"false\">\n\t\t\t\t\t\t\t\t\t\t\t\t\t<span class=\"elementor-accordion-icon elementor-accordion-icon-left\" aria-hidden=\"true\">\n\t\t\t\t\t\t\t\t\t\t\t\t\t\t\t<span class=\"elementor-accordion-icon-closed\"><i class=\"fas fa-plus\"><\/i><\/span>\n\t\t\t\t\t\t\t\t<span class=\"elementor-accordion-icon-opened\"><i class=\"fas fa-minus\"><\/i><\/span>\n\t\t\t\t\t\t\t\t\t\t\t\t\t\t<\/span>\n\t\t\t\t\t\t\t\t\t\t\t\t<a class=\"elementor-accordion-title\" tabindex=\"0\">Mikor vehetem \u00e1t \u00e9s adhatom vissza a lak\u00f3aut\u00f3t Far\u00f3ban?<\/a>\n\t\t\t\t\t<\/div>\n\t\t\t\t\t<div id=\"elementor-tab-content-3876\" class=\"elementor-tab-content elementor-clearfix\" data-tab=\"6\" role=\"region\" aria-labelledby=\"elementor-tab-title-3876\"><p>\u00c1tv\u00e9tel a b\u00e9rl\u00e9s kezd\u0151napj\u00e1n <strong>14:00<\/strong> \u00f3r\u00e1t\u00f3l b\u00e1rmikor, visszav\u00e9tel a b\u00e9rl\u00e9s v\u00e9g\u00e9n <strong>11:00<\/strong> \u00f3r\u00e1ig b\u00e1rmikor. A 17:30 ut\u00e1ni bejelentkez\u00e9sek 20 \u20ac k\u00e9sedelmi d\u00edjjal j\u00e1rnak; a korai visszav\u00e9tel ingyenes. <\/p>\n<p>A foglal\u00e1si \u0171rlap nem fogad el 23:45 ut\u00e1ni \u00e1tv\u00e9telt vagy 04:00 el\u0151tti visszav\u00e9telt. Ha j\u00e1rata ezen az id\u0151ablakon k\u00edv\u00fcl esik, foglalja le a legk\u00f6zelebbi id\u0151pontot, \u00e9s \u00edrjon nek\u00fcnk \u00fczenetet. <\/p>\n<\/div>\n\t\t\t\t<\/div>\n\t\t\t\t\t\t\t<div class=\"elementor-accordion-item\">\n\t\t\t\t\t<div id=\"elementor-tab-title-3877\" class=\"elementor-tab-title\" data-tab=\"7\" role=\"button\" aria-controls=\"elementor-tab-content-3877\" aria-expanded=\"false\">\n\t\t\t\t\t\t\t\t\t\t\t\t\t<span class=\"elementor-accordion-icon elementor-accordion-icon-left\" aria-hidden=\"true\">\n\t\t\t\t\t\t\t\t\t\t\t\t\t\t\t<span class=\"elementor-accordion-icon-closed\"><i class=\"fas fa-plus\"><\/i><\/span>\n\t\t\t\t\t\t\t\t<span class=\"elementor-accordion-icon-opened\"><i class=\"fas fa-minus\"><\/i><\/span>\n\t\t\t\t\t\t\t\t\t\t\t\t\t\t<\/span>\n\t\t\t\t\t\t\t\t\t\t\t\t<a class=\"elementor-accordion-title\" tabindex=\"0\">Mennyi ideig tart az \u00e1tad\u00e1s?<\/a>\n\t\t\t\t\t<\/div>\n\t\t\t\t\t<div id=\"elementor-tab-content-3877\" class=\"elementor-tab-content elementor-clearfix\" data-tab=\"7\" role=\"region\" aria-labelledby=\"elementor-tab-title-3877\"><p>K\u00f6r\u00fclbel\u00fcl 30 perc. V\u00e9gigvezetj\u00fck a lak\u00f3aut\u00f3n, megmutatjuk, hogyan m\u0171k\u00f6dik az \u00e1gy, a konyha, a h\u0171t\u0151, a v\u00edz \u00e9s a g\u00e1z, \u00e1tn\u00e9zz\u00fck a pap\u00edrmunk\u00e1t, \u00e9s v\u00e1laszolunk minden k\u00e9rd\u00e9s\u00e9re. A sz\u00e1munkkal t\u00e1vozik.  <\/p>\n<\/div>\n\t\t\t\t<\/div>\n\t\t\t\t\t\t\t\t\t\t<script type=\"application\/ld+json\">{\"@context\":\"https:\\\/\\\/schema.org\",\"@type\":\"FAQPage\",\"mainEntity\":[{\"@type\":\"Question\",\"name\":\"Hol tal\\u00e1lhat\\u00f3 a lak\\u00f3aut\\u00f3 b\\u00e9rl\\u00e9s helye Faro ter\\u00fclet\\u00e9n?\",\"acceptedAnswer\":{\"@type\":\"Answer\",\"text\":\"<p><strong>Rua Aquilino Ribeiro 124, 8005-177 Faro.<\\\/strong>  K\\u00e9t kilom\\u00e9terre a Faro rep\\u00fcl\\u0151t\\u00e9rt\\u0151l \\u00e9s k\\u00f6r\\u00fclbel\\u00fcl 10 percre a busz- \\u00e9s vas\\u00fat\\u00e1llom\\u00e1st\\u00f3l. Bejelentkez\\u00e9s b\\u00e1rmikor 14:00-t\\u00f3l, kijelentkez\\u00e9s b\\u00e1rmikor 11:00-ig. A 17:30 ut\\u00e1n t\\u00f6rt\\u00e9n\\u0151 bejelentkez\\u00e9s eset\\u00e9n 20 eur\\u00f3s \\u00f6n\\u00e1ll\\u00f3 bejelentkez\\u00e9si d\\u00edj ker\\u00fcl felsz\\u00e1m\\u00edt\\u00e1sra.  <\\\/p>\\n\"}},{\"@type\":\"Question\",\"name\":\"A felv\\u00e9teli hely k\\u00f6zel van a far\\u00f3i rep\\u00fcl\\u0151t\\u00e9rhez?\",\"acceptedAnswer\":{\"@type\":\"Answer\",\"text\":\"<p>Igen, <strong>2 km<\\\/strong>, ami k\\u00f6r\\u00fclbel\\u00fcl 5 perc, \\u00e9s taxival, Bolt-tal vagy Uberrel nagyj\\u00e1b\\u00f3l 6 eur\\u00f3ba ker\\u00fcl. Nincs rep\\u00fcl\\u0151t\\u00e9ri transzfer, ez\\u00e9rt saj\\u00e1t magadnak kell eljutnod az \\u00fczletbe. Ha ink\\u00e1bb azt szeretn\\u00e9d, hogy a termin\\u00e1ln\\u00e1l v\\u00e1rjunk r\\u00e1d, ezt 49 eur\\u00f3\\u00e9rt meg tudjuk oldani.  <\\\/p>\\n\"}},{\"@type\":\"Question\",\"name\":\"Faro j\\u00f3 kiindul\\u00f3pont egy algarvei kir\\u00e1ndul\\u00e1shoz?\",\"acceptedAnswer\":{\"@type\":\"Answer\",\"text\":\"<p>Igen, \\u00e9s a vezet\\u00e9si id\\u0151k az okai. Praia de Faro 10 percre van, Tavira 35, Benagil k\\u00f6r\\u00fclbel\\u00fcl 50, Lagos egy \\u00f3ra, Sagres m\\u00e1sf\\u00e9l \\u00f3ra, \\u00e9s a vad Costa Vicentina k\\u00f6r\\u00fclbel\\u00fcl egy \\u00f3ra h\\u00fasz perc a dombokon \\u00e1t. Innen az eg\\u00e9sz ALGARVE-t l\\u00e1thatja an\\u00e9lk\\u00fcl, hogy hossz\\u00fa napot t\\u00f6ltene a vol\\u00e1n m\\u00f6g\\u00f6tt.  <\\\/p>\\n\"}},{\"@type\":\"Question\",\"name\":\"Elindulhatok a lak\\u00f3aut\\u00f3 b\\u00e9rl\\u00e9sb\\u0151l Faro v\\u00e1ros\\u00e1ban, \\u00e9s vissza is adhatom azt Lisszabonban?\",\"acceptedAnswer\":{\"@type\":\"Answer\",\"text\":\"<p>Igen, mindk\\u00e9t ir\\u00e1nyban, el\\u00e9rhet\\u0151s\\u00e9g f\\u00fcggv\\u00e9ny\\u00e9ben. Az egyir\\u00e1ny\\u00fa d\\u00edj <strong>\\u20ac300<\\\/strong>, amely fedezi a furgon visszasz\\u00e1ll\\u00edt\\u00e1s\\u00e1t az alaptelephely\\u00e9re. <\\\/p>\\n<p>T\\u00edz vagy t\\u00f6bb napos utaz\\u00e1s eset\\u00e9n \\u00e1ltal\\u00e1ban megt\\u00e9r\\u00fcl: egyszer \\u00e1tszeli az orsz\\u00e1got ahelyett, hogy visszafel\\u00e9 is v\\u00e9gigmenne ugyanazon az \\u00faton, \\u00e9s ott fejezi be, ahol t\\u00e9nylegesen be akarja fejezni.<\\\/p>\\n\"}},{\"@type\":\"Question\",\"name\":\"Mit tartalmaz a lak\\u00f3aut\\u00f3 b\\u00e9rl\\u00e9s Faro v\\u00e1ros\\u00e1ban?\",\"acceptedAnswer\":{\"@type\":\"Answer\",\"text\":\"<p>Minden lak\\u00f3aut\\u00f3nk Far\\u00f3ban teljesen felszerelt, konyhai felszerel\\u00e9ssel, \\u00e1gynem\\u0171vel, kempingasztallal \\u00e9s sz\\u00e9kekkel. A konkr\\u00e9t felszerelts\\u00e9g a kiv\\u00e1lasztott modellt\\u0151l f\\u00fcgg\\u0151en v\\u00e1ltozhat. Kapcsolatfelv\\u00e9tel  <\\\/p>\\n\"}},{\"@type\":\"Question\",\"name\":\"Mikor vehetem \\u00e1t \\u00e9s adhatom vissza a lak\\u00f3aut\\u00f3t Far\\u00f3ban?\",\"acceptedAnswer\":{\"@type\":\"Answer\",\"text\":\"<p>\\u00c1tv\\u00e9tel a b\\u00e9rl\\u00e9s kezd\\u0151napj\\u00e1n <strong>14:00<\\\/strong> \\u00f3r\\u00e1t\\u00f3l b\\u00e1rmikor, visszav\\u00e9tel a b\\u00e9rl\\u00e9s v\\u00e9g\\u00e9n <strong>11:00<\\\/strong> \\u00f3r\\u00e1ig b\\u00e1rmikor. A 17:30 ut\\u00e1ni bejelentkez\\u00e9sek 20 \\u20ac k\\u00e9sedelmi d\\u00edjjal j\\u00e1rnak; a korai visszav\\u00e9tel ingyenes. <\\\/p>\\n<p>A foglal\\u00e1si \\u0171rlap nem fogad el 23:45 ut\\u00e1ni \\u00e1tv\\u00e9telt vagy 04:00 el\\u0151tti visszav\\u00e9telt. Ha j\\u00e1rata ezen az id\\u0151ablakon k\\u00edv\\u00fcl esik, foglalja le a legk\\u00f6zelebbi id\\u0151pontot, \\u00e9s \\u00edrjon nek\\u00fcnk \\u00fczenetet. <\\\/p>\\n\"}},{\"@type\":\"Question\",\"name\":\"Mennyi ideig tart az \\u00e1tad\\u00e1s?\",\"acceptedAnswer\":{\"@type\":\"Answer\",\"text\":\"<p>K\\u00f6r\\u00fclbel\\u00fcl 30 perc. V\\u00e9gigvezetj\\u00fck a lak\\u00f3aut\\u00f3n, megmutatjuk, hogyan m\\u0171k\\u00f6dik az \\u00e1gy, a konyha, a h\\u0171t\\u0151, a v\\u00edz \\u00e9s a g\\u00e1z, \\u00e1tn\\u00e9zz\\u00fck a pap\\u00edrmunk\\u00e1t, \\u00e9s v\\u00e1laszolunk minden k\\u00e9rd\\u00e9s\\u00e9re. A sz\\u00e1munkkal t\\u00e1vozik.  <\\\/p>\\n\"}}]}<\/script>\n\t\t\t\t\t<\/div>\n\t\t\t\t\t\t<\/div>\n\t\t\t\t<\/div>\n\t\t\t\t<div class=\"elementor-element elementor-element-40f3a020 elementor-widget elementor-widget-html\" data-id=\"40f3a020\" data-element_type=\"widget\" data-e-type=\"widget\" data-widget_type=\"html.default\">\n\t\t\t\t<div class=\"elementor-widget-container\">\n\t\t\t\t\t<script>jQuery(function($) {\r\n  \/\/ Target only this FAQ section so other accordions on the site are not affected\r\n  var $faq = $('#faq-section');\r\n\r\n  $faq.find('.elementor-tab-title').removeClass('elementor-active');\r\n  $faq.find('.elementor-tab-content').hide();\r\n});\r\n<\/script>\t\t\t\t<\/div>\n\t\t\t\t<\/div>\n\t\t\t\t\t<\/div>\n\t\t<\/div>\n\t\t\t\t\t<\/div>\n\t\t<\/section>\n\t\t\t\t\t<\/div>\n\t\t<\/div>\n\t\t\t\t\t<\/div>\n\t\t<\/section>\n\t\t\t\t<section class=\"elementor-section elementor-inner-section elementor-element elementor-element-21568005 elementor-section-boxed elementor-section-height-default elementor-section-height-default\" data-id=\"21568005\" data-element_type=\"section\" data-e-type=\"section\" data-settings=\"{&quot;background_background&quot;:&quot;classic&quot;}\">\n\t\t\t\t\t\t<div class=\"elementor-container elementor-column-gap-default\">\n\t\t\t\t\t<div class=\"elementor-column elementor-col-100 elementor-inner-column elementor-element elementor-element-5a25df74\" data-id=\"5a25df74\" data-element_type=\"column\" data-e-type=\"column\">\n\t\t\t<div class=\"elementor-widget-wrap elementor-element-populated\">\n\t\t\t\t\t\t<div class=\"elementor-element elementor-element-3c518dd3 elementor-widget elementor-widget-html\" data-id=\"3c518dd3\" data-element_type=\"widget\" data-e-type=\"widget\" data-widget_type=\"html.default\">\n\t\t\t\t<div class=\"elementor-widget-container\">\n\t\t\t\t\t<script src=\"https:\/\/oceancamper1.oceancamper.com\/public\/car-rental\/integrations\/assets\/integrator\"><\/script><div class=\"hq-rental-software-integration\" data-integrator_link=\"https:\/\/oceancamper1.oceancamper.com\/public\/car-rental\/integrations\" data-brand=\"45359cec-fef8-4a46-9782-487216d45398\" data-snippet=\"reservations\" data-skip_language=\"\" data-rate_type_uuid=\"\" data-referral=\"\" data-forced_locale=\"en\"><\/div>\t\t\t\t<\/div>\n\t\t\t\t<\/div>\n\t\t\t\t\t<\/div>\n\t\t<\/div>\n\t\t\t\t\t<\/div>\n\t\t<\/section>\n\t\t\t\t<\/div>\n\t\t","protected":false},"excerpt":{"rendered":"<p>Campervan b\u00e9rl\u00e9s Faro 2 km-re a rep\u00fcl\u0151t\u00e9rt\u0151l. Foglaljon online, jelentkezzen be m\u00e9g ma! Foglaljon online, \u00e9s vegye \u00e1t m\u00e9g aznap 2 km-re a Faro rep\u00fcl\u0151t\u00e9rt\u0151l K\u00f6zvetlen hozz\u00e1f\u00e9r\u00e9s az algarvei strandokhoz Ide\u00e1lis Lagos, Sagres \u00e9s Costa Vicentina sz\u00e1m\u00e1ra T\u00f6k\u00e9letes sz\u00f6rf\u00f6z\u00e9shez \u00e9s tengerparti kir\u00e1ndul\u00e1sokhoz K\u00f6nny\u0171 kezd\u00e9s az algarvei kalandhoz Hol veheti \u00e1t lak\u00f3aut\u00f3j\u00e1t Far\u00f3ban Rua Aquilino Ribeiro [&hellip;]<\/p>\n","protected":false},"author":1,"featured_media":232105,"parent":232180,"menu_order":0,"comment_status":"closed","ping_status":"closed","template":"elementor_header_footer","meta":{"om_disable_all_campaigns":false,"footnotes":""},"class_list":["post-232104","page","type-page","status-publish","has-post-thumbnail","hentry"],"aioseo_notices":[],"aioseo_head":"\n\t\t<!-- All in One SEO 4.9.10 - aioseo.com -->\n\t<meta name=\"description\" content=\"Campervan b\u00e9rl\u00e9s Faroban, 2 km-re a rep\u00fcl\u0151t\u00e9rt\u0151l. Online foglal\u00e1s, bejelentkez\u00e9s m\u00e9g aznap. Teljesen felszerelt mini Campervans, csal\u00e1di v\u00e1llalkoz\u00e1s 2017 \u00f3ta.\" \/>\n\t<meta name=\"robots\" content=\"max-image-preview:large\" \/>\n\t<link rel=\"canonical\" href=\"https:\/\/oceancamper.com\/hu\/lakobuszberles\/trustpilot-ocean-camper-legjobb-ertekeles\/\" \/>\n\t<meta name=\"generator\" content=\"All in One SEO (AIOSEO) 4.9.10\" \/>\n\t\t<meta property=\"og:locale\" content=\"hu_HU\" \/>\n\t\t<meta property=\"og:site_name\" content=\"Ocean Camper - Campervan Rental in Faro, Portugal\" \/>\n\t\t<meta property=\"og:type\" content=\"article\" \/>\n\t\t<meta property=\"og:title\" content=\"Campervan b\u00e9rl\u00e9s Faro: 2 km-re a rep\u00fcl\u0151t\u00e9rt\u0151l | Ocean Camper\" \/>\n\t\t<meta property=\"og:description\" content=\"Campervan b\u00e9rl\u00e9s Faroban, 2 km-re a rep\u00fcl\u0151t\u00e9rt\u0151l. Online foglal\u00e1s, bejelentkez\u00e9s m\u00e9g aznap. Teljesen felszerelt mini Campervans, csal\u00e1di v\u00e1llalkoz\u00e1s 2017 \u00f3ta.\" \/>\n\t\t<meta property=\"og:url\" content=\"https:\/\/oceancamper.com\/hu\/lakobuszberles\/trustpilot-ocean-camper-legjobb-ertekeles\/\" \/>\n\t\t<meta property=\"og:image\" content=\"https:\/\/oceancamper.com\/wp-content\/uploads\/2022\/01\/Asset-5.png\" \/>\n\t\t<meta property=\"og:image:secure_url\" content=\"https:\/\/oceancamper.com\/wp-content\/uploads\/2022\/01\/Asset-5.png\" \/>\n\t\t<meta property=\"og:image:width\" content=\"662\" \/>\n\t\t<meta property=\"og:image:height\" content=\"291\" \/>\n\t\t<meta property=\"article:published_time\" content=\"2026-02-20T16:31:06+00:00\" \/>\n\t\t<meta property=\"article:modified_time\" content=\"2026-09-01T16:47:05+00:00\" \/>\n\t\t<meta property=\"article:publisher\" content=\"https:\/\/www.facebook.com\/oceancamper\/\" \/>\n\t\t<meta name=\"twitter:card\" content=\"summary\" \/>\n\t\t<meta name=\"twitter:site\" content=\"@Ocean_Camper\" \/>\n\t\t<meta name=\"twitter:title\" content=\"Campervan b\u00e9rl\u00e9s Faro: 2 km-re a rep\u00fcl\u0151t\u00e9rt\u0151l | Ocean Camper\" \/>\n\t\t<meta name=\"twitter:description\" content=\"Campervan b\u00e9rl\u00e9s Faroban, 2 km-re a rep\u00fcl\u0151t\u00e9rt\u0151l. Online foglal\u00e1s, bejelentkez\u00e9s m\u00e9g aznap. Teljesen felszerelt mini Campervans, csal\u00e1di v\u00e1llalkoz\u00e1s 2017 \u00f3ta.\" \/>\n\t\t<meta name=\"twitter:creator\" content=\"@Ocean_Camper\" \/>\n\t\t<meta name=\"twitter:image\" content=\"https:\/\/oceancamper.com\/wp-content\/uploads\/2022\/01\/Asset-5.png\" \/>\n\t\t<script type=\"application\/ld+json\" class=\"aioseo-schema\">\n\t\t\t{\"@context\":\"https:\\\/\\\/schema.org\",\"@graph\":[{\"@type\":\"BreadcrumbList\",\"@id\":\"https:\\\/\\\/oceancamper.com\\\/hu\\\/lakobuszberles\\\/trustpilot-ocean-camper-legjobb-ertekeles\\\/#breadcrumblist\",\"itemListElement\":[{\"@type\":\"ListItem\",\"@id\":\"https:\\\/\\\/oceancamper.com\\\/hu\\\/#listItem\",\"position\":1,\"name\":\"Home\",\"item\":\"https:\\\/\\\/oceancamper.com\\\/hu\\\/\",\"nextItem\":{\"@type\":\"ListItem\",\"@id\":\"https:\\\/\\\/oceancamper.com\\\/hu\\\/lakobuszberles\\\/#listItem\",\"name\":\"Campervan b\\u00e9rl\\u00e9s Portug\\u00e1li\\u00e1ban | \\u00c1tv\\u00e9tel Faroban \\u00e9s Lisszabonban\"}},{\"@type\":\"ListItem\",\"@id\":\"https:\\\/\\\/oceancamper.com\\\/hu\\\/lakobuszberles\\\/#listItem\",\"position\":2,\"name\":\"Campervan b\\u00e9rl\\u00e9s Portug\\u00e1li\\u00e1ban | \\u00c1tv\\u00e9tel Faroban \\u00e9s Lisszabonban\",\"item\":\"https:\\\/\\\/oceancamper.com\\\/hu\\\/lakobuszberles\\\/\",\"nextItem\":{\"@type\":\"ListItem\",\"@id\":\"https:\\\/\\\/oceancamper.com\\\/hu\\\/lakobuszberles\\\/trustpilot-ocean-camper-legjobb-ertekeles\\\/#listItem\",\"name\":\"Campervan b\\u00e9rl\\u00e9s Faro-ban: K\\u00f6nny\\u0171 aut\\u00f3s kir\\u00e1ndul\\u00e1sok az Algarve-on\"},\"previousItem\":{\"@type\":\"ListItem\",\"@id\":\"https:\\\/\\\/oceancamper.com\\\/hu\\\/#listItem\",\"name\":\"Home\"}},{\"@type\":\"ListItem\",\"@id\":\"https:\\\/\\\/oceancamper.com\\\/hu\\\/lakobuszberles\\\/trustpilot-ocean-camper-legjobb-ertekeles\\\/#listItem\",\"position\":3,\"name\":\"Campervan b\\u00e9rl\\u00e9s Faro-ban: K\\u00f6nny\\u0171 aut\\u00f3s kir\\u00e1ndul\\u00e1sok az Algarve-on\",\"previousItem\":{\"@type\":\"ListItem\",\"@id\":\"https:\\\/\\\/oceancamper.com\\\/hu\\\/lakobuszberles\\\/#listItem\",\"name\":\"Campervan b\\u00e9rl\\u00e9s Portug\\u00e1li\\u00e1ban | \\u00c1tv\\u00e9tel Faroban \\u00e9s Lisszabonban\"}}]},{\"@type\":\"Organization\",\"@id\":\"https:\\\/\\\/oceancamper.com\\\/hu\\\/#organization\",\"name\":\"Ocean Camper\",\"description\":\"Ocean Camper provides affordable campervan rental in Portugal with fully equipped campervans for up to three people, available in Faro and Lisbon for flexible road trips.\",\"url\":\"https:\\\/\\\/oceancamper.com\\\/hu\\\/\",\"email\":\"info@oceancamper.com\",\"telephone\":\"+351920301044\",\"foundingDate\":\"2017-04-19\",\"numberOfEmployees\":{\"@type\":\"QuantitativeValue\",\"minValue\":0,\"maxValue\":10},\"logo\":{\"@type\":\"ImageObject\",\"url\":\"https:\\\/\\\/oceancamper.com\\\/wp-content\\\/uploads\\\/2022\\\/01\\\/Asset-5.png\",\"@id\":\"https:\\\/\\\/oceancamper.com\\\/hu\\\/lakobuszberles\\\/trustpilot-ocean-camper-legjobb-ertekeles\\\/#organizationLogo\",\"width\":662,\"height\":291,\"caption\":\"Ocean Camper logo\"},\"image\":{\"@id\":\"https:\\\/\\\/oceancamper.com\\\/hu\\\/lakobuszberles\\\/trustpilot-ocean-camper-legjobb-ertekeles\\\/#organizationLogo\"},\"sameAs\":[\"https:\\\/\\\/www.facebook.com\\\/oceancamper\\\/\",\"https:\\\/\\\/x.com\\\/Ocean_Camper\",\"https:\\\/\\\/www.instagram.com\\\/oceancamper.vans\\\/\",\"https:\\\/\\\/www.tiktok.com\\\/@oceancamper.vans\",\"https:\\\/\\\/www.youtube.com\\\/@oceancamper\",\"https:\\\/\\\/www.linkedin.com\\\/company\\\/oceancamper\\\/\",\"https:\\\/\\\/www.trustpilot.com\\\/review\\\/oceancamper.com\"]},{\"@type\":\"WebPage\",\"@id\":\"https:\\\/\\\/oceancamper.com\\\/hu\\\/lakobuszberles\\\/trustpilot-ocean-camper-legjobb-ertekeles\\\/#webpage\",\"url\":\"https:\\\/\\\/oceancamper.com\\\/hu\\\/lakobuszberles\\\/trustpilot-ocean-camper-legjobb-ertekeles\\\/\",\"name\":\"Campervan b\\u00e9rl\\u00e9s Faro: 2 km-re a rep\\u00fcl\\u0151t\\u00e9rt\\u0151l | Ocean Camper\",\"description\":\"Campervan b\\u00e9rl\\u00e9s Faroban, 2 km-re a rep\\u00fcl\\u0151t\\u00e9rt\\u0151l. Online foglal\\u00e1s, bejelentkez\\u00e9s m\\u00e9g aznap. Teljesen felszerelt mini Campervans, csal\\u00e1di v\\u00e1llalkoz\\u00e1s 2017 \\u00f3ta.\",\"inLanguage\":\"hu-HU\",\"isPartOf\":{\"@id\":\"https:\\\/\\\/oceancamper.com\\\/hu\\\/#website\"},\"breadcrumb\":{\"@id\":\"https:\\\/\\\/oceancamper.com\\\/hu\\\/lakobuszberles\\\/trustpilot-ocean-camper-legjobb-ertekeles\\\/#breadcrumblist\"},\"image\":{\"@type\":\"ImageObject\",\"url\":\"https:\\\/\\\/oceancamper.com\\\/wp-content\\\/uploads\\\/2026\\\/02\\\/campervan-rental-faro-algarve-coast.webp\",\"@id\":\"https:\\\/\\\/oceancamper.com\\\/hu\\\/lakobuszberles\\\/trustpilot-ocean-camper-legjobb-ertekeles\\\/#mainImage\",\"width\":1200,\"height\":800,\"caption\":\"Kezdje algarvei \\u00fatj\\u00e1t a parthoz k\\u00f6zeli Faro v\\u00e1ros\\u00e1ban lak\\u00f3aut\\u00f3-b\\u00e9rl\\u00e9ssel.\"},\"primaryImageOfPage\":{\"@id\":\"https:\\\/\\\/oceancamper.com\\\/hu\\\/lakobuszberles\\\/trustpilot-ocean-camper-legjobb-ertekeles\\\/#mainImage\"},\"datePublished\":\"2026-02-20T16:31:06+00:00\",\"dateModified\":\"2026-09-01T16:47:05+00:00\"},{\"@type\":\"WebSite\",\"@id\":\"https:\\\/\\\/oceancamper.com\\\/hu\\\/#website\",\"url\":\"https:\\\/\\\/oceancamper.com\\\/hu\\\/\",\"name\":\"Ocean Camper\",\"alternateName\":\"Ocean Camper Portugal\",\"description\":\"Campervan Rental in Faro, Portugal\",\"inLanguage\":\"hu-HU\",\"publisher\":{\"@id\":\"https:\\\/\\\/oceancamper.com\\\/hu\\\/#organization\"}}]}\n\t\t<\/script>\n\t\t<!-- All in One SEO -->\n\n","aioseo_head_json":{"title":"Campervan b\u00e9rl\u00e9s Faro: 2 km-re a rep\u00fcl\u0151t\u00e9rt\u0151l | Ocean Camper","description":"Campervan b\u00e9rl\u00e9s Faroban, 2 km-re a rep\u00fcl\u0151t\u00e9rt\u0151l. Online foglal\u00e1s, bejelentkez\u00e9s m\u00e9g aznap. Teljesen felszerelt mini Campervans, csal\u00e1di v\u00e1llalkoz\u00e1s 2017 \u00f3ta.","canonical_url":"https:\/\/oceancamper.com\/hu\/lakobuszberles\/trustpilot-ocean-camper-legjobb-ertekeles\/","robots":"max-image-preview:large","keywords":"","webmasterTools":{"miscellaneous":""},"schema":{"@context":"https:\/\/schema.org","@graph":[{"@type":"BreadcrumbList","@id":"https:\/\/oceancamper.com\/hu\/lakobuszberles\/trustpilot-ocean-camper-legjobb-ertekeles\/#breadcrumblist","itemListElement":[{"@type":"ListItem","@id":"https:\/\/oceancamper.com\/hu\/#listItem","position":1,"name":"Home","item":"https:\/\/oceancamper.com\/hu\/","nextItem":{"@type":"ListItem","@id":"https:\/\/oceancamper.com\/hu\/lakobuszberles\/#listItem","name":"Campervan b\u00e9rl\u00e9s Portug\u00e1li\u00e1ban | \u00c1tv\u00e9tel Faroban \u00e9s Lisszabonban"}},{"@type":"ListItem","@id":"https:\/\/oceancamper.com\/hu\/lakobuszberles\/#listItem","position":2,"name":"Campervan b\u00e9rl\u00e9s Portug\u00e1li\u00e1ban | \u00c1tv\u00e9tel Faroban \u00e9s Lisszabonban","item":"https:\/\/oceancamper.com\/hu\/lakobuszberles\/","nextItem":{"@type":"ListItem","@id":"https:\/\/oceancamper.com\/hu\/lakobuszberles\/trustpilot-ocean-camper-legjobb-ertekeles\/#listItem","name":"Campervan b\u00e9rl\u00e9s Faro-ban: K\u00f6nny\u0171 aut\u00f3s kir\u00e1ndul\u00e1sok az Algarve-on"},"previousItem":{"@type":"ListItem","@id":"https:\/\/oceancamper.com\/hu\/#listItem","name":"Home"}},{"@type":"ListItem","@id":"https:\/\/oceancamper.com\/hu\/lakobuszberles\/trustpilot-ocean-camper-legjobb-ertekeles\/#listItem","position":3,"name":"Campervan b\u00e9rl\u00e9s Faro-ban: K\u00f6nny\u0171 aut\u00f3s kir\u00e1ndul\u00e1sok az Algarve-on","previousItem":{"@type":"ListItem","@id":"https:\/\/oceancamper.com\/hu\/lakobuszberles\/#listItem","name":"Campervan b\u00e9rl\u00e9s Portug\u00e1li\u00e1ban | \u00c1tv\u00e9tel Faroban \u00e9s Lisszabonban"}}]},{"@type":"Organization","@id":"https:\/\/oceancamper.com\/hu\/#organization","name":"Ocean Camper","description":"Ocean Camper provides affordable campervan rental in Portugal with fully equipped campervans for up to three people, available in Faro and Lisbon for flexible road trips.","url":"https:\/\/oceancamper.com\/hu\/","email":"info@oceancamper.com","telephone":"+351920301044","foundingDate":"2017-04-19","numberOfEmployees":{"@type":"QuantitativeValue","minValue":0,"maxValue":10},"logo":{"@type":"ImageObject","url":"https:\/\/oceancamper.com\/wp-content\/uploads\/2022\/01\/Asset-5.png","@id":"https:\/\/oceancamper.com\/hu\/lakobuszberles\/trustpilot-ocean-camper-legjobb-ertekeles\/#organizationLogo","width":662,"height":291,"caption":"Ocean Camper logo"},"image":{"@id":"https:\/\/oceancamper.com\/hu\/lakobuszberles\/trustpilot-ocean-camper-legjobb-ertekeles\/#organizationLogo"},"sameAs":["https:\/\/www.facebook.com\/oceancamper\/","https:\/\/x.com\/Ocean_Camper","https:\/\/www.instagram.com\/oceancamper.vans\/","https:\/\/www.tiktok.com\/@oceancamper.vans","https:\/\/www.youtube.com\/@oceancamper","https:\/\/www.linkedin.com\/company\/oceancamper\/","https:\/\/www.trustpilot.com\/review\/oceancamper.com"]},{"@type":"WebPage","@id":"https:\/\/oceancamper.com\/hu\/lakobuszberles\/trustpilot-ocean-camper-legjobb-ertekeles\/#webpage","url":"https:\/\/oceancamper.com\/hu\/lakobuszberles\/trustpilot-ocean-camper-legjobb-ertekeles\/","name":"Campervan b\u00e9rl\u00e9s Faro: 2 km-re a rep\u00fcl\u0151t\u00e9rt\u0151l | Ocean Camper","description":"Campervan b\u00e9rl\u00e9s Faroban, 2 km-re a rep\u00fcl\u0151t\u00e9rt\u0151l. Online foglal\u00e1s, bejelentkez\u00e9s m\u00e9g aznap. Teljesen felszerelt mini Campervans, csal\u00e1di v\u00e1llalkoz\u00e1s 2017 \u00f3ta.","inLanguage":"hu-HU","isPartOf":{"@id":"https:\/\/oceancamper.com\/hu\/#website"},"breadcrumb":{"@id":"https:\/\/oceancamper.com\/hu\/lakobuszberles\/trustpilot-ocean-camper-legjobb-ertekeles\/#breadcrumblist"},"image":{"@type":"ImageObject","url":"https:\/\/oceancamper.com\/wp-content\/uploads\/2026\/02\/campervan-rental-faro-algarve-coast.webp","@id":"https:\/\/oceancamper.com\/hu\/lakobuszberles\/trustpilot-ocean-camper-legjobb-ertekeles\/#mainImage","width":1200,"height":800,"caption":"Kezdje algarvei \u00fatj\u00e1t a parthoz k\u00f6zeli Faro v\u00e1ros\u00e1ban lak\u00f3aut\u00f3-b\u00e9rl\u00e9ssel."},"primaryImageOfPage":{"@id":"https:\/\/oceancamper.com\/hu\/lakobuszberles\/trustpilot-ocean-camper-legjobb-ertekeles\/#mainImage"},"datePublished":"2026-02-20T16:31:06+00:00","dateModified":"2026-09-01T16:47:05+00:00"},{"@type":"WebSite","@id":"https:\/\/oceancamper.com\/hu\/#website","url":"https:\/\/oceancamper.com\/hu\/","name":"Ocean Camper","alternateName":"Ocean Camper Portugal","description":"Campervan Rental in Faro, Portugal","inLanguage":"hu-HU","publisher":{"@id":"https:\/\/oceancamper.com\/hu\/#organization"}}]},"og:locale":"hu_HU","og:site_name":"Ocean Camper - Campervan Rental in Faro, Portugal","og:type":"article","og:title":"Campervan b\u00e9rl\u00e9s Faro: 2 km-re a rep\u00fcl\u0151t\u00e9rt\u0151l | Ocean Camper","og:description":"Campervan b\u00e9rl\u00e9s Faroban, 2 km-re a rep\u00fcl\u0151t\u00e9rt\u0151l. Online foglal\u00e1s, bejelentkez\u00e9s m\u00e9g aznap. Teljesen felszerelt mini Campervans, csal\u00e1di v\u00e1llalkoz\u00e1s 2017 \u00f3ta.","og:url":"https:\/\/oceancamper.com\/hu\/lakobuszberles\/trustpilot-ocean-camper-legjobb-ertekeles\/","og:image":"https:\/\/oceancamper.com\/wp-content\/uploads\/2022\/01\/Asset-5.png","og:image:secure_url":"https:\/\/oceancamper.com\/wp-content\/uploads\/2022\/01\/Asset-5.png","og:image:width":662,"og:image:height":291,"article:published_time":"2026-02-20T16:31:06+00:00","article:modified_time":"2026-09-01T16:47:05+00:00","article:publisher":"https:\/\/www.facebook.com\/oceancamper\/","twitter:card":"summary","twitter:site":"@Ocean_Camper","twitter:title":"Campervan b\u00e9rl\u00e9s Faro: 2 km-re a rep\u00fcl\u0151t\u00e9rt\u0151l | Ocean Camper","twitter:description":"Campervan b\u00e9rl\u00e9s Faroban, 2 km-re a rep\u00fcl\u0151t\u00e9rt\u0151l. Online foglal\u00e1s, bejelentkez\u00e9s m\u00e9g aznap. Teljesen felszerelt mini Campervans, csal\u00e1di v\u00e1llalkoz\u00e1s 2017 \u00f3ta.","twitter:creator":"@Ocean_Camper","twitter:image":"https:\/\/oceancamper.com\/wp-content\/uploads\/2022\/01\/Asset-5.png"},"aioseo_meta_data":{"post_id":"232104","title":"Campervan b\u00e9rl\u00e9s Faro: 2 km-re a rep\u00fcl\u0151t\u00e9rt\u0151l | Ocean Camper","description":"Campervan b\u00e9rl\u00e9s Faroban, 2 km-re a rep\u00fcl\u0151t\u00e9rt\u0151l. Online foglal\u00e1s, bejelentkez\u00e9s m\u00e9g aznap. Teljesen felszerelt mini Campervans, csal\u00e1di v\u00e1llalkoz\u00e1s 2017 \u00f3ta.  ","keywords":null,"keyphrases":{"focus":{"keyphrase":"campervan rental faro"},"additional":[{"keyphrase":"camper rental faro"},{"keyphrase":"campervan hire faro"},{"keyphrase":"motorhome rental faro"},{"keyphrase":"rv rental faro"},{"keyphrase":"campervan hire faro airport"}]},"primary_term":null,"canonical_url":null,"og_title":null,"og_description":"Campervan b\u00e9rl\u00e9s Faroban, 2 km-re a rep\u00fcl\u0151t\u00e9rt\u0151l. Online foglal\u00e1s, bejelentkez\u00e9s m\u00e9g aznap. Teljesen felszerelt mini Campervans, csal\u00e1di v\u00e1llalkoz\u00e1s 2017 \u00f3ta.  ","og_object_type":"default","og_image_type":"default","og_image_url":null,"og_image_width":null,"og_image_height":null,"og_image_custom_url":null,"og_image_custom_fields":null,"og_video":"","og_custom_url":null,"og_article_section":null,"og_article_tags":null,"twitter_use_og":false,"twitter_card":"default","twitter_image_type":"default","twitter_image_url":null,"twitter_image_custom_url":null,"twitter_image_custom_fields":null,"twitter_title":null,"twitter_description":"Campervan b\u00e9rl\u00e9s Faroban, 2 km-re a rep\u00fcl\u0151t\u00e9rt\u0151l. Online foglal\u00e1s, bejelentkez\u00e9s m\u00e9g aznap. Teljesen felszerelt mini Campervans, csal\u00e1di v\u00e1llalkoz\u00e1s 2017 \u00f3ta.  ","schema":{"blockGraphs":[],"customGraphs":[],"default":{"data":{"Article":[],"Course":[],"Dataset":[],"FAQPage":[],"Movie":[],"Person":[],"Product":[],"ProductReview":[],"Car":[],"Recipe":[],"Service":[],"SoftwareApplication":[],"WebPage":[]},"graphName":"WebPage","isEnabled":true},"graphs":[]},"schema_type":"default","schema_type_options":null,"pillar_content":false,"robots_default":true,"robots_noindex":false,"robots_noarchive":false,"robots_nosnippet":false,"robots_nofollow":false,"robots_noimageindex":false,"robots_noodp":false,"robots_notranslate":false,"robots_max_snippet":"-1","robots_max_videopreview":"-1","robots_max_imagepreview":"large","priority":null,"frequency":"default","local_seo":null,"seo_analyzer_scan_date":null,"breadcrumb_settings":null,"limit_modified_date":false,"open_ai":null,"ai":{"faqs":[],"keyPoints":[],"schemas":[],"titles":[],"descriptions":[],"socialPosts":{"email":[],"linkedin":[],"twitter":[],"facebook":[],"instagram":[]}},"created":"2026-02-26 09:08:47","updated":"2026-09-01 21:45:02"},"aioseo_breadcrumb":"<div class=\"aioseo-breadcrumbs\"><span class=\"aioseo-breadcrumb\">\n\t\t\t<a href=\"https:\/\/oceancamper.com\/hu\/\" title=\"Home\">Home<\/a>\n\t\t<\/span><span class=\"aioseo-breadcrumb-separator\">\u00bb<\/span><span class=\"aioseo-breadcrumb\">\n\t\t\t<a href=\"https:\/\/oceancamper.com\/hu\/lakobuszberles\/\" title=\"Campervan b\u00e9rl\u00e9s Portug\u00e1li\u00e1ban | \u00c1tv\u00e9tel Faroban \u00e9s Lisszabonban\">Campervan b\u00e9rl\u00e9s Portug\u00e1li\u00e1ban | \u00c1tv\u00e9tel Faroban \u00e9s Lisszabonban<\/a>\n\t\t<\/span><span class=\"aioseo-breadcrumb-separator\">\u00bb<\/span><span class=\"aioseo-breadcrumb\">\n\t\t\tCampervan b\u00e9rl\u00e9s Faro-ban: K\u00f6nny\u0171 aut\u00f3s kir\u00e1ndul\u00e1sok az Algarve-on\n\t\t<\/span><\/div>","aioseo_breadcrumb_json":[{"label":"Home","link":"https:\/\/oceancamper.com\/hu\/"},{"label":"Campervan b\u00e9rl\u00e9s Portug\u00e1li\u00e1ban | \u00c1tv\u00e9tel Faroban \u00e9s Lisszabonban","link":"https:\/\/oceancamper.com\/hu\/lakobuszberles\/"},{"label":"Campervan b\u00e9rl\u00e9s Faro-ban: K\u00f6nny\u0171 aut\u00f3s kir\u00e1ndul\u00e1sok az Algarve-on","link":"https:\/\/oceancamper.com\/hu\/lakobuszberles\/trustpilot-ocean-camper-legjobb-ertekeles\/"}],"_links":{"self":[{"href":"https:\/\/oceancamper.com\/hu\/wp-json\/wp\/v2\/pages\/232104","targetHints":{"allow":["GET"]}}],"collection":[{"href":"https:\/\/oceancamper.com\/hu\/wp-json\/wp\/v2\/pages"}],"about":[{"href":"https:\/\/oceancamper.com\/hu\/wp-json\/wp\/v2\/types\/page"}],"author":[{"embeddable":true,"href":"https:\/\/oceancamper.com\/hu\/wp-json\/wp\/v2\/users\/1"}],"replies":[{"embeddable":true,"href":"https:\/\/oceancamper.com\/hu\/wp-json\/wp\/v2\/comments?post=232104"}],"version-history":[{"count":15,"href":"https:\/\/oceancamper.com\/hu\/wp-json\/wp\/v2\/pages\/232104\/revisions"}],"predecessor-version":[{"id":275138,"href":"https:\/\/oceancamper.com\/hu\/wp-json\/wp\/v2\/pages\/232104\/revisions\/275138"}],"up":[{"embeddable":true,"href":"https:\/\/oceancamper.com\/hu\/wp-json\/wp\/v2\/pages\/232180"}],"wp:featuredmedia":[{"embeddable":true,"href":"https:\/\/oceancamper.com\/hu\/wp-json\/wp\/v2\/media\/232105"}],"wp:attachment":[{"href":"https:\/\/oceancamper.com\/hu\/wp-json\/wp\/v2\/media?parent=232104"}],"curies":[{"name":"wp","href":"https:\/\/api.w.org\/{rel}","templated":true}]}}