{"id":161892,"date":"2022-02-16T20:19:51","date_gmt":"2022-02-16T20:19:51","guid":{"rendered":"https:\/\/oceancamper.com\/extrak\/wi-fi-mobil\/"},"modified":"2025-03-14T09:16:59","modified_gmt":"2025-03-14T09:16:59","slug":"wi-fi-mobil","status":"publish","type":"page","link":"https:\/\/oceancamper.com\/hu\/extrak\/wi-fi-mobil\/","title":{"rendered":"Wi-Fi mobil"},"content":{"rendered":"\t\t<div data-elementor-type=\"wp-page\" data-elementor-id=\"161892\" class=\"elementor elementor-161892 elementor-2868\" data-elementor-post-type=\"page\">\n\t\t\t\t\t\t<section class=\"elementor-section elementor-top-section elementor-element elementor-element-cef7aa1 elementor-section-height-min-height elementor-section-stretched elementor-section-content-middle elementor-section-boxed elementor-section-height-default elementor-section-items-middle\" data-id=\"cef7aa1\" data-element_type=\"section\" data-e-type=\"section\" data-settings=\"{&quot;stretch_section&quot;:&quot;section-stretched&quot;,&quot;background_background&quot;:&quot;gradient&quot;}\">\n\t\t\t\t\t\t<div class=\"elementor-container elementor-column-gap-default\">\n\t\t\t\t\t<div class=\"elementor-column elementor-col-100 elementor-top-column elementor-element elementor-element-300973a\" data-id=\"300973a\" data-element_type=\"column\" data-e-type=\"column\">\n\t\t\t<div class=\"elementor-widget-wrap elementor-element-populated\">\n\t\t\t\t\t\t<div class=\"elementor-element elementor-element-bc1a808 elementor-widget elementor-widget-heading\" data-id=\"bc1a808\" data-element_type=\"widget\" data-e-type=\"widget\" data-widget_type=\"heading.default\">\n\t\t\t\t<div class=\"elementor-widget-container\">\n\t\t\t\t\t<h1 class=\"elementor-heading-title elementor-size-default\">B\u00e9rl\u00e9s Internet Wi-Fi mobil<\/h1>\t\t\t\t<\/div>\n\t\t\t\t<\/div>\n\t\t\t\t\t<\/div>\n\t\t<\/div>\n\t\t\t\t\t<\/div>\n\t\t<\/section>\n\t\t\t\t<section class=\"elementor-section elementor-top-section elementor-element elementor-element-05f2f26 elementor-section-stretched elementor-section-boxed elementor-section-height-default elementor-section-height-default\" data-id=\"05f2f26\" data-element_type=\"section\" data-e-type=\"section\" data-settings=\"{&quot;stretch_section&quot;:&quot;section-stretched&quot;,&quot;background_background&quot;:&quot;classic&quot;}\">\n\t\t\t\t\t\t<div class=\"elementor-container elementor-column-gap-default\">\n\t\t\t\t\t<div class=\"elementor-column elementor-col-100 elementor-top-column elementor-element elementor-element-1f710d2\" data-id=\"1f710d2\" data-element_type=\"column\" data-e-type=\"column\">\n\t\t\t<div class=\"elementor-widget-wrap elementor-element-populated\">\n\t\t\t\t\t\t<div class=\"elementor-element elementor-element-a4920fa elementor-widget elementor-widget-text-editor\" data-id=\"a4920fa\" data-element_type=\"widget\" data-e-type=\"widget\" data-widget_type=\"text-editor.default\">\n\t\t\t\t<div class=\"elementor-widget-container\">\n\t\t\t\t\t\t\t\t\t<p>Szeretne kapcsolatban maradni bar\u00e1taival \u00e9s csal\u00e1dj\u00e1val utaz\u00e1s k\u00f6zben? Vagy egyszer\u0171en csak ut\u00e1na szeretne n\u00e9zni, hogy hova menjen m\u00e1snap? Vagy a Google t\u00e9rk\u00e9pet haszn\u00e1lja a navig\u00e1ci\u00f3hoz? Korl\u00e1tlan forgalm\u00fa 3-4 G internet Wi-Fi modem\u00fcnkkel annyit maradhat online, amennyit csak akar. T\u00f6lts\u00f6n le \u00e9s sz\u00f6rf\u00f6lj\u00f6n, amennyit csak akar! Korl\u00e1tlanul.     <\/p>\n\t\t\t\t\t\t\t\t<\/div>\n\t\t\t\t<\/div>\n\t\t\t\t<div class=\"elementor-element elementor-element-4349df1 elementor-widget elementor-widget-text-editor\" data-id=\"4349df1\" data-element_type=\"widget\" data-e-type=\"widget\" data-widget_type=\"text-editor.default\">\n\t\t\t\t<div class=\"elementor-widget-container\">\n\t\t\t\t\t\t\t\t\t<p><strong><span style=\"color: #1e3440;\">B\u00e9relhet wifi modemet:<\/span><\/strong><\/p>\n\t\t\t\t\t\t\t\t<\/div>\n\t\t\t\t<\/div>\n\t\t\t\t<div class=\"elementor-element elementor-element-e3f9c60 elementor-widget elementor-widget-text-editor\" data-id=\"e3f9c60\" data-element_type=\"widget\" data-e-type=\"widget\" data-widget_type=\"text-editor.default\">\n\t\t\t\t<div class=\"elementor-widget-container\">\n\t\t\t\t\t\t\t\t\t<p>&#8211; A lak\u00f3aut\u00f3\/s\u00e1tor foglal\u00e1ssal egy\u00fctt.<br \/>&#8211; K\u00fcl\u00f6n, csak a wifi modemet \u00e9s vegye \u00e1t a k\u00f6vetkez\u0151 helyen. <span style=\"color: #3ac4bb;\"><a style=\"color: #3ac4bb;\" href=\"https:\/\/www.google.com\/maps\/place\/\/data=!4m2!3m1!1s0xd1ab343f0fb35b7:0xa5468e7f9032f468?source=g.page.share\" target=\"_blank\" rel=\"noopener\">\u00fczlet\u00fcnkben<\/a><\/span> Far\u00f3ban, <span style=\"color: #3ac4bb;\"><a style=\"color: #3ac4bb;\" href=\"https:\/\/farosurfrentals.com\/\" target=\"_blank\" rel=\"noopener\">foglaljon itt<\/a><\/span>.<\/p>\n\t\t\t\t\t\t\t\t<\/div>\n\t\t\t\t<\/div>\n\t\t\t\t<section class=\"elementor-section elementor-inner-section elementor-element elementor-element-26a53d0 elementor-section-boxed elementor-section-height-default elementor-section-height-default elementor-invisible\" data-id=\"26a53d0\" data-element_type=\"section\" data-e-type=\"section\" data-settings=\"{&quot;animation&quot;:&quot;fadeInUp&quot;}\">\n\t\t\t\t\t\t<div class=\"elementor-container elementor-column-gap-default\">\n\t\t\t\t\t<div class=\"elementor-column elementor-col-25 elementor-inner-column elementor-element elementor-element-2d8407d\" data-id=\"2d8407d\" data-element_type=\"column\" data-e-type=\"column\" data-settings=\"{&quot;background_background&quot;:&quot;classic&quot;}\">\n\t\t\t<div class=\"elementor-widget-wrap elementor-element-populated\">\n\t\t\t\t\t<div class=\"elementor-background-overlay\"><\/div>\n\t\t\t\t\t\t<div class=\"elementor-element elementor-element-1e88442 elementor-widget elementor-widget-image\" data-id=\"1e88442\" data-element_type=\"widget\" data-e-type=\"widget\" data-widget_type=\"image.default\">\n\t\t\t\t<div class=\"elementor-widget-container\">\n\t\t\t\t\t\t\t\t\t\t\t\t\t\t\t<img fetchpriority=\"high\" decoding=\"async\" width=\"924\" height=\"616\" src=\"https:\/\/oceancamper.com\/wp-content\/uploads\/2022\/02\/mobile-internet-rooter-min.jpg\" class=\"attachment-full size-full wp-image-217712\" alt=\"mobil internet b\u00e9rl\u00e9s algarve\" srcset=\"https:\/\/oceancamper.com\/wp-content\/uploads\/2022\/02\/mobile-internet-rooter-min.jpg 924w, https:\/\/oceancamper.com\/wp-content\/uploads\/2022\/02\/mobile-internet-rooter-min-300x200.jpg 300w, https:\/\/oceancamper.com\/wp-content\/uploads\/2022\/02\/mobile-internet-rooter-min-768x512.jpg 768w\" sizes=\"(max-width: 924px) 100vw, 924px\" \/>\t\t\t\t\t\t\t\t\t\t\t\t\t\t\t<\/div>\n\t\t\t\t<\/div>\n\t\t\t\t<div class=\"elementor-element elementor-element-ae15693 elementor-widget elementor-widget-text-editor\" data-id=\"ae15693\" data-element_type=\"widget\" data-e-type=\"widget\" data-widget_type=\"text-editor.default\">\n\t\t\t\t<div class=\"elementor-widget-container\">\n\t\t\t\t\t\t\t\t\t<p><strong>Mobil wifi modem<\/strong><\/p>\n\t\t\t\t\t\t\t\t<\/div>\n\t\t\t\t<\/div>\n\t\t\t\t\t<\/div>\n\t\t<\/div>\n\t\t\t\t<div class=\"elementor-column elementor-col-25 elementor-inner-column elementor-element elementor-element-04cb4d6\" data-id=\"04cb4d6\" data-element_type=\"column\" data-e-type=\"column\" data-settings=\"{&quot;background_background&quot;:&quot;classic&quot;}\">\n\t\t\t<div class=\"elementor-widget-wrap\">\n\t\t\t\t\t<div class=\"elementor-background-overlay\"><\/div>\n\t\t\t\t\t\t\t<\/div>\n\t\t<\/div>\n\t\t\t\t<div class=\"elementor-column elementor-col-25 elementor-inner-column elementor-element elementor-element-46a9d8a\" data-id=\"46a9d8a\" data-element_type=\"column\" data-e-type=\"column\" data-settings=\"{&quot;background_background&quot;:&quot;classic&quot;}\">\n\t\t\t<div class=\"elementor-widget-wrap\">\n\t\t\t\t\t<div class=\"elementor-background-overlay\"><\/div>\n\t\t\t\t\t\t\t<\/div>\n\t\t<\/div>\n\t\t\t\t<div class=\"elementor-column elementor-col-25 elementor-inner-column elementor-element elementor-element-b068b9c\" data-id=\"b068b9c\" data-element_type=\"column\" data-e-type=\"column\" data-settings=\"{&quot;background_background&quot;:&quot;classic&quot;}\">\n\t\t\t<div class=\"elementor-widget-wrap\">\n\t\t\t\t\t<div class=\"elementor-background-overlay\"><\/div>\n\t\t\t\t\t\t\t<\/div>\n\t\t<\/div>\n\t\t\t\t\t<\/div>\n\t\t<\/section>\n\t\t\t\t<div class=\"elementor-element elementor-element-c1e69d3 elementor-widget elementor-widget-text-editor\" data-id=\"c1e69d3\" data-element_type=\"widget\" data-e-type=\"widget\" data-widget_type=\"text-editor.default\">\n\t\t\t\t<div class=\"elementor-widget-container\">\n\t\t\t\t\t\t\t\t\t<p><span style=\"color: #1e3440;\"><strong>M\u0171szaki adatok<\/strong><\/span><\/p>\n\t\t\t\t\t\t\t\t<\/div>\n\t\t\t\t<\/div>\n\t\t\t\t<div class=\"elementor-element elementor-element-8fdb51f elementor-widget elementor-widget-text-editor\" data-id=\"8fdb51f\" data-element_type=\"widget\" data-e-type=\"widget\" data-widget_type=\"text-editor.default\">\n\t\t\t\t<div class=\"elementor-widget-container\">\n\t\t\t\t\t\t\t\t\t&#8211; Korl\u00e1tlan\n<br>&#8211; \u00dajrat\u00f6lthet\u0151 USB-vel\n<br>&#8211; Teljesen felt\u00f6ltve ak\u00e1r 12 \u00f3r\u00e1n \u00e1t m\u0171k\u00f6dik\n<br>&#8211; T\u00f6bb sz\u00e1m\u00edt\u00f3g\u00e9p \u00e9s eszk\u00f6z is csatlakoztathat\u00f3\n<br>&#8211; Eg\u00e9sz Portug\u00e1li\u00e1ban m\u0171k\u00f6dik, ahol van telefonh\u00e1l\u00f3zat.\t\t\t\t\t\t\t\t<\/div>\n\t\t\t\t<\/div>\n\t\t\t\t<div class=\"elementor-element elementor-element-62d7b65 elementor-widget elementor-widget-text-editor\" data-id=\"62d7b65\" data-element_type=\"widget\" data-e-type=\"widget\" data-widget_type=\"text-editor.default\">\n\t\t\t\t<div class=\"elementor-widget-container\">\n\t\t\t\t\t\t\t\t\t<p><strong><span style=\"color: #1e3440;\">Csak felszerel\u00e9s foglal\u00e1sa <span style=\"color: #3ac4bb;\"><a style=\"color: #3ac4bb;\" href=\"https:\/\/farosurfrentals.com\/\" target=\"_blank\" rel=\"noopener\">itt<\/a><\/span><\/span><\/strong><\/p>\n\t\t\t\t\t\t\t\t<\/div>\n\t\t\t\t<\/div>\n\t\t\t\t\t<\/div>\n\t\t<\/div>\n\t\t\t\t\t<\/div>\n\t\t<\/section>\n\t\t\t\t<\/div>\n\t\t","protected":false},"excerpt":{"rendered":"<p>B\u00e9rl\u00e9s Internet Wi-Fi mobil Szeretne kapcsolatban maradni bar\u00e1taival \u00e9s csal\u00e1dj\u00e1val utaz\u00e1s k\u00f6zben? Vagy egyszer\u0171en csak ut\u00e1na szeretne n\u00e9zni, hogy hova menjen m\u00e1snap? Vagy a Google t\u00e9rk\u00e9pet haszn\u00e1lja a navig\u00e1ci\u00f3hoz? Korl\u00e1tlan forgalm\u00fa 3-4 G internet Wi-Fi modem\u00fcnkkel annyit maradhat online, amennyit csak akar. T\u00f6lts\u00f6n le \u00e9s sz\u00f6rf\u00f6lj\u00f6n, amennyit csak akar! Korl\u00e1tlanul. B\u00e9relhet wifi modemet: &#8211; A [&hellip;]<\/p>\n","protected":false},"author":1,"featured_media":0,"parent":161738,"menu_order":0,"comment_status":"closed","ping_status":"closed","template":"elementor_header_footer","meta":{"om_disable_all_campaigns":false,"footnotes":""},"class_list":["post-161892","page","type-page","status-publish","hentry"],"aioseo_notices":[],"aioseo_head":"\n\t\t<!-- All in One SEO 4.9.10 - aioseo.com -->\n\t<meta name=\"description\" content=\"B\u00e9reljen 4G mobilinternet modemet a portug\u00e1liai Faro v\u00e1ros\u00e1ban, hogy online maradhasson a sz\u00f6rf\u00f6z\u00e9s \u00e9s a portug\u00e1liai \u00fat sor\u00e1n. Korl\u00e1tlan adatforgalom!\" \/>\n\t<meta name=\"robots\" content=\"max-image-preview:large\" \/>\n\t<link rel=\"canonical\" href=\"https:\/\/oceancamper.com\/hu\/extrak\/wi-fi-mobil\/\" \/>\n\t<meta name=\"generator\" content=\"All in One SEO (AIOSEO) 4.9.10\" \/>\n\t\t<meta property=\"og:locale\" content=\"hu_HU\" \/>\n\t\t<meta property=\"og:site_name\" content=\"Ocean Camper - Campervan Rental in Faro, Portugal\" \/>\n\t\t<meta property=\"og:type\" content=\"article\" \/>\n\t\t<meta property=\"og:title\" content=\"WI-FI MOBILE Internet modem b\u00e9rl\u00e9se - Ocean Camper Faro Portug\u00e1lia\" \/>\n\t\t<meta property=\"og:description\" content=\"B\u00e9reljen 4G mobilinternet modemet a portug\u00e1liai Faro v\u00e1ros\u00e1ban, hogy online maradhasson a sz\u00f6rf\u00f6z\u00e9s \u00e9s a portug\u00e1liai \u00fat sor\u00e1n. Korl\u00e1tlan adatforgalom!\" \/>\n\t\t<meta property=\"og:url\" content=\"https:\/\/oceancamper.com\/hu\/extrak\/wi-fi-mobil\/\" \/>\n\t\t<meta property=\"og:image\" content=\"https:\/\/oceancamper.com\/wp-content\/uploads\/2022\/01\/Asset-5.png\" \/>\n\t\t<meta property=\"og:image:secure_url\" content=\"https:\/\/oceancamper.com\/wp-content\/uploads\/2022\/01\/Asset-5.png\" \/>\n\t\t<meta property=\"og:image:width\" content=\"662\" \/>\n\t\t<meta property=\"og:image:height\" content=\"291\" \/>\n\t\t<meta property=\"article:published_time\" content=\"2022-02-16T20:19:51+00:00\" \/>\n\t\t<meta property=\"article:modified_time\" content=\"2025-03-14T09:16:59+00:00\" \/>\n\t\t<meta property=\"article:publisher\" content=\"https:\/\/www.facebook.com\/oceancamper\/\" \/>\n\t\t<meta name=\"twitter:card\" content=\"summary\" \/>\n\t\t<meta name=\"twitter:site\" content=\"@Ocean_Camper\" \/>\n\t\t<meta name=\"twitter:title\" content=\"WI-FI MOBILE Internet modem b\u00e9rl\u00e9se - Ocean Camper Faro Portug\u00e1lia\" \/>\n\t\t<meta name=\"twitter:description\" content=\"B\u00e9reljen 4G mobilinternet modemet a portug\u00e1liai Faro v\u00e1ros\u00e1ban, hogy online maradhasson a sz\u00f6rf\u00f6z\u00e9s \u00e9s a portug\u00e1liai \u00fat sor\u00e1n. Korl\u00e1tlan adatforgalom!\" \/>\n\t\t<meta name=\"twitter:creator\" content=\"@Ocean_Camper\" \/>\n\t\t<meta name=\"twitter:image\" content=\"https:\/\/oceancamper.com\/wp-content\/uploads\/2022\/01\/Asset-5.png\" \/>\n\t\t<script type=\"application\/ld+json\" class=\"aioseo-schema\">\n\t\t\t{\"@context\":\"https:\\\/\\\/schema.org\",\"@graph\":[{\"@type\":\"BreadcrumbList\",\"@id\":\"https:\\\/\\\/oceancamper.com\\\/hu\\\/extrak\\\/wi-fi-mobil\\\/#breadcrumblist\",\"itemListElement\":[{\"@type\":\"ListItem\",\"@id\":\"https:\\\/\\\/oceancamper.com\\\/hu\\\/#listItem\",\"position\":1,\"name\":\"Home\",\"item\":\"https:\\\/\\\/oceancamper.com\\\/hu\\\/\",\"nextItem\":{\"@type\":\"ListItem\",\"@id\":\"https:\\\/\\\/oceancamper.com\\\/hu\\\/extrak\\\/#listItem\",\"name\":\"Extr\\u00e1k\"}},{\"@type\":\"ListItem\",\"@id\":\"https:\\\/\\\/oceancamper.com\\\/hu\\\/extrak\\\/#listItem\",\"position\":2,\"name\":\"Extr\\u00e1k\",\"item\":\"https:\\\/\\\/oceancamper.com\\\/hu\\\/extrak\\\/\",\"nextItem\":{\"@type\":\"ListItem\",\"@id\":\"https:\\\/\\\/oceancamper.com\\\/hu\\\/extrak\\\/wi-fi-mobil\\\/#listItem\",\"name\":\"Wi-Fi mobil\"},\"previousItem\":{\"@type\":\"ListItem\",\"@id\":\"https:\\\/\\\/oceancamper.com\\\/hu\\\/#listItem\",\"name\":\"Home\"}},{\"@type\":\"ListItem\",\"@id\":\"https:\\\/\\\/oceancamper.com\\\/hu\\\/extrak\\\/wi-fi-mobil\\\/#listItem\",\"position\":3,\"name\":\"Wi-Fi mobil\",\"previousItem\":{\"@type\":\"ListItem\",\"@id\":\"https:\\\/\\\/oceancamper.com\\\/hu\\\/extrak\\\/#listItem\",\"name\":\"Extr\\u00e1k\"}}]},{\"@type\":\"Organization\",\"@id\":\"https:\\\/\\\/oceancamper.com\\\/hu\\\/#organization\",\"name\":\"Ocean Camper\",\"description\":\"Ocean Camper provides affordable campervan rental in Portugal with fully equipped campervans for up to three people, available in Faro and Lisbon for flexible road trips.\",\"url\":\"https:\\\/\\\/oceancamper.com\\\/hu\\\/\",\"email\":\"info@oceancamper.com\",\"telephone\":\"+351920301044\",\"foundingDate\":\"2017-04-19\",\"numberOfEmployees\":{\"@type\":\"QuantitativeValue\",\"minValue\":0,\"maxValue\":10},\"logo\":{\"@type\":\"ImageObject\",\"url\":\"https:\\\/\\\/oceancamper.com\\\/wp-content\\\/uploads\\\/2022\\\/01\\\/Asset-5.png\",\"@id\":\"https:\\\/\\\/oceancamper.com\\\/hu\\\/extrak\\\/wi-fi-mobil\\\/#organizationLogo\",\"width\":662,\"height\":291,\"caption\":\"Ocean Camper logo\"},\"image\":{\"@id\":\"https:\\\/\\\/oceancamper.com\\\/hu\\\/extrak\\\/wi-fi-mobil\\\/#organizationLogo\"},\"sameAs\":[\"https:\\\/\\\/www.facebook.com\\\/oceancamper\\\/\",\"https:\\\/\\\/x.com\\\/Ocean_Camper\",\"https:\\\/\\\/www.instagram.com\\\/oceancamper.vans\\\/\",\"https:\\\/\\\/www.tiktok.com\\\/@oceancamper.vans\",\"https:\\\/\\\/www.youtube.com\\\/@oceancamper\",\"https:\\\/\\\/www.linkedin.com\\\/company\\\/oceancamper\\\/\",\"https:\\\/\\\/www.trustpilot.com\\\/review\\\/oceancamper.com\"]},{\"@type\":\"WebPage\",\"@id\":\"https:\\\/\\\/oceancamper.com\\\/hu\\\/extrak\\\/wi-fi-mobil\\\/#webpage\",\"url\":\"https:\\\/\\\/oceancamper.com\\\/hu\\\/extrak\\\/wi-fi-mobil\\\/\",\"name\":\"WI-FI MOBILE Internet modem b\\u00e9rl\\u00e9se - Ocean Camper Faro Portug\\u00e1lia\",\"description\":\"B\\u00e9reljen 4G mobilinternet modemet a portug\\u00e1liai Faro v\\u00e1ros\\u00e1ban, hogy online maradhasson a sz\\u00f6rf\\u00f6z\\u00e9s \\u00e9s a portug\\u00e1liai \\u00fat sor\\u00e1n. Korl\\u00e1tlan adatforgalom!\",\"inLanguage\":\"hu-HU\",\"isPartOf\":{\"@id\":\"https:\\\/\\\/oceancamper.com\\\/hu\\\/#website\"},\"breadcrumb\":{\"@id\":\"https:\\\/\\\/oceancamper.com\\\/hu\\\/extrak\\\/wi-fi-mobil\\\/#breadcrumblist\"},\"datePublished\":\"2022-02-16T20:19:51+00:00\",\"dateModified\":\"2025-03-14T09:16:59+00:00\"},{\"@type\":\"WebSite\",\"@id\":\"https:\\\/\\\/oceancamper.com\\\/hu\\\/#website\",\"url\":\"https:\\\/\\\/oceancamper.com\\\/hu\\\/\",\"name\":\"Ocean Camper\",\"alternateName\":\"Ocean Camper Portugal\",\"description\":\"Campervan Rental in Faro, Portugal\",\"inLanguage\":\"hu-HU\",\"publisher\":{\"@id\":\"https:\\\/\\\/oceancamper.com\\\/hu\\\/#organization\"}}]}\n\t\t<\/script>\n\t\t<!-- All in One SEO -->\n\n","aioseo_head_json":{"title":"WI-FI MOBILE Internet modem b\u00e9rl\u00e9se - Ocean Camper Faro Portug\u00e1lia","description":"B\u00e9reljen 4G mobilinternet modemet a portug\u00e1liai Faro v\u00e1ros\u00e1ban, hogy online maradhasson a sz\u00f6rf\u00f6z\u00e9s \u00e9s a portug\u00e1liai \u00fat sor\u00e1n. Korl\u00e1tlan adatforgalom!","canonical_url":"https:\/\/oceancamper.com\/hu\/extrak\/wi-fi-mobil\/","robots":"max-image-preview:large","keywords":"","webmasterTools":{"miscellaneous":""},"schema":{"@context":"https:\/\/schema.org","@graph":[{"@type":"BreadcrumbList","@id":"https:\/\/oceancamper.com\/hu\/extrak\/wi-fi-mobil\/#breadcrumblist","itemListElement":[{"@type":"ListItem","@id":"https:\/\/oceancamper.com\/hu\/#listItem","position":1,"name":"Home","item":"https:\/\/oceancamper.com\/hu\/","nextItem":{"@type":"ListItem","@id":"https:\/\/oceancamper.com\/hu\/extrak\/#listItem","name":"Extr\u00e1k"}},{"@type":"ListItem","@id":"https:\/\/oceancamper.com\/hu\/extrak\/#listItem","position":2,"name":"Extr\u00e1k","item":"https:\/\/oceancamper.com\/hu\/extrak\/","nextItem":{"@type":"ListItem","@id":"https:\/\/oceancamper.com\/hu\/extrak\/wi-fi-mobil\/#listItem","name":"Wi-Fi mobil"},"previousItem":{"@type":"ListItem","@id":"https:\/\/oceancamper.com\/hu\/#listItem","name":"Home"}},{"@type":"ListItem","@id":"https:\/\/oceancamper.com\/hu\/extrak\/wi-fi-mobil\/#listItem","position":3,"name":"Wi-Fi mobil","previousItem":{"@type":"ListItem","@id":"https:\/\/oceancamper.com\/hu\/extrak\/#listItem","name":"Extr\u00e1k"}}]},{"@type":"Organization","@id":"https:\/\/oceancamper.com\/hu\/#organization","name":"Ocean Camper","description":"Ocean Camper provides affordable campervan rental in Portugal with fully equipped campervans for up to three people, available in Faro and Lisbon for flexible road trips.","url":"https:\/\/oceancamper.com\/hu\/","email":"info@oceancamper.com","telephone":"+351920301044","foundingDate":"2017-04-19","numberOfEmployees":{"@type":"QuantitativeValue","minValue":0,"maxValue":10},"logo":{"@type":"ImageObject","url":"https:\/\/oceancamper.com\/wp-content\/uploads\/2022\/01\/Asset-5.png","@id":"https:\/\/oceancamper.com\/hu\/extrak\/wi-fi-mobil\/#organizationLogo","width":662,"height":291,"caption":"Ocean Camper logo"},"image":{"@id":"https:\/\/oceancamper.com\/hu\/extrak\/wi-fi-mobil\/#organizationLogo"},"sameAs":["https:\/\/www.facebook.com\/oceancamper\/","https:\/\/x.com\/Ocean_Camper","https:\/\/www.instagram.com\/oceancamper.vans\/","https:\/\/www.tiktok.com\/@oceancamper.vans","https:\/\/www.youtube.com\/@oceancamper","https:\/\/www.linkedin.com\/company\/oceancamper\/","https:\/\/www.trustpilot.com\/review\/oceancamper.com"]},{"@type":"WebPage","@id":"https:\/\/oceancamper.com\/hu\/extrak\/wi-fi-mobil\/#webpage","url":"https:\/\/oceancamper.com\/hu\/extrak\/wi-fi-mobil\/","name":"WI-FI MOBILE Internet modem b\u00e9rl\u00e9se - Ocean Camper Faro Portug\u00e1lia","description":"B\u00e9reljen 4G mobilinternet modemet a portug\u00e1liai Faro v\u00e1ros\u00e1ban, hogy online maradhasson a sz\u00f6rf\u00f6z\u00e9s \u00e9s a portug\u00e1liai \u00fat sor\u00e1n. Korl\u00e1tlan adatforgalom!","inLanguage":"hu-HU","isPartOf":{"@id":"https:\/\/oceancamper.com\/hu\/#website"},"breadcrumb":{"@id":"https:\/\/oceancamper.com\/hu\/extrak\/wi-fi-mobil\/#breadcrumblist"},"datePublished":"2022-02-16T20:19:51+00:00","dateModified":"2025-03-14T09:16:59+00:00"},{"@type":"WebSite","@id":"https:\/\/oceancamper.com\/hu\/#website","url":"https:\/\/oceancamper.com\/hu\/","name":"Ocean Camper","alternateName":"Ocean Camper Portugal","description":"Campervan Rental in Faro, Portugal","inLanguage":"hu-HU","publisher":{"@id":"https:\/\/oceancamper.com\/hu\/#organization"}}]},"og:locale":"hu_HU","og:site_name":"Ocean Camper - Campervan Rental in Faro, Portugal","og:type":"article","og:title":"WI-FI MOBILE Internet modem b\u00e9rl\u00e9se - Ocean Camper Faro Portug\u00e1lia","og:description":"B\u00e9reljen 4G mobilinternet modemet a portug\u00e1liai Faro v\u00e1ros\u00e1ban, hogy online maradhasson a sz\u00f6rf\u00f6z\u00e9s \u00e9s a portug\u00e1liai \u00fat sor\u00e1n. Korl\u00e1tlan adatforgalom!","og:url":"https:\/\/oceancamper.com\/hu\/extrak\/wi-fi-mobil\/","og:image":"https:\/\/oceancamper.com\/wp-content\/uploads\/2022\/01\/Asset-5.png","og:image:secure_url":"https:\/\/oceancamper.com\/wp-content\/uploads\/2022\/01\/Asset-5.png","og:image:width":662,"og:image:height":291,"article:published_time":"2022-02-16T20:19:51+00:00","article:modified_time":"2025-03-14T09:16:59+00:00","article:publisher":"https:\/\/www.facebook.com\/oceancamper\/","twitter:card":"summary","twitter:site":"@Ocean_Camper","twitter:title":"WI-FI MOBILE Internet modem b\u00e9rl\u00e9se - Ocean Camper Faro Portug\u00e1lia","twitter:description":"B\u00e9reljen 4G mobilinternet modemet a portug\u00e1liai Faro v\u00e1ros\u00e1ban, hogy online maradhasson a sz\u00f6rf\u00f6z\u00e9s \u00e9s a portug\u00e1liai \u00fat sor\u00e1n. Korl\u00e1tlan adatforgalom!","twitter:creator":"@Ocean_Camper","twitter:image":"https:\/\/oceancamper.com\/wp-content\/uploads\/2022\/01\/Asset-5.png"},"aioseo_meta_data":{"post_id":"161892","title":"WI-FI MOBILE Internet modem b\u00e9rl\u00e9se - Ocean Camper Faro Portug\u00e1lia","description":"B\u00e9reljen 4G mobilinternet modemet a portug\u00e1liai Faro v\u00e1ros\u00e1ban, hogy online maradhasson a sz\u00f6rf\u00f6z\u00e9s \u00e9s a portug\u00e1liai \u00fat sor\u00e1n. Korl\u00e1tlan adatforgalom! ","keywords":[],"keyphrases":{"focus":[],"additional":[]},"primary_term":null,"canonical_url":null,"og_title":null,"og_description":null,"og_object_type":"default","og_image_type":"default","og_image_url":null,"og_image_width":null,"og_image_height":null,"og_image_custom_url":null,"og_image_custom_fields":null,"og_video":"","og_custom_url":null,"og_article_section":null,"og_article_tags":[],"twitter_use_og":false,"twitter_card":"default","twitter_image_type":"default","twitter_image_url":null,"twitter_image_custom_url":null,"twitter_image_custom_fields":null,"twitter_title":null,"twitter_description":null,"schema":{"blockGraphs":[],"customGraphs":[],"default":{"data":{"Article":[],"Course":[],"Dataset":[],"FAQPage":[],"Movie":[],"Person":[],"Product":[],"ProductReview":[],"Car":[],"Recipe":[],"Service":[],"SoftwareApplication":[],"WebPage":{"id":"aioseo-web-page-6394f69a10083","slug":"web-page","graphName":"WebPage","label":"Web Page","properties":{"type":"WebPage","name":"","description":""}}},"graphName":"WebPage","isEnabled":true},"graphs":[]},"schema_type":"default","schema_type_options":"{\"article\":{\"articleType\":\"BlogPosting\"},\"course\":{\"name\":\"\",\"description\":\"\",\"provider\":\"\"},\"faq\":{\"pages\":[]},\"product\":{\"reviews\":[]},\"recipe\":{\"ingredients\":[],\"instructions\":[],\"keywords\":[]},\"software\":{\"reviews\":[],\"operatingSystems\":[]},\"webPage\":{\"webPageType\":\"WebPage\"}}","pillar_content":false,"robots_default":true,"robots_noindex":false,"robots_noarchive":false,"robots_nosnippet":false,"robots_nofollow":false,"robots_noimageindex":false,"robots_noodp":false,"robots_notranslate":false,"robots_max_snippet":"-1","robots_max_videopreview":"-1","robots_max_imagepreview":"large","priority":null,"frequency":"default","local_seo":null,"seo_analyzer_scan_date":null,"breadcrumb_settings":null,"limit_modified_date":false,"open_ai":null,"ai":null,"created":"2025-03-14 09:16:59","updated":"2025-05-30 12:37:19"},"aioseo_breadcrumb":"<div class=\"aioseo-breadcrumbs\"><span class=\"aioseo-breadcrumb\">\n\t\t\t<a href=\"https:\/\/oceancamper.com\/hu\/\" title=\"Home\">Home<\/a>\n\t\t<\/span><span class=\"aioseo-breadcrumb-separator\">\u00bb<\/span><span class=\"aioseo-breadcrumb\">\n\t\t\t<a href=\"https:\/\/oceancamper.com\/hu\/extrak\/\" title=\"Extr\u00e1k\">Extr\u00e1k<\/a>\n\t\t<\/span><span class=\"aioseo-breadcrumb-separator\">\u00bb<\/span><span class=\"aioseo-breadcrumb\">\n\t\t\tWi-Fi mobil\n\t\t<\/span><\/div>","aioseo_breadcrumb_json":[{"label":"Home","link":"https:\/\/oceancamper.com\/hu\/"},{"label":"Extr\u00e1k","link":"https:\/\/oceancamper.com\/hu\/extrak\/"},{"label":"Wi-Fi mobil","link":"https:\/\/oceancamper.com\/hu\/extrak\/wi-fi-mobil\/"}],"_links":{"self":[{"href":"https:\/\/oceancamper.com\/hu\/wp-json\/wp\/v2\/pages\/161892","targetHints":{"allow":["GET"]}}],"collection":[{"href":"https:\/\/oceancamper.com\/hu\/wp-json\/wp\/v2\/pages"}],"about":[{"href":"https:\/\/oceancamper.com\/hu\/wp-json\/wp\/v2\/types\/page"}],"author":[{"embeddable":true,"href":"https:\/\/oceancamper.com\/hu\/wp-json\/wp\/v2\/users\/1"}],"replies":[{"embeddable":true,"href":"https:\/\/oceancamper.com\/hu\/wp-json\/wp\/v2\/comments?post=161892"}],"version-history":[{"count":1,"href":"https:\/\/oceancamper.com\/hu\/wp-json\/wp\/v2\/pages\/161892\/revisions"}],"predecessor-version":[{"id":161893,"href":"https:\/\/oceancamper.com\/hu\/wp-json\/wp\/v2\/pages\/161892\/revisions\/161893"}],"up":[{"embeddable":true,"href":"https:\/\/oceancamper.com\/hu\/wp-json\/wp\/v2\/pages\/161738"}],"wp:attachment":[{"href":"https:\/\/oceancamper.com\/hu\/wp-json\/wp\/v2\/media?parent=161892"}],"curies":[{"name":"wp","href":"https:\/\/api.w.org\/{rel}","templated":true}]}}