{"id":78326,"date":"2022-01-26T18:39:36","date_gmt":"2022-01-26T18:39:36","guid":{"rendered":"https:\/\/oceancamper.com\/page-daccueil\/"},"modified":"2026-09-05T20:12:15","modified_gmt":"2026-09-05T20:12:15","slug":"page-daccueil","status":"publish","type":"page","link":"https:\/\/oceancamper.com\/fr\/","title":{"rendered":"Location van am\u00e9nag\u00e9 Portugal. C&rsquo;est ici que commence votre road trip en toute simplicit\u00e9 !"},"content":{"rendered":"\t\t<div data-elementor-type=\"wp-page\" data-elementor-id=\"78326\" class=\"elementor elementor-78326 elementor-254\" data-elementor-post-type=\"page\">\n\t\t\t\t\t\t<section class=\"elementor-section elementor-top-section elementor-element elementor-element-43744e6 elementor-section-height-min-height elementor-section-stretched elementor-section-content-middle elementor-section-boxed elementor-section-height-default elementor-section-items-middle\" data-id=\"43744e6\" data-element_type=\"section\" data-e-type=\"section\" data-settings=\"{&quot;stretch_section&quot;:&quot;section-stretched&quot;,&quot;background_background&quot;:&quot;classic&quot;}\">\n\t\t\t\t\t\t\t<div class=\"elementor-background-overlay\"><\/div>\n\t\t\t\t\t\t\t<div class=\"elementor-container elementor-column-gap-default\">\n\t\t\t\t\t<div class=\"elementor-column elementor-col-100 elementor-top-column elementor-element elementor-element-401862b\" data-id=\"401862b\" data-element_type=\"column\" data-e-type=\"column\">\n\t\t\t<div class=\"elementor-widget-wrap elementor-element-populated\">\n\t\t\t\t\t\t<div class=\"elementor-element elementor-element-351ff86 elementor-widget elementor-widget-heading\" data-id=\"351ff86\" data-element_type=\"widget\" data-e-type=\"widget\" data-widget_type=\"heading.default\">\n\t\t\t\t<div class=\"elementor-widget-container\">\n\t\t\t\t\t<h1 class=\"elementor-heading-title elementor-size-default\">Location van am\u00e9nag\u00e9 Portugal<\/h1>\t\t\t\t<\/div>\n\t\t\t\t<\/div>\n\t\t\t\t<div class=\"elementor-element elementor-element-acb681f elementor-widget elementor-widget-heading\" data-id=\"acb681f\" data-element_type=\"widget\" data-e-type=\"widget\" data-widget_type=\"heading.default\">\n\t\t\t\t<div class=\"elementor-widget-container\">\n\t\t\t\t\t<div class=\"elementor-heading-title elementor-size-default\">Votre road trip en toute simplicit\u00e9 commence ici<\/div>\t\t\t\t<\/div>\n\t\t\t\t<\/div>\n\t\t\t\t<div class=\"elementor-element elementor-element-ca7f7b0 elementor-widget elementor-widget-text-editor\" data-id=\"ca7f7b0\" data-element_type=\"widget\" data-e-type=\"widget\" data-widget_type=\"text-editor.default\">\n\t\t\t\t<div class=\"elementor-widget-container\">\n\t\t\t\t\t\t\t\t\t<p>Des Campervans mini enti\u00e8rement \u00e9quip\u00e9s, suffisamment compacts pour se garer n&rsquo;importe o\u00f9. Retirez-les \u00e0 Faro ou \u00e0 Lisbonne, puis partez o\u00f9 bon vous semble. <\/p>\t\t\t\t\t\t\t\t<\/div>\n\t\t\t\t<\/div>\n\t\t\t\t<div class=\"elementor-element elementor-element-8835c7a elementor-align-center elementor-tablet-align-center elementor-mobile-align-center elementor-widget elementor-widget-button\" data-id=\"8835c7a\" data-element_type=\"widget\" data-e-type=\"widget\" data-widget_type=\"button.default\">\n\t\t\t\t<div class=\"elementor-widget-container\">\n\t\t\t\t\t\t\t\t\t<div class=\"elementor-button-wrapper\">\n\t\t\t\t\t<a class=\"elementor-button elementor-button-link elementor-size-sm elementor-animation-pop\" href=\"https:\/\/oceancamper.com\/fr\/reservations\/\">\n\t\t\t\t\t\t<span class=\"elementor-button-content-wrapper\">\n\t\t\t\t\t\t\t\t\t<span class=\"elementor-button-text\">V\u00e9rifier la disponibilit\u00e9<\/span>\n\t\t\t\t\t<\/span>\n\t\t\t\t\t<\/a>\n\t\t\t\t<\/div>\n\t\t\t\t\t\t\t\t<\/div>\n\t\t\t\t<\/div>\n\t\t\t\t\t<\/div>\n\t\t<\/div>\n\t\t\t\t\t<\/div>\n\t\t<\/section>\n\t\t\t\t<section class=\"elementor-section elementor-top-section elementor-element elementor-element-0c6db41 elementor-section-stretched elementor-section-boxed elementor-section-height-default elementor-section-height-default\" data-id=\"0c6db41\" data-element_type=\"section\" data-e-type=\"section\" data-settings=\"{&quot;stretch_section&quot;:&quot;section-stretched&quot;,&quot;background_background&quot;:&quot;classic&quot;}\">\n\t\t\t\t\t\t<div class=\"elementor-container elementor-column-gap-default\">\n\t\t\t\t\t<div class=\"elementor-column elementor-col-100 elementor-top-column elementor-element elementor-element-6c5b91c\" data-id=\"6c5b91c\" data-element_type=\"column\" data-e-type=\"column\">\n\t\t\t<div class=\"elementor-widget-wrap elementor-element-populated\">\n\t\t\t\t\t\t<section class=\"elementor-section elementor-inner-section elementor-element elementor-element-60ce5db elementor-section-boxed elementor-section-height-default elementor-section-height-default\" data-id=\"60ce5db\" data-element_type=\"section\" data-e-type=\"section\" data-settings=\"{&quot;background_background&quot;:&quot;classic&quot;}\">\n\t\t\t\t\t\t<div class=\"elementor-container elementor-column-gap-default\">\n\t\t\t\t\t<div class=\"elementor-column elementor-col-100 elementor-inner-column elementor-element elementor-element-22c809c\" data-id=\"22c809c\" data-element_type=\"column\" data-e-type=\"column\">\n\t\t\t<div class=\"elementor-widget-wrap\">\n\t\t\t\t\t\t\t<\/div>\n\t\t<\/div>\n\t\t\t\t\t<\/div>\n\t\t<\/section>\n\t\t\t\t<section class=\"elementor-section elementor-inner-section elementor-element elementor-element-87c2759 elementor-section-boxed elementor-section-height-default elementor-section-height-default\" data-id=\"87c2759\" data-element_type=\"section\" data-e-type=\"section\" data-settings=\"{&quot;background_background&quot;:&quot;classic&quot;}\">\n\t\t\t\t\t\t<div class=\"elementor-container elementor-column-gap-default\">\n\t\t\t\t\t<div class=\"elementor-column elementor-col-25 elementor-inner-column elementor-element elementor-element-42ac677\" data-id=\"42ac677\" data-element_type=\"column\" data-e-type=\"column\">\n\t\t\t<div class=\"elementor-widget-wrap elementor-element-populated\">\n\t\t\t\t\t\t<div class=\"elementor-element elementor-element-02b6ff8 elementor-position-left elementor-position-top elementor-vertical-align-top elementor-widget elementor-widget-image-box\" data-id=\"02b6ff8\" data-element_type=\"widget\" data-e-type=\"widget\" data-widget_type=\"image-box.default\">\n\t\t\t\t<div class=\"elementor-widget-container\">\n\t\t\t\t\t<div class=\"elementor-image-box-wrapper\"><figure class=\"elementor-image-box-img\"><img decoding=\"async\" src=\"https:\/\/oceancamper.com\/wp-content\/uploads\/elementor\/thumbs\/reviews-icon-q88hrpls6j9vaqk9ywkxt4iebsu8err77cpcrowoaq.png\" title=\"ic\u00f4ne de r\u00e9vision\" alt=\"Ic\u00f4ne en forme d&apos;\u00e9toile des avis Google\" class=\"elementor-animation-pop\" loading=\"lazy\" \/><\/figure><div class=\"elementor-image-box-content\"><h3 class=\"elementor-image-box-title\">5.0\u2605 Google Rating<\/h3><p class=\"elementor-image-box-description\">Plus de 450 avis<\/p><\/div><\/div>\t\t\t\t<\/div>\n\t\t\t\t<\/div>\n\t\t\t\t\t<\/div>\n\t\t<\/div>\n\t\t\t\t<div class=\"elementor-column elementor-col-25 elementor-inner-column elementor-element elementor-element-11af6aa\" data-id=\"11af6aa\" data-element_type=\"column\" data-e-type=\"column\">\n\t\t\t<div class=\"elementor-widget-wrap elementor-element-populated\">\n\t\t\t\t\t\t<div class=\"elementor-element elementor-element-accb857 elementor-position-left elementor-position-top elementor-vertical-align-top elementor-widget elementor-widget-image-box\" data-id=\"accb857\" data-element_type=\"widget\" data-e-type=\"widget\" data-widget_type=\"image-box.default\">\n\t\t\t\t<div class=\"elementor-widget-container\">\n\t\t\t\t\t<div class=\"elementor-image-box-wrapper\"><figure class=\"elementor-image-box-img\"><img decoding=\"async\" src=\"https:\/\/oceancamper.com\/wp-content\/uploads\/elementor\/thumbs\/fully-equiped-icon-q88hronxzp8kz4ln4e6b8mqxqeyv72ngv81vaey2gy.png\" title=\"ic\u00f4ne-\u00e9quipement complet\" alt=\"Ic\u00f4ne \u00ab Linge de lit et ustensiles de cuisine \u00bb\" class=\"elementor-animation-pop\" loading=\"lazy\" \/><\/figure><div class=\"elementor-image-box-content\"><h3 class=\"elementor-image-box-title\">Enti\u00e8rement \u00e9quip\u00e9<\/h3><p class=\"elementor-image-box-description\">Inclus. kit de literie &amp; plus <\/p><\/div><\/div>\t\t\t\t<\/div>\n\t\t\t\t<\/div>\n\t\t\t\t\t<\/div>\n\t\t<\/div>\n\t\t\t\t<div class=\"elementor-column elementor-col-25 elementor-inner-column elementor-element elementor-element-3d859b0\" data-id=\"3d859b0\" data-element_type=\"column\" data-e-type=\"column\">\n\t\t\t<div class=\"elementor-widget-wrap elementor-element-populated\">\n\t\t\t\t\t\t<div class=\"elementor-element elementor-element-401763a elementor-position-left elementor-position-top elementor-vertical-align-top elementor-widget elementor-widget-image-box\" data-id=\"401763a\" data-element_type=\"widget\" data-e-type=\"widget\" data-widget_type=\"image-box.default\">\n\t\t\t\t<div class=\"elementor-widget-container\">\n\t\t\t\t\t<div class=\"elementor-image-box-wrapper\"><figure class=\"elementor-image-box-img\"><img decoding=\"async\" src=\"https:\/\/oceancamper.com\/wp-content\/uploads\/elementor\/thumbs\/low-fare-icon-qlky5pke0zk70fncifrdjipw4fo68ehmdpbqxtw5xe.png\" title=\"Ic\u00f4ne de bas prix\" alt=\"Ic\u00f4ne \u00ab tirelire \u00bb\" class=\"elementor-animation-pop\" loading=\"lazy\" \/><\/figure><div class=\"elementor-image-box-content\"><h3 class=\"elementor-image-box-title\">\u00c0 partir de deux nuits<\/h3><p class=\"elementor-image-box-description\">Les escapades du week-end sont les bienvenues<\/p><\/div><\/div>\t\t\t\t<\/div>\n\t\t\t\t<\/div>\n\t\t\t\t\t<\/div>\n\t\t<\/div>\n\t\t\t\t<div class=\"elementor-column elementor-col-25 elementor-inner-column elementor-element elementor-element-a0152bb\" data-id=\"a0152bb\" data-element_type=\"column\" data-e-type=\"column\">\n\t\t\t<div class=\"elementor-widget-wrap elementor-element-populated\">\n\t\t\t\t\t\t<div class=\"elementor-element elementor-element-0dbf49d elementor-position-left elementor-position-top elementor-vertical-align-top elementor-widget elementor-widget-image-box\" data-id=\"0dbf49d\" data-element_type=\"widget\" data-e-type=\"widget\" data-widget_type=\"image-box.default\">\n\t\t\t\t<div class=\"elementor-widget-container\">\n\t\t\t\t\t<div class=\"elementor-image-box-wrapper\"><figure class=\"elementor-image-box-img\"><img decoding=\"async\" src=\"https:\/\/oceancamper.com\/wp-content\/uploads\/elementor\/thumbs\/Iconspace_Family-car-1-r357ssz2tyizh7p0iul3jyrhvv94cvhu1nvk8917uq.png\" title=\"Camper facile \u00e0 conduire | Ocean Camper\" alt=\"Ic\u00f4ne repr\u00e9sentant une petite camionnette\" class=\"elementor-animation-pop\" loading=\"lazy\" \/><\/figure><div class=\"elementor-image-box-content\"><h3 class=\"elementor-image-box-title\">Facile \u00e0 conduire<\/h3><p class=\"elementor-image-box-description\">Compact et facile \u00e0 garer.<\/p><\/div><\/div>\t\t\t\t<\/div>\n\t\t\t\t<\/div>\n\t\t\t\t\t<\/div>\n\t\t<\/div>\n\t\t\t\t\t<\/div>\n\t\t<\/section>\n\t\t\t\t\t<\/div>\n\t\t<\/div>\n\t\t\t\t\t<\/div>\n\t\t<\/section>\n\t\t\t\t<section class=\"elementor-section elementor-top-section elementor-element elementor-element-41e17df elementor-section-stretched elementor-section-boxed elementor-section-height-default elementor-section-height-default\" data-id=\"41e17df\" data-element_type=\"section\" data-e-type=\"section\" data-settings=\"{&quot;stretch_section&quot;:&quot;section-stretched&quot;,&quot;background_background&quot;:&quot;classic&quot;}\">\n\t\t\t\t\t\t<div class=\"elementor-container elementor-column-gap-default\">\n\t\t\t\t\t<div class=\"elementor-column elementor-col-100 elementor-top-column elementor-element elementor-element-50d8890\" data-id=\"50d8890\" data-element_type=\"column\" data-e-type=\"column\">\n\t\t\t<div class=\"elementor-widget-wrap elementor-element-populated\">\n\t\t\t\t\t\t<section class=\"elementor-section elementor-inner-section elementor-element elementor-element-7c0966d elementor-section-boxed elementor-section-height-default elementor-section-height-default\" data-id=\"7c0966d\" data-element_type=\"section\" data-e-type=\"section\">\n\t\t\t\t\t\t<div class=\"elementor-container elementor-column-gap-default\">\n\t\t\t\t\t<div class=\"elementor-column elementor-col-100 elementor-inner-column elementor-element elementor-element-51ea68f\" data-id=\"51ea68f\" data-element_type=\"column\" data-e-type=\"column\">\n\t\t\t<div class=\"elementor-widget-wrap elementor-element-populated\">\n\t\t\t\t\t\t<div class=\"elementor-element elementor-element-844baf5 elementor-widget elementor-widget-heading\" data-id=\"844baf5\" data-element_type=\"widget\" data-e-type=\"widget\" data-widget_type=\"heading.default\">\n\t\t\t\t<div class=\"elementor-widget-container\">\n\t\t\t\t\t<h2 class=\"elementor-heading-title elementor-size-default\">Pourquoi le Portugal est un pays o\u00f9 il est facile de s'installer<\/h2>\t\t\t\t<\/div>\n\t\t\t\t<\/div>\n\t\t\t\t<div class=\"elementor-element elementor-element-f712a84 elementor-widget elementor-widget-text-editor\" data-id=\"f712a84\" data-element_type=\"widget\" data-e-type=\"widget\" data-widget_type=\"text-editor.default\">\n\t\t\t\t<div class=\"elementor-widget-container\">\n\t\t\t\t\t\t\t\t\t<p>Le Portugal est une destination presque id\u00e9ale pour un premier voyage en Campervan. Les distances sont courtes : vous n&rsquo;\u00eates donc que rarement \u00e0 plus de deux heures de la plage la plus proche. Les routes sont en bon \u00e9tat, les emplacements de camping co\u00fbtent une fraction du prix d&rsquo;une chambre d&rsquo;h\u00f4tel, et le climat reste suffisamment doux pour qu&rsquo;une matin\u00e9e de janvier sur la c\u00f4te soit v\u00e9ritablement agr\u00e9able.  <\/p><p>Nos fourgons sont volontairement de petite taille. Ils se conduisent comme une voiture normale, se garent sur une place de parking classique et passent sous les barri\u00e8res de deux m\u00e8tres qui emp\u00eachent les camping-cars plus imposants d&rsquo;acc\u00e9der aux meilleurs parkings du littoral. Vous pouvez emprunter la ruelle \u00e9troite menant \u00e0 la plage, que les camping-cars de six m\u00e8tres doivent quitter en marche arri\u00e8re.  <\/p>\t\t\t\t\t\t\t\t<\/div>\n\t\t\t\t<\/div>\n\t\t\t\t\t<\/div>\n\t\t<\/div>\n\t\t\t\t\t<\/div>\n\t\t<\/section>\n\t\t\t\t<section class=\"elementor-section elementor-inner-section elementor-element elementor-element-1cb278d elementor-section-boxed elementor-section-height-default elementor-section-height-default elementor-invisible\" data-id=\"1cb278d\" data-element_type=\"section\" data-e-type=\"section\" data-settings=\"{&quot;animation&quot;:&quot;fadeInUp&quot;}\">\n\t\t\t\t\t\t<div class=\"elementor-container elementor-column-gap-default\">\n\t\t\t\t\t<div class=\"elementor-column elementor-col-33 elementor-inner-column elementor-element elementor-element-dbf27a6\" data-id=\"dbf27a6\" data-element_type=\"column\" data-e-type=\"column\" data-settings=\"{&quot;background_background&quot;:&quot;classic&quot;}\">\n\t\t\t<div class=\"elementor-widget-wrap elementor-element-populated\">\n\t\t\t\t\t<div class=\"elementor-background-overlay\"><\/div>\n\t\t\t\t\t\t<div class=\"elementor-element elementor-element-f914ff6 elementor-widget__width-initial elementor-widget elementor-widget-image\" data-id=\"f914ff6\" data-element_type=\"widget\" data-e-type=\"widget\" data-widget_type=\"image.default\">\n\t\t\t\t<div class=\"elementor-widget-container\">\n\t\t\t\t\t\t\t\t\t\t\t\t\t\t\t<img decoding=\"async\" width=\"300\" height=\"102\" src=\"https:\/\/oceancamper.com\/wp-content\/uploads\/2025\/01\/Google_2015_logo.svg_-300x102.png\" class=\"attachment-medium size-medium wp-image-152535\" alt=\"Google Reviews Ocean Camper\" srcset=\"https:\/\/oceancamper.com\/wp-content\/uploads\/2025\/01\/Google_2015_logo.svg_-300x102.png 300w, https:\/\/oceancamper.com\/wp-content\/uploads\/2025\/01\/Google_2015_logo.svg_-768x260.png 768w, https:\/\/oceancamper.com\/wp-content\/uploads\/2025\/01\/Google_2015_logo.svg_-240x81.png 240w, https:\/\/oceancamper.com\/wp-content\/uploads\/2025\/01\/Google_2015_logo.svg_.png 800w\" sizes=\"(max-width: 300px) 100vw, 300px\" \/>\t\t\t\t\t\t\t\t\t\t\t\t\t\t\t<\/div>\n\t\t\t\t<\/div>\n\t\t\t\t<div class=\"elementor-element elementor-element-289824c elementor-widget__width-initial elementor-widget elementor-widget-text-editor\" data-id=\"289824c\" data-element_type=\"widget\" data-e-type=\"widget\" data-widget_type=\"text-editor.default\">\n\t\t\t\t<div class=\"elementor-widget-container\">\n\t\t\t\t\t\t\t\t\t<p><span style=\"font-size: 1rem;\"><strong>Meilleure note sur Google,<\/strong> note moyenne de 5,0\/5,0 \u00e9toiles sur plus de 450 avis.<\/span><\/p>\t\t\t\t\t\t\t\t<\/div>\n\t\t\t\t<\/div>\n\t\t\t\t<div class=\"elementor-element elementor-element-665737a elementor-align-center elementor-widget elementor-widget-button\" data-id=\"665737a\" data-element_type=\"widget\" data-e-type=\"widget\" data-widget_type=\"button.default\">\n\t\t\t\t<div class=\"elementor-widget-container\">\n\t\t\t\t\t\t\t\t\t<div class=\"elementor-button-wrapper\">\n\t\t\t\t\t<a class=\"elementor-button elementor-button-link elementor-size-sm\" href=\"https:\/\/g.co\/kgs\/Rzav59W\" target=\"_blank\">\n\t\t\t\t\t\t<span class=\"elementor-button-content-wrapper\">\n\t\t\t\t\t\t\t\t\t<span class=\"elementor-button-text\">En savoir plus<\/span>\n\t\t\t\t\t<\/span>\n\t\t\t\t\t<\/a>\n\t\t\t\t<\/div>\n\t\t\t\t\t\t\t\t<\/div>\n\t\t\t\t<\/div>\n\t\t\t\t\t<\/div>\n\t\t<\/div>\n\t\t\t\t<div class=\"elementor-column elementor-col-33 elementor-inner-column elementor-element elementor-element-a1b8c26\" data-id=\"a1b8c26\" data-element_type=\"column\" data-e-type=\"column\" data-settings=\"{&quot;background_background&quot;:&quot;classic&quot;}\">\n\t\t\t<div class=\"elementor-widget-wrap elementor-element-populated\">\n\t\t\t\t\t<div class=\"elementor-background-overlay\"><\/div>\n\t\t\t\t\t\t<div class=\"elementor-element elementor-element-756b048 elementor-widget__width-initial elementor-widget elementor-widget-image\" data-id=\"756b048\" data-element_type=\"widget\" data-e-type=\"widget\" data-widget_type=\"image.default\">\n\t\t\t\t<div class=\"elementor-widget-container\">\n\t\t\t\t\t\t\t\t\t\t\t\t\t\t\t<img decoding=\"async\" width=\"300\" height=\"68\" src=\"https:\/\/oceancamper.com\/wp-content\/uploads\/2025\/01\/ug36vrv2jq3odc9hi6ol0tqnyk7x-1-300x68.png\" class=\"attachment-medium size-medium wp-image-152556\" alt=\"Yescapa passe en revue Ocean Camper\" srcset=\"https:\/\/oceancamper.com\/wp-content\/uploads\/2025\/01\/ug36vrv2jq3odc9hi6ol0tqnyk7x-1-300x68.png 300w, https:\/\/oceancamper.com\/wp-content\/uploads\/2025\/01\/ug36vrv2jq3odc9hi6ol0tqnyk7x-1-768x175.png 768w, https:\/\/oceancamper.com\/wp-content\/uploads\/2025\/01\/ug36vrv2jq3odc9hi6ol0tqnyk7x-1-240x55.png 240w, https:\/\/oceancamper.com\/wp-content\/uploads\/2025\/01\/ug36vrv2jq3odc9hi6ol0tqnyk7x-1.png 1024w\" sizes=\"(max-width: 300px) 100vw, 300px\" \/>\t\t\t\t\t\t\t\t\t\t\t\t\t\t\t<\/div>\n\t\t\t\t<\/div>\n\t\t\t\t<div class=\"elementor-element elementor-element-bf9c46a elementor-widget__width-initial elementor-widget elementor-widget-text-editor\" data-id=\"bf9c46a\" data-element_type=\"widget\" data-e-type=\"widget\" data-widget_type=\"text-editor.default\">\n\t\t\t\t<div class=\"elementor-widget-container\">\n\t\t\t\t\t\t\t\t\t<p><span style=\"font-size: 1rem;\">Prix \u00ab Meilleur propri\u00e9taire \u00bb d\u00e9cern\u00e9 par <strong>Yescapa<\/strong>, note de 4,9\/5,0 sur la base de plus de 50 avis.<\/span><\/p>\t\t\t\t\t\t\t\t<\/div>\n\t\t\t\t<\/div>\n\t\t\t\t<div class=\"elementor-element elementor-element-fb2b0b2 elementor-align-center elementor-widget elementor-widget-button\" data-id=\"fb2b0b2\" data-element_type=\"widget\" data-e-type=\"widget\" data-widget_type=\"button.default\">\n\t\t\t\t<div class=\"elementor-widget-container\">\n\t\t\t\t\t\t\t\t\t<div class=\"elementor-button-wrapper\">\n\t\t\t\t\t<a class=\"elementor-button elementor-button-link elementor-size-sm\" href=\"https:\/\/www.yescapa.com\/campers\/29929\" target=\"_blank\">\n\t\t\t\t\t\t<span class=\"elementor-button-content-wrapper\">\n\t\t\t\t\t\t\t\t\t<span class=\"elementor-button-text\">En savoir plus<\/span>\n\t\t\t\t\t<\/span>\n\t\t\t\t\t<\/a>\n\t\t\t\t<\/div>\n\t\t\t\t\t\t\t\t<\/div>\n\t\t\t\t<\/div>\n\t\t\t\t\t<\/div>\n\t\t<\/div>\n\t\t\t\t<div class=\"elementor-column elementor-col-33 elementor-inner-column elementor-element elementor-element-79715b8\" data-id=\"79715b8\" data-element_type=\"column\" data-e-type=\"column\" data-settings=\"{&quot;background_background&quot;:&quot;classic&quot;}\">\n\t\t\t<div class=\"elementor-widget-wrap elementor-element-populated\">\n\t\t\t\t\t<div class=\"elementor-background-overlay\"><\/div>\n\t\t\t\t\t\t<div class=\"elementor-element elementor-element-70a8c6f elementor-widget__width-initial elementor-widget elementor-widget-image\" data-id=\"70a8c6f\" data-element_type=\"widget\" data-e-type=\"widget\" data-widget_type=\"image.default\">\n\t\t\t\t<div class=\"elementor-widget-container\">\n\t\t\t\t\t\t\t\t\t\t\t\t\t\t\t<img decoding=\"async\" width=\"300\" height=\"94\" src=\"https:\/\/oceancamper.com\/wp-content\/uploads\/2025\/01\/Airbnb_Logo_Belo.svg_-300x94.png\" class=\"attachment-medium size-medium wp-image-152549\" alt=\"Airbnb Reviews Ocean Camper\" srcset=\"https:\/\/oceancamper.com\/wp-content\/uploads\/2025\/01\/Airbnb_Logo_Belo.svg_-300x94.png 300w, https:\/\/oceancamper.com\/wp-content\/uploads\/2025\/01\/Airbnb_Logo_Belo.svg_-1024x320.png 1024w, https:\/\/oceancamper.com\/wp-content\/uploads\/2025\/01\/Airbnb_Logo_Belo.svg_-768x240.png 768w, https:\/\/oceancamper.com\/wp-content\/uploads\/2025\/01\/Airbnb_Logo_Belo.svg_-240x75.png 240w, https:\/\/oceancamper.com\/wp-content\/uploads\/2025\/01\/Airbnb_Logo_Belo.svg_.png 1280w\" sizes=\"(max-width: 300px) 100vw, 300px\" \/>\t\t\t\t\t\t\t\t\t\t\t\t\t\t\t<\/div>\n\t\t\t\t<\/div>\n\t\t\t\t<div class=\"elementor-element elementor-element-5826fae elementor-widget__width-initial elementor-widget elementor-widget-text-editor\" data-id=\"5826fae\" data-element_type=\"widget\" data-e-type=\"widget\" data-widget_type=\"text-editor.default\">\n\t\t\t\t<div class=\"elementor-widget-container\">\n\t\t\t\t\t\t\t\t\t<p><span style=\"font-size: 1rem;\">Distinction \u00ab Superhost \u00bb <strong>d&rsquo;Airbnb<\/strong> depuis 2018, note de 4,9\/5,0 \u00e9toiles sur plus de 700 avis.<\/span><\/p>\t\t\t\t\t\t\t\t<\/div>\n\t\t\t\t<\/div>\n\t\t\t\t<div class=\"elementor-element elementor-element-cae6375 elementor-align-center elementor-widget elementor-widget-button\" data-id=\"cae6375\" data-element_type=\"widget\" data-e-type=\"widget\" data-widget_type=\"button.default\">\n\t\t\t\t<div class=\"elementor-widget-container\">\n\t\t\t\t\t\t\t\t\t<div class=\"elementor-button-wrapper\">\n\t\t\t\t\t<a class=\"elementor-button elementor-button-link elementor-size-sm\" href=\"https:\/\/www.airbnb.com\/users\/show\/147121665\" target=\"_blank\">\n\t\t\t\t\t\t<span class=\"elementor-button-content-wrapper\">\n\t\t\t\t\t\t\t\t\t<span class=\"elementor-button-text\">En savoir plus<\/span>\n\t\t\t\t\t<\/span>\n\t\t\t\t\t<\/a>\n\t\t\t\t<\/div>\n\t\t\t\t\t\t\t\t<\/div>\n\t\t\t\t<\/div>\n\t\t\t\t\t<\/div>\n\t\t<\/div>\n\t\t\t\t\t<\/div>\n\t\t<\/section>\n\t\t\t\t\t<\/div>\n\t\t<\/div>\n\t\t\t\t\t<\/div>\n\t\t<\/section>\n\t\t\t\t<section class=\"elementor-section elementor-top-section elementor-element elementor-element-5d672c9 elementor-section-stretched elementor-section-boxed elementor-section-height-default elementor-section-height-default\" data-id=\"5d672c9\" data-element_type=\"section\" data-e-type=\"section\" data-settings=\"{&quot;stretch_section&quot;:&quot;section-stretched&quot;,&quot;background_background&quot;:&quot;classic&quot;}\">\n\t\t\t\t\t\t<div class=\"elementor-container elementor-column-gap-default\">\n\t\t\t\t\t<div class=\"elementor-column elementor-col-100 elementor-top-column elementor-element elementor-element-a76389e\" data-id=\"a76389e\" data-element_type=\"column\" data-e-type=\"column\">\n\t\t\t<div class=\"elementor-widget-wrap elementor-element-populated\">\n\t\t\t\t\t\t<section class=\"elementor-section elementor-inner-section elementor-element elementor-element-b147369 elementor-section-boxed elementor-section-height-default elementor-section-height-default\" data-id=\"b147369\" data-element_type=\"section\" data-e-type=\"section\">\n\t\t\t\t\t\t<div class=\"elementor-container elementor-column-gap-default\">\n\t\t\t\t\t<div class=\"elementor-column elementor-col-50 elementor-inner-column elementor-element elementor-element-22346e6 elementor-invisible\" data-id=\"22346e6\" data-element_type=\"column\" data-e-type=\"column\" data-settings=\"{&quot;background_background&quot;:&quot;classic&quot;,&quot;animation&quot;:&quot;fadeIn&quot;}\">\n\t\t\t<div class=\"elementor-widget-wrap elementor-element-populated\">\n\t\t\t\t\t<div class=\"elementor-background-overlay\"><\/div>\n\t\t\t\t\t\t<div class=\"elementor-element elementor-element-509f3b8 elementor-widget elementor-widget-heading\" data-id=\"509f3b8\" data-element_type=\"widget\" data-e-type=\"widget\" data-widget_type=\"heading.default\">\n\t\t\t\t<div class=\"elementor-widget-container\">\n\t\t\t\t\t<h2 class=\"elementor-heading-title elementor-size-default\">Pourquoi les clients r\u00e9servent-ils chez nous ?<\/h2>\t\t\t\t<\/div>\n\t\t\t\t<\/div>\n\t\t\t\t<div class=\"elementor-element elementor-element-2777d0a elementor-widget__width-initial elementor-widget elementor-widget-text-editor\" data-id=\"2777d0a\" data-element_type=\"widget\" data-e-type=\"widget\" data-widget_type=\"text-editor.default\">\n\t\t\t\t<div class=\"elementor-widget-container\">\n\t\t\t\t\t\t\t\t\t<p>Nous sommes sp\u00e9cialis\u00e9s dans les petits Campervans : faciles \u00e0 conduire, faciles \u00e0 garer et \u00e9conomiques \u00e0 l&rsquo;usage. Si vous avez besoin de place pour trois personnes, le mod\u00e8le \u00ab Bohemian \u00bb vous offre un lit plus grand et davantage d&rsquo;espace. Dans tous les cas, tout ce dont vous avez besoin se trouve d\u00e9j\u00e0 dans le v\u00e9hicule.  <\/p>\t\t\t\t\t\t\t\t<\/div>\n\t\t\t\t<\/div>\n\t\t\t\t<div class=\"elementor-element elementor-element-2ca86a2 elementor-view-framed elementor-position-inline-start keep-icon-box-left elementor-mobile-position-inline-start elementor-shape-circle elementor-widget elementor-widget-icon-box\" data-id=\"2ca86a2\" data-element_type=\"widget\" data-e-type=\"widget\" data-widget_type=\"icon-box.default\">\n\t\t\t\t<div class=\"elementor-widget-container\">\n\t\t\t\t\t\t\t<div class=\"elementor-icon-box-wrapper\">\n\n\t\t\t\t\t\t<div class=\"elementor-icon-box-icon\">\n\t\t\t\t<span  class=\"elementor-icon elementor-animation-pop\">\n\t\t\t\t<i aria-hidden=\"true\" class=\"fas fa-check\"><\/i>\t\t\t\t<\/span>\n\t\t\t<\/div>\n\t\t\t\n\t\t\t\t\t\t<div class=\"elementor-icon-box-content\">\n\n\t\t\t\t\t\t\t\t\t<h3 class=\"elementor-icon-box-title\">\n\t\t\t\t\t\t<span  >\n\t\t\t\t\t\t\tLocation de camping-cars \u00e0 un prix abordable\t\t\t\t\t\t<\/span>\n\t\t\t\t\t<\/h3>\n\t\t\t\t\n\t\t\t\t\n\t\t\t<\/div>\n\t\t\t\n\t\t<\/div>\n\t\t\t\t\t\t<\/div>\n\t\t\t\t<\/div>\n\t\t\t\t<div class=\"elementor-element elementor-element-0f929b1 elementor-widget elementor-widget-text-editor\" data-id=\"0f929b1\" data-element_type=\"widget\" data-e-type=\"widget\" data-widget_type=\"text-editor.default\">\n\t\t\t\t<div class=\"elementor-widget-container\">\n\t\t\t\t\t\t\t\t\t<p>Des prix transparents, sans frais cach\u00e9s.<\/p>\t\t\t\t\t\t\t\t<\/div>\n\t\t\t\t<\/div>\n\t\t\t\t<div class=\"elementor-element elementor-element-7365c9c elementor-view-framed elementor-position-inline-start keep-icon-box-left elementor-mobile-position-inline-start elementor-shape-circle elementor-widget elementor-widget-icon-box\" data-id=\"7365c9c\" data-element_type=\"widget\" data-e-type=\"widget\" data-widget_type=\"icon-box.default\">\n\t\t\t\t<div class=\"elementor-widget-container\">\n\t\t\t\t\t\t\t<div class=\"elementor-icon-box-wrapper\">\n\n\t\t\t\t\t\t<div class=\"elementor-icon-box-icon\">\n\t\t\t\t<span  class=\"elementor-icon elementor-animation-pop\">\n\t\t\t\t<i aria-hidden=\"true\" class=\"fas fa-check\"><\/i>\t\t\t\t<\/span>\n\t\t\t<\/div>\n\t\t\t\n\t\t\t\t\t\t<div class=\"elementor-icon-box-content\">\n\n\t\t\t\t\t\t\t\t\t<h3 class=\"elementor-icon-box-title\">\n\t\t\t\t\t\t<span  >\n\t\t\t\t\t\t\tConception intelligente\t\t\t\t\t\t<\/span>\n\t\t\t\t\t<\/h3>\n\t\t\t\t\n\t\t\t\t\n\t\t\t<\/div>\n\t\t\t\n\t\t<\/div>\n\t\t\t\t\t\t<\/div>\n\t\t\t\t<\/div>\n\t\t\t\t<div class=\"elementor-element elementor-element-ed6c992 elementor-widget elementor-widget-text-editor\" data-id=\"ed6c992\" data-element_type=\"widget\" data-e-type=\"widget\" data-widget_type=\"text-editor.default\">\n\t\t\t\t<div class=\"elementor-widget-container\">\n\t\t\t\t\t\t\t\t\tDes camionnettes compactes, faciles \u00e0 garer et enti\u00e8rement \u00e9quip\u00e9es.\t\t\t\t\t\t\t\t<\/div>\n\t\t\t\t<\/div>\n\t\t\t\t<div class=\"elementor-element elementor-element-cbe8d8a elementor-view-framed elementor-position-inline-start keep-icon-box-left elementor-mobile-position-inline-start elementor-shape-circle elementor-widget elementor-widget-icon-box\" data-id=\"cbe8d8a\" data-element_type=\"widget\" data-e-type=\"widget\" data-widget_type=\"icon-box.default\">\n\t\t\t\t<div class=\"elementor-widget-container\">\n\t\t\t\t\t\t\t<div class=\"elementor-icon-box-wrapper\">\n\n\t\t\t\t\t\t<div class=\"elementor-icon-box-icon\">\n\t\t\t\t<span  class=\"elementor-icon elementor-animation-pop\">\n\t\t\t\t<i aria-hidden=\"true\" class=\"fas fa-check\"><\/i>\t\t\t\t<\/span>\n\t\t\t<\/div>\n\t\t\t\n\t\t\t\t\t\t<div class=\"elementor-icon-box-content\">\n\n\t\t\t\t\t\t\t\t\t<h3 class=\"elementor-icon-box-title\">\n\t\t\t\t\t\t<span  >\n\t\t\t\t\t\t\tLieux \u00e0 Faro et Lisbonne\t\t\t\t\t\t<\/span>\n\t\t\t\t\t<\/h3>\n\t\t\t\t\n\t\t\t\t\n\t\t\t<\/div>\n\t\t\t\n\t\t<\/div>\n\t\t\t\t\t\t<\/div>\n\t\t\t\t<\/div>\n\t\t\t\t<div class=\"elementor-element elementor-element-a5e8850 elementor-widget elementor-widget-text-editor\" data-id=\"a5e8850\" data-element_type=\"widget\" data-e-type=\"widget\" data-widget_type=\"text-editor.default\">\n\t\t\t\t<div class=\"elementor-widget-container\">\n\t\t\t\t\t\t\t\t\t<p>Service de prise en charge et de d\u00e9pose disponible \u00e0 Faro, pr\u00e8s de l&rsquo;a\u00e9roport, et \u00e0 Lisbon-Montijo.<\/p>\t\t\t\t\t\t\t\t<\/div>\n\t\t\t\t<\/div>\n\t\t\t\t<div class=\"elementor-element elementor-element-97ddf21 elementor-view-framed elementor-position-inline-start keep-icon-box-left elementor-mobile-position-inline-start elementor-shape-circle elementor-widget elementor-widget-icon-box\" data-id=\"97ddf21\" data-element_type=\"widget\" data-e-type=\"widget\" data-widget_type=\"icon-box.default\">\n\t\t\t\t<div class=\"elementor-widget-container\">\n\t\t\t\t\t\t\t<div class=\"elementor-icon-box-wrapper\">\n\n\t\t\t\t\t\t<div class=\"elementor-icon-box-icon\">\n\t\t\t\t<span  class=\"elementor-icon elementor-animation-pop\">\n\t\t\t\t<i aria-hidden=\"true\" class=\"fas fa-check\"><\/i>\t\t\t\t<\/span>\n\t\t\t<\/div>\n\t\t\t\n\t\t\t\t\t\t<div class=\"elementor-icon-box-content\">\n\n\t\t\t\t\t\t\t\t\t<h3 class=\"elementor-icon-box-title\">\n\t\t\t\t\t\t<span  >\n\t\t\t\t\t\t\tL\u2019enregistrement se fait \u00e0 partir de 14h00, le d\u00e9part jusqu\u2019\u00e0 11h00\t\t\t\t\t\t<\/span>\n\t\t\t\t\t<\/h3>\n\t\t\t\t\n\t\t\t\t\n\t\t\t<\/div>\n\t\t\t\n\t\t<\/div>\n\t\t\t\t\t\t<\/div>\n\t\t\t\t<\/div>\n\t\t\t\t<div class=\"elementor-element elementor-element-23eae9d elementor-widget elementor-widget-text-editor\" data-id=\"23eae9d\" data-element_type=\"widget\" data-e-type=\"widget\" data-widget_type=\"text-editor.default\">\n\t\t\t\t<div class=\"elementor-widget-container\">\n\t\t\t\t\t\t\t\t\tFlexibilit\u00e9 de la prise en charge et de la d\u00e9pose.\t\t\t\t\t\t\t\t<\/div>\n\t\t\t\t<\/div>\n\t\t\t\t<div class=\"elementor-element elementor-element-2e24ef7 elementor-view-framed elementor-position-inline-start keep-icon-box-left elementor-mobile-position-inline-start elementor-shape-circle elementor-widget elementor-widget-icon-box\" data-id=\"2e24ef7\" data-element_type=\"widget\" data-e-type=\"widget\" data-widget_type=\"icon-box.default\">\n\t\t\t\t<div class=\"elementor-widget-container\">\n\t\t\t\t\t\t\t<div class=\"elementor-icon-box-wrapper\">\n\n\t\t\t\t\t\t<div class=\"elementor-icon-box-icon\">\n\t\t\t\t<span  class=\"elementor-icon elementor-animation-pop\">\n\t\t\t\t<i aria-hidden=\"true\" class=\"fas fa-check\"><\/i>\t\t\t\t<\/span>\n\t\t\t<\/div>\n\t\t\t\n\t\t\t\t\t\t<div class=\"elementor-icon-box-content\">\n\n\t\t\t\t\t\t\t\t\t<h3 class=\"elementor-icon-box-title\">\n\t\t\t\t\t\t<span  >\n\t\t\t\t\t\t\tSur la route depuis 2017\t\t\t\t\t\t<\/span>\n\t\t\t\t\t<\/h3>\n\t\t\t\t\n\t\t\t\t\n\t\t\t<\/div>\n\t\t\t\n\t\t<\/div>\n\t\t\t\t\t\t<\/div>\n\t\t\t\t<\/div>\n\t\t\t\t<div class=\"elementor-element elementor-element-ad3596d elementor-widget elementor-widget-text-editor\" data-id=\"ad3596d\" data-element_type=\"widget\" data-e-type=\"widget\" data-widget_type=\"text-editor.default\">\n\t\t\t\t<div class=\"elementor-widget-container\">\n\t\t\t\t\t\t\t\t\tUne \u00e9quipe sympathique pr\u00eate \u00e0 partager des conseils d&rsquo;initi\u00e9s.\t\t\t\t\t\t\t\t<\/div>\n\t\t\t\t<\/div>\n\t\t\t\t\t<\/div>\n\t\t<\/div>\n\t\t\t\t<div class=\"elementor-column elementor-col-50 elementor-inner-column elementor-element elementor-element-b3990bb\" data-id=\"b3990bb\" data-element_type=\"column\" data-e-type=\"column\">\n\t\t\t<div class=\"elementor-widget-wrap\">\n\t\t\t\t\t\t\t<\/div>\n\t\t<\/div>\n\t\t\t\t\t<\/div>\n\t\t<\/section>\n\t\t\t\t\t<\/div>\n\t\t<\/div>\n\t\t\t\t\t<\/div>\n\t\t<\/section>\n\t\t\t\t<section class=\"elementor-section elementor-top-section elementor-element elementor-element-8411806 elementor-section-boxed elementor-section-height-default elementor-section-height-default\" data-id=\"8411806\" data-element_type=\"section\" data-e-type=\"section\" data-settings=\"{&quot;background_background&quot;:&quot;classic&quot;}\">\n\t\t\t\t\t\t<div class=\"elementor-container elementor-column-gap-extended\">\n\t\t\t\t\t<div class=\"elementor-column elementor-col-100 elementor-top-column elementor-element elementor-element-f7ed545\" data-id=\"f7ed545\" data-element_type=\"column\" data-e-type=\"column\">\n\t\t\t<div class=\"elementor-widget-wrap elementor-element-populated\">\n\t\t\t\t\t\t<div class=\"elementor-element elementor-element-e8fc40b elementor-widget elementor-widget-heading\" data-id=\"e8fc40b\" data-element_type=\"widget\" data-e-type=\"widget\" data-widget_type=\"heading.default\">\n\t\t\t\t<div class=\"elementor-widget-container\">\n\t\t\t\t\t<h2 class=\"elementor-heading-title elementor-size-default\">Adressez-vous \u00e0 une personne, pas \u00e0 un syst\u00e8me de r\u00e9servation<\/h2>\t\t\t\t<\/div>\n\t\t\t\t<\/div>\n\t\t\t\t<div class=\"elementor-element elementor-element-cd78619 elementor-widget elementor-widget-text-editor\" data-id=\"cd78619\" data-element_type=\"widget\" data-e-type=\"widget\" data-widget_type=\"text-editor.default\">\n\t\t\t\t<div class=\"elementor-widget-container\">\n\t\t\t\t\t\t\t\t\t<p>Nous sommes une petite \u00e9quipe bas\u00e9e \u00e0 Faro, nous-m\u00eames en voyage depuis 2017. Envoyez-nous un message en pr\u00e9cisant vos horaires de vol, votre itin\u00e9raire ou tout autre point sur lequel vous avez des doutes, et un de nos collaborateurs vous r\u00e9pondra, g\u00e9n\u00e9ralement en quelques minutes. <\/p>\t\t\t\t\t\t\t\t<\/div>\n\t\t\t\t<\/div>\n\t\t\t\t<div class=\"elementor-element elementor-element-2e62650 elementor-align-center elementor-mobile-align-center elementor-widget elementor-widget-button\" data-id=\"2e62650\" data-element_type=\"widget\" data-e-type=\"widget\" data-widget_type=\"button.default\">\n\t\t\t\t<div class=\"elementor-widget-container\">\n\t\t\t\t\t\t\t\t\t<div class=\"elementor-button-wrapper\">\n\t\t\t\t\t<a class=\"elementor-button elementor-button-link elementor-size-sm\" href=\"https:\/\/wa.me\/351920301044?text=Hi%20Ocean%20Camper%2C%20I%20would%20like%20to%20rent%20a%20campervan.\" target=\"_blank\">\n\t\t\t\t\t\t<span class=\"elementor-button-content-wrapper\">\n\t\t\t\t\t\t<span class=\"elementor-button-icon\">\n\t\t\t\t<i aria-hidden=\"true\" class=\"fab fa-whatsapp\"><\/i>\t\t\t<\/span>\n\t\t\t\t\t\t\t\t\t<span class=\"elementor-button-text\">Envoyez-nous un message sur WhatsApp<\/span>\n\t\t\t\t\t<\/span>\n\t\t\t\t\t<\/a>\n\t\t\t\t<\/div>\n\t\t\t\t\t\t\t\t<\/div>\n\t\t\t\t<\/div>\n\t\t\t\t<div class=\"elementor-element elementor-element-38eeda3 elementor-widget elementor-widget-text-editor\" data-id=\"38eeda3\" data-element_type=\"widget\" data-e-type=\"widget\" data-widget_type=\"text-editor.default\">\n\t\t\t\t<div class=\"elementor-widget-container\">\n\t\t\t\t\t\t\t\t\t<p>Vous pr\u00e9f\u00e9rez nous appeler ?  <a href=\"tel:+351920301044\">+351 920 301 044<\/a><\/p>\t\t\t\t\t\t\t\t<\/div>\n\t\t\t\t<\/div>\n\t\t\t\t\t<\/div>\n\t\t<\/div>\n\t\t\t\t\t<\/div>\n\t\t<\/section>\n\t\t\t\t<section class=\"elementor-section elementor-inner-section elementor-element elementor-element-60eaba5c elementor-section-boxed elementor-section-height-default elementor-section-height-default elementor-invisible\" data-id=\"60eaba5c\" data-element_type=\"section\" data-e-type=\"section\" data-settings=\"{&quot;animation&quot;:&quot;fadeInUp&quot;}\">\n\t\t\t\t\t\t<div class=\"elementor-container elementor-column-gap-default\">\n\t\t\t\t\t<div class=\"elementor-column elementor-col-100 elementor-inner-column elementor-element elementor-element-370df1c3\" data-id=\"370df1c3\" data-element_type=\"column\" data-e-type=\"column\" data-settings=\"{&quot;background_background&quot;:&quot;classic&quot;}\">\n\t\t\t<div class=\"elementor-widget-wrap elementor-element-populated\">\n\t\t\t\t\t<div class=\"elementor-background-overlay\"><\/div>\n\t\t\t\t\t\t<div class=\"elementor-element elementor-element-1a800b56 elementor-widget elementor-widget-heading\" data-id=\"1a800b56\" data-element_type=\"widget\" data-e-type=\"widget\" data-widget_type=\"heading.default\">\n\t\t\t\t<div class=\"elementor-widget-container\">\n\t\t\t\t\t<h2 class=\"elementor-heading-title elementor-size-default\">Nos campervans<\/h2>\t\t\t\t<\/div>\n\t\t\t\t<\/div>\n\t\t\t\t<div class=\"elementor-element elementor-element-3e5335dd elementor-widget elementor-widget-text-editor\" data-id=\"3e5335dd\" data-element_type=\"widget\" data-e-type=\"widget\" data-widget_type=\"text-editor.default\">\n\t\t\t\t<div class=\"elementor-widget-container\">\n\t\t\t\t\t\t\t\t\t<p>Cinq fourgonnettes, toutes enti\u00e8rement \u00e9quip\u00e9es. Quatre peuvent accueillir deux personnes, une peut en accueillir trois. R\u00e9servation minimale de deux nuits.  <\/p>\t\t\t\t\t\t\t\t<\/div>\n\t\t\t\t<\/div>\n\t\t\t\t<div class=\"elementor-element elementor-element-86639ec elementor-arrows-position-outside elementor-pagination-type-bullets elementor-pagination-position-outside elementor-widget elementor-widget-n-carousel\" data-id=\"86639ec\" data-element_type=\"widget\" data-e-type=\"widget\" data-settings=\"{&quot;carousel_items&quot;:[{&quot;slide_title&quot;:&quot;Indigo&quot;,&quot;_id&quot;:&quot;c3fdd06&quot;},{&quot;slide_title&quot;:&quot;Bohemian&quot;,&quot;_id&quot;:&quot;cb7cf73&quot;},{&quot;slide_title&quot;:&quot;Vagabond&quot;,&quot;_id&quot;:&quot;1e21016&quot;},{&quot;slide_title&quot;:&quot;Atlantic&quot;,&quot;_id&quot;:&quot;c73c347&quot;},{&quot;slide_title&quot;:&quot;Indigo&quot;,&quot;_id&quot;:&quot;e5a1b47&quot;}],&quot;image_spacing_custom&quot;:{&quot;unit&quot;:&quot;px&quot;,&quot;size&quot;:20,&quot;sizes&quot;:[]},&quot;slides_to_show&quot;:&quot;3&quot;,&quot;image_spacing_custom_mobile&quot;:{&quot;unit&quot;:&quot;px&quot;,&quot;size&quot;:0,&quot;sizes&quot;:[]},&quot;autoplay_speed&quot;:2500,&quot;slides_to_show_tablet&quot;:&quot;2&quot;,&quot;slides_to_show_mobile&quot;:&quot;1&quot;,&quot;autoplay&quot;:&quot;yes&quot;,&quot;pause_on_interaction&quot;:&quot;yes&quot;,&quot;infinite&quot;:&quot;yes&quot;,&quot;speed&quot;:500,&quot;offset_sides&quot;:&quot;none&quot;,&quot;arrows&quot;:&quot;yes&quot;,&quot;pagination&quot;:&quot;bullets&quot;,&quot;image_spacing_custom_tablet&quot;:{&quot;unit&quot;:&quot;px&quot;,&quot;size&quot;:&quot;&quot;,&quot;sizes&quot;:[]}}\" data-widget_type=\"nested-carousel.default\">\n\t\t\t\t<div class=\"elementor-widget-container\">\n\t\t\t\t\t\t\t<div class=\"e-n-carousel swiper\" role=\"region\" aria-roledescription=\"carousel\" aria-label=\"Carousel\" dir=\"ltr\">\n\t\t\t<div class=\"swiper-wrapper\" aria-live=\"off\">\n\t\t\t\t\t\t\t\t\t\t<div class=\"swiper-slide\" data-slide=\"1\" role=\"group\" aria-roledescription=\"slide\" aria-label=\"1 sur 5\">\n\t\t\t\t\t\t\t<div class=\"elementor-element elementor-element-19b0b58 e-flex e-con-boxed e-con e-child\" data-id=\"19b0b58\" data-element_type=\"container\" data-e-type=\"container\">\n\t\t\t\t\t<div class=\"e-con-inner\">\n\t\t<div class=\"elementor-element elementor-element-f781332 e-con-full e-flex e-con e-child\" data-id=\"f781332\" data-element_type=\"container\" data-e-type=\"container\">\n\t\t\t\t<div class=\"elementor-element elementor-element-990ea6d elementor-widget elementor-widget-heading\" data-id=\"990ea6d\" data-element_type=\"widget\" data-e-type=\"widget\" data-widget_type=\"heading.default\">\n\t\t\t\t<div class=\"elementor-widget-container\">\n\t\t\t\t\t<h3 class=\"elementor-heading-title elementor-size-default\">Indigo<\/h3>\t\t\t\t<\/div>\n\t\t\t\t<\/div>\n\t\t\t\t<div class=\"elementor-element elementor-element-1ce9a83 elementor-widget elementor-widget-image\" data-id=\"1ce9a83\" data-element_type=\"widget\" data-e-type=\"widget\" data-widget_type=\"image.default\">\n\t\t\t\t<div class=\"elementor-widget-container\">\n\t\t\t\t\t\t\t\t\t\t\t\t\t\t\t<img loading=\"lazy\" decoding=\"async\" width=\"800\" height=\"450\" src=\"https:\/\/oceancamper.com\/wp-content\/uploads\/2025\/03\/campervans-hire-algarve-portugal-min-1024x576.jpg\" class=\"attachment-large size-large wp-image-163722\" alt=\"Mini-Campervan Indigo avec la porte lat\u00e9rale ouverte, le lit fait et le bloc-cuisine visible\" srcset=\"https:\/\/oceancamper.com\/wp-content\/uploads\/2025\/03\/campervans-hire-algarve-portugal-min-1024x576.jpg 1024w, https:\/\/oceancamper.com\/wp-content\/uploads\/2025\/03\/campervans-hire-algarve-portugal-min-300x169.jpg 300w, https:\/\/oceancamper.com\/wp-content\/uploads\/2025\/03\/campervans-hire-algarve-portugal-min-768x432.jpg 768w, https:\/\/oceancamper.com\/wp-content\/uploads\/2025\/03\/campervans-hire-algarve-portugal-min-1536x864.jpg 1536w, https:\/\/oceancamper.com\/wp-content\/uploads\/2025\/03\/campervans-hire-algarve-portugal-min-2048x1152.jpg 2048w, https:\/\/oceancamper.com\/wp-content\/uploads\/2025\/03\/campervans-hire-algarve-portugal-min-240x135.jpg 240w\" sizes=\"(max-width: 800px) 100vw, 800px\" \/>\t\t\t\t\t\t\t\t\t\t\t\t\t\t\t<\/div>\n\t\t\t\t<\/div>\n\t\t\t\t<div class=\"elementor-element elementor-element-75aad58 elementor-widget elementor-widget-text-editor\" data-id=\"75aad58\" data-element_type=\"widget\" data-e-type=\"widget\" data-widget_type=\"text-editor.default\">\n\t\t\t\t<div class=\"elementor-widget-container\">\n\t\t\t\t\t\t\t\t\t<p style=\"margin:0 0 7px;line-height:1.5\">Couchage : <strong>2 personnes<\/strong><\/p><p style=\"margin:0 0 7px;line-height:1.5\">Panneau solaire : <strong>Oui, 170W<\/strong><\/p><p style=\"margin:0 0 7px;line-height:1.5\">2e batterie : <strong>Oui<\/strong><\/p><p style=\"margin:0 0 7px;line-height:1.5\">Dimensions du lit : <strong>1,9 x 1,4 m<\/strong><\/p><p style=\"margin:0 0 7px;line-height:1.5\">Refroidissement : <strong>R\u00e9frig\u00e9rateur 32L<\/strong><\/p><p style=\"margin:0 0 7px;line-height:1.5\">Transmission : <strong>Manuelle<\/strong><\/p>\t\t\t\t\t\t\t\t<\/div>\n\t\t\t\t<\/div>\n\t\t\t\t<div class=\"elementor-element elementor-element-89e5d75 elementor-align-center elementor-tablet-align-center elementor-mobile-align-center elementor-widget elementor-widget-button\" data-id=\"89e5d75\" data-element_type=\"widget\" data-e-type=\"widget\" data-widget_type=\"button.default\">\n\t\t\t\t<div class=\"elementor-widget-container\">\n\t\t\t\t\t\t\t\t\t<div class=\"elementor-button-wrapper\">\n\t\t\t\t\t<a class=\"elementor-button elementor-button-link elementor-size-sm elementor-animation-pop\" href=\"https:\/\/oceancamper.com\/fr\/camping-cars\/indigo-mini-camping-car\/\">\n\t\t\t\t\t\t<span class=\"elementor-button-content-wrapper\">\n\t\t\t\t\t\t\t\t\t<span class=\"elementor-button-text\">Voir<\/span>\n\t\t\t\t\t<\/span>\n\t\t\t\t\t<\/a>\n\t\t\t\t<\/div>\n\t\t\t\t\t\t\t\t<\/div>\n\t\t\t\t<\/div>\n\t\t\t\t<div class=\"elementor-element elementor-element-528f864 elementor-align-center elementor-tablet-align-center elementor-mobile-align-center elementor-widget elementor-widget-button\" data-id=\"528f864\" data-element_type=\"widget\" data-e-type=\"widget\" data-widget_type=\"button.default\">\n\t\t\t\t<div class=\"elementor-widget-container\">\n\t\t\t\t\t\t\t\t\t<div class=\"elementor-button-wrapper\">\n\t\t\t\t\t<a class=\"elementor-button elementor-button-link elementor-size-sm elementor-animation-pop\" href=\"https:\/\/oceancamper.com\/fr\/reservations\/\">\n\t\t\t\t\t\t<span class=\"elementor-button-content-wrapper\">\n\t\t\t\t\t\t\t\t\t<span class=\"elementor-button-text\">R\u00c9SERVEZ MAINTENANT<\/span>\n\t\t\t\t\t<\/span>\n\t\t\t\t\t<\/a>\n\t\t\t\t<\/div>\n\t\t\t\t\t\t\t\t<\/div>\n\t\t\t\t<\/div>\n\t\t\t\t<\/div>\n\t\t\t\t\t<\/div>\n\t\t\t\t<\/div>\n\t\t\t\t\t\t\t\t<\/div>\n\t\t\t\t\t\t\t\t\t\t\t<div class=\"swiper-slide\" data-slide=\"2\" role=\"group\" aria-roledescription=\"slide\" aria-label=\"2 sur 5\">\n\t\t\t\t\t\t\t<div class=\"elementor-element elementor-element-364deb9 e-flex e-con-boxed e-con e-child\" data-id=\"364deb9\" data-element_type=\"container\" data-e-type=\"container\">\n\t\t\t\t\t<div class=\"e-con-inner\">\n\t\t<div class=\"elementor-element elementor-element-ff4f892 e-con-full e-flex e-con e-child\" data-id=\"ff4f892\" data-element_type=\"container\" data-e-type=\"container\">\n\t\t\t\t<div class=\"elementor-element elementor-element-701c9b3 elementor-widget elementor-widget-heading\" data-id=\"701c9b3\" data-element_type=\"widget\" data-e-type=\"widget\" data-widget_type=\"heading.default\">\n\t\t\t\t<div class=\"elementor-widget-container\">\n\t\t\t\t\t<h3 class=\"elementor-heading-title elementor-size-default\">Oasis Automatique<\/h3>\t\t\t\t<\/div>\n\t\t\t\t<\/div>\n\t\t\t\t<div class=\"elementor-element elementor-element-fae4366 elementor-widget elementor-widget-image\" data-id=\"fae4366\" data-element_type=\"widget\" data-e-type=\"widget\" data-widget_type=\"image.default\">\n\t\t\t\t<div class=\"elementor-widget-container\">\n\t\t\t\t\t\t\t\t\t\t\t\t\t\t\t<img loading=\"lazy\" decoding=\"async\" width=\"800\" height=\"537\" src=\"https:\/\/oceancamper.com\/wp-content\/uploads\/2026\/08\/oasis-automatic-campervan-rental-portugal-1024x687.webp\" class=\"attachment-large size-large wp-image-269730\" alt=\"Campervan \u00ab Oasis Automatic \u00bb gar\u00e9 sur le sable au bord de la mer\" srcset=\"https:\/\/oceancamper.com\/wp-content\/uploads\/2026\/08\/oasis-automatic-campervan-rental-portugal-1024x687.webp 1024w, https:\/\/oceancamper.com\/wp-content\/uploads\/2026\/08\/oasis-automatic-campervan-rental-portugal-300x201.webp 300w, https:\/\/oceancamper.com\/wp-content\/uploads\/2026\/08\/oasis-automatic-campervan-rental-portugal-768x515.webp 768w, https:\/\/oceancamper.com\/wp-content\/uploads\/2026\/08\/oasis-automatic-campervan-rental-portugal-1536x1030.webp 1536w, https:\/\/oceancamper.com\/wp-content\/uploads\/2026\/08\/oasis-automatic-campervan-rental-portugal-240x161.webp 240w, https:\/\/oceancamper.com\/wp-content\/uploads\/2026\/08\/oasis-automatic-campervan-rental-portugal.webp 1600w\" sizes=\"(max-width: 800px) 100vw, 800px\" \/>\t\t\t\t\t\t\t\t\t\t\t\t\t\t\t<\/div>\n\t\t\t\t<\/div>\n\t\t\t\t<div class=\"elementor-element elementor-element-1fdaaf2 elementor-widget elementor-widget-text-editor\" data-id=\"1fdaaf2\" data-element_type=\"widget\" data-e-type=\"widget\" data-widget_type=\"text-editor.default\">\n\t\t\t\t<div class=\"elementor-widget-container\">\n\t\t\t\t\t\t\t\t\t<p style=\"margin:0 0 7px;line-height:1.5\">Couchage : <strong>2 personnes<\/strong><\/p><p style=\"margin:0 0 7px;line-height:1.5\">Panneau solaire : <strong>Oui, 170W<\/strong><\/p><p style=\"margin:0 0 7px;line-height:1.5\">2e batterie : <strong>Oui<\/strong><\/p><p style=\"margin:0 0 7px;line-height:1.5\">Dimensions du lit : <strong>1,9 x 1,4 m<\/strong><\/p><p style=\"margin:0 0 7px;line-height:1.5\">Refroidissement : <strong>R\u00e9frig\u00e9rateur 32L<\/strong><\/p><p style=\"margin:0 0 7px;line-height:1.5\">Transmission : <strong>Automatique<\/strong><\/p>\t\t\t\t\t\t\t\t<\/div>\n\t\t\t\t<\/div>\n\t\t\t\t<div class=\"elementor-element elementor-element-4faa80d elementor-align-center elementor-tablet-align-center elementor-mobile-align-center elementor-widget elementor-widget-button\" data-id=\"4faa80d\" data-element_type=\"widget\" data-e-type=\"widget\" data-widget_type=\"button.default\">\n\t\t\t\t<div class=\"elementor-widget-container\">\n\t\t\t\t\t\t\t\t\t<div class=\"elementor-button-wrapper\">\n\t\t\t\t\t<a class=\"elementor-button elementor-button-link elementor-size-sm elementor-animation-pop\" href=\"https:\/\/oceancamper.com\/fr\/camping-cars\/oasis-camping-car-automatique\/\">\n\t\t\t\t\t\t<span class=\"elementor-button-content-wrapper\">\n\t\t\t\t\t\t\t\t\t<span class=\"elementor-button-text\">Voir<\/span>\n\t\t\t\t\t<\/span>\n\t\t\t\t\t<\/a>\n\t\t\t\t<\/div>\n\t\t\t\t\t\t\t\t<\/div>\n\t\t\t\t<\/div>\n\t\t\t\t<div class=\"elementor-element elementor-element-b950b4e elementor-align-center elementor-tablet-align-center elementor-mobile-align-center elementor-widget elementor-widget-button\" data-id=\"b950b4e\" data-element_type=\"widget\" data-e-type=\"widget\" data-widget_type=\"button.default\">\n\t\t\t\t<div class=\"elementor-widget-container\">\n\t\t\t\t\t\t\t\t\t<div class=\"elementor-button-wrapper\">\n\t\t\t\t\t<a class=\"elementor-button elementor-button-link elementor-size-sm elementor-animation-pop\" href=\"https:\/\/oceancamper.com\/fr\/reservations\/\">\n\t\t\t\t\t\t<span class=\"elementor-button-content-wrapper\">\n\t\t\t\t\t\t\t\t\t<span class=\"elementor-button-text\">R\u00c9SERVEZ MAINTENANT<\/span>\n\t\t\t\t\t<\/span>\n\t\t\t\t\t<\/a>\n\t\t\t\t<\/div>\n\t\t\t\t\t\t\t\t<\/div>\n\t\t\t\t<\/div>\n\t\t\t\t<\/div>\n\t\t\t\t\t<\/div>\n\t\t\t\t<\/div>\n\t\t\t\t\t\t\t\t<\/div>\n\t\t\t\t\t\t\t\t\t\t\t<div class=\"swiper-slide\" data-slide=\"3\" role=\"group\" aria-roledescription=\"slide\" aria-label=\"3 sur 5\">\n\t\t\t\t\t\t\t<div class=\"elementor-element elementor-element-7a69c82 e-flex e-con-boxed e-con e-child\" data-id=\"7a69c82\" data-element_type=\"container\" data-e-type=\"container\">\n\t\t\t\t\t<div class=\"e-con-inner\">\n\t\t<div class=\"elementor-element elementor-element-381f2aa e-con-full e-flex e-con e-child\" data-id=\"381f2aa\" data-element_type=\"container\" data-e-type=\"container\">\n\t\t\t\t<div class=\"elementor-element elementor-element-8fe5150 elementor-widget elementor-widget-heading\" data-id=\"8fe5150\" data-element_type=\"widget\" data-e-type=\"widget\" data-widget_type=\"heading.default\">\n\t\t\t\t<div class=\"elementor-widget-container\">\n\t\t\t\t\t<h3 class=\"elementor-heading-title elementor-size-default\">Bohemian<\/h3>\t\t\t\t<\/div>\n\t\t\t\t<\/div>\n\t\t\t\t<div class=\"elementor-element elementor-element-16cc5bf elementor-widget elementor-widget-image\" data-id=\"16cc5bf\" data-element_type=\"widget\" data-e-type=\"widget\" data-widget_type=\"image.default\">\n\t\t\t\t<div class=\"elementor-widget-container\">\n\t\t\t\t\t\t\t\t\t\t\t\t\t\t\t<img decoding=\"async\" src=\"https:\/\/oceancamper.com\/wp-content\/uploads\/elementor\/thumbs\/Bohemian-4-min-2-1-qlq8440lrzc3krh0wfzyzzx42nuugtbecc5a3cmow4.jpg\" title=\"Ocean Camper Bohemian Campervan Algarve\" alt=\"Un Campervan au style Bohemian, avec une planche de surf sur le porte-bagages de toit et le coin salon ext\u00e9rieur install\u00e9\" loading=\"lazy\" \/>\t\t\t\t\t\t\t\t\t\t\t\t\t\t\t<\/div>\n\t\t\t\t<\/div>\n\t\t\t\t<div class=\"elementor-element elementor-element-e0a93f2 elementor-widget elementor-widget-text-editor\" data-id=\"e0a93f2\" data-element_type=\"widget\" data-e-type=\"widget\" data-widget_type=\"text-editor.default\">\n\t\t\t\t<div class=\"elementor-widget-container\">\n\t\t\t\t\t\t\t\t\t<p style=\"margin:0 0 7px;line-height:1.5\">Couchage : <strong>3 personnes<\/strong><\/p><p style=\"margin:0 0 7px;line-height:1.5\">Panneau solaire : <strong>Oui, 170W<\/strong><\/p><p style=\"margin:0 0 7px;line-height:1.5\">2e batterie : <strong>Oui<\/strong><\/p><p style=\"margin:0 0 7px;line-height:1.5\">Taille du lit : <strong>2&#215;1.8m<\/strong><\/p><p style=\"margin:0 0 7px;line-height:1.5\">Refroidissement : <strong>R\u00e9frig\u00e9rateur 45L<\/strong><\/p><p style=\"margin:0 0 7px;line-height:1.5\">Transmission : <strong>Manuelle<\/strong><\/p>\t\t\t\t\t\t\t\t<\/div>\n\t\t\t\t<\/div>\n\t\t\t\t<div class=\"elementor-element elementor-element-cd16a8b elementor-align-center elementor-tablet-align-center elementor-mobile-align-center elementor-widget elementor-widget-button\" data-id=\"cd16a8b\" data-element_type=\"widget\" data-e-type=\"widget\" data-widget_type=\"button.default\">\n\t\t\t\t<div class=\"elementor-widget-container\">\n\t\t\t\t\t\t\t\t\t<div class=\"elementor-button-wrapper\">\n\t\t\t\t\t<a class=\"elementor-button elementor-button-link elementor-size-sm elementor-animation-pop\" href=\"https:\/\/oceancamper.com\/fr\/camping-cars\/camping-car-boheme\/\">\n\t\t\t\t\t\t<span class=\"elementor-button-content-wrapper\">\n\t\t\t\t\t\t\t\t\t<span class=\"elementor-button-text\">Voir<\/span>\n\t\t\t\t\t<\/span>\n\t\t\t\t\t<\/a>\n\t\t\t\t<\/div>\n\t\t\t\t\t\t\t\t<\/div>\n\t\t\t\t<\/div>\n\t\t\t\t<div class=\"elementor-element elementor-element-c0e3e87 elementor-align-center elementor-tablet-align-center elementor-mobile-align-center elementor-widget elementor-widget-button\" data-id=\"c0e3e87\" data-element_type=\"widget\" data-e-type=\"widget\" data-widget_type=\"button.default\">\n\t\t\t\t<div class=\"elementor-widget-container\">\n\t\t\t\t\t\t\t\t\t<div class=\"elementor-button-wrapper\">\n\t\t\t\t\t<a class=\"elementor-button elementor-button-link elementor-size-sm elementor-animation-pop\" href=\"https:\/\/oceancamper.com\/fr\/reservations\/\">\n\t\t\t\t\t\t<span class=\"elementor-button-content-wrapper\">\n\t\t\t\t\t\t\t\t\t<span class=\"elementor-button-text\">R\u00c9SERVEZ MAINTENANT<\/span>\n\t\t\t\t\t<\/span>\n\t\t\t\t\t<\/a>\n\t\t\t\t<\/div>\n\t\t\t\t\t\t\t\t<\/div>\n\t\t\t\t<\/div>\n\t\t\t\t<\/div>\n\t\t\t\t\t<\/div>\n\t\t\t\t<\/div>\n\t\t\t\t\t\t\t\t<\/div>\n\t\t\t\t\t\t\t\t\t\t\t<div class=\"swiper-slide\" data-slide=\"4\" role=\"group\" aria-roledescription=\"slide\" aria-label=\"4 sur 5\">\n\t\t\t\t\t\t\t<div class=\"elementor-element elementor-element-929f18a e-flex e-con-boxed e-con e-child\" data-id=\"929f18a\" data-element_type=\"container\" data-e-type=\"container\">\n\t\t\t\t\t<div class=\"e-con-inner\">\n\t\t<div class=\"elementor-element elementor-element-92d3b02 e-con-full e-flex e-con e-child\" data-id=\"92d3b02\" data-element_type=\"container\" data-e-type=\"container\">\n\t\t\t\t<div class=\"elementor-element elementor-element-5793c29 elementor-widget elementor-widget-heading\" data-id=\"5793c29\" data-element_type=\"widget\" data-e-type=\"widget\" data-widget_type=\"heading.default\">\n\t\t\t\t<div class=\"elementor-widget-container\">\n\t\t\t\t\t<h3 class=\"elementor-heading-title elementor-size-default\">Vagabond<\/h3>\t\t\t\t<\/div>\n\t\t\t\t<\/div>\n\t\t\t\t<div class=\"elementor-element elementor-element-d3787df elementor-widget elementor-widget-image\" data-id=\"d3787df\" data-element_type=\"widget\" data-e-type=\"widget\" data-widget_type=\"image.default\">\n\t\t\t\t<div class=\"elementor-widget-container\">\n\t\t\t\t\t\t\t\t\t\t\t\t\t\t\t<img loading=\"lazy\" decoding=\"async\" width=\"800\" height=\"534\" src=\"https:\/\/oceancamper.com\/wp-content\/uploads\/2022\/02\/Vagabond1-min-2-1024x683.jpeg\" class=\"attachment-large size-large wp-image-77218\" alt=\"Mini-Campervan Vagabond avec les portes arri\u00e8re ouvertes, montrant le lit et la cuisine coulissante\" srcset=\"https:\/\/oceancamper.com\/wp-content\/uploads\/2022\/02\/Vagabond1-min-2-1024x683.jpeg 1024w, https:\/\/oceancamper.com\/wp-content\/uploads\/2022\/02\/Vagabond1-min-2-300x200.jpeg 300w, https:\/\/oceancamper.com\/wp-content\/uploads\/2022\/02\/Vagabond1-min-2-768x512.jpeg 768w, https:\/\/oceancamper.com\/wp-content\/uploads\/2022\/02\/Vagabond1-min-2.jpeg 1200w\" sizes=\"(max-width: 800px) 100vw, 800px\" \/>\t\t\t\t\t\t\t\t\t\t\t\t\t\t\t<\/div>\n\t\t\t\t<\/div>\n\t\t\t\t<div class=\"elementor-element elementor-element-772b986 elementor-widget elementor-widget-text-editor\" data-id=\"772b986\" data-element_type=\"widget\" data-e-type=\"widget\" data-widget_type=\"text-editor.default\">\n\t\t\t\t<div class=\"elementor-widget-container\">\n\t\t\t\t\t\t\t\t\t<p style=\"margin:0 0 7px;line-height:1.5\">Couchage : <strong>2 personnes<\/strong><\/p><p style=\"margin:0 0 7px;line-height:1.5\">Panneau solaire : <strong>Non<\/strong><\/p><p style=\"margin:0 0 7px;line-height:1.5\">2e batterie : <strong>Oui<\/strong><\/p><p style=\"margin:0 0 7px;line-height:1.5\">Dimensions du lit : <strong>1,9 x 1,4 m<\/strong><\/p><p style=\"margin:0 0 7px;line-height:1.5\">R\u00e9frig\u00e9ration : <strong>glaci\u00e8re de 20 L, \u00e0 remplir de glace<\/strong><\/p><p style=\"margin:0 0 7px;line-height:1.5\">Transmission : <strong>Manuelle<\/strong><\/p>\t\t\t\t\t\t\t\t<\/div>\n\t\t\t\t<\/div>\n\t\t\t\t<div class=\"elementor-element elementor-element-e3cf5a6 elementor-align-center elementor-tablet-align-center elementor-mobile-align-center elementor-widget elementor-widget-button\" data-id=\"e3cf5a6\" data-element_type=\"widget\" data-e-type=\"widget\" data-widget_type=\"button.default\">\n\t\t\t\t<div class=\"elementor-widget-container\">\n\t\t\t\t\t\t\t\t\t<div class=\"elementor-button-wrapper\">\n\t\t\t\t\t<a class=\"elementor-button elementor-button-link elementor-size-sm elementor-animation-pop\" href=\"https:\/\/oceancamper.com\/fr\/camping-cars\/vagabond-mini-camping-car\/\">\n\t\t\t\t\t\t<span class=\"elementor-button-content-wrapper\">\n\t\t\t\t\t\t\t\t\t<span class=\"elementor-button-text\">Voir<\/span>\n\t\t\t\t\t<\/span>\n\t\t\t\t\t<\/a>\n\t\t\t\t<\/div>\n\t\t\t\t\t\t\t\t<\/div>\n\t\t\t\t<\/div>\n\t\t\t\t<div class=\"elementor-element elementor-element-7f7eef7 elementor-align-center elementor-tablet-align-center elementor-mobile-align-center elementor-widget elementor-widget-button\" data-id=\"7f7eef7\" data-element_type=\"widget\" data-e-type=\"widget\" data-widget_type=\"button.default\">\n\t\t\t\t<div class=\"elementor-widget-container\">\n\t\t\t\t\t\t\t\t\t<div class=\"elementor-button-wrapper\">\n\t\t\t\t\t<a class=\"elementor-button elementor-button-link elementor-size-sm elementor-animation-pop\" href=\"https:\/\/oceancamper.com\/fr\/reservations\/\">\n\t\t\t\t\t\t<span class=\"elementor-button-content-wrapper\">\n\t\t\t\t\t\t\t\t\t<span class=\"elementor-button-text\">R\u00c9SERVEZ MAINTENANT<\/span>\n\t\t\t\t\t<\/span>\n\t\t\t\t\t<\/a>\n\t\t\t\t<\/div>\n\t\t\t\t\t\t\t\t<\/div>\n\t\t\t\t<\/div>\n\t\t\t\t<\/div>\n\t\t\t\t\t<\/div>\n\t\t\t\t<\/div>\n\t\t\t\t\t\t\t\t<\/div>\n\t\t\t\t\t\t\t\t\t\t\t<div class=\"swiper-slide\" data-slide=\"5\" role=\"group\" aria-roledescription=\"slide\" aria-label=\"5 sur 5\">\n\t\t\t\t\t\t\t<div class=\"elementor-element elementor-element-6322c8c e-flex e-con-boxed e-con e-child\" data-id=\"6322c8c\" data-element_type=\"container\" data-e-type=\"container\">\n\t\t\t\t\t<div class=\"e-con-inner\">\n\t\t<div class=\"elementor-element elementor-element-a13a078 e-con-full e-flex e-con e-child\" data-id=\"a13a078\" data-element_type=\"container\" data-e-type=\"container\">\n\t\t\t\t<div class=\"elementor-element elementor-element-bc29380 elementor-widget elementor-widget-heading\" data-id=\"bc29380\" data-element_type=\"widget\" data-e-type=\"widget\" data-widget_type=\"heading.default\">\n\t\t\t\t<div class=\"elementor-widget-container\">\n\t\t\t\t\t<h3 class=\"elementor-heading-title elementor-size-default\">Atlantic<\/h3>\t\t\t\t<\/div>\n\t\t\t\t<\/div>\n\t\t\t\t<div class=\"elementor-element elementor-element-1633c60 elementor-widget elementor-widget-image\" data-id=\"1633c60\" data-element_type=\"widget\" data-e-type=\"widget\" data-widget_type=\"image.default\">\n\t\t\t\t<div class=\"elementor-widget-container\">\n\t\t\t\t\t\t\t\t\t\t\t\t\t\t\t<img loading=\"lazy\" decoding=\"async\" width=\"800\" height=\"533\" src=\"https:\/\/oceancamper.com\/wp-content\/uploads\/2022\/02\/Atlantic8-min-1-1024x682.jpeg\" class=\"attachment-large size-large wp-image-77264\" alt=\"Un mini-Campervan \u00ab Atlantic \u00bb gar\u00e9 sur un chemin c\u00f4tier, le hayon ouvert\" srcset=\"https:\/\/oceancamper.com\/wp-content\/uploads\/2022\/02\/Atlantic8-min-1-1024x682.jpeg 1024w, https:\/\/oceancamper.com\/wp-content\/uploads\/2022\/02\/Atlantic8-min-1-300x200.jpeg 300w, https:\/\/oceancamper.com\/wp-content\/uploads\/2022\/02\/Atlantic8-min-1-768x512.jpeg 768w, https:\/\/oceancamper.com\/wp-content\/uploads\/2022\/02\/Atlantic8-min-1-1536x1024.jpeg 1536w, https:\/\/oceancamper.com\/wp-content\/uploads\/2022\/02\/Atlantic8-min-1.jpeg 1598w\" sizes=\"(max-width: 800px) 100vw, 800px\" \/>\t\t\t\t\t\t\t\t\t\t\t\t\t\t\t<\/div>\n\t\t\t\t<\/div>\n\t\t\t\t<div class=\"elementor-element elementor-element-a63e26c elementor-widget elementor-widget-text-editor\" data-id=\"a63e26c\" data-element_type=\"widget\" data-e-type=\"widget\" data-widget_type=\"text-editor.default\">\n\t\t\t\t<div class=\"elementor-widget-container\">\n\t\t\t\t\t\t\t\t\t<p style=\"margin:0 0 7px;line-height:1.5\">Couchage : <strong>2 personnes<\/strong><\/p><p style=\"margin:0 0 7px;line-height:1.5\">Panneau solaire : <strong>Non<\/strong><\/p><p style=\"margin:0 0 7px;line-height:1.5\">2e batterie : <strong>Non<\/strong><\/p><p style=\"margin:0 0 7px;line-height:1.5\">Dimensions du lit : <strong>1,9 x 1,4 m<\/strong><\/p><p style=\"margin:0 0 7px;line-height:1.5\">R\u00e9frig\u00e9ration : <strong>glaci\u00e8re de 20 L, \u00e0 remplir de glace<\/strong><\/p><p style=\"margin:0 0 7px;line-height:1.5\">Transmission : <strong>Manuelle<\/strong><\/p>\t\t\t\t\t\t\t\t<\/div>\n\t\t\t\t<\/div>\n\t\t\t\t<div class=\"elementor-element elementor-element-1255e52 elementor-align-center elementor-tablet-align-center elementor-mobile-align-center elementor-widget elementor-widget-button\" data-id=\"1255e52\" data-element_type=\"widget\" data-e-type=\"widget\" data-widget_type=\"button.default\">\n\t\t\t\t<div class=\"elementor-widget-container\">\n\t\t\t\t\t\t\t\t\t<div class=\"elementor-button-wrapper\">\n\t\t\t\t\t<a class=\"elementor-button elementor-button-link elementor-size-sm elementor-animation-pop\" href=\"https:\/\/oceancamper.com\/fr\/camping-cars\/atlantic-mini-campervan\/\">\n\t\t\t\t\t\t<span class=\"elementor-button-content-wrapper\">\n\t\t\t\t\t\t\t\t\t<span class=\"elementor-button-text\">Voir<\/span>\n\t\t\t\t\t<\/span>\n\t\t\t\t\t<\/a>\n\t\t\t\t<\/div>\n\t\t\t\t\t\t\t\t<\/div>\n\t\t\t\t<\/div>\n\t\t\t\t<div class=\"elementor-element elementor-element-09b500b elementor-align-center elementor-tablet-align-center elementor-mobile-align-center elementor-widget elementor-widget-button\" data-id=\"09b500b\" data-element_type=\"widget\" data-e-type=\"widget\" data-widget_type=\"button.default\">\n\t\t\t\t<div class=\"elementor-widget-container\">\n\t\t\t\t\t\t\t\t\t<div class=\"elementor-button-wrapper\">\n\t\t\t\t\t<a class=\"elementor-button elementor-button-link elementor-size-sm elementor-animation-pop\" href=\"https:\/\/oceancamper.com\/fr\/reservations\/\">\n\t\t\t\t\t\t<span class=\"elementor-button-content-wrapper\">\n\t\t\t\t\t\t\t\t\t<span class=\"elementor-button-text\">R\u00c9SERVEZ MAINTENANT<\/span>\n\t\t\t\t\t<\/span>\n\t\t\t\t\t<\/a>\n\t\t\t\t<\/div>\n\t\t\t\t\t\t\t\t<\/div>\n\t\t\t\t<\/div>\n\t\t\t\t<\/div>\n\t\t\t\t\t<\/div>\n\t\t\t\t<\/div>\n\t\t\t\t\t\t\t\t<\/div>\n\t\t\t\t\t\t\t\t<\/div>\n\t\t<\/div>\n\t\t\t\t\t<div class=\"elementor-swiper-button elementor-swiper-button-prev\" role=\"button\" tabindex=\"0\" aria-label=\"Pr\u00e9c\u00e9dent\">\n\t\t\t\t<i aria-hidden=\"true\" class=\"eicon-chevron-left\"><\/i>\t\t\t<\/div>\n\t\t\t<div class=\"elementor-swiper-button elementor-swiper-button-next\" role=\"button\" tabindex=\"0\" aria-label=\"Suivant\">\n\t\t\t\t<i aria-hidden=\"true\" class=\"eicon-chevron-right\"><\/i>\t\t\t<\/div>\n\t\t\t\t\t<div class=\"swiper-pagination\"><\/div>\n\t\t\t\t\t\t<\/div>\n\t\t\t\t<\/div>\n\t\t\t\t<div class=\"elementor-element elementor-element-5fdc3fe elementor-widget elementor-widget-text-editor\" data-id=\"5fdc3fe\" data-element_type=\"widget\" data-e-type=\"widget\" data-widget_type=\"text-editor.default\">\n\t\t\t\t<div class=\"elementor-widget-container\">\n\t\t\t\t\t\t\t\t\t<p>Pas de frais cach\u00e9s. Tous les co\u00fbts sont indiqu\u00e9s avant que vous ne r\u00e9serviez. <\/p>\t\t\t\t\t\t\t\t<\/div>\n\t\t\t\t<\/div>\n\t\t\t\t<div class=\"elementor-element elementor-element-96328ed elementor-align-center elementor-widget elementor-widget-button\" data-id=\"96328ed\" data-element_type=\"widget\" data-e-type=\"widget\" data-widget_type=\"button.default\">\n\t\t\t\t<div class=\"elementor-widget-container\">\n\t\t\t\t\t\t\t\t\t<div class=\"elementor-button-wrapper\">\n\t\t\t\t\t<a class=\"elementor-button elementor-button-link elementor-size-sm\" href=\"https:\/\/oceancamper.com\/fr\/camping-cars\/\">\n\t\t\t\t\t\t<span class=\"elementor-button-content-wrapper\">\n\t\t\t\t\t\t\t\t\t<span class=\"elementor-button-text\">Voir tous les fourgons et leurs prix<\/span>\n\t\t\t\t\t<\/span>\n\t\t\t\t\t<\/a>\n\t\t\t\t<\/div>\n\t\t\t\t\t\t\t\t<\/div>\n\t\t\t\t<\/div>\n\t\t\t\t\t<\/div>\n\t\t<\/div>\n\t\t\t\t\t<\/div>\n\t\t<\/section>\n\t\t\t\t<section class=\"elementor-section elementor-top-section elementor-element elementor-element-e059656 elementor-section-stretched elementor-section-boxed elementor-section-height-default elementor-section-height-default\" data-id=\"e059656\" data-element_type=\"section\" data-e-type=\"section\" data-settings=\"{&quot;stretch_section&quot;:&quot;section-stretched&quot;,&quot;background_background&quot;:&quot;classic&quot;}\">\n\t\t\t\t\t\t<div class=\"elementor-container elementor-column-gap-default\">\n\t\t\t\t\t<div class=\"elementor-column elementor-col-100 elementor-top-column elementor-element elementor-element-f5c2070\" data-id=\"f5c2070\" data-element_type=\"column\" data-e-type=\"column\">\n\t\t\t<div class=\"elementor-widget-wrap elementor-element-populated\">\n\t\t\t\t\t\t<section class=\"elementor-section elementor-inner-section elementor-element elementor-element-95ffff0 elementor-section-boxed elementor-section-height-default elementor-section-height-default\" data-id=\"95ffff0\" data-element_type=\"section\" data-e-type=\"section\">\n\t\t\t\t\t\t<div class=\"elementor-container elementor-column-gap-default\">\n\t\t\t\t\t<div class=\"elementor-column elementor-col-100 elementor-inner-column elementor-element elementor-element-57eb366\" data-id=\"57eb366\" data-element_type=\"column\" data-e-type=\"column\">\n\t\t\t<div class=\"elementor-widget-wrap elementor-element-populated\">\n\t\t\t\t\t\t<div class=\"elementor-element elementor-element-6272fb4 elementor-widget elementor-widget-heading\" data-id=\"6272fb4\" data-element_type=\"widget\" data-e-type=\"widget\" data-widget_type=\"heading.default\">\n\t\t\t\t<div class=\"elementor-widget-container\">\n\t\t\t\t\t<h2 class=\"elementor-heading-title elementor-size-default\">Prise en charge \u00e0 Faro ou \u00e0 Lisbonne<\/h2>\t\t\t\t<\/div>\n\t\t\t\t<\/div>\n\t\t\t\t<section class=\"elementor-section elementor-inner-section elementor-element elementor-element-85c1b01 elementor-section-boxed elementor-section-height-default elementor-section-height-default\" data-id=\"85c1b01\" data-element_type=\"section\" data-e-type=\"section\">\n\t\t\t\t\t\t<div class=\"elementor-container elementor-column-gap-extended\">\n\t\t\t\t\t<div class=\"elementor-column elementor-col-50 elementor-inner-column elementor-element elementor-element-557476f\" data-id=\"557476f\" data-element_type=\"column\" data-e-type=\"column\">\n\t\t\t<div class=\"elementor-widget-wrap elementor-element-populated\">\n\t\t\t\t\t\t<div class=\"elementor-element elementor-element-b28aff3 elementor-position-top elementor-widget elementor-widget-image-box\" data-id=\"b28aff3\" data-element_type=\"widget\" data-e-type=\"widget\" data-widget_type=\"image-box.default\">\n\t\t\t\t<div class=\"elementor-widget-container\">\n\t\t\t\t\t<div class=\"elementor-image-box-wrapper\"><figure class=\"elementor-image-box-img\"><a href=\"https:\/\/oceancamper.com\/fr\/location-de-camping-cars\/trustpilot-ocean-camper-meilleure-note\/\" tabindex=\"-1\"><img loading=\"lazy\" decoding=\"async\" width=\"768\" height=\"576\" src=\"https:\/\/oceancamper.com\/wp-content\/uploads\/2026\/02\/faro-algarve-city-marina-view-768x576.webp\" class=\"attachment-medium_large size-medium_large wp-image-232118\" alt=\"La marina de Faro et la vieille ville vues d&apos;en haut\" srcset=\"https:\/\/oceancamper.com\/wp-content\/uploads\/2026\/02\/faro-algarve-city-marina-view-768x576.webp 768w, https:\/\/oceancamper.com\/wp-content\/uploads\/2026\/02\/faro-algarve-city-marina-view-300x225.webp 300w, https:\/\/oceancamper.com\/wp-content\/uploads\/2026\/02\/faro-algarve-city-marina-view-1024x768.webp 1024w, https:\/\/oceancamper.com\/wp-content\/uploads\/2026\/02\/faro-algarve-city-marina-view-1536x1151.webp 1536w, https:\/\/oceancamper.com\/wp-content\/uploads\/2026\/02\/faro-algarve-city-marina-view-2048x1535.webp 2048w, https:\/\/oceancamper.com\/wp-content\/uploads\/2026\/02\/faro-algarve-city-marina-view-240x180.webp 240w\" sizes=\"(max-width: 768px) 100vw, 768px\" \/><\/a><\/figure><div class=\"elementor-image-box-content\"><h3 class=\"elementor-image-box-title\"><a href=\"https:\/\/oceancamper.com\/fr\/location-de-camping-cars\/trustpilot-ocean-camper-meilleure-note\/\">Faro<\/a><\/h3><p class=\"elementor-image-box-description\">\u00c0 2 km de l'a\u00e9roport de Faro. La c\u00f4te de l'Algarve, Benagil, Sagres et l'ouest. <\/p><\/div><\/div>\t\t\t\t<\/div>\n\t\t\t\t<\/div>\n\t\t\t\t<div class=\"elementor-element elementor-element-dae8b56 elementor-align-center elementor-widget elementor-widget-button\" data-id=\"dae8b56\" data-element_type=\"widget\" data-e-type=\"widget\" data-widget_type=\"button.default\">\n\t\t\t\t<div class=\"elementor-widget-container\">\n\t\t\t\t\t\t\t\t\t<div class=\"elementor-button-wrapper\">\n\t\t\t\t\t<a class=\"elementor-button elementor-button-link elementor-size-sm\" href=\"https:\/\/oceancamper.com\/fr\/location-de-camping-cars\/trustpilot-ocean-camper-meilleure-note\/\">\n\t\t\t\t\t\t<span class=\"elementor-button-content-wrapper\">\n\t\t\t\t\t\t\t\t\t<span class=\"elementor-button-text\">Location \u00e0 Faro<\/span>\n\t\t\t\t\t<\/span>\n\t\t\t\t\t<\/a>\n\t\t\t\t<\/div>\n\t\t\t\t\t\t\t\t<\/div>\n\t\t\t\t<\/div>\n\t\t\t\t\t<\/div>\n\t\t<\/div>\n\t\t\t\t<div class=\"elementor-column elementor-col-50 elementor-inner-column elementor-element elementor-element-c7bd661\" data-id=\"c7bd661\" data-element_type=\"column\" data-e-type=\"column\">\n\t\t\t<div class=\"elementor-widget-wrap elementor-element-populated\">\n\t\t\t\t\t\t<div class=\"elementor-element elementor-element-38fdee7 elementor-position-top elementor-widget elementor-widget-image-box\" data-id=\"38fdee7\" data-element_type=\"widget\" data-e-type=\"widget\" data-widget_type=\"image-box.default\">\n\t\t\t\t<div class=\"elementor-widget-container\">\n\t\t\t\t\t<div class=\"elementor-image-box-wrapper\"><figure class=\"elementor-image-box-img\"><a href=\"https:\/\/oceancamper.com\/fr\/location-de-camping-cars\/lisbonne\/\" tabindex=\"-1\"><img loading=\"lazy\" decoding=\"async\" width=\"768\" height=\"385\" src=\"https:\/\/oceancamper.com\/wp-content\/uploads\/2026\/02\/campervan-rental-lisbon-castle-road-trip-e1772038497177-768x385.webp\" class=\"attachment-medium_large size-medium_large wp-image-232199\" alt=\"Location de mini camping-car \u00e0 Lisbonne pr\u00e8s du ch\u00e2teau historique\" srcset=\"https:\/\/oceancamper.com\/wp-content\/uploads\/2026\/02\/campervan-rental-lisbon-castle-road-trip-e1772038497177-768x385.webp 768w, https:\/\/oceancamper.com\/wp-content\/uploads\/2026\/02\/campervan-rental-lisbon-castle-road-trip-e1772038497177-300x150.webp 300w, https:\/\/oceancamper.com\/wp-content\/uploads\/2026\/02\/campervan-rental-lisbon-castle-road-trip-e1772038497177-1024x513.webp 1024w, https:\/\/oceancamper.com\/wp-content\/uploads\/2026\/02\/campervan-rental-lisbon-castle-road-trip-e1772038497177-240x120.webp 240w, https:\/\/oceancamper.com\/wp-content\/uploads\/2026\/02\/campervan-rental-lisbon-castle-road-trip-e1772038497177.webp 1498w\" sizes=\"(max-width: 768px) 100vw, 768px\" \/><\/a><\/figure><div class=\"elementor-image-box-content\"><h3 class=\"elementor-image-box-title\"><a href=\"https:\/\/oceancamper.com\/fr\/location-de-camping-cars\/lisbonne\/\">Lisbonne<\/a><\/h3><p class=\"elementor-image-box-description\">Lisbonne-Montijo, de l'autre c\u00f4t\u00e9 du fleuve, en face de la ville. Sintra, Ericeira, Nazar\u00e9 et le nord. <\/p><\/div><\/div>\t\t\t\t<\/div>\n\t\t\t\t<\/div>\n\t\t\t\t<div class=\"elementor-element elementor-element-751640c elementor-align-center elementor-widget elementor-widget-button\" data-id=\"751640c\" data-element_type=\"widget\" data-e-type=\"widget\" data-widget_type=\"button.default\">\n\t\t\t\t<div class=\"elementor-widget-container\">\n\t\t\t\t\t\t\t\t\t<div class=\"elementor-button-wrapper\">\n\t\t\t\t\t<a class=\"elementor-button elementor-button-link elementor-size-sm\" href=\"https:\/\/oceancamper.com\/fr\/location-de-camping-cars\/lisbonne\/\">\n\t\t\t\t\t\t<span class=\"elementor-button-content-wrapper\">\n\t\t\t\t\t\t\t\t\t<span class=\"elementor-button-text\">Location \u00e0 Lisbonne<\/span>\n\t\t\t\t\t<\/span>\n\t\t\t\t\t<\/a>\n\t\t\t\t<\/div>\n\t\t\t\t\t\t\t\t<\/div>\n\t\t\t\t<\/div>\n\t\t\t\t\t<\/div>\n\t\t<\/div>\n\t\t\t\t\t<\/div>\n\t\t<\/section>\n\t\t\t\t<div class=\"elementor-element elementor-element-f7a524a elementor-widget elementor-widget-text-editor\" data-id=\"f7a524a\" data-element_type=\"widget\" data-e-type=\"widget\" data-widget_type=\"text-editor.default\">\n\t\t\t\t<div class=\"elementor-widget-container\">\n\t\t\t\t\t\t\t\t\t<p>Vous ne savez pas lequel choisir ?  <a href=\"https:\/\/oceancamper.com\/fr\/location-de-camping-cars\/\">Comparez les deux.<\/a><\/p>\t\t\t\t\t\t\t\t<\/div>\n\t\t\t\t<\/div>\n\t\t\t\t\t<\/div>\n\t\t<\/div>\n\t\t\t\t\t<\/div>\n\t\t<\/section>\n\t\t\t\t\t<\/div>\n\t\t<\/div>\n\t\t\t\t\t<\/div>\n\t\t<\/section>\n\t\t\t\t<section class=\"elementor-section elementor-top-section elementor-element elementor-element-2118801 elementor-section-stretched elementor-section-boxed elementor-section-height-default elementor-section-height-default\" data-id=\"2118801\" data-element_type=\"section\" data-e-type=\"section\" data-settings=\"{&quot;stretch_section&quot;:&quot;section-stretched&quot;,&quot;background_background&quot;:&quot;classic&quot;}\">\n\t\t\t\t\t\t<div class=\"elementor-container elementor-column-gap-default\">\n\t\t\t\t\t<div class=\"elementor-column elementor-col-100 elementor-top-column elementor-element elementor-element-228f32d\" data-id=\"228f32d\" data-element_type=\"column\" data-e-type=\"column\">\n\t\t\t<div class=\"elementor-widget-wrap elementor-element-populated\">\n\t\t\t\t\t\t<section class=\"elementor-section elementor-inner-section elementor-element elementor-element-f29c406 elementor-section-boxed elementor-section-height-default elementor-section-height-default\" data-id=\"f29c406\" data-element_type=\"section\" data-e-type=\"section\">\n\t\t\t\t\t\t<div class=\"elementor-container elementor-column-gap-default\">\n\t\t\t\t\t<div class=\"elementor-column elementor-col-100 elementor-inner-column elementor-element elementor-element-e7e4d61\" data-id=\"e7e4d61\" data-element_type=\"column\" data-e-type=\"column\">\n\t\t\t<div class=\"elementor-widget-wrap elementor-element-populated\">\n\t\t\t\t\t\t<div class=\"elementor-element elementor-element-c4c3fda elementor-widget elementor-widget-heading\" data-id=\"c4c3fda\" data-element_type=\"widget\" data-e-type=\"widget\" data-widget_type=\"heading.default\">\n\t\t\t\t<div class=\"elementor-widget-container\">\n\t\t\t\t\t<h2 class=\"elementor-heading-title elementor-size-default\">Tous nos campervans comprennent<\/h2>\t\t\t\t<\/div>\n\t\t\t\t<\/div>\n\t\t\t\t\t<\/div>\n\t\t<\/div>\n\t\t\t\t\t<\/div>\n\t\t<\/section>\n\t\t\t\t<section class=\"elementor-section elementor-inner-section elementor-element elementor-element-2e43946 elementor-section-boxed elementor-section-height-default elementor-section-height-default elementor-invisible\" data-id=\"2e43946\" data-element_type=\"section\" data-e-type=\"section\" data-settings=\"{&quot;animation&quot;:&quot;fadeInUp&quot;}\">\n\t\t\t\t\t\t<div class=\"elementor-container elementor-column-gap-default\">\n\t\t\t\t\t<div class=\"elementor-column elementor-col-16 elementor-inner-column elementor-element elementor-element-127cd7c\" data-id=\"127cd7c\" data-element_type=\"column\" data-e-type=\"column\" data-settings=\"{&quot;background_background&quot;:&quot;classic&quot;}\">\n\t\t\t<div class=\"elementor-widget-wrap elementor-element-populated\">\n\t\t\t\t\t<div class=\"elementor-background-overlay\"><\/div>\n\t\t\t\t\t\t<div class=\"elementor-element elementor-element-db6fb5c elementor-position-top elementor-widget elementor-widget-image-box\" data-id=\"db6fb5c\" data-element_type=\"widget\" data-e-type=\"widget\" data-widget_type=\"image-box.default\">\n\t\t\t\t<div class=\"elementor-widget-container\">\n\t\t\t\t\t<div class=\"elementor-image-box-wrapper\"><figure class=\"elementor-image-box-img\"><img decoding=\"async\" src=\"https:\/\/oceancamper.com\/wp-content\/uploads\/elementor\/thumbs\/camp-pack-q88hs6ivljx13pvp83w8208p0qiu9bmd9og3eo7l6q.png\" title=\"sac de camp\" alt=\"ic\u00f4ne d&apos;un camp de vacances\" class=\"elementor-animation-pop\" loading=\"lazy\" \/><\/figure><div class=\"elementor-image-box-content\"><h3 class=\"elementor-image-box-title\">Pack Camping<\/h3><p class=\"elementor-image-box-description\">Table, chaises, jeux, chargeur USB<\/p><\/div><\/div>\t\t\t\t<\/div>\n\t\t\t\t<\/div>\n\t\t\t\t\t<\/div>\n\t\t<\/div>\n\t\t\t\t<div class=\"elementor-column elementor-col-16 elementor-inner-column elementor-element elementor-element-7d047d6\" data-id=\"7d047d6\" data-element_type=\"column\" data-e-type=\"column\" data-settings=\"{&quot;background_background&quot;:&quot;classic&quot;}\">\n\t\t\t<div class=\"elementor-widget-wrap elementor-element-populated\">\n\t\t\t\t\t<div class=\"elementor-background-overlay\"><\/div>\n\t\t\t\t\t\t<div class=\"elementor-element elementor-element-e065648 elementor-position-top elementor-widget elementor-widget-image-box\" data-id=\"e065648\" data-element_type=\"widget\" data-e-type=\"widget\" data-widget_type=\"image-box.default\">\n\t\t\t\t<div class=\"elementor-widget-container\">\n\t\t\t\t\t<div class=\"elementor-image-box-wrapper\"><figure class=\"elementor-image-box-img\"><img decoding=\"async\" src=\"https:\/\/oceancamper.com\/wp-content\/uploads\/elementor\/thumbs\/body-care-1-q88hs5l1epvqs3x2dlhlhih8fcnh1mimxjslxe8zcy.png\" title=\"soins du corps\" alt=\"ic\u00f4ne des soins du corps\" class=\"elementor-animation-pop\" loading=\"lazy\" \/><\/figure><div class=\"elementor-image-box-content\"><h3 class=\"elementor-image-box-title\">Soin du corps<\/h3><p class=\"elementor-image-box-description\">Savon, shampoing, serviettes, papier toilette<\/p><\/div><\/div>\t\t\t\t<\/div>\n\t\t\t\t<\/div>\n\t\t\t\t\t<\/div>\n\t\t<\/div>\n\t\t\t\t<div class=\"elementor-column elementor-col-16 elementor-inner-column elementor-element elementor-element-9956e40\" data-id=\"9956e40\" data-element_type=\"column\" data-e-type=\"column\" data-settings=\"{&quot;background_background&quot;:&quot;classic&quot;}\">\n\t\t\t<div class=\"elementor-widget-wrap elementor-element-populated\">\n\t\t\t\t\t<div class=\"elementor-background-overlay\"><\/div>\n\t\t\t\t\t\t<div class=\"elementor-element elementor-element-6916222 elementor-position-top elementor-widget elementor-widget-image-box\" data-id=\"6916222\" data-element_type=\"widget\" data-e-type=\"widget\" data-widget_type=\"image-box.default\">\n\t\t\t\t<div class=\"elementor-widget-container\">\n\t\t\t\t\t<div class=\"elementor-image-box-wrapper\"><figure class=\"elementor-image-box-img\"><img decoding=\"async\" src=\"https:\/\/oceancamper.com\/wp-content\/uploads\/elementor\/thumbs\/cooking-ware-q88hs6ivljx13pvp83w8208p0qiu9bmd9og3eo7l6q.png\" title=\"la cuisine\" alt=\"l&apos;ic\u00f4ne de la cuisine\" class=\"elementor-animation-pop\" loading=\"lazy\" \/><\/figure><div class=\"elementor-image-box-content\"><h3 class=\"elementor-image-box-title\">La cuisine<\/h3><p class=\"elementor-image-box-description\">Assiettes, casseroles, tasses, po\u00eales, cuisini\u00e8re, glaci\u00e8re<\/p><\/div><\/div>\t\t\t\t<\/div>\n\t\t\t\t<\/div>\n\t\t\t\t\t<\/div>\n\t\t<\/div>\n\t\t\t\t<div class=\"elementor-column elementor-col-16 elementor-inner-column elementor-element elementor-element-232e53a\" data-id=\"232e53a\" data-element_type=\"column\" data-e-type=\"column\" data-settings=\"{&quot;background_background&quot;:&quot;classic&quot;}\">\n\t\t\t<div class=\"elementor-widget-wrap elementor-element-populated\">\n\t\t\t\t\t<div class=\"elementor-background-overlay\"><\/div>\n\t\t\t\t\t\t<div class=\"elementor-element elementor-element-a021c9d elementor-position-top elementor-widget elementor-widget-image-box\" data-id=\"a021c9d\" data-element_type=\"widget\" data-e-type=\"widget\" data-widget_type=\"image-box.default\">\n\t\t\t\t<div class=\"elementor-widget-container\">\n\t\t\t\t\t<div class=\"elementor-image-box-wrapper\"><figure class=\"elementor-image-box-img\"><img decoding=\"async\" src=\"https:\/\/oceancamper.com\/wp-content\/uploads\/elementor\/thumbs\/bedding1-q88hs5l1epvqs3x2dlhlhih8fcnh1mimxjslxe8zcy.png\" title=\"literie1\" alt=\"ic\u00f4ne de la literie\" class=\"elementor-animation-pop\" loading=\"lazy\" \/><\/figure><div class=\"elementor-image-box-content\"><h3 class=\"elementor-image-box-title\">Literie<\/h3><p class=\"elementor-image-box-description\">Draps, oreillers, couvertures ou sacs de couchage<\/p><\/div><\/div>\t\t\t\t<\/div>\n\t\t\t\t<\/div>\n\t\t\t\t\t<\/div>\n\t\t<\/div>\n\t\t\t\t<div class=\"elementor-column elementor-col-16 elementor-inner-column elementor-element elementor-element-28f5655\" data-id=\"28f5655\" data-element_type=\"column\" data-e-type=\"column\" data-settings=\"{&quot;background_background&quot;:&quot;classic&quot;}\">\n\t\t\t<div class=\"elementor-widget-wrap elementor-element-populated\">\n\t\t\t\t\t<div class=\"elementor-background-overlay\"><\/div>\n\t\t\t\t\t\t<div class=\"elementor-element elementor-element-3bdcdf6 elementor-position-top elementor-widget elementor-widget-image-box\" data-id=\"3bdcdf6\" data-element_type=\"widget\" data-e-type=\"widget\" data-widget_type=\"image-box.default\">\n\t\t\t\t<div class=\"elementor-widget-container\">\n\t\t\t\t\t<div class=\"elementor-image-box-wrapper\"><figure class=\"elementor-image-box-img\"><img decoding=\"async\" src=\"https:\/\/oceancamper.com\/wp-content\/uploads\/elementor\/thumbs\/cleaning-set-q88hs7gpsdybfbuc2maumi05m4e7h0q3lt3kvy670i.png\" title=\"kit de nettoyage\" alt=\"kit de nettoyage\" class=\"elementor-animation-pop\" loading=\"lazy\" \/><\/figure><div class=\"elementor-image-box-content\"><h3 class=\"elementor-image-box-title\">Kit de nettoyage<\/h3><p class=\"elementor-image-box-description\">D\u00e9p\u00f4t d'eau, \u00e9ponge, torchon, balai, d\u00e9tergent<\/p><\/div><\/div>\t\t\t\t<\/div>\n\t\t\t\t<\/div>\n\t\t\t\t\t<\/div>\n\t\t<\/div>\n\t\t\t\t<div class=\"elementor-column elementor-col-16 elementor-inner-column elementor-element elementor-element-c106f7e\" data-id=\"c106f7e\" data-element_type=\"column\" data-e-type=\"column\" data-settings=\"{&quot;background_background&quot;:&quot;classic&quot;}\">\n\t\t\t<div class=\"elementor-widget-wrap elementor-element-populated\">\n\t\t\t\t\t<div class=\"elementor-background-overlay\"><\/div>\n\t\t\t\t\t\t<div class=\"elementor-element elementor-element-fc87c97 elementor-position-top elementor-widget elementor-widget-image-box\" data-id=\"fc87c97\" data-element_type=\"widget\" data-e-type=\"widget\" data-widget_type=\"image-box.default\">\n\t\t\t\t<div class=\"elementor-widget-container\">\n\t\t\t\t\t<div class=\"elementor-image-box-wrapper\"><figure class=\"elementor-image-box-img\"><img decoding=\"async\" src=\"https:\/\/oceancamper.com\/wp-content\/uploads\/elementor\/thumbs\/cleaning-set-q88hs7gpsdybfbuc2maumi05m4e7h0q3lt3kvy670i.png\" title=\"kit de nettoyage\" alt=\"kit de nettoyage\" class=\"elementor-animation-pop\" loading=\"lazy\" \/><\/figure><div class=\"elementor-image-box-content\"><h3 class=\"elementor-image-box-title\">Eau et douche<\/h3><p class=\"elementor-image-box-description\">R\u00e9servoir de 80 litres avec douche ext\u00e9rieure<\/p><\/div><\/div>\t\t\t\t<\/div>\n\t\t\t\t<\/div>\n\t\t\t\t\t<\/div>\n\t\t<\/div>\n\t\t\t\t\t<\/div>\n\t\t<\/section>\n\t\t\t\t\t<\/div>\n\t\t<\/div>\n\t\t\t\t\t<\/div>\n\t\t<\/section>\n\t\t\t\t<section class=\"elementor-section elementor-top-section elementor-element elementor-element-894d14f elementor-section-stretched elementor-section-boxed elementor-section-height-default elementor-section-height-default\" data-id=\"894d14f\" data-element_type=\"section\" data-e-type=\"section\" data-settings=\"{&quot;stretch_section&quot;:&quot;section-stretched&quot;,&quot;background_background&quot;:&quot;classic&quot;}\">\n\t\t\t\t\t\t<div class=\"elementor-container elementor-column-gap-default\">\n\t\t\t\t\t<div class=\"elementor-column elementor-col-100 elementor-top-column elementor-element elementor-element-d431212\" data-id=\"d431212\" data-element_type=\"column\" data-e-type=\"column\">\n\t\t\t<div class=\"elementor-widget-wrap elementor-element-populated\">\n\t\t\t\t\t\t<section class=\"elementor-section elementor-inner-section elementor-element elementor-element-f2b18d5 elementor-section-boxed elementor-section-height-default elementor-section-height-default\" data-id=\"f2b18d5\" data-element_type=\"section\" data-e-type=\"section\">\n\t\t\t\t\t\t<div class=\"elementor-container elementor-column-gap-default\">\n\t\t\t\t\t<div class=\"elementor-column elementor-col-50 elementor-inner-column elementor-element elementor-element-36adc42 elementor-invisible\" data-id=\"36adc42\" data-element_type=\"column\" data-e-type=\"column\" data-settings=\"{&quot;animation&quot;:&quot;fadeIn&quot;}\">\n\t\t\t<div class=\"elementor-widget-wrap elementor-element-populated\">\n\t\t\t\t\t\t<div class=\"elementor-element elementor-element-20e2a1c elementor-widget elementor-widget-image\" data-id=\"20e2a1c\" data-element_type=\"widget\" data-e-type=\"widget\" data-widget_type=\"image.default\">\n\t\t\t\t<div class=\"elementor-widget-container\">\n\t\t\t\t\t\t\t\t\t\t\t\t\t\t\t<img loading=\"lazy\" decoding=\"async\" width=\"800\" height=\"533\" src=\"https:\/\/oceancamper.com\/wp-content\/uploads\/2026\/02\/campervan-road-trip-portugal-atlantic-cliffs-1024x682.webp\" class=\"attachment-large size-large wp-image-232224\" alt=\"Location de Campervans am\u00e9nag\u00e9s au Portugal, avec vue sur les falaises de la c\u00f4te atlantique\" srcset=\"https:\/\/oceancamper.com\/wp-content\/uploads\/2026\/02\/campervan-road-trip-portugal-atlantic-cliffs-1024x682.webp 1024w, https:\/\/oceancamper.com\/wp-content\/uploads\/2026\/02\/campervan-road-trip-portugal-atlantic-cliffs-300x200.webp 300w, https:\/\/oceancamper.com\/wp-content\/uploads\/2026\/02\/campervan-road-trip-portugal-atlantic-cliffs-768x512.webp 768w, https:\/\/oceancamper.com\/wp-content\/uploads\/2026\/02\/campervan-road-trip-portugal-atlantic-cliffs-1536x1024.webp 1536w, https:\/\/oceancamper.com\/wp-content\/uploads\/2026\/02\/campervan-road-trip-portugal-atlantic-cliffs-2048x1365.webp 2048w, https:\/\/oceancamper.com\/wp-content\/uploads\/2026\/02\/campervan-road-trip-portugal-atlantic-cliffs-240x160.webp 240w\" sizes=\"(max-width: 800px) 100vw, 800px\" \/>\t\t\t\t\t\t\t\t\t\t\t\t\t\t\t<\/div>\n\t\t\t\t<\/div>\n\t\t\t\t\t<\/div>\n\t\t<\/div>\n\t\t\t\t<div class=\"elementor-column elementor-col-50 elementor-inner-column elementor-element elementor-element-64867ae\" data-id=\"64867ae\" data-element_type=\"column\" data-e-type=\"column\">\n\t\t\t<div class=\"elementor-widget-wrap\">\n\t\t\t\t\t\t\t<\/div>\n\t\t<\/div>\n\t\t\t\t\t<\/div>\n\t\t<\/section>\n\t\t\t\t<section class=\"elementor-section elementor-inner-section elementor-element elementor-element-c4fce90 elementor-section-boxed elementor-section-height-default elementor-section-height-default\" data-id=\"c4fce90\" data-element_type=\"section\" data-e-type=\"section\">\n\t\t\t\t\t\t<div class=\"elementor-container elementor-column-gap-default\">\n\t\t\t\t\t<div class=\"elementor-column elementor-col-50 elementor-inner-column elementor-element elementor-element-c95360d\" data-id=\"c95360d\" data-element_type=\"column\" data-e-type=\"column\">\n\t\t\t<div class=\"elementor-widget-wrap\">\n\t\t\t\t\t\t\t<\/div>\n\t\t<\/div>\n\t\t\t\t<div class=\"elementor-column elementor-col-50 elementor-inner-column elementor-element elementor-element-dba0dda elementor-invisible\" data-id=\"dba0dda\" data-element_type=\"column\" data-e-type=\"column\" data-settings=\"{&quot;background_background&quot;:&quot;classic&quot;,&quot;animation&quot;:&quot;fadeInUp&quot;}\">\n\t\t\t<div class=\"elementor-widget-wrap elementor-element-populated\">\n\t\t\t\t\t<div class=\"elementor-background-overlay\"><\/div>\n\t\t\t\t\t\t<div class=\"elementor-element elementor-element-2f54927 elementor-widget elementor-widget-heading\" data-id=\"2f54927\" data-element_type=\"widget\" data-e-type=\"widget\" data-widget_type=\"heading.default\">\n\t\t\t\t<div class=\"elementor-widget-container\">\n\t\t\t\t\t<h2 class=\"elementor-heading-title elementor-size-default\">\u00c0 notre sujet<\/h2>\t\t\t\t<\/div>\n\t\t\t\t<\/div>\n\t\t\t\t<div class=\"elementor-element elementor-element-bb833a9 elementor-widget elementor-widget-text-editor\" data-id=\"bb833a9\" data-element_type=\"widget\" data-e-type=\"widget\" data-widget_type=\"text-editor.default\">\n\t\t\t\t<div class=\"elementor-widget-container\">\n\t\t\t\t\t\t\t\t\t<p><strong>Nous sommes une entreprise familiale de location de Campervans situ\u00e9e \u00e0 Faro, au Portugal, en activit\u00e9 depuis 2017.<\/strong><br\/>Notre mission est simple : vous offrir une exp\u00e9rience de voyage en Campervan d\u00e9contract\u00e9e et inoubliable. C&rsquo;est pourquoi nous mettons l&rsquo;accent sur : <\/p><ul><li>Des prix justes et transparents<\/li><li>Campervans simples et fonctionnels (petits, plus un pour trois personnes)<\/li><li>Connaissance de la r\u00e9gion de l&rsquo;Algarve et de Lisbonne<\/li><li>Conseils pour les endroits de camping, la nourriture locale et les sports nautiques<\/li><\/ul>\t\t\t\t\t\t\t\t<\/div>\n\t\t\t\t<\/div>\n\t\t\t\t<div class=\"elementor-element elementor-element-c27804a elementor-align-left elementor-tablet-align-left elementor-mobile-align-center elementor-widget elementor-widget-button\" data-id=\"c27804a\" data-element_type=\"widget\" data-e-type=\"widget\" data-widget_type=\"button.default\">\n\t\t\t\t<div class=\"elementor-widget-container\">\n\t\t\t\t\t\t\t\t\t<div class=\"elementor-button-wrapper\">\n\t\t\t\t\t<a class=\"elementor-button elementor-button-link elementor-size-sm elementor-animation-pop\" href=\"https:\/\/oceancamper.com\/fr\/a-notre-sujet\/\">\n\t\t\t\t\t\t<span class=\"elementor-button-content-wrapper\">\n\t\t\t\t\t\t\t\t\t<span class=\"elementor-button-text\">Notre histoire<\/span>\n\t\t\t\t\t<\/span>\n\t\t\t\t\t<\/a>\n\t\t\t\t<\/div>\n\t\t\t\t\t\t\t\t<\/div>\n\t\t\t\t<\/div>\n\t\t\t\t\t<\/div>\n\t\t<\/div>\n\t\t\t\t\t<\/div>\n\t\t<\/section>\n\t\t\t\t\t<\/div>\n\t\t<\/div>\n\t\t\t\t\t<\/div>\n\t\t<\/section>\n\t\t\t\t<section class=\"elementor-section elementor-top-section elementor-element elementor-element-4e1ac71 elementor-section-stretched elementor-section-boxed elementor-section-height-default elementor-section-height-default\" data-id=\"4e1ac71\" data-element_type=\"section\" data-e-type=\"section\" data-settings=\"{&quot;stretch_section&quot;:&quot;section-stretched&quot;,&quot;background_background&quot;:&quot;classic&quot;}\">\n\t\t\t\t\t\t<div class=\"elementor-container elementor-column-gap-default\">\n\t\t\t\t\t<div class=\"elementor-column elementor-col-100 elementor-top-column elementor-element elementor-element-ff1d1d6\" data-id=\"ff1d1d6\" data-element_type=\"column\" data-e-type=\"column\">\n\t\t\t<div class=\"elementor-widget-wrap elementor-element-populated\">\n\t\t\t\t\t\t<section class=\"elementor-section elementor-inner-section elementor-element elementor-element-287bcf3 elementor-section-boxed elementor-section-height-default elementor-section-height-default\" data-id=\"287bcf3\" data-element_type=\"section\" data-e-type=\"section\">\n\t\t\t\t\t\t<div class=\"elementor-container elementor-column-gap-default\">\n\t\t\t\t\t<div class=\"elementor-column elementor-col-100 elementor-inner-column elementor-element elementor-element-d7c01e0\" data-id=\"d7c01e0\" data-element_type=\"column\" data-e-type=\"column\">\n\t\t\t<div class=\"elementor-widget-wrap elementor-element-populated\">\n\t\t\t\t\t\t<div class=\"elementor-element elementor-element-7e791a2 elementor-widget elementor-widget-heading\" data-id=\"7e791a2\" data-element_type=\"widget\" data-e-type=\"widget\" data-widget_type=\"heading.default\">\n\t\t\t\t<div class=\"elementor-widget-container\">\n\t\t\t\t\t<h2 class=\"elementor-heading-title elementor-size-default\">Conseils pour les voyages en Algarve et au Portugal<\/h2>\t\t\t\t<\/div>\n\t\t\t\t<\/div>\n\t\t\t\t<div class=\"elementor-element elementor-element-859bc9a elementor-widget elementor-widget-text-editor\" data-id=\"859bc9a\" data-element_type=\"widget\" data-e-type=\"widget\" data-widget_type=\"text-editor.default\">\n\t\t\t\t<div class=\"elementor-widget-container\">\n\t\t\t\t\t\t\t\t\t<p>Itin\u00e9raires de road trip, campings et conseils pour pr\u00e9parer vos bagages, prodigu\u00e9s par des personnes qui empruntent ces routes chaque semaine.<\/p>\t\t\t\t\t\t\t\t<\/div>\n\t\t\t\t<\/div>\n\t\t\t\t<div class=\"elementor-element elementor-element-6819438 elementor-align-center elementor-tablet-align-center elementor-mobile-align-center elementor-widget elementor-widget-button\" data-id=\"6819438\" data-element_type=\"widget\" data-e-type=\"widget\" data-widget_type=\"button.default\">\n\t\t\t\t<div class=\"elementor-widget-container\">\n\t\t\t\t\t\t\t\t\t<div class=\"elementor-button-wrapper\">\n\t\t\t\t\t<a class=\"elementor-button elementor-button-link elementor-size-sm elementor-animation-pop\" href=\"https:\/\/oceancamper.com\/fr\/blog\/\">\n\t\t\t\t\t\t<span class=\"elementor-button-content-wrapper\">\n\t\t\t\t\t\t\t\t\t<span class=\"elementor-button-text\">Consultez notre guide des camps de surf<\/span>\n\t\t\t\t\t<\/span>\n\t\t\t\t\t<\/a>\n\t\t\t\t<\/div>\n\t\t\t\t\t\t\t\t<\/div>\n\t\t\t\t<\/div>\n\t\t\t\t\t<\/div>\n\t\t<\/div>\n\t\t\t\t\t<\/div>\n\t\t<\/section>\n\t\t\t\t\t<\/div>\n\t\t<\/div>\n\t\t\t\t\t<\/div>\n\t\t<\/section>\n\t\t\t\t<section class=\"elementor-section elementor-top-section elementor-element elementor-element-4807da4 elementor-section-boxed elementor-section-height-default elementor-section-height-default\" data-id=\"4807da4\" data-element_type=\"section\" data-e-type=\"section\">\n\t\t\t\t\t\t<div class=\"elementor-container elementor-column-gap-default\">\n\t\t\t\t\t<div class=\"elementor-column elementor-col-100 elementor-top-column elementor-element elementor-element-1026014\" data-id=\"1026014\" data-element_type=\"column\" data-e-type=\"column\">\n\t\t\t<div class=\"elementor-widget-wrap elementor-element-populated\">\n\t\t\t\t\t\t<section class=\"elementor-section elementor-inner-section elementor-element elementor-element-2c5cfd8 elementor-section-boxed elementor-section-height-default elementor-section-height-default elementor-invisible\" data-id=\"2c5cfd8\" data-element_type=\"section\" data-e-type=\"section\" data-settings=\"{&quot;animation&quot;:&quot;fadeInUp&quot;}\">\n\t\t\t\t\t\t<div class=\"elementor-container elementor-column-gap-default\">\n\t\t\t\t\t<div class=\"elementor-column elementor-col-25 elementor-inner-column elementor-element elementor-element-b026891\" data-id=\"b026891\" data-element_type=\"column\" data-e-type=\"column\" data-settings=\"{&quot;background_background&quot;:&quot;classic&quot;}\">\n\t\t\t<div class=\"elementor-widget-wrap elementor-element-populated\">\n\t\t\t\t\t<div class=\"elementor-background-overlay\"><\/div>\n\t\t\t\t\t\t<div class=\"elementor-element elementor-element-1efd9d0 elementor-position-top elementor-widget elementor-widget-image-box\" data-id=\"1efd9d0\" data-element_type=\"widget\" data-e-type=\"widget\" data-widget_type=\"image-box.default\">\n\t\t\t\t<div class=\"elementor-widget-container\">\n\t\t\t\t\t<div class=\"elementor-image-box-wrapper\"><figure class=\"elementor-image-box-img\"><img decoding=\"async\" src=\"https:\/\/oceancamper.com\/wp-content\/uploads\/elementor\/thumbs\/location-q88hsyq1akzms0qqng314t4iuanuo8qbdk0nsz1s02.png\" title=\"emplacement\" alt=\"emplacement\" class=\"elementor-animation-pop\" loading=\"lazy\" \/><\/figure><div class=\"elementor-image-box-content\"><h3 class=\"elementor-image-box-title\">D\u00e9part de Faro ou de Lisbonne<\/h3><p class=\"elementor-image-box-description\">Pr\u00e8s de l'a\u00e9roport<\/p><\/div><\/div>\t\t\t\t<\/div>\n\t\t\t\t<\/div>\n\t\t\t\t\t<\/div>\n\t\t<\/div>\n\t\t\t\t<div class=\"elementor-column elementor-col-25 elementor-inner-column elementor-element elementor-element-0151e15\" data-id=\"0151e15\" data-element_type=\"column\" data-e-type=\"column\" data-settings=\"{&quot;background_background&quot;:&quot;classic&quot;}\">\n\t\t\t<div class=\"elementor-widget-wrap elementor-element-populated\">\n\t\t\t\t\t<div class=\"elementor-background-overlay\"><\/div>\n\t\t\t\t\t\t<div class=\"elementor-element elementor-element-94dc691 elementor-position-top elementor-widget elementor-widget-image-box\" data-id=\"94dc691\" data-element_type=\"widget\" data-e-type=\"widget\" data-widget_type=\"image-box.default\">\n\t\t\t\t<div class=\"elementor-widget-container\">\n\t\t\t\t\t<div class=\"elementor-image-box-wrapper\"><figure class=\"elementor-image-box-img\"><img decoding=\"async\" src=\"https:\/\/oceancamper.com\/wp-content\/uploads\/elementor\/thumbs\/check-in-check-out-icon-q88hsznvhf0x3mpdhyhnpavzfoj7vxu1poo5a90dtu.png\" title=\"ic\u00f4ne check-in-check-out\" alt=\"ic\u00f4ne check-in check-out\" class=\"elementor-animation-pop\" loading=\"lazy\" \/><\/figure><div class=\"elementor-image-box-content\"><h3 class=\"elementor-image-box-title\">Les arriv\u00e9es tardives sont les bienvenues<\/h3><p class=\"elementor-image-box-description\">Arriv\u00e9e \u00e0 partir de 14h00, d\u00e9part jusqu\u2019\u00e0 11h00<\/p><\/div><\/div>\t\t\t\t<\/div>\n\t\t\t\t<\/div>\n\t\t\t\t\t<\/div>\n\t\t<\/div>\n\t\t\t\t<div class=\"elementor-column elementor-col-25 elementor-inner-column elementor-element elementor-element-4c805db\" data-id=\"4c805db\" data-element_type=\"column\" data-e-type=\"column\" data-settings=\"{&quot;background_background&quot;:&quot;classic&quot;}\">\n\t\t\t<div class=\"elementor-widget-wrap elementor-element-populated\">\n\t\t\t\t\t<div class=\"elementor-background-overlay\"><\/div>\n\t\t\t\t\t\t<div class=\"elementor-element elementor-element-b03bb0d elementor-position-top elementor-widget elementor-widget-image-box\" data-id=\"b03bb0d\" data-element_type=\"widget\" data-e-type=\"widget\" data-widget_type=\"image-box.default\">\n\t\t\t\t<div class=\"elementor-widget-container\">\n\t\t\t\t\t<div class=\"elementor-image-box-wrapper\"><figure class=\"elementor-image-box-img\"><img decoding=\"async\" src=\"https:\/\/oceancamper.com\/wp-content\/uploads\/elementor\/thumbs\/insurance-icon-1-q88ht0lpo927f8o0cgwa9sng12el3mxs1tbmriyznm.png\" title=\"ic\u00f4ne d\u2019assurance\" alt=\"ic\u00f4ne d&apos;assurance\" class=\"elementor-animation-pop\" loading=\"lazy\" \/><\/figure><div class=\"elementor-image-box-content\"><h3 class=\"elementor-image-box-title\">Une tarification transparente<\/h3><p class=\"elementor-image-box-description\">Pas de frais cach\u00e9s<\/p><\/div><\/div>\t\t\t\t<\/div>\n\t\t\t\t<\/div>\n\t\t\t\t\t<\/div>\n\t\t<\/div>\n\t\t\t\t<div class=\"elementor-column elementor-col-25 elementor-inner-column elementor-element elementor-element-b2cf969\" data-id=\"b2cf969\" data-element_type=\"column\" data-e-type=\"column\" data-settings=\"{&quot;background_background&quot;:&quot;classic&quot;}\">\n\t\t\t<div class=\"elementor-widget-wrap elementor-element-populated\">\n\t\t\t\t\t<div class=\"elementor-background-overlay\"><\/div>\n\t\t\t\t\t\t<div class=\"elementor-element elementor-element-55eebea elementor-position-top elementor-widget elementor-widget-image-box\" data-id=\"55eebea\" data-element_type=\"widget\" data-e-type=\"widget\" data-widget_type=\"image-box.default\">\n\t\t\t\t<div class=\"elementor-widget-container\">\n\t\t\t\t\t<div class=\"elementor-image-box-wrapper\"><figure class=\"elementor-image-box-img\"><img decoding=\"async\" src=\"https:\/\/oceancamper.com\/wp-content\/uploads\/elementor\/thumbs\/pay-30-per-cent-icon-q88ht1jjv33hqumn6zawuaewmg9ybc1idxz48sxlhe.png\" title=\"pay-30-per-cent-icon\" alt=\"payer 30 % d&apos;ic\u00f4ne\" class=\"elementor-animation-pop\" loading=\"lazy\" \/><\/figure><div class=\"elementor-image-box-content\"><h3 class=\"elementor-image-box-title\">R\u00e9servez avec un acompte de 30%.<\/h3><p class=\"elementor-image-box-description\">Payez le reste \u00e0 l'enregistrement<\/p><\/div><\/div>\t\t\t\t<\/div>\n\t\t\t\t<\/div>\n\t\t\t\t\t<\/div>\n\t\t<\/div>\n\t\t\t\t\t<\/div>\n\t\t<\/section>\n\t\t\t\t\t<\/div>\n\t\t<\/div>\n\t\t\t\t\t<\/div>\n\t\t<\/section>\n\t\t\t\t<section class=\"elementor-section elementor-top-section elementor-element elementor-element-9fd8f37 elementor-section-stretched elementor-section-boxed elementor-section-height-default elementor-section-height-default\" data-id=\"9fd8f37\" data-element_type=\"section\" data-e-type=\"section\" data-settings=\"{&quot;stretch_section&quot;:&quot;section-stretched&quot;,&quot;background_background&quot;:&quot;classic&quot;}\">\n\t\t\t\t\t\t<div class=\"elementor-container elementor-column-gap-default\">\n\t\t\t\t\t<div class=\"elementor-column elementor-col-100 elementor-top-column elementor-element elementor-element-52c04bf\" data-id=\"52c04bf\" data-element_type=\"column\" data-e-type=\"column\">\n\t\t\t<div class=\"elementor-widget-wrap elementor-element-populated\">\n\t\t\t\t\t\t<section class=\"elementor-section elementor-inner-section elementor-element elementor-element-25784bd elementor-section-boxed elementor-section-height-default elementor-section-height-default\" data-id=\"25784bd\" data-element_type=\"section\" data-e-type=\"section\">\n\t\t\t\t\t\t<div class=\"elementor-container elementor-column-gap-default\">\n\t\t\t\t\t<div class=\"elementor-column elementor-col-100 elementor-inner-column elementor-element elementor-element-3ba2769\" data-id=\"3ba2769\" data-element_type=\"column\" data-e-type=\"column\">\n\t\t\t<div class=\"elementor-widget-wrap elementor-element-populated\">\n\t\t\t\t\t\t<div class=\"elementor-element elementor-element-534f2e9 elementor-widget elementor-widget-heading\" data-id=\"534f2e9\" data-element_type=\"widget\" data-e-type=\"widget\" data-widget_type=\"heading.default\">\n\t\t\t\t<div class=\"elementor-widget-container\">\n\t\t\t\t\t<h2 class=\"elementor-heading-title elementor-size-default\">Location van am\u00e9nag\u00e9 Portugal. Foire aux questions (FAQ) <\/h2>\t\t\t\t<\/div>\n\t\t\t\t<\/div>\n\t\t\t\t\t<\/div>\n\t\t<\/div>\n\t\t\t\t\t<\/div>\n\t\t<\/section>\n\t\t\t\t<section class=\"elementor-section elementor-inner-section elementor-element elementor-element-1063390f elementor-section-boxed elementor-section-height-default elementor-section-height-default\" data-id=\"1063390f\" data-element_type=\"section\" data-e-type=\"section\">\n\t\t\t\t\t\t<div class=\"elementor-container elementor-column-gap-default\">\n\t\t\t\t\t<div class=\"elementor-column elementor-col-100 elementor-inner-column elementor-element elementor-element-5d45e689\" data-id=\"5d45e689\" data-element_type=\"column\" data-e-type=\"column\">\n\t\t\t<div class=\"elementor-widget-wrap elementor-element-populated\">\n\t\t\t\t\t\t<div class=\"elementor-element elementor-element-77adbb4b elementor-widget elementor-widget-accordion\" data-id=\"77adbb4b\" data-element_type=\"widget\" data-e-type=\"widget\" id=\"faq-section\" data-widget_type=\"accordion.default\">\n\t\t\t\t<div class=\"elementor-widget-container\">\n\t\t\t\t\t\t\t<div class=\"elementor-accordion\">\n\t\t\t\t\t\t\t<div class=\"elementor-accordion-item\">\n\t\t\t\t\t<div id=\"elementor-tab-title-2001\" class=\"elementor-tab-title\" data-tab=\"1\" role=\"button\" aria-controls=\"elementor-tab-content-2001\" aria-expanded=\"false\">\n\t\t\t\t\t\t\t\t\t\t\t\t\t<span class=\"elementor-accordion-icon elementor-accordion-icon-left\" aria-hidden=\"true\">\n\t\t\t\t\t\t\t\t\t\t\t\t\t\t\t<span class=\"elementor-accordion-icon-closed\"><i class=\"fas fa-plus\"><\/i><\/span>\n\t\t\t\t\t\t\t\t<span class=\"elementor-accordion-icon-opened\"><i class=\"fas fa-minus\"><\/i><\/span>\n\t\t\t\t\t\t\t\t\t\t\t\t\t\t<\/span>\n\t\t\t\t\t\t\t\t\t\t\t\t<a class=\"elementor-accordion-title\" tabindex=\"0\">Qu'est-ce qui est inclus dans la location du Campervan ?<\/a>\n\t\t\t\t\t<\/div>\n\t\t\t\t\t<div id=\"elementor-tab-content-2001\" class=\"elementor-tab-content elementor-clearfix\" data-tab=\"1\" role=\"region\" aria-labelledby=\"elementor-tab-title-2001\"><p>Tout ce qu\u2019il faut pour dormir, cuisiner et faire la lessive. Literie et serviettes, un \u00e9quipement de cuisine complet avec r\u00e9chaud \u00e0 gaz, casseroles, assiettes et couverts, une table et deux chaises, un r\u00e9frig\u00e9rateur ou une glaci\u00e8re, un panneau solaire, un r\u00e9servoir d\u2019eau de 80 litres avec douche ext\u00e9rieure, ainsi qu\u2019un kit de nettoyage. Vous apportez vos v\u00eatements et votre nourriture.  <\/p>\n<\/div>\n\t\t\t\t<\/div>\n\t\t\t\t\t\t\t<div class=\"elementor-accordion-item\">\n\t\t\t\t\t<div id=\"elementor-tab-title-2002\" class=\"elementor-tab-title\" data-tab=\"2\" role=\"button\" aria-controls=\"elementor-tab-content-2002\" aria-expanded=\"false\">\n\t\t\t\t\t\t\t\t\t\t\t\t\t<span class=\"elementor-accordion-icon elementor-accordion-icon-left\" aria-hidden=\"true\">\n\t\t\t\t\t\t\t\t\t\t\t\t\t\t\t<span class=\"elementor-accordion-icon-closed\"><i class=\"fas fa-plus\"><\/i><\/span>\n\t\t\t\t\t\t\t\t<span class=\"elementor-accordion-icon-opened\"><i class=\"fas fa-minus\"><\/i><\/span>\n\t\t\t\t\t\t\t\t\t\t\t\t\t\t<\/span>\n\t\t\t\t\t\t\t\t\t\t\t\t<a class=\"elementor-accordion-title\" tabindex=\"0\">Est-il facile de conduire et de garer un mini-camping-car au Portugal ?<\/a>\n\t\t\t\t\t<\/div>\n\t\t\t\t\t<div id=\"elementor-tab-content-2002\" class=\"elementor-tab-content elementor-clearfix\" data-tab=\"2\" role=\"region\" aria-labelledby=\"elementor-tab-title-2002\"><p>Oui. Nos fourgons se conduisent comme une voiture normale et tiennent dans une place de parking standard. Ils passent \u00e9galement sous les barri\u00e8res de deux m\u00e8tres de hauteur qui emp\u00eachent les camping-cars plus volumineux d&rsquo;acc\u00e9der aux meilleurs parkings du littoral ; c&rsquo;est l\u00e0 que leur petite taille s&rsquo;av\u00e8re un v\u00e9ritable atout.  <\/p>\n<\/div>\n\t\t\t\t<\/div>\n\t\t\t\t\t\t\t<div class=\"elementor-accordion-item\">\n\t\t\t\t\t<div id=\"elementor-tab-title-2003\" class=\"elementor-tab-title\" data-tab=\"3\" role=\"button\" aria-controls=\"elementor-tab-content-2003\" aria-expanded=\"false\">\n\t\t\t\t\t\t\t\t\t\t\t\t\t<span class=\"elementor-accordion-icon elementor-accordion-icon-left\" aria-hidden=\"true\">\n\t\t\t\t\t\t\t\t\t\t\t\t\t\t\t<span class=\"elementor-accordion-icon-closed\"><i class=\"fas fa-plus\"><\/i><\/span>\n\t\t\t\t\t\t\t\t<span class=\"elementor-accordion-icon-opened\"><i class=\"fas fa-minus\"><\/i><\/span>\n\t\t\t\t\t\t\t\t\t\t\t\t\t\t<\/span>\n\t\t\t\t\t\t\t\t\t\t\t\t<a class=\"elementor-accordion-title\" tabindex=\"0\">Quelles sont les heures d'arriv\u00e9e et de d\u00e9part ?<\/a>\n\t\t\t\t\t<\/div>\n\t\t\t\t\t<div id=\"elementor-tab-content-2003\" class=\"elementor-tab-content elementor-clearfix\" data-tab=\"3\" role=\"region\" aria-labelledby=\"elementor-tab-title-2003\"><p>L&rsquo;enregistrement se fait \u00e0 partir de 14h00 et le d\u00e9part jusqu&rsquo;\u00e0 11h00. Indiquez-nous vos horaires de vol lors de la r\u00e9servation et nous nous en occuperons. <\/p>\n<\/div>\n\t\t\t\t<\/div>\n\t\t\t\t\t\t\t<div class=\"elementor-accordion-item\">\n\t\t\t\t\t<div id=\"elementor-tab-title-2004\" class=\"elementor-tab-title\" data-tab=\"4\" role=\"button\" aria-controls=\"elementor-tab-content-2004\" aria-expanded=\"false\">\n\t\t\t\t\t\t\t\t\t\t\t\t\t<span class=\"elementor-accordion-icon elementor-accordion-icon-left\" aria-hidden=\"true\">\n\t\t\t\t\t\t\t\t\t\t\t\t\t\t\t<span class=\"elementor-accordion-icon-closed\"><i class=\"fas fa-plus\"><\/i><\/span>\n\t\t\t\t\t\t\t\t<span class=\"elementor-accordion-icon-opened\"><i class=\"fas fa-minus\"><\/i><\/span>\n\t\t\t\t\t\t\t\t\t\t\t\t\t\t<\/span>\n\t\t\t\t\t\t\t\t\t\t\t\t<a class=\"elementor-accordion-title\" tabindex=\"0\">Y a-t-il une dur\u00e9e minimale de location ?<\/a>\n\t\t\t\t\t<\/div>\n\t\t\t\t\t<div id=\"elementor-tab-content-2004\" class=\"elementor-tab-content elementor-clearfix\" data-tab=\"4\" role=\"region\" aria-labelledby=\"elementor-tab-title-2004\"><p>Deux nuits. Les s\u00e9jours de week-end sont les bienvenus. <\/p>\n<\/div>\n\t\t\t\t<\/div>\n\t\t\t\t\t\t\t<div class=\"elementor-accordion-item\">\n\t\t\t\t\t<div id=\"elementor-tab-title-2005\" class=\"elementor-tab-title\" data-tab=\"5\" role=\"button\" aria-controls=\"elementor-tab-content-2005\" aria-expanded=\"false\">\n\t\t\t\t\t\t\t\t\t\t\t\t\t<span class=\"elementor-accordion-icon elementor-accordion-icon-left\" aria-hidden=\"true\">\n\t\t\t\t\t\t\t\t\t\t\t\t\t\t\t<span class=\"elementor-accordion-icon-closed\"><i class=\"fas fa-plus\"><\/i><\/span>\n\t\t\t\t\t\t\t\t<span class=\"elementor-accordion-icon-opened\"><i class=\"fas fa-minus\"><\/i><\/span>\n\t\t\t\t\t\t\t\t\t\t\t\t\t\t<\/span>\n\t\t\t\t\t\t\t\t\t\t\t\t<a class=\"elementor-accordion-title\" tabindex=\"0\">O\u00f9 puis-je r\u00e9cup\u00e9rer et restituer le Campervan ?<\/a>\n\t\t\t\t\t<\/div>\n\t\t\t\t\t<div id=\"elementor-tab-content-2005\" class=\"elementor-tab-content elementor-clearfix\" data-tab=\"5\" role=\"region\" aria-labelledby=\"elementor-tab-title-2005\"><p>Faro ou Lisbonne-Montijo. \u00c0 Faro, nous sommes situ\u00e9s au 124, rue Aquilino Ribeiro, \u00e0 2 km de l&rsquo;a\u00e9roport. Lisbonne-Montijo se trouve de l&rsquo;autre c\u00f4t\u00e9 du fleuve, \u00e0 environ 25 minutes du centre-ville. Il est possible de commencer le trajet dans l&rsquo;une de ces villes et de le terminer dans l&rsquo;autre, sous r\u00e9serve de disponibilit\u00e9 et moyennant des frais de trajet simple.     <a href=\"https:\/\/oceancamper.com\/fr\/location-de-camping-cars\/\">Comparez les deux lieux.<\/a><\/p>\n<\/div>\n\t\t\t\t<\/div>\n\t\t\t\t\t\t\t<div class=\"elementor-accordion-item\">\n\t\t\t\t\t<div id=\"elementor-tab-title-2006\" class=\"elementor-tab-title\" data-tab=\"6\" role=\"button\" aria-controls=\"elementor-tab-content-2006\" aria-expanded=\"false\">\n\t\t\t\t\t\t\t\t\t\t\t\t\t<span class=\"elementor-accordion-icon elementor-accordion-icon-left\" aria-hidden=\"true\">\n\t\t\t\t\t\t\t\t\t\t\t\t\t\t\t<span class=\"elementor-accordion-icon-closed\"><i class=\"fas fa-plus\"><\/i><\/span>\n\t\t\t\t\t\t\t\t<span class=\"elementor-accordion-icon-opened\"><i class=\"fas fa-minus\"><\/i><\/span>\n\t\t\t\t\t\t\t\t\t\t\t\t\t\t<\/span>\n\t\t\t\t\t\t\t\t\t\t\t\t<a class=\"elementor-accordion-title\" tabindex=\"0\">Disposez-vous de Campervans \u00e0 bo\u00eete automatique ?<\/a>\n\t\t\t\t\t<\/div>\n\t\t\t\t\t<div id=\"elementor-tab-content-2006\" class=\"elementor-tab-content elementor-clearfix\" data-tab=\"6\" role=\"region\" aria-labelledby=\"elementor-tab-title-2006\"><p>Oui. <a href=\"https:\/\/oceancamper.com\/fr\/camping-cars\/oasis-camping-car-automatique\/\">L&rsquo;Oasis Automatic<\/a> est le m\u00eame monospace que l&rsquo;Indigo, mais \u00e9quip\u00e9 d&rsquo;une bo\u00eete de vitesses automatique. Il est tr\u00e8s appr\u00e9ci\u00e9 sur la c\u00f4te ouest, o\u00f9 le relief est vallonn\u00e9, et il est complet tr\u00e8s t\u00f4t en \u00e9t\u00e9.  <\/p>\n<\/div>\n\t\t\t\t<\/div>\n\t\t\t\t\t\t\t<div class=\"elementor-accordion-item\">\n\t\t\t\t\t<div id=\"elementor-tab-title-2007\" class=\"elementor-tab-title\" data-tab=\"7\" role=\"button\" aria-controls=\"elementor-tab-content-2007\" aria-expanded=\"false\">\n\t\t\t\t\t\t\t\t\t\t\t\t\t<span class=\"elementor-accordion-icon elementor-accordion-icon-left\" aria-hidden=\"true\">\n\t\t\t\t\t\t\t\t\t\t\t\t\t\t\t<span class=\"elementor-accordion-icon-closed\"><i class=\"fas fa-plus\"><\/i><\/span>\n\t\t\t\t\t\t\t\t<span class=\"elementor-accordion-icon-opened\"><i class=\"fas fa-minus\"><\/i><\/span>\n\t\t\t\t\t\t\t\t\t\t\t\t\t\t<\/span>\n\t\t\t\t\t\t\t\t\t\t\t\t<a class=\"elementor-accordion-title\" tabindex=\"0\">Que dois-je apporter pour m'enregistrer ?<\/a>\n\t\t\t\t\t<\/div>\n\t\t\t\t\t<div id=\"elementor-tab-content-2007\" class=\"elementor-tab-content elementor-clearfix\" data-tab=\"7\" role=\"region\" aria-labelledby=\"elementor-tab-title-2007\"><p>Un permis de conduire physique, valable dans l&rsquo;UE et d\u00e9tenu depuis au moins un an \u00e0 la date de l&rsquo;enregistrement, ainsi qu&rsquo;un passeport ou une carte d&rsquo;identit\u00e9 europ\u00e9enne. Les permis num\u00e9riques ou les photos de permis ne sont pas accept\u00e9s ; veuillez donc vous munir du permis physique. <\/p>\n<\/div>\n\t\t\t\t<\/div>\n\t\t\t\t\t\t\t<div class=\"elementor-accordion-item\">\n\t\t\t\t\t<div id=\"elementor-tab-title-2008\" class=\"elementor-tab-title\" data-tab=\"8\" role=\"button\" aria-controls=\"elementor-tab-content-2008\" aria-expanded=\"false\">\n\t\t\t\t\t\t\t\t\t\t\t\t\t<span class=\"elementor-accordion-icon elementor-accordion-icon-left\" aria-hidden=\"true\">\n\t\t\t\t\t\t\t\t\t\t\t\t\t\t\t<span class=\"elementor-accordion-icon-closed\"><i class=\"fas fa-plus\"><\/i><\/span>\n\t\t\t\t\t\t\t\t<span class=\"elementor-accordion-icon-opened\"><i class=\"fas fa-minus\"><\/i><\/span>\n\t\t\t\t\t\t\t\t\t\t\t\t\t\t<\/span>\n\t\t\t\t\t\t\t\t\t\t\t\t<a class=\"elementor-accordion-title\" tabindex=\"0\">Y a-t-il une limite d'\u00e2ge ?<\/a>\n\t\t\t\t\t<\/div>\n\t\t\t\t\t<div id=\"elementor-tab-content-2008\" class=\"elementor-tab-content elementor-clearfix\" data-tab=\"8\" role=\"region\" aria-labelledby=\"elementor-tab-title-2008\"><p>Vous devez justifier d&rsquo;une ann\u00e9e compl\u00e8te d&rsquo;exp\u00e9rience de conduite \u00e0 la date de prise en charge du v\u00e9hicule. Les conducteurs \u00e2g\u00e9s de moins de 23 ans doivent s&rsquo;acquitter du suppl\u00e9ment \u00ab jeune conducteur \u00bb, que vous pouvez r\u00e9gler lors de la r\u00e9servation ou \u00e0 la prise en charge du v\u00e9hicule. <\/p>\n<\/div>\n\t\t\t\t<\/div>\n\t\t\t\t\t\t\t<div class=\"elementor-accordion-item\">\n\t\t\t\t\t<div id=\"elementor-tab-title-2009\" class=\"elementor-tab-title\" data-tab=\"9\" role=\"button\" aria-controls=\"elementor-tab-content-2009\" aria-expanded=\"false\">\n\t\t\t\t\t\t\t\t\t\t\t\t\t<span class=\"elementor-accordion-icon elementor-accordion-icon-left\" aria-hidden=\"true\">\n\t\t\t\t\t\t\t\t\t\t\t\t\t\t\t<span class=\"elementor-accordion-icon-closed\"><i class=\"fas fa-plus\"><\/i><\/span>\n\t\t\t\t\t\t\t\t<span class=\"elementor-accordion-icon-opened\"><i class=\"fas fa-minus\"><\/i><\/span>\n\t\t\t\t\t\t\t\t\t\t\t\t\t\t<\/span>\n\t\t\t\t\t\t\t\t\t\t\t\t<a class=\"elementor-accordion-title\" tabindex=\"0\">Quelles sont les garanties incluses ?<\/a>\n\t\t\t\t\t<\/div>\n\t\t\t\t\t<div id=\"elementor-tab-content-2009\" class=\"elementor-tab-content elementor-clearfix\" data-tab=\"9\" role=\"region\" aria-labelledby=\"elementor-tab-title-2009\"><p>Chaque location comprend l&rsquo;assurance responsabilit\u00e9 civile exig\u00e9e par la l\u00e9gislation portugaise, et vous pouvez souscrire une formule de protection lors de votre enregistrement, ainsi que tout autre service dont vous pourriez avoir besoin.  <a href=\"https:\/\/oceancamper.com\/fr\/faq\/\">Consultez l&rsquo;int\u00e9gralit\u00e9 des conditions g\u00e9n\u00e9rales sur notre page \u00ab FAQ \u00bb.<\/a><\/p>\n<\/div>\n\t\t\t\t<\/div>\n\t\t\t\t\t\t\t\t\t\t<script type=\"application\/ld+json\">{\"@context\":\"https:\\\/\\\/schema.org\",\"@type\":\"FAQPage\",\"mainEntity\":[{\"@type\":\"Question\",\"name\":\"Qu'est-ce qui est inclus dans la location du Campervan ?\",\"acceptedAnswer\":{\"@type\":\"Answer\",\"text\":\"<p>Tout ce qu\\u2019il faut pour dormir, cuisiner et faire la lessive. Literie et serviettes, un \\u00e9quipement de cuisine complet avec r\\u00e9chaud \\u00e0 gaz, casseroles, assiettes et couverts, une table et deux chaises, un r\\u00e9frig\\u00e9rateur ou une glaci\\u00e8re, un panneau solaire, un r\\u00e9servoir d\\u2019eau de 80 litres avec douche ext\\u00e9rieure, ainsi qu\\u2019un kit de nettoyage. Vous apportez vos v\\u00eatements et votre nourriture.  <\\\/p>\\n\"}},{\"@type\":\"Question\",\"name\":\"Est-il facile de conduire et de garer un mini-camping-car au Portugal ?\",\"acceptedAnswer\":{\"@type\":\"Answer\",\"text\":\"<p>Oui. Nos fourgons se conduisent comme une voiture normale et tiennent dans une place de parking standard. Ils passent \\u00e9galement sous les barri\\u00e8res de deux m\\u00e8tres de hauteur qui emp\\u00eachent les camping-cars plus volumineux d&rsquo;acc\\u00e9der aux meilleurs parkings du littoral ; c&rsquo;est l\\u00e0 que leur petite taille s&rsquo;av\\u00e8re un v\\u00e9ritable atout.  <\\\/p>\\n\"}},{\"@type\":\"Question\",\"name\":\"Quelles sont les heures d'arriv\\u00e9e et de d\\u00e9part ?\",\"acceptedAnswer\":{\"@type\":\"Answer\",\"text\":\"<p>L&rsquo;enregistrement se fait \\u00e0 partir de 14h00 et le d\\u00e9part jusqu&rsquo;\\u00e0 11h00. Indiquez-nous vos horaires de vol lors de la r\\u00e9servation et nous nous en occuperons. <\\\/p>\\n\"}},{\"@type\":\"Question\",\"name\":\"Y a-t-il une dur\\u00e9e minimale de location ?\",\"acceptedAnswer\":{\"@type\":\"Answer\",\"text\":\"<p>Deux nuits. Les s\\u00e9jours de week-end sont les bienvenus. <\\\/p>\\n\"}},{\"@type\":\"Question\",\"name\":\"O\\u00f9 puis-je r\\u00e9cup\\u00e9rer et restituer le Campervan ?\",\"acceptedAnswer\":{\"@type\":\"Answer\",\"text\":\"<p>Faro ou Lisbonne-Montijo. \\u00c0 Faro, nous sommes situ\\u00e9s au 124, rue Aquilino Ribeiro, \\u00e0 2 km de l&rsquo;a\\u00e9roport. Lisbonne-Montijo se trouve de l&rsquo;autre c\\u00f4t\\u00e9 du fleuve, \\u00e0 environ 25 minutes du centre-ville. Il est possible de commencer le trajet dans l&rsquo;une de ces villes et de le terminer dans l&rsquo;autre, sous r\\u00e9serve de disponibilit\\u00e9 et moyennant des frais de trajet simple.     <a href=\\\"https:\\\/\\\/oceancamper.com\\\/fr\\\/location-de-camping-cars\\\/\\\">Comparez les deux lieux.<\\\/a><\\\/p>\\n\"}},{\"@type\":\"Question\",\"name\":\"Disposez-vous de Campervans \\u00e0 bo\\u00eete automatique ?\",\"acceptedAnswer\":{\"@type\":\"Answer\",\"text\":\"<p>Oui. <a href=\\\"https:\\\/\\\/oceancamper.com\\\/fr\\\/camping-cars\\\/oasis-camping-car-automatique\\\/\\\">L&rsquo;Oasis Automatic<\\\/a> est le m\\u00eame monospace que l&rsquo;Indigo, mais \\u00e9quip\\u00e9 d&rsquo;une bo\\u00eete de vitesses automatique. Il est tr\\u00e8s appr\\u00e9ci\\u00e9 sur la c\\u00f4te ouest, o\\u00f9 le relief est vallonn\\u00e9, et il est complet tr\\u00e8s t\\u00f4t en \\u00e9t\\u00e9.  <\\\/p>\\n\"}},{\"@type\":\"Question\",\"name\":\"Que dois-je apporter pour m'enregistrer ?\",\"acceptedAnswer\":{\"@type\":\"Answer\",\"text\":\"<p>Un permis de conduire physique, valable dans l&rsquo;UE et d\\u00e9tenu depuis au moins un an \\u00e0 la date de l&rsquo;enregistrement, ainsi qu&rsquo;un passeport ou une carte d&rsquo;identit\\u00e9 europ\\u00e9enne. Les permis num\\u00e9riques ou les photos de permis ne sont pas accept\\u00e9s ; veuillez donc vous munir du permis physique. <\\\/p>\\n\"}},{\"@type\":\"Question\",\"name\":\"Y a-t-il une limite d'\\u00e2ge ?\",\"acceptedAnswer\":{\"@type\":\"Answer\",\"text\":\"<p>Vous devez justifier d&rsquo;une ann\\u00e9e compl\\u00e8te d&rsquo;exp\\u00e9rience de conduite \\u00e0 la date de prise en charge du v\\u00e9hicule. Les conducteurs \\u00e2g\\u00e9s de moins de 23 ans doivent s&rsquo;acquitter du suppl\\u00e9ment \\u00ab jeune conducteur \\u00bb, que vous pouvez r\\u00e9gler lors de la r\\u00e9servation ou \\u00e0 la prise en charge du v\\u00e9hicule. <\\\/p>\\n\"}},{\"@type\":\"Question\",\"name\":\"Quelles sont les garanties incluses ?\",\"acceptedAnswer\":{\"@type\":\"Answer\",\"text\":\"<p>Chaque location comprend l&rsquo;assurance responsabilit\\u00e9 civile exig\\u00e9e par la l\\u00e9gislation portugaise, et vous pouvez souscrire une formule de protection lors de votre enregistrement, ainsi que tout autre service dont vous pourriez avoir besoin.  <a href=\\\"https:\\\/\\\/oceancamper.com\\\/fr\\\/faq\\\/\\\">Consultez l&rsquo;int\\u00e9gralit\\u00e9 des conditions g\\u00e9n\\u00e9rales sur notre page \\u00ab FAQ \\u00bb.<\\\/a><\\\/p>\\n\"}}]}<\/script>\n\t\t\t\t\t<\/div>\n\t\t\t\t\t\t<\/div>\n\t\t\t\t<\/div>\n\t\t\t\t<div class=\"elementor-element elementor-element-a1e5d7b elementor-widget elementor-widget-html\" data-id=\"a1e5d7b\" data-element_type=\"widget\" data-e-type=\"widget\" data-widget_type=\"html.default\">\n\t\t\t\t<div class=\"elementor-widget-container\">\n\t\t\t\t\t<script>(function(){\n  function closeAll(root){\n    if(!root) return;\n    root.querySelectorAll(\".elementor-tab-title\").forEach(function(t){\n      t.classList.remove(\"elementor-active\");\n      t.setAttribute(\"aria-expanded\",\"false\");\n    });\n    root.querySelectorAll(\".elementor-tab-content\").forEach(function(c){\n      c.classList.remove(\"elementor-active\");\n      c.style.display=\"none\";\n      c.setAttribute(\"aria-hidden\",\"true\");\n    });\n  }\n  var sel=\".elementor-element-77adbb4b\";\n  closeAll(document.querySelector(sel));\n  if(window.jQuery){\n    jQuery(window).on(\"elementor\/frontend\/init\", function(){\n      elementorFrontend.hooks.addAction(\"frontend\/element_ready\/accordion.default\", function($scope){\n        if($scope && $scope[0] && $scope[0].matches(sel)) closeAll($scope[0]);\n      });\n    });\n  }\n  document.addEventListener(\"DOMContentLoaded\", function(){ closeAll(document.querySelector(sel)); });\n  window.addEventListener(\"load\", function(){ closeAll(document.querySelector(sel)); });\n})();\n<\/script>\t\t\t\t<\/div>\n\t\t\t\t<\/div>\n\t\t\t\t\t<\/div>\n\t\t<\/div>\n\t\t\t\t\t<\/div>\n\t\t<\/section>\n\t\t\t\t<div class=\"elementor-element elementor-element-d22e519 elementor-widget elementor-widget-html\" data-id=\"d22e519\" data-element_type=\"widget\" data-e-type=\"widget\" data-widget_type=\"html.default\">\n\t\t\t\t<div class=\"elementor-widget-container\">\n\t\t\t\t\t<script type=\"application\/ld+json\">{\n \"@context\": \"https:\/\/schema.org\",\n \"@type\": \"AutoRental\",\n \"@id\": \"https:\/\/oceancamper.com\/#localbusiness\",\n \"name\": \"Ocean Camper\",\n \"description\": \"Family-run campervan rental in Portugal. Fully equipped mini campervans collected 2 km from Faro Airport or at Lisbon-Montijo.\",\n \"url\": \"https:\/\/oceancamper.com\/\",\n \"image\": \"https:\/\/oceancamper.com\/wp-content\/uploads\/2026\/01\/campervan-road-trip-portugal-atlantic-cliffs.webp\",\n \"email\": \"info@oceancamper.com\",\n \"telephone\": \"+351920301044\",\n \"priceRange\": \"\u20ac39-\u20ac129\",\n \"currenciesAccepted\": \"EUR\",\n \"address\": {\n  \"@type\": \"PostalAddress\",\n  \"streetAddress\": \"Rua Aquilino Ribeiro 124\",\n  \"addressLocality\": \"Faro\",\n  \"postalCode\": \"8005-177\",\n  \"addressRegion\": \"Algarve\",\n  \"addressCountry\": \"PT\"\n },\n \"areaServed\": {\n  \"@type\": \"Country\",\n  \"name\": \"Portugal\"\n },\n \"parentOrganization\": {\n  \"@id\": \"https:\/\/oceancamper.com\/#organization\"\n }\n}<\/script>\t\t\t\t<\/div>\n\t\t\t\t<\/div>\n\t\t\t\t\t<\/div>\n\t\t<\/div>\n\t\t\t\t\t<\/div>\n\t\t<\/section>\n\t\t\t\t<\/div>\n\t\t","protected":false},"excerpt":{"rendered":"<p>Location van am\u00e9nag\u00e9 Portugal Votre road trip en toute simplicit\u00e9 commence ici Des Campervans mini enti\u00e8rement \u00e9quip\u00e9s, suffisamment compacts pour se garer n&rsquo;importe o\u00f9. Retirez-les \u00e0 Faro ou \u00e0 Lisbonne, puis partez o\u00f9 bon vous semble. V\u00e9rifier la disponibilit\u00e9 5.0\u2605 Google Rating Plus de 450 avis Enti\u00e8rement \u00e9quip\u00e9 Inclus. kit de literie &amp; plus \u00c0 [&hellip;]<\/p>\n","protected":false},"author":1,"featured_media":231460,"parent":0,"menu_order":0,"comment_status":"closed","ping_status":"closed","template":"elementor_header_footer","meta":{"om_disable_all_campaigns":false,"footnotes":""},"class_list":["post-78326","page","type-page","status-publish","has-post-thumbnail","hentry"],"aioseo_notices":[],"aioseo_head":"\n\t\t<!-- All in One SEO 4.9.10 - aioseo.com -->\n\t<meta name=\"description\" content=\"Location de camping-cars au Portugal avec prise en charge \u00e0 Faro ou Lisbonne. Mini camping-cars enti\u00e8rement \u00e9quip\u00e9s pour les couples. Commencez d\u00e8s aujourd&#039;hui votre voyage flexible en Algarve.\" \/>\n\t<meta name=\"robots\" content=\"max-image-preview:large\" \/>\n\t<link rel=\"canonical\" href=\"https:\/\/oceancamper.com\/\" \/>\n\t<meta name=\"generator\" content=\"All in One SEO (AIOSEO) 4.9.10\" \/>\n\t\t<meta property=\"og:locale\" content=\"fr_FR\" \/>\n\t\t<meta property=\"og:site_name\" content=\"Ocean Camper - Campervan Rental in Faro, Portugal\" \/>\n\t\t<meta property=\"og:type\" content=\"article\" \/>\n\t\t<meta property=\"og:title\" content=\"Location van am\u00e9nag\u00e9 Portugal | Campervans abordables et enti\u00e8rement \u00e9quip\u00e9s\" \/>\n\t\t<meta property=\"og:description\" content=\"Explorez le Portugal avec Ocean Camper. Mini camping-cars enti\u00e8rement \u00e9quip\u00e9s, prix imbattables &amp; 5\u2b50 commentaires. Prise en charge gratuite pr\u00e8s de l&#039;a\u00e9roport de Faro. R\u00e9servez votre aventure d\u00e8s aujourd&#039;hui !\" \/>\n\t\t<meta property=\"og:url\" content=\"https:\/\/oceancamper.com\/\" \/>\n\t\t<meta property=\"og:image\" content=\"https:\/\/oceancamper.com\/wp-content\/uploads\/2026\/02\/campervan-road-trip-portugal-atlantic-cliffs.webp\" \/>\n\t\t<meta property=\"og:image:secure_url\" content=\"https:\/\/oceancamper.com\/wp-content\/uploads\/2026\/02\/campervan-road-trip-portugal-atlantic-cliffs.webp\" \/>\n\t\t<meta property=\"og:image:width\" content=\"2560\" \/>\n\t\t<meta property=\"og:image:height\" content=\"1706\" \/>\n\t\t<meta property=\"article:published_time\" content=\"2022-01-26T18:39:36+00:00\" \/>\n\t\t<meta property=\"article:modified_time\" content=\"2026-09-05T20:12:15+00:00\" \/>\n\t\t<meta property=\"article:publisher\" content=\"https:\/\/www.facebook.com\/oceancamper\/\" \/>\n\t\t<meta name=\"twitter:card\" content=\"summary\" \/>\n\t\t<meta name=\"twitter:site\" content=\"@Ocean_Camper\" \/>\n\t\t<meta name=\"twitter:title\" content=\"Location van am\u00e9nag\u00e9 Portugal | Location de van am\u00e9nag\u00e9 \u00e0 prix abordable en Algarve\" \/>\n\t\t<meta name=\"twitter:description\" content=\"Explorez le Portugal dans des mini camping-cars enti\u00e8rement \u00e9quip\u00e9s. Prise en charge gratuite pr\u00e8s de Faro et de l&#039;a\u00e9roport de Lisbonne, prix imbattables &amp; 5\u2b50 commentaires. Commencez votre road trip avec Ocean Camper !\" \/>\n\t\t<meta name=\"twitter:creator\" content=\"@Ocean_Camper\" \/>\n\t\t<meta name=\"twitter:image\" content=\"https:\/\/oceancamper.com\/wp-content\/uploads\/2026\/02\/campervan-road-trip-portugal-atlantic-cliffs.webp\" \/>\n\t\t<script type=\"application\/ld+json\" class=\"aioseo-schema\">\n\t\t\t{\"@context\":\"https:\\\/\\\/schema.org\",\"@graph\":[{\"@type\":\"BreadcrumbList\",\"@id\":\"https:\\\/\\\/oceancamper.com\\\/fr\\\/#breadcrumblist\",\"itemListElement\":[{\"@type\":\"ListItem\",\"@id\":\"https:\\\/\\\/oceancamper.com\\\/fr\\\/#listItem\",\"position\":1,\"name\":\"Home\",\"item\":\"https:\\\/\\\/oceancamper.com\\\/fr\\\/\",\"nextItem\":{\"@type\":\"ListItem\",\"@id\":\"https:\\\/\\\/oceancamper.com\\\/fr\\\/#listItem\",\"name\":\"Location van am\\u00e9nag\\u00e9 Portugal. C&rsquo;est ici que commence votre road trip en toute simplicit\\u00e9 !\"}},{\"@type\":\"ListItem\",\"@id\":\"https:\\\/\\\/oceancamper.com\\\/fr\\\/#listItem\",\"position\":2,\"name\":\"Location van am\\u00e9nag\\u00e9 Portugal. C&rsquo;est ici que commence votre road trip en toute simplicit\\u00e9 !\",\"previousItem\":{\"@type\":\"ListItem\",\"@id\":\"https:\\\/\\\/oceancamper.com\\\/fr\\\/#listItem\",\"name\":\"Home\"}}]},{\"@type\":\"Organization\",\"@id\":\"https:\\\/\\\/oceancamper.com\\\/fr\\\/#organization\",\"name\":\"Ocean Camper\",\"description\":\"Ocean Camper provides affordable campervan rental in Portugal with fully equipped campervans for up to three people, available in Faro and Lisbon for flexible road trips.\",\"url\":\"https:\\\/\\\/oceancamper.com\\\/fr\\\/\",\"email\":\"info@oceancamper.com\",\"telephone\":\"+351920301044\",\"foundingDate\":\"2017-04-19\",\"numberOfEmployees\":{\"@type\":\"QuantitativeValue\",\"minValue\":0,\"maxValue\":10},\"logo\":{\"@type\":\"ImageObject\",\"url\":\"https:\\\/\\\/oceancamper.com\\\/wp-content\\\/uploads\\\/2022\\\/01\\\/Asset-5.png\",\"@id\":\"https:\\\/\\\/oceancamper.com\\\/fr\\\/#organizationLogo\",\"width\":662,\"height\":291,\"caption\":\"Ocean Camper logo\"},\"image\":{\"@id\":\"https:\\\/\\\/oceancamper.com\\\/fr\\\/#organizationLogo\"},\"sameAs\":[\"https:\\\/\\\/www.facebook.com\\\/oceancamper\\\/\",\"https:\\\/\\\/x.com\\\/Ocean_Camper\",\"https:\\\/\\\/www.instagram.com\\\/oceancamper.vans\\\/\",\"https:\\\/\\\/www.tiktok.com\\\/@oceancamper.vans\",\"https:\\\/\\\/www.youtube.com\\\/@oceancamper\",\"https:\\\/\\\/www.linkedin.com\\\/company\\\/oceancamper\\\/\",\"https:\\\/\\\/www.trustpilot.com\\\/review\\\/oceancamper.com\"]},{\"@type\":\"WebPage\",\"@id\":\"https:\\\/\\\/oceancamper.com\\\/fr\\\/#webpage\",\"url\":\"https:\\\/\\\/oceancamper.com\\\/fr\\\/\",\"name\":\"Location van am\\u00e9nag\\u00e9 Portugal - Votre road trip en toute simplicit\\u00e9 commence ici !\",\"description\":\"Location de camping-cars au Portugal avec prise en charge \\u00e0 Faro ou Lisbonne. Mini camping-cars enti\\u00e8rement \\u00e9quip\\u00e9s pour les couples. Commencez d\\u00e8s aujourd'hui votre voyage flexible en Algarve.\",\"inLanguage\":\"fr-FR\",\"isPartOf\":{\"@id\":\"https:\\\/\\\/oceancamper.com\\\/fr\\\/#website\"},\"breadcrumb\":{\"@id\":\"https:\\\/\\\/oceancamper.com\\\/fr\\\/#breadcrumblist\"},\"image\":{\"@type\":\"ImageObject\",\"url\":\"https:\\\/\\\/oceancamper.com\\\/wp-content\\\/uploads\\\/2026\\\/02\\\/campervan-rental-portugal-ocean-camper.webp\",\"@id\":\"https:\\\/\\\/oceancamper.com\\\/fr\\\/#mainImage\",\"width\":1200,\"height\":900,\"caption\":\"Location de mini-camping-car enti\\u00e8rement \\u00e9quip\\u00e9 au Portugal par Ocean Camper.\"},\"primaryImageOfPage\":{\"@id\":\"https:\\\/\\\/oceancamper.com\\\/fr\\\/#mainImage\"},\"datePublished\":\"2022-01-26T18:39:36+00:00\",\"dateModified\":\"2026-09-05T20:12:15+00:00\"},{\"@type\":\"WebSite\",\"@id\":\"https:\\\/\\\/oceancamper.com\\\/fr\\\/#website\",\"url\":\"https:\\\/\\\/oceancamper.com\\\/fr\\\/\",\"name\":\"Ocean Camper\",\"alternateName\":\"Ocean Camper Portugal\",\"description\":\"Campervan Rental in Faro, Portugal\",\"inLanguage\":\"fr-FR\",\"publisher\":{\"@id\":\"https:\\\/\\\/oceancamper.com\\\/fr\\\/#organization\"}}]}\n\t\t<\/script>\n\t\t<!-- All in One SEO -->\n\n","aioseo_head_json":{"title":"Location van am\u00e9nag\u00e9 Portugal - Votre road trip en toute simplicit\u00e9 commence ici !","description":"Location de camping-cars au Portugal avec prise en charge \u00e0 Faro ou Lisbonne. Mini camping-cars enti\u00e8rement \u00e9quip\u00e9s pour les couples. Commencez d\u00e8s aujourd'hui votre voyage flexible en Algarve.","canonical_url":"https:\/\/oceancamper.com\/","robots":"max-image-preview:large","keywords":"","webmasterTools":{"miscellaneous":""},"schema":{"@context":"https:\/\/schema.org","@graph":[{"@type":"BreadcrumbList","@id":"https:\/\/oceancamper.com\/fr\/#breadcrumblist","itemListElement":[{"@type":"ListItem","@id":"https:\/\/oceancamper.com\/fr\/#listItem","position":1,"name":"Home","item":"https:\/\/oceancamper.com\/fr\/","nextItem":{"@type":"ListItem","@id":"https:\/\/oceancamper.com\/fr\/#listItem","name":"Location van am\u00e9nag\u00e9 Portugal. C&rsquo;est ici que commence votre road trip en toute simplicit\u00e9 !"}},{"@type":"ListItem","@id":"https:\/\/oceancamper.com\/fr\/#listItem","position":2,"name":"Location van am\u00e9nag\u00e9 Portugal. C&rsquo;est ici que commence votre road trip en toute simplicit\u00e9 !","previousItem":{"@type":"ListItem","@id":"https:\/\/oceancamper.com\/fr\/#listItem","name":"Home"}}]},{"@type":"Organization","@id":"https:\/\/oceancamper.com\/fr\/#organization","name":"Ocean Camper","description":"Ocean Camper provides affordable campervan rental in Portugal with fully equipped campervans for up to three people, available in Faro and Lisbon for flexible road trips.","url":"https:\/\/oceancamper.com\/fr\/","email":"info@oceancamper.com","telephone":"+351920301044","foundingDate":"2017-04-19","numberOfEmployees":{"@type":"QuantitativeValue","minValue":0,"maxValue":10},"logo":{"@type":"ImageObject","url":"https:\/\/oceancamper.com\/wp-content\/uploads\/2022\/01\/Asset-5.png","@id":"https:\/\/oceancamper.com\/fr\/#organizationLogo","width":662,"height":291,"caption":"Ocean Camper logo"},"image":{"@id":"https:\/\/oceancamper.com\/fr\/#organizationLogo"},"sameAs":["https:\/\/www.facebook.com\/oceancamper\/","https:\/\/x.com\/Ocean_Camper","https:\/\/www.instagram.com\/oceancamper.vans\/","https:\/\/www.tiktok.com\/@oceancamper.vans","https:\/\/www.youtube.com\/@oceancamper","https:\/\/www.linkedin.com\/company\/oceancamper\/","https:\/\/www.trustpilot.com\/review\/oceancamper.com"]},{"@type":"WebPage","@id":"https:\/\/oceancamper.com\/fr\/#webpage","url":"https:\/\/oceancamper.com\/fr\/","name":"Location van am\u00e9nag\u00e9 Portugal - Votre road trip en toute simplicit\u00e9 commence ici !","description":"Location de camping-cars au Portugal avec prise en charge \u00e0 Faro ou Lisbonne. Mini camping-cars enti\u00e8rement \u00e9quip\u00e9s pour les couples. Commencez d\u00e8s aujourd'hui votre voyage flexible en Algarve.","inLanguage":"fr-FR","isPartOf":{"@id":"https:\/\/oceancamper.com\/fr\/#website"},"breadcrumb":{"@id":"https:\/\/oceancamper.com\/fr\/#breadcrumblist"},"image":{"@type":"ImageObject","url":"https:\/\/oceancamper.com\/wp-content\/uploads\/2026\/02\/campervan-rental-portugal-ocean-camper.webp","@id":"https:\/\/oceancamper.com\/fr\/#mainImage","width":1200,"height":900,"caption":"Location de mini-camping-car enti\u00e8rement \u00e9quip\u00e9 au Portugal par Ocean Camper."},"primaryImageOfPage":{"@id":"https:\/\/oceancamper.com\/fr\/#mainImage"},"datePublished":"2022-01-26T18:39:36+00:00","dateModified":"2026-09-05T20:12:15+00:00"},{"@type":"WebSite","@id":"https:\/\/oceancamper.com\/fr\/#website","url":"https:\/\/oceancamper.com\/fr\/","name":"Ocean Camper","alternateName":"Ocean Camper Portugal","description":"Campervan Rental in Faro, Portugal","inLanguage":"fr-FR","publisher":{"@id":"https:\/\/oceancamper.com\/fr\/#organization"}}]},"og:locale":"fr_FR","og:site_name":"Ocean Camper - Campervan Rental in Faro, Portugal","og:type":"article","og:title":"Location van am\u00e9nag\u00e9 Portugal | Campervans abordables et enti\u00e8rement \u00e9quip\u00e9s","og:description":"Explorez le Portugal avec Ocean Camper. Mini camping-cars enti\u00e8rement \u00e9quip\u00e9s, prix imbattables &amp; 5\u2b50 commentaires. Prise en charge gratuite pr\u00e8s de l'a\u00e9roport de Faro. R\u00e9servez votre aventure d\u00e8s aujourd'hui !","og:url":"https:\/\/oceancamper.com\/","og:image":"https:\/\/oceancamper.com\/wp-content\/uploads\/2026\/02\/campervan-road-trip-portugal-atlantic-cliffs.webp","og:image:secure_url":"https:\/\/oceancamper.com\/wp-content\/uploads\/2026\/02\/campervan-road-trip-portugal-atlantic-cliffs.webp","og:image:width":2560,"og:image:height":1706,"article:published_time":"2022-01-26T18:39:36+00:00","article:modified_time":"2026-09-05T20:12:15+00:00","article:publisher":"https:\/\/www.facebook.com\/oceancamper\/","twitter:card":"summary","twitter:site":"@Ocean_Camper","twitter:title":"Location van am\u00e9nag\u00e9 Portugal | Location de van am\u00e9nag\u00e9 \u00e0 prix abordable en Algarve","twitter:description":"Explorez le Portugal dans des mini camping-cars enti\u00e8rement \u00e9quip\u00e9s. Prise en charge gratuite pr\u00e8s de Faro et de l'a\u00e9roport de Lisbonne, prix imbattables &amp; 5\u2b50 commentaires. Commencez votre road trip avec Ocean Camper !","twitter:creator":"@Ocean_Camper","twitter:image":"https:\/\/oceancamper.com\/wp-content\/uploads\/2026\/02\/campervan-road-trip-portugal-atlantic-cliffs.webp"},"aioseo_meta_data":{"post_id":"78326","title":"Location van am\u00e9nag\u00e9 Portugal - Votre road trip en toute simplicit\u00e9 commence ici !","description":"Location de camping-cars au Portugal avec prise en charge \u00e0 Faro ou Lisbonne. Mini camping-cars enti\u00e8rement \u00e9quip\u00e9s pour les couples. Commencez d\u00e8s aujourd'hui votre voyage flexible en Algarve.  ","keywords":null,"keyphrases":{"focus":{"keyphrase":"Campervan Rental Portugal","score":67,"analysis":{"keyphraseInTitle":{"score":9,"maxScore":9,"error":0},"keyphraseInDescription":{"score":9,"maxScore":9,"error":0},"keyphraseLength":{"score":9,"maxScore":9,"error":0,"length":3},"keyphraseInIntroduction":{"score":3,"maxScore":9,"error":1},"keyphraseInSubHeadings":{"score":3,"maxScore":9,"error":1},"keyphraseInImageAlt":{"score":9,"maxScore":9,"error":0},"keywordDensity":{"score":0,"type":"low","maxScore":9,"error":1}}},"additional":[{"keyphrase":"mini campervan Portugal","score":53,"analysis":{"keyphraseInDescription":{"score":3,"maxScore":9,"error":1},"keyphraseLength":{"score":9,"maxScore":9,"error":0,"length":3},"keyphraseInIntroduction":{"score":3,"maxScore":9,"error":1},"keyphraseInImageAlt":{"score":9,"maxScore":9,"error":0},"keywordDensity":{"score":0,"type":"low","maxScore":9,"error":1}}},{"keyphrase":"campervan hire Faro","score":53,"analysis":{"keyphraseInDescription":{"score":3,"maxScore":9,"error":1},"keyphraseLength":{"score":9,"maxScore":9,"error":0,"length":3},"keyphraseInIntroduction":{"score":3,"maxScore":9,"error":1},"keyphraseInImageAlt":{"score":9,"maxScore":9,"error":0},"keywordDensity":{"score":0,"type":"low","maxScore":9,"error":1}}},{"keyphrase":"budget campervan rental","score":53,"analysis":{"keyphraseInDescription":{"score":3,"maxScore":9,"error":1},"keyphraseLength":{"score":9,"maxScore":9,"error":0,"length":3},"keyphraseInIntroduction":{"score":3,"maxScore":9,"error":1},"keyphraseInImageAlt":{"score":9,"maxScore":9,"error":0},"keywordDensity":{"score":0,"type":"low","maxScore":9,"error":1}}},{"keyphrase":"best campervan rental Faro","score":40,"analysis":{"keyphraseInDescription":{"score":3,"maxScore":9,"error":1},"keyphraseLength":{"score":9,"maxScore":9,"error":0,"length":4},"keyphraseInIntroduction":{"score":3,"maxScore":9,"error":1},"keyphraseInImageAlt":{"score":3,"maxScore":9,"error":1},"keywordDensity":{"score":0,"type":"low","maxScore":9,"error":1}}}]},"primary_term":null,"canonical_url":"https:\/\/oceancamper.com\/","og_title":"Location van am\u00e9nag\u00e9 Portugal | Campervans abordables et enti\u00e8rement \u00e9quip\u00e9s","og_description":"Explorez le Portugal avec Ocean Camper. Mini camping-cars enti\u00e8rement \u00e9quip\u00e9s, prix imbattables & 5\u2b50 commentaires. Prise en charge gratuite pr\u00e8s de l'a\u00e9roport de Faro. R\u00e9servez votre aventure d\u00e8s aujourd'hui !   ","og_object_type":"default","og_image_type":"custom_image","og_image_url":"https:\/\/oceancamper.com\/wp-content\/uploads\/2026\/02\/campervan-road-trip-portugal-atlantic-cliffs.webp","og_image_width":"662","og_image_height":"291","og_image_custom_url":"https:\/\/oceancamper.com\/wp-content\/uploads\/2026\/02\/campervan-road-trip-portugal-atlantic-cliffs.webp","og_image_custom_fields":null,"og_video":"","og_custom_url":null,"og_article_section":null,"og_article_tags":null,"twitter_use_og":false,"twitter_card":"default","twitter_image_type":"custom_image","twitter_image_url":"https:\/\/oceancamper.com\/wp-content\/uploads\/2026\/02\/campervan-road-trip-portugal-atlantic-cliffs.webp","twitter_image_custom_url":"https:\/\/oceancamper.com\/wp-content\/uploads\/2026\/02\/campervan-road-trip-portugal-atlantic-cliffs.webp","twitter_image_custom_fields":null,"twitter_title":"Location van am\u00e9nag\u00e9 Portugal | Location de van am\u00e9nag\u00e9 \u00e0 prix abordable en Algarve","twitter_description":"Explorez le Portugal dans des mini camping-cars enti\u00e8rement \u00e9quip\u00e9s. Prise en charge gratuite pr\u00e8s de Faro et de l'a\u00e9roport de Lisbonne, prix imbattables & 5\u2b50 commentaires. Commencez votre road trip avec Ocean Camper !  ","schema":{"blockGraphs":[],"customGraphs":[{"id":"#aioseo-custom-milxju6h","custom":true,"graphName":"Review Schema","schema":"{\"@type\":\"Organization\",\"@id\":\"https:\/\/oceancamper.com\/#organization\",\"name\":\"Ocean Camper\",\"url\":\"https:\/\/oceancamper.com\/\",\"logo\":\"https:\/\/oceancamper.com\/wp-content\/uploads\/2022\/01\/campervan-home-section-min-1.jpg\",\"image\":\"https:\/\/oceancamper.com\/wp-content\/uploads\/2022\/01\/campervan-home-section-min-1.jpg\",\"email\":\"info@oceancamper.com\",\"telephone\":\"+351920301044\",\"address\":{\"@type\":\"PostalAddress\",\"streetAddress\":\"Rua Aquilino Ribeiro 124\",\"addressLocality\":\"Faro\",\"postalCode\":\"8005-177\",\"addressCountry\":\"PT\"},\"aggregateRating\":{\"@type\":\"AggregateRating\",\"ratingValue\":\"5.0\",\"reviewCount\":\"450\",\"bestRating\":\"5\",\"worstRating\":\"1\"}}"},{"id":"#aioseo-custom-localbusiness","custom":true,"graphName":"Local Business","schema":"{\"@type\":\"AutoRental\",\"@id\":\"https:\/\/oceancamper.com\/#localbusiness\",\"name\":\"Ocean Camper\",\"description\":\"Family-run campervan rental in Portugal. Fully equipped mini campervans collected 2 km from Faro Airport or at Lisbon-Montijo.\",\"url\":\"https:\/\/oceancamper.com\/\",\"image\":\"https:\/\/oceancamper.com\/wp-content\/uploads\/2026\/02\/campervan-road-trip-portugal-atlantic-cliffs.webp\",\"logo\":\"https:\/\/oceancamper.com\/wp-content\/uploads\/2022\/01\/cat.png\",\"email\":\"info@oceancamper.com\",\"telephone\":\"+351920301044\",\"priceRange\":\"\u20ac39-\u20ac129\",\"currenciesAccepted\":\"EUR\",\"address\":{\"@type\":\"PostalAddress\",\"streetAddress\":\"Rua Aquilino Ribeiro 124\",\"addressLocality\":\"Faro\",\"postalCode\":\"8005-177\",\"addressRegion\":\"Algarve\",\"addressCountry\":\"PT\"},\"areaServed\":{\"@type\":\"Country\",\"name\":\"Portugal\"},\"parentOrganization\":{\"@id\":\"https:\/\/oceancamper.com\/#organization\"}}"}],"default":{"data":{"Article":[],"Course":[],"Dataset":[],"FAQPage":[],"Movie":[],"Person":[],"Product":[],"ProductReview":[],"Car":[],"Recipe":[],"Service":[],"SoftwareApplication":[],"WebPage":{"id":"aioseo-web-page-6394f5e33259e","slug":"web-page","graphName":"WebPage","label":"Web Page","properties":{"type":"WebPage","name":"","description":""}}},"graphName":"WebPage","isEnabled":false},"graphs":[{"id":"#aioseo-service-mi7l2g58","slug":"service","graphName":"Service","label":"Service - landing page","properties":{"name":"Campervan Rental Portugal","description":"Fully equipped mini campervans for hire in Portugal, collected in Faro or Lisbon-Montijo. Family-run since 2017.","serviceType":"Campervan Rental \/ Camper Hire \/ Motorhome Hire","price":"39","currency":"EUR","image":"https:\/\/oceancamper.com\/wp-content\/uploads\/2022\/01\/bg-why-book-with-us-min-1.jpg","provider":{"name":"Ocean Camper","url":"https:\/\/oceancamper.com","image":"https:\/\/oceancamper.com\/wp-content\/uploads\/2022\/01\/Asset-5.png"}},"value":"service"}]},"schema_type":"default","schema_type_options":"{\"article\":{\"articleType\":\"BlogPosting\"},\"course\":{\"name\":\"\",\"description\":\"\",\"provider\":\"\"},\"faq\":{\"pages\":[]},\"product\":{\"reviews\":[]},\"recipe\":{\"ingredients\":[],\"instructions\":[],\"keywords\":[]},\"software\":{\"reviews\":[],\"operatingSystems\":[]},\"webPage\":{\"webPageType\":\"WebPage\"}}","pillar_content":false,"robots_default":true,"robots_noindex":false,"robots_noarchive":false,"robots_nosnippet":false,"robots_nofollow":false,"robots_noimageindex":false,"robots_noodp":false,"robots_notranslate":false,"robots_max_snippet":"-1","robots_max_videopreview":"-1","robots_max_imagepreview":"large","priority":1,"frequency":"weekly","local_seo":null,"seo_analyzer_scan_date":null,"breadcrumb_settings":null,"limit_modified_date":false,"open_ai":"{\"title\":{\"suggestions\":[],\"usage\":0},\"description\":{\"suggestions\":[],\"usage\":0}}","ai":{"faqs":[],"keyPoints":[],"schemas":[],"titles":[],"descriptions":[],"socialPosts":{"email":[],"linkedin":[],"twitter":[],"facebook":[],"instagram":[]}},"created":"2023-06-01 14:40:44","updated":"2026-09-06 22:44:42"},"aioseo_breadcrumb":"<div class=\"aioseo-breadcrumbs\"><span class=\"aioseo-breadcrumb\">\n\t\t\t<a href=\"https:\/\/oceancamper.com\/fr\/\" title=\"Home\">Home<\/a>\n\t\t<\/span><span class=\"aioseo-breadcrumb-separator\">\u00bb<\/span><span class=\"aioseo-breadcrumb\">\n\t\t\tLocation van am\u00e9nag\u00e9 Portugal. C\u2019est ici que commence votre road trip en toute simplicit\u00e9 !\n\t\t<\/span><\/div>","aioseo_breadcrumb_json":[{"label":"Home","link":"https:\/\/oceancamper.com\/fr\/"},{"label":"Location van am\u00e9nag\u00e9 Portugal. C&rsquo;est ici que commence votre road trip en toute simplicit\u00e9 !","link":"https:\/\/oceancamper.com\/fr\/"}],"_links":{"self":[{"href":"https:\/\/oceancamper.com\/fr\/wp-json\/wp\/v2\/pages\/78326","targetHints":{"allow":["GET"]}}],"collection":[{"href":"https:\/\/oceancamper.com\/fr\/wp-json\/wp\/v2\/pages"}],"about":[{"href":"https:\/\/oceancamper.com\/fr\/wp-json\/wp\/v2\/types\/page"}],"author":[{"embeddable":true,"href":"https:\/\/oceancamper.com\/fr\/wp-json\/wp\/v2\/users\/1"}],"replies":[{"embeddable":true,"href":"https:\/\/oceancamper.com\/fr\/wp-json\/wp\/v2\/comments?post=78326"}],"version-history":[{"count":189,"href":"https:\/\/oceancamper.com\/fr\/wp-json\/wp\/v2\/pages\/78326\/revisions"}],"predecessor-version":[{"id":276639,"href":"https:\/\/oceancamper.com\/fr\/wp-json\/wp\/v2\/pages\/78326\/revisions\/276639"}],"wp:featuredmedia":[{"embeddable":true,"href":"https:\/\/oceancamper.com\/fr\/wp-json\/wp\/v2\/media\/231460"}],"wp:attachment":[{"href":"https:\/\/oceancamper.com\/fr\/wp-json\/wp\/v2\/media?parent=78326"}],"curies":[{"name":"wp","href":"https:\/\/api.w.org\/{rel}","templated":true}]}}