{"id":81814,"date":"2022-01-26T18:39:36","date_gmt":"2022-01-26T18:39:36","guid":{"rendered":"https:\/\/oceancamper.com\/pagina-de-inicio\/"},"modified":"2026-09-01T19:44:33","modified_gmt":"2026-09-01T19:44:33","slug":"pagina-de-inicio","status":"publish","type":"page","link":"https:\/\/oceancamper.com\/es\/","title":{"rendered":"Alquiler de camper Portugal. \u00a1Tu viaje por carretera sin complicaciones empieza aqu\u00ed!"},"content":{"rendered":"\t\t<div data-elementor-type=\"wp-page\" data-elementor-id=\"81814\" class=\"elementor elementor-81814 elementor-254\" data-elementor-post-type=\"page\">\n\t\t\t\t\t\t<section class=\"elementor-section elementor-top-section elementor-element elementor-element-43744e6 elementor-section-height-min-height elementor-section-stretched elementor-section-content-middle elementor-section-boxed elementor-section-height-default elementor-section-items-middle\" data-id=\"43744e6\" data-element_type=\"section\" data-e-type=\"section\" data-settings=\"{&quot;stretch_section&quot;:&quot;section-stretched&quot;,&quot;background_background&quot;:&quot;classic&quot;}\">\n\t\t\t\t\t\t\t<div class=\"elementor-background-overlay\"><\/div>\n\t\t\t\t\t\t\t<div class=\"elementor-container elementor-column-gap-default\">\n\t\t\t\t\t<div class=\"elementor-column elementor-col-100 elementor-top-column elementor-element elementor-element-401862b\" data-id=\"401862b\" data-element_type=\"column\" data-e-type=\"column\">\n\t\t\t<div class=\"elementor-widget-wrap elementor-element-populated\">\n\t\t\t\t\t\t<div class=\"elementor-element elementor-element-351ff86 elementor-widget elementor-widget-heading\" data-id=\"351ff86\" data-element_type=\"widget\" data-e-type=\"widget\" data-widget_type=\"heading.default\">\n\t\t\t\t<div class=\"elementor-widget-container\">\n\t\t\t\t\t<h1 class=\"elementor-heading-title elementor-size-default\">Alquiler camper Portugal<\/h1>\t\t\t\t<\/div>\n\t\t\t\t<\/div>\n\t\t\t\t<div class=\"elementor-element elementor-element-acb681f elementor-widget elementor-widget-heading\" data-id=\"acb681f\" data-element_type=\"widget\" data-e-type=\"widget\" data-widget_type=\"heading.default\">\n\t\t\t\t<div class=\"elementor-widget-container\">\n\t\t\t\t\t<div class=\"elementor-heading-title elementor-size-default\">Tu viaje por carretera sin complicaciones empieza aqu\u00ed<\/div>\t\t\t\t<\/div>\n\t\t\t\t<\/div>\n\t\t\t\t<div class=\"elementor-element elementor-element-ca7f7b0 elementor-widget elementor-widget-text-editor\" data-id=\"ca7f7b0\" data-element_type=\"widget\" data-e-type=\"widget\" data-widget_type=\"text-editor.default\">\n\t\t\t\t<div class=\"elementor-widget-container\">\n\t\t\t\t\t\t\t\t\t<p>Autocaravanas mini totalmente equipadas, lo suficientemente peque\u00f1as como para aparcar en cualquier sitio. Rec\u00f3gelas en Faro o Lisboa y luego vete a donde quieras. <\/p>\t\t\t\t\t\t\t\t<\/div>\n\t\t\t\t<\/div>\n\t\t\t\t<div class=\"elementor-element elementor-element-8835c7a elementor-align-center elementor-tablet-align-center elementor-mobile-align-center elementor-widget elementor-widget-button\" data-id=\"8835c7a\" data-element_type=\"widget\" data-e-type=\"widget\" data-widget_type=\"button.default\">\n\t\t\t\t<div class=\"elementor-widget-container\">\n\t\t\t\t\t\t\t\t\t<div class=\"elementor-button-wrapper\">\n\t\t\t\t\t<a class=\"elementor-button elementor-button-link elementor-size-sm elementor-animation-pop\" href=\"https:\/\/oceancamper.com\/es\/reservas\/\">\n\t\t\t\t\t\t<span class=\"elementor-button-content-wrapper\">\n\t\t\t\t\t\t\t\t\t<span class=\"elementor-button-text\">Consultar disponibilidad<\/span>\n\t\t\t\t\t<\/span>\n\t\t\t\t\t<\/a>\n\t\t\t\t<\/div>\n\t\t\t\t\t\t\t\t<\/div>\n\t\t\t\t<\/div>\n\t\t\t\t\t<\/div>\n\t\t<\/div>\n\t\t\t\t\t<\/div>\n\t\t<\/section>\n\t\t\t\t<section class=\"elementor-section elementor-top-section elementor-element elementor-element-0c6db41 elementor-section-stretched elementor-section-boxed elementor-section-height-default elementor-section-height-default\" data-id=\"0c6db41\" data-element_type=\"section\" data-e-type=\"section\" data-settings=\"{&quot;stretch_section&quot;:&quot;section-stretched&quot;,&quot;background_background&quot;:&quot;classic&quot;}\">\n\t\t\t\t\t\t<div class=\"elementor-container elementor-column-gap-default\">\n\t\t\t\t\t<div class=\"elementor-column elementor-col-100 elementor-top-column elementor-element elementor-element-6c5b91c\" data-id=\"6c5b91c\" data-element_type=\"column\" data-e-type=\"column\">\n\t\t\t<div class=\"elementor-widget-wrap elementor-element-populated\">\n\t\t\t\t\t\t<section class=\"elementor-section elementor-inner-section elementor-element elementor-element-60ce5db elementor-section-boxed elementor-section-height-default elementor-section-height-default\" data-id=\"60ce5db\" data-element_type=\"section\" data-e-type=\"section\" data-settings=\"{&quot;background_background&quot;:&quot;classic&quot;}\">\n\t\t\t\t\t\t<div class=\"elementor-container elementor-column-gap-default\">\n\t\t\t\t\t<div class=\"elementor-column elementor-col-100 elementor-inner-column elementor-element elementor-element-22c809c\" data-id=\"22c809c\" data-element_type=\"column\" data-e-type=\"column\">\n\t\t\t<div class=\"elementor-widget-wrap\">\n\t\t\t\t\t\t\t<\/div>\n\t\t<\/div>\n\t\t\t\t\t<\/div>\n\t\t<\/section>\n\t\t\t\t<section class=\"elementor-section elementor-inner-section elementor-element elementor-element-87c2759 elementor-section-boxed elementor-section-height-default elementor-section-height-default\" data-id=\"87c2759\" data-element_type=\"section\" data-e-type=\"section\" data-settings=\"{&quot;background_background&quot;:&quot;classic&quot;}\">\n\t\t\t\t\t\t<div class=\"elementor-container elementor-column-gap-default\">\n\t\t\t\t\t<div class=\"elementor-column elementor-col-25 elementor-inner-column elementor-element elementor-element-42ac677\" data-id=\"42ac677\" data-element_type=\"column\" data-e-type=\"column\">\n\t\t\t<div class=\"elementor-widget-wrap elementor-element-populated\">\n\t\t\t\t\t\t<div class=\"elementor-element elementor-element-02b6ff8 elementor-position-left elementor-position-top elementor-vertical-align-top elementor-widget elementor-widget-image-box\" data-id=\"02b6ff8\" data-element_type=\"widget\" data-e-type=\"widget\" data-widget_type=\"image-box.default\">\n\t\t\t\t<div class=\"elementor-widget-container\">\n\t\t\t\t\t<div class=\"elementor-image-box-wrapper\"><figure class=\"elementor-image-box-img\"><img decoding=\"async\" src=\"https:\/\/oceancamper.com\/wp-content\/uploads\/elementor\/thumbs\/reviews-icon-q88hrpls6j9vaqk9ywkxt4iebsu8err77cpcrowoaq.png\" title=\"rese\u00f1as-icono\" alt=\"Icono de estrellas de las rese\u00f1as de Google\" class=\"elementor-animation-pop\" loading=\"lazy\" \/><\/figure><div class=\"elementor-image-box-content\"><h3 class=\"elementor-image-box-title\">5.0\u2605 Valoraci\u00f3n Google<\/h3><p class=\"elementor-image-box-description\">M\u00e1s de 450 opiniones<\/p><\/div><\/div>\t\t\t\t<\/div>\n\t\t\t\t<\/div>\n\t\t\t\t\t<\/div>\n\t\t<\/div>\n\t\t\t\t<div class=\"elementor-column elementor-col-25 elementor-inner-column elementor-element elementor-element-11af6aa\" data-id=\"11af6aa\" data-element_type=\"column\" data-e-type=\"column\">\n\t\t\t<div class=\"elementor-widget-wrap elementor-element-populated\">\n\t\t\t\t\t\t<div class=\"elementor-element elementor-element-accb857 elementor-position-left elementor-position-top elementor-vertical-align-top elementor-widget elementor-widget-image-box\" data-id=\"accb857\" data-element_type=\"widget\" data-e-type=\"widget\" data-widget_type=\"image-box.default\">\n\t\t\t\t<div class=\"elementor-widget-container\">\n\t\t\t\t\t<div class=\"elementor-image-box-wrapper\"><figure class=\"elementor-image-box-img\"><img decoding=\"async\" src=\"https:\/\/oceancamper.com\/wp-content\/uploads\/elementor\/thumbs\/fully-equiped-icon-q88hronxzp8kz4ln4e6b8mqxqeyv72ngv81vaey2gy.png\" title=\"icono-equipado\" alt=\"Icono de ropa de cama y menaje de cocina\" class=\"elementor-animation-pop\" loading=\"lazy\" \/><\/figure><div class=\"elementor-image-box-content\"><h3 class=\"elementor-image-box-title\">Totalmente equipado<\/h3><p class=\"elementor-image-box-description\">Incluye kit de cama y m\u00e1s <\/p><\/div><\/div>\t\t\t\t<\/div>\n\t\t\t\t<\/div>\n\t\t\t\t\t<\/div>\n\t\t<\/div>\n\t\t\t\t<div class=\"elementor-column elementor-col-25 elementor-inner-column elementor-element elementor-element-3d859b0\" data-id=\"3d859b0\" data-element_type=\"column\" data-e-type=\"column\">\n\t\t\t<div class=\"elementor-widget-wrap elementor-element-populated\">\n\t\t\t\t\t\t<div class=\"elementor-element elementor-element-401763a elementor-position-left elementor-position-top elementor-vertical-align-top elementor-widget elementor-widget-image-box\" data-id=\"401763a\" data-element_type=\"widget\" data-e-type=\"widget\" data-widget_type=\"image-box.default\">\n\t\t\t\t<div class=\"elementor-widget-container\">\n\t\t\t\t\t<div class=\"elementor-image-box-wrapper\"><figure class=\"elementor-image-box-img\"><img decoding=\"async\" src=\"https:\/\/oceancamper.com\/wp-content\/uploads\/elementor\/thumbs\/low-fare-icon-qlky5pke0zk70fncifrdjipw4fo68ehmdpbqxtw5xe.png\" title=\"low-fare-icon\" alt=\"Icono de una hucha\" class=\"elementor-animation-pop\" loading=\"lazy\" \/><\/figure><div class=\"elementor-image-box-content\"><h3 class=\"elementor-image-box-title\">A partir de dos noches<\/h3><p class=\"elementor-image-box-description\">Se aceptan escapadas de fin de semana<\/p><\/div><\/div>\t\t\t\t<\/div>\n\t\t\t\t<\/div>\n\t\t\t\t\t<\/div>\n\t\t<\/div>\n\t\t\t\t<div class=\"elementor-column elementor-col-25 elementor-inner-column elementor-element elementor-element-a0152bb\" data-id=\"a0152bb\" data-element_type=\"column\" data-e-type=\"column\">\n\t\t\t<div class=\"elementor-widget-wrap elementor-element-populated\">\n\t\t\t\t\t\t<div class=\"elementor-element elementor-element-0dbf49d elementor-position-left elementor-position-top elementor-vertical-align-top elementor-widget elementor-widget-image-box\" data-id=\"0dbf49d\" data-element_type=\"widget\" data-e-type=\"widget\" data-widget_type=\"image-box.default\">\n\t\t\t\t<div class=\"elementor-widget-container\">\n\t\t\t\t\t<div class=\"elementor-image-box-wrapper\"><figure class=\"elementor-image-box-img\"><img decoding=\"async\" src=\"https:\/\/oceancamper.com\/wp-content\/uploads\/elementor\/thumbs\/Iconspace_Family-car-1-r357ssz2tyizh7p0iul3jyrhvv94cvhu1nvk8917uq.png\" title=\"Autocaravana f\u00e1cil de conducir | Ocean Camper\" alt=\"Icono de una furgoneta peque\u00f1a\" class=\"elementor-animation-pop\" loading=\"lazy\" \/><\/figure><div class=\"elementor-image-box-content\"><h3 class=\"elementor-image-box-title\">F\u00e1cil de conducir<\/h3><p class=\"elementor-image-box-description\">Compacto y f\u00e1cil de aparcar.<\/p><\/div><\/div>\t\t\t\t<\/div>\n\t\t\t\t<\/div>\n\t\t\t\t\t<\/div>\n\t\t<\/div>\n\t\t\t\t\t<\/div>\n\t\t<\/section>\n\t\t\t\t\t<\/div>\n\t\t<\/div>\n\t\t\t\t\t<\/div>\n\t\t<\/section>\n\t\t\t\t<section class=\"elementor-section elementor-top-section elementor-element elementor-element-41e17df elementor-section-stretched elementor-section-boxed elementor-section-height-default elementor-section-height-default\" data-id=\"41e17df\" data-element_type=\"section\" data-e-type=\"section\" data-settings=\"{&quot;stretch_section&quot;:&quot;section-stretched&quot;,&quot;background_background&quot;:&quot;classic&quot;}\">\n\t\t\t\t\t\t<div class=\"elementor-container elementor-column-gap-default\">\n\t\t\t\t\t<div class=\"elementor-column elementor-col-100 elementor-top-column elementor-element elementor-element-50d8890\" data-id=\"50d8890\" data-element_type=\"column\" data-e-type=\"column\">\n\t\t\t<div class=\"elementor-widget-wrap elementor-element-populated\">\n\t\t\t\t\t\t<section class=\"elementor-section elementor-inner-section elementor-element elementor-element-7c0966d elementor-section-boxed elementor-section-height-default elementor-section-height-default\" data-id=\"7c0966d\" data-element_type=\"section\" data-e-type=\"section\">\n\t\t\t\t\t\t<div class=\"elementor-container elementor-column-gap-default\">\n\t\t\t\t\t<div class=\"elementor-column elementor-col-100 elementor-inner-column elementor-element elementor-element-51ea68f\" data-id=\"51ea68f\" data-element_type=\"column\" data-e-type=\"column\">\n\t\t\t<div class=\"elementor-widget-wrap elementor-element-populated\">\n\t\t\t\t\t\t<div class=\"elementor-element elementor-element-844baf5 elementor-widget elementor-widget-heading\" data-id=\"844baf5\" data-element_type=\"widget\" data-e-type=\"widget\" data-widget_type=\"heading.default\">\n\t\t\t\t<div class=\"elementor-widget-container\">\n\t\t\t\t\t<h2 class=\"elementor-heading-title elementor-size-default\">Por qu\u00e9 Portugal es un buen sitio para empezar<\/h2>\t\t\t\t<\/div>\n\t\t\t\t<\/div>\n\t\t\t\t<div class=\"elementor-element elementor-element-f712a84 elementor-widget elementor-widget-text-editor\" data-id=\"f712a84\" data-element_type=\"widget\" data-e-type=\"widget\" data-widget_type=\"text-editor.default\">\n\t\t\t\t<div class=\"elementor-widget-container\">\n\t\t\t\t\t\t\t\t\t<p>Portugal es casi el destino ideal para tu primer viaje en autocaravana. Las distancias son cortas, as\u00ed que casi nunca estar\u00e1s a m\u00e1s de un par de horas de la siguiente playa. Las carreteras est\u00e1n en buen estado, los campings cuestan una fracci\u00f3n de lo que cuesta una habitaci\u00f3n de hotel y el clima es lo bastante suave como para que una ma\u00f1ana de enero en la costa resulte realmente agradable.  <\/p><p>Nuestras furgonetas son peque\u00f1as a prop\u00f3sito. Se conducen como un coche normal, se aparcan en una plaza normal y caben por debajo de las barreras de dos metros que impiden el acceso de las autocaravanas m\u00e1s grandes a los mejores aparcamientos de la costa. Puedes recorrer el estrecho camino que lleva a la playa, por el que una autocaravana de seis metros tiene que salir marcha atr\u00e1s.  <\/p>\t\t\t\t\t\t\t\t<\/div>\n\t\t\t\t<\/div>\n\t\t\t\t\t<\/div>\n\t\t<\/div>\n\t\t\t\t\t<\/div>\n\t\t<\/section>\n\t\t\t\t<section class=\"elementor-section elementor-inner-section elementor-element elementor-element-1cb278d elementor-section-boxed elementor-section-height-default elementor-section-height-default elementor-invisible\" data-id=\"1cb278d\" data-element_type=\"section\" data-e-type=\"section\" data-settings=\"{&quot;animation&quot;:&quot;fadeInUp&quot;}\">\n\t\t\t\t\t\t<div class=\"elementor-container elementor-column-gap-default\">\n\t\t\t\t\t<div class=\"elementor-column elementor-col-33 elementor-inner-column elementor-element elementor-element-dbf27a6\" data-id=\"dbf27a6\" data-element_type=\"column\" data-e-type=\"column\" data-settings=\"{&quot;background_background&quot;:&quot;classic&quot;}\">\n\t\t\t<div class=\"elementor-widget-wrap elementor-element-populated\">\n\t\t\t\t\t<div class=\"elementor-background-overlay\"><\/div>\n\t\t\t\t\t\t<div class=\"elementor-element elementor-element-f914ff6 elementor-widget__width-initial elementor-widget elementor-widget-image\" data-id=\"f914ff6\" data-element_type=\"widget\" data-e-type=\"widget\" data-widget_type=\"image.default\">\n\t\t\t\t<div class=\"elementor-widget-container\">\n\t\t\t\t\t\t\t\t\t\t\t\t\t\t\t<img decoding=\"async\" width=\"300\" height=\"102\" src=\"https:\/\/oceancamper.com\/wp-content\/uploads\/2025\/01\/Google_2015_logo.svg_-300x102.png\" class=\"attachment-medium size-medium wp-image-152539\" alt=\"Opiniones de Google Ocean Camper\" srcset=\"https:\/\/oceancamper.com\/wp-content\/uploads\/2025\/01\/Google_2015_logo.svg_-300x102.png 300w, https:\/\/oceancamper.com\/wp-content\/uploads\/2025\/01\/Google_2015_logo.svg_-768x260.png 768w, https:\/\/oceancamper.com\/wp-content\/uploads\/2025\/01\/Google_2015_logo.svg_-240x81.png 240w, https:\/\/oceancamper.com\/wp-content\/uploads\/2025\/01\/Google_2015_logo.svg_.png 800w\" sizes=\"(max-width: 300px) 100vw, 300px\" \/>\t\t\t\t\t\t\t\t\t\t\t\t\t\t\t<\/div>\n\t\t\t\t<\/div>\n\t\t\t\t<div class=\"elementor-element elementor-element-289824c elementor-widget__width-initial elementor-widget elementor-widget-text-editor\" data-id=\"289824c\" data-element_type=\"widget\" data-e-type=\"widget\" data-widget_type=\"text-editor.default\">\n\t\t\t\t<div class=\"elementor-widget-container\">\n\t\t\t\t\t\t\t\t\t<p><span style=\"font-size: 1rem;\"><strong>La mejor valoraci\u00f3n en Google,<\/strong> con una puntuaci\u00f3n media de 5,0\/5,0 estrellas basada en m\u00e1s de 450 opiniones.<\/span><\/p>\t\t\t\t\t\t\t\t<\/div>\n\t\t\t\t<\/div>\n\t\t\t\t<div class=\"elementor-element elementor-element-665737a elementor-align-center elementor-widget elementor-widget-button\" data-id=\"665737a\" data-element_type=\"widget\" data-e-type=\"widget\" data-widget_type=\"button.default\">\n\t\t\t\t<div class=\"elementor-widget-container\">\n\t\t\t\t\t\t\t\t\t<div class=\"elementor-button-wrapper\">\n\t\t\t\t\t<a class=\"elementor-button elementor-button-link elementor-size-sm\" href=\"https:\/\/g.co\/kgs\/Rzav59W\" target=\"_blank\">\n\t\t\t\t\t\t<span class=\"elementor-button-content-wrapper\">\n\t\t\t\t\t\t\t\t\t<span class=\"elementor-button-text\">Obt\u00e9n m\u00e1s informaci\u00f3n<\/span>\n\t\t\t\t\t<\/span>\n\t\t\t\t\t<\/a>\n\t\t\t\t<\/div>\n\t\t\t\t\t\t\t\t<\/div>\n\t\t\t\t<\/div>\n\t\t\t\t\t<\/div>\n\t\t<\/div>\n\t\t\t\t<div class=\"elementor-column elementor-col-33 elementor-inner-column elementor-element elementor-element-a1b8c26\" data-id=\"a1b8c26\" data-element_type=\"column\" data-e-type=\"column\" data-settings=\"{&quot;background_background&quot;:&quot;classic&quot;}\">\n\t\t\t<div class=\"elementor-widget-wrap elementor-element-populated\">\n\t\t\t\t\t<div class=\"elementor-background-overlay\"><\/div>\n\t\t\t\t\t\t<div class=\"elementor-element elementor-element-756b048 elementor-widget__width-initial elementor-widget elementor-widget-image\" data-id=\"756b048\" data-element_type=\"widget\" data-e-type=\"widget\" data-widget_type=\"image.default\">\n\t\t\t\t<div class=\"elementor-widget-container\">\n\t\t\t\t\t\t\t\t\t\t\t\t\t\t\t<img decoding=\"async\" width=\"300\" height=\"68\" src=\"https:\/\/oceancamper.com\/wp-content\/uploads\/2025\/01\/ug36vrv2jq3odc9hi6ol0tqnyk7x-1-300x68.png\" class=\"attachment-medium size-medium wp-image-152560\" alt=\"Opiniones de Yescapa Ocean Camper\" srcset=\"https:\/\/oceancamper.com\/wp-content\/uploads\/2025\/01\/ug36vrv2jq3odc9hi6ol0tqnyk7x-1-300x68.png 300w, https:\/\/oceancamper.com\/wp-content\/uploads\/2025\/01\/ug36vrv2jq3odc9hi6ol0tqnyk7x-1-768x175.png 768w, https:\/\/oceancamper.com\/wp-content\/uploads\/2025\/01\/ug36vrv2jq3odc9hi6ol0tqnyk7x-1-240x55.png 240w, https:\/\/oceancamper.com\/wp-content\/uploads\/2025\/01\/ug36vrv2jq3odc9hi6ol0tqnyk7x-1.png 1024w\" sizes=\"(max-width: 300px) 100vw, 300px\" \/>\t\t\t\t\t\t\t\t\t\t\t\t\t\t\t<\/div>\n\t\t\t\t<\/div>\n\t\t\t\t<div class=\"elementor-element elementor-element-bf9c46a elementor-widget__width-initial elementor-widget elementor-widget-text-editor\" data-id=\"bf9c46a\" data-element_type=\"widget\" data-e-type=\"widget\" data-widget_type=\"text-editor.default\">\n\t\t\t\t<div class=\"elementor-widget-container\">\n\t\t\t\t\t\t\t\t\t<p><span style=\"font-size: 1rem;\">Premio \u00abMejor propietario\u00bb <strong>de Yescapa<\/strong>, con una puntuaci\u00f3n de 4,9\/5,0 basada en m\u00e1s de 50 valoraciones.<\/span><\/p>\t\t\t\t\t\t\t\t<\/div>\n\t\t\t\t<\/div>\n\t\t\t\t<div class=\"elementor-element elementor-element-fb2b0b2 elementor-align-center elementor-widget elementor-widget-button\" data-id=\"fb2b0b2\" data-element_type=\"widget\" data-e-type=\"widget\" data-widget_type=\"button.default\">\n\t\t\t\t<div class=\"elementor-widget-container\">\n\t\t\t\t\t\t\t\t\t<div class=\"elementor-button-wrapper\">\n\t\t\t\t\t<a class=\"elementor-button elementor-button-link elementor-size-sm\" href=\"https:\/\/www.yescapa.com\/campers\/29929\" target=\"_blank\">\n\t\t\t\t\t\t<span class=\"elementor-button-content-wrapper\">\n\t\t\t\t\t\t\t\t\t<span class=\"elementor-button-text\">Obt\u00e9n m\u00e1s informaci\u00f3n<\/span>\n\t\t\t\t\t<\/span>\n\t\t\t\t\t<\/a>\n\t\t\t\t<\/div>\n\t\t\t\t\t\t\t\t<\/div>\n\t\t\t\t<\/div>\n\t\t\t\t\t<\/div>\n\t\t<\/div>\n\t\t\t\t<div class=\"elementor-column elementor-col-33 elementor-inner-column elementor-element elementor-element-79715b8\" data-id=\"79715b8\" data-element_type=\"column\" data-e-type=\"column\" data-settings=\"{&quot;background_background&quot;:&quot;classic&quot;}\">\n\t\t\t<div class=\"elementor-widget-wrap elementor-element-populated\">\n\t\t\t\t\t<div class=\"elementor-background-overlay\"><\/div>\n\t\t\t\t\t\t<div class=\"elementor-element elementor-element-70a8c6f elementor-widget__width-initial elementor-widget elementor-widget-image\" data-id=\"70a8c6f\" data-element_type=\"widget\" data-e-type=\"widget\" data-widget_type=\"image.default\">\n\t\t\t\t<div class=\"elementor-widget-container\">\n\t\t\t\t\t\t\t\t\t\t\t\t\t\t\t<img decoding=\"async\" width=\"300\" height=\"94\" src=\"https:\/\/oceancamper.com\/wp-content\/uploads\/2025\/01\/Airbnb_Logo_Belo.svg_-300x94.png\" class=\"attachment-medium size-medium wp-image-152553\" alt=\"Opiniones de Airbnb Ocean Camper\" srcset=\"https:\/\/oceancamper.com\/wp-content\/uploads\/2025\/01\/Airbnb_Logo_Belo.svg_-300x94.png 300w, https:\/\/oceancamper.com\/wp-content\/uploads\/2025\/01\/Airbnb_Logo_Belo.svg_-1024x320.png 1024w, https:\/\/oceancamper.com\/wp-content\/uploads\/2025\/01\/Airbnb_Logo_Belo.svg_-768x240.png 768w, https:\/\/oceancamper.com\/wp-content\/uploads\/2025\/01\/Airbnb_Logo_Belo.svg_-240x75.png 240w, https:\/\/oceancamper.com\/wp-content\/uploads\/2025\/01\/Airbnb_Logo_Belo.svg_.png 1280w\" sizes=\"(max-width: 300px) 100vw, 300px\" \/>\t\t\t\t\t\t\t\t\t\t\t\t\t\t\t<\/div>\n\t\t\t\t<\/div>\n\t\t\t\t<div class=\"elementor-element elementor-element-5826fae elementor-widget__width-initial elementor-widget elementor-widget-text-editor\" data-id=\"5826fae\" data-element_type=\"widget\" data-e-type=\"widget\" data-widget_type=\"text-editor.default\">\n\t\t\t\t<div class=\"elementor-widget-container\">\n\t\t\t\t\t\t\t\t\t<p><span style=\"font-size: 1rem;\">Premio \u00abSuperhost\u00bb <strong>de Airbnb<\/strong> desde 2018, con una valoraci\u00f3n de 4,9\/5,0 estrellas basada en m\u00e1s de 700 opiniones.<\/span><\/p>\t\t\t\t\t\t\t\t<\/div>\n\t\t\t\t<\/div>\n\t\t\t\t<div class=\"elementor-element elementor-element-cae6375 elementor-align-center elementor-widget elementor-widget-button\" data-id=\"cae6375\" data-element_type=\"widget\" data-e-type=\"widget\" data-widget_type=\"button.default\">\n\t\t\t\t<div class=\"elementor-widget-container\">\n\t\t\t\t\t\t\t\t\t<div class=\"elementor-button-wrapper\">\n\t\t\t\t\t<a class=\"elementor-button elementor-button-link elementor-size-sm\" href=\"https:\/\/www.airbnb.com\/users\/show\/147121665\" target=\"_blank\">\n\t\t\t\t\t\t<span class=\"elementor-button-content-wrapper\">\n\t\t\t\t\t\t\t\t\t<span class=\"elementor-button-text\">Obt\u00e9n m\u00e1s informaci\u00f3n<\/span>\n\t\t\t\t\t<\/span>\n\t\t\t\t\t<\/a>\n\t\t\t\t<\/div>\n\t\t\t\t\t\t\t\t<\/div>\n\t\t\t\t<\/div>\n\t\t\t\t\t<\/div>\n\t\t<\/div>\n\t\t\t\t\t<\/div>\n\t\t<\/section>\n\t\t\t\t\t<\/div>\n\t\t<\/div>\n\t\t\t\t\t<\/div>\n\t\t<\/section>\n\t\t\t\t<section class=\"elementor-section elementor-top-section elementor-element elementor-element-5d672c9 elementor-section-stretched elementor-section-boxed elementor-section-height-default elementor-section-height-default\" data-id=\"5d672c9\" data-element_type=\"section\" data-e-type=\"section\" data-settings=\"{&quot;stretch_section&quot;:&quot;section-stretched&quot;,&quot;background_background&quot;:&quot;classic&quot;}\">\n\t\t\t\t\t\t<div class=\"elementor-container elementor-column-gap-default\">\n\t\t\t\t\t<div class=\"elementor-column elementor-col-100 elementor-top-column elementor-element elementor-element-a76389e\" data-id=\"a76389e\" data-element_type=\"column\" data-e-type=\"column\">\n\t\t\t<div class=\"elementor-widget-wrap elementor-element-populated\">\n\t\t\t\t\t\t<section class=\"elementor-section elementor-inner-section elementor-element elementor-element-b147369 elementor-section-boxed elementor-section-height-default elementor-section-height-default\" data-id=\"b147369\" data-element_type=\"section\" data-e-type=\"section\">\n\t\t\t\t\t\t<div class=\"elementor-container elementor-column-gap-default\">\n\t\t\t\t\t<div class=\"elementor-column elementor-col-50 elementor-inner-column elementor-element elementor-element-22346e6 elementor-invisible\" data-id=\"22346e6\" data-element_type=\"column\" data-e-type=\"column\" data-settings=\"{&quot;background_background&quot;:&quot;classic&quot;,&quot;animation&quot;:&quot;fadeIn&quot;}\">\n\t\t\t<div class=\"elementor-widget-wrap elementor-element-populated\">\n\t\t\t\t\t<div class=\"elementor-background-overlay\"><\/div>\n\t\t\t\t\t\t<div class=\"elementor-element elementor-element-509f3b8 elementor-widget elementor-widget-heading\" data-id=\"509f3b8\" data-element_type=\"widget\" data-e-type=\"widget\" data-widget_type=\"heading.default\">\n\t\t\t\t<div class=\"elementor-widget-container\">\n\t\t\t\t\t<h2 class=\"elementor-heading-title elementor-size-default\">\u00bfPor qu\u00e9 la gente reserva con nosotros?<\/h2>\t\t\t\t<\/div>\n\t\t\t\t<\/div>\n\t\t\t\t<div class=\"elementor-element elementor-element-2777d0a elementor-widget__width-initial elementor-widget elementor-widget-text-editor\" data-id=\"2777d0a\" data-element_type=\"widget\" data-e-type=\"widget\" data-widget_type=\"text-editor.default\">\n\t\t\t\t<div class=\"elementor-widget-container\">\n\t\t\t\t\t\t\t\t\t<p>Nos especializamos en autocaravanas peque\u00f1as: f\u00e1ciles de conducir, f\u00e1ciles de aparcar y econ\u00f3micas de mantener. Si necesitas espacio para tres personas, la Bohemian te ofrece una cama m\u00e1s grande y m\u00e1s espacio. En cualquier caso, todo lo que necesitas ya est\u00e1 en la autocaravana.  <\/p>\t\t\t\t\t\t\t\t<\/div>\n\t\t\t\t<\/div>\n\t\t\t\t<div class=\"elementor-element elementor-element-2ca86a2 elementor-view-framed elementor-position-inline-start keep-icon-box-left elementor-mobile-position-inline-start elementor-shape-circle elementor-widget elementor-widget-icon-box\" data-id=\"2ca86a2\" data-element_type=\"widget\" data-e-type=\"widget\" data-widget_type=\"icon-box.default\">\n\t\t\t\t<div class=\"elementor-widget-container\">\n\t\t\t\t\t\t\t<div class=\"elementor-icon-box-wrapper\">\n\n\t\t\t\t\t\t<div class=\"elementor-icon-box-icon\">\n\t\t\t\t<span  class=\"elementor-icon elementor-animation-pop\">\n\t\t\t\t<i aria-hidden=\"true\" class=\"fas fa-check\"><\/i>\t\t\t\t<\/span>\n\t\t\t<\/div>\n\t\t\t\n\t\t\t\t\t\t<div class=\"elementor-icon-box-content\">\n\n\t\t\t\t\t\t\t\t\t<h3 class=\"elementor-icon-box-title\">\n\t\t\t\t\t\t<span  >\n\t\t\t\t\t\t\tAlquiler asequible de autocaravanas\t\t\t\t\t\t<\/span>\n\t\t\t\t\t<\/h3>\n\t\t\t\t\n\t\t\t\t\n\t\t\t<\/div>\n\t\t\t\n\t\t<\/div>\n\t\t\t\t\t\t<\/div>\n\t\t\t\t<\/div>\n\t\t\t\t<div class=\"elementor-element elementor-element-0f929b1 elementor-widget elementor-widget-text-editor\" data-id=\"0f929b1\" data-element_type=\"widget\" data-e-type=\"widget\" data-widget_type=\"text-editor.default\">\n\t\t\t\t<div class=\"elementor-widget-container\">\n\t\t\t\t\t\t\t\t\t<p>Precios transparentes sin cargos ocultos.<\/p>\t\t\t\t\t\t\t\t<\/div>\n\t\t\t\t<\/div>\n\t\t\t\t<div class=\"elementor-element elementor-element-7365c9c elementor-view-framed elementor-position-inline-start keep-icon-box-left elementor-mobile-position-inline-start elementor-shape-circle elementor-widget elementor-widget-icon-box\" data-id=\"7365c9c\" data-element_type=\"widget\" data-e-type=\"widget\" data-widget_type=\"icon-box.default\">\n\t\t\t\t<div class=\"elementor-widget-container\">\n\t\t\t\t\t\t\t<div class=\"elementor-icon-box-wrapper\">\n\n\t\t\t\t\t\t<div class=\"elementor-icon-box-icon\">\n\t\t\t\t<span  class=\"elementor-icon elementor-animation-pop\">\n\t\t\t\t<i aria-hidden=\"true\" class=\"fas fa-check\"><\/i>\t\t\t\t<\/span>\n\t\t\t<\/div>\n\t\t\t\n\t\t\t\t\t\t<div class=\"elementor-icon-box-content\">\n\n\t\t\t\t\t\t\t\t\t<h3 class=\"elementor-icon-box-title\">\n\t\t\t\t\t\t<span  >\n\t\t\t\t\t\t\tDise\u00f1o inteligente\t\t\t\t\t\t<\/span>\n\t\t\t\t\t<\/h3>\n\t\t\t\t\n\t\t\t\t\n\t\t\t<\/div>\n\t\t\t\n\t\t<\/div>\n\t\t\t\t\t\t<\/div>\n\t\t\t\t<\/div>\n\t\t\t\t<div class=\"elementor-element elementor-element-ed6c992 elementor-widget elementor-widget-text-editor\" data-id=\"ed6c992\" data-element_type=\"widget\" data-e-type=\"widget\" data-widget_type=\"text-editor.default\">\n\t\t\t\t<div class=\"elementor-widget-container\">\n\t\t\t\t\t\t\t\t\tFurgonetas compactas, f\u00e1ciles de aparcar y totalmente equipadas.\t\t\t\t\t\t\t\t<\/div>\n\t\t\t\t<\/div>\n\t\t\t\t<div class=\"elementor-element elementor-element-cbe8d8a elementor-view-framed elementor-position-inline-start keep-icon-box-left elementor-mobile-position-inline-start elementor-shape-circle elementor-widget elementor-widget-icon-box\" data-id=\"cbe8d8a\" data-element_type=\"widget\" data-e-type=\"widget\" data-widget_type=\"icon-box.default\">\n\t\t\t\t<div class=\"elementor-widget-container\">\n\t\t\t\t\t\t\t<div class=\"elementor-icon-box-wrapper\">\n\n\t\t\t\t\t\t<div class=\"elementor-icon-box-icon\">\n\t\t\t\t<span  class=\"elementor-icon elementor-animation-pop\">\n\t\t\t\t<i aria-hidden=\"true\" class=\"fas fa-check\"><\/i>\t\t\t\t<\/span>\n\t\t\t<\/div>\n\t\t\t\n\t\t\t\t\t\t<div class=\"elementor-icon-box-content\">\n\n\t\t\t\t\t\t\t\t\t<h3 class=\"elementor-icon-box-title\">\n\t\t\t\t\t\t<span  >\n\t\t\t\t\t\t\tUbicaciones en Faro y Lisboa\t\t\t\t\t\t<\/span>\n\t\t\t\t\t<\/h3>\n\t\t\t\t\n\t\t\t\t\n\t\t\t<\/div>\n\t\t\t\n\t\t<\/div>\n\t\t\t\t\t\t<\/div>\n\t\t\t\t<\/div>\n\t\t\t\t<div class=\"elementor-element elementor-element-a5e8850 elementor-widget elementor-widget-text-editor\" data-id=\"a5e8850\" data-element_type=\"widget\" data-e-type=\"widget\" data-widget_type=\"text-editor.default\">\n\t\t\t\t<div class=\"elementor-widget-container\">\n\t\t\t\t\t\t\t\t\t<p>Servicio de recogida y entrega disponible en Faro, cerca del aeropuerto, y en Lisboa-Montijo.<\/p>\t\t\t\t\t\t\t\t<\/div>\n\t\t\t\t<\/div>\n\t\t\t\t<div class=\"elementor-element elementor-element-97ddf21 elementor-view-framed elementor-position-inline-start keep-icon-box-left elementor-mobile-position-inline-start elementor-shape-circle elementor-widget elementor-widget-icon-box\" data-id=\"97ddf21\" data-element_type=\"widget\" data-e-type=\"widget\" data-widget_type=\"icon-box.default\">\n\t\t\t\t<div class=\"elementor-widget-container\">\n\t\t\t\t\t\t\t<div class=\"elementor-icon-box-wrapper\">\n\n\t\t\t\t\t\t<div class=\"elementor-icon-box-icon\">\n\t\t\t\t<span  class=\"elementor-icon elementor-animation-pop\">\n\t\t\t\t<i aria-hidden=\"true\" class=\"fas fa-check\"><\/i>\t\t\t\t<\/span>\n\t\t\t<\/div>\n\t\t\t\n\t\t\t\t\t\t<div class=\"elementor-icon-box-content\">\n\n\t\t\t\t\t\t\t\t\t<h3 class=\"elementor-icon-box-title\">\n\t\t\t\t\t\t<span  >\n\t\t\t\t\t\t\tEntrada a partir de las 14:00, salida hasta las 11:00\t\t\t\t\t\t<\/span>\n\t\t\t\t\t<\/h3>\n\t\t\t\t\n\t\t\t\t\n\t\t\t<\/div>\n\t\t\t\n\t\t<\/div>\n\t\t\t\t\t\t<\/div>\n\t\t\t\t<\/div>\n\t\t\t\t<div class=\"elementor-element elementor-element-23eae9d elementor-widget elementor-widget-text-editor\" data-id=\"23eae9d\" data-element_type=\"widget\" data-e-type=\"widget\" data-widget_type=\"text-editor.default\">\n\t\t\t\t<div class=\"elementor-widget-container\">\n\t\t\t\t\t\t\t\t\tRecogida y devoluci\u00f3n flexibles.\t\t\t\t\t\t\t\t<\/div>\n\t\t\t\t<\/div>\n\t\t\t\t<div class=\"elementor-element elementor-element-2e24ef7 elementor-view-framed elementor-position-inline-start keep-icon-box-left elementor-mobile-position-inline-start elementor-shape-circle elementor-widget elementor-widget-icon-box\" data-id=\"2e24ef7\" data-element_type=\"widget\" data-e-type=\"widget\" data-widget_type=\"icon-box.default\">\n\t\t\t\t<div class=\"elementor-widget-container\">\n\t\t\t\t\t\t\t<div class=\"elementor-icon-box-wrapper\">\n\n\t\t\t\t\t\t<div class=\"elementor-icon-box-icon\">\n\t\t\t\t<span  class=\"elementor-icon elementor-animation-pop\">\n\t\t\t\t<i aria-hidden=\"true\" class=\"fas fa-check\"><\/i>\t\t\t\t<\/span>\n\t\t\t<\/div>\n\t\t\t\n\t\t\t\t\t\t<div class=\"elementor-icon-box-content\">\n\n\t\t\t\t\t\t\t\t\t<h3 class=\"elementor-icon-box-title\">\n\t\t\t\t\t\t<span  >\n\t\t\t\t\t\t\tEn la carretera desde 2017\t\t\t\t\t\t<\/span>\n\t\t\t\t\t<\/h3>\n\t\t\t\t\n\t\t\t\t\n\t\t\t<\/div>\n\t\t\t\n\t\t<\/div>\n\t\t\t\t\t\t<\/div>\n\t\t\t\t<\/div>\n\t\t\t\t<div class=\"elementor-element elementor-element-ad3596d elementor-widget elementor-widget-text-editor\" data-id=\"ad3596d\" data-element_type=\"widget\" data-e-type=\"widget\" data-widget_type=\"text-editor.default\">\n\t\t\t\t<div class=\"elementor-widget-container\">\n\t\t\t\t\t\t\t\t\tUn equipo amistoso dispuesto a compartir consejos de expertos.\t\t\t\t\t\t\t\t<\/div>\n\t\t\t\t<\/div>\n\t\t\t\t\t<\/div>\n\t\t<\/div>\n\t\t\t\t<div class=\"elementor-column elementor-col-50 elementor-inner-column elementor-element elementor-element-b3990bb\" data-id=\"b3990bb\" data-element_type=\"column\" data-e-type=\"column\">\n\t\t\t<div class=\"elementor-widget-wrap\">\n\t\t\t\t\t\t\t<\/div>\n\t\t<\/div>\n\t\t\t\t\t<\/div>\n\t\t<\/section>\n\t\t\t\t\t<\/div>\n\t\t<\/div>\n\t\t\t\t\t<\/div>\n\t\t<\/section>\n\t\t\t\t<section class=\"elementor-section elementor-top-section elementor-element elementor-element-8411806 elementor-section-boxed elementor-section-height-default elementor-section-height-default\" data-id=\"8411806\" data-element_type=\"section\" data-e-type=\"section\" data-settings=\"{&quot;background_background&quot;:&quot;classic&quot;}\">\n\t\t\t\t\t\t<div class=\"elementor-container elementor-column-gap-extended\">\n\t\t\t\t\t<div class=\"elementor-column elementor-col-100 elementor-top-column elementor-element elementor-element-f7ed545\" data-id=\"f7ed545\" data-element_type=\"column\" data-e-type=\"column\">\n\t\t\t<div class=\"elementor-widget-wrap elementor-element-populated\">\n\t\t\t\t\t\t<div class=\"elementor-element elementor-element-e8fc40b elementor-widget elementor-widget-heading\" data-id=\"e8fc40b\" data-element_type=\"widget\" data-e-type=\"widget\" data-widget_type=\"heading.default\">\n\t\t\t\t<div class=\"elementor-widget-container\">\n\t\t\t\t\t<h2 class=\"elementor-heading-title elementor-size-default\">Habla con una persona, no con un sistema de reservas<\/h2>\t\t\t\t<\/div>\n\t\t\t\t<\/div>\n\t\t\t\t<div class=\"elementor-element elementor-element-cd78619 elementor-widget elementor-widget-text-editor\" data-id=\"cd78619\" data-element_type=\"widget\" data-e-type=\"widget\" data-widget_type=\"text-editor.default\">\n\t\t\t\t<div class=\"elementor-widget-container\">\n\t\t\t\t\t\t\t\t\t<p>Somos un peque\u00f1o equipo de Faro y llevamos viajando desde 2017. Env\u00edanos un mensaje con los horarios de tus vuelos, tu ruta o cualquier duda que tengas, y te responder\u00e1 una persona, normalmente en cuesti\u00f3n de minutos. <\/p>\t\t\t\t\t\t\t\t<\/div>\n\t\t\t\t<\/div>\n\t\t\t\t<div class=\"elementor-element elementor-element-2e62650 elementor-align-center elementor-mobile-align-center elementor-widget elementor-widget-button\" data-id=\"2e62650\" data-element_type=\"widget\" data-e-type=\"widget\" data-widget_type=\"button.default\">\n\t\t\t\t<div class=\"elementor-widget-container\">\n\t\t\t\t\t\t\t\t\t<div class=\"elementor-button-wrapper\">\n\t\t\t\t\t<a class=\"elementor-button elementor-button-link elementor-size-sm\" href=\"https:\/\/wa.me\/351920301044?text=Hi%20Ocean%20Camper%2C%20I%20would%20like%20to%20rent%20a%20campervan.\" target=\"_blank\">\n\t\t\t\t\t\t<span class=\"elementor-button-content-wrapper\">\n\t\t\t\t\t\t<span class=\"elementor-button-icon\">\n\t\t\t\t<i aria-hidden=\"true\" class=\"fab fa-whatsapp\"><\/i>\t\t\t<\/span>\n\t\t\t\t\t\t\t\t\t<span class=\"elementor-button-text\">Env\u00edanos un mensaje por WhatsApp<\/span>\n\t\t\t\t\t<\/span>\n\t\t\t\t\t<\/a>\n\t\t\t\t<\/div>\n\t\t\t\t\t\t\t\t<\/div>\n\t\t\t\t<\/div>\n\t\t\t\t<div class=\"elementor-element elementor-element-38eeda3 elementor-widget elementor-widget-text-editor\" data-id=\"38eeda3\" data-element_type=\"widget\" data-e-type=\"widget\" data-widget_type=\"text-editor.default\">\n\t\t\t\t<div class=\"elementor-widget-container\">\n\t\t\t\t\t\t\t\t\t<p>\u00bfPrefieres llamarme?  <a href=\"tel:+351920301044\">+351 920 301 044<\/a><\/p>\t\t\t\t\t\t\t\t<\/div>\n\t\t\t\t<\/div>\n\t\t\t\t\t<\/div>\n\t\t<\/div>\n\t\t\t\t\t<\/div>\n\t\t<\/section>\n\t\t\t\t<section class=\"elementor-section elementor-inner-section elementor-element elementor-element-60eaba5c elementor-section-boxed elementor-section-height-default elementor-section-height-default elementor-invisible\" data-id=\"60eaba5c\" data-element_type=\"section\" data-e-type=\"section\" data-settings=\"{&quot;animation&quot;:&quot;fadeInUp&quot;}\">\n\t\t\t\t\t\t<div class=\"elementor-container elementor-column-gap-default\">\n\t\t\t\t\t<div class=\"elementor-column elementor-col-100 elementor-inner-column elementor-element elementor-element-370df1c3\" data-id=\"370df1c3\" data-element_type=\"column\" data-e-type=\"column\" data-settings=\"{&quot;background_background&quot;:&quot;classic&quot;}\">\n\t\t\t<div class=\"elementor-widget-wrap elementor-element-populated\">\n\t\t\t\t\t<div class=\"elementor-background-overlay\"><\/div>\n\t\t\t\t\t\t<div class=\"elementor-element elementor-element-1a800b56 elementor-widget elementor-widget-heading\" data-id=\"1a800b56\" data-element_type=\"widget\" data-e-type=\"widget\" data-widget_type=\"heading.default\">\n\t\t\t\t<div class=\"elementor-widget-container\">\n\t\t\t\t\t<h2 class=\"elementor-heading-title elementor-size-default\">Nuestras furgonetas camper<\/h2>\t\t\t\t<\/div>\n\t\t\t\t<\/div>\n\t\t\t\t<div class=\"elementor-element elementor-element-3e5335dd elementor-widget elementor-widget-text-editor\" data-id=\"3e5335dd\" data-element_type=\"widget\" data-e-type=\"widget\" data-widget_type=\"text-editor.default\">\n\t\t\t\t<div class=\"elementor-widget-container\">\n\t\t\t\t\t\t\t\t\t<p>Cinco furgonetas, todas totalmente equipadas. Cuatro tienen capacidad para dos personas y una para tres. Reserva m\u00ednima de dos noches.  <\/p>\t\t\t\t\t\t\t\t<\/div>\n\t\t\t\t<\/div>\n\t\t\t\t<div class=\"elementor-element elementor-element-86639ec elementor-arrows-position-outside elementor-pagination-type-bullets elementor-pagination-position-outside elementor-widget elementor-widget-n-carousel\" data-id=\"86639ec\" data-element_type=\"widget\" data-e-type=\"widget\" data-settings=\"{&quot;carousel_items&quot;:[{&quot;slide_title&quot;:&quot;Indigo&quot;,&quot;_id&quot;:&quot;c3fdd06&quot;},{&quot;slide_title&quot;:&quot;Bohemian&quot;,&quot;_id&quot;:&quot;cb7cf73&quot;},{&quot;slide_title&quot;:&quot;Vagabond&quot;,&quot;_id&quot;:&quot;1e21016&quot;},{&quot;slide_title&quot;:&quot;Atlantic&quot;,&quot;_id&quot;:&quot;c73c347&quot;},{&quot;slide_title&quot;:&quot;Indigo&quot;,&quot;_id&quot;:&quot;e5a1b47&quot;}],&quot;image_spacing_custom&quot;:{&quot;unit&quot;:&quot;px&quot;,&quot;size&quot;:20,&quot;sizes&quot;:[]},&quot;slides_to_show&quot;:&quot;3&quot;,&quot;image_spacing_custom_mobile&quot;:{&quot;unit&quot;:&quot;px&quot;,&quot;size&quot;:0,&quot;sizes&quot;:[]},&quot;autoplay_speed&quot;:2500,&quot;slides_to_show_tablet&quot;:&quot;2&quot;,&quot;slides_to_show_mobile&quot;:&quot;1&quot;,&quot;autoplay&quot;:&quot;yes&quot;,&quot;pause_on_interaction&quot;:&quot;yes&quot;,&quot;infinite&quot;:&quot;yes&quot;,&quot;speed&quot;:500,&quot;offset_sides&quot;:&quot;none&quot;,&quot;arrows&quot;:&quot;yes&quot;,&quot;pagination&quot;:&quot;bullets&quot;,&quot;image_spacing_custom_tablet&quot;:{&quot;unit&quot;:&quot;px&quot;,&quot;size&quot;:&quot;&quot;,&quot;sizes&quot;:[]}}\" data-widget_type=\"nested-carousel.default\">\n\t\t\t\t<div class=\"elementor-widget-container\">\n\t\t\t\t\t\t\t<div class=\"e-n-carousel swiper\" role=\"region\" aria-roledescription=\"carousel\" aria-label=\"Carousel\" dir=\"ltr\">\n\t\t\t<div class=\"swiper-wrapper\" aria-live=\"off\">\n\t\t\t\t\t\t\t\t\t\t<div class=\"swiper-slide\" data-slide=\"1\" role=\"group\" aria-roledescription=\"slide\" aria-label=\"1 of 5\">\n\t\t\t\t\t\t\t<div class=\"elementor-element elementor-element-19b0b58 e-flex e-con-boxed e-con e-child\" data-id=\"19b0b58\" data-element_type=\"container\" data-e-type=\"container\">\n\t\t\t\t\t<div class=\"e-con-inner\">\n\t\t<div class=\"elementor-element elementor-element-f781332 e-con-full e-flex e-con e-child\" data-id=\"f781332\" data-element_type=\"container\" data-e-type=\"container\">\n\t\t\t\t<div class=\"elementor-element elementor-element-990ea6d elementor-widget elementor-widget-heading\" data-id=\"990ea6d\" data-element_type=\"widget\" data-e-type=\"widget\" data-widget_type=\"heading.default\">\n\t\t\t\t<div class=\"elementor-widget-container\">\n\t\t\t\t\t<h3 class=\"elementor-heading-title elementor-size-default\">Indigo<\/h3>\t\t\t\t<\/div>\n\t\t\t\t<\/div>\n\t\t\t\t<div class=\"elementor-element elementor-element-1ce9a83 elementor-widget elementor-widget-image\" data-id=\"1ce9a83\" data-element_type=\"widget\" data-e-type=\"widget\" data-widget_type=\"image.default\">\n\t\t\t\t<div class=\"elementor-widget-container\">\n\t\t\t\t\t\t\t\t\t\t\t\t\t\t\t<img loading=\"lazy\" decoding=\"async\" width=\"800\" height=\"450\" src=\"https:\/\/oceancamper.com\/wp-content\/uploads\/2025\/03\/campervans-hire-algarve-portugal-min-1024x576.jpg\" class=\"attachment-large size-large wp-image-163728\" alt=\"Autocaravana Indigo con la puerta lateral abierta, la cama hecha y la cocina a la vista\" srcset=\"https:\/\/oceancamper.com\/wp-content\/uploads\/2025\/03\/campervans-hire-algarve-portugal-min-1024x576.jpg 1024w, https:\/\/oceancamper.com\/wp-content\/uploads\/2025\/03\/campervans-hire-algarve-portugal-min-300x169.jpg 300w, https:\/\/oceancamper.com\/wp-content\/uploads\/2025\/03\/campervans-hire-algarve-portugal-min-768x432.jpg 768w, https:\/\/oceancamper.com\/wp-content\/uploads\/2025\/03\/campervans-hire-algarve-portugal-min-1536x864.jpg 1536w, https:\/\/oceancamper.com\/wp-content\/uploads\/2025\/03\/campervans-hire-algarve-portugal-min-2048x1152.jpg 2048w, https:\/\/oceancamper.com\/wp-content\/uploads\/2025\/03\/campervans-hire-algarve-portugal-min-240x135.jpg 240w\" sizes=\"(max-width: 800px) 100vw, 800px\" \/>\t\t\t\t\t\t\t\t\t\t\t\t\t\t\t<\/div>\n\t\t\t\t<\/div>\n\t\t\t\t<div class=\"elementor-element elementor-element-75aad58 elementor-widget elementor-widget-text-editor\" data-id=\"75aad58\" data-element_type=\"widget\" data-e-type=\"widget\" data-widget_type=\"text-editor.default\">\n\t\t\t\t<div class=\"elementor-widget-container\">\n\t\t\t\t\t\t\t\t\t<p style=\"margin:0 0 7px;line-height:1.5\">Capacidad: <strong>2 personas<\/strong><\/p><p style=\"margin:0 0 7px;line-height:1.5\">Panel solar: <strong>S\u00ed, 170W<\/strong><\/p><p style=\"margin:0 0 7px;line-height:1.5\">2.\u00aa bater\u00eda: <strong>S\u00ed<\/strong><\/p><p style=\"margin:0 0 7px;line-height:1.5\">Tama\u00f1o de la cama: <strong>1,9 x 1,4 m<\/strong><\/p><p style=\"margin:0 0 7px;line-height:1.5\">Refrigeraci\u00f3n: <strong>Frigor\u00edfico 32L<\/strong><\/p><p style=\"margin:0 0 7px;line-height:1.5\">Transmisi\u00f3n: <strong>Manual<\/strong><\/p>\t\t\t\t\t\t\t\t<\/div>\n\t\t\t\t<\/div>\n\t\t\t\t<div class=\"elementor-element elementor-element-89e5d75 elementor-align-center elementor-tablet-align-center elementor-mobile-align-center elementor-widget elementor-widget-button\" data-id=\"89e5d75\" data-element_type=\"widget\" data-e-type=\"widget\" data-widget_type=\"button.default\">\n\t\t\t\t<div class=\"elementor-widget-container\">\n\t\t\t\t\t\t\t\t\t<div class=\"elementor-button-wrapper\">\n\t\t\t\t\t<a class=\"elementor-button elementor-button-link elementor-size-sm elementor-animation-pop\" href=\"https:\/\/oceancamper.com\/es\/autocaravanas\/indigo-mini-furgoneta-camping\/\">\n\t\t\t\t\t\t<span class=\"elementor-button-content-wrapper\">\n\t\t\t\t\t\t\t\t\t<span class=\"elementor-button-text\">M\u00c1S INFO<\/span>\n\t\t\t\t\t<\/span>\n\t\t\t\t\t<\/a>\n\t\t\t\t<\/div>\n\t\t\t\t\t\t\t\t<\/div>\n\t\t\t\t<\/div>\n\t\t\t\t<div class=\"elementor-element elementor-element-528f864 elementor-align-center elementor-tablet-align-center elementor-mobile-align-center elementor-widget elementor-widget-button\" data-id=\"528f864\" data-element_type=\"widget\" data-e-type=\"widget\" data-widget_type=\"button.default\">\n\t\t\t\t<div class=\"elementor-widget-container\">\n\t\t\t\t\t\t\t\t\t<div class=\"elementor-button-wrapper\">\n\t\t\t\t\t<a class=\"elementor-button elementor-button-link elementor-size-sm elementor-animation-pop\" href=\"https:\/\/oceancamper.com\/es\/reservas\/\">\n\t\t\t\t\t\t<span class=\"elementor-button-content-wrapper\">\n\t\t\t\t\t\t\t\t\t<span class=\"elementor-button-text\">RESERVA AHORA<\/span>\n\t\t\t\t\t<\/span>\n\t\t\t\t\t<\/a>\n\t\t\t\t<\/div>\n\t\t\t\t\t\t\t\t<\/div>\n\t\t\t\t<\/div>\n\t\t\t\t<\/div>\n\t\t\t\t\t<\/div>\n\t\t\t\t<\/div>\n\t\t\t\t\t\t\t\t<\/div>\n\t\t\t\t\t\t\t\t\t\t\t<div class=\"swiper-slide\" data-slide=\"2\" role=\"group\" aria-roledescription=\"slide\" aria-label=\"2 of 5\">\n\t\t\t\t\t\t\t<div class=\"elementor-element elementor-element-364deb9 e-flex e-con-boxed e-con e-child\" data-id=\"364deb9\" data-element_type=\"container\" data-e-type=\"container\">\n\t\t\t\t\t<div class=\"e-con-inner\">\n\t\t<div class=\"elementor-element elementor-element-ff4f892 e-con-full e-flex e-con e-child\" data-id=\"ff4f892\" data-element_type=\"container\" data-e-type=\"container\">\n\t\t\t\t<div class=\"elementor-element elementor-element-701c9b3 elementor-widget elementor-widget-heading\" data-id=\"701c9b3\" data-element_type=\"widget\" data-e-type=\"widget\" data-widget_type=\"heading.default\">\n\t\t\t\t<div class=\"elementor-widget-container\">\n\t\t\t\t\t<h3 class=\"elementor-heading-title elementor-size-default\">Oasis Autom\u00e1tico<\/h3>\t\t\t\t<\/div>\n\t\t\t\t<\/div>\n\t\t\t\t<div class=\"elementor-element elementor-element-fae4366 elementor-widget elementor-widget-image\" data-id=\"fae4366\" data-element_type=\"widget\" data-e-type=\"widget\" data-widget_type=\"image.default\">\n\t\t\t\t<div class=\"elementor-widget-container\">\n\t\t\t\t\t\t\t\t\t\t\t\t\t\t\t<img loading=\"lazy\" decoding=\"async\" width=\"800\" height=\"537\" src=\"https:\/\/oceancamper.com\/wp-content\/uploads\/2026\/08\/oasis-automatic-campervan-rental-portugal-1024x687.webp\" class=\"attachment-large size-large wp-image-269720\" alt=\"Autocaravana Oasis Automatic aparcada en la arena junto al mar\" srcset=\"https:\/\/oceancamper.com\/wp-content\/uploads\/2026\/08\/oasis-automatic-campervan-rental-portugal-1024x687.webp 1024w, https:\/\/oceancamper.com\/wp-content\/uploads\/2026\/08\/oasis-automatic-campervan-rental-portugal-300x201.webp 300w, https:\/\/oceancamper.com\/wp-content\/uploads\/2026\/08\/oasis-automatic-campervan-rental-portugal-768x515.webp 768w, https:\/\/oceancamper.com\/wp-content\/uploads\/2026\/08\/oasis-automatic-campervan-rental-portugal-1536x1030.webp 1536w, https:\/\/oceancamper.com\/wp-content\/uploads\/2026\/08\/oasis-automatic-campervan-rental-portugal-240x161.webp 240w, https:\/\/oceancamper.com\/wp-content\/uploads\/2026\/08\/oasis-automatic-campervan-rental-portugal.webp 1600w\" sizes=\"(max-width: 800px) 100vw, 800px\" \/>\t\t\t\t\t\t\t\t\t\t\t\t\t\t\t<\/div>\n\t\t\t\t<\/div>\n\t\t\t\t<div class=\"elementor-element elementor-element-1fdaaf2 elementor-widget elementor-widget-text-editor\" data-id=\"1fdaaf2\" data-element_type=\"widget\" data-e-type=\"widget\" data-widget_type=\"text-editor.default\">\n\t\t\t\t<div class=\"elementor-widget-container\">\n\t\t\t\t\t\t\t\t\t<p style=\"margin:0 0 7px;line-height:1.5\">Capacidad: <strong>2 personas<\/strong><\/p><p style=\"margin:0 0 7px;line-height:1.5\">Panel solar: <strong>S\u00ed, 170W<\/strong><\/p><p style=\"margin:0 0 7px;line-height:1.5\">2.\u00aa bater\u00eda: <strong>S\u00ed<\/strong><\/p><p style=\"margin:0 0 7px;line-height:1.5\">Tama\u00f1o de la cama: <strong>1,9 x 1,4 m<\/strong><\/p><p style=\"margin:0 0 7px;line-height:1.5\">Refrigeraci\u00f3n: <strong>Frigor\u00edfico 32L<\/strong><\/p><p style=\"margin:0 0 7px;line-height:1.5\">Transmisi\u00f3n: <strong>Autom\u00e1tica<\/strong><\/p>\t\t\t\t\t\t\t\t<\/div>\n\t\t\t\t<\/div>\n\t\t\t\t<div class=\"elementor-element elementor-element-4faa80d elementor-align-center elementor-tablet-align-center elementor-mobile-align-center elementor-widget elementor-widget-button\" data-id=\"4faa80d\" data-element_type=\"widget\" data-e-type=\"widget\" data-widget_type=\"button.default\">\n\t\t\t\t<div class=\"elementor-widget-container\">\n\t\t\t\t\t\t\t\t\t<div class=\"elementor-button-wrapper\">\n\t\t\t\t\t<a class=\"elementor-button elementor-button-link elementor-size-sm elementor-animation-pop\" href=\"https:\/\/oceancamper.com\/es\/autocaravanas\/oasis-autocaravana-automatica\/\">\n\t\t\t\t\t\t<span class=\"elementor-button-content-wrapper\">\n\t\t\t\t\t\t\t\t\t<span class=\"elementor-button-text\">M\u00c1S INFO<\/span>\n\t\t\t\t\t<\/span>\n\t\t\t\t\t<\/a>\n\t\t\t\t<\/div>\n\t\t\t\t\t\t\t\t<\/div>\n\t\t\t\t<\/div>\n\t\t\t\t<div class=\"elementor-element elementor-element-b950b4e elementor-align-center elementor-tablet-align-center elementor-mobile-align-center elementor-widget elementor-widget-button\" data-id=\"b950b4e\" data-element_type=\"widget\" data-e-type=\"widget\" data-widget_type=\"button.default\">\n\t\t\t\t<div class=\"elementor-widget-container\">\n\t\t\t\t\t\t\t\t\t<div class=\"elementor-button-wrapper\">\n\t\t\t\t\t<a class=\"elementor-button elementor-button-link elementor-size-sm elementor-animation-pop\" href=\"https:\/\/oceancamper.com\/es\/reservas\/\">\n\t\t\t\t\t\t<span class=\"elementor-button-content-wrapper\">\n\t\t\t\t\t\t\t\t\t<span class=\"elementor-button-text\">RESERVA AHORA<\/span>\n\t\t\t\t\t<\/span>\n\t\t\t\t\t<\/a>\n\t\t\t\t<\/div>\n\t\t\t\t\t\t\t\t<\/div>\n\t\t\t\t<\/div>\n\t\t\t\t<\/div>\n\t\t\t\t\t<\/div>\n\t\t\t\t<\/div>\n\t\t\t\t\t\t\t\t<\/div>\n\t\t\t\t\t\t\t\t\t\t\t<div class=\"swiper-slide\" data-slide=\"3\" role=\"group\" aria-roledescription=\"slide\" aria-label=\"3 of 5\">\n\t\t\t\t\t\t\t<div class=\"elementor-element elementor-element-7a69c82 e-flex e-con-boxed e-con e-child\" data-id=\"7a69c82\" data-element_type=\"container\" data-e-type=\"container\">\n\t\t\t\t\t<div class=\"e-con-inner\">\n\t\t<div class=\"elementor-element elementor-element-381f2aa e-con-full e-flex e-con e-child\" data-id=\"381f2aa\" data-element_type=\"container\" data-e-type=\"container\">\n\t\t\t\t<div class=\"elementor-element elementor-element-8fe5150 elementor-widget elementor-widget-heading\" data-id=\"8fe5150\" data-element_type=\"widget\" data-e-type=\"widget\" data-widget_type=\"heading.default\">\n\t\t\t\t<div class=\"elementor-widget-container\">\n\t\t\t\t\t<h3 class=\"elementor-heading-title elementor-size-default\">Bohemian<\/h3>\t\t\t\t<\/div>\n\t\t\t\t<\/div>\n\t\t\t\t<div class=\"elementor-element elementor-element-16cc5bf elementor-widget elementor-widget-image\" data-id=\"16cc5bf\" data-element_type=\"widget\" data-e-type=\"widget\" data-widget_type=\"image.default\">\n\t\t\t\t<div class=\"elementor-widget-container\">\n\t\t\t\t\t\t\t\t\t\t\t\t\t\t\t<img decoding=\"async\" src=\"https:\/\/oceancamper.com\/wp-content\/uploads\/elementor\/thumbs\/Bohemian-4-min-2-1-qlq8440lrzc3krh0wfzyzzx42nuugtbecc5a3cmow4.jpg\" title=\"Ocean Camper Bohemian autocaravana Algarve\" alt=\"Una autocaravana de estilo bohemio con una tabla de surf en el portaequipajes y los asientos de exterior montados\" loading=\"lazy\" \/>\t\t\t\t\t\t\t\t\t\t\t\t\t\t\t<\/div>\n\t\t\t\t<\/div>\n\t\t\t\t<div class=\"elementor-element elementor-element-e0a93f2 elementor-widget elementor-widget-text-editor\" data-id=\"e0a93f2\" data-element_type=\"widget\" data-e-type=\"widget\" data-widget_type=\"text-editor.default\">\n\t\t\t\t<div class=\"elementor-widget-container\">\n\t\t\t\t\t\t\t\t\t<p style=\"margin:0 0 7px;line-height:1.5\">Capacidad: <strong>3 personas<\/strong><\/p><p style=\"margin:0 0 7px;line-height:1.5\">Panel solar: <strong>S\u00ed, 170W<\/strong><\/p><p style=\"margin:0 0 7px;line-height:1.5\">2.\u00aa bater\u00eda: <strong>S\u00ed<\/strong><\/p><p style=\"margin:0 0 7px;line-height:1.5\">Tama\u00f1o de la cama: <strong>2&#215;1,8 m<\/strong><\/p><p style=\"margin:0 0 7px;line-height:1.5\">Refrigeraci\u00f3n: <strong>Frigor\u00edfico 45L<\/strong><\/p><p style=\"margin:0 0 7px;line-height:1.5\">Transmisi\u00f3n: <strong>Manual<\/strong><\/p>\t\t\t\t\t\t\t\t<\/div>\n\t\t\t\t<\/div>\n\t\t\t\t<div class=\"elementor-element elementor-element-cd16a8b elementor-align-center elementor-tablet-align-center elementor-mobile-align-center elementor-widget elementor-widget-button\" data-id=\"cd16a8b\" data-element_type=\"widget\" data-e-type=\"widget\" data-widget_type=\"button.default\">\n\t\t\t\t<div class=\"elementor-widget-container\">\n\t\t\t\t\t\t\t\t\t<div class=\"elementor-button-wrapper\">\n\t\t\t\t\t<a class=\"elementor-button elementor-button-link elementor-size-sm elementor-animation-pop\" href=\"https:\/\/oceancamper.com\/es\/autocaravanas\/campervan-bohemia\/\">\n\t\t\t\t\t\t<span class=\"elementor-button-content-wrapper\">\n\t\t\t\t\t\t\t\t\t<span class=\"elementor-button-text\">M\u00c1S INFO<\/span>\n\t\t\t\t\t<\/span>\n\t\t\t\t\t<\/a>\n\t\t\t\t<\/div>\n\t\t\t\t\t\t\t\t<\/div>\n\t\t\t\t<\/div>\n\t\t\t\t<div class=\"elementor-element elementor-element-c0e3e87 elementor-align-center elementor-tablet-align-center elementor-mobile-align-center elementor-widget elementor-widget-button\" data-id=\"c0e3e87\" data-element_type=\"widget\" data-e-type=\"widget\" data-widget_type=\"button.default\">\n\t\t\t\t<div class=\"elementor-widget-container\">\n\t\t\t\t\t\t\t\t\t<div class=\"elementor-button-wrapper\">\n\t\t\t\t\t<a class=\"elementor-button elementor-button-link elementor-size-sm elementor-animation-pop\" href=\"https:\/\/oceancamper.com\/es\/reservas\/\">\n\t\t\t\t\t\t<span class=\"elementor-button-content-wrapper\">\n\t\t\t\t\t\t\t\t\t<span class=\"elementor-button-text\">RESERVA AHORA<\/span>\n\t\t\t\t\t<\/span>\n\t\t\t\t\t<\/a>\n\t\t\t\t<\/div>\n\t\t\t\t\t\t\t\t<\/div>\n\t\t\t\t<\/div>\n\t\t\t\t<\/div>\n\t\t\t\t\t<\/div>\n\t\t\t\t<\/div>\n\t\t\t\t\t\t\t\t<\/div>\n\t\t\t\t\t\t\t\t\t\t\t<div class=\"swiper-slide\" data-slide=\"4\" role=\"group\" aria-roledescription=\"slide\" aria-label=\"4 of 5\">\n\t\t\t\t\t\t\t<div class=\"elementor-element elementor-element-929f18a e-flex e-con-boxed e-con e-child\" data-id=\"929f18a\" data-element_type=\"container\" data-e-type=\"container\">\n\t\t\t\t\t<div class=\"e-con-inner\">\n\t\t<div class=\"elementor-element elementor-element-92d3b02 e-con-full e-flex e-con e-child\" data-id=\"92d3b02\" data-element_type=\"container\" data-e-type=\"container\">\n\t\t\t\t<div class=\"elementor-element elementor-element-5793c29 elementor-widget elementor-widget-heading\" data-id=\"5793c29\" data-element_type=\"widget\" data-e-type=\"widget\" data-widget_type=\"heading.default\">\n\t\t\t\t<div class=\"elementor-widget-container\">\n\t\t\t\t\t<h3 class=\"elementor-heading-title elementor-size-default\">Vagabond<\/h3>\t\t\t\t<\/div>\n\t\t\t\t<\/div>\n\t\t\t\t<div class=\"elementor-element elementor-element-d3787df elementor-widget elementor-widget-image\" data-id=\"d3787df\" data-element_type=\"widget\" data-e-type=\"widget\" data-widget_type=\"image.default\">\n\t\t\t\t<div class=\"elementor-widget-container\">\n\t\t\t\t\t\t\t\t\t\t\t\t\t\t\t<img loading=\"lazy\" decoding=\"async\" width=\"800\" height=\"534\" src=\"https:\/\/oceancamper.com\/wp-content\/uploads\/2022\/02\/Vagabond1-min-2-1024x683.jpeg\" class=\"attachment-large size-large wp-image-80758\" alt=\"Autocaravana \u00abVagabond\u00bb con las puertas traseras abiertas, en la que se ve la cama y la cocina extra\u00edble\" srcset=\"https:\/\/oceancamper.com\/wp-content\/uploads\/2022\/02\/Vagabond1-min-2-1024x683.jpeg 1024w, https:\/\/oceancamper.com\/wp-content\/uploads\/2022\/02\/Vagabond1-min-2-300x200.jpeg 300w, https:\/\/oceancamper.com\/wp-content\/uploads\/2022\/02\/Vagabond1-min-2-768x512.jpeg 768w, https:\/\/oceancamper.com\/wp-content\/uploads\/2022\/02\/Vagabond1-min-2.jpeg 1200w\" sizes=\"(max-width: 800px) 100vw, 800px\" \/>\t\t\t\t\t\t\t\t\t\t\t\t\t\t\t<\/div>\n\t\t\t\t<\/div>\n\t\t\t\t<div class=\"elementor-element elementor-element-772b986 elementor-widget elementor-widget-text-editor\" data-id=\"772b986\" data-element_type=\"widget\" data-e-type=\"widget\" data-widget_type=\"text-editor.default\">\n\t\t\t\t<div class=\"elementor-widget-container\">\n\t\t\t\t\t\t\t\t\t<p style=\"margin:0 0 7px;line-height:1.5\">Capacidad: <strong>2 personas<\/strong><\/p><p style=\"margin:0 0 7px;line-height:1.5\">Panel solar: <strong>No<\/strong><\/p><p style=\"margin:0 0 7px;line-height:1.5\">2.\u00aa bater\u00eda: <strong>S\u00ed<\/strong><\/p><p style=\"margin:0 0 7px;line-height:1.5\">Tama\u00f1o de la cama: <strong>1,9 x 1,4 m<\/strong><\/p><p style=\"margin:0 0 7px;line-height:1.5\">Refrigeraci\u00f3n: <strong>nevera port\u00e1til de 20 litros, hay que ponerle hielo<\/strong><\/p><p style=\"margin:0 0 7px;line-height:1.5\">Transmisi\u00f3n: <strong>Manual<\/strong><\/p>\t\t\t\t\t\t\t\t<\/div>\n\t\t\t\t<\/div>\n\t\t\t\t<div class=\"elementor-element elementor-element-e3cf5a6 elementor-align-center elementor-tablet-align-center elementor-mobile-align-center elementor-widget elementor-widget-button\" data-id=\"e3cf5a6\" data-element_type=\"widget\" data-e-type=\"widget\" data-widget_type=\"button.default\">\n\t\t\t\t<div class=\"elementor-widget-container\">\n\t\t\t\t\t\t\t\t\t<div class=\"elementor-button-wrapper\">\n\t\t\t\t\t<a class=\"elementor-button elementor-button-link elementor-size-sm elementor-animation-pop\" href=\"https:\/\/oceancamper.com\/es\/autocaravanas\/furgoneta-camping-mini-vagabunda\/\">\n\t\t\t\t\t\t<span class=\"elementor-button-content-wrapper\">\n\t\t\t\t\t\t\t\t\t<span class=\"elementor-button-text\">M\u00c1S INFO<\/span>\n\t\t\t\t\t<\/span>\n\t\t\t\t\t<\/a>\n\t\t\t\t<\/div>\n\t\t\t\t\t\t\t\t<\/div>\n\t\t\t\t<\/div>\n\t\t\t\t<div class=\"elementor-element elementor-element-7f7eef7 elementor-align-center elementor-tablet-align-center elementor-mobile-align-center elementor-widget elementor-widget-button\" data-id=\"7f7eef7\" data-element_type=\"widget\" data-e-type=\"widget\" data-widget_type=\"button.default\">\n\t\t\t\t<div class=\"elementor-widget-container\">\n\t\t\t\t\t\t\t\t\t<div class=\"elementor-button-wrapper\">\n\t\t\t\t\t<a class=\"elementor-button elementor-button-link elementor-size-sm elementor-animation-pop\" href=\"https:\/\/oceancamper.com\/es\/reservas\/\">\n\t\t\t\t\t\t<span class=\"elementor-button-content-wrapper\">\n\t\t\t\t\t\t\t\t\t<span class=\"elementor-button-text\">RESERVA AHORA<\/span>\n\t\t\t\t\t<\/span>\n\t\t\t\t\t<\/a>\n\t\t\t\t<\/div>\n\t\t\t\t\t\t\t\t<\/div>\n\t\t\t\t<\/div>\n\t\t\t\t<\/div>\n\t\t\t\t\t<\/div>\n\t\t\t\t<\/div>\n\t\t\t\t\t\t\t\t<\/div>\n\t\t\t\t\t\t\t\t\t\t\t<div class=\"swiper-slide\" data-slide=\"5\" role=\"group\" aria-roledescription=\"slide\" aria-label=\"5 of 5\">\n\t\t\t\t\t\t\t<div class=\"elementor-element elementor-element-6322c8c e-flex e-con-boxed e-con e-child\" data-id=\"6322c8c\" data-element_type=\"container\" data-e-type=\"container\">\n\t\t\t\t\t<div class=\"e-con-inner\">\n\t\t<div class=\"elementor-element elementor-element-a13a078 e-con-full e-flex e-con e-child\" data-id=\"a13a078\" data-element_type=\"container\" data-e-type=\"container\">\n\t\t\t\t<div class=\"elementor-element elementor-element-bc29380 elementor-widget elementor-widget-heading\" data-id=\"bc29380\" data-element_type=\"widget\" data-e-type=\"widget\" data-widget_type=\"heading.default\">\n\t\t\t\t<div class=\"elementor-widget-container\">\n\t\t\t\t\t<h3 class=\"elementor-heading-title elementor-size-default\">Atlanic<\/h3>\t\t\t\t<\/div>\n\t\t\t\t<\/div>\n\t\t\t\t<div class=\"elementor-element elementor-element-1633c60 elementor-widget elementor-widget-image\" data-id=\"1633c60\" data-element_type=\"widget\" data-e-type=\"widget\" data-widget_type=\"image.default\">\n\t\t\t\t<div class=\"elementor-widget-container\">\n\t\t\t\t\t\t\t\t\t\t\t\t\t\t\t<img loading=\"lazy\" decoding=\"async\" width=\"800\" height=\"533\" src=\"https:\/\/oceancamper.com\/wp-content\/uploads\/2022\/02\/Atlantic8-min-1-1024x682.jpeg\" class=\"attachment-large size-large wp-image-80804\" alt=\"Una autocaravana Atlanic aparcada en un camino costero con el port\u00f3n trasero abierto\" srcset=\"https:\/\/oceancamper.com\/wp-content\/uploads\/2022\/02\/Atlantic8-min-1-1024x682.jpeg 1024w, https:\/\/oceancamper.com\/wp-content\/uploads\/2022\/02\/Atlantic8-min-1-300x200.jpeg 300w, https:\/\/oceancamper.com\/wp-content\/uploads\/2022\/02\/Atlantic8-min-1-768x512.jpeg 768w, https:\/\/oceancamper.com\/wp-content\/uploads\/2022\/02\/Atlantic8-min-1-1536x1024.jpeg 1536w, https:\/\/oceancamper.com\/wp-content\/uploads\/2022\/02\/Atlantic8-min-1.jpeg 1598w\" sizes=\"(max-width: 800px) 100vw, 800px\" \/>\t\t\t\t\t\t\t\t\t\t\t\t\t\t\t<\/div>\n\t\t\t\t<\/div>\n\t\t\t\t<div class=\"elementor-element elementor-element-a63e26c elementor-widget elementor-widget-text-editor\" data-id=\"a63e26c\" data-element_type=\"widget\" data-e-type=\"widget\" data-widget_type=\"text-editor.default\">\n\t\t\t\t<div class=\"elementor-widget-container\">\n\t\t\t\t\t\t\t\t\t<p style=\"margin:0 0 7px;line-height:1.5\">Capacidad: <strong>2 personas<\/strong><\/p><p style=\"margin:0 0 7px;line-height:1.5\">Panel solar: <strong>No<\/strong><\/p><p style=\"margin:0 0 7px;line-height:1.5\">2.\u00aa bater\u00eda: <strong>No<\/strong><\/p><p style=\"margin:0 0 7px;line-height:1.5\">Tama\u00f1o de la cama: <strong>1,9 x 1,4 m<\/strong><\/p><p style=\"margin:0 0 7px;line-height:1.5\">Refrigeraci\u00f3n: <strong>nevera port\u00e1til de 20 litros, hay que ponerle hielo<\/strong><\/p><p style=\"margin:0 0 7px;line-height:1.5\">Transmisi\u00f3n: <strong>Manual<\/strong><\/p>\t\t\t\t\t\t\t\t<\/div>\n\t\t\t\t<\/div>\n\t\t\t\t<div class=\"elementor-element elementor-element-1255e52 elementor-align-center elementor-tablet-align-center elementor-mobile-align-center elementor-widget elementor-widget-button\" data-id=\"1255e52\" data-element_type=\"widget\" data-e-type=\"widget\" data-widget_type=\"button.default\">\n\t\t\t\t<div class=\"elementor-widget-container\">\n\t\t\t\t\t\t\t\t\t<div class=\"elementor-button-wrapper\">\n\t\t\t\t\t<a class=\"elementor-button elementor-button-link elementor-size-sm elementor-animation-pop\" href=\"https:\/\/oceancamper.com\/es\/autocaravanas\/atlantic-mini-furgoneta-camping\/\">\n\t\t\t\t\t\t<span class=\"elementor-button-content-wrapper\">\n\t\t\t\t\t\t\t\t\t<span class=\"elementor-button-text\">M\u00c1S INFO<\/span>\n\t\t\t\t\t<\/span>\n\t\t\t\t\t<\/a>\n\t\t\t\t<\/div>\n\t\t\t\t\t\t\t\t<\/div>\n\t\t\t\t<\/div>\n\t\t\t\t<div class=\"elementor-element elementor-element-09b500b elementor-align-center elementor-tablet-align-center elementor-mobile-align-center elementor-widget elementor-widget-button\" data-id=\"09b500b\" data-element_type=\"widget\" data-e-type=\"widget\" data-widget_type=\"button.default\">\n\t\t\t\t<div class=\"elementor-widget-container\">\n\t\t\t\t\t\t\t\t\t<div class=\"elementor-button-wrapper\">\n\t\t\t\t\t<a class=\"elementor-button elementor-button-link elementor-size-sm elementor-animation-pop\" href=\"https:\/\/oceancamper.com\/es\/reservas\/\">\n\t\t\t\t\t\t<span class=\"elementor-button-content-wrapper\">\n\t\t\t\t\t\t\t\t\t<span class=\"elementor-button-text\">RESERVA AHORA<\/span>\n\t\t\t\t\t<\/span>\n\t\t\t\t\t<\/a>\n\t\t\t\t<\/div>\n\t\t\t\t\t\t\t\t<\/div>\n\t\t\t\t<\/div>\n\t\t\t\t<\/div>\n\t\t\t\t\t<\/div>\n\t\t\t\t<\/div>\n\t\t\t\t\t\t\t\t<\/div>\n\t\t\t\t\t\t\t\t<\/div>\n\t\t<\/div>\n\t\t\t\t\t<div class=\"elementor-swiper-button elementor-swiper-button-prev\" role=\"button\" tabindex=\"0\" aria-label=\"Anterior\">\n\t\t\t\t<i aria-hidden=\"true\" class=\"eicon-chevron-left\"><\/i>\t\t\t<\/div>\n\t\t\t<div class=\"elementor-swiper-button elementor-swiper-button-next\" role=\"button\" tabindex=\"0\" aria-label=\"Siguiente\">\n\t\t\t\t<i aria-hidden=\"true\" class=\"eicon-chevron-right\"><\/i>\t\t\t<\/div>\n\t\t\t\t\t<div class=\"swiper-pagination\"><\/div>\n\t\t\t\t\t\t<\/div>\n\t\t\t\t<\/div>\n\t\t\t\t<div class=\"elementor-element elementor-element-5fdc3fe elementor-widget elementor-widget-text-editor\" data-id=\"5fdc3fe\" data-element_type=\"widget\" data-e-type=\"widget\" data-widget_type=\"text-editor.default\">\n\t\t\t\t<div class=\"elementor-widget-container\">\n\t\t\t\t\t\t\t\t\t<p>Sin gastos ocultos. Todos los costes aparecen detallados antes de que reserves. <\/p>\t\t\t\t\t\t\t\t<\/div>\n\t\t\t\t<\/div>\n\t\t\t\t<div class=\"elementor-element elementor-element-96328ed elementor-align-center elementor-widget elementor-widget-button\" data-id=\"96328ed\" data-element_type=\"widget\" data-e-type=\"widget\" data-widget_type=\"button.default\">\n\t\t\t\t<div class=\"elementor-widget-container\">\n\t\t\t\t\t\t\t\t\t<div class=\"elementor-button-wrapper\">\n\t\t\t\t\t<a class=\"elementor-button elementor-button-link elementor-size-sm\" href=\"https:\/\/oceancamper.com\/es\/autocaravanas\/\">\n\t\t\t\t\t\t<span class=\"elementor-button-content-wrapper\">\n\t\t\t\t\t\t\t\t\t<span class=\"elementor-button-text\">Ver todas las furgonetas y precios<\/span>\n\t\t\t\t\t<\/span>\n\t\t\t\t\t<\/a>\n\t\t\t\t<\/div>\n\t\t\t\t\t\t\t\t<\/div>\n\t\t\t\t<\/div>\n\t\t\t\t\t<\/div>\n\t\t<\/div>\n\t\t\t\t\t<\/div>\n\t\t<\/section>\n\t\t\t\t<section class=\"elementor-section elementor-top-section elementor-element elementor-element-e059656 elementor-section-stretched elementor-section-boxed elementor-section-height-default elementor-section-height-default\" data-id=\"e059656\" data-element_type=\"section\" data-e-type=\"section\" data-settings=\"{&quot;stretch_section&quot;:&quot;section-stretched&quot;,&quot;background_background&quot;:&quot;classic&quot;}\">\n\t\t\t\t\t\t<div class=\"elementor-container elementor-column-gap-default\">\n\t\t\t\t\t<div class=\"elementor-column elementor-col-100 elementor-top-column elementor-element elementor-element-f5c2070\" data-id=\"f5c2070\" data-element_type=\"column\" data-e-type=\"column\">\n\t\t\t<div class=\"elementor-widget-wrap elementor-element-populated\">\n\t\t\t\t\t\t<section class=\"elementor-section elementor-inner-section elementor-element elementor-element-95ffff0 elementor-section-boxed elementor-section-height-default elementor-section-height-default\" data-id=\"95ffff0\" data-element_type=\"section\" data-e-type=\"section\">\n\t\t\t\t\t\t<div class=\"elementor-container elementor-column-gap-default\">\n\t\t\t\t\t<div class=\"elementor-column elementor-col-100 elementor-inner-column elementor-element elementor-element-57eb366\" data-id=\"57eb366\" data-element_type=\"column\" data-e-type=\"column\">\n\t\t\t<div class=\"elementor-widget-wrap elementor-element-populated\">\n\t\t\t\t\t\t<div class=\"elementor-element elementor-element-6272fb4 elementor-widget elementor-widget-heading\" data-id=\"6272fb4\" data-element_type=\"widget\" data-e-type=\"widget\" data-widget_type=\"heading.default\">\n\t\t\t\t<div class=\"elementor-widget-container\">\n\t\t\t\t\t<h2 class=\"elementor-heading-title elementor-size-default\">Recogida en Faro o Lisboa<\/h2>\t\t\t\t<\/div>\n\t\t\t\t<\/div>\n\t\t\t\t<section class=\"elementor-section elementor-inner-section elementor-element elementor-element-85c1b01 elementor-section-boxed elementor-section-height-default elementor-section-height-default\" data-id=\"85c1b01\" data-element_type=\"section\" data-e-type=\"section\">\n\t\t\t\t\t\t<div class=\"elementor-container elementor-column-gap-extended\">\n\t\t\t\t\t<div class=\"elementor-column elementor-col-50 elementor-inner-column elementor-element elementor-element-557476f\" data-id=\"557476f\" data-element_type=\"column\" data-e-type=\"column\">\n\t\t\t<div class=\"elementor-widget-wrap elementor-element-populated\">\n\t\t\t\t\t\t<div class=\"elementor-element elementor-element-b28aff3 elementor-position-top elementor-widget elementor-widget-image-box\" data-id=\"b28aff3\" data-element_type=\"widget\" data-e-type=\"widget\" data-widget_type=\"image-box.default\">\n\t\t\t\t<div class=\"elementor-widget-container\">\n\t\t\t\t\t<div class=\"elementor-image-box-wrapper\"><figure class=\"elementor-image-box-img\"><a href=\"https:\/\/oceancamper.com\/es\/alquiler-de-campervan\/ocean-camper-maxima-valoracion-en-trustpilot\/\" tabindex=\"-1\"><img loading=\"lazy\" decoding=\"async\" width=\"768\" height=\"576\" src=\"https:\/\/oceancamper.com\/wp-content\/uploads\/2026\/02\/faro-algarve-city-marina-view-768x576.webp\" class=\"attachment-medium_large size-medium_large wp-image-232073\" alt=\"El puerto deportivo de Faro y el casco antiguo vistos desde arriba\" srcset=\"https:\/\/oceancamper.com\/wp-content\/uploads\/2026\/02\/faro-algarve-city-marina-view-768x576.webp 768w, https:\/\/oceancamper.com\/wp-content\/uploads\/2026\/02\/faro-algarve-city-marina-view-300x225.webp 300w, https:\/\/oceancamper.com\/wp-content\/uploads\/2026\/02\/faro-algarve-city-marina-view-1024x768.webp 1024w, https:\/\/oceancamper.com\/wp-content\/uploads\/2026\/02\/faro-algarve-city-marina-view-1536x1151.webp 1536w, https:\/\/oceancamper.com\/wp-content\/uploads\/2026\/02\/faro-algarve-city-marina-view-2048x1535.webp 2048w, https:\/\/oceancamper.com\/wp-content\/uploads\/2026\/02\/faro-algarve-city-marina-view-240x180.webp 240w\" sizes=\"(max-width: 768px) 100vw, 768px\" \/><\/a><\/figure><div class=\"elementor-image-box-content\"><h3 class=\"elementor-image-box-title\"><a href=\"https:\/\/oceancamper.com\/es\/alquiler-de-campervan\/ocean-camper-maxima-valoracion-en-trustpilot\/\">Faro<\/a><\/h3><p class=\"elementor-image-box-description\">A 2 km del aeropuerto de Faro. La costa del Algarve, Benagil, Sagres y el oeste. <\/p><\/div><\/div>\t\t\t\t<\/div>\n\t\t\t\t<\/div>\n\t\t\t\t<div class=\"elementor-element elementor-element-dae8b56 elementor-align-center elementor-widget elementor-widget-button\" data-id=\"dae8b56\" data-element_type=\"widget\" data-e-type=\"widget\" data-widget_type=\"button.default\">\n\t\t\t\t<div class=\"elementor-widget-container\">\n\t\t\t\t\t\t\t\t\t<div class=\"elementor-button-wrapper\">\n\t\t\t\t\t<a class=\"elementor-button elementor-button-link elementor-size-sm\" href=\"https:\/\/oceancamper.com\/es\/alquiler-de-campervan\/ocean-camper-maxima-valoracion-en-trustpilot\/\">\n\t\t\t\t\t\t<span class=\"elementor-button-content-wrapper\">\n\t\t\t\t\t\t\t\t\t<span class=\"elementor-button-text\">Alquiler en Faro<\/span>\n\t\t\t\t\t<\/span>\n\t\t\t\t\t<\/a>\n\t\t\t\t<\/div>\n\t\t\t\t\t\t\t\t<\/div>\n\t\t\t\t<\/div>\n\t\t\t\t\t<\/div>\n\t\t<\/div>\n\t\t\t\t<div class=\"elementor-column elementor-col-50 elementor-inner-column elementor-element elementor-element-c7bd661\" data-id=\"c7bd661\" data-element_type=\"column\" data-e-type=\"column\">\n\t\t\t<div class=\"elementor-widget-wrap elementor-element-populated\">\n\t\t\t\t\t\t<div class=\"elementor-element elementor-element-38fdee7 elementor-position-top elementor-widget elementor-widget-image-box\" data-id=\"38fdee7\" data-element_type=\"widget\" data-e-type=\"widget\" data-widget_type=\"image-box.default\">\n\t\t\t\t<div class=\"elementor-widget-container\">\n\t\t\t\t\t<div class=\"elementor-image-box-wrapper\"><figure class=\"elementor-image-box-img\"><a href=\"https:\/\/oceancamper.com\/es\/alquiler-de-campervan\/lisboa\/\" tabindex=\"-1\"><img loading=\"lazy\" decoding=\"async\" width=\"768\" height=\"385\" src=\"https:\/\/oceancamper.com\/wp-content\/uploads\/2026\/02\/campervan-rental-lisbon-castle-road-trip-e1772038497177-768x385.webp\" class=\"attachment-medium_large size-medium_large wp-image-232149\" alt=\"Alquiler de mini autocaravanas en Lisboa, cerca de un castillo hist\u00f3rico\" srcset=\"https:\/\/oceancamper.com\/wp-content\/uploads\/2026\/02\/campervan-rental-lisbon-castle-road-trip-e1772038497177-768x385.webp 768w, https:\/\/oceancamper.com\/wp-content\/uploads\/2026\/02\/campervan-rental-lisbon-castle-road-trip-e1772038497177-300x150.webp 300w, https:\/\/oceancamper.com\/wp-content\/uploads\/2026\/02\/campervan-rental-lisbon-castle-road-trip-e1772038497177-1024x513.webp 1024w, https:\/\/oceancamper.com\/wp-content\/uploads\/2026\/02\/campervan-rental-lisbon-castle-road-trip-e1772038497177-240x120.webp 240w, https:\/\/oceancamper.com\/wp-content\/uploads\/2026\/02\/campervan-rental-lisbon-castle-road-trip-e1772038497177.webp 1498w\" sizes=\"(max-width: 768px) 100vw, 768px\" \/><\/a><\/figure><div class=\"elementor-image-box-content\"><h3 class=\"elementor-image-box-title\"><a href=\"https:\/\/oceancamper.com\/es\/alquiler-de-campervan\/lisboa\/\">Lisboa<\/a><\/h3><p class=\"elementor-image-box-description\">Lisboa-Montijo, al otro lado del r\u00edo, frente a la ciudad. Sintra, Ericeira, Nazar\u00e9 y el norte. <\/p><\/div><\/div>\t\t\t\t<\/div>\n\t\t\t\t<\/div>\n\t\t\t\t<div class=\"elementor-element elementor-element-751640c elementor-align-center elementor-widget elementor-widget-button\" data-id=\"751640c\" data-element_type=\"widget\" data-e-type=\"widget\" data-widget_type=\"button.default\">\n\t\t\t\t<div class=\"elementor-widget-container\">\n\t\t\t\t\t\t\t\t\t<div class=\"elementor-button-wrapper\">\n\t\t\t\t\t<a class=\"elementor-button elementor-button-link elementor-size-sm\" href=\"https:\/\/oceancamper.com\/es\/alquiler-de-campervan\/lisboa\/\">\n\t\t\t\t\t\t<span class=\"elementor-button-content-wrapper\">\n\t\t\t\t\t\t\t\t\t<span class=\"elementor-button-text\">Alquiler en Lisboa<\/span>\n\t\t\t\t\t<\/span>\n\t\t\t\t\t<\/a>\n\t\t\t\t<\/div>\n\t\t\t\t\t\t\t\t<\/div>\n\t\t\t\t<\/div>\n\t\t\t\t\t<\/div>\n\t\t<\/div>\n\t\t\t\t\t<\/div>\n\t\t<\/section>\n\t\t\t\t<div class=\"elementor-element elementor-element-f7a524a elementor-widget elementor-widget-text-editor\" data-id=\"f7a524a\" data-element_type=\"widget\" data-e-type=\"widget\" data-widget_type=\"text-editor.default\">\n\t\t\t\t<div class=\"elementor-widget-container\">\n\t\t\t\t\t\t\t\t\t<p>\u00bfNo sabes cu\u00e1l?  <a href=\"https:\/\/oceancamper.com\/es\/alquiler-de-campervan\/\">Comp\u00e1ralas las dos.<\/a><\/p>\t\t\t\t\t\t\t\t<\/div>\n\t\t\t\t<\/div>\n\t\t\t\t\t<\/div>\n\t\t<\/div>\n\t\t\t\t\t<\/div>\n\t\t<\/section>\n\t\t\t\t\t<\/div>\n\t\t<\/div>\n\t\t\t\t\t<\/div>\n\t\t<\/section>\n\t\t\t\t<section class=\"elementor-section elementor-top-section elementor-element elementor-element-2118801 elementor-section-stretched elementor-section-boxed elementor-section-height-default elementor-section-height-default\" data-id=\"2118801\" data-element_type=\"section\" data-e-type=\"section\" data-settings=\"{&quot;stretch_section&quot;:&quot;section-stretched&quot;,&quot;background_background&quot;:&quot;classic&quot;}\">\n\t\t\t\t\t\t<div class=\"elementor-container elementor-column-gap-default\">\n\t\t\t\t\t<div class=\"elementor-column elementor-col-100 elementor-top-column elementor-element elementor-element-228f32d\" data-id=\"228f32d\" data-element_type=\"column\" data-e-type=\"column\">\n\t\t\t<div class=\"elementor-widget-wrap elementor-element-populated\">\n\t\t\t\t\t\t<section class=\"elementor-section elementor-inner-section elementor-element elementor-element-f29c406 elementor-section-boxed elementor-section-height-default elementor-section-height-default\" data-id=\"f29c406\" data-element_type=\"section\" data-e-type=\"section\">\n\t\t\t\t\t\t<div class=\"elementor-container elementor-column-gap-default\">\n\t\t\t\t\t<div class=\"elementor-column elementor-col-100 elementor-inner-column elementor-element elementor-element-e7e4d61\" data-id=\"e7e4d61\" data-element_type=\"column\" data-e-type=\"column\">\n\t\t\t<div class=\"elementor-widget-wrap elementor-element-populated\">\n\t\t\t\t\t\t<div class=\"elementor-element elementor-element-c4c3fda elementor-widget elementor-widget-heading\" data-id=\"c4c3fda\" data-element_type=\"widget\" data-e-type=\"widget\" data-widget_type=\"heading.default\">\n\t\t\t\t<div class=\"elementor-widget-container\">\n\t\t\t\t\t<h2 class=\"elementor-heading-title elementor-size-default\">Todas nuestras campervans incluyen<\/h2>\t\t\t\t<\/div>\n\t\t\t\t<\/div>\n\t\t\t\t\t<\/div>\n\t\t<\/div>\n\t\t\t\t\t<\/div>\n\t\t<\/section>\n\t\t\t\t<section class=\"elementor-section elementor-inner-section elementor-element elementor-element-2e43946 elementor-section-boxed elementor-section-height-default elementor-section-height-default elementor-invisible\" data-id=\"2e43946\" data-element_type=\"section\" data-e-type=\"section\" data-settings=\"{&quot;animation&quot;:&quot;fadeInUp&quot;}\">\n\t\t\t\t\t\t<div class=\"elementor-container elementor-column-gap-default\">\n\t\t\t\t\t<div class=\"elementor-column elementor-col-16 elementor-inner-column elementor-element elementor-element-127cd7c\" data-id=\"127cd7c\" data-element_type=\"column\" data-e-type=\"column\" data-settings=\"{&quot;background_background&quot;:&quot;classic&quot;}\">\n\t\t\t<div class=\"elementor-widget-wrap elementor-element-populated\">\n\t\t\t\t\t<div class=\"elementor-background-overlay\"><\/div>\n\t\t\t\t\t\t<div class=\"elementor-element elementor-element-db6fb5c elementor-position-top elementor-widget elementor-widget-image-box\" data-id=\"db6fb5c\" data-element_type=\"widget\" data-e-type=\"widget\" data-widget_type=\"image-box.default\">\n\t\t\t\t<div class=\"elementor-widget-container\">\n\t\t\t\t\t<div class=\"elementor-image-box-wrapper\"><figure class=\"elementor-image-box-img\"><img decoding=\"async\" src=\"https:\/\/oceancamper.com\/wp-content\/uploads\/elementor\/thumbs\/camp-pack-q88hs6ivljx13pvp83w8208p0qiu9bmd9og3eo7l6q.png\" title=\"camping-mochila\" alt=\"icono de paquete de campamento\" class=\"elementor-animation-pop\" loading=\"lazy\" \/><\/figure><div class=\"elementor-image-box-content\"><h3 class=\"elementor-image-box-title\">Pack de Camping<\/h3><p class=\"elementor-image-box-description\">Mesa, sillas, juegos, cargador USB<\/p><\/div><\/div>\t\t\t\t<\/div>\n\t\t\t\t<\/div>\n\t\t\t\t\t<\/div>\n\t\t<\/div>\n\t\t\t\t<div class=\"elementor-column elementor-col-16 elementor-inner-column elementor-element elementor-element-7d047d6\" data-id=\"7d047d6\" data-element_type=\"column\" data-e-type=\"column\" data-settings=\"{&quot;background_background&quot;:&quot;classic&quot;}\">\n\t\t\t<div class=\"elementor-widget-wrap elementor-element-populated\">\n\t\t\t\t\t<div class=\"elementor-background-overlay\"><\/div>\n\t\t\t\t\t\t<div class=\"elementor-element elementor-element-e065648 elementor-position-top elementor-widget elementor-widget-image-box\" data-id=\"e065648\" data-element_type=\"widget\" data-e-type=\"widget\" data-widget_type=\"image-box.default\">\n\t\t\t\t<div class=\"elementor-widget-container\">\n\t\t\t\t\t<div class=\"elementor-image-box-wrapper\"><figure class=\"elementor-image-box-img\"><img decoding=\"async\" src=\"https:\/\/oceancamper.com\/wp-content\/uploads\/elementor\/thumbs\/body-care-1-q88hs5l1epvqs3x2dlhlhih8fcnh1mimxjslxe8zcy.png\" title=\"cuidado corporal\" alt=\"icono de cuidado corporal\" class=\"elementor-animation-pop\" loading=\"lazy\" \/><\/figure><div class=\"elementor-image-box-content\"><h3 class=\"elementor-image-box-title\">Cuidado Corporal<\/h3><p class=\"elementor-image-box-description\">Jab\u00f3n, champ\u00fa, toallas, papel higi\u00e9nico<\/p><\/div><\/div>\t\t\t\t<\/div>\n\t\t\t\t<\/div>\n\t\t\t\t\t<\/div>\n\t\t<\/div>\n\t\t\t\t<div class=\"elementor-column elementor-col-16 elementor-inner-column elementor-element elementor-element-9956e40\" data-id=\"9956e40\" data-element_type=\"column\" data-e-type=\"column\" data-settings=\"{&quot;background_background&quot;:&quot;classic&quot;}\">\n\t\t\t<div class=\"elementor-widget-wrap elementor-element-populated\">\n\t\t\t\t\t<div class=\"elementor-background-overlay\"><\/div>\n\t\t\t\t\t\t<div class=\"elementor-element elementor-element-6916222 elementor-position-top elementor-widget elementor-widget-image-box\" data-id=\"6916222\" data-element_type=\"widget\" data-e-type=\"widget\" data-widget_type=\"image-box.default\">\n\t\t\t\t<div class=\"elementor-widget-container\">\n\t\t\t\t\t<div class=\"elementor-image-box-wrapper\"><figure class=\"elementor-image-box-img\"><img decoding=\"async\" src=\"https:\/\/oceancamper.com\/wp-content\/uploads\/elementor\/thumbs\/cooking-ware-q88hs6ivljx13pvp83w8208p0qiu9bmd9og3eo7l6q.png\" title=\"la cocina\" alt=\"el icono de la cocina\" class=\"elementor-animation-pop\" loading=\"lazy\" \/><\/figure><div class=\"elementor-image-box-content\"><h3 class=\"elementor-image-box-title\">La Cocina<\/h3><p class=\"elementor-image-box-description\">Platos, ollas, tazas, sartenes, cocina, nevera<\/p><\/div><\/div>\t\t\t\t<\/div>\n\t\t\t\t<\/div>\n\t\t\t\t\t<\/div>\n\t\t<\/div>\n\t\t\t\t<div class=\"elementor-column elementor-col-16 elementor-inner-column elementor-element elementor-element-232e53a\" data-id=\"232e53a\" data-element_type=\"column\" data-e-type=\"column\" data-settings=\"{&quot;background_background&quot;:&quot;classic&quot;}\">\n\t\t\t<div class=\"elementor-widget-wrap elementor-element-populated\">\n\t\t\t\t\t<div class=\"elementor-background-overlay\"><\/div>\n\t\t\t\t\t\t<div class=\"elementor-element elementor-element-a021c9d elementor-position-top elementor-widget elementor-widget-image-box\" data-id=\"a021c9d\" data-element_type=\"widget\" data-e-type=\"widget\" data-widget_type=\"image-box.default\">\n\t\t\t\t<div class=\"elementor-widget-container\">\n\t\t\t\t\t<div class=\"elementor-image-box-wrapper\"><figure class=\"elementor-image-box-img\"><img decoding=\"async\" src=\"https:\/\/oceancamper.com\/wp-content\/uploads\/elementor\/thumbs\/bedding1-q88hs5l1epvqs3x2dlhlhih8fcnh1mimxjslxe8zcy.png\" title=\"ropa de cama1\" alt=\"icono de cama\" class=\"elementor-animation-pop\" loading=\"lazy\" \/><\/figure><div class=\"elementor-image-box-content\"><h3 class=\"elementor-image-box-title\">Ropa de cama<\/h3><p class=\"elementor-image-box-description\">S\u00e1banas, almohadas, mantas o sacos de dormir<\/p><\/div><\/div>\t\t\t\t<\/div>\n\t\t\t\t<\/div>\n\t\t\t\t\t<\/div>\n\t\t<\/div>\n\t\t\t\t<div class=\"elementor-column elementor-col-16 elementor-inner-column elementor-element elementor-element-28f5655\" data-id=\"28f5655\" data-element_type=\"column\" data-e-type=\"column\" data-settings=\"{&quot;background_background&quot;:&quot;classic&quot;}\">\n\t\t\t<div class=\"elementor-widget-wrap elementor-element-populated\">\n\t\t\t\t\t<div class=\"elementor-background-overlay\"><\/div>\n\t\t\t\t\t\t<div class=\"elementor-element elementor-element-3bdcdf6 elementor-position-top elementor-widget elementor-widget-image-box\" data-id=\"3bdcdf6\" data-element_type=\"widget\" data-e-type=\"widget\" data-widget_type=\"image-box.default\">\n\t\t\t\t<div class=\"elementor-widget-container\">\n\t\t\t\t\t<div class=\"elementor-image-box-wrapper\"><figure class=\"elementor-image-box-img\"><img decoding=\"async\" src=\"https:\/\/oceancamper.com\/wp-content\/uploads\/elementor\/thumbs\/cleaning-set-q88hs7gpsdybfbuc2maumi05m4e7h0q3lt3kvy670i.png\" title=\"set de limpieza\" alt=\"set de limpieza\" class=\"elementor-animation-pop\" loading=\"lazy\" \/><\/figure><div class=\"elementor-image-box-content\"><h3 class=\"elementor-image-box-title\">Set de Limpieza<\/h3><p class=\"elementor-image-box-description\">Dep\u00f3sito de agua, esponja, pa\u00f1o de cocina, escoba, detergente<\/p><\/div><\/div>\t\t\t\t<\/div>\n\t\t\t\t<\/div>\n\t\t\t\t\t<\/div>\n\t\t<\/div>\n\t\t\t\t<div class=\"elementor-column elementor-col-16 elementor-inner-column elementor-element elementor-element-c106f7e\" data-id=\"c106f7e\" data-element_type=\"column\" data-e-type=\"column\" data-settings=\"{&quot;background_background&quot;:&quot;classic&quot;}\">\n\t\t\t<div class=\"elementor-widget-wrap elementor-element-populated\">\n\t\t\t\t\t<div class=\"elementor-background-overlay\"><\/div>\n\t\t\t\t\t\t<div class=\"elementor-element elementor-element-fc87c97 elementor-position-top elementor-widget elementor-widget-image-box\" data-id=\"fc87c97\" data-element_type=\"widget\" data-e-type=\"widget\" data-widget_type=\"image-box.default\">\n\t\t\t\t<div class=\"elementor-widget-container\">\n\t\t\t\t\t<div class=\"elementor-image-box-wrapper\"><figure class=\"elementor-image-box-img\"><img decoding=\"async\" src=\"https:\/\/oceancamper.com\/wp-content\/uploads\/elementor\/thumbs\/cleaning-set-q88hs7gpsdybfbuc2maumi05m4e7h0q3lt3kvy670i.png\" title=\"set de limpieza\" alt=\"set de limpieza\" class=\"elementor-animation-pop\" loading=\"lazy\" \/><\/figure><div class=\"elementor-image-box-content\"><h3 class=\"elementor-image-box-title\">Agua y ducha<\/h3><p class=\"elementor-image-box-description\">Dep\u00f3sito de 80 litros con ducha exterior<\/p><\/div><\/div>\t\t\t\t<\/div>\n\t\t\t\t<\/div>\n\t\t\t\t\t<\/div>\n\t\t<\/div>\n\t\t\t\t\t<\/div>\n\t\t<\/section>\n\t\t\t\t\t<\/div>\n\t\t<\/div>\n\t\t\t\t\t<\/div>\n\t\t<\/section>\n\t\t\t\t<section class=\"elementor-section elementor-top-section elementor-element elementor-element-894d14f elementor-section-stretched elementor-section-boxed elementor-section-height-default elementor-section-height-default\" data-id=\"894d14f\" data-element_type=\"section\" data-e-type=\"section\" data-settings=\"{&quot;stretch_section&quot;:&quot;section-stretched&quot;,&quot;background_background&quot;:&quot;classic&quot;}\">\n\t\t\t\t\t\t<div class=\"elementor-container elementor-column-gap-default\">\n\t\t\t\t\t<div class=\"elementor-column elementor-col-100 elementor-top-column elementor-element elementor-element-d431212\" data-id=\"d431212\" data-element_type=\"column\" data-e-type=\"column\">\n\t\t\t<div class=\"elementor-widget-wrap elementor-element-populated\">\n\t\t\t\t\t\t<section class=\"elementor-section elementor-inner-section elementor-element elementor-element-f2b18d5 elementor-section-boxed elementor-section-height-default elementor-section-height-default\" data-id=\"f2b18d5\" data-element_type=\"section\" data-e-type=\"section\">\n\t\t\t\t\t\t<div class=\"elementor-container elementor-column-gap-default\">\n\t\t\t\t\t<div class=\"elementor-column elementor-col-50 elementor-inner-column elementor-element elementor-element-36adc42 elementor-invisible\" data-id=\"36adc42\" data-element_type=\"column\" data-e-type=\"column\" data-settings=\"{&quot;animation&quot;:&quot;fadeIn&quot;}\">\n\t\t\t<div class=\"elementor-widget-wrap elementor-element-populated\">\n\t\t\t\t\t\t<div class=\"elementor-element elementor-element-20e2a1c elementor-widget elementor-widget-image\" data-id=\"20e2a1c\" data-element_type=\"widget\" data-e-type=\"widget\" data-widget_type=\"image.default\">\n\t\t\t\t<div class=\"elementor-widget-container\">\n\t\t\t\t\t\t\t\t\t\t\t\t\t\t\t<img loading=\"lazy\" decoding=\"async\" width=\"800\" height=\"533\" src=\"https:\/\/oceancamper.com\/wp-content\/uploads\/2026\/02\/campervan-road-trip-portugal-atlantic-cliffs-1024x682.webp\" class=\"attachment-large size-large wp-image-232239\" alt=\"Alquiler de autocaravana en Portugal con vistas a los acantilados de la costa atl\u00e1ntica\" srcset=\"https:\/\/oceancamper.com\/wp-content\/uploads\/2026\/02\/campervan-road-trip-portugal-atlantic-cliffs-1024x682.webp 1024w, https:\/\/oceancamper.com\/wp-content\/uploads\/2026\/02\/campervan-road-trip-portugal-atlantic-cliffs-300x200.webp 300w, https:\/\/oceancamper.com\/wp-content\/uploads\/2026\/02\/campervan-road-trip-portugal-atlantic-cliffs-768x512.webp 768w, https:\/\/oceancamper.com\/wp-content\/uploads\/2026\/02\/campervan-road-trip-portugal-atlantic-cliffs-1536x1024.webp 1536w, https:\/\/oceancamper.com\/wp-content\/uploads\/2026\/02\/campervan-road-trip-portugal-atlantic-cliffs-2048x1365.webp 2048w, https:\/\/oceancamper.com\/wp-content\/uploads\/2026\/02\/campervan-road-trip-portugal-atlantic-cliffs-240x160.webp 240w\" sizes=\"(max-width: 800px) 100vw, 800px\" \/>\t\t\t\t\t\t\t\t\t\t\t\t\t\t\t<\/div>\n\t\t\t\t<\/div>\n\t\t\t\t\t<\/div>\n\t\t<\/div>\n\t\t\t\t<div class=\"elementor-column elementor-col-50 elementor-inner-column elementor-element elementor-element-64867ae\" data-id=\"64867ae\" data-element_type=\"column\" data-e-type=\"column\">\n\t\t\t<div class=\"elementor-widget-wrap\">\n\t\t\t\t\t\t\t<\/div>\n\t\t<\/div>\n\t\t\t\t\t<\/div>\n\t\t<\/section>\n\t\t\t\t<section class=\"elementor-section elementor-inner-section elementor-element elementor-element-c4fce90 elementor-section-boxed elementor-section-height-default elementor-section-height-default\" data-id=\"c4fce90\" data-element_type=\"section\" data-e-type=\"section\">\n\t\t\t\t\t\t<div class=\"elementor-container elementor-column-gap-default\">\n\t\t\t\t\t<div class=\"elementor-column elementor-col-50 elementor-inner-column elementor-element elementor-element-c95360d\" data-id=\"c95360d\" data-element_type=\"column\" data-e-type=\"column\">\n\t\t\t<div class=\"elementor-widget-wrap\">\n\t\t\t\t\t\t\t<\/div>\n\t\t<\/div>\n\t\t\t\t<div class=\"elementor-column elementor-col-50 elementor-inner-column elementor-element elementor-element-dba0dda elementor-invisible\" data-id=\"dba0dda\" data-element_type=\"column\" data-e-type=\"column\" data-settings=\"{&quot;background_background&quot;:&quot;classic&quot;,&quot;animation&quot;:&quot;fadeInUp&quot;}\">\n\t\t\t<div class=\"elementor-widget-wrap elementor-element-populated\">\n\t\t\t\t\t<div class=\"elementor-background-overlay\"><\/div>\n\t\t\t\t\t\t<div class=\"elementor-element elementor-element-2f54927 elementor-widget elementor-widget-heading\" data-id=\"2f54927\" data-element_type=\"widget\" data-e-type=\"widget\" data-widget_type=\"heading.default\">\n\t\t\t\t<div class=\"elementor-widget-container\">\n\t\t\t\t\t<h2 class=\"elementor-heading-title elementor-size-default\">Sobre nosotros<\/h2>\t\t\t\t<\/div>\n\t\t\t\t<\/div>\n\t\t\t\t<div class=\"elementor-element elementor-element-bb833a9 elementor-widget elementor-widget-text-editor\" data-id=\"bb833a9\" data-element_type=\"widget\" data-e-type=\"widget\" data-widget_type=\"text-editor.default\">\n\t\t\t\t<div class=\"elementor-widget-container\">\n\t\t\t\t\t\t\t\t\t<p><strong>Somos una empresa familiar de alquiler de autocaravanas en Faro, Portugal, que lleva en marcha desde 2017.<\/strong><br\/>Nuestra misi\u00f3n es sencilla: ofrecerte una experiencia con la autocaravana relajada e inolvidable. Por eso nos centramos en: <\/p><ul><li>Precios justos y transparentes<\/li><li>Autocaravanas sencillas y funcionales (peque\u00f1as, m\u00e1s una para tres personas)<\/li><li>Conocimiento local de la zona del Algarve y Lisboa<\/li><li>Consejos sobre lugares de acampada, comida local y deportes acu\u00e1ticos<\/li><\/ul>\t\t\t\t\t\t\t\t<\/div>\n\t\t\t\t<\/div>\n\t\t\t\t<div class=\"elementor-element elementor-element-c27804a elementor-align-left elementor-tablet-align-left elementor-mobile-align-center elementor-widget elementor-widget-button\" data-id=\"c27804a\" data-element_type=\"widget\" data-e-type=\"widget\" data-widget_type=\"button.default\">\n\t\t\t\t<div class=\"elementor-widget-container\">\n\t\t\t\t\t\t\t\t\t<div class=\"elementor-button-wrapper\">\n\t\t\t\t\t<a class=\"elementor-button elementor-button-link elementor-size-sm elementor-animation-pop\" href=\"https:\/\/oceancamper.com\/es\/sobre-nosotros\/\">\n\t\t\t\t\t\t<span class=\"elementor-button-content-wrapper\">\n\t\t\t\t\t\t\t\t\t<span class=\"elementor-button-text\">Nuestra historia<\/span>\n\t\t\t\t\t<\/span>\n\t\t\t\t\t<\/a>\n\t\t\t\t<\/div>\n\t\t\t\t\t\t\t\t<\/div>\n\t\t\t\t<\/div>\n\t\t\t\t\t<\/div>\n\t\t<\/div>\n\t\t\t\t\t<\/div>\n\t\t<\/section>\n\t\t\t\t\t<\/div>\n\t\t<\/div>\n\t\t\t\t\t<\/div>\n\t\t<\/section>\n\t\t\t\t<section class=\"elementor-section elementor-top-section elementor-element elementor-element-4e1ac71 elementor-section-stretched elementor-section-boxed elementor-section-height-default elementor-section-height-default\" data-id=\"4e1ac71\" data-element_type=\"section\" data-e-type=\"section\" data-settings=\"{&quot;stretch_section&quot;:&quot;section-stretched&quot;,&quot;background_background&quot;:&quot;classic&quot;}\">\n\t\t\t\t\t\t<div class=\"elementor-container elementor-column-gap-default\">\n\t\t\t\t\t<div class=\"elementor-column elementor-col-100 elementor-top-column elementor-element elementor-element-ff1d1d6\" data-id=\"ff1d1d6\" data-element_type=\"column\" data-e-type=\"column\">\n\t\t\t<div class=\"elementor-widget-wrap elementor-element-populated\">\n\t\t\t\t\t\t<section class=\"elementor-section elementor-inner-section elementor-element elementor-element-287bcf3 elementor-section-boxed elementor-section-height-default elementor-section-height-default\" data-id=\"287bcf3\" data-element_type=\"section\" data-e-type=\"section\">\n\t\t\t\t\t\t<div class=\"elementor-container elementor-column-gap-default\">\n\t\t\t\t\t<div class=\"elementor-column elementor-col-100 elementor-inner-column elementor-element elementor-element-d7c01e0\" data-id=\"d7c01e0\" data-element_type=\"column\" data-e-type=\"column\">\n\t\t\t<div class=\"elementor-widget-wrap elementor-element-populated\">\n\t\t\t\t\t\t<div class=\"elementor-element elementor-element-7e791a2 elementor-widget elementor-widget-heading\" data-id=\"7e791a2\" data-element_type=\"widget\" data-e-type=\"widget\" data-widget_type=\"heading.default\">\n\t\t\t\t<div class=\"elementor-widget-container\">\n\t\t\t\t\t<h2 class=\"elementor-heading-title elementor-size-default\">Consejos para viajar por carretera por el Algarve y Portugal<\/h2>\t\t\t\t<\/div>\n\t\t\t\t<\/div>\n\t\t\t\t<div class=\"elementor-element elementor-element-859bc9a elementor-widget elementor-widget-text-editor\" data-id=\"859bc9a\" data-element_type=\"widget\" data-e-type=\"widget\" data-widget_type=\"text-editor.default\">\n\t\t\t\t<div class=\"elementor-widget-container\">\n\t\t\t\t\t\t\t\t\t<p>Rutas para viajes por carretera, campings y consejos sobre qu\u00e9 llevar de gente que recorre estas carreteras cada semana.<\/p>\t\t\t\t\t\t\t\t<\/div>\n\t\t\t\t<\/div>\n\t\t\t\t<div class=\"elementor-element elementor-element-6819438 elementor-align-center elementor-tablet-align-center elementor-mobile-align-center elementor-widget elementor-widget-button\" data-id=\"6819438\" data-element_type=\"widget\" data-e-type=\"widget\" data-widget_type=\"button.default\">\n\t\t\t\t<div class=\"elementor-widget-container\">\n\t\t\t\t\t\t\t\t\t<div class=\"elementor-button-wrapper\">\n\t\t\t\t\t<a class=\"elementor-button elementor-button-link elementor-size-sm elementor-animation-pop\" href=\"https:\/\/oceancamper.com\/es\/blog\/\">\n\t\t\t\t\t\t<span class=\"elementor-button-content-wrapper\">\n\t\t\t\t\t\t\t\t\t<span class=\"elementor-button-text\">Consulta nuestra Gu\u00eda de Campamentos de Surf<\/span>\n\t\t\t\t\t<\/span>\n\t\t\t\t\t<\/a>\n\t\t\t\t<\/div>\n\t\t\t\t\t\t\t\t<\/div>\n\t\t\t\t<\/div>\n\t\t\t\t\t<\/div>\n\t\t<\/div>\n\t\t\t\t\t<\/div>\n\t\t<\/section>\n\t\t\t\t\t<\/div>\n\t\t<\/div>\n\t\t\t\t\t<\/div>\n\t\t<\/section>\n\t\t\t\t<section class=\"elementor-section elementor-top-section elementor-element elementor-element-4807da4 elementor-section-boxed elementor-section-height-default elementor-section-height-default\" data-id=\"4807da4\" data-element_type=\"section\" data-e-type=\"section\">\n\t\t\t\t\t\t<div class=\"elementor-container elementor-column-gap-default\">\n\t\t\t\t\t<div class=\"elementor-column elementor-col-100 elementor-top-column elementor-element elementor-element-1026014\" data-id=\"1026014\" data-element_type=\"column\" data-e-type=\"column\">\n\t\t\t<div class=\"elementor-widget-wrap elementor-element-populated\">\n\t\t\t\t\t\t<section class=\"elementor-section elementor-inner-section elementor-element elementor-element-2c5cfd8 elementor-section-boxed elementor-section-height-default elementor-section-height-default elementor-invisible\" data-id=\"2c5cfd8\" data-element_type=\"section\" data-e-type=\"section\" data-settings=\"{&quot;animation&quot;:&quot;fadeInUp&quot;}\">\n\t\t\t\t\t\t<div class=\"elementor-container elementor-column-gap-default\">\n\t\t\t\t\t<div class=\"elementor-column elementor-col-25 elementor-inner-column elementor-element elementor-element-b026891\" data-id=\"b026891\" data-element_type=\"column\" data-e-type=\"column\" data-settings=\"{&quot;background_background&quot;:&quot;classic&quot;}\">\n\t\t\t<div class=\"elementor-widget-wrap elementor-element-populated\">\n\t\t\t\t\t<div class=\"elementor-background-overlay\"><\/div>\n\t\t\t\t\t\t<div class=\"elementor-element elementor-element-1efd9d0 elementor-position-top elementor-widget elementor-widget-image-box\" data-id=\"1efd9d0\" data-element_type=\"widget\" data-e-type=\"widget\" data-widget_type=\"image-box.default\">\n\t\t\t\t<div class=\"elementor-widget-container\">\n\t\t\t\t\t<div class=\"elementor-image-box-wrapper\"><figure class=\"elementor-image-box-img\"><img decoding=\"async\" src=\"https:\/\/oceancamper.com\/wp-content\/uploads\/elementor\/thumbs\/location-q88hsyq1akzms0qqng314t4iuanuo8qbdk0nsz1s02.png\" title=\"ubicaci\u00f3n\" alt=\"ubicaci\u00f3n\" class=\"elementor-animation-pop\" loading=\"lazy\" \/><\/figure><div class=\"elementor-image-box-content\"><h3 class=\"elementor-image-box-title\">Comienza en Faro o Lisboa<\/h3><p class=\"elementor-image-box-description\">Cerca del aeropuerto<\/p><\/div><\/div>\t\t\t\t<\/div>\n\t\t\t\t<\/div>\n\t\t\t\t\t<\/div>\n\t\t<\/div>\n\t\t\t\t<div class=\"elementor-column elementor-col-25 elementor-inner-column elementor-element elementor-element-0151e15\" data-id=\"0151e15\" data-element_type=\"column\" data-e-type=\"column\" data-settings=\"{&quot;background_background&quot;:&quot;classic&quot;}\">\n\t\t\t<div class=\"elementor-widget-wrap elementor-element-populated\">\n\t\t\t\t\t<div class=\"elementor-background-overlay\"><\/div>\n\t\t\t\t\t\t<div class=\"elementor-element elementor-element-94dc691 elementor-position-top elementor-widget elementor-widget-image-box\" data-id=\"94dc691\" data-element_type=\"widget\" data-e-type=\"widget\" data-widget_type=\"image-box.default\">\n\t\t\t\t<div class=\"elementor-widget-container\">\n\t\t\t\t\t<div class=\"elementor-image-box-wrapper\"><figure class=\"elementor-image-box-img\"><img decoding=\"async\" src=\"https:\/\/oceancamper.com\/wp-content\/uploads\/elementor\/thumbs\/check-in-check-out-icon-q88hsznvhf0x3mpdhyhnpavzfoj7vxu1poo5a90dtu.png\" title=\"check-in-check-out-icon\" alt=\"icono check-in check-out\" class=\"elementor-animation-pop\" loading=\"lazy\" \/><\/figure><div class=\"elementor-image-box-content\"><h3 class=\"elementor-image-box-title\">Se admiten llegadas tard\u00edas<\/h3><p class=\"elementor-image-box-description\">Entrada a partir de las 14:00, salida hasta las 11:00<\/p><\/div><\/div>\t\t\t\t<\/div>\n\t\t\t\t<\/div>\n\t\t\t\t\t<\/div>\n\t\t<\/div>\n\t\t\t\t<div class=\"elementor-column elementor-col-25 elementor-inner-column elementor-element elementor-element-4c805db\" data-id=\"4c805db\" data-element_type=\"column\" data-e-type=\"column\" data-settings=\"{&quot;background_background&quot;:&quot;classic&quot;}\">\n\t\t\t<div class=\"elementor-widget-wrap elementor-element-populated\">\n\t\t\t\t\t<div class=\"elementor-background-overlay\"><\/div>\n\t\t\t\t\t\t<div class=\"elementor-element elementor-element-b03bb0d elementor-position-top elementor-widget elementor-widget-image-box\" data-id=\"b03bb0d\" data-element_type=\"widget\" data-e-type=\"widget\" data-widget_type=\"image-box.default\">\n\t\t\t\t<div class=\"elementor-widget-container\">\n\t\t\t\t\t<div class=\"elementor-image-box-wrapper\"><figure class=\"elementor-image-box-img\"><img decoding=\"async\" src=\"https:\/\/oceancamper.com\/wp-content\/uploads\/elementor\/thumbs\/insurance-icon-1-q88ht0lpo927f8o0cgwa9sng12el3mxs1tbmriyznm.png\" title=\"seguro-icono\" alt=\"seguro-icono\" class=\"elementor-animation-pop\" loading=\"lazy\" \/><\/figure><div class=\"elementor-image-box-content\"><h3 class=\"elementor-image-box-title\">Precios transparentes<\/h3><p class=\"elementor-image-box-description\">Sin costes ocultos<\/p><\/div><\/div>\t\t\t\t<\/div>\n\t\t\t\t<\/div>\n\t\t\t\t\t<\/div>\n\t\t<\/div>\n\t\t\t\t<div class=\"elementor-column elementor-col-25 elementor-inner-column elementor-element elementor-element-b2cf969\" data-id=\"b2cf969\" data-element_type=\"column\" data-e-type=\"column\" data-settings=\"{&quot;background_background&quot;:&quot;classic&quot;}\">\n\t\t\t<div class=\"elementor-widget-wrap elementor-element-populated\">\n\t\t\t\t\t<div class=\"elementor-background-overlay\"><\/div>\n\t\t\t\t\t\t<div class=\"elementor-element elementor-element-55eebea elementor-position-top elementor-widget elementor-widget-image-box\" data-id=\"55eebea\" data-element_type=\"widget\" data-e-type=\"widget\" data-widget_type=\"image-box.default\">\n\t\t\t\t<div class=\"elementor-widget-container\">\n\t\t\t\t\t<div class=\"elementor-image-box-wrapper\"><figure class=\"elementor-image-box-img\"><img decoding=\"async\" src=\"https:\/\/oceancamper.com\/wp-content\/uploads\/elementor\/thumbs\/pay-30-per-cent-icon-q88ht1jjv33hqumn6zawuaewmg9ybc1idxz48sxlhe.png\" title=\"pagar-30-por-icono\" alt=\"paga el 30% de icono\" class=\"elementor-animation-pop\" loading=\"lazy\" \/><\/figure><div class=\"elementor-image-box-content\"><h3 class=\"elementor-image-box-title\">Reserva con un dep\u00f3sito del 30<\/h3><p class=\"elementor-image-box-description\">Paga el resto al registrarte<\/p><\/div><\/div>\t\t\t\t<\/div>\n\t\t\t\t<\/div>\n\t\t\t\t\t<\/div>\n\t\t<\/div>\n\t\t\t\t\t<\/div>\n\t\t<\/section>\n\t\t\t\t\t<\/div>\n\t\t<\/div>\n\t\t\t\t\t<\/div>\n\t\t<\/section>\n\t\t\t\t<section class=\"elementor-section elementor-top-section elementor-element elementor-element-9fd8f37 elementor-section-stretched elementor-section-boxed elementor-section-height-default elementor-section-height-default\" data-id=\"9fd8f37\" data-element_type=\"section\" data-e-type=\"section\" data-settings=\"{&quot;stretch_section&quot;:&quot;section-stretched&quot;,&quot;background_background&quot;:&quot;classic&quot;}\">\n\t\t\t\t\t\t<div class=\"elementor-container elementor-column-gap-default\">\n\t\t\t\t\t<div class=\"elementor-column elementor-col-100 elementor-top-column elementor-element elementor-element-52c04bf\" data-id=\"52c04bf\" data-element_type=\"column\" data-e-type=\"column\">\n\t\t\t<div class=\"elementor-widget-wrap elementor-element-populated\">\n\t\t\t\t\t\t<section class=\"elementor-section elementor-inner-section elementor-element elementor-element-25784bd elementor-section-boxed elementor-section-height-default elementor-section-height-default\" data-id=\"25784bd\" data-element_type=\"section\" data-e-type=\"section\">\n\t\t\t\t\t\t<div class=\"elementor-container elementor-column-gap-default\">\n\t\t\t\t\t<div class=\"elementor-column elementor-col-100 elementor-inner-column elementor-element elementor-element-3ba2769\" data-id=\"3ba2769\" data-element_type=\"column\" data-e-type=\"column\">\n\t\t\t<div class=\"elementor-widget-wrap elementor-element-populated\">\n\t\t\t\t\t\t<div class=\"elementor-element elementor-element-534f2e9 elementor-widget elementor-widget-heading\" data-id=\"534f2e9\" data-element_type=\"widget\" data-e-type=\"widget\" data-widget_type=\"heading.default\">\n\t\t\t\t<div class=\"elementor-widget-container\">\n\t\t\t\t\t<h2 class=\"elementor-heading-title elementor-size-default\">Alquiler de camper Portugal. Preguntas frecuentes (FAQ) <\/h2>\t\t\t\t<\/div>\n\t\t\t\t<\/div>\n\t\t\t\t\t<\/div>\n\t\t<\/div>\n\t\t\t\t\t<\/div>\n\t\t<\/section>\n\t\t\t\t<section class=\"elementor-section elementor-inner-section elementor-element elementor-element-1063390f elementor-section-boxed elementor-section-height-default elementor-section-height-default\" data-id=\"1063390f\" data-element_type=\"section\" data-e-type=\"section\">\n\t\t\t\t\t\t<div class=\"elementor-container elementor-column-gap-default\">\n\t\t\t\t\t<div class=\"elementor-column elementor-col-100 elementor-inner-column elementor-element elementor-element-5d45e689\" data-id=\"5d45e689\" data-element_type=\"column\" data-e-type=\"column\">\n\t\t\t<div class=\"elementor-widget-wrap elementor-element-populated\">\n\t\t\t\t\t\t<div class=\"elementor-element elementor-element-77adbb4b elementor-widget elementor-widget-accordion\" data-id=\"77adbb4b\" data-element_type=\"widget\" data-e-type=\"widget\" id=\"faq-section\" data-widget_type=\"accordion.default\">\n\t\t\t\t<div class=\"elementor-widget-container\">\n\t\t\t\t\t\t\t<div class=\"elementor-accordion\">\n\t\t\t\t\t\t\t<div class=\"elementor-accordion-item\">\n\t\t\t\t\t<div id=\"elementor-tab-title-2001\" class=\"elementor-tab-title\" data-tab=\"1\" role=\"button\" aria-controls=\"elementor-tab-content-2001\" aria-expanded=\"false\">\n\t\t\t\t\t\t\t\t\t\t\t\t\t<span class=\"elementor-accordion-icon elementor-accordion-icon-left\" aria-hidden=\"true\">\n\t\t\t\t\t\t\t\t\t\t\t\t\t\t\t<span class=\"elementor-accordion-icon-closed\"><i class=\"fas fa-plus\"><\/i><\/span>\n\t\t\t\t\t\t\t\t<span class=\"elementor-accordion-icon-opened\"><i class=\"fas fa-minus\"><\/i><\/span>\n\t\t\t\t\t\t\t\t\t\t\t\t\t\t<\/span>\n\t\t\t\t\t\t\t\t\t\t\t\t<a class=\"elementor-accordion-title\" tabindex=\"0\">\u00bfQu\u00e9 incluye el alquiler de la autocaravana?<\/a>\n\t\t\t\t\t<\/div>\n\t\t\t\t\t<div id=\"elementor-tab-content-2001\" class=\"elementor-tab-content elementor-clearfix\" data-tab=\"1\" role=\"region\" aria-labelledby=\"elementor-tab-title-2001\"><p>Todo lo necesario para dormir, cocinar y lavarte. Ropa de cama y toallas, un juego completo de cocina con gas, ollas, platos y cubiertos, una mesa y dos sillas, una nevera o una hielera, un panel solar, un dep\u00f3sito de agua de 80 litros con ducha exterior y un kit de limpieza. T\u00fa traes la ropa y la comida.  <\/p>\n<\/div>\n\t\t\t\t<\/div>\n\t\t\t\t\t\t\t<div class=\"elementor-accordion-item\">\n\t\t\t\t\t<div id=\"elementor-tab-title-2002\" class=\"elementor-tab-title\" data-tab=\"2\" role=\"button\" aria-controls=\"elementor-tab-content-2002\" aria-expanded=\"false\">\n\t\t\t\t\t\t\t\t\t\t\t\t\t<span class=\"elementor-accordion-icon elementor-accordion-icon-left\" aria-hidden=\"true\">\n\t\t\t\t\t\t\t\t\t\t\t\t\t\t\t<span class=\"elementor-accordion-icon-closed\"><i class=\"fas fa-plus\"><\/i><\/span>\n\t\t\t\t\t\t\t\t<span class=\"elementor-accordion-icon-opened\"><i class=\"fas fa-minus\"><\/i><\/span>\n\t\t\t\t\t\t\t\t\t\t\t\t\t\t<\/span>\n\t\t\t\t\t\t\t\t\t\t\t\t<a class=\"elementor-accordion-title\" tabindex=\"0\">\u00bfEs f\u00e1cil conducir y aparcar una mini autocaravana en Portugal?<\/a>\n\t\t\t\t\t<\/div>\n\t\t\t\t\t<div id=\"elementor-tab-content-2002\" class=\"elementor-tab-content elementor-clearfix\" data-tab=\"2\" role=\"region\" aria-labelledby=\"elementor-tab-title-2002\"><p>S\u00ed. Nuestras furgonetas se conducen como un coche normal y caben en una plaza de aparcamiento corriente. Adem\u00e1s, pasan por debajo de las barreras de dos metros de altura que impiden el acceso de las autocaravanas m\u00e1s grandes a los mejores aparcamientos de la costa, y ah\u00ed es donde su tama\u00f1o reducido resulta una gran ventaja.  <\/p>\n<\/div>\n\t\t\t\t<\/div>\n\t\t\t\t\t\t\t<div class=\"elementor-accordion-item\">\n\t\t\t\t\t<div id=\"elementor-tab-title-2003\" class=\"elementor-tab-title\" data-tab=\"3\" role=\"button\" aria-controls=\"elementor-tab-content-2003\" aria-expanded=\"false\">\n\t\t\t\t\t\t\t\t\t\t\t\t\t<span class=\"elementor-accordion-icon elementor-accordion-icon-left\" aria-hidden=\"true\">\n\t\t\t\t\t\t\t\t\t\t\t\t\t\t\t<span class=\"elementor-accordion-icon-closed\"><i class=\"fas fa-plus\"><\/i><\/span>\n\t\t\t\t\t\t\t\t<span class=\"elementor-accordion-icon-opened\"><i class=\"fas fa-minus\"><\/i><\/span>\n\t\t\t\t\t\t\t\t\t\t\t\t\t\t<\/span>\n\t\t\t\t\t\t\t\t\t\t\t\t<a class=\"elementor-accordion-title\" tabindex=\"0\">\u00bfCu\u00e1les son los horarios de entrada y salida?<\/a>\n\t\t\t\t\t<\/div>\n\t\t\t\t\t<div id=\"elementor-tab-content-2003\" class=\"elementor-tab-content elementor-clearfix\" data-tab=\"3\" role=\"region\" aria-labelledby=\"elementor-tab-title-2003\"><p>Entrada en cualquier momento a partir de las 14:00 y salida en cualquier momento hasta las 11:00. Ind\u00edcanos tus horarios de vuelo al hacer la reserva y lo organizaremos. <\/p>\n<\/div>\n\t\t\t\t<\/div>\n\t\t\t\t\t\t\t<div class=\"elementor-accordion-item\">\n\t\t\t\t\t<div id=\"elementor-tab-title-2004\" class=\"elementor-tab-title\" data-tab=\"4\" role=\"button\" aria-controls=\"elementor-tab-content-2004\" aria-expanded=\"false\">\n\t\t\t\t\t\t\t\t\t\t\t\t\t<span class=\"elementor-accordion-icon elementor-accordion-icon-left\" aria-hidden=\"true\">\n\t\t\t\t\t\t\t\t\t\t\t\t\t\t\t<span class=\"elementor-accordion-icon-closed\"><i class=\"fas fa-plus\"><\/i><\/span>\n\t\t\t\t\t\t\t\t<span class=\"elementor-accordion-icon-opened\"><i class=\"fas fa-minus\"><\/i><\/span>\n\t\t\t\t\t\t\t\t\t\t\t\t\t\t<\/span>\n\t\t\t\t\t\t\t\t\t\t\t\t<a class=\"elementor-accordion-title\" tabindex=\"0\">\u00bfHay un periodo m\u00ednimo de alquiler?<\/a>\n\t\t\t\t\t<\/div>\n\t\t\t\t\t<div id=\"elementor-tab-content-2004\" class=\"elementor-tab-content elementor-clearfix\" data-tab=\"4\" role=\"region\" aria-labelledby=\"elementor-tab-title-2004\"><p>Dos noches. Se aceptan escapadas de fin de semana. <\/p>\n<\/div>\n\t\t\t\t<\/div>\n\t\t\t\t\t\t\t<div class=\"elementor-accordion-item\">\n\t\t\t\t\t<div id=\"elementor-tab-title-2005\" class=\"elementor-tab-title\" data-tab=\"5\" role=\"button\" aria-controls=\"elementor-tab-content-2005\" aria-expanded=\"false\">\n\t\t\t\t\t\t\t\t\t\t\t\t\t<span class=\"elementor-accordion-icon elementor-accordion-icon-left\" aria-hidden=\"true\">\n\t\t\t\t\t\t\t\t\t\t\t\t\t\t\t<span class=\"elementor-accordion-icon-closed\"><i class=\"fas fa-plus\"><\/i><\/span>\n\t\t\t\t\t\t\t\t<span class=\"elementor-accordion-icon-opened\"><i class=\"fas fa-minus\"><\/i><\/span>\n\t\t\t\t\t\t\t\t\t\t\t\t\t\t<\/span>\n\t\t\t\t\t\t\t\t\t\t\t\t<a class=\"elementor-accordion-title\" tabindex=\"0\">\u00bfD\u00f3nde puedo recoger y devolver la autocaravana?<\/a>\n\t\t\t\t\t<\/div>\n\t\t\t\t\t<div id=\"elementor-tab-content-2005\" class=\"elementor-tab-content elementor-clearfix\" data-tab=\"5\" role=\"region\" aria-labelledby=\"elementor-tab-title-2005\"><p>Faro o Lisboa-Montijo. En Faro estamos en la Rua Aquilino Ribeiro, 124, a 2 km del aeropuerto. Lisboa-Montijo est\u00e1 al otro lado del r\u00edo, frente a la ciudad, a unos 25 minutos del centro. Se puede empezar en uno y terminar en el otro, siempre que haya disponibilidad y se pague un suplemento por trayecto de ida.     <a href=\"https:\/\/oceancamper.com\/es\/alquiler-de-campervan\/\">Compara las dos ubicaciones.<\/a><\/p>\n<\/div>\n\t\t\t\t<\/div>\n\t\t\t\t\t\t\t<div class=\"elementor-accordion-item\">\n\t\t\t\t\t<div id=\"elementor-tab-title-2006\" class=\"elementor-tab-title\" data-tab=\"6\" role=\"button\" aria-controls=\"elementor-tab-content-2006\" aria-expanded=\"false\">\n\t\t\t\t\t\t\t\t\t\t\t\t\t<span class=\"elementor-accordion-icon elementor-accordion-icon-left\" aria-hidden=\"true\">\n\t\t\t\t\t\t\t\t\t\t\t\t\t\t\t<span class=\"elementor-accordion-icon-closed\"><i class=\"fas fa-plus\"><\/i><\/span>\n\t\t\t\t\t\t\t\t<span class=\"elementor-accordion-icon-opened\"><i class=\"fas fa-minus\"><\/i><\/span>\n\t\t\t\t\t\t\t\t\t\t\t\t\t\t<\/span>\n\t\t\t\t\t\t\t\t\t\t\t\t<a class=\"elementor-accordion-title\" tabindex=\"0\">\u00bfTen\u00e9is autocaravanas autom\u00e1ticas?<\/a>\n\t\t\t\t\t<\/div>\n\t\t\t\t\t<div id=\"elementor-tab-content-2006\" class=\"elementor-tab-content elementor-clearfix\" data-tab=\"6\" role=\"region\" aria-labelledby=\"elementor-tab-title-2006\"><p>S\u00ed. La <a href=\"https:\/\/oceancamper.com\/es\/autocaravanas\/oasis-autocaravana-automatica\/\">Oasis Automatic<\/a> es la misma furgoneta que la Indigo, pero con cambio autom\u00e1tico. Es muy popular en la costa oeste, con sus muchas cuestas, y se agota r\u00e1pido en verano.  <\/p>\n<\/div>\n\t\t\t\t<\/div>\n\t\t\t\t\t\t\t<div class=\"elementor-accordion-item\">\n\t\t\t\t\t<div id=\"elementor-tab-title-2007\" class=\"elementor-tab-title\" data-tab=\"7\" role=\"button\" aria-controls=\"elementor-tab-content-2007\" aria-expanded=\"false\">\n\t\t\t\t\t\t\t\t\t\t\t\t\t<span class=\"elementor-accordion-icon elementor-accordion-icon-left\" aria-hidden=\"true\">\n\t\t\t\t\t\t\t\t\t\t\t\t\t\t\t<span class=\"elementor-accordion-icon-closed\"><i class=\"fas fa-plus\"><\/i><\/span>\n\t\t\t\t\t\t\t\t<span class=\"elementor-accordion-icon-opened\"><i class=\"fas fa-minus\"><\/i><\/span>\n\t\t\t\t\t\t\t\t\t\t\t\t\t\t<\/span>\n\t\t\t\t\t\t\t\t\t\t\t\t<a class=\"elementor-accordion-title\" tabindex=\"0\">\u00bfQu\u00e9 tengo que llevar para hacer el check-in?<\/a>\n\t\t\t\t\t<\/div>\n\t\t\t\t\t<div id=\"elementor-tab-content-2007\" class=\"elementor-tab-content elementor-clearfix\" data-tab=\"7\" role=\"region\" aria-labelledby=\"elementor-tab-title-2007\"><p>Un carn\u00e9 de conducir f\u00edsico, v\u00e1lido en la UE y que hayas tenido durante al menos un a\u00f1o en la fecha de la llegada, adem\u00e1s de un pasaporte o un documento de identidad europeo. No se aceptan carn\u00e9s digitales ni fotos de los mismos, as\u00ed que trae el carn\u00e9 en papel. <\/p>\n<\/div>\n\t\t\t\t<\/div>\n\t\t\t\t\t\t\t<div class=\"elementor-accordion-item\">\n\t\t\t\t\t<div id=\"elementor-tab-title-2008\" class=\"elementor-tab-title\" data-tab=\"8\" role=\"button\" aria-controls=\"elementor-tab-content-2008\" aria-expanded=\"false\">\n\t\t\t\t\t\t\t\t\t\t\t\t\t<span class=\"elementor-accordion-icon elementor-accordion-icon-left\" aria-hidden=\"true\">\n\t\t\t\t\t\t\t\t\t\t\t\t\t\t\t<span class=\"elementor-accordion-icon-closed\"><i class=\"fas fa-plus\"><\/i><\/span>\n\t\t\t\t\t\t\t\t<span class=\"elementor-accordion-icon-opened\"><i class=\"fas fa-minus\"><\/i><\/span>\n\t\t\t\t\t\t\t\t\t\t\t\t\t\t<\/span>\n\t\t\t\t\t\t\t\t\t\t\t\t<a class=\"elementor-accordion-title\" tabindex=\"0\">\u00bfHay alg\u00fan l\u00edmite de edad?<\/a>\n\t\t\t\t\t<\/div>\n\t\t\t\t\t<div id=\"elementor-tab-content-2008\" class=\"elementor-tab-content elementor-clearfix\" data-tab=\"8\" role=\"region\" aria-labelledby=\"elementor-tab-title-2008\"><p>Tienes que tener un a\u00f1o completo de experiencia al volante el d\u00eda de la recogida del coche. Los conductores menores de 23 a\u00f1os deben contratar la opci\u00f3n de seguro para conductores j\u00f3venes, lo cual puedes hacer al hacer la reserva o en el momento de la recogida. <\/p>\n<\/div>\n\t\t\t\t<\/div>\n\t\t\t\t\t\t\t<div class=\"elementor-accordion-item\">\n\t\t\t\t\t<div id=\"elementor-tab-title-2009\" class=\"elementor-tab-title\" data-tab=\"9\" role=\"button\" aria-controls=\"elementor-tab-content-2009\" aria-expanded=\"false\">\n\t\t\t\t\t\t\t\t\t\t\t\t\t<span class=\"elementor-accordion-icon elementor-accordion-icon-left\" aria-hidden=\"true\">\n\t\t\t\t\t\t\t\t\t\t\t\t\t\t\t<span class=\"elementor-accordion-icon-closed\"><i class=\"fas fa-plus\"><\/i><\/span>\n\t\t\t\t\t\t\t\t<span class=\"elementor-accordion-icon-opened\"><i class=\"fas fa-minus\"><\/i><\/span>\n\t\t\t\t\t\t\t\t\t\t\t\t\t\t<\/span>\n\t\t\t\t\t\t\t\t\t\t\t\t<a class=\"elementor-accordion-title\" tabindex=\"0\">\u00bfQu\u00e9 seguro est\u00e1 incluido?<\/a>\n\t\t\t\t\t<\/div>\n\t\t\t\t\t<div id=\"elementor-tab-content-2009\" class=\"elementor-tab-content elementor-clearfix\" data-tab=\"9\" role=\"region\" aria-labelledby=\"elementor-tab-title-2009\"><p>Todos los alquileres incluyen cobertura de serie, y puedes a\u00f1adir paquetes de seguro adicionales al hacer el check-in, junto con cualquier otra cosa que necesites.  <a href=\"https:\/\/oceancamper.com\/es\/preguntas-frecuentes\/\">Echa un vistazo a las condiciones completas en nuestra p\u00e1gina de preguntas frecuentes.<\/a><\/p>\n<\/div>\n\t\t\t\t<\/div>\n\t\t\t\t\t\t\t\t\t\t<script type=\"application\/ld+json\">{\"@context\":\"https:\\\/\\\/schema.org\",\"@type\":\"FAQPage\",\"mainEntity\":[{\"@type\":\"Question\",\"name\":\"\\u00bfQu\\u00e9 incluye el alquiler de la autocaravana?\",\"acceptedAnswer\":{\"@type\":\"Answer\",\"text\":\"<p>Todo lo necesario para dormir, cocinar y lavarte. Ropa de cama y toallas, un juego completo de cocina con gas, ollas, platos y cubiertos, una mesa y dos sillas, una nevera o una hielera, un panel solar, un dep\\u00f3sito de agua de 80 litros con ducha exterior y un kit de limpieza. T\\u00fa traes la ropa y la comida.  <\\\/p>\\n\"}},{\"@type\":\"Question\",\"name\":\"\\u00bfEs f\\u00e1cil conducir y aparcar una mini autocaravana en Portugal?\",\"acceptedAnswer\":{\"@type\":\"Answer\",\"text\":\"<p>S\\u00ed. Nuestras furgonetas se conducen como un coche normal y caben en una plaza de aparcamiento corriente. Adem\\u00e1s, pasan por debajo de las barreras de dos metros de altura que impiden el acceso de las autocaravanas m\\u00e1s grandes a los mejores aparcamientos de la costa, y ah\\u00ed es donde su tama\\u00f1o reducido resulta una gran ventaja.  <\\\/p>\\n\"}},{\"@type\":\"Question\",\"name\":\"\\u00bfCu\\u00e1les son los horarios de entrada y salida?\",\"acceptedAnswer\":{\"@type\":\"Answer\",\"text\":\"<p>Entrada en cualquier momento a partir de las 14:00 y salida en cualquier momento hasta las 11:00. Ind\\u00edcanos tus horarios de vuelo al hacer la reserva y lo organizaremos. <\\\/p>\\n\"}},{\"@type\":\"Question\",\"name\":\"\\u00bfHay un periodo m\\u00ednimo de alquiler?\",\"acceptedAnswer\":{\"@type\":\"Answer\",\"text\":\"<p>Dos noches. Se aceptan escapadas de fin de semana. <\\\/p>\\n\"}},{\"@type\":\"Question\",\"name\":\"\\u00bfD\\u00f3nde puedo recoger y devolver la autocaravana?\",\"acceptedAnswer\":{\"@type\":\"Answer\",\"text\":\"<p>Faro o Lisboa-Montijo. En Faro estamos en la Rua Aquilino Ribeiro, 124, a 2 km del aeropuerto. Lisboa-Montijo est\\u00e1 al otro lado del r\\u00edo, frente a la ciudad, a unos 25 minutos del centro. Se puede empezar en uno y terminar en el otro, siempre que haya disponibilidad y se pague un suplemento por trayecto de ida.     <a href=\\\"https:\\\/\\\/oceancamper.com\\\/es\\\/alquiler-de-campervan\\\/\\\">Compara las dos ubicaciones.<\\\/a><\\\/p>\\n\"}},{\"@type\":\"Question\",\"name\":\"\\u00bfTen\\u00e9is autocaravanas autom\\u00e1ticas?\",\"acceptedAnswer\":{\"@type\":\"Answer\",\"text\":\"<p>S\\u00ed. La <a href=\\\"https:\\\/\\\/oceancamper.com\\\/es\\\/autocaravanas\\\/oasis-autocaravana-automatica\\\/\\\">Oasis Automatic<\\\/a> es la misma furgoneta que la Indigo, pero con cambio autom\\u00e1tico. Es muy popular en la costa oeste, con sus muchas cuestas, y se agota r\\u00e1pido en verano.  <\\\/p>\\n\"}},{\"@type\":\"Question\",\"name\":\"\\u00bfQu\\u00e9 tengo que llevar para hacer el check-in?\",\"acceptedAnswer\":{\"@type\":\"Answer\",\"text\":\"<p>Un carn\\u00e9 de conducir f\\u00edsico, v\\u00e1lido en la UE y que hayas tenido durante al menos un a\\u00f1o en la fecha de la llegada, adem\\u00e1s de un pasaporte o un documento de identidad europeo. No se aceptan carn\\u00e9s digitales ni fotos de los mismos, as\\u00ed que trae el carn\\u00e9 en papel. <\\\/p>\\n\"}},{\"@type\":\"Question\",\"name\":\"\\u00bfHay alg\\u00fan l\\u00edmite de edad?\",\"acceptedAnswer\":{\"@type\":\"Answer\",\"text\":\"<p>Tienes que tener un a\\u00f1o completo de experiencia al volante el d\\u00eda de la recogida del coche. Los conductores menores de 23 a\\u00f1os deben contratar la opci\\u00f3n de seguro para conductores j\\u00f3venes, lo cual puedes hacer al hacer la reserva o en el momento de la recogida. <\\\/p>\\n\"}},{\"@type\":\"Question\",\"name\":\"\\u00bfQu\\u00e9 seguro est\\u00e1 incluido?\",\"acceptedAnswer\":{\"@type\":\"Answer\",\"text\":\"<p>Todos los alquileres incluyen cobertura de serie, y puedes a\\u00f1adir paquetes de seguro adicionales al hacer el check-in, junto con cualquier otra cosa que necesites.  <a href=\\\"https:\\\/\\\/oceancamper.com\\\/es\\\/preguntas-frecuentes\\\/\\\">Echa un vistazo a las condiciones completas en nuestra p\\u00e1gina de preguntas frecuentes.<\\\/a><\\\/p>\\n\"}}]}<\/script>\n\t\t\t\t\t<\/div>\n\t\t\t\t\t\t<\/div>\n\t\t\t\t<\/div>\n\t\t\t\t<div class=\"elementor-element elementor-element-a1e5d7b elementor-widget elementor-widget-html\" data-id=\"a1e5d7b\" data-element_type=\"widget\" data-e-type=\"widget\" data-widget_type=\"html.default\">\n\t\t\t\t<div class=\"elementor-widget-container\">\n\t\t\t\t\t<script>(function(){\n  function closeAll(root){\n    if(!root) return;\n    root.querySelectorAll(\".elementor-tab-title\").forEach(function(t){\n      t.classList.remove(\"elementor-active\");\n      t.setAttribute(\"aria-expanded\",\"false\");\n    });\n    root.querySelectorAll(\".elementor-tab-content\").forEach(function(c){\n      c.classList.remove(\"elementor-active\");\n      c.style.display=\"none\";\n      c.setAttribute(\"aria-hidden\",\"true\");\n    });\n  }\n  var sel=\".elementor-element-77adbb4b\";\n  closeAll(document.querySelector(sel));\n  if(window.jQuery){\n    jQuery(window).on(\"elementor\/frontend\/init\", function(){\n      elementorFrontend.hooks.addAction(\"frontend\/element_ready\/accordion.default\", function($scope){\n        if($scope && $scope[0] && $scope[0].matches(sel)) closeAll($scope[0]);\n      });\n    });\n  }\n  document.addEventListener(\"DOMContentLoaded\", function(){ closeAll(document.querySelector(sel)); });\n  window.addEventListener(\"load\", function(){ closeAll(document.querySelector(sel)); });\n})();\n<\/script>\t\t\t\t<\/div>\n\t\t\t\t<\/div>\n\t\t\t\t\t<\/div>\n\t\t<\/div>\n\t\t\t\t\t<\/div>\n\t\t<\/section>\n\t\t\t\t<div class=\"elementor-element elementor-element-d22e519 elementor-widget elementor-widget-html\" data-id=\"d22e519\" data-element_type=\"widget\" data-e-type=\"widget\" data-widget_type=\"html.default\">\n\t\t\t\t<div class=\"elementor-widget-container\">\n\t\t\t\t\t<script type=\"application\/ld+json\">{\n \"@context\": \"https:\/\/schema.org\",\n \"@type\": \"AutoRental\",\n \"@id\": \"https:\/\/oceancamper.com\/#localbusiness\",\n \"name\": \"Ocean Camper\",\n \"description\": \"Family-run campervan rental in Portugal. Fully equipped mini campervans collected 2 km from Faro Airport or at Lisbon-Montijo.\",\n \"url\": \"https:\/\/oceancamper.com\/\",\n \"image\": \"https:\/\/oceancamper.com\/wp-content\/uploads\/2026\/01\/campervan-road-trip-portugal-atlantic-cliffs.webp\",\n \"email\": \"info@oceancamper.com\",\n \"telephone\": \"+351920301044\",\n \"priceRange\": \"\u20ac39-\u20ac129\",\n \"currenciesAccepted\": \"EUR\",\n \"address\": {\n  \"@type\": \"PostalAddress\",\n  \"streetAddress\": \"Rua Aquilino Ribeiro 124\",\n  \"addressLocality\": \"Faro\",\n  \"postalCode\": \"8005-177\",\n  \"addressRegion\": \"Algarve\",\n  \"addressCountry\": \"PT\"\n },\n \"areaServed\": {\n  \"@type\": \"Country\",\n  \"name\": \"Portugal\"\n },\n \"parentOrganization\": {\n  \"@id\": \"https:\/\/oceancamper.com\/#organization\"\n }\n}<\/script>\t\t\t\t<\/div>\n\t\t\t\t<\/div>\n\t\t\t\t\t<\/div>\n\t\t<\/div>\n\t\t\t\t\t<\/div>\n\t\t<\/section>\n\t\t\t\t<\/div>\n\t\t","protected":false},"excerpt":{"rendered":"<p>Alquiler camper Portugal Tu viaje por carretera sin complicaciones empieza aqu\u00ed Autocaravanas mini totalmente equipadas, lo suficientemente peque\u00f1as como para aparcar en cualquier sitio. Rec\u00f3gelas en Faro o Lisboa y luego vete a donde quieras. Consultar disponibilidad 5.0\u2605 Valoraci\u00f3n Google M\u00e1s de 450 opiniones Totalmente equipado Incluye kit de cama y m\u00e1s A partir de [&hellip;]<\/p>\n","protected":false},"author":1,"featured_media":231459,"parent":0,"menu_order":0,"comment_status":"closed","ping_status":"closed","template":"elementor_header_footer","meta":{"om_disable_all_campaigns":false,"footnotes":""},"class_list":["post-81814","page","type-page","status-publish","has-post-thumbnail","hentry"],"aioseo_notices":[],"aioseo_head":"\n\t\t<!-- All in One SEO 4.9.10 - aioseo.com -->\n\t<meta name=\"description\" content=\"Alquiler de autocaravanas en Portugal con recogida en Faro o Lisboa. Mini autocaravanas totalmente equipadas para parejas. Empieza hoy mismo tu viaje flexible por el Algarve.\" \/>\n\t<meta name=\"robots\" content=\"max-image-preview:large\" \/>\n\t<link rel=\"canonical\" href=\"https:\/\/oceancamper.com\/\" \/>\n\t<meta name=\"generator\" content=\"All in One SEO (AIOSEO) 4.9.10\" \/>\n\t\t<meta property=\"og:locale\" content=\"es_ES\" \/>\n\t\t<meta property=\"og:site_name\" content=\"Ocean Camper - Campervan Rental in Faro, Portugal\" \/>\n\t\t<meta property=\"og:type\" content=\"article\" \/>\n\t\t<meta property=\"og:title\" content=\"Alquiler de camper Portugal | Autocaravanas asequibles y totalmente equipadas\" \/>\n\t\t<meta property=\"og:description\" content=\"Explora Portugal con Ocean Camper. Mini autocaravanas totalmente equipadas, precios inmejorables y 5\u2b50 opiniones. Recogida gratuita cerca del aeropuerto de Faro. \u00a1Reserva tu aventura hoy mismo!\" \/>\n\t\t<meta property=\"og:url\" content=\"https:\/\/oceancamper.com\/\" \/>\n\t\t<meta property=\"og:image\" content=\"https:\/\/oceancamper.com\/wp-content\/uploads\/2026\/02\/campervan-road-trip-portugal-atlantic-cliffs.webp\" \/>\n\t\t<meta property=\"og:image:secure_url\" content=\"https:\/\/oceancamper.com\/wp-content\/uploads\/2026\/02\/campervan-road-trip-portugal-atlantic-cliffs.webp\" \/>\n\t\t<meta property=\"og:image:width\" content=\"2560\" \/>\n\t\t<meta property=\"og:image:height\" content=\"1706\" \/>\n\t\t<meta property=\"article:published_time\" content=\"2022-01-26T18:39:36+00:00\" \/>\n\t\t<meta property=\"article:modified_time\" content=\"2026-09-01T19:44:33+00:00\" \/>\n\t\t<meta property=\"article:publisher\" content=\"https:\/\/www.facebook.com\/oceancamper\/\" \/>\n\t\t<meta name=\"twitter:card\" content=\"summary\" \/>\n\t\t<meta name=\"twitter:site\" content=\"@Ocean_Camper\" \/>\n\t\t<meta name=\"twitter:title\" content=\"Alquiler camper Portugal | Alquiler econ\u00f3mico de autocaravanas en el Algarve\" \/>\n\t\t<meta name=\"twitter:description\" content=\"Explora Portugal en mini autocaravanas totalmente equipadas. Recogida gratuita cerca del aeropuerto de Faro y Lisboa, precios inmejorables y 5\u2b50 opiniones. \u00a1Empieza tu viaje por carretera con Ocean Camper!\" \/>\n\t\t<meta name=\"twitter:creator\" content=\"@Ocean_Camper\" \/>\n\t\t<meta name=\"twitter:image\" content=\"https:\/\/oceancamper.com\/wp-content\/uploads\/2026\/02\/campervan-road-trip-portugal-atlantic-cliffs.webp\" \/>\n\t\t<script type=\"application\/ld+json\" class=\"aioseo-schema\">\n\t\t\t{\"@context\":\"https:\\\/\\\/schema.org\",\"@graph\":[{\"@type\":\"BreadcrumbList\",\"@id\":\"https:\\\/\\\/oceancamper.com\\\/es\\\/#breadcrumblist\",\"itemListElement\":[{\"@type\":\"ListItem\",\"@id\":\"https:\\\/\\\/oceancamper.com\\\/es\\\/#listItem\",\"position\":1,\"name\":\"Home\",\"item\":\"https:\\\/\\\/oceancamper.com\\\/es\\\/\",\"nextItem\":{\"@type\":\"ListItem\",\"@id\":\"https:\\\/\\\/oceancamper.com\\\/es\\\/#listItem\",\"name\":\"Alquiler de camper Portugal. \\u00a1Tu viaje por carretera sin complicaciones empieza aqu\\u00ed!\"}},{\"@type\":\"ListItem\",\"@id\":\"https:\\\/\\\/oceancamper.com\\\/es\\\/#listItem\",\"position\":2,\"name\":\"Alquiler de camper Portugal. \\u00a1Tu viaje por carretera sin complicaciones empieza aqu\\u00ed!\",\"previousItem\":{\"@type\":\"ListItem\",\"@id\":\"https:\\\/\\\/oceancamper.com\\\/es\\\/#listItem\",\"name\":\"Home\"}}]},{\"@type\":\"Organization\",\"@id\":\"https:\\\/\\\/oceancamper.com\\\/es\\\/#organization\",\"name\":\"Ocean Camper\",\"description\":\"Ocean Camper provides affordable campervan rental in Portugal with fully equipped campervans for up to three people, available in Faro and Lisbon for flexible road trips.\",\"url\":\"https:\\\/\\\/oceancamper.com\\\/es\\\/\",\"email\":\"info@oceancamper.com\",\"telephone\":\"+351920301044\",\"foundingDate\":\"2017-04-19\",\"numberOfEmployees\":{\"@type\":\"QuantitativeValue\",\"minValue\":0,\"maxValue\":10},\"logo\":{\"@type\":\"ImageObject\",\"url\":\"https:\\\/\\\/oceancamper.com\\\/wp-content\\\/uploads\\\/2022\\\/01\\\/Asset-5.png\",\"@id\":\"https:\\\/\\\/oceancamper.com\\\/es\\\/#organizationLogo\",\"width\":662,\"height\":291,\"caption\":\"Ocean Camper logo\"},\"image\":{\"@id\":\"https:\\\/\\\/oceancamper.com\\\/es\\\/#organizationLogo\"},\"sameAs\":[\"https:\\\/\\\/www.facebook.com\\\/oceancamper\\\/\",\"https:\\\/\\\/x.com\\\/Ocean_Camper\",\"https:\\\/\\\/www.instagram.com\\\/oceancamper.vans\\\/\",\"https:\\\/\\\/www.tiktok.com\\\/@oceancamper.vans\",\"https:\\\/\\\/www.youtube.com\\\/@oceancamper\",\"https:\\\/\\\/www.linkedin.com\\\/company\\\/oceancamper\\\/\",\"https:\\\/\\\/www.trustpilot.com\\\/review\\\/oceancamper.com\"]},{\"@type\":\"WebPage\",\"@id\":\"https:\\\/\\\/oceancamper.com\\\/es\\\/#webpage\",\"url\":\"https:\\\/\\\/oceancamper.com\\\/es\\\/\",\"name\":\"Alquiler de camper Portugal: \\u00a1tu viaje por carretera sin complicaciones empieza aqu\\u00ed!\",\"description\":\"Alquiler de autocaravanas en Portugal con recogida en Faro o Lisboa. Mini autocaravanas totalmente equipadas para parejas. Empieza hoy mismo tu viaje flexible por el Algarve.\",\"inLanguage\":\"es-ES\",\"isPartOf\":{\"@id\":\"https:\\\/\\\/oceancamper.com\\\/es\\\/#website\"},\"breadcrumb\":{\"@id\":\"https:\\\/\\\/oceancamper.com\\\/es\\\/#breadcrumblist\"},\"image\":{\"@type\":\"ImageObject\",\"url\":\"https:\\\/\\\/oceancamper.com\\\/wp-content\\\/uploads\\\/2026\\\/02\\\/campervan-rental-portugal-ocean-camper.webp\",\"@id\":\"https:\\\/\\\/oceancamper.com\\\/es\\\/#mainImage\",\"width\":1200,\"height\":900,\"caption\":\"Alquiler de mini autocaravanas totalmente equipadas en Portugal por Ocean Camper.\"},\"primaryImageOfPage\":{\"@id\":\"https:\\\/\\\/oceancamper.com\\\/es\\\/#mainImage\"},\"datePublished\":\"2022-01-26T18:39:36+00:00\",\"dateModified\":\"2026-09-01T19:44:33+00:00\"},{\"@type\":\"WebSite\",\"@id\":\"https:\\\/\\\/oceancamper.com\\\/es\\\/#website\",\"url\":\"https:\\\/\\\/oceancamper.com\\\/es\\\/\",\"name\":\"Ocean Camper\",\"alternateName\":\"Ocean Camper Portugal\",\"description\":\"Campervan Rental in Faro, Portugal\",\"inLanguage\":\"es-ES\",\"publisher\":{\"@id\":\"https:\\\/\\\/oceancamper.com\\\/es\\\/#organization\"}}]}\n\t\t<\/script>\n\t\t<!-- All in One SEO -->\n\n","aioseo_head_json":{"title":"Alquiler de camper Portugal: \u00a1tu viaje por carretera sin complicaciones empieza aqu\u00ed!","description":"Alquiler de autocaravanas en Portugal con recogida en Faro o Lisboa. Mini autocaravanas totalmente equipadas para parejas. Empieza hoy mismo tu viaje flexible por el Algarve.","canonical_url":"https:\/\/oceancamper.com\/","robots":"max-image-preview:large","keywords":"","webmasterTools":{"miscellaneous":""},"schema":{"@context":"https:\/\/schema.org","@graph":[{"@type":"BreadcrumbList","@id":"https:\/\/oceancamper.com\/es\/#breadcrumblist","itemListElement":[{"@type":"ListItem","@id":"https:\/\/oceancamper.com\/es\/#listItem","position":1,"name":"Home","item":"https:\/\/oceancamper.com\/es\/","nextItem":{"@type":"ListItem","@id":"https:\/\/oceancamper.com\/es\/#listItem","name":"Alquiler de camper Portugal. \u00a1Tu viaje por carretera sin complicaciones empieza aqu\u00ed!"}},{"@type":"ListItem","@id":"https:\/\/oceancamper.com\/es\/#listItem","position":2,"name":"Alquiler de camper Portugal. \u00a1Tu viaje por carretera sin complicaciones empieza aqu\u00ed!","previousItem":{"@type":"ListItem","@id":"https:\/\/oceancamper.com\/es\/#listItem","name":"Home"}}]},{"@type":"Organization","@id":"https:\/\/oceancamper.com\/es\/#organization","name":"Ocean Camper","description":"Ocean Camper provides affordable campervan rental in Portugal with fully equipped campervans for up to three people, available in Faro and Lisbon for flexible road trips.","url":"https:\/\/oceancamper.com\/es\/","email":"info@oceancamper.com","telephone":"+351920301044","foundingDate":"2017-04-19","numberOfEmployees":{"@type":"QuantitativeValue","minValue":0,"maxValue":10},"logo":{"@type":"ImageObject","url":"https:\/\/oceancamper.com\/wp-content\/uploads\/2022\/01\/Asset-5.png","@id":"https:\/\/oceancamper.com\/es\/#organizationLogo","width":662,"height":291,"caption":"Ocean Camper logo"},"image":{"@id":"https:\/\/oceancamper.com\/es\/#organizationLogo"},"sameAs":["https:\/\/www.facebook.com\/oceancamper\/","https:\/\/x.com\/Ocean_Camper","https:\/\/www.instagram.com\/oceancamper.vans\/","https:\/\/www.tiktok.com\/@oceancamper.vans","https:\/\/www.youtube.com\/@oceancamper","https:\/\/www.linkedin.com\/company\/oceancamper\/","https:\/\/www.trustpilot.com\/review\/oceancamper.com"]},{"@type":"WebPage","@id":"https:\/\/oceancamper.com\/es\/#webpage","url":"https:\/\/oceancamper.com\/es\/","name":"Alquiler de camper Portugal: \u00a1tu viaje por carretera sin complicaciones empieza aqu\u00ed!","description":"Alquiler de autocaravanas en Portugal con recogida en Faro o Lisboa. Mini autocaravanas totalmente equipadas para parejas. Empieza hoy mismo tu viaje flexible por el Algarve.","inLanguage":"es-ES","isPartOf":{"@id":"https:\/\/oceancamper.com\/es\/#website"},"breadcrumb":{"@id":"https:\/\/oceancamper.com\/es\/#breadcrumblist"},"image":{"@type":"ImageObject","url":"https:\/\/oceancamper.com\/wp-content\/uploads\/2026\/02\/campervan-rental-portugal-ocean-camper.webp","@id":"https:\/\/oceancamper.com\/es\/#mainImage","width":1200,"height":900,"caption":"Alquiler de mini autocaravanas totalmente equipadas en Portugal por Ocean Camper."},"primaryImageOfPage":{"@id":"https:\/\/oceancamper.com\/es\/#mainImage"},"datePublished":"2022-01-26T18:39:36+00:00","dateModified":"2026-09-01T19:44:33+00:00"},{"@type":"WebSite","@id":"https:\/\/oceancamper.com\/es\/#website","url":"https:\/\/oceancamper.com\/es\/","name":"Ocean Camper","alternateName":"Ocean Camper Portugal","description":"Campervan Rental in Faro, Portugal","inLanguage":"es-ES","publisher":{"@id":"https:\/\/oceancamper.com\/es\/#organization"}}]},"og:locale":"es_ES","og:site_name":"Ocean Camper - Campervan Rental in Faro, Portugal","og:type":"article","og:title":"Alquiler de camper Portugal | Autocaravanas asequibles y totalmente equipadas","og:description":"Explora Portugal con Ocean Camper. Mini autocaravanas totalmente equipadas, precios inmejorables y 5\u2b50 opiniones. Recogida gratuita cerca del aeropuerto de Faro. \u00a1Reserva tu aventura hoy mismo!","og:url":"https:\/\/oceancamper.com\/","og:image":"https:\/\/oceancamper.com\/wp-content\/uploads\/2026\/02\/campervan-road-trip-portugal-atlantic-cliffs.webp","og:image:secure_url":"https:\/\/oceancamper.com\/wp-content\/uploads\/2026\/02\/campervan-road-trip-portugal-atlantic-cliffs.webp","og:image:width":2560,"og:image:height":1706,"article:published_time":"2022-01-26T18:39:36+00:00","article:modified_time":"2026-09-01T19:44:33+00:00","article:publisher":"https:\/\/www.facebook.com\/oceancamper\/","twitter:card":"summary","twitter:site":"@Ocean_Camper","twitter:title":"Alquiler camper Portugal | Alquiler econ\u00f3mico de autocaravanas en el Algarve","twitter:description":"Explora Portugal en mini autocaravanas totalmente equipadas. Recogida gratuita cerca del aeropuerto de Faro y Lisboa, precios inmejorables y 5\u2b50 opiniones. \u00a1Empieza tu viaje por carretera con Ocean Camper!","twitter:creator":"@Ocean_Camper","twitter:image":"https:\/\/oceancamper.com\/wp-content\/uploads\/2026\/02\/campervan-road-trip-portugal-atlantic-cliffs.webp"},"aioseo_meta_data":{"post_id":"81814","title":"Alquiler de camper Portugal: \u00a1tu viaje por carretera sin complicaciones empieza aqu\u00ed!","description":"Alquiler de autocaravanas en Portugal con recogida en Faro o Lisboa. Mini autocaravanas totalmente equipadas para parejas. Empieza hoy mismo tu viaje flexible por el Algarve.  ","keywords":null,"keyphrases":{"focus":{"keyphrase":"Campervan Rental Portugal","score":67,"analysis":{"keyphraseInTitle":{"score":9,"maxScore":9,"error":0},"keyphraseInDescription":{"score":9,"maxScore":9,"error":0},"keyphraseLength":{"score":9,"maxScore":9,"error":0,"length":3},"keyphraseInIntroduction":{"score":3,"maxScore":9,"error":1},"keyphraseInSubHeadings":{"score":3,"maxScore":9,"error":1},"keyphraseInImageAlt":{"score":9,"maxScore":9,"error":0},"keywordDensity":{"score":0,"type":"low","maxScore":9,"error":1}}},"additional":[{"keyphrase":"mini campervan Portugal","score":53,"analysis":{"keyphraseInDescription":{"score":3,"maxScore":9,"error":1},"keyphraseLength":{"score":9,"maxScore":9,"error":0,"length":3},"keyphraseInIntroduction":{"score":3,"maxScore":9,"error":1},"keyphraseInImageAlt":{"score":9,"maxScore":9,"error":0},"keywordDensity":{"score":0,"type":"low","maxScore":9,"error":1}}},{"keyphrase":"campervan hire Faro","score":53,"analysis":{"keyphraseInDescription":{"score":3,"maxScore":9,"error":1},"keyphraseLength":{"score":9,"maxScore":9,"error":0,"length":3},"keyphraseInIntroduction":{"score":3,"maxScore":9,"error":1},"keyphraseInImageAlt":{"score":9,"maxScore":9,"error":0},"keywordDensity":{"score":0,"type":"low","maxScore":9,"error":1}}},{"keyphrase":"budget campervan rental","score":53,"analysis":{"keyphraseInDescription":{"score":3,"maxScore":9,"error":1},"keyphraseLength":{"score":9,"maxScore":9,"error":0,"length":3},"keyphraseInIntroduction":{"score":3,"maxScore":9,"error":1},"keyphraseInImageAlt":{"score":9,"maxScore":9,"error":0},"keywordDensity":{"score":0,"type":"low","maxScore":9,"error":1}}},{"keyphrase":"best campervan rental Faro","score":40,"analysis":{"keyphraseInDescription":{"score":3,"maxScore":9,"error":1},"keyphraseLength":{"score":9,"maxScore":9,"error":0,"length":4},"keyphraseInIntroduction":{"score":3,"maxScore":9,"error":1},"keyphraseInImageAlt":{"score":3,"maxScore":9,"error":1},"keywordDensity":{"score":0,"type":"low","maxScore":9,"error":1}}}]},"primary_term":null,"canonical_url":"https:\/\/oceancamper.com\/","og_title":"Alquiler de camper Portugal | Autocaravanas asequibles y totalmente equipadas","og_description":"Explora Portugal con Ocean Camper. Mini autocaravanas totalmente equipadas, precios inmejorables y 5\u2b50 opiniones. Recogida gratuita cerca del aeropuerto de Faro. \u00a1Reserva tu aventura hoy mismo!   ","og_object_type":"default","og_image_type":"custom_image","og_image_url":"https:\/\/oceancamper.com\/wp-content\/uploads\/2026\/02\/campervan-road-trip-portugal-atlantic-cliffs.webp","og_image_width":"662","og_image_height":"291","og_image_custom_url":"https:\/\/oceancamper.com\/wp-content\/uploads\/2026\/02\/campervan-road-trip-portugal-atlantic-cliffs.webp","og_image_custom_fields":null,"og_video":"","og_custom_url":null,"og_article_section":null,"og_article_tags":null,"twitter_use_og":false,"twitter_card":"default","twitter_image_type":"custom_image","twitter_image_url":"https:\/\/oceancamper.com\/wp-content\/uploads\/2026\/02\/campervan-road-trip-portugal-atlantic-cliffs.webp","twitter_image_custom_url":"https:\/\/oceancamper.com\/wp-content\/uploads\/2026\/02\/campervan-road-trip-portugal-atlantic-cliffs.webp","twitter_image_custom_fields":null,"twitter_title":"Alquiler camper Portugal | Alquiler econ\u00f3mico de autocaravanas en el Algarve","twitter_description":"Explora Portugal en mini autocaravanas totalmente equipadas. Recogida gratuita cerca del aeropuerto de Faro y Lisboa, precios inmejorables y 5\u2b50 opiniones. \u00a1Empieza tu viaje por carretera con Ocean Camper!  ","schema":{"blockGraphs":[],"customGraphs":[{"id":"#aioseo-custom-milxju6h","custom":true,"graphName":"Review Schema","schema":"{\"@type\":\"Organization\",\"@id\":\"https:\/\/oceancamper.com\/#organization\",\"name\":\"Ocean Camper\",\"url\":\"https:\/\/oceancamper.com\/\",\"logo\":\"https:\/\/oceancamper.com\/wp-content\/uploads\/2022\/01\/campervan-home-section-min-1.jpg\",\"image\":\"https:\/\/oceancamper.com\/wp-content\/uploads\/2022\/01\/campervan-home-section-min-1.jpg\",\"email\":\"info@oceancamper.com\",\"telephone\":\"+351920301044\",\"address\":{\"@type\":\"PostalAddress\",\"streetAddress\":\"Rua Aquilino Ribeiro 124\",\"addressLocality\":\"Faro\",\"postalCode\":\"8005-177\",\"addressCountry\":\"PT\"},\"aggregateRating\":{\"@type\":\"AggregateRating\",\"ratingValue\":\"5.0\",\"reviewCount\":\"450\",\"bestRating\":\"5\",\"worstRating\":\"1\"}}"},{"id":"#aioseo-custom-localbusiness","custom":true,"graphName":"Local Business","schema":"{\"@type\":\"AutoRental\",\"@id\":\"https:\/\/oceancamper.com\/#localbusiness\",\"name\":\"Ocean Camper\",\"description\":\"Family-run campervan rental in Portugal. Fully equipped mini campervans collected 2 km from Faro Airport or at Lisbon-Montijo.\",\"url\":\"https:\/\/oceancamper.com\/\",\"image\":\"https:\/\/oceancamper.com\/wp-content\/uploads\/2026\/02\/campervan-road-trip-portugal-atlantic-cliffs.webp\",\"logo\":\"https:\/\/oceancamper.com\/wp-content\/uploads\/2022\/01\/cat.png\",\"email\":\"info@oceancamper.com\",\"telephone\":\"+351920301044\",\"priceRange\":\"\u20ac39-\u20ac129\",\"currenciesAccepted\":\"EUR\",\"address\":{\"@type\":\"PostalAddress\",\"streetAddress\":\"Rua Aquilino Ribeiro 124\",\"addressLocality\":\"Faro\",\"postalCode\":\"8005-177\",\"addressRegion\":\"Algarve\",\"addressCountry\":\"PT\"},\"areaServed\":{\"@type\":\"Country\",\"name\":\"Portugal\"},\"parentOrganization\":{\"@id\":\"https:\/\/oceancamper.com\/#organization\"}}"}],"default":{"data":{"Article":[],"Course":[],"Dataset":[],"FAQPage":[],"Movie":[],"Person":[],"Product":[],"ProductReview":[],"Car":[],"Recipe":[],"Service":[],"SoftwareApplication":[],"WebPage":{"id":"aioseo-web-page-6394f5e33259e","slug":"web-page","graphName":"WebPage","label":"Web Page","properties":{"type":"WebPage","name":"","description":""}}},"graphName":"WebPage","isEnabled":false},"graphs":[{"id":"#aioseo-service-mi7l2g58","slug":"service","graphName":"Service","label":"Service - landing page","properties":{"name":"Campervan Rental Portugal","description":"Fully equipped mini campervans for hire in Portugal, collected in Faro or Lisbon-Montijo. Family-run since 2017.","serviceType":"Campervan Rental \/ Camper Hire \/ Motorhome Hire","price":"39","currency":"EUR","image":"https:\/\/oceancamper.com\/wp-content\/uploads\/2022\/01\/bg-why-book-with-us-min-1.jpg","provider":{"name":"Ocean Camper","url":"https:\/\/oceancamper.com","image":"https:\/\/oceancamper.com\/wp-content\/uploads\/2022\/01\/Asset-5.png"}},"value":"service"}]},"schema_type":"default","schema_type_options":"{\"article\":{\"articleType\":\"BlogPosting\"},\"course\":{\"name\":\"\",\"description\":\"\",\"provider\":\"\"},\"faq\":{\"pages\":[]},\"product\":{\"reviews\":[]},\"recipe\":{\"ingredients\":[],\"instructions\":[],\"keywords\":[]},\"software\":{\"reviews\":[],\"operatingSystems\":[]},\"webPage\":{\"webPageType\":\"WebPage\"}}","pillar_content":false,"robots_default":true,"robots_noindex":false,"robots_noarchive":false,"robots_nosnippet":false,"robots_nofollow":false,"robots_noimageindex":false,"robots_noodp":false,"robots_notranslate":false,"robots_max_snippet":"-1","robots_max_videopreview":"-1","robots_max_imagepreview":"large","priority":1,"frequency":"weekly","local_seo":null,"seo_analyzer_scan_date":null,"breadcrumb_settings":null,"limit_modified_date":false,"open_ai":"{\"title\":{\"suggestions\":[],\"usage\":0},\"description\":{\"suggestions\":[],\"usage\":0}}","ai":{"faqs":[],"keyPoints":[],"schemas":[],"titles":[],"descriptions":[],"socialPosts":{"email":[],"linkedin":[],"twitter":[],"facebook":[],"instagram":[]}},"created":"2023-06-22 10:35:57","updated":"2026-09-02 04:13:53"},"aioseo_breadcrumb":"<div class=\"aioseo-breadcrumbs\"><span class=\"aioseo-breadcrumb\">\n\t\t\t<a href=\"https:\/\/oceancamper.com\/es\/\" title=\"Home\">Home<\/a>\n\t\t<\/span><span class=\"aioseo-breadcrumb-separator\">\u00bb<\/span><span class=\"aioseo-breadcrumb\">\n\t\t\tAlquiler de camper Portugal. \u00a1Tu viaje por carretera sin complicaciones empieza aqu\u00ed!\n\t\t<\/span><\/div>","aioseo_breadcrumb_json":[{"label":"Home","link":"https:\/\/oceancamper.com\/es\/"},{"label":"Alquiler de camper Portugal. \u00a1Tu viaje por carretera sin complicaciones empieza aqu\u00ed!","link":"https:\/\/oceancamper.com\/es\/"}],"_links":{"self":[{"href":"https:\/\/oceancamper.com\/es\/wp-json\/wp\/v2\/pages\/81814","targetHints":{"allow":["GET"]}}],"collection":[{"href":"https:\/\/oceancamper.com\/es\/wp-json\/wp\/v2\/pages"}],"about":[{"href":"https:\/\/oceancamper.com\/es\/wp-json\/wp\/v2\/types\/page"}],"author":[{"embeddable":true,"href":"https:\/\/oceancamper.com\/es\/wp-json\/wp\/v2\/users\/1"}],"replies":[{"embeddable":true,"href":"https:\/\/oceancamper.com\/es\/wp-json\/wp\/v2\/comments?post=81814"}],"version-history":[{"count":187,"href":"https:\/\/oceancamper.com\/es\/wp-json\/wp\/v2\/pages\/81814\/revisions"}],"predecessor-version":[{"id":275505,"href":"https:\/\/oceancamper.com\/es\/wp-json\/wp\/v2\/pages\/81814\/revisions\/275505"}],"wp:featuredmedia":[{"embeddable":true,"href":"https:\/\/oceancamper.com\/es\/wp-json\/wp\/v2\/media\/231459"}],"wp:attachment":[{"href":"https:\/\/oceancamper.com\/es\/wp-json\/wp\/v2\/media?parent=81814"}],"curies":[{"name":"wp","href":"https:\/\/api.w.org\/{rel}","templated":true}]}}