{"id":161910,"date":"2022-01-19T16:53:47","date_gmt":"2022-01-19T16:53:47","guid":{"rendered":"https:\/\/oceancamper.com\/campingvogne\/"},"modified":"2026-09-04T10:01:42","modified_gmt":"2026-09-04T10:01:42","slug":"autocampere","status":"publish","type":"page","link":"https:\/\/oceancamper.com\/da\/autocampere\/","title":{"rendered":"Campervans i Portugal: V\u00e6lg og book din oplevelse!"},"content":{"rendered":"\t\t<div data-elementor-type=\"wp-page\" data-elementor-id=\"161910\" class=\"elementor elementor-161910 elementor-27\" data-elementor-post-type=\"page\">\n\t\t\t\t\t\t<section class=\"elementor-section elementor-top-section elementor-element elementor-element-2050b04 elementor-section-height-min-height elementor-section-stretched elementor-section-boxed elementor-section-height-default elementor-section-items-middle\" data-id=\"2050b04\" data-element_type=\"section\" data-e-type=\"section\" data-settings=\"{&quot;stretch_section&quot;:&quot;section-stretched&quot;,&quot;background_background&quot;:&quot;classic&quot;}\">\n\t\t\t\t\t\t\t<div class=\"elementor-background-overlay\"><\/div>\n\t\t\t\t\t\t\t<div class=\"elementor-container elementor-column-gap-default\">\n\t\t\t\t\t<div class=\"elementor-column elementor-col-100 elementor-top-column elementor-element elementor-element-f1e104d\" data-id=\"f1e104d\" data-element_type=\"column\" data-e-type=\"column\">\n\t\t\t<div class=\"elementor-widget-wrap elementor-element-populated\">\n\t\t\t\t\t\t<div class=\"elementor-element elementor-element-47d4212 elementor-widget elementor-widget-heading\" data-id=\"47d4212\" data-element_type=\"widget\" data-e-type=\"widget\" data-widget_type=\"heading.default\">\n\t\t\t\t<div class=\"elementor-widget-container\">\n\t\t\t\t\t<h1 class=\"elementor-heading-title elementor-size-default\">Campingvogne i Portugal<\/h1>\t\t\t\t<\/div>\n\t\t\t\t<\/div>\n\t\t\t\t\t<\/div>\n\t\t<\/div>\n\t\t\t\t\t<\/div>\n\t\t<\/section>\n\t\t\t\t<section class=\"elementor-section elementor-top-section elementor-element elementor-element-36bb883 elementor-section-stretched elementor-section-boxed elementor-section-height-default elementor-section-height-default\" data-id=\"36bb883\" data-element_type=\"section\" data-e-type=\"section\" data-settings=\"{&quot;stretch_section&quot;:&quot;section-stretched&quot;,&quot;background_background&quot;:&quot;classic&quot;}\">\n\t\t\t\t\t\t<div class=\"elementor-container elementor-column-gap-default\">\n\t\t\t\t\t<div class=\"elementor-column elementor-col-100 elementor-top-column elementor-element elementor-element-02f81c0\" data-id=\"02f81c0\" data-element_type=\"column\" data-e-type=\"column\">\n\t\t\t<div class=\"elementor-widget-wrap elementor-element-populated\">\n\t\t\t\t\t\t<div class=\"elementor-element elementor-element-160daf1 elementor-widget elementor-widget-heading\" data-id=\"160daf1\" data-element_type=\"widget\" data-e-type=\"widget\" data-widget_type=\"heading.default\">\n\t\t\t\t<div class=\"elementor-widget-container\">\n\t\t\t\t\t<h2 class=\"elementor-heading-title elementor-size-default\">Vores autocamper-modeller<\/h2>\t\t\t\t<\/div>\n\t\t\t\t<\/div>\n\t\t\t\t<section class=\"elementor-section elementor-inner-section elementor-element elementor-element-a059736 elementor-section-boxed elementor-section-height-default elementor-section-height-default elementor-invisible\" data-id=\"a059736\" data-element_type=\"section\" data-e-type=\"section\" data-settings=\"{&quot;animation&quot;:&quot;fadeInUp&quot;}\">\n\t\t\t\t\t\t<div class=\"elementor-container elementor-column-gap-default\">\n\t\t\t\t\t<div class=\"elementor-column elementor-col-100 elementor-inner-column elementor-element elementor-element-dff300d\" data-id=\"dff300d\" data-element_type=\"column\" data-e-type=\"column\" data-settings=\"{&quot;background_background&quot;:&quot;classic&quot;}\">\n\t\t\t<div class=\"elementor-widget-wrap elementor-element-populated\">\n\t\t\t\t\t<div class=\"elementor-background-overlay\"><\/div>\n\t\t\t\t\t\t<div class=\"elementor-element elementor-element-9729f7d elementor-widget elementor-widget-text-editor\" data-id=\"9729f7d\" data-element_type=\"widget\" data-e-type=\"widget\" data-widget_type=\"text-editor.default\">\n\t\t\t\t<div class=\"elementor-widget-container\">\n\t\t\t\t\t\t\t\t\t<p>Udlejning af campervans i Portugal fra en lille familievirksomhed. Vores mini-campervans er sm\u00e5 nok til at kunne parkere p\u00e5 en almindelig parkeringsplads. De er ogs\u00e5 lave nok til at kunne k\u00f8re under de to meter h\u00f8je bomme ved de bedste parkeringspladser ved kysten. Og de bruger kun lidt br\u00e6ndstof, s\u00e5 du kan k\u00f8re s\u00e5 meget, du vil. Alle campervans er udstyret med alt, hvad du har brug for.    <\/p>\t\t\t\t\t\t\t\t<\/div>\n\t\t\t\t<\/div>\n\t\t\t\t<div class=\"elementor-element elementor-element-dd76032 elementor-arrows-position-outside elementor-widget elementor-widget-n-carousel\" data-id=\"dd76032\" data-element_type=\"widget\" data-e-type=\"widget\" data-settings=\"{&quot;carousel_items&quot;:[{&quot;slide_title&quot;:&quot;Indigo&quot;,&quot;_id&quot;:&quot;c3fdd06&quot;},{&quot;slide_title&quot;:&quot;Oasis&quot;,&quot;_id&quot;:&quot;a1b2c3d&quot;},{&quot;slide_title&quot;:&quot;Bohemian&quot;,&quot;_id&quot;:&quot;cb7cf73&quot;},{&quot;slide_title&quot;:&quot;Vagabond&quot;,&quot;_id&quot;:&quot;1e21016&quot;},{&quot;slide_title&quot;:&quot;Atlantic&quot;,&quot;_id&quot;:&quot;c73c347&quot;}],&quot;image_spacing_custom&quot;:{&quot;unit&quot;:&quot;px&quot;,&quot;size&quot;:20,&quot;sizes&quot;:[]},&quot;slides_to_show&quot;:&quot;3&quot;,&quot;image_spacing_custom_mobile&quot;:{&quot;unit&quot;:&quot;px&quot;,&quot;size&quot;:0,&quot;sizes&quot;:[]},&quot;autoplay_speed&quot;:2500,&quot;slides_to_show_tablet&quot;:&quot;2&quot;,&quot;slides_to_show_mobile&quot;:&quot;1&quot;,&quot;autoplay&quot;:&quot;yes&quot;,&quot;pause_on_interaction&quot;:&quot;yes&quot;,&quot;infinite&quot;:&quot;yes&quot;,&quot;speed&quot;:500,&quot;offset_sides&quot;:&quot;none&quot;,&quot;arrows&quot;:&quot;yes&quot;,&quot;image_spacing_custom_tablet&quot;:{&quot;unit&quot;:&quot;px&quot;,&quot;size&quot;:&quot;&quot;,&quot;sizes&quot;:[]}}\" data-widget_type=\"nested-carousel.default\">\n\t\t\t\t<div class=\"elementor-widget-container\">\n\t\t\t\t\t\t\t<div class=\"e-n-carousel swiper\" role=\"region\" aria-roledescription=\"carousel\" aria-label=\"Carousel\" dir=\"ltr\">\n\t\t\t<div class=\"swiper-wrapper\" aria-live=\"off\">\n\t\t\t\t\t\t\t\t\t\t<div class=\"swiper-slide\" data-slide=\"1\" role=\"group\" aria-roledescription=\"slide\" aria-label=\"1 of 5\">\n\t\t\t\t\t\t\t<div class=\"elementor-element elementor-element-20d7c2d e-flex e-con-boxed e-con e-child\" data-id=\"20d7c2d\" data-element_type=\"container\" data-e-type=\"container\">\n\t\t\t\t\t<div class=\"e-con-inner\">\n\t\t<div class=\"elementor-element elementor-element-3cf90d8 e-con-full e-flex e-con e-child\" data-id=\"3cf90d8\" data-element_type=\"container\" data-e-type=\"container\">\n\t\t\t\t<div class=\"elementor-element elementor-element-55fa529 elementor-widget elementor-widget-image\" data-id=\"55fa529\" data-element_type=\"widget\" data-e-type=\"widget\" data-widget_type=\"image.default\">\n\t\t\t\t<div class=\"elementor-widget-container\">\n\t\t\t\t\t\t\t\t\t\t\t\t\t\t\t<img fetchpriority=\"high\" decoding=\"async\" width=\"800\" height=\"450\" src=\"https:\/\/oceancamper.com\/wp-content\/uploads\/2025\/03\/campervans-hire-algarve-portugal-min-1024x576.jpg\" class=\"attachment-large size-large wp-image-163720\" alt=\"Indigo-campervan med \u00e5ben sided\u00f8r, redt seng og synligt k\u00f8kken\" srcset=\"https:\/\/oceancamper.com\/wp-content\/uploads\/2025\/03\/campervans-hire-algarve-portugal-min-1024x576.jpg 1024w, https:\/\/oceancamper.com\/wp-content\/uploads\/2025\/03\/campervans-hire-algarve-portugal-min-300x169.jpg 300w, https:\/\/oceancamper.com\/wp-content\/uploads\/2025\/03\/campervans-hire-algarve-portugal-min-768x432.jpg 768w, https:\/\/oceancamper.com\/wp-content\/uploads\/2025\/03\/campervans-hire-algarve-portugal-min-1536x864.jpg 1536w, https:\/\/oceancamper.com\/wp-content\/uploads\/2025\/03\/campervans-hire-algarve-portugal-min-2048x1152.jpg 2048w, https:\/\/oceancamper.com\/wp-content\/uploads\/2025\/03\/campervans-hire-algarve-portugal-min-240x135.jpg 240w\" sizes=\"(max-width: 800px) 100vw, 800px\" \/>\t\t\t\t\t\t\t\t\t\t\t\t\t\t\t<\/div>\n\t\t\t\t<\/div>\n\t\t\t\t<div class=\"elementor-element elementor-element-8490e1d elementor-widget elementor-widget-heading\" data-id=\"8490e1d\" data-element_type=\"widget\" data-e-type=\"widget\" data-widget_type=\"heading.default\">\n\t\t\t\t<div class=\"elementor-widget-container\">\n\t\t\t\t\t<h3 class=\"elementor-heading-title elementor-size-default\">Indigo<\/h3>\t\t\t\t<\/div>\n\t\t\t\t<\/div>\n\t\t\t\t<div class=\"elementor-element elementor-element-7b16a95 elementor-widget elementor-widget-text-editor\" data-id=\"7b16a95\" data-element_type=\"widget\" data-e-type=\"widget\" data-widget_type=\"text-editor.default\">\n\t\t\t\t<div class=\"elementor-widget-container\">\n\t\t\t\t\t\t\t\t\t<p>\u00c5r<br\/><span style=\"color: #4a4a4a;\"><strong>2025\/2026<\/strong><\/span><\/p><p>Sovepladser<br\/><span style=\"color: #4a4a4a;\"><strong>2 personer<\/strong><\/span><\/p><p>Solcellepanel<br\/><span style=\"color: #4a4a4a;\"><strong>Ja, 170W<\/strong><\/span><\/p><p>2. batteri<br\/><span style=\"color: #4a4a4a;\"><b>Ja<\/b><\/span><\/p><p>St\u00f8rrelse p\u00e5 seng<br\/><span style=\"color: #4a4a4a;\"><strong>1.9 x 1.4m<\/strong><\/span><\/p><p>K\u00f8ling<br\/><strong><span style=\"color: #4a4a4a;\">K\u00f8leskab 32L<\/span><\/strong><\/p><p>Transmission<br\/><span style=\"color: #4a4a4a;\"><strong>Manuel<\/strong><\/span><\/p>\t\t\t\t\t\t\t\t<\/div>\n\t\t\t\t<\/div>\n\t\t\t\t<div class=\"elementor-element elementor-element-e8928e2 elementor-align-center elementor-tablet-align-left elementor-mobile-align-left elementor-widget elementor-widget-button\" data-id=\"e8928e2\" data-element_type=\"widget\" data-e-type=\"widget\" data-widget_type=\"button.default\">\n\t\t\t\t<div class=\"elementor-widget-container\">\n\t\t\t\t\t\t\t\t\t<div class=\"elementor-button-wrapper\">\n\t\t\t\t\t<a class=\"elementor-button elementor-button-link elementor-size-sm elementor-animation-pop\" href=\"https:\/\/oceancamper.com\/da\/autocampere\/indigo-mini-campervan\/\">\n\t\t\t\t\t\t<span class=\"elementor-button-content-wrapper\">\n\t\t\t\t\t\t\t\t\t<span class=\"elementor-button-text\">Se<\/span>\n\t\t\t\t\t<\/span>\n\t\t\t\t\t<\/a>\n\t\t\t\t<\/div>\n\t\t\t\t\t\t\t\t<\/div>\n\t\t\t\t<\/div>\n\t\t\t\t<div class=\"elementor-element elementor-element-9242940 elementor-align-center elementor-tablet-align-left elementor-mobile-align-left elementor-widget elementor-widget-button\" data-id=\"9242940\" data-element_type=\"widget\" data-e-type=\"widget\" data-widget_type=\"button.default\">\n\t\t\t\t<div class=\"elementor-widget-container\">\n\t\t\t\t\t\t\t\t\t<div class=\"elementor-button-wrapper\">\n\t\t\t\t\t<a class=\"elementor-button elementor-button-link elementor-size-sm elementor-animation-pop\" href=\"https:\/\/oceancamper.com\/da\/reservationer\/\">\n\t\t\t\t\t\t<span class=\"elementor-button-content-wrapper\">\n\t\t\t\t\t\t\t\t\t<span class=\"elementor-button-text\">BOOK NU<\/span>\n\t\t\t\t\t<\/span>\n\t\t\t\t\t<\/a>\n\t\t\t\t<\/div>\n\t\t\t\t\t\t\t\t<\/div>\n\t\t\t\t<\/div>\n\t\t\t\t<\/div>\n\t\t\t\t\t<\/div>\n\t\t\t\t<\/div>\n\t\t\t\t\t\t\t\t<\/div>\n\t\t\t\t\t\t\t\t\t\t\t<div class=\"swiper-slide\" data-slide=\"2\" role=\"group\" aria-roledescription=\"slide\" aria-label=\"2 of 5\">\n\t\t\t\t\t\t\t<div class=\"elementor-element elementor-element-b0cfb7a e-flex e-con-boxed e-con e-child\" data-id=\"b0cfb7a\" data-element_type=\"container\" data-e-type=\"container\">\n\t\t\t\t\t<div class=\"e-con-inner\">\n\t\t<div class=\"elementor-element elementor-element-562c257 e-con-full e-flex e-con e-child\" data-id=\"562c257\" data-element_type=\"container\" data-e-type=\"container\">\n\t\t\t\t<div class=\"elementor-element elementor-element-a1f6674 elementor-widget elementor-widget-image\" data-id=\"a1f6674\" data-element_type=\"widget\" data-e-type=\"widget\" data-widget_type=\"image.default\">\n\t\t\t\t<div class=\"elementor-widget-container\">\n\t\t\t\t\t\t\t\t\t\t\t\t\t\t\t<img decoding=\"async\" width=\"800\" height=\"537\" src=\"https:\/\/oceancamper.com\/wp-content\/uploads\/2026\/08\/oasis-automatic-campervan-rental-portugal-1024x687.webp\" class=\"attachment-large size-large wp-image-269682\" alt=\"In Oasis Automatic Campervan, the vehicle was parked on sand by the sea\" srcset=\"https:\/\/oceancamper.com\/wp-content\/uploads\/2026\/08\/oasis-automatic-campervan-rental-portugal-1024x687.webp 1024w, https:\/\/oceancamper.com\/wp-content\/uploads\/2026\/08\/oasis-automatic-campervan-rental-portugal-300x201.webp 300w, https:\/\/oceancamper.com\/wp-content\/uploads\/2026\/08\/oasis-automatic-campervan-rental-portugal-768x515.webp 768w, https:\/\/oceancamper.com\/wp-content\/uploads\/2026\/08\/oasis-automatic-campervan-rental-portugal-1536x1030.webp 1536w, https:\/\/oceancamper.com\/wp-content\/uploads\/2026\/08\/oasis-automatic-campervan-rental-portugal-240x161.webp 240w, https:\/\/oceancamper.com\/wp-content\/uploads\/2026\/08\/oasis-automatic-campervan-rental-portugal.webp 1600w\" sizes=\"(max-width: 800px) 100vw, 800px\" \/>\t\t\t\t\t\t\t\t\t\t\t\t\t\t\t<\/div>\n\t\t\t\t<\/div>\n\t\t\t\t<div class=\"elementor-element elementor-element-94a3bc4 elementor-widget elementor-widget-heading\" data-id=\"94a3bc4\" data-element_type=\"widget\" data-e-type=\"widget\" data-widget_type=\"heading.default\">\n\t\t\t\t<div class=\"elementor-widget-container\">\n\t\t\t\t\t<h3 class=\"elementor-heading-title elementor-size-default\">Oasis<\/h3>\t\t\t\t<\/div>\n\t\t\t\t<\/div>\n\t\t\t\t<div class=\"elementor-element elementor-element-4f15c0a elementor-widget elementor-widget-text-editor\" data-id=\"4f15c0a\" data-element_type=\"widget\" data-e-type=\"widget\" data-widget_type=\"text-editor.default\">\n\t\t\t\t<div class=\"elementor-widget-container\">\n\t\t\t\t\t\t\t\t\t<p>\u00c5r<br\/><span style=\"color: #4a4a4a;\"><strong>2025\/2026<\/strong><\/span><\/p><p>Sovepladser<br\/><span style=\"color: #4a4a4a;\"><strong>2 personer<\/strong><\/span><\/p><p>Solcellepanel<br\/><span style=\"color: #4a4a4a;\"><strong>Ja, 170W<\/strong><\/span><\/p><p>2. batteri<br\/><span style=\"color: #4a4a4a;\"><b>Ja<\/b><\/span><\/p><p>St\u00f8rrelse p\u00e5 seng<br\/><span style=\"color: #4a4a4a;\"><strong>1.9 x 1.4m<\/strong><\/span><\/p><p>K\u00f8ling<br\/><strong><span style=\"color: #4a4a4a;\">K\u00f8leskab 32L<\/span><\/strong><\/p><p>Transmission<br\/><span style=\"color: #4a4a4a;\"><strong>Automatisk<\/strong><\/span><\/p>\t\t\t\t\t\t\t\t<\/div>\n\t\t\t\t<\/div>\n\t\t\t\t<div class=\"elementor-element elementor-element-1869518 elementor-align-center elementor-tablet-align-left elementor-mobile-align-left elementor-widget elementor-widget-button\" data-id=\"1869518\" data-element_type=\"widget\" data-e-type=\"widget\" data-widget_type=\"button.default\">\n\t\t\t\t<div class=\"elementor-widget-container\">\n\t\t\t\t\t\t\t\t\t<div class=\"elementor-button-wrapper\">\n\t\t\t\t\t<a class=\"elementor-button elementor-button-link elementor-size-sm elementor-animation-pop\" href=\"https:\/\/oceancamper.com\/da\/autocampere\/oasis-automatisk-autocamper\/\">\n\t\t\t\t\t\t<span class=\"elementor-button-content-wrapper\">\n\t\t\t\t\t\t\t\t\t<span class=\"elementor-button-text\">Se<\/span>\n\t\t\t\t\t<\/span>\n\t\t\t\t\t<\/a>\n\t\t\t\t<\/div>\n\t\t\t\t\t\t\t\t<\/div>\n\t\t\t\t<\/div>\n\t\t\t\t<div class=\"elementor-element elementor-element-3b73822 elementor-align-center elementor-tablet-align-left elementor-mobile-align-left elementor-widget elementor-widget-button\" data-id=\"3b73822\" data-element_type=\"widget\" data-e-type=\"widget\" data-widget_type=\"button.default\">\n\t\t\t\t<div class=\"elementor-widget-container\">\n\t\t\t\t\t\t\t\t\t<div class=\"elementor-button-wrapper\">\n\t\t\t\t\t<a class=\"elementor-button elementor-button-link elementor-size-sm elementor-animation-pop\" href=\"https:\/\/oceancamper.com\/da\/reservationer\/\">\n\t\t\t\t\t\t<span class=\"elementor-button-content-wrapper\">\n\t\t\t\t\t\t\t\t\t<span class=\"elementor-button-text\">BOOK NU<\/span>\n\t\t\t\t\t<\/span>\n\t\t\t\t\t<\/a>\n\t\t\t\t<\/div>\n\t\t\t\t\t\t\t\t<\/div>\n\t\t\t\t<\/div>\n\t\t\t\t<\/div>\n\t\t\t\t\t<\/div>\n\t\t\t\t<\/div>\n\t\t\t\t\t\t\t\t<\/div>\n\t\t\t\t\t\t\t\t\t\t\t<div class=\"swiper-slide\" data-slide=\"3\" role=\"group\" aria-roledescription=\"slide\" aria-label=\"3 of 5\">\n\t\t\t\t\t\t\t<div class=\"elementor-element elementor-element-503aee5 e-flex e-con-boxed e-con e-child\" data-id=\"503aee5\" data-element_type=\"container\" data-e-type=\"container\">\n\t\t\t\t\t<div class=\"e-con-inner\">\n\t\t<div class=\"elementor-element elementor-element-89ba6a9 e-con-full e-flex e-con e-child\" data-id=\"89ba6a9\" data-element_type=\"container\" data-e-type=\"container\">\n\t\t\t\t<div class=\"elementor-element elementor-element-0734d5b elementor-widget elementor-widget-image\" data-id=\"0734d5b\" data-element_type=\"widget\" data-e-type=\"widget\" data-widget_type=\"image.default\">\n\t\t\t\t<div class=\"elementor-widget-container\">\n\t\t\t\t\t\t\t\t\t\t\t\t\t\t\t<img decoding=\"async\" src=\"https:\/\/oceancamper.com\/wp-content\/uploads\/elementor\/thumbs\/Bohemian-4-min-2-1-qlq8440lrzc3krh0wfzyzzx42nuugtbecc5a3cmow4.jpg\" title=\"Ocean Camper Bohemian Campervan Algarve\" alt=\"En Bohemian Campervan med et surfbr\u00e6t p\u00e5 tagb\u00f8jlen og udend\u00f8rs siddepladser sat op\" loading=\"lazy\" \/>\t\t\t\t\t\t\t\t\t\t\t\t\t\t\t<\/div>\n\t\t\t\t<\/div>\n\t\t\t\t<div class=\"elementor-element elementor-element-52bbf5b elementor-widget elementor-widget-heading\" data-id=\"52bbf5b\" data-element_type=\"widget\" data-e-type=\"widget\" data-widget_type=\"heading.default\">\n\t\t\t\t<div class=\"elementor-widget-container\">\n\t\t\t\t\t<h3 class=\"elementor-heading-title elementor-size-default\">Bohemian<\/h3>\t\t\t\t<\/div>\n\t\t\t\t<\/div>\n\t\t\t\t<div class=\"elementor-element elementor-element-84a9b1a elementor-widget elementor-widget-text-editor\" data-id=\"84a9b1a\" data-element_type=\"widget\" data-e-type=\"widget\" data-widget_type=\"text-editor.default\">\n\t\t\t\t<div class=\"elementor-widget-container\">\n\t\t\t\t\t\t\t\t\t<p>\u00e5r<br\/><span style=\"color: #4a4a4a;\"><strong>2024<\/strong><\/span><\/p><p>Sovepladser<br\/><span style=\"color: #4a4a4a;\"><strong>3 personer<\/strong><\/span><\/p><p>Solcellepanel<br\/><span style=\"color: #4a4a4a;\"><strong>Ja, 170W<\/strong><\/span><\/p><p>2. batteri<br\/><span style=\"color: #4a4a4a;\"><b>Ja<\/b><\/span><\/p><p>St\u00f8rrelse p\u00e5 seng<br\/><span style=\"color: #4a4a4a;\"><strong>2&#215;1,8m<\/strong><\/span><\/p><p>K\u00f8ling<br\/><strong><span style=\"color: #4a4a4a;\">K\u00f8leskab 45L<\/span><\/strong><\/p><p>Transmission<br\/><span style=\"color: #4a4a4a;\"><strong>Manuel<\/strong><\/span><\/p>\t\t\t\t\t\t\t\t<\/div>\n\t\t\t\t<\/div>\n\t\t\t\t<div class=\"elementor-element elementor-element-4641232 elementor-align-center elementor-tablet-align-left elementor-mobile-align-left elementor-widget elementor-widget-button\" data-id=\"4641232\" data-element_type=\"widget\" data-e-type=\"widget\" data-widget_type=\"button.default\">\n\t\t\t\t<div class=\"elementor-widget-container\">\n\t\t\t\t\t\t\t\t\t<div class=\"elementor-button-wrapper\">\n\t\t\t\t\t<a class=\"elementor-button elementor-button-link elementor-size-sm elementor-animation-pop\" href=\"https:\/\/oceancamper.com\/da\/autocampere\/campervan-bohemian\/\">\n\t\t\t\t\t\t<span class=\"elementor-button-content-wrapper\">\n\t\t\t\t\t\t\t\t\t<span class=\"elementor-button-text\">Se<\/span>\n\t\t\t\t\t<\/span>\n\t\t\t\t\t<\/a>\n\t\t\t\t<\/div>\n\t\t\t\t\t\t\t\t<\/div>\n\t\t\t\t<\/div>\n\t\t\t\t<div class=\"elementor-element elementor-element-5055592 elementor-align-center elementor-tablet-align-left elementor-mobile-align-left elementor-widget elementor-widget-button\" data-id=\"5055592\" data-element_type=\"widget\" data-e-type=\"widget\" data-widget_type=\"button.default\">\n\t\t\t\t<div class=\"elementor-widget-container\">\n\t\t\t\t\t\t\t\t\t<div class=\"elementor-button-wrapper\">\n\t\t\t\t\t<a class=\"elementor-button elementor-button-link elementor-size-sm elementor-animation-pop\" href=\"https:\/\/oceancamper.com\/da\/reservationer\/\">\n\t\t\t\t\t\t<span class=\"elementor-button-content-wrapper\">\n\t\t\t\t\t\t\t\t\t<span class=\"elementor-button-text\">BOOK NU<\/span>\n\t\t\t\t\t<\/span>\n\t\t\t\t\t<\/a>\n\t\t\t\t<\/div>\n\t\t\t\t\t\t\t\t<\/div>\n\t\t\t\t<\/div>\n\t\t\t\t<\/div>\n\t\t\t\t\t<\/div>\n\t\t\t\t<\/div>\n\t\t\t\t\t\t\t\t<\/div>\n\t\t\t\t\t\t\t\t\t\t\t<div class=\"swiper-slide\" data-slide=\"4\" role=\"group\" aria-roledescription=\"slide\" aria-label=\"4 of 5\">\n\t\t\t\t\t\t\t<div class=\"elementor-element elementor-element-83cd98d e-flex e-con-boxed e-con e-child\" data-id=\"83cd98d\" data-element_type=\"container\" data-e-type=\"container\">\n\t\t\t\t\t<div class=\"e-con-inner\">\n\t\t<div class=\"elementor-element elementor-element-703f889 e-con-full e-flex e-con e-child\" data-id=\"703f889\" data-element_type=\"container\" data-e-type=\"container\">\n\t\t\t\t<div class=\"elementor-element elementor-element-7f55551 elementor-widget elementor-widget-image\" data-id=\"7f55551\" data-element_type=\"widget\" data-e-type=\"widget\" data-widget_type=\"image.default\">\n\t\t\t\t<div class=\"elementor-widget-container\">\n\t\t\t\t\t\t\t\t\t\t\t\t\t\t\t<img decoding=\"async\" width=\"800\" height=\"534\" src=\"https:\/\/oceancamper.com\/wp-content\/uploads\/2022\/02\/Vagabond1-min-2-1024x683.jpeg\" class=\"attachment-large size-large wp-image-205239\" alt=\"Vagabond mini-campervan med bagd\u00f8rene \u00e5bne, hvor man kan se sengen og det udtr\u00e6kkelige k\u00f8kken\" srcset=\"https:\/\/oceancamper.com\/wp-content\/uploads\/2022\/02\/Vagabond1-min-2-1024x683.jpeg 1024w, https:\/\/oceancamper.com\/wp-content\/uploads\/2022\/02\/Vagabond1-min-2-300x200.jpeg 300w, https:\/\/oceancamper.com\/wp-content\/uploads\/2022\/02\/Vagabond1-min-2-768x512.jpeg 768w, https:\/\/oceancamper.com\/wp-content\/uploads\/2022\/02\/Vagabond1-min-2.jpeg 1200w\" sizes=\"(max-width: 800px) 100vw, 800px\" \/>\t\t\t\t\t\t\t\t\t\t\t\t\t\t\t<\/div>\n\t\t\t\t<\/div>\n\t\t\t\t<div class=\"elementor-element elementor-element-d2c61bb elementor-widget elementor-widget-heading\" data-id=\"d2c61bb\" data-element_type=\"widget\" data-e-type=\"widget\" data-widget_type=\"heading.default\">\n\t\t\t\t<div class=\"elementor-widget-container\">\n\t\t\t\t\t<h3 class=\"elementor-heading-title elementor-size-default\">Vagabond<\/h3>\t\t\t\t<\/div>\n\t\t\t\t<\/div>\n\t\t\t\t<div class=\"elementor-element elementor-element-4df471c elementor-widget elementor-widget-text-editor\" data-id=\"4df471c\" data-element_type=\"widget\" data-e-type=\"widget\" data-widget_type=\"text-editor.default\">\n\t\t\t\t<div class=\"elementor-widget-container\">\n\t\t\t\t\t\t\t\t\t<p>\u00e5r<br\/><span style=\"color: #4a4a4a;\"><strong>2021<\/strong><\/span><\/p><p>Sovepladser<br\/><span style=\"color: #4a4a4a;\"><strong>2 personer<\/strong><\/span><\/p><p>Solcellepanel<br\/><span style=\"color: #4a4a4a;\"><b>Nej<\/b><\/span><\/p><p>2. batteri<br\/><span style=\"color: #4a4a4a;\"><b>Ja<\/b><\/span><\/p><p>St\u00f8rrelse p\u00e5 seng<br\/><span style=\"color: #4a4a4a;\"><strong>1.9 x 1.4m<\/strong><\/span><\/p><p>K\u00f8ling<br\/><strong><span style=\"color: #4a4a4a;\">K\u00f8leboks 20L, har brug for is<\/span><\/strong><\/p><p>Transmission<br\/><span style=\"color: #4a4a4a;\"><strong>Manuel<\/strong><\/span><\/p>\t\t\t\t\t\t\t\t<\/div>\n\t\t\t\t<\/div>\n\t\t\t\t<div class=\"elementor-element elementor-element-454f7fb elementor-align-center elementor-tablet-align-left elementor-mobile-align-left elementor-widget elementor-widget-button\" data-id=\"454f7fb\" data-element_type=\"widget\" data-e-type=\"widget\" data-widget_type=\"button.default\">\n\t\t\t\t<div class=\"elementor-widget-container\">\n\t\t\t\t\t\t\t\t\t<div class=\"elementor-button-wrapper\">\n\t\t\t\t\t<a class=\"elementor-button elementor-button-link elementor-size-sm elementor-animation-pop\" href=\"https:\/\/oceancamper.com\/da\/autocampere\/vagabond-mini-campervan\/\">\n\t\t\t\t\t\t<span class=\"elementor-button-content-wrapper\">\n\t\t\t\t\t\t\t\t\t<span class=\"elementor-button-text\">Se<\/span>\n\t\t\t\t\t<\/span>\n\t\t\t\t\t<\/a>\n\t\t\t\t<\/div>\n\t\t\t\t\t\t\t\t<\/div>\n\t\t\t\t<\/div>\n\t\t\t\t<div class=\"elementor-element elementor-element-0954b41 elementor-align-center elementor-tablet-align-left elementor-mobile-align-left elementor-widget elementor-widget-button\" data-id=\"0954b41\" data-element_type=\"widget\" data-e-type=\"widget\" data-widget_type=\"button.default\">\n\t\t\t\t<div class=\"elementor-widget-container\">\n\t\t\t\t\t\t\t\t\t<div class=\"elementor-button-wrapper\">\n\t\t\t\t\t<a class=\"elementor-button elementor-button-link elementor-size-sm elementor-animation-pop\" href=\"https:\/\/oceancamper.com\/da\/reservationer\/\">\n\t\t\t\t\t\t<span class=\"elementor-button-content-wrapper\">\n\t\t\t\t\t\t\t\t\t<span class=\"elementor-button-text\">BOOK NU<\/span>\n\t\t\t\t\t<\/span>\n\t\t\t\t\t<\/a>\n\t\t\t\t<\/div>\n\t\t\t\t\t\t\t\t<\/div>\n\t\t\t\t<\/div>\n\t\t\t\t<\/div>\n\t\t\t\t\t<\/div>\n\t\t\t\t<\/div>\n\t\t\t\t\t\t\t\t<\/div>\n\t\t\t\t\t\t\t\t\t\t\t<div class=\"swiper-slide\" data-slide=\"5\" role=\"group\" aria-roledescription=\"slide\" aria-label=\"5 of 5\">\n\t\t\t\t\t\t\t<div class=\"elementor-element elementor-element-be4bca2 e-flex e-con-boxed e-con e-child\" data-id=\"be4bca2\" data-element_type=\"container\" data-e-type=\"container\">\n\t\t\t\t\t<div class=\"e-con-inner\">\n\t\t<div class=\"elementor-element elementor-element-2cf53d3 e-con-full e-flex e-con e-child\" data-id=\"2cf53d3\" data-element_type=\"container\" data-e-type=\"container\">\n\t\t\t\t<div class=\"elementor-element elementor-element-09e4fd3 elementor-widget elementor-widget-image\" data-id=\"09e4fd3\" data-element_type=\"widget\" data-e-type=\"widget\" data-widget_type=\"image.default\">\n\t\t\t\t<div class=\"elementor-widget-container\">\n\t\t\t\t\t\t\t\t\t\t\t\t\t\t\t<img loading=\"lazy\" decoding=\"async\" width=\"800\" height=\"533\" src=\"https:\/\/oceancamper.com\/wp-content\/uploads\/2022\/02\/Atlantic8-min-1-1024x682.jpeg\" class=\"attachment-large size-large wp-image-205244\" alt=\"In Atlantic-Campervan, der holder parkeret p\u00e5 en kystvej med bagklappen \u00e5ben\" srcset=\"https:\/\/oceancamper.com\/wp-content\/uploads\/2022\/02\/Atlantic8-min-1-1024x682.jpeg 1024w, https:\/\/oceancamper.com\/wp-content\/uploads\/2022\/02\/Atlantic8-min-1-300x200.jpeg 300w, https:\/\/oceancamper.com\/wp-content\/uploads\/2022\/02\/Atlantic8-min-1-768x512.jpeg 768w, https:\/\/oceancamper.com\/wp-content\/uploads\/2022\/02\/Atlantic8-min-1-1536x1024.jpeg 1536w, https:\/\/oceancamper.com\/wp-content\/uploads\/2022\/02\/Atlantic8-min-1.jpeg 1598w\" sizes=\"(max-width: 800px) 100vw, 800px\" \/>\t\t\t\t\t\t\t\t\t\t\t\t\t\t\t<\/div>\n\t\t\t\t<\/div>\n\t\t\t\t<div class=\"elementor-element elementor-element-2190740 elementor-widget elementor-widget-heading\" data-id=\"2190740\" data-element_type=\"widget\" data-e-type=\"widget\" data-widget_type=\"heading.default\">\n\t\t\t\t<div class=\"elementor-widget-container\">\n\t\t\t\t\t<h3 class=\"elementor-heading-title elementor-size-default\">Atlantic<\/h3>\t\t\t\t<\/div>\n\t\t\t\t<\/div>\n\t\t\t\t<div class=\"elementor-element elementor-element-a4dd351 elementor-widget elementor-widget-text-editor\" data-id=\"a4dd351\" data-element_type=\"widget\" data-e-type=\"widget\" data-widget_type=\"text-editor.default\">\n\t\t\t\t<div class=\"elementor-widget-container\">\n\t\t\t\t\t\t\t\t\t<p>\u00c5r<br\/><span style=\"color: #4a4a4a;\"><strong>2019<\/strong><\/span><\/p><p>Sovepladser<br\/><span style=\"color: #4a4a4a;\"><strong>2 personer<\/strong><\/span><\/p><p>Solcellepanel<br\/><span style=\"color: #4a4a4a;\"><strong>Nej<\/strong><\/span><\/p><p>2. batteri<br\/><span style=\"color: #4a4a4a;\"><b>Nej<\/b><\/span><\/p><p>St\u00f8rrelse p\u00e5 seng<br\/><span style=\"color: #4a4a4a;\"><strong>1.9 x 1.4m<\/strong><\/span><\/p><p>K\u00f8ling<br\/><strong><span style=\"color: #4a4a4a;\">K\u00f8leboks 20L, har brug for is<\/span><\/strong><\/p><p>Transmission<br\/><span style=\"color: #4a4a4a;\"><strong>Manuel<\/strong><\/span><\/p>\t\t\t\t\t\t\t\t<\/div>\n\t\t\t\t<\/div>\n\t\t\t\t<div class=\"elementor-element elementor-element-ace64c5 elementor-align-center elementor-tablet-align-left elementor-mobile-align-left elementor-widget elementor-widget-button\" data-id=\"ace64c5\" data-element_type=\"widget\" data-e-type=\"widget\" data-widget_type=\"button.default\">\n\t\t\t\t<div class=\"elementor-widget-container\">\n\t\t\t\t\t\t\t\t\t<div class=\"elementor-button-wrapper\">\n\t\t\t\t\t<a class=\"elementor-button elementor-button-link elementor-size-sm elementor-animation-pop\" href=\"https:\/\/oceancamper.com\/da\/autocampere\/atlantic-mini-campervan\/\">\n\t\t\t\t\t\t<span class=\"elementor-button-content-wrapper\">\n\t\t\t\t\t\t\t\t\t<span class=\"elementor-button-text\">Se<\/span>\n\t\t\t\t\t<\/span>\n\t\t\t\t\t<\/a>\n\t\t\t\t<\/div>\n\t\t\t\t\t\t\t\t<\/div>\n\t\t\t\t<\/div>\n\t\t\t\t<div class=\"elementor-element elementor-element-0f2c0c0 elementor-align-center elementor-tablet-align-left elementor-mobile-align-left elementor-widget elementor-widget-button\" data-id=\"0f2c0c0\" data-element_type=\"widget\" data-e-type=\"widget\" data-widget_type=\"button.default\">\n\t\t\t\t<div class=\"elementor-widget-container\">\n\t\t\t\t\t\t\t\t\t<div class=\"elementor-button-wrapper\">\n\t\t\t\t\t<a class=\"elementor-button elementor-button-link elementor-size-sm elementor-animation-pop\" href=\"https:\/\/oceancamper.com\/da\/reservationer\/\">\n\t\t\t\t\t\t<span class=\"elementor-button-content-wrapper\">\n\t\t\t\t\t\t\t\t\t<span class=\"elementor-button-text\">BOOK NU<\/span>\n\t\t\t\t\t<\/span>\n\t\t\t\t\t<\/a>\n\t\t\t\t<\/div>\n\t\t\t\t\t\t\t\t<\/div>\n\t\t\t\t<\/div>\n\t\t\t\t<\/div>\n\t\t\t\t\t<\/div>\n\t\t\t\t<\/div>\n\t\t\t\t\t\t\t\t<\/div>\n\t\t\t\t\t\t\t\t<\/div>\n\t\t<\/div>\n\t\t\t\t\t<div class=\"elementor-swiper-button elementor-swiper-button-prev\" role=\"button\" tabindex=\"0\" aria-label=\"Tidligere\">\n\t\t\t\t<i aria-hidden=\"true\" class=\"eicon-chevron-left\"><\/i>\t\t\t<\/div>\n\t\t\t<div class=\"elementor-swiper-button elementor-swiper-button-next\" role=\"button\" tabindex=\"0\" aria-label=\"N\u00e6ste\">\n\t\t\t\t<i aria-hidden=\"true\" class=\"eicon-chevron-right\"><\/i>\t\t\t<\/div>\n\t\t\t\t\t\t<\/div>\n\t\t\t\t<\/div>\n\t\t\t\t\t<\/div>\n\t\t<\/div>\n\t\t\t\t\t<\/div>\n\t\t<\/section>\n\t\t\t\t\t<\/div>\n\t\t<\/div>\n\t\t\t\t\t<\/div>\n\t\t<\/section>\n\t\t\t\t<section class=\"elementor-section elementor-top-section elementor-element elementor-element-28f1f39 elementor-section-stretched elementor-section-boxed elementor-section-height-default elementor-section-height-default\" data-id=\"28f1f39\" data-element_type=\"section\" data-e-type=\"section\" data-settings=\"{&quot;stretch_section&quot;:&quot;section-stretched&quot;,&quot;background_background&quot;:&quot;classic&quot;}\">\n\t\t\t\t\t\t<div class=\"elementor-container elementor-column-gap-default\">\n\t\t\t\t\t<div class=\"elementor-column elementor-col-100 elementor-top-column elementor-element elementor-element-4270cf1 elementor-hidden-mobile\" data-id=\"4270cf1\" data-element_type=\"column\" data-e-type=\"column\">\n\t\t\t<div class=\"elementor-widget-wrap elementor-element-populated\">\n\t\t\t\t\t\t<div class=\"elementor-element elementor-element-4a82b06 elementor-widget elementor-widget-heading\" data-id=\"4a82b06\" data-element_type=\"widget\" data-e-type=\"widget\" data-widget_type=\"heading.default\">\n\t\t\t\t<div class=\"elementor-widget-container\">\n\t\t\t\t\t<h2 class=\"elementor-heading-title elementor-size-default\">Sammenlign vores autocampere i Portugal<\/h2>\t\t\t\t<\/div>\n\t\t\t\t<\/div>\n\t\t\t\t<div class=\"elementor-element elementor-element-6b8ca6d elementor-widget__width-initial elementor-widget elementor-widget-text-editor\" data-id=\"6b8ca6d\" data-element_type=\"widget\" data-e-type=\"widget\" data-widget_type=\"text-editor.default\">\n\t\t\t\t<div class=\"elementor-widget-container\">\n\t\t\t\t\t\t\t\t\t<table><thead><tr><th>Model<\/th><th>Ideel til<\/th><th>Rummeligt niveau<\/th><th>Klar til off-grid<\/th><th>Komfortniveau<\/th><\/tr><\/thead><tbody><tr><td><strong>Indigo<\/strong><\/td><td>Komfort uden for elnettet<\/td><td>Kompakt<\/td><td>\u2705 Solenergi<\/td><td>\u2b50\u2b50\u2b50\u2b50<\/td><\/tr><tr><td><strong>Oasis<\/strong><\/td><td>Automatiske drivere<\/td><td>Kompakt<\/td><td>\u2705 Solenergi<\/td><td>\u2b50\u2b50\u2b50\u2b50<\/td><\/tr><tr><td><strong>Boheme<\/strong><\/td><td>3 rejsende<\/td><td>Rummelig<\/td><td>\u2705 Solar<\/td><td>\u2b50\u2b50\u2b50\u2b50\u2b50<\/td><\/tr><tr><td><strong>Vagabond<\/strong><\/td><td>Budget-udforskere<\/td><td>Kompakt<\/td><td>\u274c<\/td><td>\u2b50\u2b50\u2b50<\/td><\/tr><tr><td><strong>Atlantic<\/strong><\/td><td>Enkle udflugter<\/td><td>Kompakt<\/td><td>\u274c<\/td><td>\u2b50\u2b50<\/td><\/tr><\/tbody><\/table>\t\t\t\t\t\t\t\t<\/div>\n\t\t\t\t<\/div>\n\t\t\t\t\t<\/div>\n\t\t<\/div>\n\t\t\t\t\t<\/div>\n\t\t<\/section>\n\t\t\t\t<section class=\"elementor-section elementor-top-section elementor-element elementor-element-972ed6a elementor-section-boxed elementor-section-height-default elementor-section-height-default\" data-id=\"972ed6a\" data-element_type=\"section\" data-e-type=\"section\">\n\t\t\t\t\t\t<div class=\"elementor-container elementor-column-gap-default\">\n\t\t\t\t\t<div class=\"elementor-column elementor-col-100 elementor-top-column elementor-element elementor-element-7bf6ea3\" data-id=\"7bf6ea3\" data-element_type=\"column\" data-e-type=\"column\">\n\t\t\t<div class=\"elementor-widget-wrap elementor-element-populated\">\n\t\t\t\t\t\t<div class=\"elementor-element elementor-element-934173e elementor-widget elementor-widget-heading\" data-id=\"934173e\" data-element_type=\"widget\" data-e-type=\"widget\" data-widget_type=\"heading.default\">\n\t\t\t\t<div class=\"elementor-widget-container\">\n\t\t\t\t\t<h2 class=\"elementor-heading-title elementor-size-default\">Hvor meget koster det at leje en Campervan hos os?<\/h2>\t\t\t\t<\/div>\n\t\t\t\t<\/div>\n\t\t\t\t<div class=\"elementor-element elementor-element-3227bec elementor-widget elementor-widget-text-editor\" data-id=\"3227bec\" data-element_type=\"widget\" data-e-type=\"widget\" data-widget_type=\"text-editor.default\">\n\t\t\t\t<div class=\"elementor-widget-container\">\n\t\t\t\t\t\t\t\t\t<p>Er du nysgerrig efter, hvor meget en Campervan koster i Portugal? Priserne ligger fra ca. 39 \u20ac pr. nat i de rolige m\u00e5neder til omkring 129 \u20ac pr. nat for modellen \u00bbBohemian\u00ab midt p\u00e5 sommeren. Hvor dine datoer falder inden for dette interval, afh\u00e6nger af s\u00e6sonen, Campervanen og hvor l\u00e6nge du bliver, s\u00e5 reservationsformularen er det eneste p\u00e5lidelige svar. Indtast dine datoer, s\u00e5 f\u00e5r du prisen for hele rejsen.   <\/p><p>Billig leje af campervan i Portugal betyder som regel \u00e9n af to ting: En meget gammel campervan eller en lav pris, hvor der senere tilf\u00f8jes ekstra gebyrer. Hos os er det ingen af delene. Senget\u00f8j, h\u00e5ndkl\u00e6der, fuldt udstyret k\u00f8kken, bord og stole, gas og reng\u00f8ringss\u00e6t er alt sammen inkluderet i prisen. Alt andet er valgfrit, og du kan se den samlede pris, inden du betaler.    <\/p><p>Der er et minimumsophold p\u00e5 to n\u00e6tter. Der opkr\u00e6ves et gebyr p\u00e5 300 \u20ac for en enkeltrejse, hvis du starter i Faro og slutter i Lissabon, eller omvendt. <\/p>\t\t\t\t\t\t\t\t<\/div>\n\t\t\t\t<\/div>\n\t\t\t\t<div class=\"elementor-element elementor-element-8f24ba3 elementor-align-center elementor-widget elementor-widget-button\" data-id=\"8f24ba3\" data-element_type=\"widget\" data-e-type=\"widget\" data-widget_type=\"button.default\">\n\t\t\t\t<div class=\"elementor-widget-container\">\n\t\t\t\t\t\t\t\t\t<div class=\"elementor-button-wrapper\">\n\t\t\t\t\t<a class=\"elementor-button elementor-button-link elementor-size-sm\" href=\"https:\/\/oceancamper.com\/da\/reservationer\/\">\n\t\t\t\t\t\t<span class=\"elementor-button-content-wrapper\">\n\t\t\t\t\t\t\t\t\t<span class=\"elementor-button-text\">Se datoer og priser<\/span>\n\t\t\t\t\t<\/span>\n\t\t\t\t\t<\/a>\n\t\t\t\t<\/div>\n\t\t\t\t\t\t\t\t<\/div>\n\t\t\t\t<\/div>\n\t\t\t\t\t<\/div>\n\t\t<\/div>\n\t\t\t\t\t<\/div>\n\t\t<\/section>\n\t\t\t\t<section class=\"elementor-section elementor-top-section elementor-element elementor-element-d3402ce elementor-section-stretched elementor-section-boxed elementor-section-height-default elementor-section-height-default\" data-id=\"d3402ce\" data-element_type=\"section\" data-e-type=\"section\" data-settings=\"{&quot;stretch_section&quot;:&quot;section-stretched&quot;,&quot;background_background&quot;:&quot;classic&quot;}\">\n\t\t\t\t\t\t<div class=\"elementor-container elementor-column-gap-default\">\n\t\t\t\t\t<div class=\"elementor-column elementor-col-100 elementor-top-column elementor-element elementor-element-e27b019\" data-id=\"e27b019\" data-element_type=\"column\" data-e-type=\"column\">\n\t\t\t<div class=\"elementor-widget-wrap elementor-element-populated\">\n\t\t\t\t\t\t<section class=\"elementor-section elementor-inner-section elementor-element elementor-element-6da744b elementor-section-boxed elementor-section-height-default elementor-section-height-default\" data-id=\"6da744b\" data-element_type=\"section\" data-e-type=\"section\">\n\t\t\t\t\t\t<div class=\"elementor-container elementor-column-gap-default\">\n\t\t\t\t\t<div class=\"elementor-column elementor-col-100 elementor-inner-column elementor-element elementor-element-4af6d18\" data-id=\"4af6d18\" data-element_type=\"column\" data-e-type=\"column\">\n\t\t\t<div class=\"elementor-widget-wrap elementor-element-populated\">\n\t\t\t\t\t\t<div class=\"elementor-element elementor-element-47621cc elementor-widget elementor-widget-heading\" data-id=\"47621cc\" data-element_type=\"widget\" data-e-type=\"widget\" data-widget_type=\"heading.default\">\n\t\t\t\t<div class=\"elementor-widget-container\">\n\t\t\t\t\t<h2 class=\"elementor-heading-title elementor-size-default\">Hvad der er inkluderet i hver Campervan<\/h2>\t\t\t\t<\/div>\n\t\t\t\t<\/div>\n\t\t\t\t\t<\/div>\n\t\t<\/div>\n\t\t\t\t\t<\/div>\n\t\t<\/section>\n\t\t\t\t<section class=\"elementor-section elementor-inner-section elementor-element elementor-element-b23e257 elementor-section-content-top elementor-section-boxed elementor-section-height-default elementor-section-height-default elementor-invisible\" data-id=\"b23e257\" data-element_type=\"section\" data-e-type=\"section\" data-settings=\"{&quot;animation&quot;:&quot;fadeInUp&quot;}\">\n\t\t\t\t\t\t<div class=\"elementor-container elementor-column-gap-default\">\n\t\t\t\t\t<div class=\"elementor-column elementor-col-33 elementor-inner-column elementor-element elementor-element-dc2ffc5 elementor-invisible\" data-id=\"dc2ffc5\" data-element_type=\"column\" data-e-type=\"column\" data-settings=\"{&quot;background_background&quot;:&quot;classic&quot;,&quot;animation&quot;:&quot;fadeInUp&quot;}\">\n\t\t\t<div class=\"elementor-widget-wrap elementor-element-populated\">\n\t\t\t\t\t<div class=\"elementor-background-overlay\"><\/div>\n\t\t\t\t\t\t<div class=\"elementor-element elementor-element-2b02c48 elementor-widget elementor-widget-heading\" data-id=\"2b02c48\" data-element_type=\"widget\" data-e-type=\"widget\" data-widget_type=\"heading.default\">\n\t\t\t\t<div class=\"elementor-widget-container\">\n\t\t\t\t\t<h3 class=\"elementor-heading-title elementor-size-default\">Hj\u00e6lpeprogrammer<\/h3>\t\t\t\t<\/div>\n\t\t\t\t<\/div>\n\t\t\t\t<div class=\"elementor-element elementor-element-7251df0 elementor-view-framed elementor-position-inline-start keep-icon-box-left elementor-mobile-position-inline-start elementor-shape-circle elementor-widget elementor-widget-icon-box\" data-id=\"7251df0\" data-element_type=\"widget\" data-e-type=\"widget\" data-widget_type=\"icon-box.default\">\n\t\t\t\t<div class=\"elementor-widget-container\">\n\t\t\t\t\t\t\t<div class=\"elementor-icon-box-wrapper\">\n\n\t\t\t\t\t\t<div class=\"elementor-icon-box-icon\">\n\t\t\t\t<span  class=\"elementor-icon elementor-animation-pop\">\n\t\t\t\t<i aria-hidden=\"true\" class=\"fas fa-check\"><\/i>\t\t\t\t<\/span>\n\t\t\t<\/div>\n\t\t\t\n\t\t\t\t\t\t<div class=\"elementor-icon-box-content\">\n\n\t\t\t\t\t\t\t\t\t<h6 class=\"elementor-icon-box-title\">\n\t\t\t\t\t\t<span  >\n\t\t\t\t\t\t\tUdend\u00f8rs bruser og vandtank\t\t\t\t\t\t<\/span>\n\t\t\t\t\t<\/h6>\n\t\t\t\t\n\t\t\t\t\n\t\t\t<\/div>\n\t\t\t\n\t\t<\/div>\n\t\t\t\t\t\t<\/div>\n\t\t\t\t<\/div>\n\t\t\t\t<div class=\"elementor-element elementor-element-e21c777 elementor-view-framed elementor-position-inline-start keep-icon-box-left elementor-mobile-position-inline-start elementor-shape-circle elementor-widget elementor-widget-icon-box\" data-id=\"e21c777\" data-element_type=\"widget\" data-e-type=\"widget\" data-widget_type=\"icon-box.default\">\n\t\t\t\t<div class=\"elementor-widget-container\">\n\t\t\t\t\t\t\t<div class=\"elementor-icon-box-wrapper\">\n\n\t\t\t\t\t\t<div class=\"elementor-icon-box-icon\">\n\t\t\t\t<span  class=\"elementor-icon elementor-animation-pop\">\n\t\t\t\t<i aria-hidden=\"true\" class=\"fas fa-check\"><\/i>\t\t\t\t<\/span>\n\t\t\t<\/div>\n\t\t\t\n\t\t\t\t\t\t<div class=\"elementor-icon-box-content\">\n\n\t\t\t\t\t\t\t\t\t<h6 class=\"elementor-icon-box-title\">\n\t\t\t\t\t\t<span  >\n\t\t\t\t\t\t\tCampingbord og -stole\t\t\t\t\t\t<\/span>\n\t\t\t\t\t<\/h6>\n\t\t\t\t\n\t\t\t\t\n\t\t\t<\/div>\n\t\t\t\n\t\t<\/div>\n\t\t\t\t\t\t<\/div>\n\t\t\t\t<\/div>\n\t\t\t\t<div class=\"elementor-element elementor-element-92b56a0 elementor-view-framed elementor-position-inline-start keep-icon-box-left elementor-mobile-position-inline-start elementor-shape-circle elementor-widget elementor-widget-icon-box\" data-id=\"92b56a0\" data-element_type=\"widget\" data-e-type=\"widget\" data-widget_type=\"icon-box.default\">\n\t\t\t\t<div class=\"elementor-widget-container\">\n\t\t\t\t\t\t\t<div class=\"elementor-icon-box-wrapper\">\n\n\t\t\t\t\t\t<div class=\"elementor-icon-box-icon\">\n\t\t\t\t<span  class=\"elementor-icon elementor-animation-pop\">\n\t\t\t\t<i aria-hidden=\"true\" class=\"fas fa-check\"><\/i>\t\t\t\t<\/span>\n\t\t\t<\/div>\n\t\t\t\n\t\t\t\t\t\t<div class=\"elementor-icon-box-content\">\n\n\t\t\t\t\t\t\t\t\t<h6 class=\"elementor-icon-box-title\">\n\t\t\t\t\t\t<span  >\n\t\t\t\t\t\t\tH\u00e5ndkl\u00e6der og senget\u00f8j\t\t\t\t\t\t<\/span>\n\t\t\t\t\t<\/h6>\n\t\t\t\t\n\t\t\t\t\n\t\t\t<\/div>\n\t\t\t\n\t\t<\/div>\n\t\t\t\t\t\t<\/div>\n\t\t\t\t<\/div>\n\t\t\t\t<div class=\"elementor-element elementor-element-290002b elementor-view-framed elementor-position-inline-start keep-icon-box-left elementor-mobile-position-inline-start elementor-shape-circle elementor-widget elementor-widget-icon-box\" data-id=\"290002b\" data-element_type=\"widget\" data-e-type=\"widget\" data-widget_type=\"icon-box.default\">\n\t\t\t\t<div class=\"elementor-widget-container\">\n\t\t\t\t\t\t\t<div class=\"elementor-icon-box-wrapper\">\n\n\t\t\t\t\t\t<div class=\"elementor-icon-box-icon\">\n\t\t\t\t<span  class=\"elementor-icon elementor-animation-pop\">\n\t\t\t\t<i aria-hidden=\"true\" class=\"fas fa-check\"><\/i>\t\t\t\t<\/span>\n\t\t\t<\/div>\n\t\t\t\n\t\t\t\t\t\t<div class=\"elementor-icon-box-content\">\n\n\t\t\t\t\t\t\t\t\t<h6 class=\"elementor-icon-box-title\">\n\t\t\t\t\t\t<span  >\n\t\t\t\t\t\t\tPuder og t\u00e6ppe\t\t\t\t\t\t<\/span>\n\t\t\t\t\t<\/h6>\n\t\t\t\t\n\t\t\t\t\n\t\t\t<\/div>\n\t\t\t\n\t\t<\/div>\n\t\t\t\t\t\t<\/div>\n\t\t\t\t<\/div>\n\t\t\t\t<div class=\"elementor-element elementor-element-0770017 elementor-view-framed elementor-position-inline-start keep-icon-box-left elementor-mobile-position-inline-start elementor-shape-circle elementor-widget elementor-widget-icon-box\" data-id=\"0770017\" data-element_type=\"widget\" data-e-type=\"widget\" data-widget_type=\"icon-box.default\">\n\t\t\t\t<div class=\"elementor-widget-container\">\n\t\t\t\t\t\t\t<div class=\"elementor-icon-box-wrapper\">\n\n\t\t\t\t\t\t<div class=\"elementor-icon-box-icon\">\n\t\t\t\t<span  class=\"elementor-icon elementor-animation-pop\">\n\t\t\t\t<i aria-hidden=\"true\" class=\"fas fa-check\"><\/i>\t\t\t\t<\/span>\n\t\t\t<\/div>\n\t\t\t\n\t\t\t\t\t\t<div class=\"elementor-icon-box-content\">\n\n\t\t\t\t\t\t\t\t\t<h6 class=\"elementor-icon-box-title\">\n\t\t\t\t\t\t<span  >\n\t\t\t\t\t\t\tHyggelige lamper\t\t\t\t\t\t<\/span>\n\t\t\t\t\t<\/h6>\n\t\t\t\t\n\t\t\t\t\n\t\t\t<\/div>\n\t\t\t\n\t\t<\/div>\n\t\t\t\t\t\t<\/div>\n\t\t\t\t<\/div>\n\t\t\t\t\t<\/div>\n\t\t<\/div>\n\t\t\t\t<div class=\"elementor-column elementor-col-33 elementor-inner-column elementor-element elementor-element-f65cbbb elementor-invisible\" data-id=\"f65cbbb\" data-element_type=\"column\" data-e-type=\"column\" data-settings=\"{&quot;background_background&quot;:&quot;classic&quot;,&quot;animation&quot;:&quot;fadeInUp&quot;}\">\n\t\t\t<div class=\"elementor-widget-wrap elementor-element-populated\">\n\t\t\t\t\t<div class=\"elementor-background-overlay\"><\/div>\n\t\t\t\t\t\t<div class=\"elementor-element elementor-element-91cc96c elementor-widget elementor-widget-heading\" data-id=\"91cc96c\" data-element_type=\"widget\" data-e-type=\"widget\" data-widget_type=\"heading.default\">\n\t\t\t\t<div class=\"elementor-widget-container\">\n\t\t\t\t\t<h3 class=\"elementor-heading-title elementor-size-default\">Madlavning og spisning<\/h3>\t\t\t\t<\/div>\n\t\t\t\t<\/div>\n\t\t\t\t<div class=\"elementor-element elementor-element-099410d elementor-view-framed elementor-position-inline-start keep-icon-box-left elementor-mobile-position-inline-start elementor-shape-circle elementor-widget elementor-widget-icon-box\" data-id=\"099410d\" data-element_type=\"widget\" data-e-type=\"widget\" data-widget_type=\"icon-box.default\">\n\t\t\t\t<div class=\"elementor-widget-container\">\n\t\t\t\t\t\t\t<div class=\"elementor-icon-box-wrapper\">\n\n\t\t\t\t\t\t<div class=\"elementor-icon-box-icon\">\n\t\t\t\t<span  class=\"elementor-icon elementor-animation-pop\">\n\t\t\t\t<i aria-hidden=\"true\" class=\"fas fa-check\"><\/i>\t\t\t\t<\/span>\n\t\t\t<\/div>\n\t\t\t\n\t\t\t\t\t\t<div class=\"elementor-icon-box-content\">\n\n\t\t\t\t\t\t\t\t\t<h6 class=\"elementor-icon-box-title\">\n\t\t\t\t\t\t<span  >\n\t\t\t\t\t\t\tGaskomfur\t\t\t\t\t\t<\/span>\n\t\t\t\t\t<\/h6>\n\t\t\t\t\n\t\t\t\t\n\t\t\t<\/div>\n\t\t\t\n\t\t<\/div>\n\t\t\t\t\t\t<\/div>\n\t\t\t\t<\/div>\n\t\t\t\t<div class=\"elementor-element elementor-element-846d1e3 elementor-view-framed elementor-position-inline-start keep-icon-box-left elementor-mobile-position-inline-start elementor-shape-circle elementor-widget elementor-widget-icon-box\" data-id=\"846d1e3\" data-element_type=\"widget\" data-e-type=\"widget\" data-widget_type=\"icon-box.default\">\n\t\t\t\t<div class=\"elementor-widget-container\">\n\t\t\t\t\t\t\t<div class=\"elementor-icon-box-wrapper\">\n\n\t\t\t\t\t\t<div class=\"elementor-icon-box-icon\">\n\t\t\t\t<span  class=\"elementor-icon elementor-animation-pop\">\n\t\t\t\t<i aria-hidden=\"true\" class=\"fas fa-check\"><\/i>\t\t\t\t<\/span>\n\t\t\t<\/div>\n\t\t\t\n\t\t\t\t\t\t<div class=\"elementor-icon-box-content\">\n\n\t\t\t\t\t\t\t\t\t<h6 class=\"elementor-icon-box-title\">\n\t\t\t\t\t\t<span  >\n\t\t\t\t\t\t\tMinik\u00f8leskab eller k\u00f8leboks\t\t\t\t\t\t<\/span>\n\t\t\t\t\t<\/h6>\n\t\t\t\t\n\t\t\t\t\n\t\t\t<\/div>\n\t\t\t\n\t\t<\/div>\n\t\t\t\t\t\t<\/div>\n\t\t\t\t<\/div>\n\t\t\t\t<div class=\"elementor-element elementor-element-6c2b3fc elementor-view-framed elementor-position-inline-start keep-icon-box-left elementor-mobile-position-inline-start elementor-shape-circle elementor-widget elementor-widget-icon-box\" data-id=\"6c2b3fc\" data-element_type=\"widget\" data-e-type=\"widget\" data-widget_type=\"icon-box.default\">\n\t\t\t\t<div class=\"elementor-widget-container\">\n\t\t\t\t\t\t\t<div class=\"elementor-icon-box-wrapper\">\n\n\t\t\t\t\t\t<div class=\"elementor-icon-box-icon\">\n\t\t\t\t<span  class=\"elementor-icon elementor-animation-pop\">\n\t\t\t\t<i aria-hidden=\"true\" class=\"fas fa-check\"><\/i>\t\t\t\t<\/span>\n\t\t\t<\/div>\n\t\t\t\n\t\t\t\t\t\t<div class=\"elementor-icon-box-content\">\n\n\t\t\t\t\t\t\t\t\t<h6 class=\"elementor-icon-box-title\">\n\t\t\t\t\t\t<span  >\n\t\t\t\t\t\t\tTallerkener, bestik og k\u00f8kkengrej\t\t\t\t\t\t<\/span>\n\t\t\t\t\t<\/h6>\n\t\t\t\t\n\t\t\t\t\n\t\t\t<\/div>\n\t\t\t\n\t\t<\/div>\n\t\t\t\t\t\t<\/div>\n\t\t\t\t<\/div>\n\t\t\t\t<div class=\"elementor-element elementor-element-1627181 elementor-view-framed elementor-position-inline-start keep-icon-box-left elementor-mobile-position-inline-start elementor-shape-circle elementor-widget elementor-widget-icon-box\" data-id=\"1627181\" data-element_type=\"widget\" data-e-type=\"widget\" data-widget_type=\"icon-box.default\">\n\t\t\t\t<div class=\"elementor-widget-container\">\n\t\t\t\t\t\t\t<div class=\"elementor-icon-box-wrapper\">\n\n\t\t\t\t\t\t<div class=\"elementor-icon-box-icon\">\n\t\t\t\t<span  class=\"elementor-icon elementor-animation-pop\">\n\t\t\t\t<i aria-hidden=\"true\" class=\"fas fa-check\"><\/i>\t\t\t\t<\/span>\n\t\t\t<\/div>\n\t\t\t\n\t\t\t\t\t\t<div class=\"elementor-icon-box-content\">\n\n\t\t\t\t\t\t\t\t\t<h6 class=\"elementor-icon-box-title\">\n\t\t\t\t\t\t<span  >\n\t\t\t\t\t\t\tMoka kaffemaskine\t\t\t\t\t\t<\/span>\n\t\t\t\t\t<\/h6>\n\t\t\t\t\n\t\t\t\t\n\t\t\t<\/div>\n\t\t\t\n\t\t<\/div>\n\t\t\t\t\t\t<\/div>\n\t\t\t\t<\/div>\n\t\t\t\t\t<\/div>\n\t\t<\/div>\n\t\t\t\t<div class=\"elementor-column elementor-col-33 elementor-inner-column elementor-element elementor-element-13c7c8e elementor-invisible\" data-id=\"13c7c8e\" data-element_type=\"column\" data-e-type=\"column\" data-settings=\"{&quot;background_background&quot;:&quot;classic&quot;,&quot;animation&quot;:&quot;fadeInUp&quot;}\">\n\t\t\t<div class=\"elementor-widget-wrap elementor-element-populated\">\n\t\t\t\t\t<div class=\"elementor-background-overlay\"><\/div>\n\t\t\t\t\t\t<div class=\"elementor-element elementor-element-fdabe3f elementor-widget elementor-widget-heading\" data-id=\"fdabe3f\" data-element_type=\"widget\" data-e-type=\"widget\" data-widget_type=\"heading.default\">\n\t\t\t\t<div class=\"elementor-widget-container\">\n\t\t\t\t\t<h3 class=\"elementor-heading-title elementor-size-default\">Bilens funktioner<\/h3>\t\t\t\t<\/div>\n\t\t\t\t<\/div>\n\t\t\t\t<div class=\"elementor-element elementor-element-0b4917c elementor-view-framed elementor-position-inline-start keep-icon-box-left elementor-mobile-position-inline-start elementor-shape-circle elementor-widget elementor-widget-icon-box\" data-id=\"0b4917c\" data-element_type=\"widget\" data-e-type=\"widget\" data-widget_type=\"icon-box.default\">\n\t\t\t\t<div class=\"elementor-widget-container\">\n\t\t\t\t\t\t\t<div class=\"elementor-icon-box-wrapper\">\n\n\t\t\t\t\t\t<div class=\"elementor-icon-box-icon\">\n\t\t\t\t<span  class=\"elementor-icon elementor-animation-pop\">\n\t\t\t\t<i aria-hidden=\"true\" class=\"fas fa-check\"><\/i>\t\t\t\t<\/span>\n\t\t\t<\/div>\n\t\t\t\n\t\t\t\t\t\t<div class=\"elementor-icon-box-content\">\n\n\t\t\t\t\t\t\t\t\t<h6 class=\"elementor-icon-box-title\">\n\t\t\t\t\t\t<span  >\n\t\t\t\t\t\t\tRadio Bluetooth &amp; USB\t\t\t\t\t\t<\/span>\n\t\t\t\t\t<\/h6>\n\t\t\t\t\n\t\t\t\t\n\t\t\t<\/div>\n\t\t\t\n\t\t<\/div>\n\t\t\t\t\t\t<\/div>\n\t\t\t\t<\/div>\n\t\t\t\t<div class=\"elementor-element elementor-element-168c45c elementor-view-framed elementor-position-inline-start keep-icon-box-left elementor-mobile-position-inline-start elementor-shape-circle elementor-widget elementor-widget-icon-box\" data-id=\"168c45c\" data-element_type=\"widget\" data-e-type=\"widget\" data-widget_type=\"icon-box.default\">\n\t\t\t\t<div class=\"elementor-widget-container\">\n\t\t\t\t\t\t\t<div class=\"elementor-icon-box-wrapper\">\n\n\t\t\t\t\t\t<div class=\"elementor-icon-box-icon\">\n\t\t\t\t<span  class=\"elementor-icon elementor-animation-pop\">\n\t\t\t\t<i aria-hidden=\"true\" class=\"fas fa-check\"><\/i>\t\t\t\t<\/span>\n\t\t\t<\/div>\n\t\t\t\n\t\t\t\t\t\t<div class=\"elementor-icon-box-content\">\n\n\t\t\t\t\t\t\t\t\t<h6 class=\"elementor-icon-box-title\">\n\t\t\t\t\t\t<span  >\n\t\t\t\t\t\t\t12V-stik og USB-stik\t\t\t\t\t\t<\/span>\n\t\t\t\t\t<\/h6>\n\t\t\t\t\n\t\t\t\t\n\t\t\t<\/div>\n\t\t\t\n\t\t<\/div>\n\t\t\t\t\t\t<\/div>\n\t\t\t\t<\/div>\n\t\t\t\t<div class=\"elementor-element elementor-element-2c24ae6 elementor-view-framed elementor-position-inline-start keep-icon-box-left elementor-mobile-position-inline-start elementor-shape-circle elementor-widget elementor-widget-icon-box\" data-id=\"2c24ae6\" data-element_type=\"widget\" data-e-type=\"widget\" data-widget_type=\"icon-box.default\">\n\t\t\t\t<div class=\"elementor-widget-container\">\n\t\t\t\t\t\t\t<div class=\"elementor-icon-box-wrapper\">\n\n\t\t\t\t\t\t<div class=\"elementor-icon-box-icon\">\n\t\t\t\t<span  class=\"elementor-icon elementor-animation-pop\">\n\t\t\t\t<i aria-hidden=\"true\" class=\"fas fa-check\"><\/i>\t\t\t\t<\/span>\n\t\t\t<\/div>\n\t\t\t\n\t\t\t\t\t\t<div class=\"elementor-icon-box-content\">\n\n\t\t\t\t\t\t\t\t\t<h6 class=\"elementor-icon-box-title\">\n\t\t\t\t\t\t<span  >\n\t\t\t\t\t\t\tFartpilot og parkeringshj\u00e6lp\t\t\t\t\t\t<\/span>\n\t\t\t\t\t<\/h6>\n\t\t\t\t\n\t\t\t\t\n\t\t\t<\/div>\n\t\t\t\n\t\t<\/div>\n\t\t\t\t\t\t<\/div>\n\t\t\t\t<\/div>\n\t\t\t\t<div class=\"elementor-element elementor-element-b684bb6 elementor-view-framed elementor-position-inline-start keep-icon-box-left elementor-mobile-position-inline-start elementor-shape-circle elementor-widget elementor-widget-icon-box\" data-id=\"b684bb6\" data-element_type=\"widget\" data-e-type=\"widget\" data-widget_type=\"icon-box.default\">\n\t\t\t\t<div class=\"elementor-widget-container\">\n\t\t\t\t\t\t\t<div class=\"elementor-icon-box-wrapper\">\n\n\t\t\t\t\t\t<div class=\"elementor-icon-box-icon\">\n\t\t\t\t<span  class=\"elementor-icon elementor-animation-pop\">\n\t\t\t\t<i aria-hidden=\"true\" class=\"fas fa-check\"><\/i>\t\t\t\t<\/span>\n\t\t\t<\/div>\n\t\t\t\n\t\t\t\t\t\t<div class=\"elementor-icon-box-content\">\n\n\t\t\t\t\t\t\t\t\t<h6 class=\"elementor-icon-box-title\">\n\t\t\t\t\t\t<span  >\n\t\t\t\t\t\t\tBrandslukker og f\u00f8rstehj\u00e6lpskasse\t\t\t\t\t\t<\/span>\n\t\t\t\t\t<\/h6>\n\t\t\t\t\n\t\t\t\t\n\t\t\t<\/div>\n\t\t\t\n\t\t<\/div>\n\t\t\t\t\t\t<\/div>\n\t\t\t\t<\/div>\n\t\t\t\t\t<\/div>\n\t\t<\/div>\n\t\t\t\t\t<\/div>\n\t\t<\/section>\n\t\t\t\t<div class=\"elementor-element elementor-element-3950b54 elementor-widget elementor-widget-heading\" data-id=\"3950b54\" data-element_type=\"widget\" data-e-type=\"widget\" data-widget_type=\"heading.default\">\n\t\t\t\t<div class=\"elementor-widget-container\">\n\t\t\t\t\t<h2 class=\"elementor-heading-title elementor-size-default\">Bygget til nemme bilture<\/h2>\t\t\t\t<\/div>\n\t\t\t\t<\/div>\n\t\t\t\t\t<\/div>\n\t\t<\/div>\n\t\t\t\t\t<\/div>\n\t\t<\/section>\n\t\t<div class=\"elementor-element elementor-element-9768fb9 e-flex e-con-boxed e-con e-parent\" data-id=\"9768fb9\" data-element_type=\"container\" data-e-type=\"container\" data-settings=\"{&quot;background_background&quot;:&quot;classic&quot;}\">\n\t\t\t\t\t<div class=\"e-con-inner\">\n\t\t<div class=\"elementor-element elementor-element-f13cacc e-con-full e-flex e-con e-child\" data-id=\"f13cacc\" data-element_type=\"container\" data-e-type=\"container\">\n\t\t\t\t<div class=\"elementor-element elementor-element-daa0cb7 elementor-widget elementor-widget-image\" data-id=\"daa0cb7\" data-element_type=\"widget\" data-e-type=\"widget\" data-widget_type=\"image.default\">\n\t\t\t\t<div class=\"elementor-widget-container\">\n\t\t\t\t\t\t\t\t\t\t\t\t\t\t\t<img decoding=\"async\" src=\"https:\/\/oceancamper.com\/wp-content\/uploads\/elementor\/thumbs\/praia-da-amalia-min-q88l47j9xro3j3gd03xv4rt0pm58d6tkae8ka2b9xs.jpg\" title=\"Praia da Am\u00e1lia Algarve\" alt=\"Praia da Amalia, en lille bugt omgivet af stejle klipper ved Alentejo-kysten\" loading=\"lazy\" \/>\t\t\t\t\t\t\t\t\t\t\t\t\t\t\t<\/div>\n\t\t\t\t<\/div>\n\t\t\t\t<\/div>\n\t\t<div class=\"elementor-element elementor-element-94fa337 e-con-full e-flex e-con e-child\" data-id=\"94fa337\" data-element_type=\"container\" data-e-type=\"container\">\n\t\t\t\t<div class=\"elementor-element elementor-element-1201b4b elementor-widget elementor-widget-text-editor\" data-id=\"1201b4b\" data-element_type=\"widget\" data-e-type=\"widget\" data-widget_type=\"text-editor.default\">\n\t\t\t\t<div class=\"elementor-widget-container\">\n\t\t\t\t\t\t\t\t\t<p>Alle vores Campervans er nemme at k\u00f8re, nemme at parkere og nemme at bo i. Med praktiske indretninger, smarte opbevaringsl\u00f8sninger og fuldt udstyrede k\u00f8kkener kan du rejse komfortabelt uden store k\u00f8ret\u00f8jer eller komplicerede ops\u00e6tninger. Vi l\u00e6gger v\u00e6gt p\u00e5 enkelhed, s\u00e5 du kan fokusere p\u00e5 oplevelsen.  <\/p>\t\t\t\t\t\t\t\t<\/div>\n\t\t\t\t<\/div>\n\t\t\t\t<\/div>\n\t\t\t\t\t<\/div>\n\t\t\t\t<\/div>\n\t\t\t\t<section class=\"elementor-section elementor-top-section elementor-element elementor-element-3c82297 elementor-section-stretched elementor-section-boxed elementor-section-height-default elementor-section-height-default\" data-id=\"3c82297\" data-element_type=\"section\" data-e-type=\"section\" data-settings=\"{&quot;stretch_section&quot;:&quot;section-stretched&quot;,&quot;background_background&quot;:&quot;classic&quot;}\">\n\t\t\t\t\t\t<div class=\"elementor-container elementor-column-gap-default\">\n\t\t\t\t\t<div class=\"elementor-column elementor-col-100 elementor-top-column elementor-element elementor-element-a14264b\" data-id=\"a14264b\" data-element_type=\"column\" data-e-type=\"column\">\n\t\t\t<div class=\"elementor-widget-wrap elementor-element-populated\">\n\t\t\t\t\t\t<div class=\"elementor-element elementor-element-a8a49a8 elementor-widget elementor-widget-heading\" data-id=\"a8a49a8\" data-element_type=\"widget\" data-e-type=\"widget\" data-widget_type=\"heading.default\">\n\t\t\t\t<div class=\"elementor-widget-container\">\n\t\t\t\t\t<h2 class=\"elementor-heading-title elementor-size-default\">Campervan-tilg\u00e6ngelighed efter afhentningssted<\/h2>\t\t\t\t<\/div>\n\t\t\t\t<\/div>\n\t\t\t\t<div class=\"elementor-element elementor-element-94a9a79 elementor-widget elementor-widget-text-editor\" data-id=\"94a9a79\" data-element_type=\"widget\" data-e-type=\"widget\" data-widget_type=\"text-editor.default\">\n\t\t\t\t<div class=\"elementor-widget-container\">\n\t\t\t\t\t\t\t\t\t<p>Vores autocampere er tilg\u00e6ngelige i Faro og Lissabon afh\u00e6ngigt af modellen. V\u00e6lg dit foretrukne afhentningssted for at se tilg\u00e6ngelige k\u00f8ret\u00f8jer. <\/p>\t\t\t\t\t\t\t\t<\/div>\n\t\t\t\t<\/div>\n\t\t\t\t\t<\/div>\n\t\t<\/div>\n\t\t\t\t\t<\/div>\n\t\t<\/section>\n\t\t<div class=\"elementor-element elementor-element-c36dab4 e-flex e-con-boxed e-con e-parent\" data-id=\"c36dab4\" data-element_type=\"container\" data-e-type=\"container\" data-settings=\"{&quot;background_background&quot;:&quot;classic&quot;}\">\n\t\t\t\t\t<div class=\"e-con-inner\">\n\t\t<div class=\"elementor-element elementor-element-c0f3f7f e-con-full e-flex e-con e-child\" data-id=\"c0f3f7f\" data-element_type=\"container\" data-e-type=\"container\">\n\t\t\t\t<div class=\"elementor-element elementor-element-8d00f17 elementor-widget elementor-widget-heading\" data-id=\"8d00f17\" data-element_type=\"widget\" data-e-type=\"widget\" data-widget_type=\"heading.default\">\n\t\t\t\t<div class=\"elementor-widget-container\">\n\t\t\t\t\t<h2 class=\"elementor-heading-title elementor-size-default\">Afhentning i Faro<\/h2>\t\t\t\t<\/div>\n\t\t\t\t<\/div>\n\t\t\t\t<div class=\"elementor-element elementor-element-54b8e04 elementor-widget elementor-widget-text-editor\" data-id=\"54b8e04\" data-element_type=\"widget\" data-e-type=\"widget\" data-widget_type=\"text-editor.default\">\n\t\t\t\t<div class=\"elementor-widget-container\">\n\t\t\t\t\t\t\t\t\t<p>Faro er vores hovedbase, 2 km fra Faro Lufthavn, og det mest fleksible udgangspunkt for en tur langs Algarve-kysten.<\/p><p>Hvilke vans der er ledige, afh\u00e6nger af dine datoer, s\u00e5 tjek tilg\u00e6ngeligheden for din rejse i stedet for at tage udgangspunkt i en liste.  <a href=\"https:\/\/oceancamper.com\/da\/reservationer\/\">Tjek tilg\u00e6ngelighed<\/a><\/p>\t\t\t\t\t\t\t\t<\/div>\n\t\t\t\t<\/div>\n\t\t\t\t<\/div>\n\t\t<div class=\"elementor-element elementor-element-e92a1c5 e-con-full e-flex e-con e-child\" data-id=\"e92a1c5\" data-element_type=\"container\" data-e-type=\"container\">\n\t\t\t\t<div class=\"elementor-element elementor-element-08eeda0 elementor-widget elementor-widget-heading\" data-id=\"08eeda0\" data-element_type=\"widget\" data-e-type=\"widget\" data-widget_type=\"heading.default\">\n\t\t\t\t<div class=\"elementor-widget-container\">\n\t\t\t\t\t<h2 class=\"elementor-heading-title elementor-size-default\">Afhentning i Lissabon<\/h2>\t\t\t\t<\/div>\n\t\t\t\t<\/div>\n\t\t\t\t<div class=\"elementor-element elementor-element-ad7c8ee elementor-widget elementor-widget-text-editor\" data-id=\"ad7c8ee\" data-element_type=\"widget\" data-e-type=\"widget\" data-widget_type=\"text-editor.default\">\n\t\t\t\t<div class=\"elementor-widget-container\">\n\t\t\t\t\t\t\t\t\t<p>Vores afhentning i Lissabon er i Lissabon-Montijo, p\u00e5 den anden side af floden fra byen. Det er det naturlige udgangspunkt for Sintra, Ericeira, Nazar\u00e9 og nordp\u00e5. <\/p><p>Hvilke vans der er ledige, afh\u00e6nger af dine datoer, s\u00e5 tjek tilg\u00e6ngeligheden for din rejse i stedet for at tage udgangspunkt i en liste.  <a href=\"https:\/\/oceancamper.com\/da\/reservationer\/\">Tjek tilg\u00e6ngelighed<\/a><\/p>\t\t\t\t\t\t\t\t<\/div>\n\t\t\t\t<\/div>\n\t\t\t\t<\/div>\n\t\t\t\t\t<\/div>\n\t\t\t\t<\/div>\n\t\t\t\t<\/div>\n\t\t","protected":false},"excerpt":{"rendered":"<p>Campingvogne i Portugal Vores autocamper-modeller Udlejning af campervans i Portugal fra en lille familievirksomhed. Vores mini-campervans er sm\u00e5 nok til at kunne parkere p\u00e5 en almindelig parkeringsplads. De er ogs\u00e5 lave nok til at kunne k\u00f8re under de to meter h\u00f8je bomme ved de bedste parkeringspladser ved kysten. Og de bruger kun lidt br\u00e6ndstof, s\u00e5 [&hellip;]<\/p>\n","protected":false},"author":1,"featured_media":163167,"parent":0,"menu_order":0,"comment_status":"closed","ping_status":"closed","template":"elementor_header_footer","meta":{"om_disable_all_campaigns":false,"footnotes":""},"class_list":["post-161910","page","type-page","status-publish","has-post-thumbnail","hentry"],"aioseo_notices":[],"aioseo_head":"\n\t\t<!-- All in One SEO 4.9.10 - aioseo.com -->\n\t<meta name=\"description\" content=\"Sammenlign vores fem mini-Campervans, se pr\u00e6cis, hvad der er inkluderet, og hvad det faktisk koster at leje en Campervan i Portugal. Fra 39 EUR pr. nat, minimum to n\u00e6tter.\" \/>\n\t<meta name=\"robots\" content=\"max-image-preview:large\" \/>\n\t<link rel=\"canonical\" href=\"https:\/\/oceancamper.com\/da\/autocampere\/\" \/>\n\t<meta name=\"generator\" content=\"All in One SEO (AIOSEO) 4.9.10\" \/>\n\t\t<meta property=\"og:locale\" content=\"da_DK\" \/>\n\t\t<meta property=\"og:site_name\" content=\"Ocean Camper - Campervan Rental in Faro, Portugal\" \/>\n\t\t<meta property=\"og:type\" content=\"article\" \/>\n\t\t<meta property=\"og:title\" content=\"Campervans i Portugal: V\u00e6lg og book din oplevelse!\" \/>\n\t\t<meta property=\"og:description\" content=\"Sammenlign vores fem mini-Campervans, se pr\u00e6cis, hvad der er inkluderet, og hvad det faktisk koster at leje en Campervan i Portugal. Fra 39 EUR pr. nat, minimum to n\u00e6tter.\" \/>\n\t\t<meta property=\"og:url\" content=\"https:\/\/oceancamper.com\/da\/autocampere\/\" \/>\n\t\t<meta property=\"og:image\" content=\"https:\/\/oceancamper.com\/wp-content\/uploads\/2022\/01\/Asset-5.png\" \/>\n\t\t<meta property=\"og:image:secure_url\" content=\"https:\/\/oceancamper.com\/wp-content\/uploads\/2022\/01\/Asset-5.png\" \/>\n\t\t<meta property=\"og:image:width\" content=\"662\" \/>\n\t\t<meta property=\"og:image:height\" content=\"291\" \/>\n\t\t<meta property=\"article:published_time\" content=\"2022-01-19T16:53:47+00:00\" \/>\n\t\t<meta property=\"article:modified_time\" content=\"2026-09-04T10:01:42+00:00\" \/>\n\t\t<meta property=\"article:publisher\" content=\"https:\/\/www.facebook.com\/oceancamper\/\" \/>\n\t\t<meta name=\"twitter:card\" content=\"summary\" \/>\n\t\t<meta name=\"twitter:site\" content=\"@Ocean_Camper\" \/>\n\t\t<meta name=\"twitter:title\" content=\"Campervans i Portugal: V\u00e6lg og book din oplevelse!\" \/>\n\t\t<meta name=\"twitter:description\" content=\"Sammenlign vores fem mini-Campervans, se pr\u00e6cis, hvad der er inkluderet, og hvad det faktisk koster at leje en Campervan i Portugal. Fra 39 EUR pr. nat, minimum to n\u00e6tter.\" \/>\n\t\t<meta name=\"twitter:creator\" content=\"@Ocean_Camper\" \/>\n\t\t<meta name=\"twitter:image\" content=\"https:\/\/oceancamper.com\/wp-content\/uploads\/2022\/01\/Asset-5.png\" \/>\n\t\t<script type=\"application\/ld+json\" class=\"aioseo-schema\">\n\t\t\t{\"@context\":\"https:\\\/\\\/schema.org\",\"@graph\":[{\"@type\":\"BreadcrumbList\",\"@id\":\"https:\\\/\\\/oceancamper.com\\\/da\\\/autocampere\\\/#breadcrumblist\",\"itemListElement\":[{\"@type\":\"ListItem\",\"@id\":\"https:\\\/\\\/oceancamper.com\\\/da\\\/#listItem\",\"position\":1,\"name\":\"Home\",\"item\":\"https:\\\/\\\/oceancamper.com\\\/da\\\/\",\"nextItem\":{\"@type\":\"ListItem\",\"@id\":\"https:\\\/\\\/oceancamper.com\\\/da\\\/autocampere\\\/#listItem\",\"name\":\"Campervans i Portugal: V\\u00e6lg og book din oplevelse!\"}},{\"@type\":\"ListItem\",\"@id\":\"https:\\\/\\\/oceancamper.com\\\/da\\\/autocampere\\\/#listItem\",\"position\":2,\"name\":\"Campervans i Portugal: V\\u00e6lg og book din oplevelse!\",\"previousItem\":{\"@type\":\"ListItem\",\"@id\":\"https:\\\/\\\/oceancamper.com\\\/da\\\/#listItem\",\"name\":\"Home\"}}]},{\"@type\":\"Organization\",\"@id\":\"https:\\\/\\\/oceancamper.com\\\/da\\\/#organization\",\"name\":\"Ocean Camper\",\"description\":\"Ocean Camper provides affordable campervan rental in Portugal with fully equipped campervans for up to three people, available in Faro and Lisbon for flexible road trips.\",\"url\":\"https:\\\/\\\/oceancamper.com\\\/da\\\/\",\"email\":\"info@oceancamper.com\",\"telephone\":\"+351920301044\",\"foundingDate\":\"2017-04-19\",\"numberOfEmployees\":{\"@type\":\"QuantitativeValue\",\"minValue\":0,\"maxValue\":10},\"logo\":{\"@type\":\"ImageObject\",\"url\":\"https:\\\/\\\/oceancamper.com\\\/wp-content\\\/uploads\\\/2022\\\/01\\\/Asset-5.png\",\"@id\":\"https:\\\/\\\/oceancamper.com\\\/da\\\/autocampere\\\/#organizationLogo\",\"width\":662,\"height\":291,\"caption\":\"Ocean Camper logo\"},\"image\":{\"@id\":\"https:\\\/\\\/oceancamper.com\\\/da\\\/autocampere\\\/#organizationLogo\"},\"sameAs\":[\"https:\\\/\\\/www.facebook.com\\\/oceancamper\\\/\",\"https:\\\/\\\/x.com\\\/Ocean_Camper\",\"https:\\\/\\\/www.instagram.com\\\/oceancamper.vans\\\/\",\"https:\\\/\\\/www.tiktok.com\\\/@oceancamper.vans\",\"https:\\\/\\\/www.youtube.com\\\/@oceancamper\",\"https:\\\/\\\/www.linkedin.com\\\/company\\\/oceancamper\\\/\",\"https:\\\/\\\/www.trustpilot.com\\\/review\\\/oceancamper.com\"]},{\"@type\":\"WebPage\",\"@id\":\"https:\\\/\\\/oceancamper.com\\\/da\\\/autocampere\\\/#webpage\",\"url\":\"https:\\\/\\\/oceancamper.com\\\/da\\\/autocampere\\\/\",\"name\":\"Campervans i Portugal: V\\u00e6lg og book din oplevelse!\",\"description\":\"Sammenlign vores fem mini-Campervans, se pr\\u00e6cis, hvad der er inkluderet, og hvad det faktisk koster at leje en Campervan i Portugal. Fra 39 EUR pr. nat, minimum to n\\u00e6tter.\",\"inLanguage\":\"da-DK\",\"isPartOf\":{\"@id\":\"https:\\\/\\\/oceancamper.com\\\/da\\\/#website\"},\"breadcrumb\":{\"@id\":\"https:\\\/\\\/oceancamper.com\\\/da\\\/autocampere\\\/#breadcrumblist\"},\"image\":{\"@type\":\"ImageObject\",\"url\":\"https:\\\/\\\/oceancamper.com\\\/wp-content\\\/uploads\\\/2024\\\/03\\\/Bohemian-4-min-2-1.jpg\",\"@id\":\"https:\\\/\\\/oceancamper.com\\\/da\\\/autocampere\\\/#mainImage\",\"width\":1066,\"height\":800,\"caption\":\"Nyd din roadtrip i Algarve i Bohemian \\u2013 Ocean Campers stilfulde 3-personers camper med alt, hvad du har brug for til komfort og frihed.\"},\"primaryImageOfPage\":{\"@id\":\"https:\\\/\\\/oceancamper.com\\\/da\\\/autocampere\\\/#mainImage\"},\"datePublished\":\"2022-01-19T16:53:47+00:00\",\"dateModified\":\"2026-09-04T10:01:42+00:00\"},{\"@type\":\"WebSite\",\"@id\":\"https:\\\/\\\/oceancamper.com\\\/da\\\/#website\",\"url\":\"https:\\\/\\\/oceancamper.com\\\/da\\\/\",\"name\":\"Ocean Camper\",\"alternateName\":\"Ocean Camper Portugal\",\"description\":\"Campervan Rental in Faro, Portugal\",\"inLanguage\":\"da-DK\",\"publisher\":{\"@id\":\"https:\\\/\\\/oceancamper.com\\\/da\\\/#organization\"}}]}\n\t\t<\/script>\n\t\t<!-- All in One SEO -->\n\n","aioseo_head_json":{"title":"Campervans i Portugal: V\u00e6lg og book din oplevelse!","description":"Sammenlign vores fem mini-Campervans, se pr\u00e6cis, hvad der er inkluderet, og hvad det faktisk koster at leje en Campervan i Portugal. Fra 39 EUR pr. nat, minimum to n\u00e6tter.","canonical_url":"https:\/\/oceancamper.com\/da\/autocampere\/","robots":"max-image-preview:large","keywords":"","webmasterTools":{"miscellaneous":""},"schema":{"@context":"https:\/\/schema.org","@graph":[{"@type":"BreadcrumbList","@id":"https:\/\/oceancamper.com\/da\/autocampere\/#breadcrumblist","itemListElement":[{"@type":"ListItem","@id":"https:\/\/oceancamper.com\/da\/#listItem","position":1,"name":"Home","item":"https:\/\/oceancamper.com\/da\/","nextItem":{"@type":"ListItem","@id":"https:\/\/oceancamper.com\/da\/autocampere\/#listItem","name":"Campervans i Portugal: V\u00e6lg og book din oplevelse!"}},{"@type":"ListItem","@id":"https:\/\/oceancamper.com\/da\/autocampere\/#listItem","position":2,"name":"Campervans i Portugal: V\u00e6lg og book din oplevelse!","previousItem":{"@type":"ListItem","@id":"https:\/\/oceancamper.com\/da\/#listItem","name":"Home"}}]},{"@type":"Organization","@id":"https:\/\/oceancamper.com\/da\/#organization","name":"Ocean Camper","description":"Ocean Camper provides affordable campervan rental in Portugal with fully equipped campervans for up to three people, available in Faro and Lisbon for flexible road trips.","url":"https:\/\/oceancamper.com\/da\/","email":"info@oceancamper.com","telephone":"+351920301044","foundingDate":"2017-04-19","numberOfEmployees":{"@type":"QuantitativeValue","minValue":0,"maxValue":10},"logo":{"@type":"ImageObject","url":"https:\/\/oceancamper.com\/wp-content\/uploads\/2022\/01\/Asset-5.png","@id":"https:\/\/oceancamper.com\/da\/autocampere\/#organizationLogo","width":662,"height":291,"caption":"Ocean Camper logo"},"image":{"@id":"https:\/\/oceancamper.com\/da\/autocampere\/#organizationLogo"},"sameAs":["https:\/\/www.facebook.com\/oceancamper\/","https:\/\/x.com\/Ocean_Camper","https:\/\/www.instagram.com\/oceancamper.vans\/","https:\/\/www.tiktok.com\/@oceancamper.vans","https:\/\/www.youtube.com\/@oceancamper","https:\/\/www.linkedin.com\/company\/oceancamper\/","https:\/\/www.trustpilot.com\/review\/oceancamper.com"]},{"@type":"WebPage","@id":"https:\/\/oceancamper.com\/da\/autocampere\/#webpage","url":"https:\/\/oceancamper.com\/da\/autocampere\/","name":"Campervans i Portugal: V\u00e6lg og book din oplevelse!","description":"Sammenlign vores fem mini-Campervans, se pr\u00e6cis, hvad der er inkluderet, og hvad det faktisk koster at leje en Campervan i Portugal. Fra 39 EUR pr. nat, minimum to n\u00e6tter.","inLanguage":"da-DK","isPartOf":{"@id":"https:\/\/oceancamper.com\/da\/#website"},"breadcrumb":{"@id":"https:\/\/oceancamper.com\/da\/autocampere\/#breadcrumblist"},"image":{"@type":"ImageObject","url":"https:\/\/oceancamper.com\/wp-content\/uploads\/2024\/03\/Bohemian-4-min-2-1.jpg","@id":"https:\/\/oceancamper.com\/da\/autocampere\/#mainImage","width":1066,"height":800,"caption":"Nyd din roadtrip i Algarve i Bohemian \u2013 Ocean Campers stilfulde 3-personers camper med alt, hvad du har brug for til komfort og frihed."},"primaryImageOfPage":{"@id":"https:\/\/oceancamper.com\/da\/autocampere\/#mainImage"},"datePublished":"2022-01-19T16:53:47+00:00","dateModified":"2026-09-04T10:01:42+00:00"},{"@type":"WebSite","@id":"https:\/\/oceancamper.com\/da\/#website","url":"https:\/\/oceancamper.com\/da\/","name":"Ocean Camper","alternateName":"Ocean Camper Portugal","description":"Campervan Rental in Faro, Portugal","inLanguage":"da-DK","publisher":{"@id":"https:\/\/oceancamper.com\/da\/#organization"}}]},"og:locale":"da_DK","og:site_name":"Ocean Camper - Campervan Rental in Faro, Portugal","og:type":"article","og:title":"Campervans i Portugal: V\u00e6lg og book din oplevelse!","og:description":"Sammenlign vores fem mini-Campervans, se pr\u00e6cis, hvad der er inkluderet, og hvad det faktisk koster at leje en Campervan i Portugal. Fra 39 EUR pr. nat, minimum to n\u00e6tter.","og:url":"https:\/\/oceancamper.com\/da\/autocampere\/","og:image":"https:\/\/oceancamper.com\/wp-content\/uploads\/2022\/01\/Asset-5.png","og:image:secure_url":"https:\/\/oceancamper.com\/wp-content\/uploads\/2022\/01\/Asset-5.png","og:image:width":662,"og:image:height":291,"article:published_time":"2022-01-19T16:53:47+00:00","article:modified_time":"2026-09-04T10:01:42+00:00","article:publisher":"https:\/\/www.facebook.com\/oceancamper\/","twitter:card":"summary","twitter:site":"@Ocean_Camper","twitter:title":"Campervans i Portugal: V\u00e6lg og book din oplevelse!","twitter:description":"Sammenlign vores fem mini-Campervans, se pr\u00e6cis, hvad der er inkluderet, og hvad det faktisk koster at leje en Campervan i Portugal. Fra 39 EUR pr. nat, minimum to n\u00e6tter.","twitter:creator":"@Ocean_Camper","twitter:image":"https:\/\/oceancamper.com\/wp-content\/uploads\/2022\/01\/Asset-5.png"},"aioseo_meta_data":{"post_id":"161910","title":"Campervans i Portugal: V\u00e6lg og book din oplevelse!","description":"Sammenlign vores fem mini-Campervans, se pr\u00e6cis, hvad der er inkluderet, og hvad det faktisk koster at leje en Campervan i Portugal. Fra 39 EUR pr. nat, minimum to n\u00e6tter. ","keywords":null,"keyphrases":{"focus":{"keyphrase":"mini campervan Portugal","score":54,"analysis":{"keyphraseInTitle":{"score":9,"maxScore":9,"error":0},"keyphraseInDescription":{"score":9,"maxScore":9,"error":0},"keyphraseLength":{"score":9,"maxScore":9,"error":0,"length":3},"keyphraseInURL":{"score":1,"maxScore":5,"error":1},"keyphraseInIntroduction":{"score":3,"maxScore":9,"error":1},"keyphraseInSubHeadings":{"score":3,"maxScore":9,"error":1},"keyphraseInImageAlt":{"score":3,"maxScore":9,"error":1},"keywordDensity":{"score":0,"type":"low","maxScore":9,"error":1}}},"additional":[]},"primary_term":null,"canonical_url":null,"og_title":null,"og_description":"Sammenlign vores fem mini-Campervans, se pr\u00e6cis, hvad der er inkluderet, og hvad det faktisk koster at leje en Campervan i Portugal. Fra 39 EUR pr. nat, minimum to n\u00e6tter. ","og_object_type":"default","og_image_type":"default","og_image_url":null,"og_image_width":null,"og_image_height":null,"og_image_custom_url":null,"og_image_custom_fields":null,"og_video":"","og_custom_url":null,"og_article_section":null,"og_article_tags":null,"twitter_use_og":false,"twitter_card":"default","twitter_image_type":"default","twitter_image_url":null,"twitter_image_custom_url":null,"twitter_image_custom_fields":null,"twitter_title":null,"twitter_description":"Sammenlign vores fem mini-Campervans, se pr\u00e6cis, hvad der er inkluderet, og hvad det faktisk koster at leje en Campervan i Portugal. Fra 39 EUR pr. nat, minimum to n\u00e6tter. ","schema":{"blockGraphs":[],"customGraphs":[],"default":{"data":{"Article":[],"Course":[],"Dataset":[],"FAQPage":[],"Movie":[],"Person":[],"Product":[],"ProductReview":[],"Car":[],"Recipe":[],"Service":[],"SoftwareApplication":[],"WebPage":{"id":"aioseo-web-page-6394f62b1a60a","slug":"web-page","graphName":"WebPage","label":"Web Page","properties":{"type":"WebPage","name":"","description":""}}},"graphName":"WebPage","isEnabled":true},"graphs":[]},"schema_type":"default","schema_type_options":"{\"article\":{\"articleType\":\"BlogPosting\"},\"course\":{\"name\":\"\",\"description\":\"\",\"provider\":\"\"},\"faq\":{\"pages\":[]},\"product\":{\"reviews\":[]},\"recipe\":{\"ingredients\":[],\"instructions\":[],\"keywords\":[]},\"software\":{\"reviews\":[],\"operatingSystems\":[]},\"webPage\":{\"webPageType\":\"WebPage\"}}","pillar_content":false,"robots_default":true,"robots_noindex":false,"robots_noarchive":false,"robots_nosnippet":false,"robots_nofollow":false,"robots_noimageindex":false,"robots_noodp":false,"robots_notranslate":false,"robots_max_snippet":"-1","robots_max_videopreview":"-1","robots_max_imagepreview":"large","priority":null,"frequency":"default","local_seo":null,"seo_analyzer_scan_date":null,"breadcrumb_settings":null,"limit_modified_date":false,"open_ai":"{\"title\":{\"suggestions\":[],\"usage\":0},\"description\":{\"suggestions\":[],\"usage\":0}}","ai":{"faqs":[],"keyPoints":[],"schemas":[],"titles":[],"descriptions":[],"socialPosts":{"email":[],"linkedin":[],"twitter":[],"facebook":[],"instagram":[]}},"created":"2025-03-14 09:18:52","updated":"2026-09-04 11:19:30"},"aioseo_breadcrumb":"<div class=\"aioseo-breadcrumbs\"><span class=\"aioseo-breadcrumb\">\n\t\t\t<a href=\"https:\/\/oceancamper.com\/da\/\" title=\"Home\">Home<\/a>\n\t\t<\/span><span class=\"aioseo-breadcrumb-separator\">\u00bb<\/span><span class=\"aioseo-breadcrumb\">\n\t\t\tCampervans i Portugal: V\u00e6lg og book din oplevelse!\n\t\t<\/span><\/div>","aioseo_breadcrumb_json":[{"label":"Home","link":"https:\/\/oceancamper.com\/da\/"},{"label":"Campervans i Portugal: V\u00e6lg og book din oplevelse!","link":"https:\/\/oceancamper.com\/da\/autocampere\/"}],"_links":{"self":[{"href":"https:\/\/oceancamper.com\/da\/wp-json\/wp\/v2\/pages\/161910","targetHints":{"allow":["GET"]}}],"collection":[{"href":"https:\/\/oceancamper.com\/da\/wp-json\/wp\/v2\/pages"}],"about":[{"href":"https:\/\/oceancamper.com\/da\/wp-json\/wp\/v2\/types\/page"}],"author":[{"embeddable":true,"href":"https:\/\/oceancamper.com\/da\/wp-json\/wp\/v2\/users\/1"}],"replies":[{"embeddable":true,"href":"https:\/\/oceancamper.com\/da\/wp-json\/wp\/v2\/comments?post=161910"}],"version-history":[{"count":27,"href":"https:\/\/oceancamper.com\/da\/wp-json\/wp\/v2\/pages\/161910\/revisions"}],"predecessor-version":[{"id":276161,"href":"https:\/\/oceancamper.com\/da\/wp-json\/wp\/v2\/pages\/161910\/revisions\/276161"}],"wp:featuredmedia":[{"embeddable":true,"href":"https:\/\/oceancamper.com\/da\/wp-json\/wp\/v2\/media\/163167"}],"wp:attachment":[{"href":"https:\/\/oceancamper.com\/da\/wp-json\/wp\/v2\/media?parent=161910"}],"curies":[{"name":"wp","href":"https:\/\/api.w.org\/{rel}","templated":true}]}}