{"id":161686,"date":"2022-01-26T18:39:36","date_gmt":"2022-01-26T18:39:36","guid":{"rendered":"https:\/\/oceancamper.com\/hjemmeside\/"},"modified":"2026-09-05T20:12:13","modified_gmt":"2026-09-05T20:12:13","slug":"hjemmeside","status":"publish","type":"page","link":"https:\/\/oceancamper.com\/da\/","title":{"rendered":"Leje campervan i Portugal. Din nemme roadtrip starter her!"},"content":{"rendered":"\t\t<div data-elementor-type=\"wp-page\" data-elementor-id=\"161686\" class=\"elementor elementor-161686 elementor-254\" data-elementor-post-type=\"page\">\n\t\t\t\t\t\t<section class=\"elementor-section elementor-top-section elementor-element elementor-element-43744e6 elementor-section-height-min-height elementor-section-stretched elementor-section-content-middle elementor-section-boxed elementor-section-height-default elementor-section-items-middle\" data-id=\"43744e6\" data-element_type=\"section\" data-e-type=\"section\" data-settings=\"{&quot;stretch_section&quot;:&quot;section-stretched&quot;,&quot;background_background&quot;:&quot;classic&quot;}\">\n\t\t\t\t\t\t\t<div class=\"elementor-background-overlay\"><\/div>\n\t\t\t\t\t\t\t<div class=\"elementor-container elementor-column-gap-default\">\n\t\t\t\t\t<div class=\"elementor-column elementor-col-100 elementor-top-column elementor-element elementor-element-401862b\" data-id=\"401862b\" data-element_type=\"column\" data-e-type=\"column\">\n\t\t\t<div class=\"elementor-widget-wrap elementor-element-populated\">\n\t\t\t\t\t\t<div class=\"elementor-element elementor-element-351ff86 elementor-widget elementor-widget-heading\" data-id=\"351ff86\" data-element_type=\"widget\" data-e-type=\"widget\" data-widget_type=\"heading.default\">\n\t\t\t\t<div class=\"elementor-widget-container\">\n\t\t\t\t\t<h1 class=\"elementor-heading-title elementor-size-default\">Leje campervan i Portugal<\/h1>\t\t\t\t<\/div>\n\t\t\t\t<\/div>\n\t\t\t\t<div class=\"elementor-element elementor-element-acb681f elementor-widget elementor-widget-heading\" data-id=\"acb681f\" data-element_type=\"widget\" data-e-type=\"widget\" data-widget_type=\"heading.default\">\n\t\t\t\t<div class=\"elementor-widget-container\">\n\t\t\t\t\t<div class=\"elementor-heading-title elementor-size-default\">Din afslappede biltur starter her<\/div>\t\t\t\t<\/div>\n\t\t\t\t<\/div>\n\t\t\t\t<div class=\"elementor-element elementor-element-ca7f7b0 elementor-widget elementor-widget-text-editor\" data-id=\"ca7f7b0\" data-element_type=\"widget\" data-e-type=\"widget\" data-widget_type=\"text-editor.default\">\n\t\t\t\t<div class=\"elementor-widget-container\">\n\t\t\t\t\t\t\t\t\t<p>Fuldt udstyrede Campervans, der er sm\u00e5 nok til at kunne parkeres hvor som helst. Afhentning i Faro eller Lissabon \u2013 derefter kan du k\u00f8re, hvorhen du vil. <\/p>\t\t\t\t\t\t\t\t<\/div>\n\t\t\t\t<\/div>\n\t\t\t\t<div class=\"elementor-element elementor-element-8835c7a elementor-align-center elementor-tablet-align-center elementor-mobile-align-center elementor-widget elementor-widget-button\" data-id=\"8835c7a\" data-element_type=\"widget\" data-e-type=\"widget\" data-widget_type=\"button.default\">\n\t\t\t\t<div class=\"elementor-widget-container\">\n\t\t\t\t\t\t\t\t\t<div class=\"elementor-button-wrapper\">\n\t\t\t\t\t<a class=\"elementor-button elementor-button-link elementor-size-sm elementor-animation-pop\" href=\"https:\/\/oceancamper.com\/da\/reservationer\/\">\n\t\t\t\t\t\t<span class=\"elementor-button-content-wrapper\">\n\t\t\t\t\t\t\t\t\t<span class=\"elementor-button-text\">Tjek tilg\u00e6ngelighed<\/span>\n\t\t\t\t\t<\/span>\n\t\t\t\t\t<\/a>\n\t\t\t\t<\/div>\n\t\t\t\t\t\t\t\t<\/div>\n\t\t\t\t<\/div>\n\t\t\t\t\t<\/div>\n\t\t<\/div>\n\t\t\t\t\t<\/div>\n\t\t<\/section>\n\t\t\t\t<section class=\"elementor-section elementor-top-section elementor-element elementor-element-0c6db41 elementor-section-stretched elementor-section-boxed elementor-section-height-default elementor-section-height-default\" data-id=\"0c6db41\" data-element_type=\"section\" data-e-type=\"section\" data-settings=\"{&quot;stretch_section&quot;:&quot;section-stretched&quot;,&quot;background_background&quot;:&quot;classic&quot;}\">\n\t\t\t\t\t\t<div class=\"elementor-container elementor-column-gap-default\">\n\t\t\t\t\t<div class=\"elementor-column elementor-col-100 elementor-top-column elementor-element elementor-element-6c5b91c\" data-id=\"6c5b91c\" data-element_type=\"column\" data-e-type=\"column\">\n\t\t\t<div class=\"elementor-widget-wrap elementor-element-populated\">\n\t\t\t\t\t\t<section class=\"elementor-section elementor-inner-section elementor-element elementor-element-60ce5db elementor-section-boxed elementor-section-height-default elementor-section-height-default\" data-id=\"60ce5db\" data-element_type=\"section\" data-e-type=\"section\" data-settings=\"{&quot;background_background&quot;:&quot;classic&quot;}\">\n\t\t\t\t\t\t<div class=\"elementor-container elementor-column-gap-default\">\n\t\t\t\t\t<div class=\"elementor-column elementor-col-100 elementor-inner-column elementor-element elementor-element-22c809c\" data-id=\"22c809c\" data-element_type=\"column\" data-e-type=\"column\">\n\t\t\t<div class=\"elementor-widget-wrap\">\n\t\t\t\t\t\t\t<\/div>\n\t\t<\/div>\n\t\t\t\t\t<\/div>\n\t\t<\/section>\n\t\t\t\t<section class=\"elementor-section elementor-inner-section elementor-element elementor-element-87c2759 elementor-section-boxed elementor-section-height-default elementor-section-height-default\" data-id=\"87c2759\" data-element_type=\"section\" data-e-type=\"section\" data-settings=\"{&quot;background_background&quot;:&quot;classic&quot;}\">\n\t\t\t\t\t\t<div class=\"elementor-container elementor-column-gap-default\">\n\t\t\t\t\t<div class=\"elementor-column elementor-col-25 elementor-inner-column elementor-element elementor-element-42ac677\" data-id=\"42ac677\" data-element_type=\"column\" data-e-type=\"column\">\n\t\t\t<div class=\"elementor-widget-wrap elementor-element-populated\">\n\t\t\t\t\t\t<div class=\"elementor-element elementor-element-02b6ff8 elementor-position-left elementor-position-top elementor-vertical-align-top elementor-widget elementor-widget-image-box\" data-id=\"02b6ff8\" data-element_type=\"widget\" data-e-type=\"widget\" data-widget_type=\"image-box.default\">\n\t\t\t\t<div class=\"elementor-widget-container\">\n\t\t\t\t\t<div class=\"elementor-image-box-wrapper\"><figure class=\"elementor-image-box-img\"><img decoding=\"async\" src=\"https:\/\/oceancamper.com\/wp-content\/uploads\/elementor\/thumbs\/reviews-icon-q88hrpls6j9vaqk9ywkxt4iebsu8err77cpcrowoaq.png\" title=\"anmeldelser-ikon\" alt=\"Stjerneikonet i Google-anmeldelser\" class=\"elementor-animation-pop\" loading=\"lazy\" \/><\/figure><div class=\"elementor-image-box-content\"><h3 class=\"elementor-image-box-title\">5.0\u2605 Google-vurdering<\/h3><p class=\"elementor-image-box-description\">Over 450 anmeldelser<\/p><\/div><\/div>\t\t\t\t<\/div>\n\t\t\t\t<\/div>\n\t\t\t\t\t<\/div>\n\t\t<\/div>\n\t\t\t\t<div class=\"elementor-column elementor-col-25 elementor-inner-column elementor-element elementor-element-11af6aa\" data-id=\"11af6aa\" data-element_type=\"column\" data-e-type=\"column\">\n\t\t\t<div class=\"elementor-widget-wrap elementor-element-populated\">\n\t\t\t\t\t\t<div class=\"elementor-element elementor-element-accb857 elementor-position-left elementor-position-top elementor-vertical-align-top elementor-widget elementor-widget-image-box\" data-id=\"accb857\" data-element_type=\"widget\" data-e-type=\"widget\" data-widget_type=\"image-box.default\">\n\t\t\t\t<div class=\"elementor-widget-container\">\n\t\t\t\t\t<div class=\"elementor-image-box-wrapper\"><figure class=\"elementor-image-box-img\"><img decoding=\"async\" src=\"https:\/\/oceancamper.com\/wp-content\/uploads\/elementor\/thumbs\/fully-equiped-icon-q88hronxzp8kz4ln4e6b8mqxqeyv72ngv81vaey2gy.png\" title=\"fuldt udstyret-ikon\" alt=\"Ikon for senget\u00f8j og k\u00f8kkenudstyr\" class=\"elementor-animation-pop\" loading=\"lazy\" \/><\/figure><div class=\"elementor-image-box-content\"><h3 class=\"elementor-image-box-title\">Fuldt udstyret<\/h3><p class=\"elementor-image-box-description\">Inkl. senget\u00f8jss\u00e6t og meget mere <\/p><\/div><\/div>\t\t\t\t<\/div>\n\t\t\t\t<\/div>\n\t\t\t\t\t<\/div>\n\t\t<\/div>\n\t\t\t\t<div class=\"elementor-column elementor-col-25 elementor-inner-column elementor-element elementor-element-3d859b0\" data-id=\"3d859b0\" data-element_type=\"column\" data-e-type=\"column\">\n\t\t\t<div class=\"elementor-widget-wrap elementor-element-populated\">\n\t\t\t\t\t\t<div class=\"elementor-element elementor-element-401763a elementor-position-left elementor-position-top elementor-vertical-align-top elementor-widget elementor-widget-image-box\" data-id=\"401763a\" data-element_type=\"widget\" data-e-type=\"widget\" data-widget_type=\"image-box.default\">\n\t\t\t\t<div class=\"elementor-widget-container\">\n\t\t\t\t\t<div class=\"elementor-image-box-wrapper\"><figure class=\"elementor-image-box-img\"><img decoding=\"async\" src=\"https:\/\/oceancamper.com\/wp-content\/uploads\/elementor\/thumbs\/low-fare-icon-qlky5pke0zk70fncifrdjipw4fo68ehmdpbqxtw5xe.png\" title=\"Lavpris-ikon\" alt=\"Ikon for sparegris\" class=\"elementor-animation-pop\" loading=\"lazy\" \/><\/figure><div class=\"elementor-image-box-content\"><h3 class=\"elementor-image-box-title\">Fra to overnatninger<\/h3><p class=\"elementor-image-box-description\">Weekendture er velkomne<\/p><\/div><\/div>\t\t\t\t<\/div>\n\t\t\t\t<\/div>\n\t\t\t\t\t<\/div>\n\t\t<\/div>\n\t\t\t\t<div class=\"elementor-column elementor-col-25 elementor-inner-column elementor-element elementor-element-a0152bb\" data-id=\"a0152bb\" data-element_type=\"column\" data-e-type=\"column\">\n\t\t\t<div class=\"elementor-widget-wrap elementor-element-populated\">\n\t\t\t\t\t\t<div class=\"elementor-element elementor-element-0dbf49d elementor-position-left elementor-position-top elementor-vertical-align-top elementor-widget elementor-widget-image-box\" data-id=\"0dbf49d\" data-element_type=\"widget\" data-e-type=\"widget\" data-widget_type=\"image-box.default\">\n\t\t\t\t<div class=\"elementor-widget-container\">\n\t\t\t\t\t<div class=\"elementor-image-box-wrapper\"><figure class=\"elementor-image-box-img\"><img decoding=\"async\" src=\"https:\/\/oceancamper.com\/wp-content\/uploads\/elementor\/thumbs\/Iconspace_Family-car-1-r357ssz2tyizh7p0iul3jyrhvv94cvhu1nvk8917uq.png\" title=\"Campervan, der er nem at k\u00f8re | Ocean Camper\" alt=\"Ikon for lille varevogn\" class=\"elementor-animation-pop\" loading=\"lazy\" \/><\/figure><div class=\"elementor-image-box-content\"><h3 class=\"elementor-image-box-title\">Let at k\u00f8re<\/h3><p class=\"elementor-image-box-description\">Kompakt og nem at parkere.<\/p><\/div><\/div>\t\t\t\t<\/div>\n\t\t\t\t<\/div>\n\t\t\t\t\t<\/div>\n\t\t<\/div>\n\t\t\t\t\t<\/div>\n\t\t<\/section>\n\t\t\t\t\t<\/div>\n\t\t<\/div>\n\t\t\t\t\t<\/div>\n\t\t<\/section>\n\t\t\t\t<section class=\"elementor-section elementor-top-section elementor-element elementor-element-41e17df elementor-section-stretched elementor-section-boxed elementor-section-height-default elementor-section-height-default\" data-id=\"41e17df\" data-element_type=\"section\" data-e-type=\"section\" data-settings=\"{&quot;stretch_section&quot;:&quot;section-stretched&quot;,&quot;background_background&quot;:&quot;classic&quot;}\">\n\t\t\t\t\t\t<div class=\"elementor-container elementor-column-gap-default\">\n\t\t\t\t\t<div class=\"elementor-column elementor-col-100 elementor-top-column elementor-element elementor-element-50d8890\" data-id=\"50d8890\" data-element_type=\"column\" data-e-type=\"column\">\n\t\t\t<div class=\"elementor-widget-wrap elementor-element-populated\">\n\t\t\t\t\t\t<section class=\"elementor-section elementor-inner-section elementor-element elementor-element-7c0966d elementor-section-boxed elementor-section-height-default elementor-section-height-default\" data-id=\"7c0966d\" data-element_type=\"section\" data-e-type=\"section\">\n\t\t\t\t\t\t<div class=\"elementor-container elementor-column-gap-default\">\n\t\t\t\t\t<div class=\"elementor-column elementor-col-100 elementor-inner-column elementor-element elementor-element-51ea68f\" data-id=\"51ea68f\" data-element_type=\"column\" data-e-type=\"column\">\n\t\t\t<div class=\"elementor-widget-wrap elementor-element-populated\">\n\t\t\t\t\t\t<div class=\"elementor-element elementor-element-844baf5 elementor-widget elementor-widget-heading\" data-id=\"844baf5\" data-element_type=\"widget\" data-e-type=\"widget\" data-widget_type=\"heading.default\">\n\t\t\t\t<div class=\"elementor-widget-container\">\n\t\t\t\t\t<h2 class=\"elementor-heading-title elementor-size-default\">Hvorfor Portugal er et godt sted at starte<\/h2>\t\t\t\t<\/div>\n\t\t\t\t<\/div>\n\t\t\t\t<div class=\"elementor-element elementor-element-f712a84 elementor-widget elementor-widget-text-editor\" data-id=\"f712a84\" data-element_type=\"widget\" data-e-type=\"widget\" data-widget_type=\"text-editor.default\">\n\t\t\t\t<div class=\"elementor-widget-container\">\n\t\t\t\t\t\t\t\t\t<p>Portugal er n\u00e6sten det perfekte rejsem\u00e5l til sin f\u00f8rste Campervan-tur. Afstandene er korte, s\u00e5 man er sj\u00e6ldent mere end et par timer fra den n\u00e6ste strand. Vejene er gode, campingpladserne koster en br\u00f8kdel af prisen for et hotelv\u00e6relse, og vejret er s\u00e5 mildt, at en januar-morgen ved kysten er virkelig behagelig.  <\/p><p>Vores varevogne er bevidst sm\u00e5. De k\u00f8rer som en almindelig bil, kan parkere p\u00e5 en almindelig parkeringsplads og passer under de to meter h\u00f8je bomme, der holder st\u00f8rre autocampere v\u00e6k fra de bedste parkeringspladser ved kysten. Du kan k\u00f8re ned ad den smalle vej til stranden, som en seks meter lang autocamper er n\u00f8dt til at bakke ud af.  <\/p>\t\t\t\t\t\t\t\t<\/div>\n\t\t\t\t<\/div>\n\t\t\t\t\t<\/div>\n\t\t<\/div>\n\t\t\t\t\t<\/div>\n\t\t<\/section>\n\t\t\t\t<section class=\"elementor-section elementor-inner-section elementor-element elementor-element-1cb278d elementor-section-boxed elementor-section-height-default elementor-section-height-default elementor-invisible\" data-id=\"1cb278d\" data-element_type=\"section\" data-e-type=\"section\" data-settings=\"{&quot;animation&quot;:&quot;fadeInUp&quot;}\">\n\t\t\t\t\t\t<div class=\"elementor-container elementor-column-gap-default\">\n\t\t\t\t\t<div class=\"elementor-column elementor-col-33 elementor-inner-column elementor-element elementor-element-dbf27a6\" data-id=\"dbf27a6\" data-element_type=\"column\" data-e-type=\"column\" data-settings=\"{&quot;background_background&quot;:&quot;classic&quot;}\">\n\t\t\t<div class=\"elementor-widget-wrap elementor-element-populated\">\n\t\t\t\t\t<div class=\"elementor-background-overlay\"><\/div>\n\t\t\t\t\t\t<div class=\"elementor-element elementor-element-f914ff6 elementor-widget__width-initial elementor-widget elementor-widget-image\" data-id=\"f914ff6\" data-element_type=\"widget\" data-e-type=\"widget\" data-widget_type=\"image.default\">\n\t\t\t\t<div class=\"elementor-widget-container\">\n\t\t\t\t\t\t\t\t\t\t\t\t\t\t\t<img decoding=\"async\" width=\"300\" height=\"102\" src=\"https:\/\/oceancamper.com\/wp-content\/uploads\/2025\/01\/Google_2015_logo.svg_-300x102.png\" class=\"attachment-medium size-medium wp-image-212381\" alt=\"Google-anmeldelser af Ocean Camper\" srcset=\"https:\/\/oceancamper.com\/wp-content\/uploads\/2025\/01\/Google_2015_logo.svg_-300x102.png 300w, https:\/\/oceancamper.com\/wp-content\/uploads\/2025\/01\/Google_2015_logo.svg_-768x260.png 768w, https:\/\/oceancamper.com\/wp-content\/uploads\/2025\/01\/Google_2015_logo.svg_-240x81.png 240w, https:\/\/oceancamper.com\/wp-content\/uploads\/2025\/01\/Google_2015_logo.svg_.png 800w\" sizes=\"(max-width: 300px) 100vw, 300px\" \/>\t\t\t\t\t\t\t\t\t\t\t\t\t\t\t<\/div>\n\t\t\t\t<\/div>\n\t\t\t\t<div class=\"elementor-element elementor-element-289824c elementor-widget__width-initial elementor-widget elementor-widget-text-editor\" data-id=\"289824c\" data-element_type=\"widget\" data-e-type=\"widget\" data-widget_type=\"text-editor.default\">\n\t\t\t\t<div class=\"elementor-widget-container\">\n\t\t\t\t\t\t\t\t\t<p><span style=\"font-size: 1rem;\"><strong>H\u00f8jeste bed\u00f8mmelse p\u00e5 Google,<\/strong> en gennemsnitsbed\u00f8mmelse p\u00e5 5,0\/5,0 stjerner baseret p\u00e5 mere end 450 anmeldelser.<\/span><\/p>\t\t\t\t\t\t\t\t<\/div>\n\t\t\t\t<\/div>\n\t\t\t\t<div class=\"elementor-element elementor-element-665737a elementor-align-center elementor-widget elementor-widget-button\" data-id=\"665737a\" data-element_type=\"widget\" data-e-type=\"widget\" data-widget_type=\"button.default\">\n\t\t\t\t<div class=\"elementor-widget-container\">\n\t\t\t\t\t\t\t\t\t<div class=\"elementor-button-wrapper\">\n\t\t\t\t\t<a class=\"elementor-button elementor-button-link elementor-size-sm\" href=\"https:\/\/g.co\/kgs\/Rzav59W\" target=\"_blank\">\n\t\t\t\t\t\t<span class=\"elementor-button-content-wrapper\">\n\t\t\t\t\t\t\t\t\t<span class=\"elementor-button-text\">F\u00e5 mere at vide<\/span>\n\t\t\t\t\t<\/span>\n\t\t\t\t\t<\/a>\n\t\t\t\t<\/div>\n\t\t\t\t\t\t\t\t<\/div>\n\t\t\t\t<\/div>\n\t\t\t\t\t<\/div>\n\t\t<\/div>\n\t\t\t\t<div class=\"elementor-column elementor-col-33 elementor-inner-column elementor-element elementor-element-a1b8c26\" data-id=\"a1b8c26\" data-element_type=\"column\" data-e-type=\"column\" data-settings=\"{&quot;background_background&quot;:&quot;classic&quot;}\">\n\t\t\t<div class=\"elementor-widget-wrap elementor-element-populated\">\n\t\t\t\t\t<div class=\"elementor-background-overlay\"><\/div>\n\t\t\t\t\t\t<div class=\"elementor-element elementor-element-756b048 elementor-widget__width-initial elementor-widget elementor-widget-image\" data-id=\"756b048\" data-element_type=\"widget\" data-e-type=\"widget\" data-widget_type=\"image.default\">\n\t\t\t\t<div class=\"elementor-widget-container\">\n\t\t\t\t\t\t\t\t\t\t\t\t\t\t\t<img decoding=\"async\" width=\"300\" height=\"68\" src=\"https:\/\/oceancamper.com\/wp-content\/uploads\/2025\/01\/ug36vrv2jq3odc9hi6ol0tqnyk7x-1-300x68.png\" class=\"attachment-medium size-medium wp-image-212384\" alt=\"Yescapa anmelder Ocean Camper\" srcset=\"https:\/\/oceancamper.com\/wp-content\/uploads\/2025\/01\/ug36vrv2jq3odc9hi6ol0tqnyk7x-1-300x68.png 300w, https:\/\/oceancamper.com\/wp-content\/uploads\/2025\/01\/ug36vrv2jq3odc9hi6ol0tqnyk7x-1-768x175.png 768w, https:\/\/oceancamper.com\/wp-content\/uploads\/2025\/01\/ug36vrv2jq3odc9hi6ol0tqnyk7x-1-240x55.png 240w, https:\/\/oceancamper.com\/wp-content\/uploads\/2025\/01\/ug36vrv2jq3odc9hi6ol0tqnyk7x-1.png 1024w\" sizes=\"(max-width: 300px) 100vw, 300px\" \/>\t\t\t\t\t\t\t\t\t\t\t\t\t\t\t<\/div>\n\t\t\t\t<\/div>\n\t\t\t\t<div class=\"elementor-element elementor-element-bf9c46a elementor-widget__width-initial elementor-widget elementor-widget-text-editor\" data-id=\"bf9c46a\" data-element_type=\"widget\" data-e-type=\"widget\" data-widget_type=\"text-editor.default\">\n\t\t\t\t<div class=\"elementor-widget-container\">\n\t\t\t\t\t\t\t\t\t<p><span style=\"font-size: 1rem;\"><strong>Yescapa-<\/strong> prisen for \u00bbBedste udlejer\u00ab med en bed\u00f8mmelse p\u00e5 4,9\/5,0 baseret p\u00e5 mere end 50 anmeldelser.<\/span><\/p>\t\t\t\t\t\t\t\t<\/div>\n\t\t\t\t<\/div>\n\t\t\t\t<div class=\"elementor-element elementor-element-fb2b0b2 elementor-align-center elementor-widget elementor-widget-button\" data-id=\"fb2b0b2\" data-element_type=\"widget\" data-e-type=\"widget\" data-widget_type=\"button.default\">\n\t\t\t\t<div class=\"elementor-widget-container\">\n\t\t\t\t\t\t\t\t\t<div class=\"elementor-button-wrapper\">\n\t\t\t\t\t<a class=\"elementor-button elementor-button-link elementor-size-sm\" href=\"https:\/\/www.yescapa.com\/campers\/29929\" target=\"_blank\">\n\t\t\t\t\t\t<span class=\"elementor-button-content-wrapper\">\n\t\t\t\t\t\t\t\t\t<span class=\"elementor-button-text\">F\u00e5 mere at vide<\/span>\n\t\t\t\t\t<\/span>\n\t\t\t\t\t<\/a>\n\t\t\t\t<\/div>\n\t\t\t\t\t\t\t\t<\/div>\n\t\t\t\t<\/div>\n\t\t\t\t\t<\/div>\n\t\t<\/div>\n\t\t\t\t<div class=\"elementor-column elementor-col-33 elementor-inner-column elementor-element elementor-element-79715b8\" data-id=\"79715b8\" data-element_type=\"column\" data-e-type=\"column\" data-settings=\"{&quot;background_background&quot;:&quot;classic&quot;}\">\n\t\t\t<div class=\"elementor-widget-wrap elementor-element-populated\">\n\t\t\t\t\t<div class=\"elementor-background-overlay\"><\/div>\n\t\t\t\t\t\t<div class=\"elementor-element elementor-element-70a8c6f elementor-widget__width-initial elementor-widget elementor-widget-image\" data-id=\"70a8c6f\" data-element_type=\"widget\" data-e-type=\"widget\" data-widget_type=\"image.default\">\n\t\t\t\t<div class=\"elementor-widget-container\">\n\t\t\t\t\t\t\t\t\t\t\t\t\t\t\t<img decoding=\"async\" width=\"300\" height=\"94\" src=\"https:\/\/oceancamper.com\/wp-content\/uploads\/2025\/01\/Airbnb_Logo_Belo.svg_-300x94.png\" class=\"attachment-medium size-medium wp-image-212383\" alt=\"Airbnb-anmeldelser af Ocean Camper\" srcset=\"https:\/\/oceancamper.com\/wp-content\/uploads\/2025\/01\/Airbnb_Logo_Belo.svg_-300x94.png 300w, https:\/\/oceancamper.com\/wp-content\/uploads\/2025\/01\/Airbnb_Logo_Belo.svg_-1024x320.png 1024w, https:\/\/oceancamper.com\/wp-content\/uploads\/2025\/01\/Airbnb_Logo_Belo.svg_-768x240.png 768w, https:\/\/oceancamper.com\/wp-content\/uploads\/2025\/01\/Airbnb_Logo_Belo.svg_-240x75.png 240w, https:\/\/oceancamper.com\/wp-content\/uploads\/2025\/01\/Airbnb_Logo_Belo.svg_.png 1280w\" sizes=\"(max-width: 300px) 100vw, 300px\" \/>\t\t\t\t\t\t\t\t\t\t\t\t\t\t\t<\/div>\n\t\t\t\t<\/div>\n\t\t\t\t<div class=\"elementor-element elementor-element-5826fae elementor-widget__width-initial elementor-widget elementor-widget-text-editor\" data-id=\"5826fae\" data-element_type=\"widget\" data-e-type=\"widget\" data-widget_type=\"text-editor.default\">\n\t\t\t\t<div class=\"elementor-widget-container\">\n\t\t\t\t\t\t\t\t\t<p><span style=\"font-size: 1rem;\"><strong>Airbnb-<\/strong> udm\u00e6rkelsen \u00bbSuperhost-status\u00ab siden 2018, en bed\u00f8mmelse p\u00e5 4,9\/5,0 stjerner baseret p\u00e5 over 700 anmeldelser.<\/span><\/p>\t\t\t\t\t\t\t\t<\/div>\n\t\t\t\t<\/div>\n\t\t\t\t<div class=\"elementor-element elementor-element-cae6375 elementor-align-center elementor-widget elementor-widget-button\" data-id=\"cae6375\" data-element_type=\"widget\" data-e-type=\"widget\" data-widget_type=\"button.default\">\n\t\t\t\t<div class=\"elementor-widget-container\">\n\t\t\t\t\t\t\t\t\t<div class=\"elementor-button-wrapper\">\n\t\t\t\t\t<a class=\"elementor-button elementor-button-link elementor-size-sm\" href=\"https:\/\/www.airbnb.com\/users\/show\/147121665\" target=\"_blank\">\n\t\t\t\t\t\t<span class=\"elementor-button-content-wrapper\">\n\t\t\t\t\t\t\t\t\t<span class=\"elementor-button-text\">F\u00e5 mere at vide<\/span>\n\t\t\t\t\t<\/span>\n\t\t\t\t\t<\/a>\n\t\t\t\t<\/div>\n\t\t\t\t\t\t\t\t<\/div>\n\t\t\t\t<\/div>\n\t\t\t\t\t<\/div>\n\t\t<\/div>\n\t\t\t\t\t<\/div>\n\t\t<\/section>\n\t\t\t\t\t<\/div>\n\t\t<\/div>\n\t\t\t\t\t<\/div>\n\t\t<\/section>\n\t\t\t\t<section class=\"elementor-section elementor-top-section elementor-element elementor-element-5d672c9 elementor-section-stretched elementor-section-boxed elementor-section-height-default elementor-section-height-default\" data-id=\"5d672c9\" data-element_type=\"section\" data-e-type=\"section\" data-settings=\"{&quot;stretch_section&quot;:&quot;section-stretched&quot;,&quot;background_background&quot;:&quot;classic&quot;}\">\n\t\t\t\t\t\t<div class=\"elementor-container elementor-column-gap-default\">\n\t\t\t\t\t<div class=\"elementor-column elementor-col-100 elementor-top-column elementor-element elementor-element-a76389e\" data-id=\"a76389e\" data-element_type=\"column\" data-e-type=\"column\">\n\t\t\t<div class=\"elementor-widget-wrap elementor-element-populated\">\n\t\t\t\t\t\t<section class=\"elementor-section elementor-inner-section elementor-element elementor-element-b147369 elementor-section-boxed elementor-section-height-default elementor-section-height-default\" data-id=\"b147369\" data-element_type=\"section\" data-e-type=\"section\">\n\t\t\t\t\t\t<div class=\"elementor-container elementor-column-gap-default\">\n\t\t\t\t\t<div class=\"elementor-column elementor-col-50 elementor-inner-column elementor-element elementor-element-22346e6 elementor-invisible\" data-id=\"22346e6\" data-element_type=\"column\" data-e-type=\"column\" data-settings=\"{&quot;background_background&quot;:&quot;classic&quot;,&quot;animation&quot;:&quot;fadeIn&quot;}\">\n\t\t\t<div class=\"elementor-widget-wrap elementor-element-populated\">\n\t\t\t\t\t<div class=\"elementor-background-overlay\"><\/div>\n\t\t\t\t\t\t<div class=\"elementor-element elementor-element-509f3b8 elementor-widget elementor-widget-heading\" data-id=\"509f3b8\" data-element_type=\"widget\" data-e-type=\"widget\" data-widget_type=\"heading.default\">\n\t\t\t\t<div class=\"elementor-widget-container\">\n\t\t\t\t\t<h2 class=\"elementor-heading-title elementor-size-default\">Hvorfor folk booker hos os<\/h2>\t\t\t\t<\/div>\n\t\t\t\t<\/div>\n\t\t\t\t<div class=\"elementor-element elementor-element-2777d0a elementor-widget__width-initial elementor-widget elementor-widget-text-editor\" data-id=\"2777d0a\" data-element_type=\"widget\" data-e-type=\"widget\" data-widget_type=\"text-editor.default\">\n\t\t\t\t<div class=\"elementor-widget-container\">\n\t\t\t\t\t\t\t\t\t<p>Vi har specialiseret os i sm\u00e5 Campervans: de er nemme at k\u00f8re, nemme at parkere og billige i drift. Hvis du har brug for plads til tre personer, byder Bohemian p\u00e5 en st\u00f8rre seng og mere plads. Uanset hvad er alt, hvad du har brug for, allerede i Campervansen.  <\/p>\t\t\t\t\t\t\t\t<\/div>\n\t\t\t\t<\/div>\n\t\t\t\t<div class=\"elementor-element elementor-element-2ca86a2 elementor-view-framed elementor-position-inline-start keep-icon-box-left elementor-mobile-position-inline-start elementor-shape-circle elementor-widget elementor-widget-icon-box\" data-id=\"2ca86a2\" data-element_type=\"widget\" data-e-type=\"widget\" data-widget_type=\"icon-box.default\">\n\t\t\t\t<div class=\"elementor-widget-container\">\n\t\t\t\t\t\t\t<div class=\"elementor-icon-box-wrapper\">\n\n\t\t\t\t\t\t<div class=\"elementor-icon-box-icon\">\n\t\t\t\t<span  class=\"elementor-icon elementor-animation-pop\">\n\t\t\t\t<i aria-hidden=\"true\" class=\"fas fa-check\"><\/i>\t\t\t\t<\/span>\n\t\t\t<\/div>\n\t\t\t\n\t\t\t\t\t\t<div class=\"elementor-icon-box-content\">\n\n\t\t\t\t\t\t\t\t\t<h3 class=\"elementor-icon-box-title\">\n\t\t\t\t\t\t<span  >\n\t\t\t\t\t\t\tBillig udlejning af autocampere\t\t\t\t\t\t<\/span>\n\t\t\t\t\t<\/h3>\n\t\t\t\t\n\t\t\t\t\n\t\t\t<\/div>\n\t\t\t\n\t\t<\/div>\n\t\t\t\t\t\t<\/div>\n\t\t\t\t<\/div>\n\t\t\t\t<div class=\"elementor-element elementor-element-0f929b1 elementor-widget elementor-widget-text-editor\" data-id=\"0f929b1\" data-element_type=\"widget\" data-e-type=\"widget\" data-widget_type=\"text-editor.default\">\n\t\t\t\t<div class=\"elementor-widget-container\">\n\t\t\t\t\t\t\t\t\t<p>Gennemsigtig priss\u00e6tning uden skjulte gebyrer.<\/p>\t\t\t\t\t\t\t\t<\/div>\n\t\t\t\t<\/div>\n\t\t\t\t<div class=\"elementor-element elementor-element-7365c9c elementor-view-framed elementor-position-inline-start keep-icon-box-left elementor-mobile-position-inline-start elementor-shape-circle elementor-widget elementor-widget-icon-box\" data-id=\"7365c9c\" data-element_type=\"widget\" data-e-type=\"widget\" data-widget_type=\"icon-box.default\">\n\t\t\t\t<div class=\"elementor-widget-container\">\n\t\t\t\t\t\t\t<div class=\"elementor-icon-box-wrapper\">\n\n\t\t\t\t\t\t<div class=\"elementor-icon-box-icon\">\n\t\t\t\t<span  class=\"elementor-icon elementor-animation-pop\">\n\t\t\t\t<i aria-hidden=\"true\" class=\"fas fa-check\"><\/i>\t\t\t\t<\/span>\n\t\t\t<\/div>\n\t\t\t\n\t\t\t\t\t\t<div class=\"elementor-icon-box-content\">\n\n\t\t\t\t\t\t\t\t\t<h3 class=\"elementor-icon-box-title\">\n\t\t\t\t\t\t<span  >\n\t\t\t\t\t\t\tSmart design\t\t\t\t\t\t<\/span>\n\t\t\t\t\t<\/h3>\n\t\t\t\t\n\t\t\t\t\n\t\t\t<\/div>\n\t\t\t\n\t\t<\/div>\n\t\t\t\t\t\t<\/div>\n\t\t\t\t<\/div>\n\t\t\t\t<div class=\"elementor-element elementor-element-ed6c992 elementor-widget elementor-widget-text-editor\" data-id=\"ed6c992\" data-element_type=\"widget\" data-e-type=\"widget\" data-widget_type=\"text-editor.default\">\n\t\t\t\t<div class=\"elementor-widget-container\">\n\t\t\t\t\t\t\t\t\tKompakte varevogne, der er nemme at parkere og fuldt udstyrede.\t\t\t\t\t\t\t\t<\/div>\n\t\t\t\t<\/div>\n\t\t\t\t<div class=\"elementor-element elementor-element-cbe8d8a elementor-view-framed elementor-position-inline-start keep-icon-box-left elementor-mobile-position-inline-start elementor-shape-circle elementor-widget elementor-widget-icon-box\" data-id=\"cbe8d8a\" data-element_type=\"widget\" data-e-type=\"widget\" data-widget_type=\"icon-box.default\">\n\t\t\t\t<div class=\"elementor-widget-container\">\n\t\t\t\t\t\t\t<div class=\"elementor-icon-box-wrapper\">\n\n\t\t\t\t\t\t<div class=\"elementor-icon-box-icon\">\n\t\t\t\t<span  class=\"elementor-icon elementor-animation-pop\">\n\t\t\t\t<i aria-hidden=\"true\" class=\"fas fa-check\"><\/i>\t\t\t\t<\/span>\n\t\t\t<\/div>\n\t\t\t\n\t\t\t\t\t\t<div class=\"elementor-icon-box-content\">\n\n\t\t\t\t\t\t\t\t\t<h3 class=\"elementor-icon-box-title\">\n\t\t\t\t\t\t<span  >\n\t\t\t\t\t\t\tLokationer i Faro og Lissabon\t\t\t\t\t\t<\/span>\n\t\t\t\t\t<\/h3>\n\t\t\t\t\n\t\t\t\t\n\t\t\t<\/div>\n\t\t\t\n\t\t<\/div>\n\t\t\t\t\t\t<\/div>\n\t\t\t\t<\/div>\n\t\t\t\t<div class=\"elementor-element elementor-element-a5e8850 elementor-widget elementor-widget-text-editor\" data-id=\"a5e8850\" data-element_type=\"widget\" data-e-type=\"widget\" data-widget_type=\"text-editor.default\">\n\t\t\t\t<div class=\"elementor-widget-container\">\n\t\t\t\t\t\t\t\t\t<p>Afhentning og aflevering tilg\u00e6ngelig i Faro n\u00e6r lufthavnen og Lissabon-Montijo.<\/p>\t\t\t\t\t\t\t\t<\/div>\n\t\t\t\t<\/div>\n\t\t\t\t<div class=\"elementor-element elementor-element-97ddf21 elementor-view-framed elementor-position-inline-start keep-icon-box-left elementor-mobile-position-inline-start elementor-shape-circle elementor-widget elementor-widget-icon-box\" data-id=\"97ddf21\" data-element_type=\"widget\" data-e-type=\"widget\" data-widget_type=\"icon-box.default\">\n\t\t\t\t<div class=\"elementor-widget-container\">\n\t\t\t\t\t\t\t<div class=\"elementor-icon-box-wrapper\">\n\n\t\t\t\t\t\t<div class=\"elementor-icon-box-icon\">\n\t\t\t\t<span  class=\"elementor-icon elementor-animation-pop\">\n\t\t\t\t<i aria-hidden=\"true\" class=\"fas fa-check\"><\/i>\t\t\t\t<\/span>\n\t\t\t<\/div>\n\t\t\t\n\t\t\t\t\t\t<div class=\"elementor-icon-box-content\">\n\n\t\t\t\t\t\t\t\t\t<h3 class=\"elementor-icon-box-title\">\n\t\t\t\t\t\t<span  >\n\t\t\t\t\t\t\tCheck-in fra 14:00, check-out indtil 11:00\t\t\t\t\t\t<\/span>\n\t\t\t\t\t<\/h3>\n\t\t\t\t\n\t\t\t\t\n\t\t\t<\/div>\n\t\t\t\n\t\t<\/div>\n\t\t\t\t\t\t<\/div>\n\t\t\t\t<\/div>\n\t\t\t\t<div class=\"elementor-element elementor-element-23eae9d elementor-widget elementor-widget-text-editor\" data-id=\"23eae9d\" data-element_type=\"widget\" data-e-type=\"widget\" data-widget_type=\"text-editor.default\">\n\t\t\t\t<div class=\"elementor-widget-container\">\n\t\t\t\t\t\t\t\t\tFleksibel afhentning og aflevering.\t\t\t\t\t\t\t\t<\/div>\n\t\t\t\t<\/div>\n\t\t\t\t<div class=\"elementor-element elementor-element-2e24ef7 elementor-view-framed elementor-position-inline-start keep-icon-box-left elementor-mobile-position-inline-start elementor-shape-circle elementor-widget elementor-widget-icon-box\" data-id=\"2e24ef7\" data-element_type=\"widget\" data-e-type=\"widget\" data-widget_type=\"icon-box.default\">\n\t\t\t\t<div class=\"elementor-widget-container\">\n\t\t\t\t\t\t\t<div class=\"elementor-icon-box-wrapper\">\n\n\t\t\t\t\t\t<div class=\"elementor-icon-box-icon\">\n\t\t\t\t<span  class=\"elementor-icon elementor-animation-pop\">\n\t\t\t\t<i aria-hidden=\"true\" class=\"fas fa-check\"><\/i>\t\t\t\t<\/span>\n\t\t\t<\/div>\n\t\t\t\n\t\t\t\t\t\t<div class=\"elementor-icon-box-content\">\n\n\t\t\t\t\t\t\t\t\t<h3 class=\"elementor-icon-box-title\">\n\t\t\t\t\t\t<span  >\n\t\t\t\t\t\t\tP\u00e5 farten siden 2017\t\t\t\t\t\t<\/span>\n\t\t\t\t\t<\/h3>\n\t\t\t\t\n\t\t\t\t\n\t\t\t<\/div>\n\t\t\t\n\t\t<\/div>\n\t\t\t\t\t\t<\/div>\n\t\t\t\t<\/div>\n\t\t\t\t<div class=\"elementor-element elementor-element-ad3596d elementor-widget elementor-widget-text-editor\" data-id=\"ad3596d\" data-element_type=\"widget\" data-e-type=\"widget\" data-widget_type=\"text-editor.default\">\n\t\t\t\t<div class=\"elementor-widget-container\">\n\t\t\t\t\t\t\t\t\tEt venligt team, der er klar til at dele insidertips.\t\t\t\t\t\t\t\t<\/div>\n\t\t\t\t<\/div>\n\t\t\t\t\t<\/div>\n\t\t<\/div>\n\t\t\t\t<div class=\"elementor-column elementor-col-50 elementor-inner-column elementor-element elementor-element-b3990bb\" data-id=\"b3990bb\" data-element_type=\"column\" data-e-type=\"column\">\n\t\t\t<div class=\"elementor-widget-wrap\">\n\t\t\t\t\t\t\t<\/div>\n\t\t<\/div>\n\t\t\t\t\t<\/div>\n\t\t<\/section>\n\t\t\t\t\t<\/div>\n\t\t<\/div>\n\t\t\t\t\t<\/div>\n\t\t<\/section>\n\t\t\t\t<section class=\"elementor-section elementor-top-section elementor-element elementor-element-8411806 elementor-section-boxed elementor-section-height-default elementor-section-height-default\" data-id=\"8411806\" data-element_type=\"section\" data-e-type=\"section\" data-settings=\"{&quot;background_background&quot;:&quot;classic&quot;}\">\n\t\t\t\t\t\t<div class=\"elementor-container elementor-column-gap-extended\">\n\t\t\t\t\t<div class=\"elementor-column elementor-col-100 elementor-top-column elementor-element elementor-element-f7ed545\" data-id=\"f7ed545\" data-element_type=\"column\" data-e-type=\"column\">\n\t\t\t<div class=\"elementor-widget-wrap elementor-element-populated\">\n\t\t\t\t\t\t<div class=\"elementor-element elementor-element-e8fc40b elementor-widget elementor-widget-heading\" data-id=\"e8fc40b\" data-element_type=\"widget\" data-e-type=\"widget\" data-widget_type=\"heading.default\">\n\t\t\t\t<div class=\"elementor-widget-container\">\n\t\t\t\t\t<h2 class=\"elementor-heading-title elementor-size-default\">Tal med en person, ikke med et reservationssystem<\/h2>\t\t\t\t<\/div>\n\t\t\t\t<\/div>\n\t\t\t\t<div class=\"elementor-element elementor-element-cd78619 elementor-widget elementor-widget-text-editor\" data-id=\"cd78619\" data-element_type=\"widget\" data-e-type=\"widget\" data-widget_type=\"text-editor.default\">\n\t\t\t\t<div class=\"elementor-widget-container\">\n\t\t\t\t\t\t\t\t\t<p>Vi er et lille team i Faro, der selv har v\u00e6ret p\u00e5 farten siden 2017. Send os en besked med dine flyvetider, din rute eller alt andet, du er i tvivl om, s\u00e5 svarer en medarbejder \u2013 som regel inden for f\u00e5 minutter. <\/p>\t\t\t\t\t\t\t\t<\/div>\n\t\t\t\t<\/div>\n\t\t\t\t<div class=\"elementor-element elementor-element-2e62650 elementor-align-center elementor-mobile-align-center elementor-widget elementor-widget-button\" data-id=\"2e62650\" data-element_type=\"widget\" data-e-type=\"widget\" data-widget_type=\"button.default\">\n\t\t\t\t<div class=\"elementor-widget-container\">\n\t\t\t\t\t\t\t\t\t<div class=\"elementor-button-wrapper\">\n\t\t\t\t\t<a class=\"elementor-button elementor-button-link elementor-size-sm\" href=\"https:\/\/wa.me\/351920301044?text=Hi%20Ocean%20Camper%2C%20I%20would%20like%20to%20rent%20a%20campervan.\" target=\"_blank\">\n\t\t\t\t\t\t<span class=\"elementor-button-content-wrapper\">\n\t\t\t\t\t\t<span class=\"elementor-button-icon\">\n\t\t\t\t<i aria-hidden=\"true\" class=\"fab fa-whatsapp\"><\/i>\t\t\t<\/span>\n\t\t\t\t\t\t\t\t\t<span class=\"elementor-button-text\">Send os en besked p\u00e5 WhatsApp<\/span>\n\t\t\t\t\t<\/span>\n\t\t\t\t\t<\/a>\n\t\t\t\t<\/div>\n\t\t\t\t\t\t\t\t<\/div>\n\t\t\t\t<\/div>\n\t\t\t\t<div class=\"elementor-element elementor-element-38eeda3 elementor-widget elementor-widget-text-editor\" data-id=\"38eeda3\" data-element_type=\"widget\" data-e-type=\"widget\" data-widget_type=\"text-editor.default\">\n\t\t\t\t<div class=\"elementor-widget-container\">\n\t\t\t\t\t\t\t\t\t<p>Vil du hellere ringe?  <a href=\"tel:+351920301044\">+351 920 301 044<\/a><\/p>\t\t\t\t\t\t\t\t<\/div>\n\t\t\t\t<\/div>\n\t\t\t\t\t<\/div>\n\t\t<\/div>\n\t\t\t\t\t<\/div>\n\t\t<\/section>\n\t\t\t\t<section class=\"elementor-section elementor-inner-section elementor-element elementor-element-60eaba5c elementor-section-boxed elementor-section-height-default elementor-section-height-default elementor-invisible\" data-id=\"60eaba5c\" data-element_type=\"section\" data-e-type=\"section\" data-settings=\"{&quot;animation&quot;:&quot;fadeInUp&quot;}\">\n\t\t\t\t\t\t<div class=\"elementor-container elementor-column-gap-default\">\n\t\t\t\t\t<div class=\"elementor-column elementor-col-100 elementor-inner-column elementor-element elementor-element-370df1c3\" data-id=\"370df1c3\" data-element_type=\"column\" data-e-type=\"column\" data-settings=\"{&quot;background_background&quot;:&quot;classic&quot;}\">\n\t\t\t<div class=\"elementor-widget-wrap elementor-element-populated\">\n\t\t\t\t\t<div class=\"elementor-background-overlay\"><\/div>\n\t\t\t\t\t\t<div class=\"elementor-element elementor-element-1a800b56 elementor-widget elementor-widget-heading\" data-id=\"1a800b56\" data-element_type=\"widget\" data-e-type=\"widget\" data-widget_type=\"heading.default\">\n\t\t\t\t<div class=\"elementor-widget-container\">\n\t\t\t\t\t<h2 class=\"elementor-heading-title elementor-size-default\">Vores campervans<\/h2>\t\t\t\t<\/div>\n\t\t\t\t<\/div>\n\t\t\t\t<div class=\"elementor-element elementor-element-3e5335dd elementor-widget elementor-widget-text-editor\" data-id=\"3e5335dd\" data-element_type=\"widget\" data-e-type=\"widget\" data-widget_type=\"text-editor.default\">\n\t\t\t\t<div class=\"elementor-widget-container\">\n\t\t\t\t\t\t\t\t\t<p>Fem varevogne, alle fuldt udstyrede. Fire med plads til to personer, \u00e9n med plads til tre. Mindste ophold: to n\u00e6tter.  <\/p>\t\t\t\t\t\t\t\t<\/div>\n\t\t\t\t<\/div>\n\t\t\t\t<div class=\"elementor-element elementor-element-86639ec elementor-arrows-position-outside elementor-pagination-type-bullets elementor-pagination-position-outside elementor-widget elementor-widget-n-carousel\" data-id=\"86639ec\" data-element_type=\"widget\" data-e-type=\"widget\" data-settings=\"{&quot;carousel_items&quot;:[{&quot;slide_title&quot;:&quot;Indigo&quot;,&quot;_id&quot;:&quot;c3fdd06&quot;},{&quot;slide_title&quot;:&quot;Bohemian&quot;,&quot;_id&quot;:&quot;cb7cf73&quot;},{&quot;slide_title&quot;:&quot;Vagabond&quot;,&quot;_id&quot;:&quot;1e21016&quot;},{&quot;slide_title&quot;:&quot;Atlantic&quot;,&quot;_id&quot;:&quot;c73c347&quot;},{&quot;slide_title&quot;:&quot;Indigo&quot;,&quot;_id&quot;:&quot;e5a1b47&quot;}],&quot;image_spacing_custom&quot;:{&quot;unit&quot;:&quot;px&quot;,&quot;size&quot;:20,&quot;sizes&quot;:[]},&quot;slides_to_show&quot;:&quot;3&quot;,&quot;image_spacing_custom_mobile&quot;:{&quot;unit&quot;:&quot;px&quot;,&quot;size&quot;:0,&quot;sizes&quot;:[]},&quot;autoplay_speed&quot;:2500,&quot;slides_to_show_tablet&quot;:&quot;2&quot;,&quot;slides_to_show_mobile&quot;:&quot;1&quot;,&quot;autoplay&quot;:&quot;yes&quot;,&quot;pause_on_interaction&quot;:&quot;yes&quot;,&quot;infinite&quot;:&quot;yes&quot;,&quot;speed&quot;:500,&quot;offset_sides&quot;:&quot;none&quot;,&quot;arrows&quot;:&quot;yes&quot;,&quot;pagination&quot;:&quot;bullets&quot;,&quot;image_spacing_custom_tablet&quot;:{&quot;unit&quot;:&quot;px&quot;,&quot;size&quot;:&quot;&quot;,&quot;sizes&quot;:[]}}\" data-widget_type=\"nested-carousel.default\">\n\t\t\t\t<div class=\"elementor-widget-container\">\n\t\t\t\t\t\t\t<div class=\"e-n-carousel swiper\" role=\"region\" aria-roledescription=\"carousel\" aria-label=\"Carousel\" dir=\"ltr\">\n\t\t\t<div class=\"swiper-wrapper\" aria-live=\"off\">\n\t\t\t\t\t\t\t\t\t\t<div class=\"swiper-slide\" data-slide=\"1\" role=\"group\" aria-roledescription=\"slide\" aria-label=\"1 of 5\">\n\t\t\t\t\t\t\t<div class=\"elementor-element elementor-element-19b0b58 e-flex e-con-boxed e-con e-child\" data-id=\"19b0b58\" data-element_type=\"container\" data-e-type=\"container\">\n\t\t\t\t\t<div class=\"e-con-inner\">\n\t\t<div class=\"elementor-element elementor-element-f781332 e-con-full e-flex e-con e-child\" data-id=\"f781332\" data-element_type=\"container\" data-e-type=\"container\">\n\t\t\t\t<div class=\"elementor-element elementor-element-990ea6d elementor-widget elementor-widget-heading\" data-id=\"990ea6d\" data-element_type=\"widget\" data-e-type=\"widget\" data-widget_type=\"heading.default\">\n\t\t\t\t<div class=\"elementor-widget-container\">\n\t\t\t\t\t<h3 class=\"elementor-heading-title elementor-size-default\">Indigo<\/h3>\t\t\t\t<\/div>\n\t\t\t\t<\/div>\n\t\t\t\t<div class=\"elementor-element elementor-element-1ce9a83 elementor-widget elementor-widget-image\" data-id=\"1ce9a83\" data-element_type=\"widget\" data-e-type=\"widget\" data-widget_type=\"image.default\">\n\t\t\t\t<div class=\"elementor-widget-container\">\n\t\t\t\t\t\t\t\t\t\t\t\t\t\t\t<img loading=\"lazy\" decoding=\"async\" width=\"800\" height=\"450\" src=\"https:\/\/oceancamper.com\/wp-content\/uploads\/2025\/03\/campervans-hire-algarve-portugal-min-1024x576.jpg\" class=\"attachment-large size-large wp-image-163720\" alt=\"Indigo-campervan med \u00e5ben sided\u00f8r, redt seng og synligt k\u00f8kken\" srcset=\"https:\/\/oceancamper.com\/wp-content\/uploads\/2025\/03\/campervans-hire-algarve-portugal-min-1024x576.jpg 1024w, https:\/\/oceancamper.com\/wp-content\/uploads\/2025\/03\/campervans-hire-algarve-portugal-min-300x169.jpg 300w, https:\/\/oceancamper.com\/wp-content\/uploads\/2025\/03\/campervans-hire-algarve-portugal-min-768x432.jpg 768w, https:\/\/oceancamper.com\/wp-content\/uploads\/2025\/03\/campervans-hire-algarve-portugal-min-1536x864.jpg 1536w, https:\/\/oceancamper.com\/wp-content\/uploads\/2025\/03\/campervans-hire-algarve-portugal-min-2048x1152.jpg 2048w, https:\/\/oceancamper.com\/wp-content\/uploads\/2025\/03\/campervans-hire-algarve-portugal-min-240x135.jpg 240w\" sizes=\"(max-width: 800px) 100vw, 800px\" \/>\t\t\t\t\t\t\t\t\t\t\t\t\t\t\t<\/div>\n\t\t\t\t<\/div>\n\t\t\t\t<div class=\"elementor-element elementor-element-75aad58 elementor-widget elementor-widget-text-editor\" data-id=\"75aad58\" data-element_type=\"widget\" data-e-type=\"widget\" data-widget_type=\"text-editor.default\">\n\t\t\t\t<div class=\"elementor-widget-container\">\n\t\t\t\t\t\t\t\t\t<p style=\"margin:0 0 7px;line-height:1.5\">Sovepladser: <strong>2 personer<\/strong><\/p><p style=\"margin:0 0 7px;line-height:1.5\">Solcellepanel: <strong>Ja, 170W<\/strong><\/p><p style=\"margin:0 0 7px;line-height:1.5\">2. batteri: <strong>Ja<\/strong><\/p><p style=\"margin:0 0 7px;line-height:1.5\">Sengest\u00f8rrelse: <strong>1,9 x 1,4 m<\/strong><\/p><p style=\"margin:0 0 7px;line-height:1.5\">K\u00f8ling: <strong>K\u00f8leskab 32L<\/strong><\/p><p style=\"margin:0 0 7px;line-height:1.5\">Transmission: <strong>Manuel<\/strong><\/p>\t\t\t\t\t\t\t\t<\/div>\n\t\t\t\t<\/div>\n\t\t\t\t<div class=\"elementor-element elementor-element-89e5d75 elementor-align-center elementor-tablet-align-center elementor-mobile-align-center elementor-widget elementor-widget-button\" data-id=\"89e5d75\" data-element_type=\"widget\" data-e-type=\"widget\" data-widget_type=\"button.default\">\n\t\t\t\t<div class=\"elementor-widget-container\">\n\t\t\t\t\t\t\t\t\t<div class=\"elementor-button-wrapper\">\n\t\t\t\t\t<a class=\"elementor-button elementor-button-link elementor-size-sm elementor-animation-pop\" href=\"https:\/\/oceancamper.com\/da\/autocampere\/indigo-mini-campervan\/\">\n\t\t\t\t\t\t<span class=\"elementor-button-content-wrapper\">\n\t\t\t\t\t\t\t\t\t<span class=\"elementor-button-text\">Se<\/span>\n\t\t\t\t\t<\/span>\n\t\t\t\t\t<\/a>\n\t\t\t\t<\/div>\n\t\t\t\t\t\t\t\t<\/div>\n\t\t\t\t<\/div>\n\t\t\t\t<div class=\"elementor-element elementor-element-528f864 elementor-align-center elementor-tablet-align-center elementor-mobile-align-center elementor-widget elementor-widget-button\" data-id=\"528f864\" data-element_type=\"widget\" data-e-type=\"widget\" data-widget_type=\"button.default\">\n\t\t\t\t<div class=\"elementor-widget-container\">\n\t\t\t\t\t\t\t\t\t<div class=\"elementor-button-wrapper\">\n\t\t\t\t\t<a class=\"elementor-button elementor-button-link elementor-size-sm elementor-animation-pop\" href=\"https:\/\/oceancamper.com\/da\/reservationer\/\">\n\t\t\t\t\t\t<span class=\"elementor-button-content-wrapper\">\n\t\t\t\t\t\t\t\t\t<span class=\"elementor-button-text\">BOOK NU<\/span>\n\t\t\t\t\t<\/span>\n\t\t\t\t\t<\/a>\n\t\t\t\t<\/div>\n\t\t\t\t\t\t\t\t<\/div>\n\t\t\t\t<\/div>\n\t\t\t\t<\/div>\n\t\t\t\t\t<\/div>\n\t\t\t\t<\/div>\n\t\t\t\t\t\t\t\t<\/div>\n\t\t\t\t\t\t\t\t\t\t\t<div class=\"swiper-slide\" data-slide=\"2\" role=\"group\" aria-roledescription=\"slide\" aria-label=\"2 of 5\">\n\t\t\t\t\t\t\t<div class=\"elementor-element elementor-element-364deb9 e-flex e-con-boxed e-con e-child\" data-id=\"364deb9\" data-element_type=\"container\" data-e-type=\"container\">\n\t\t\t\t\t<div class=\"e-con-inner\">\n\t\t<div class=\"elementor-element elementor-element-ff4f892 e-con-full e-flex e-con e-child\" data-id=\"ff4f892\" data-element_type=\"container\" data-e-type=\"container\">\n\t\t\t\t<div class=\"elementor-element elementor-element-701c9b3 elementor-widget elementor-widget-heading\" data-id=\"701c9b3\" data-element_type=\"widget\" data-e-type=\"widget\" data-widget_type=\"heading.default\">\n\t\t\t\t<div class=\"elementor-widget-container\">\n\t\t\t\t\t<h3 class=\"elementor-heading-title elementor-size-default\">Oasis Automatic<\/h3>\t\t\t\t<\/div>\n\t\t\t\t<\/div>\n\t\t\t\t<div class=\"elementor-element elementor-element-fae4366 elementor-widget elementor-widget-image\" data-id=\"fae4366\" data-element_type=\"widget\" data-e-type=\"widget\" data-widget_type=\"image.default\">\n\t\t\t\t<div class=\"elementor-widget-container\">\n\t\t\t\t\t\t\t\t\t\t\t\t\t\t\t<img loading=\"lazy\" decoding=\"async\" width=\"800\" height=\"537\" src=\"https:\/\/oceancamper.com\/wp-content\/uploads\/2026\/08\/oasis-automatic-campervan-rental-portugal-1024x687.webp\" class=\"attachment-large size-large wp-image-269682\" alt=\"In Oasis Automatic Campervan, the vehicle was parked on sand by the sea\" srcset=\"https:\/\/oceancamper.com\/wp-content\/uploads\/2026\/08\/oasis-automatic-campervan-rental-portugal-1024x687.webp 1024w, https:\/\/oceancamper.com\/wp-content\/uploads\/2026\/08\/oasis-automatic-campervan-rental-portugal-300x201.webp 300w, https:\/\/oceancamper.com\/wp-content\/uploads\/2026\/08\/oasis-automatic-campervan-rental-portugal-768x515.webp 768w, https:\/\/oceancamper.com\/wp-content\/uploads\/2026\/08\/oasis-automatic-campervan-rental-portugal-1536x1030.webp 1536w, https:\/\/oceancamper.com\/wp-content\/uploads\/2026\/08\/oasis-automatic-campervan-rental-portugal-240x161.webp 240w, https:\/\/oceancamper.com\/wp-content\/uploads\/2026\/08\/oasis-automatic-campervan-rental-portugal.webp 1600w\" sizes=\"(max-width: 800px) 100vw, 800px\" \/>\t\t\t\t\t\t\t\t\t\t\t\t\t\t\t<\/div>\n\t\t\t\t<\/div>\n\t\t\t\t<div class=\"elementor-element elementor-element-1fdaaf2 elementor-widget elementor-widget-text-editor\" data-id=\"1fdaaf2\" data-element_type=\"widget\" data-e-type=\"widget\" data-widget_type=\"text-editor.default\">\n\t\t\t\t<div class=\"elementor-widget-container\">\n\t\t\t\t\t\t\t\t\t<p style=\"margin:0 0 7px;line-height:1.5\">Sovepladser: <strong>2 personer<\/strong><\/p><p style=\"margin:0 0 7px;line-height:1.5\">Solcellepanel: <strong>Ja, 170W<\/strong><\/p><p style=\"margin:0 0 7px;line-height:1.5\">2. batteri: <strong>Ja<\/strong><\/p><p style=\"margin:0 0 7px;line-height:1.5\">Sengest\u00f8rrelse: <strong>1,9 x 1,4 m<\/strong><\/p><p style=\"margin:0 0 7px;line-height:1.5\">K\u00f8ling: <strong>K\u00f8leskab 32L<\/strong><\/p><p style=\"margin:0 0 7px;line-height:1.5\">Gearkasse: <strong>Automatisk<\/strong><\/p>\t\t\t\t\t\t\t\t<\/div>\n\t\t\t\t<\/div>\n\t\t\t\t<div class=\"elementor-element elementor-element-4faa80d elementor-align-center elementor-tablet-align-center elementor-mobile-align-center elementor-widget elementor-widget-button\" data-id=\"4faa80d\" data-element_type=\"widget\" data-e-type=\"widget\" data-widget_type=\"button.default\">\n\t\t\t\t<div class=\"elementor-widget-container\">\n\t\t\t\t\t\t\t\t\t<div class=\"elementor-button-wrapper\">\n\t\t\t\t\t<a class=\"elementor-button elementor-button-link elementor-size-sm elementor-animation-pop\" href=\"https:\/\/oceancamper.com\/da\/autocampere\/oasis-automatisk-autocamper\/\">\n\t\t\t\t\t\t<span class=\"elementor-button-content-wrapper\">\n\t\t\t\t\t\t\t\t\t<span class=\"elementor-button-text\">Se<\/span>\n\t\t\t\t\t<\/span>\n\t\t\t\t\t<\/a>\n\t\t\t\t<\/div>\n\t\t\t\t\t\t\t\t<\/div>\n\t\t\t\t<\/div>\n\t\t\t\t<div class=\"elementor-element elementor-element-b950b4e elementor-align-center elementor-tablet-align-center elementor-mobile-align-center elementor-widget elementor-widget-button\" data-id=\"b950b4e\" data-element_type=\"widget\" data-e-type=\"widget\" data-widget_type=\"button.default\">\n\t\t\t\t<div class=\"elementor-widget-container\">\n\t\t\t\t\t\t\t\t\t<div class=\"elementor-button-wrapper\">\n\t\t\t\t\t<a class=\"elementor-button elementor-button-link elementor-size-sm elementor-animation-pop\" href=\"https:\/\/oceancamper.com\/da\/reservationer\/\">\n\t\t\t\t\t\t<span class=\"elementor-button-content-wrapper\">\n\t\t\t\t\t\t\t\t\t<span class=\"elementor-button-text\">BOOK NU<\/span>\n\t\t\t\t\t<\/span>\n\t\t\t\t\t<\/a>\n\t\t\t\t<\/div>\n\t\t\t\t\t\t\t\t<\/div>\n\t\t\t\t<\/div>\n\t\t\t\t<\/div>\n\t\t\t\t\t<\/div>\n\t\t\t\t<\/div>\n\t\t\t\t\t\t\t\t<\/div>\n\t\t\t\t\t\t\t\t\t\t\t<div class=\"swiper-slide\" data-slide=\"3\" role=\"group\" aria-roledescription=\"slide\" aria-label=\"3 of 5\">\n\t\t\t\t\t\t\t<div class=\"elementor-element elementor-element-7a69c82 e-flex e-con-boxed e-con e-child\" data-id=\"7a69c82\" data-element_type=\"container\" data-e-type=\"container\">\n\t\t\t\t\t<div class=\"e-con-inner\">\n\t\t<div class=\"elementor-element elementor-element-381f2aa e-con-full e-flex e-con e-child\" data-id=\"381f2aa\" data-element_type=\"container\" data-e-type=\"container\">\n\t\t\t\t<div class=\"elementor-element elementor-element-8fe5150 elementor-widget elementor-widget-heading\" data-id=\"8fe5150\" data-element_type=\"widget\" data-e-type=\"widget\" data-widget_type=\"heading.default\">\n\t\t\t\t<div class=\"elementor-widget-container\">\n\t\t\t\t\t<h3 class=\"elementor-heading-title elementor-size-default\">Bohemian<\/h3>\t\t\t\t<\/div>\n\t\t\t\t<\/div>\n\t\t\t\t<div class=\"elementor-element elementor-element-16cc5bf elementor-widget elementor-widget-image\" data-id=\"16cc5bf\" data-element_type=\"widget\" data-e-type=\"widget\" data-widget_type=\"image.default\">\n\t\t\t\t<div class=\"elementor-widget-container\">\n\t\t\t\t\t\t\t\t\t\t\t\t\t\t\t<img decoding=\"async\" src=\"https:\/\/oceancamper.com\/wp-content\/uploads\/elementor\/thumbs\/Bohemian-4-min-2-1-qlq8440lrzc3krh0wfzyzzx42nuugtbecc5a3cmow4.jpg\" title=\"Ocean Camper Bohemian Campervan Algarve\" alt=\"En Bohemian Campervan med et surfbr\u00e6t p\u00e5 tagb\u00f8jlen og udend\u00f8rs siddepladser sat op\" loading=\"lazy\" \/>\t\t\t\t\t\t\t\t\t\t\t\t\t\t\t<\/div>\n\t\t\t\t<\/div>\n\t\t\t\t<div class=\"elementor-element elementor-element-e0a93f2 elementor-widget elementor-widget-text-editor\" data-id=\"e0a93f2\" data-element_type=\"widget\" data-e-type=\"widget\" data-widget_type=\"text-editor.default\">\n\t\t\t\t<div class=\"elementor-widget-container\">\n\t\t\t\t\t\t\t\t\t<p style=\"margin:0 0 7px;line-height:1.5\">Sovepladser: <strong>3 personer<\/strong><\/p><p style=\"margin:0 0 7px;line-height:1.5\">Solcellepanel: <strong>Ja, 170W<\/strong><\/p><p style=\"margin:0 0 7px;line-height:1.5\">2. batteri: <strong>Ja<\/strong><\/p><p style=\"margin:0 0 7px;line-height:1.5\">Sengest\u00f8rrelse: <strong>2&#215;1,8m<\/strong><\/p><p style=\"margin:0 0 7px;line-height:1.5\">K\u00f8ling: <strong>K\u00f8leskab 45L<\/strong><\/p><p style=\"margin:0 0 7px;line-height:1.5\">Transmission: <strong>Manuel<\/strong><\/p>\t\t\t\t\t\t\t\t<\/div>\n\t\t\t\t<\/div>\n\t\t\t\t<div class=\"elementor-element elementor-element-cd16a8b elementor-align-center elementor-tablet-align-center elementor-mobile-align-center elementor-widget elementor-widget-button\" data-id=\"cd16a8b\" data-element_type=\"widget\" data-e-type=\"widget\" data-widget_type=\"button.default\">\n\t\t\t\t<div class=\"elementor-widget-container\">\n\t\t\t\t\t\t\t\t\t<div class=\"elementor-button-wrapper\">\n\t\t\t\t\t<a class=\"elementor-button elementor-button-link elementor-size-sm elementor-animation-pop\" href=\"https:\/\/oceancamper.com\/da\/autocampere\/campervan-bohemian\/\">\n\t\t\t\t\t\t<span class=\"elementor-button-content-wrapper\">\n\t\t\t\t\t\t\t\t\t<span class=\"elementor-button-text\">Se<\/span>\n\t\t\t\t\t<\/span>\n\t\t\t\t\t<\/a>\n\t\t\t\t<\/div>\n\t\t\t\t\t\t\t\t<\/div>\n\t\t\t\t<\/div>\n\t\t\t\t<div class=\"elementor-element elementor-element-c0e3e87 elementor-align-center elementor-tablet-align-center elementor-mobile-align-center elementor-widget elementor-widget-button\" data-id=\"c0e3e87\" data-element_type=\"widget\" data-e-type=\"widget\" data-widget_type=\"button.default\">\n\t\t\t\t<div class=\"elementor-widget-container\">\n\t\t\t\t\t\t\t\t\t<div class=\"elementor-button-wrapper\">\n\t\t\t\t\t<a class=\"elementor-button elementor-button-link elementor-size-sm elementor-animation-pop\" href=\"https:\/\/oceancamper.com\/da\/reservationer\/\">\n\t\t\t\t\t\t<span class=\"elementor-button-content-wrapper\">\n\t\t\t\t\t\t\t\t\t<span class=\"elementor-button-text\">BOOK NU<\/span>\n\t\t\t\t\t<\/span>\n\t\t\t\t\t<\/a>\n\t\t\t\t<\/div>\n\t\t\t\t\t\t\t\t<\/div>\n\t\t\t\t<\/div>\n\t\t\t\t<\/div>\n\t\t\t\t\t<\/div>\n\t\t\t\t<\/div>\n\t\t\t\t\t\t\t\t<\/div>\n\t\t\t\t\t\t\t\t\t\t\t<div class=\"swiper-slide\" data-slide=\"4\" role=\"group\" aria-roledescription=\"slide\" aria-label=\"4 of 5\">\n\t\t\t\t\t\t\t<div class=\"elementor-element elementor-element-929f18a e-flex e-con-boxed e-con e-child\" data-id=\"929f18a\" data-element_type=\"container\" data-e-type=\"container\">\n\t\t\t\t\t<div class=\"e-con-inner\">\n\t\t<div class=\"elementor-element elementor-element-92d3b02 e-con-full e-flex e-con e-child\" data-id=\"92d3b02\" data-element_type=\"container\" data-e-type=\"container\">\n\t\t\t\t<div class=\"elementor-element elementor-element-5793c29 elementor-widget elementor-widget-heading\" data-id=\"5793c29\" data-element_type=\"widget\" data-e-type=\"widget\" data-widget_type=\"heading.default\">\n\t\t\t\t<div class=\"elementor-widget-container\">\n\t\t\t\t\t<h3 class=\"elementor-heading-title elementor-size-default\">Vagabond<\/h3>\t\t\t\t<\/div>\n\t\t\t\t<\/div>\n\t\t\t\t<div class=\"elementor-element elementor-element-d3787df elementor-widget elementor-widget-image\" data-id=\"d3787df\" data-element_type=\"widget\" data-e-type=\"widget\" data-widget_type=\"image.default\">\n\t\t\t\t<div class=\"elementor-widget-container\">\n\t\t\t\t\t\t\t\t\t\t\t\t\t\t\t<img loading=\"lazy\" decoding=\"async\" width=\"800\" height=\"534\" src=\"https:\/\/oceancamper.com\/wp-content\/uploads\/2022\/02\/Vagabond1-min-2-1024x683.jpeg\" class=\"attachment-large size-large wp-image-205239\" alt=\"Vagabond mini-campervan med bagd\u00f8rene \u00e5bne, hvor man kan se sengen og det udtr\u00e6kkelige k\u00f8kken\" srcset=\"https:\/\/oceancamper.com\/wp-content\/uploads\/2022\/02\/Vagabond1-min-2-1024x683.jpeg 1024w, https:\/\/oceancamper.com\/wp-content\/uploads\/2022\/02\/Vagabond1-min-2-300x200.jpeg 300w, https:\/\/oceancamper.com\/wp-content\/uploads\/2022\/02\/Vagabond1-min-2-768x512.jpeg 768w, https:\/\/oceancamper.com\/wp-content\/uploads\/2022\/02\/Vagabond1-min-2.jpeg 1200w\" sizes=\"(max-width: 800px) 100vw, 800px\" \/>\t\t\t\t\t\t\t\t\t\t\t\t\t\t\t<\/div>\n\t\t\t\t<\/div>\n\t\t\t\t<div class=\"elementor-element elementor-element-772b986 elementor-widget elementor-widget-text-editor\" data-id=\"772b986\" data-element_type=\"widget\" data-e-type=\"widget\" data-widget_type=\"text-editor.default\">\n\t\t\t\t<div class=\"elementor-widget-container\">\n\t\t\t\t\t\t\t\t\t<p style=\"margin:0 0 7px;line-height:1.5\">Sovepladser: <strong>2 personer<\/strong><\/p><p style=\"margin:0 0 7px;line-height:1.5\">Solcellepanel: <strong>Nej<\/strong><\/p><p style=\"margin:0 0 7px;line-height:1.5\">2. batteri: <strong>Ja<\/strong><\/p><p style=\"margin:0 0 7px;line-height:1.5\">Sengest\u00f8rrelse: <strong>1,9 x 1,4 m<\/strong><\/p><p style=\"margin:0 0 7px;line-height:1.5\">K\u00f8ling: <strong>K\u00f8leboks p\u00e5 20 liter, skal fyldes med is<\/strong><\/p><p style=\"margin:0 0 7px;line-height:1.5\">Transmission: <strong>Manuel<\/strong><\/p>\t\t\t\t\t\t\t\t<\/div>\n\t\t\t\t<\/div>\n\t\t\t\t<div class=\"elementor-element elementor-element-e3cf5a6 elementor-align-center elementor-tablet-align-center elementor-mobile-align-center elementor-widget elementor-widget-button\" data-id=\"e3cf5a6\" data-element_type=\"widget\" data-e-type=\"widget\" data-widget_type=\"button.default\">\n\t\t\t\t<div class=\"elementor-widget-container\">\n\t\t\t\t\t\t\t\t\t<div class=\"elementor-button-wrapper\">\n\t\t\t\t\t<a class=\"elementor-button elementor-button-link elementor-size-sm elementor-animation-pop\" href=\"https:\/\/oceancamper.com\/da\/autocampere\/vagabond-mini-campervan\/\">\n\t\t\t\t\t\t<span class=\"elementor-button-content-wrapper\">\n\t\t\t\t\t\t\t\t\t<span class=\"elementor-button-text\">Se<\/span>\n\t\t\t\t\t<\/span>\n\t\t\t\t\t<\/a>\n\t\t\t\t<\/div>\n\t\t\t\t\t\t\t\t<\/div>\n\t\t\t\t<\/div>\n\t\t\t\t<div class=\"elementor-element elementor-element-7f7eef7 elementor-align-center elementor-tablet-align-center elementor-mobile-align-center elementor-widget elementor-widget-button\" data-id=\"7f7eef7\" data-element_type=\"widget\" data-e-type=\"widget\" data-widget_type=\"button.default\">\n\t\t\t\t<div class=\"elementor-widget-container\">\n\t\t\t\t\t\t\t\t\t<div class=\"elementor-button-wrapper\">\n\t\t\t\t\t<a class=\"elementor-button elementor-button-link elementor-size-sm elementor-animation-pop\" href=\"https:\/\/oceancamper.com\/da\/reservationer\/\">\n\t\t\t\t\t\t<span class=\"elementor-button-content-wrapper\">\n\t\t\t\t\t\t\t\t\t<span class=\"elementor-button-text\">BOOK NU<\/span>\n\t\t\t\t\t<\/span>\n\t\t\t\t\t<\/a>\n\t\t\t\t<\/div>\n\t\t\t\t\t\t\t\t<\/div>\n\t\t\t\t<\/div>\n\t\t\t\t<\/div>\n\t\t\t\t\t<\/div>\n\t\t\t\t<\/div>\n\t\t\t\t\t\t\t\t<\/div>\n\t\t\t\t\t\t\t\t\t\t\t<div class=\"swiper-slide\" data-slide=\"5\" role=\"group\" aria-roledescription=\"slide\" aria-label=\"5 of 5\">\n\t\t\t\t\t\t\t<div class=\"elementor-element elementor-element-6322c8c e-flex e-con-boxed e-con e-child\" data-id=\"6322c8c\" data-element_type=\"container\" data-e-type=\"container\">\n\t\t\t\t\t<div class=\"e-con-inner\">\n\t\t<div class=\"elementor-element elementor-element-a13a078 e-con-full e-flex e-con e-child\" data-id=\"a13a078\" data-element_type=\"container\" data-e-type=\"container\">\n\t\t\t\t<div class=\"elementor-element elementor-element-bc29380 elementor-widget elementor-widget-heading\" data-id=\"bc29380\" data-element_type=\"widget\" data-e-type=\"widget\" data-widget_type=\"heading.default\">\n\t\t\t\t<div class=\"elementor-widget-container\">\n\t\t\t\t\t<h3 class=\"elementor-heading-title elementor-size-default\">Atlantic<\/h3>\t\t\t\t<\/div>\n\t\t\t\t<\/div>\n\t\t\t\t<div class=\"elementor-element elementor-element-1633c60 elementor-widget elementor-widget-image\" data-id=\"1633c60\" data-element_type=\"widget\" data-e-type=\"widget\" data-widget_type=\"image.default\">\n\t\t\t\t<div class=\"elementor-widget-container\">\n\t\t\t\t\t\t\t\t\t\t\t\t\t\t\t<img loading=\"lazy\" decoding=\"async\" width=\"800\" height=\"533\" src=\"https:\/\/oceancamper.com\/wp-content\/uploads\/2022\/02\/Atlantic8-min-1-1024x682.jpeg\" class=\"attachment-large size-large wp-image-205244\" alt=\"In Atlantic-Campervan, der holder parkeret p\u00e5 en kystvej med bagklappen \u00e5ben\" srcset=\"https:\/\/oceancamper.com\/wp-content\/uploads\/2022\/02\/Atlantic8-min-1-1024x682.jpeg 1024w, https:\/\/oceancamper.com\/wp-content\/uploads\/2022\/02\/Atlantic8-min-1-300x200.jpeg 300w, https:\/\/oceancamper.com\/wp-content\/uploads\/2022\/02\/Atlantic8-min-1-768x512.jpeg 768w, https:\/\/oceancamper.com\/wp-content\/uploads\/2022\/02\/Atlantic8-min-1-1536x1024.jpeg 1536w, https:\/\/oceancamper.com\/wp-content\/uploads\/2022\/02\/Atlantic8-min-1.jpeg 1598w\" sizes=\"(max-width: 800px) 100vw, 800px\" \/>\t\t\t\t\t\t\t\t\t\t\t\t\t\t\t<\/div>\n\t\t\t\t<\/div>\n\t\t\t\t<div class=\"elementor-element elementor-element-a63e26c elementor-widget elementor-widget-text-editor\" data-id=\"a63e26c\" data-element_type=\"widget\" data-e-type=\"widget\" data-widget_type=\"text-editor.default\">\n\t\t\t\t<div class=\"elementor-widget-container\">\n\t\t\t\t\t\t\t\t\t<p style=\"margin:0 0 7px;line-height:1.5\">Sovepladser: <strong>2 personer<\/strong><\/p><p style=\"margin:0 0 7px;line-height:1.5\">Solcellepanel: <strong>Nej<\/strong><\/p><p style=\"margin:0 0 7px;line-height:1.5\">2. batteri: <strong>Nej<\/strong><\/p><p style=\"margin:0 0 7px;line-height:1.5\">Sengest\u00f8rrelse: <strong>1,9 x 1,4 m<\/strong><\/p><p style=\"margin:0 0 7px;line-height:1.5\">K\u00f8ling: <strong>K\u00f8leboks p\u00e5 20 liter, skal fyldes med is<\/strong><\/p><p style=\"margin:0 0 7px;line-height:1.5\">Transmission: <strong>Manuel<\/strong><\/p>\t\t\t\t\t\t\t\t<\/div>\n\t\t\t\t<\/div>\n\t\t\t\t<div class=\"elementor-element elementor-element-1255e52 elementor-align-center elementor-tablet-align-center elementor-mobile-align-center elementor-widget elementor-widget-button\" data-id=\"1255e52\" data-element_type=\"widget\" data-e-type=\"widget\" data-widget_type=\"button.default\">\n\t\t\t\t<div class=\"elementor-widget-container\">\n\t\t\t\t\t\t\t\t\t<div class=\"elementor-button-wrapper\">\n\t\t\t\t\t<a class=\"elementor-button elementor-button-link elementor-size-sm elementor-animation-pop\" href=\"https:\/\/oceancamper.com\/da\/autocampere\/atlantic-mini-campervan\/\">\n\t\t\t\t\t\t<span class=\"elementor-button-content-wrapper\">\n\t\t\t\t\t\t\t\t\t<span class=\"elementor-button-text\">Se<\/span>\n\t\t\t\t\t<\/span>\n\t\t\t\t\t<\/a>\n\t\t\t\t<\/div>\n\t\t\t\t\t\t\t\t<\/div>\n\t\t\t\t<\/div>\n\t\t\t\t<div class=\"elementor-element elementor-element-09b500b elementor-align-center elementor-tablet-align-center elementor-mobile-align-center elementor-widget elementor-widget-button\" data-id=\"09b500b\" data-element_type=\"widget\" data-e-type=\"widget\" data-widget_type=\"button.default\">\n\t\t\t\t<div class=\"elementor-widget-container\">\n\t\t\t\t\t\t\t\t\t<div class=\"elementor-button-wrapper\">\n\t\t\t\t\t<a class=\"elementor-button elementor-button-link elementor-size-sm elementor-animation-pop\" href=\"https:\/\/oceancamper.com\/da\/reservationer\/\">\n\t\t\t\t\t\t<span class=\"elementor-button-content-wrapper\">\n\t\t\t\t\t\t\t\t\t<span class=\"elementor-button-text\">BOOK NU<\/span>\n\t\t\t\t\t<\/span>\n\t\t\t\t\t<\/a>\n\t\t\t\t<\/div>\n\t\t\t\t\t\t\t\t<\/div>\n\t\t\t\t<\/div>\n\t\t\t\t<\/div>\n\t\t\t\t\t<\/div>\n\t\t\t\t<\/div>\n\t\t\t\t\t\t\t\t<\/div>\n\t\t\t\t\t\t\t\t<\/div>\n\t\t<\/div>\n\t\t\t\t\t<div class=\"elementor-swiper-button elementor-swiper-button-prev\" role=\"button\" tabindex=\"0\" aria-label=\"Tidligere\">\n\t\t\t\t<i aria-hidden=\"true\" class=\"eicon-chevron-left\"><\/i>\t\t\t<\/div>\n\t\t\t<div class=\"elementor-swiper-button elementor-swiper-button-next\" role=\"button\" tabindex=\"0\" aria-label=\"N\u00e6ste\">\n\t\t\t\t<i aria-hidden=\"true\" class=\"eicon-chevron-right\"><\/i>\t\t\t<\/div>\n\t\t\t\t\t<div class=\"swiper-pagination\"><\/div>\n\t\t\t\t\t\t<\/div>\n\t\t\t\t<\/div>\n\t\t\t\t<div class=\"elementor-element elementor-element-5fdc3fe elementor-widget elementor-widget-text-editor\" data-id=\"5fdc3fe\" data-element_type=\"widget\" data-e-type=\"widget\" data-widget_type=\"text-editor.default\">\n\t\t\t\t<div class=\"elementor-widget-container\">\n\t\t\t\t\t\t\t\t\t<p>Ingen skjulte gebyrer. Alle priser vises, f\u00f8r du booker. <\/p>\t\t\t\t\t\t\t\t<\/div>\n\t\t\t\t<\/div>\n\t\t\t\t<div class=\"elementor-element elementor-element-96328ed elementor-align-center elementor-widget elementor-widget-button\" data-id=\"96328ed\" data-element_type=\"widget\" data-e-type=\"widget\" data-widget_type=\"button.default\">\n\t\t\t\t<div class=\"elementor-widget-container\">\n\t\t\t\t\t\t\t\t\t<div class=\"elementor-button-wrapper\">\n\t\t\t\t\t<a class=\"elementor-button elementor-button-link elementor-size-sm\" href=\"https:\/\/oceancamper.com\/da\/autocampere\/\">\n\t\t\t\t\t\t<span class=\"elementor-button-content-wrapper\">\n\t\t\t\t\t\t\t\t\t<span class=\"elementor-button-text\">Se alle varevogne og priser<\/span>\n\t\t\t\t\t<\/span>\n\t\t\t\t\t<\/a>\n\t\t\t\t<\/div>\n\t\t\t\t\t\t\t\t<\/div>\n\t\t\t\t<\/div>\n\t\t\t\t\t<\/div>\n\t\t<\/div>\n\t\t\t\t\t<\/div>\n\t\t<\/section>\n\t\t\t\t<section class=\"elementor-section elementor-top-section elementor-element elementor-element-e059656 elementor-section-stretched elementor-section-boxed elementor-section-height-default elementor-section-height-default\" data-id=\"e059656\" data-element_type=\"section\" data-e-type=\"section\" data-settings=\"{&quot;stretch_section&quot;:&quot;section-stretched&quot;,&quot;background_background&quot;:&quot;classic&quot;}\">\n\t\t\t\t\t\t<div class=\"elementor-container elementor-column-gap-default\">\n\t\t\t\t\t<div class=\"elementor-column elementor-col-100 elementor-top-column elementor-element elementor-element-f5c2070\" data-id=\"f5c2070\" data-element_type=\"column\" data-e-type=\"column\">\n\t\t\t<div class=\"elementor-widget-wrap elementor-element-populated\">\n\t\t\t\t\t\t<section class=\"elementor-section elementor-inner-section elementor-element elementor-element-95ffff0 elementor-section-boxed elementor-section-height-default elementor-section-height-default\" data-id=\"95ffff0\" data-element_type=\"section\" data-e-type=\"section\">\n\t\t\t\t\t\t<div class=\"elementor-container elementor-column-gap-default\">\n\t\t\t\t\t<div class=\"elementor-column elementor-col-100 elementor-inner-column elementor-element elementor-element-57eb366\" data-id=\"57eb366\" data-element_type=\"column\" data-e-type=\"column\">\n\t\t\t<div class=\"elementor-widget-wrap elementor-element-populated\">\n\t\t\t\t\t\t<div class=\"elementor-element elementor-element-6272fb4 elementor-widget elementor-widget-heading\" data-id=\"6272fb4\" data-element_type=\"widget\" data-e-type=\"widget\" data-widget_type=\"heading.default\">\n\t\t\t\t<div class=\"elementor-widget-container\">\n\t\t\t\t\t<h2 class=\"elementor-heading-title elementor-size-default\">Afhentning i Faro eller Lissabon<\/h2>\t\t\t\t<\/div>\n\t\t\t\t<\/div>\n\t\t\t\t<section class=\"elementor-section elementor-inner-section elementor-element elementor-element-85c1b01 elementor-section-boxed elementor-section-height-default elementor-section-height-default\" data-id=\"85c1b01\" data-element_type=\"section\" data-e-type=\"section\">\n\t\t\t\t\t\t<div class=\"elementor-container elementor-column-gap-extended\">\n\t\t\t\t\t<div class=\"elementor-column elementor-col-50 elementor-inner-column elementor-element elementor-element-557476f\" data-id=\"557476f\" data-element_type=\"column\" data-e-type=\"column\">\n\t\t\t<div class=\"elementor-widget-wrap elementor-element-populated\">\n\t\t\t\t\t\t<div class=\"elementor-element elementor-element-b28aff3 elementor-position-top elementor-widget elementor-widget-image-box\" data-id=\"b28aff3\" data-element_type=\"widget\" data-e-type=\"widget\" data-widget_type=\"image-box.default\">\n\t\t\t\t<div class=\"elementor-widget-container\">\n\t\t\t\t\t<div class=\"elementor-image-box-wrapper\"><figure class=\"elementor-image-box-img\"><a href=\"https:\/\/oceancamper.com\/da\/udlejning-af-autocamper\/trustpilot-ocean-camper-topbedommelse\/\" tabindex=\"-1\"><img loading=\"lazy\" decoding=\"async\" width=\"768\" height=\"576\" src=\"https:\/\/oceancamper.com\/wp-content\/uploads\/2026\/02\/faro-algarve-city-marina-view-768x576.webp\" class=\"attachment-medium_large size-medium_large wp-image-232100\" alt=\"Faro-havnen og den gamle bydel set fra luften\" srcset=\"https:\/\/oceancamper.com\/wp-content\/uploads\/2026\/02\/faro-algarve-city-marina-view-768x576.webp 768w, https:\/\/oceancamper.com\/wp-content\/uploads\/2026\/02\/faro-algarve-city-marina-view-300x225.webp 300w, https:\/\/oceancamper.com\/wp-content\/uploads\/2026\/02\/faro-algarve-city-marina-view-1024x768.webp 1024w, https:\/\/oceancamper.com\/wp-content\/uploads\/2026\/02\/faro-algarve-city-marina-view-1536x1151.webp 1536w, https:\/\/oceancamper.com\/wp-content\/uploads\/2026\/02\/faro-algarve-city-marina-view-2048x1535.webp 2048w, https:\/\/oceancamper.com\/wp-content\/uploads\/2026\/02\/faro-algarve-city-marina-view-240x180.webp 240w\" sizes=\"(max-width: 768px) 100vw, 768px\" \/><\/a><\/figure><div class=\"elementor-image-box-content\"><h3 class=\"elementor-image-box-title\"><a href=\"https:\/\/oceancamper.com\/da\/udlejning-af-autocamper\/trustpilot-ocean-camper-topbedommelse\/\">Faro<\/a><\/h3><p class=\"elementor-image-box-description\">2 km fra Faro Lufthavn. Algarve-kysten, Benagil, Sagres og vestkysten. <\/p><\/div><\/div>\t\t\t\t<\/div>\n\t\t\t\t<\/div>\n\t\t\t\t<div class=\"elementor-element elementor-element-dae8b56 elementor-align-center elementor-widget elementor-widget-button\" data-id=\"dae8b56\" data-element_type=\"widget\" data-e-type=\"widget\" data-widget_type=\"button.default\">\n\t\t\t\t<div class=\"elementor-widget-container\">\n\t\t\t\t\t\t\t\t\t<div class=\"elementor-button-wrapper\">\n\t\t\t\t\t<a class=\"elementor-button elementor-button-link elementor-size-sm\" href=\"https:\/\/oceancamper.com\/da\/udlejning-af-autocamper\/trustpilot-ocean-camper-topbedommelse\/\">\n\t\t\t\t\t\t<span class=\"elementor-button-content-wrapper\">\n\t\t\t\t\t\t\t\t\t<span class=\"elementor-button-text\">Leje i Faro<\/span>\n\t\t\t\t\t<\/span>\n\t\t\t\t\t<\/a>\n\t\t\t\t<\/div>\n\t\t\t\t\t\t\t\t<\/div>\n\t\t\t\t<\/div>\n\t\t\t\t\t<\/div>\n\t\t<\/div>\n\t\t\t\t<div class=\"elementor-column elementor-col-50 elementor-inner-column elementor-element elementor-element-c7bd661\" data-id=\"c7bd661\" data-element_type=\"column\" data-e-type=\"column\">\n\t\t\t<div class=\"elementor-widget-wrap elementor-element-populated\">\n\t\t\t\t\t\t<div class=\"elementor-element elementor-element-38fdee7 elementor-position-top elementor-widget elementor-widget-image-box\" data-id=\"38fdee7\" data-element_type=\"widget\" data-e-type=\"widget\" data-widget_type=\"image-box.default\">\n\t\t\t\t<div class=\"elementor-widget-container\">\n\t\t\t\t\t<div class=\"elementor-image-box-wrapper\"><figure class=\"elementor-image-box-img\"><a href=\"https:\/\/oceancamper.com\/da\/udlejning-af-autocamper\/lissabon\/\" tabindex=\"-1\"><img loading=\"lazy\" decoding=\"async\" width=\"768\" height=\"385\" src=\"https:\/\/oceancamper.com\/wp-content\/uploads\/2026\/02\/campervan-rental-lisbon-castle-road-trip-e1772038497177-768x385.webp\" class=\"attachment-medium_large size-medium_large wp-image-232177\" alt=\"Udlejning af minicampingvogn i Lissabon n\u00e6r et historisk slot\" srcset=\"https:\/\/oceancamper.com\/wp-content\/uploads\/2026\/02\/campervan-rental-lisbon-castle-road-trip-e1772038497177-768x385.webp 768w, https:\/\/oceancamper.com\/wp-content\/uploads\/2026\/02\/campervan-rental-lisbon-castle-road-trip-e1772038497177-300x150.webp 300w, https:\/\/oceancamper.com\/wp-content\/uploads\/2026\/02\/campervan-rental-lisbon-castle-road-trip-e1772038497177-1024x513.webp 1024w, https:\/\/oceancamper.com\/wp-content\/uploads\/2026\/02\/campervan-rental-lisbon-castle-road-trip-e1772038497177-240x120.webp 240w, https:\/\/oceancamper.com\/wp-content\/uploads\/2026\/02\/campervan-rental-lisbon-castle-road-trip-e1772038497177.webp 1498w\" sizes=\"(max-width: 768px) 100vw, 768px\" \/><\/a><\/figure><div class=\"elementor-image-box-content\"><h3 class=\"elementor-image-box-title\"><a href=\"https:\/\/oceancamper.com\/da\/udlejning-af-autocamper\/lissabon\/\">Lissabon<\/a><\/h3><p class=\"elementor-image-box-description\">Lissabon-Montijo, p\u00e5 den anden side af floden fra byen. Sintra, Ericeira, Nazar\u00e9 og nordp\u00e5. <\/p><\/div><\/div>\t\t\t\t<\/div>\n\t\t\t\t<\/div>\n\t\t\t\t<div class=\"elementor-element elementor-element-751640c elementor-align-center elementor-widget elementor-widget-button\" data-id=\"751640c\" data-element_type=\"widget\" data-e-type=\"widget\" data-widget_type=\"button.default\">\n\t\t\t\t<div class=\"elementor-widget-container\">\n\t\t\t\t\t\t\t\t\t<div class=\"elementor-button-wrapper\">\n\t\t\t\t\t<a class=\"elementor-button elementor-button-link elementor-size-sm\" href=\"https:\/\/oceancamper.com\/da\/udlejning-af-autocamper\/lissabon\/\">\n\t\t\t\t\t\t<span class=\"elementor-button-content-wrapper\">\n\t\t\t\t\t\t\t\t\t<span class=\"elementor-button-text\">Leje i Lissabon<\/span>\n\t\t\t\t\t<\/span>\n\t\t\t\t\t<\/a>\n\t\t\t\t<\/div>\n\t\t\t\t\t\t\t\t<\/div>\n\t\t\t\t<\/div>\n\t\t\t\t\t<\/div>\n\t\t<\/div>\n\t\t\t\t\t<\/div>\n\t\t<\/section>\n\t\t\t\t<div class=\"elementor-element elementor-element-f7a524a elementor-widget elementor-widget-text-editor\" data-id=\"f7a524a\" data-element_type=\"widget\" data-e-type=\"widget\" data-widget_type=\"text-editor.default\">\n\t\t\t\t<div class=\"elementor-widget-container\">\n\t\t\t\t\t\t\t\t\t<p>Er du i tvivl om, hvilken du skal v\u00e6lge?  <a href=\"https:\/\/oceancamper.com\/da\/udlejning-af-autocamper\/\">Sammenlign de to.<\/a><\/p>\t\t\t\t\t\t\t\t<\/div>\n\t\t\t\t<\/div>\n\t\t\t\t\t<\/div>\n\t\t<\/div>\n\t\t\t\t\t<\/div>\n\t\t<\/section>\n\t\t\t\t\t<\/div>\n\t\t<\/div>\n\t\t\t\t\t<\/div>\n\t\t<\/section>\n\t\t\t\t<section class=\"elementor-section elementor-top-section elementor-element elementor-element-2118801 elementor-section-stretched elementor-section-boxed elementor-section-height-default elementor-section-height-default\" data-id=\"2118801\" data-element_type=\"section\" data-e-type=\"section\" data-settings=\"{&quot;stretch_section&quot;:&quot;section-stretched&quot;,&quot;background_background&quot;:&quot;classic&quot;}\">\n\t\t\t\t\t\t<div class=\"elementor-container elementor-column-gap-default\">\n\t\t\t\t\t<div class=\"elementor-column elementor-col-100 elementor-top-column elementor-element elementor-element-228f32d\" data-id=\"228f32d\" data-element_type=\"column\" data-e-type=\"column\">\n\t\t\t<div class=\"elementor-widget-wrap elementor-element-populated\">\n\t\t\t\t\t\t<section class=\"elementor-section elementor-inner-section elementor-element elementor-element-f29c406 elementor-section-boxed elementor-section-height-default elementor-section-height-default\" data-id=\"f29c406\" data-element_type=\"section\" data-e-type=\"section\">\n\t\t\t\t\t\t<div class=\"elementor-container elementor-column-gap-default\">\n\t\t\t\t\t<div class=\"elementor-column elementor-col-100 elementor-inner-column elementor-element elementor-element-e7e4d61\" data-id=\"e7e4d61\" data-element_type=\"column\" data-e-type=\"column\">\n\t\t\t<div class=\"elementor-widget-wrap elementor-element-populated\">\n\t\t\t\t\t\t<div class=\"elementor-element elementor-element-c4c3fda elementor-widget elementor-widget-heading\" data-id=\"c4c3fda\" data-element_type=\"widget\" data-e-type=\"widget\" data-widget_type=\"heading.default\">\n\t\t\t\t<div class=\"elementor-widget-container\">\n\t\t\t\t\t<h2 class=\"elementor-heading-title elementor-size-default\">Alle vores autocampere inkluderer<\/h2>\t\t\t\t<\/div>\n\t\t\t\t<\/div>\n\t\t\t\t\t<\/div>\n\t\t<\/div>\n\t\t\t\t\t<\/div>\n\t\t<\/section>\n\t\t\t\t<section class=\"elementor-section elementor-inner-section elementor-element elementor-element-2e43946 elementor-section-boxed elementor-section-height-default elementor-section-height-default elementor-invisible\" data-id=\"2e43946\" data-element_type=\"section\" data-e-type=\"section\" data-settings=\"{&quot;animation&quot;:&quot;fadeInUp&quot;}\">\n\t\t\t\t\t\t<div class=\"elementor-container elementor-column-gap-default\">\n\t\t\t\t\t<div class=\"elementor-column elementor-col-16 elementor-inner-column elementor-element elementor-element-127cd7c\" data-id=\"127cd7c\" data-element_type=\"column\" data-e-type=\"column\" data-settings=\"{&quot;background_background&quot;:&quot;classic&quot;}\">\n\t\t\t<div class=\"elementor-widget-wrap elementor-element-populated\">\n\t\t\t\t\t<div class=\"elementor-background-overlay\"><\/div>\n\t\t\t\t\t\t<div class=\"elementor-element elementor-element-db6fb5c elementor-position-top elementor-widget elementor-widget-image-box\" data-id=\"db6fb5c\" data-element_type=\"widget\" data-e-type=\"widget\" data-widget_type=\"image-box.default\">\n\t\t\t\t<div class=\"elementor-widget-container\">\n\t\t\t\t\t<div class=\"elementor-image-box-wrapper\"><figure class=\"elementor-image-box-img\"><img decoding=\"async\" src=\"https:\/\/oceancamper.com\/wp-content\/uploads\/elementor\/thumbs\/camp-pack-q88hs6ivljx13pvp83w8208p0qiu9bmd9og3eo7l6q.png\" title=\"Camp-pakke\" alt=\"ikon for lejrpakke\" class=\"elementor-animation-pop\" loading=\"lazy\" \/><\/figure><div class=\"elementor-image-box-content\"><h3 class=\"elementor-image-box-title\">Lejrpakke<\/h3><p class=\"elementor-image-box-description\">Bord, stole, spil, USB-oplader<\/p><\/div><\/div>\t\t\t\t<\/div>\n\t\t\t\t<\/div>\n\t\t\t\t\t<\/div>\n\t\t<\/div>\n\t\t\t\t<div class=\"elementor-column elementor-col-16 elementor-inner-column elementor-element elementor-element-7d047d6\" data-id=\"7d047d6\" data-element_type=\"column\" data-e-type=\"column\" data-settings=\"{&quot;background_background&quot;:&quot;classic&quot;}\">\n\t\t\t<div class=\"elementor-widget-wrap elementor-element-populated\">\n\t\t\t\t\t<div class=\"elementor-background-overlay\"><\/div>\n\t\t\t\t\t\t<div class=\"elementor-element elementor-element-e065648 elementor-position-top elementor-widget elementor-widget-image-box\" data-id=\"e065648\" data-element_type=\"widget\" data-e-type=\"widget\" data-widget_type=\"image-box.default\">\n\t\t\t\t<div class=\"elementor-widget-container\">\n\t\t\t\t\t<div class=\"elementor-image-box-wrapper\"><figure class=\"elementor-image-box-img\"><img decoding=\"async\" src=\"https:\/\/oceancamper.com\/wp-content\/uploads\/elementor\/thumbs\/body-care-1-q88hs5l1epvqs3x2dlhlhih8fcnh1mimxjslxe8zcy.png\" title=\"kropspleje\" alt=\"ikon for kropspleje\" class=\"elementor-animation-pop\" loading=\"lazy\" \/><\/figure><div class=\"elementor-image-box-content\"><h3 class=\"elementor-image-box-title\">Kropspleje<\/h3><p class=\"elementor-image-box-description\">S\u00e6be, shampoo, h\u00e5ndkl\u00e6der, toiletpapir<\/p><\/div><\/div>\t\t\t\t<\/div>\n\t\t\t\t<\/div>\n\t\t\t\t\t<\/div>\n\t\t<\/div>\n\t\t\t\t<div class=\"elementor-column elementor-col-16 elementor-inner-column elementor-element elementor-element-9956e40\" data-id=\"9956e40\" data-element_type=\"column\" data-e-type=\"column\" data-settings=\"{&quot;background_background&quot;:&quot;classic&quot;}\">\n\t\t\t<div class=\"elementor-widget-wrap elementor-element-populated\">\n\t\t\t\t\t<div class=\"elementor-background-overlay\"><\/div>\n\t\t\t\t\t\t<div class=\"elementor-element elementor-element-6916222 elementor-position-top elementor-widget elementor-widget-image-box\" data-id=\"6916222\" data-element_type=\"widget\" data-e-type=\"widget\" data-widget_type=\"image-box.default\">\n\t\t\t\t<div class=\"elementor-widget-container\">\n\t\t\t\t\t<div class=\"elementor-image-box-wrapper\"><figure class=\"elementor-image-box-img\"><img decoding=\"async\" src=\"https:\/\/oceancamper.com\/wp-content\/uploads\/elementor\/thumbs\/cooking-ware-q88hs6ivljx13pvp83w8208p0qiu9bmd9og3eo7l6q.png\" title=\"k\u00f8kkenet\" alt=\"K\u00f8kken-ikonet\" class=\"elementor-animation-pop\" loading=\"lazy\" \/><\/figure><div class=\"elementor-image-box-content\"><h3 class=\"elementor-image-box-title\">K\u00f8kkenet<\/h3><p class=\"elementor-image-box-description\">Tallerkener, gryder, kopper, pander, komfur, k\u00f8leboks<\/p><\/div><\/div>\t\t\t\t<\/div>\n\t\t\t\t<\/div>\n\t\t\t\t\t<\/div>\n\t\t<\/div>\n\t\t\t\t<div class=\"elementor-column elementor-col-16 elementor-inner-column elementor-element elementor-element-232e53a\" data-id=\"232e53a\" data-element_type=\"column\" data-e-type=\"column\" data-settings=\"{&quot;background_background&quot;:&quot;classic&quot;}\">\n\t\t\t<div class=\"elementor-widget-wrap elementor-element-populated\">\n\t\t\t\t\t<div class=\"elementor-background-overlay\"><\/div>\n\t\t\t\t\t\t<div class=\"elementor-element elementor-element-a021c9d elementor-position-top elementor-widget elementor-widget-image-box\" data-id=\"a021c9d\" data-element_type=\"widget\" data-e-type=\"widget\" data-widget_type=\"image-box.default\">\n\t\t\t\t<div class=\"elementor-widget-container\">\n\t\t\t\t\t<div class=\"elementor-image-box-wrapper\"><figure class=\"elementor-image-box-img\"><img decoding=\"async\" src=\"https:\/\/oceancamper.com\/wp-content\/uploads\/elementor\/thumbs\/bedding1-q88hs5l1epvqs3x2dlhlhih8fcnh1mimxjslxe8zcy.png\" title=\"senget\u00f8j1\" alt=\"Senget\u00f8jsikon\" class=\"elementor-animation-pop\" loading=\"lazy\" \/><\/figure><div class=\"elementor-image-box-content\"><h3 class=\"elementor-image-box-title\">Senget\u00f8j<\/h3><p class=\"elementor-image-box-description\">Sengelinned, puder, t\u00e6pper eller soveposer<\/p><\/div><\/div>\t\t\t\t<\/div>\n\t\t\t\t<\/div>\n\t\t\t\t\t<\/div>\n\t\t<\/div>\n\t\t\t\t<div class=\"elementor-column elementor-col-16 elementor-inner-column elementor-element elementor-element-28f5655\" data-id=\"28f5655\" data-element_type=\"column\" data-e-type=\"column\" data-settings=\"{&quot;background_background&quot;:&quot;classic&quot;}\">\n\t\t\t<div class=\"elementor-widget-wrap elementor-element-populated\">\n\t\t\t\t\t<div class=\"elementor-background-overlay\"><\/div>\n\t\t\t\t\t\t<div class=\"elementor-element elementor-element-3bdcdf6 elementor-position-top elementor-widget elementor-widget-image-box\" data-id=\"3bdcdf6\" data-element_type=\"widget\" data-e-type=\"widget\" data-widget_type=\"image-box.default\">\n\t\t\t\t<div class=\"elementor-widget-container\">\n\t\t\t\t\t<div class=\"elementor-image-box-wrapper\"><figure class=\"elementor-image-box-img\"><img decoding=\"async\" src=\"https:\/\/oceancamper.com\/wp-content\/uploads\/elementor\/thumbs\/cleaning-set-q88hs7gpsdybfbuc2maumi05m4e7h0q3lt3kvy670i.png\" title=\"reng\u00f8ringss\u00e6t\" alt=\"reng\u00f8ringss\u00e6t\" class=\"elementor-animation-pop\" loading=\"lazy\" \/><\/figure><div class=\"elementor-image-box-content\"><h3 class=\"elementor-image-box-title\">Reng\u00f8ringss\u00e6t<\/h3><p class=\"elementor-image-box-description\">Vandaflejring, svamp, viskestykke, kost, reng\u00f8ringsmiddel<\/p><\/div><\/div>\t\t\t\t<\/div>\n\t\t\t\t<\/div>\n\t\t\t\t\t<\/div>\n\t\t<\/div>\n\t\t\t\t<div class=\"elementor-column elementor-col-16 elementor-inner-column elementor-element elementor-element-c106f7e\" data-id=\"c106f7e\" data-element_type=\"column\" data-e-type=\"column\" data-settings=\"{&quot;background_background&quot;:&quot;classic&quot;}\">\n\t\t\t<div class=\"elementor-widget-wrap elementor-element-populated\">\n\t\t\t\t\t<div class=\"elementor-background-overlay\"><\/div>\n\t\t\t\t\t\t<div class=\"elementor-element elementor-element-fc87c97 elementor-position-top elementor-widget elementor-widget-image-box\" data-id=\"fc87c97\" data-element_type=\"widget\" data-e-type=\"widget\" data-widget_type=\"image-box.default\">\n\t\t\t\t<div class=\"elementor-widget-container\">\n\t\t\t\t\t<div class=\"elementor-image-box-wrapper\"><figure class=\"elementor-image-box-img\"><img decoding=\"async\" src=\"https:\/\/oceancamper.com\/wp-content\/uploads\/elementor\/thumbs\/cleaning-set-q88hs7gpsdybfbuc2maumi05m4e7h0q3lt3kvy670i.png\" title=\"reng\u00f8ringss\u00e6t\" alt=\"reng\u00f8ringss\u00e6t\" class=\"elementor-animation-pop\" loading=\"lazy\" \/><\/figure><div class=\"elementor-image-box-content\"><h3 class=\"elementor-image-box-title\">Vand og brusebad<\/h3><p class=\"elementor-image-box-description\">80-liters tank med udend\u00f8rs bruser<\/p><\/div><\/div>\t\t\t\t<\/div>\n\t\t\t\t<\/div>\n\t\t\t\t\t<\/div>\n\t\t<\/div>\n\t\t\t\t\t<\/div>\n\t\t<\/section>\n\t\t\t\t\t<\/div>\n\t\t<\/div>\n\t\t\t\t\t<\/div>\n\t\t<\/section>\n\t\t\t\t<section class=\"elementor-section elementor-top-section elementor-element elementor-element-894d14f elementor-section-stretched elementor-section-boxed elementor-section-height-default elementor-section-height-default\" data-id=\"894d14f\" data-element_type=\"section\" data-e-type=\"section\" data-settings=\"{&quot;stretch_section&quot;:&quot;section-stretched&quot;,&quot;background_background&quot;:&quot;classic&quot;}\">\n\t\t\t\t\t\t<div class=\"elementor-container elementor-column-gap-default\">\n\t\t\t\t\t<div class=\"elementor-column elementor-col-100 elementor-top-column elementor-element elementor-element-d431212\" data-id=\"d431212\" data-element_type=\"column\" data-e-type=\"column\">\n\t\t\t<div class=\"elementor-widget-wrap elementor-element-populated\">\n\t\t\t\t\t\t<section class=\"elementor-section elementor-inner-section elementor-element elementor-element-f2b18d5 elementor-section-boxed elementor-section-height-default elementor-section-height-default\" data-id=\"f2b18d5\" data-element_type=\"section\" data-e-type=\"section\">\n\t\t\t\t\t\t<div class=\"elementor-container elementor-column-gap-default\">\n\t\t\t\t\t<div class=\"elementor-column elementor-col-50 elementor-inner-column elementor-element elementor-element-36adc42 elementor-invisible\" data-id=\"36adc42\" data-element_type=\"column\" data-e-type=\"column\" data-settings=\"{&quot;animation&quot;:&quot;fadeIn&quot;}\">\n\t\t\t<div class=\"elementor-widget-wrap elementor-element-populated\">\n\t\t\t\t\t\t<div class=\"elementor-element elementor-element-20e2a1c elementor-widget elementor-widget-image\" data-id=\"20e2a1c\" data-element_type=\"widget\" data-e-type=\"widget\" data-widget_type=\"image.default\">\n\t\t\t\t<div class=\"elementor-widget-container\">\n\t\t\t\t\t\t\t\t\t\t\t\t\t\t\t<img loading=\"lazy\" decoding=\"async\" width=\"800\" height=\"533\" src=\"https:\/\/oceancamper.com\/wp-content\/uploads\/2026\/02\/campervan-road-trip-portugal-atlantic-cliffs-1024x682.webp\" class=\"attachment-large size-large wp-image-232509\" alt=\"Leje af campervogne i Portugal med udsigt over klipperne ved Atlanterhavskysten\" srcset=\"https:\/\/oceancamper.com\/wp-content\/uploads\/2026\/02\/campervan-road-trip-portugal-atlantic-cliffs-1024x682.webp 1024w, https:\/\/oceancamper.com\/wp-content\/uploads\/2026\/02\/campervan-road-trip-portugal-atlantic-cliffs-300x200.webp 300w, https:\/\/oceancamper.com\/wp-content\/uploads\/2026\/02\/campervan-road-trip-portugal-atlantic-cliffs-768x512.webp 768w, https:\/\/oceancamper.com\/wp-content\/uploads\/2026\/02\/campervan-road-trip-portugal-atlantic-cliffs-1536x1024.webp 1536w, https:\/\/oceancamper.com\/wp-content\/uploads\/2026\/02\/campervan-road-trip-portugal-atlantic-cliffs-2048x1365.webp 2048w, https:\/\/oceancamper.com\/wp-content\/uploads\/2026\/02\/campervan-road-trip-portugal-atlantic-cliffs-240x160.webp 240w\" sizes=\"(max-width: 800px) 100vw, 800px\" \/>\t\t\t\t\t\t\t\t\t\t\t\t\t\t\t<\/div>\n\t\t\t\t<\/div>\n\t\t\t\t\t<\/div>\n\t\t<\/div>\n\t\t\t\t<div class=\"elementor-column elementor-col-50 elementor-inner-column elementor-element elementor-element-64867ae\" data-id=\"64867ae\" data-element_type=\"column\" data-e-type=\"column\">\n\t\t\t<div class=\"elementor-widget-wrap\">\n\t\t\t\t\t\t\t<\/div>\n\t\t<\/div>\n\t\t\t\t\t<\/div>\n\t\t<\/section>\n\t\t\t\t<section class=\"elementor-section elementor-inner-section elementor-element elementor-element-c4fce90 elementor-section-boxed elementor-section-height-default elementor-section-height-default\" data-id=\"c4fce90\" data-element_type=\"section\" data-e-type=\"section\">\n\t\t\t\t\t\t<div class=\"elementor-container elementor-column-gap-default\">\n\t\t\t\t\t<div class=\"elementor-column elementor-col-50 elementor-inner-column elementor-element elementor-element-c95360d\" data-id=\"c95360d\" data-element_type=\"column\" data-e-type=\"column\">\n\t\t\t<div class=\"elementor-widget-wrap\">\n\t\t\t\t\t\t\t<\/div>\n\t\t<\/div>\n\t\t\t\t<div class=\"elementor-column elementor-col-50 elementor-inner-column elementor-element elementor-element-dba0dda elementor-invisible\" data-id=\"dba0dda\" data-element_type=\"column\" data-e-type=\"column\" data-settings=\"{&quot;background_background&quot;:&quot;classic&quot;,&quot;animation&quot;:&quot;fadeInUp&quot;}\">\n\t\t\t<div class=\"elementor-widget-wrap elementor-element-populated\">\n\t\t\t\t\t<div class=\"elementor-background-overlay\"><\/div>\n\t\t\t\t\t\t<div class=\"elementor-element elementor-element-2f54927 elementor-widget elementor-widget-heading\" data-id=\"2f54927\" data-element_type=\"widget\" data-e-type=\"widget\" data-widget_type=\"heading.default\">\n\t\t\t\t<div class=\"elementor-widget-container\">\n\t\t\t\t\t<h2 class=\"elementor-heading-title elementor-size-default\">Om os<\/h2>\t\t\t\t<\/div>\n\t\t\t\t<\/div>\n\t\t\t\t<div class=\"elementor-element elementor-element-bb833a9 elementor-widget elementor-widget-text-editor\" data-id=\"bb833a9\" data-element_type=\"widget\" data-e-type=\"widget\" data-widget_type=\"text-editor.default\">\n\t\t\t\t<div class=\"elementor-widget-container\">\n\t\t\t\t\t\t\t\t\t<p><strong>Vi er et familiedrevet udlejningsfirma for campervans i Faro, Portugal, og har v\u00e6ret i branchen siden 2017.<\/strong><br\/>Vores mission er enkel: at give dig en afslappet og uforglemmelig campervan-oplevelse. Derfor l\u00e6gger vi v\u00e6gt p\u00e5: <\/p><ul><li>Fair, gennemsigtige priser<\/li><li>Enkle, funktionelle Campervans (sm\u00e5, plus \u00e9n til tre personer)<\/li><li>Lokalkendskab til Algarve og Lissabon-omr\u00e5det<\/li><li>Tips til campingpladser, lokal mad og vandsport<\/li><\/ul>\t\t\t\t\t\t\t\t<\/div>\n\t\t\t\t<\/div>\n\t\t\t\t<div class=\"elementor-element elementor-element-c27804a elementor-align-left elementor-tablet-align-left elementor-mobile-align-center elementor-widget elementor-widget-button\" data-id=\"c27804a\" data-element_type=\"widget\" data-e-type=\"widget\" data-widget_type=\"button.default\">\n\t\t\t\t<div class=\"elementor-widget-container\">\n\t\t\t\t\t\t\t\t\t<div class=\"elementor-button-wrapper\">\n\t\t\t\t\t<a class=\"elementor-button elementor-button-link elementor-size-sm elementor-animation-pop\" href=\"https:\/\/oceancamper.com\/da\/om-os\/\">\n\t\t\t\t\t\t<span class=\"elementor-button-content-wrapper\">\n\t\t\t\t\t\t\t\t\t<span class=\"elementor-button-text\">Vores historie<\/span>\n\t\t\t\t\t<\/span>\n\t\t\t\t\t<\/a>\n\t\t\t\t<\/div>\n\t\t\t\t\t\t\t\t<\/div>\n\t\t\t\t<\/div>\n\t\t\t\t\t<\/div>\n\t\t<\/div>\n\t\t\t\t\t<\/div>\n\t\t<\/section>\n\t\t\t\t\t<\/div>\n\t\t<\/div>\n\t\t\t\t\t<\/div>\n\t\t<\/section>\n\t\t\t\t<section class=\"elementor-section elementor-top-section elementor-element elementor-element-4e1ac71 elementor-section-stretched elementor-section-boxed elementor-section-height-default elementor-section-height-default\" data-id=\"4e1ac71\" data-element_type=\"section\" data-e-type=\"section\" data-settings=\"{&quot;stretch_section&quot;:&quot;section-stretched&quot;,&quot;background_background&quot;:&quot;classic&quot;}\">\n\t\t\t\t\t\t<div class=\"elementor-container elementor-column-gap-default\">\n\t\t\t\t\t<div class=\"elementor-column elementor-col-100 elementor-top-column elementor-element elementor-element-ff1d1d6\" data-id=\"ff1d1d6\" data-element_type=\"column\" data-e-type=\"column\">\n\t\t\t<div class=\"elementor-widget-wrap elementor-element-populated\">\n\t\t\t\t\t\t<section class=\"elementor-section elementor-inner-section elementor-element elementor-element-287bcf3 elementor-section-boxed elementor-section-height-default elementor-section-height-default\" data-id=\"287bcf3\" data-element_type=\"section\" data-e-type=\"section\">\n\t\t\t\t\t\t<div class=\"elementor-container elementor-column-gap-default\">\n\t\t\t\t\t<div class=\"elementor-column elementor-col-100 elementor-inner-column elementor-element elementor-element-d7c01e0\" data-id=\"d7c01e0\" data-element_type=\"column\" data-e-type=\"column\">\n\t\t\t<div class=\"elementor-widget-wrap elementor-element-populated\">\n\t\t\t\t\t\t<div class=\"elementor-element elementor-element-7e791a2 elementor-widget elementor-widget-heading\" data-id=\"7e791a2\" data-element_type=\"widget\" data-e-type=\"widget\" data-widget_type=\"heading.default\">\n\t\t\t\t<div class=\"elementor-widget-container\">\n\t\t\t\t\t<h2 class=\"elementor-heading-title elementor-size-default\">Tips til bilferie i Algarve og Portugal<\/h2>\t\t\t\t<\/div>\n\t\t\t\t<\/div>\n\t\t\t\t<div class=\"elementor-element elementor-element-859bc9a elementor-widget elementor-widget-text-editor\" data-id=\"859bc9a\" data-element_type=\"widget\" data-e-type=\"widget\" data-widget_type=\"text-editor.default\">\n\t\t\t\t<div class=\"elementor-widget-container\">\n\t\t\t\t\t\t\t\t\t<p>Ruter til bilture, campingpladser og pakketips fra folk, der k\u00f8rer p\u00e5 disse veje hver uge.<\/p>\t\t\t\t\t\t\t\t<\/div>\n\t\t\t\t<\/div>\n\t\t\t\t<div class=\"elementor-element elementor-element-6819438 elementor-align-center elementor-tablet-align-center elementor-mobile-align-center elementor-widget elementor-widget-button\" data-id=\"6819438\" data-element_type=\"widget\" data-e-type=\"widget\" data-widget_type=\"button.default\">\n\t\t\t\t<div class=\"elementor-widget-container\">\n\t\t\t\t\t\t\t\t\t<div class=\"elementor-button-wrapper\">\n\t\t\t\t\t<a class=\"elementor-button elementor-button-link elementor-size-sm elementor-animation-pop\" href=\"https:\/\/oceancamper.com\/da\/blog\/\">\n\t\t\t\t\t\t<span class=\"elementor-button-content-wrapper\">\n\t\t\t\t\t\t\t\t\t<span class=\"elementor-button-text\">Tjek vores Surf Camp-guide<\/span>\n\t\t\t\t\t<\/span>\n\t\t\t\t\t<\/a>\n\t\t\t\t<\/div>\n\t\t\t\t\t\t\t\t<\/div>\n\t\t\t\t<\/div>\n\t\t\t\t\t<\/div>\n\t\t<\/div>\n\t\t\t\t\t<\/div>\n\t\t<\/section>\n\t\t\t\t\t<\/div>\n\t\t<\/div>\n\t\t\t\t\t<\/div>\n\t\t<\/section>\n\t\t\t\t<section class=\"elementor-section elementor-top-section elementor-element elementor-element-4807da4 elementor-section-boxed elementor-section-height-default elementor-section-height-default\" data-id=\"4807da4\" data-element_type=\"section\" data-e-type=\"section\">\n\t\t\t\t\t\t<div class=\"elementor-container elementor-column-gap-default\">\n\t\t\t\t\t<div class=\"elementor-column elementor-col-100 elementor-top-column elementor-element elementor-element-1026014\" data-id=\"1026014\" data-element_type=\"column\" data-e-type=\"column\">\n\t\t\t<div class=\"elementor-widget-wrap elementor-element-populated\">\n\t\t\t\t\t\t<section class=\"elementor-section elementor-inner-section elementor-element elementor-element-2c5cfd8 elementor-section-boxed elementor-section-height-default elementor-section-height-default elementor-invisible\" data-id=\"2c5cfd8\" data-element_type=\"section\" data-e-type=\"section\" data-settings=\"{&quot;animation&quot;:&quot;fadeInUp&quot;}\">\n\t\t\t\t\t\t<div class=\"elementor-container elementor-column-gap-default\">\n\t\t\t\t\t<div class=\"elementor-column elementor-col-25 elementor-inner-column elementor-element elementor-element-b026891\" data-id=\"b026891\" data-element_type=\"column\" data-e-type=\"column\" data-settings=\"{&quot;background_background&quot;:&quot;classic&quot;}\">\n\t\t\t<div class=\"elementor-widget-wrap elementor-element-populated\">\n\t\t\t\t\t<div class=\"elementor-background-overlay\"><\/div>\n\t\t\t\t\t\t<div class=\"elementor-element elementor-element-1efd9d0 elementor-position-top elementor-widget elementor-widget-image-box\" data-id=\"1efd9d0\" data-element_type=\"widget\" data-e-type=\"widget\" data-widget_type=\"image-box.default\">\n\t\t\t\t<div class=\"elementor-widget-container\">\n\t\t\t\t\t<div class=\"elementor-image-box-wrapper\"><figure class=\"elementor-image-box-img\"><img decoding=\"async\" src=\"https:\/\/oceancamper.com\/wp-content\/uploads\/elementor\/thumbs\/location-q88hsyq1akzms0qqng314t4iuanuo8qbdk0nsz1s02.png\" title=\"placering\" alt=\"placering\" class=\"elementor-animation-pop\" loading=\"lazy\" \/><\/figure><div class=\"elementor-image-box-content\"><h3 class=\"elementor-image-box-title\">Start i Faro eller Lissabon<\/h3><p class=\"elementor-image-box-description\">T\u00e6t p\u00e5 lufthavnen<\/p><\/div><\/div>\t\t\t\t<\/div>\n\t\t\t\t<\/div>\n\t\t\t\t\t<\/div>\n\t\t<\/div>\n\t\t\t\t<div class=\"elementor-column elementor-col-25 elementor-inner-column elementor-element elementor-element-0151e15\" data-id=\"0151e15\" data-element_type=\"column\" data-e-type=\"column\" data-settings=\"{&quot;background_background&quot;:&quot;classic&quot;}\">\n\t\t\t<div class=\"elementor-widget-wrap elementor-element-populated\">\n\t\t\t\t\t<div class=\"elementor-background-overlay\"><\/div>\n\t\t\t\t\t\t<div class=\"elementor-element elementor-element-94dc691 elementor-position-top elementor-widget elementor-widget-image-box\" data-id=\"94dc691\" data-element_type=\"widget\" data-e-type=\"widget\" data-widget_type=\"image-box.default\">\n\t\t\t\t<div class=\"elementor-widget-container\">\n\t\t\t\t\t<div class=\"elementor-image-box-wrapper\"><figure class=\"elementor-image-box-img\"><img decoding=\"async\" src=\"https:\/\/oceancamper.com\/wp-content\/uploads\/elementor\/thumbs\/check-in-check-out-icon-q88hsznvhf0x3mpdhyhnpavzfoj7vxu1poo5a90dtu.png\" title=\"check-in-check-out-ikon\" alt=\"check-in check-out ikon\" class=\"elementor-animation-pop\" loading=\"lazy\" \/><\/figure><div class=\"elementor-image-box-content\"><h3 class=\"elementor-image-box-title\">Sene ankomster er velkomne<\/h3><p class=\"elementor-image-box-description\">Ind fra 14:00, ud indtil 11:00<\/p><\/div><\/div>\t\t\t\t<\/div>\n\t\t\t\t<\/div>\n\t\t\t\t\t<\/div>\n\t\t<\/div>\n\t\t\t\t<div class=\"elementor-column elementor-col-25 elementor-inner-column elementor-element elementor-element-4c805db\" data-id=\"4c805db\" data-element_type=\"column\" data-e-type=\"column\" data-settings=\"{&quot;background_background&quot;:&quot;classic&quot;}\">\n\t\t\t<div class=\"elementor-widget-wrap elementor-element-populated\">\n\t\t\t\t\t<div class=\"elementor-background-overlay\"><\/div>\n\t\t\t\t\t\t<div class=\"elementor-element elementor-element-b03bb0d elementor-position-top elementor-widget elementor-widget-image-box\" data-id=\"b03bb0d\" data-element_type=\"widget\" data-e-type=\"widget\" data-widget_type=\"image-box.default\">\n\t\t\t\t<div class=\"elementor-widget-container\">\n\t\t\t\t\t<div class=\"elementor-image-box-wrapper\"><figure class=\"elementor-image-box-img\"><img decoding=\"async\" src=\"https:\/\/oceancamper.com\/wp-content\/uploads\/elementor\/thumbs\/insurance-icon-1-q88ht0lpo927f8o0cgwa9sng12el3mxs1tbmriyznm.png\" title=\"forsikrings-ikon\" alt=\"forsikrings-ikon\" class=\"elementor-animation-pop\" loading=\"lazy\" \/><\/figure><div class=\"elementor-image-box-content\"><h3 class=\"elementor-image-box-title\">Gennemsigtig priss\u00e6tning<\/h3><p class=\"elementor-image-box-description\">Ingen skjulte gebyrer<\/p><\/div><\/div>\t\t\t\t<\/div>\n\t\t\t\t<\/div>\n\t\t\t\t\t<\/div>\n\t\t<\/div>\n\t\t\t\t<div class=\"elementor-column elementor-col-25 elementor-inner-column elementor-element elementor-element-b2cf969\" data-id=\"b2cf969\" data-element_type=\"column\" data-e-type=\"column\" data-settings=\"{&quot;background_background&quot;:&quot;classic&quot;}\">\n\t\t\t<div class=\"elementor-widget-wrap elementor-element-populated\">\n\t\t\t\t\t<div class=\"elementor-background-overlay\"><\/div>\n\t\t\t\t\t\t<div class=\"elementor-element elementor-element-55eebea elementor-position-top elementor-widget elementor-widget-image-box\" data-id=\"55eebea\" data-element_type=\"widget\" data-e-type=\"widget\" data-widget_type=\"image-box.default\">\n\t\t\t\t<div class=\"elementor-widget-container\">\n\t\t\t\t\t<div class=\"elementor-image-box-wrapper\"><figure class=\"elementor-image-box-img\"><img decoding=\"async\" src=\"https:\/\/oceancamper.com\/wp-content\/uploads\/elementor\/thumbs\/pay-30-per-cent-icon-q88ht1jjv33hqumn6zawuaewmg9ybc1idxz48sxlhe.png\" title=\"betal-30-per-cent-ikon\" alt=\"betale 30 procent ikon\" class=\"elementor-animation-pop\" loading=\"lazy\" \/><\/figure><div class=\"elementor-image-box-content\"><h3 class=\"elementor-image-box-title\">Book med 30% depositum<\/h3><p class=\"elementor-image-box-description\">Betal resten ved check-in<\/p><\/div><\/div>\t\t\t\t<\/div>\n\t\t\t\t<\/div>\n\t\t\t\t\t<\/div>\n\t\t<\/div>\n\t\t\t\t\t<\/div>\n\t\t<\/section>\n\t\t\t\t\t<\/div>\n\t\t<\/div>\n\t\t\t\t\t<\/div>\n\t\t<\/section>\n\t\t\t\t<section class=\"elementor-section elementor-top-section elementor-element elementor-element-9fd8f37 elementor-section-stretched elementor-section-boxed elementor-section-height-default elementor-section-height-default\" data-id=\"9fd8f37\" data-element_type=\"section\" data-e-type=\"section\" data-settings=\"{&quot;stretch_section&quot;:&quot;section-stretched&quot;,&quot;background_background&quot;:&quot;classic&quot;}\">\n\t\t\t\t\t\t<div class=\"elementor-container elementor-column-gap-default\">\n\t\t\t\t\t<div class=\"elementor-column elementor-col-100 elementor-top-column elementor-element elementor-element-52c04bf\" data-id=\"52c04bf\" data-element_type=\"column\" data-e-type=\"column\">\n\t\t\t<div class=\"elementor-widget-wrap elementor-element-populated\">\n\t\t\t\t\t\t<section class=\"elementor-section elementor-inner-section elementor-element elementor-element-25784bd elementor-section-boxed elementor-section-height-default elementor-section-height-default\" data-id=\"25784bd\" data-element_type=\"section\" data-e-type=\"section\">\n\t\t\t\t\t\t<div class=\"elementor-container elementor-column-gap-default\">\n\t\t\t\t\t<div class=\"elementor-column elementor-col-100 elementor-inner-column elementor-element elementor-element-3ba2769\" data-id=\"3ba2769\" data-element_type=\"column\" data-e-type=\"column\">\n\t\t\t<div class=\"elementor-widget-wrap elementor-element-populated\">\n\t\t\t\t\t\t<div class=\"elementor-element elementor-element-534f2e9 elementor-widget elementor-widget-heading\" data-id=\"534f2e9\" data-element_type=\"widget\" data-e-type=\"widget\" data-widget_type=\"heading.default\">\n\t\t\t\t<div class=\"elementor-widget-container\">\n\t\t\t\t\t<h2 class=\"elementor-heading-title elementor-size-default\">Leje campervan i Portugal. Ofte stillede sp\u00f8rgsm\u00e5l (FAQ) <\/h2>\t\t\t\t<\/div>\n\t\t\t\t<\/div>\n\t\t\t\t\t<\/div>\n\t\t<\/div>\n\t\t\t\t\t<\/div>\n\t\t<\/section>\n\t\t\t\t<section class=\"elementor-section elementor-inner-section elementor-element elementor-element-1063390f elementor-section-boxed elementor-section-height-default elementor-section-height-default\" data-id=\"1063390f\" data-element_type=\"section\" data-e-type=\"section\">\n\t\t\t\t\t\t<div class=\"elementor-container elementor-column-gap-default\">\n\t\t\t\t\t<div class=\"elementor-column elementor-col-100 elementor-inner-column elementor-element elementor-element-5d45e689\" data-id=\"5d45e689\" data-element_type=\"column\" data-e-type=\"column\">\n\t\t\t<div class=\"elementor-widget-wrap elementor-element-populated\">\n\t\t\t\t\t\t<div class=\"elementor-element elementor-element-77adbb4b elementor-widget elementor-widget-accordion\" data-id=\"77adbb4b\" data-element_type=\"widget\" data-e-type=\"widget\" id=\"faq-section\" data-widget_type=\"accordion.default\">\n\t\t\t\t<div class=\"elementor-widget-container\">\n\t\t\t\t\t\t\t<div class=\"elementor-accordion\">\n\t\t\t\t\t\t\t<div class=\"elementor-accordion-item\">\n\t\t\t\t\t<div id=\"elementor-tab-title-2001\" class=\"elementor-tab-title\" data-tab=\"1\" role=\"button\" aria-controls=\"elementor-tab-content-2001\" aria-expanded=\"false\">\n\t\t\t\t\t\t\t\t\t\t\t\t\t<span class=\"elementor-accordion-icon elementor-accordion-icon-left\" aria-hidden=\"true\">\n\t\t\t\t\t\t\t\t\t\t\t\t\t\t\t<span class=\"elementor-accordion-icon-closed\"><i class=\"fas fa-plus\"><\/i><\/span>\n\t\t\t\t\t\t\t\t<span class=\"elementor-accordion-icon-opened\"><i class=\"fas fa-minus\"><\/i><\/span>\n\t\t\t\t\t\t\t\t\t\t\t\t\t\t<\/span>\n\t\t\t\t\t\t\t\t\t\t\t\t<a class=\"elementor-accordion-title\" tabindex=\"0\">Hvad er inkluderet i lejen af Campervanen?<\/a>\n\t\t\t\t\t<\/div>\n\t\t\t\t\t<div id=\"elementor-tab-content-2001\" class=\"elementor-tab-content elementor-clearfix\" data-tab=\"1\" role=\"region\" aria-labelledby=\"elementor-tab-title-2001\"><p>Alt, hvad du skal bruge til at sove, lave mad og vaske. Senget\u00f8j og h\u00e5ndkl\u00e6der, et komplet k\u00f8kkenudstyr med gas, gryder, tallerkener og bestik, et bord og to stole, et k\u00f8leskab eller en k\u00f8leboks, et solcellepanel, en 80-liters vandtank med udend\u00f8rs bruser samt et reng\u00f8ringss\u00e6t. Du skal selv medbringe t\u00f8j og mad.  <\/p>\n<\/div>\n\t\t\t\t<\/div>\n\t\t\t\t\t\t\t<div class=\"elementor-accordion-item\">\n\t\t\t\t\t<div id=\"elementor-tab-title-2002\" class=\"elementor-tab-title\" data-tab=\"2\" role=\"button\" aria-controls=\"elementor-tab-content-2002\" aria-expanded=\"false\">\n\t\t\t\t\t\t\t\t\t\t\t\t\t<span class=\"elementor-accordion-icon elementor-accordion-icon-left\" aria-hidden=\"true\">\n\t\t\t\t\t\t\t\t\t\t\t\t\t\t\t<span class=\"elementor-accordion-icon-closed\"><i class=\"fas fa-plus\"><\/i><\/span>\n\t\t\t\t\t\t\t\t<span class=\"elementor-accordion-icon-opened\"><i class=\"fas fa-minus\"><\/i><\/span>\n\t\t\t\t\t\t\t\t\t\t\t\t\t\t<\/span>\n\t\t\t\t\t\t\t\t\t\t\t\t<a class=\"elementor-accordion-title\" tabindex=\"0\">Er det nemt at k\u00f8re og parkere en mini campervan i Portugal?<\/a>\n\t\t\t\t\t<\/div>\n\t\t\t\t\t<div id=\"elementor-tab-content-2002\" class=\"elementor-tab-content elementor-clearfix\" data-tab=\"2\" role=\"region\" aria-labelledby=\"elementor-tab-title-2002\"><p>Ja. Vores varevogne k\u00f8rer som en almindelig bil og kan parkere p\u00e5 en almindelig parkeringsplads. De kan ogs\u00e5 k\u00f8re under de to meter h\u00f8je bomme, der holder st\u00f8rre autocampere ude fra de bedste parkeringspladser ved kysten \u2013 og det er netop her, at den lille st\u00f8rrelse betaler sig.  <\/p>\n<\/div>\n\t\t\t\t<\/div>\n\t\t\t\t\t\t\t<div class=\"elementor-accordion-item\">\n\t\t\t\t\t<div id=\"elementor-tab-title-2003\" class=\"elementor-tab-title\" data-tab=\"3\" role=\"button\" aria-controls=\"elementor-tab-content-2003\" aria-expanded=\"false\">\n\t\t\t\t\t\t\t\t\t\t\t\t\t<span class=\"elementor-accordion-icon elementor-accordion-icon-left\" aria-hidden=\"true\">\n\t\t\t\t\t\t\t\t\t\t\t\t\t\t\t<span class=\"elementor-accordion-icon-closed\"><i class=\"fas fa-plus\"><\/i><\/span>\n\t\t\t\t\t\t\t\t<span class=\"elementor-accordion-icon-opened\"><i class=\"fas fa-minus\"><\/i><\/span>\n\t\t\t\t\t\t\t\t\t\t\t\t\t\t<\/span>\n\t\t\t\t\t\t\t\t\t\t\t\t<a class=\"elementor-accordion-title\" tabindex=\"0\">Hvad er ind- og udcheckningstiderne?<\/a>\n\t\t\t\t\t<\/div>\n\t\t\t\t\t<div id=\"elementor-tab-content-2003\" class=\"elementor-tab-content elementor-clearfix\" data-tab=\"3\" role=\"region\" aria-labelledby=\"elementor-tab-title-2003\"><p>Check-in er muligt n\u00e5r som helst fra 14:00, og check-out n\u00e5r som helst frem til 11:00. Fort\u00e6l os dine flytider, n\u00e5r du booker, s\u00e5 s\u00f8rger vi for det. <\/p>\n<\/div>\n\t\t\t\t<\/div>\n\t\t\t\t\t\t\t<div class=\"elementor-accordion-item\">\n\t\t\t\t\t<div id=\"elementor-tab-title-2004\" class=\"elementor-tab-title\" data-tab=\"4\" role=\"button\" aria-controls=\"elementor-tab-content-2004\" aria-expanded=\"false\">\n\t\t\t\t\t\t\t\t\t\t\t\t\t<span class=\"elementor-accordion-icon elementor-accordion-icon-left\" aria-hidden=\"true\">\n\t\t\t\t\t\t\t\t\t\t\t\t\t\t\t<span class=\"elementor-accordion-icon-closed\"><i class=\"fas fa-plus\"><\/i><\/span>\n\t\t\t\t\t\t\t\t<span class=\"elementor-accordion-icon-opened\"><i class=\"fas fa-minus\"><\/i><\/span>\n\t\t\t\t\t\t\t\t\t\t\t\t\t\t<\/span>\n\t\t\t\t\t\t\t\t\t\t\t\t<a class=\"elementor-accordion-title\" tabindex=\"0\">Er der en minimumslejeperiode?<\/a>\n\t\t\t\t\t<\/div>\n\t\t\t\t\t<div id=\"elementor-tab-content-2004\" class=\"elementor-tab-content elementor-clearfix\" data-tab=\"4\" role=\"region\" aria-labelledby=\"elementor-tab-title-2004\"><p>To overnatninger. Weekendophold er velkomne. <\/p>\n<\/div>\n\t\t\t\t<\/div>\n\t\t\t\t\t\t\t<div class=\"elementor-accordion-item\">\n\t\t\t\t\t<div id=\"elementor-tab-title-2005\" class=\"elementor-tab-title\" data-tab=\"5\" role=\"button\" aria-controls=\"elementor-tab-content-2005\" aria-expanded=\"false\">\n\t\t\t\t\t\t\t\t\t\t\t\t\t<span class=\"elementor-accordion-icon elementor-accordion-icon-left\" aria-hidden=\"true\">\n\t\t\t\t\t\t\t\t\t\t\t\t\t\t\t<span class=\"elementor-accordion-icon-closed\"><i class=\"fas fa-plus\"><\/i><\/span>\n\t\t\t\t\t\t\t\t<span class=\"elementor-accordion-icon-opened\"><i class=\"fas fa-minus\"><\/i><\/span>\n\t\t\t\t\t\t\t\t\t\t\t\t\t\t<\/span>\n\t\t\t\t\t\t\t\t\t\t\t\t<a class=\"elementor-accordion-title\" tabindex=\"0\">Hvor kan jeg hente og aflevere Campervanen?<\/a>\n\t\t\t\t\t<\/div>\n\t\t\t\t\t<div id=\"elementor-tab-content-2005\" class=\"elementor-tab-content elementor-clearfix\" data-tab=\"5\" role=\"region\" aria-labelledby=\"elementor-tab-title-2005\"><p>Faro eller Lissabon-Montijo. I Faro ligger vi p\u00e5 Rua Aquilino Ribeiro 124, 2 km fra lufthavnen. Lissabon-Montijo ligger p\u00e5 den anden side af floden i forhold til byen, ca. 25 minutter fra centrum. Det er muligt at starte i den ene by og afslutte i den anden, afh\u00e6ngigt af tilg\u00e6ngelighed og mod betaling af et enkeltrettsgebyr.     <a href=\"https:\/\/oceancamper.com\/da\/udlejning-af-autocamper\/\">Sammenlign de to steder.<\/a><\/p>\n<\/div>\n\t\t\t\t<\/div>\n\t\t\t\t\t\t\t<div class=\"elementor-accordion-item\">\n\t\t\t\t\t<div id=\"elementor-tab-title-2006\" class=\"elementor-tab-title\" data-tab=\"6\" role=\"button\" aria-controls=\"elementor-tab-content-2006\" aria-expanded=\"false\">\n\t\t\t\t\t\t\t\t\t\t\t\t\t<span class=\"elementor-accordion-icon elementor-accordion-icon-left\" aria-hidden=\"true\">\n\t\t\t\t\t\t\t\t\t\t\t\t\t\t\t<span class=\"elementor-accordion-icon-closed\"><i class=\"fas fa-plus\"><\/i><\/span>\n\t\t\t\t\t\t\t\t<span class=\"elementor-accordion-icon-opened\"><i class=\"fas fa-minus\"><\/i><\/span>\n\t\t\t\t\t\t\t\t\t\t\t\t\t\t<\/span>\n\t\t\t\t\t\t\t\t\t\t\t\t<a class=\"elementor-accordion-title\" tabindex=\"0\">Har I Campervans med automatgear?<\/a>\n\t\t\t\t\t<\/div>\n\t\t\t\t\t<div id=\"elementor-tab-content-2006\" class=\"elementor-tab-content elementor-clearfix\" data-tab=\"6\" role=\"region\" aria-labelledby=\"elementor-tab-title-2006\"><p>Ja. <a href=\"https:\/\/oceancamper.com\/da\/autocampere\/oasis-automatisk-autocamper\/\">Oasis Automatic<\/a> er den samme varevogn som Indigo, men med automatgear. Den er popul\u00e6r p\u00e5 den kuperede vestkyst, og den bliver hurtigt udsolgt om sommeren.  <\/p>\n<\/div>\n\t\t\t\t<\/div>\n\t\t\t\t\t\t\t<div class=\"elementor-accordion-item\">\n\t\t\t\t\t<div id=\"elementor-tab-title-2007\" class=\"elementor-tab-title\" data-tab=\"7\" role=\"button\" aria-controls=\"elementor-tab-content-2007\" aria-expanded=\"false\">\n\t\t\t\t\t\t\t\t\t\t\t\t\t<span class=\"elementor-accordion-icon elementor-accordion-icon-left\" aria-hidden=\"true\">\n\t\t\t\t\t\t\t\t\t\t\t\t\t\t\t<span class=\"elementor-accordion-icon-closed\"><i class=\"fas fa-plus\"><\/i><\/span>\n\t\t\t\t\t\t\t\t<span class=\"elementor-accordion-icon-opened\"><i class=\"fas fa-minus\"><\/i><\/span>\n\t\t\t\t\t\t\t\t\t\t\t\t\t\t<\/span>\n\t\t\t\t\t\t\t\t\t\t\t\t<a class=\"elementor-accordion-title\" tabindex=\"0\">Hvad skal jeg medbringe ved indtjekningen?<\/a>\n\t\t\t\t\t<\/div>\n\t\t\t\t\t<div id=\"elementor-tab-content-2007\" class=\"elementor-tab-content elementor-clearfix\" data-tab=\"7\" role=\"region\" aria-labelledby=\"elementor-tab-title-2007\"><p>Et fysisk k\u00f8rekort, der er gyldigt i EU og har v\u00e6ret i din besiddelse i mindst et \u00e5r p\u00e5 indtjekningsdagen, samt et pas eller et europ\u00e6isk ID-kort. Et digitalt k\u00f8rekort eller et foto af det accepteres ikke, s\u00e5 husk at medbringe selve kortet. <\/p>\n<\/div>\n\t\t\t\t<\/div>\n\t\t\t\t\t\t\t<div class=\"elementor-accordion-item\">\n\t\t\t\t\t<div id=\"elementor-tab-title-2008\" class=\"elementor-tab-title\" data-tab=\"8\" role=\"button\" aria-controls=\"elementor-tab-content-2008\" aria-expanded=\"false\">\n\t\t\t\t\t\t\t\t\t\t\t\t\t<span class=\"elementor-accordion-icon elementor-accordion-icon-left\" aria-hidden=\"true\">\n\t\t\t\t\t\t\t\t\t\t\t\t\t\t\t<span class=\"elementor-accordion-icon-closed\"><i class=\"fas fa-plus\"><\/i><\/span>\n\t\t\t\t\t\t\t\t<span class=\"elementor-accordion-icon-opened\"><i class=\"fas fa-minus\"><\/i><\/span>\n\t\t\t\t\t\t\t\t\t\t\t\t\t\t<\/span>\n\t\t\t\t\t\t\t\t\t\t\t\t<a class=\"elementor-accordion-title\" tabindex=\"0\">Er der en aldersgr\u00e6nse?<\/a>\n\t\t\t\t\t<\/div>\n\t\t\t\t\t<div id=\"elementor-tab-content-2008\" class=\"elementor-tab-content elementor-clearfix\" data-tab=\"8\" role=\"region\" aria-labelledby=\"elementor-tab-title-2008\"><p>Du skal have et helt \u00e5rs k\u00f8reserfaring p\u00e5 indtjekningsdagen. F\u00f8rere under 23 \u00e5r skal betale et till\u00e6g for unge f\u00f8rere, hvilket du kan g\u00f8re enten ved booking eller ved indtjekningen. <\/p>\n<\/div>\n\t\t\t\t<\/div>\n\t\t\t\t\t\t\t<div class=\"elementor-accordion-item\">\n\t\t\t\t\t<div id=\"elementor-tab-title-2009\" class=\"elementor-tab-title\" data-tab=\"9\" role=\"button\" aria-controls=\"elementor-tab-content-2009\" aria-expanded=\"false\">\n\t\t\t\t\t\t\t\t\t\t\t\t\t<span class=\"elementor-accordion-icon elementor-accordion-icon-left\" aria-hidden=\"true\">\n\t\t\t\t\t\t\t\t\t\t\t\t\t\t\t<span class=\"elementor-accordion-icon-closed\"><i class=\"fas fa-plus\"><\/i><\/span>\n\t\t\t\t\t\t\t\t<span class=\"elementor-accordion-icon-opened\"><i class=\"fas fa-minus\"><\/i><\/span>\n\t\t\t\t\t\t\t\t\t\t\t\t\t\t<\/span>\n\t\t\t\t\t\t\t\t\t\t\t\t<a class=\"elementor-accordion-title\" tabindex=\"0\">Hvilken d\u00e6kning er der?<\/a>\n\t\t\t\t\t<\/div>\n\t\t\t\t\t<div id=\"elementor-tab-content-2009\" class=\"elementor-tab-content elementor-clearfix\" data-tab=\"9\" role=\"region\" aria-labelledby=\"elementor-tab-title-2009\"><p>Alle lejeaftaler omfatter den ansvarsforsikring, der er p\u00e5kr\u00e6vet i henhold til portugisisk lovgivning, og du kan ved indtjekningen tilv\u00e6lge en forsikringspakke samt alt andet, du m\u00e5tte have brug for.  <a href=\"https:\/\/oceancamper.com\/da\/ofte-stillede-sporgsmal\/\">Se de fulde vilk\u00e5r p\u00e5 vores side med ofte stillede sp\u00f8rgsm\u00e5l.<\/a><\/p>\n<\/div>\n\t\t\t\t<\/div>\n\t\t\t\t\t\t\t\t\t\t<script type=\"application\/ld+json\">{\"@context\":\"https:\\\/\\\/schema.org\",\"@type\":\"FAQPage\",\"mainEntity\":[{\"@type\":\"Question\",\"name\":\"Hvad er inkluderet i lejen af Campervanen?\",\"acceptedAnswer\":{\"@type\":\"Answer\",\"text\":\"<p>Alt, hvad du skal bruge til at sove, lave mad og vaske. Senget\\u00f8j og h\\u00e5ndkl\\u00e6der, et komplet k\\u00f8kkenudstyr med gas, gryder, tallerkener og bestik, et bord og to stole, et k\\u00f8leskab eller en k\\u00f8leboks, et solcellepanel, en 80-liters vandtank med udend\\u00f8rs bruser samt et reng\\u00f8ringss\\u00e6t. Du skal selv medbringe t\\u00f8j og mad.  <\\\/p>\\n\"}},{\"@type\":\"Question\",\"name\":\"Er det nemt at k\\u00f8re og parkere en mini campervan i Portugal?\",\"acceptedAnswer\":{\"@type\":\"Answer\",\"text\":\"<p>Ja. Vores varevogne k\\u00f8rer som en almindelig bil og kan parkere p\\u00e5 en almindelig parkeringsplads. De kan ogs\\u00e5 k\\u00f8re under de to meter h\\u00f8je bomme, der holder st\\u00f8rre autocampere ude fra de bedste parkeringspladser ved kysten \\u2013 og det er netop her, at den lille st\\u00f8rrelse betaler sig.  <\\\/p>\\n\"}},{\"@type\":\"Question\",\"name\":\"Hvad er ind- og udcheckningstiderne?\",\"acceptedAnswer\":{\"@type\":\"Answer\",\"text\":\"<p>Check-in er muligt n\\u00e5r som helst fra 14:00, og check-out n\\u00e5r som helst frem til 11:00. Fort\\u00e6l os dine flytider, n\\u00e5r du booker, s\\u00e5 s\\u00f8rger vi for det. <\\\/p>\\n\"}},{\"@type\":\"Question\",\"name\":\"Er der en minimumslejeperiode?\",\"acceptedAnswer\":{\"@type\":\"Answer\",\"text\":\"<p>To overnatninger. Weekendophold er velkomne. <\\\/p>\\n\"}},{\"@type\":\"Question\",\"name\":\"Hvor kan jeg hente og aflevere Campervanen?\",\"acceptedAnswer\":{\"@type\":\"Answer\",\"text\":\"<p>Faro eller Lissabon-Montijo. I Faro ligger vi p\\u00e5 Rua Aquilino Ribeiro 124, 2 km fra lufthavnen. Lissabon-Montijo ligger p\\u00e5 den anden side af floden i forhold til byen, ca. 25 minutter fra centrum. Det er muligt at starte i den ene by og afslutte i den anden, afh\\u00e6ngigt af tilg\\u00e6ngelighed og mod betaling af et enkeltrettsgebyr.     <a href=\\\"https:\\\/\\\/oceancamper.com\\\/da\\\/udlejning-af-autocamper\\\/\\\">Sammenlign de to steder.<\\\/a><\\\/p>\\n\"}},{\"@type\":\"Question\",\"name\":\"Har I Campervans med automatgear?\",\"acceptedAnswer\":{\"@type\":\"Answer\",\"text\":\"<p>Ja. <a href=\\\"https:\\\/\\\/oceancamper.com\\\/da\\\/autocampere\\\/oasis-automatisk-autocamper\\\/\\\">Oasis Automatic<\\\/a> er den samme varevogn som Indigo, men med automatgear. Den er popul\\u00e6r p\\u00e5 den kuperede vestkyst, og den bliver hurtigt udsolgt om sommeren.  <\\\/p>\\n\"}},{\"@type\":\"Question\",\"name\":\"Hvad skal jeg medbringe ved indtjekningen?\",\"acceptedAnswer\":{\"@type\":\"Answer\",\"text\":\"<p>Et fysisk k\\u00f8rekort, der er gyldigt i EU og har v\\u00e6ret i din besiddelse i mindst et \\u00e5r p\\u00e5 indtjekningsdagen, samt et pas eller et europ\\u00e6isk ID-kort. Et digitalt k\\u00f8rekort eller et foto af det accepteres ikke, s\\u00e5 husk at medbringe selve kortet. <\\\/p>\\n\"}},{\"@type\":\"Question\",\"name\":\"Er der en aldersgr\\u00e6nse?\",\"acceptedAnswer\":{\"@type\":\"Answer\",\"text\":\"<p>Du skal have et helt \\u00e5rs k\\u00f8reserfaring p\\u00e5 indtjekningsdagen. F\\u00f8rere under 23 \\u00e5r skal betale et till\\u00e6g for unge f\\u00f8rere, hvilket du kan g\\u00f8re enten ved booking eller ved indtjekningen. <\\\/p>\\n\"}},{\"@type\":\"Question\",\"name\":\"Hvilken d\\u00e6kning er der?\",\"acceptedAnswer\":{\"@type\":\"Answer\",\"text\":\"<p>Alle lejeaftaler omfatter den ansvarsforsikring, der er p\\u00e5kr\\u00e6vet i henhold til portugisisk lovgivning, og du kan ved indtjekningen tilv\\u00e6lge en forsikringspakke samt alt andet, du m\\u00e5tte have brug for.  <a href=\\\"https:\\\/\\\/oceancamper.com\\\/da\\\/ofte-stillede-sporgsmal\\\/\\\">Se de fulde vilk\\u00e5r p\\u00e5 vores side med ofte stillede sp\\u00f8rgsm\\u00e5l.<\\\/a><\\\/p>\\n\"}}]}<\/script>\n\t\t\t\t\t<\/div>\n\t\t\t\t\t\t<\/div>\n\t\t\t\t<\/div>\n\t\t\t\t<div class=\"elementor-element elementor-element-a1e5d7b elementor-widget elementor-widget-html\" data-id=\"a1e5d7b\" data-element_type=\"widget\" data-e-type=\"widget\" data-widget_type=\"html.default\">\n\t\t\t\t<div class=\"elementor-widget-container\">\n\t\t\t\t\t<script>(function(){\n  function closeAll(root){\n    if(!root) return;\n    root.querySelectorAll(\".elementor-tab-title\").forEach(function(t){\n      t.classList.remove(\"elementor-active\");\n      t.setAttribute(\"aria-expanded\",\"false\");\n    });\n    root.querySelectorAll(\".elementor-tab-content\").forEach(function(c){\n      c.classList.remove(\"elementor-active\");\n      c.style.display=\"none\";\n      c.setAttribute(\"aria-hidden\",\"true\");\n    });\n  }\n  var sel=\".elementor-element-77adbb4b\";\n  closeAll(document.querySelector(sel));\n  if(window.jQuery){\n    jQuery(window).on(\"elementor\/frontend\/init\", function(){\n      elementorFrontend.hooks.addAction(\"frontend\/element_ready\/accordion.default\", function($scope){\n        if($scope && $scope[0] && $scope[0].matches(sel)) closeAll($scope[0]);\n      });\n    });\n  }\n  document.addEventListener(\"DOMContentLoaded\", function(){ closeAll(document.querySelector(sel)); });\n  window.addEventListener(\"load\", function(){ closeAll(document.querySelector(sel)); });\n})();\n<\/script>\t\t\t\t<\/div>\n\t\t\t\t<\/div>\n\t\t\t\t\t<\/div>\n\t\t<\/div>\n\t\t\t\t\t<\/div>\n\t\t<\/section>\n\t\t\t\t<div class=\"elementor-element elementor-element-d22e519 elementor-widget elementor-widget-html\" data-id=\"d22e519\" data-element_type=\"widget\" data-e-type=\"widget\" data-widget_type=\"html.default\">\n\t\t\t\t<div class=\"elementor-widget-container\">\n\t\t\t\t\t<script type=\"application\/ld+json\">{\n \"@context\": \"https:\/\/schema.org\",\n \"@type\": \"AutoRental\",\n \"@id\": \"https:\/\/oceancamper.com\/#localbusiness\",\n \"name\": \"Ocean Camper\",\n \"description\": \"Family-run campervan rental in Portugal. Fully equipped mini campervans collected 2 km from Faro Airport or at Lisbon-Montijo.\",\n \"url\": \"https:\/\/oceancamper.com\/\",\n \"image\": \"https:\/\/oceancamper.com\/wp-content\/uploads\/2026\/01\/campervan-road-trip-portugal-atlantic-cliffs.webp\",\n \"email\": \"info@oceancamper.com\",\n \"telephone\": \"+351920301044\",\n \"priceRange\": \"\u20ac39-\u20ac129\",\n \"currenciesAccepted\": \"EUR\",\n \"address\": {\n  \"@type\": \"PostalAddress\",\n  \"streetAddress\": \"Rua Aquilino Ribeiro 124\",\n  \"addressLocality\": \"Faro\",\n  \"postalCode\": \"8005-177\",\n  \"addressRegion\": \"Algarve\",\n  \"addressCountry\": \"PT\"\n },\n \"areaServed\": {\n  \"@type\": \"Country\",\n  \"name\": \"Portugal\"\n },\n \"parentOrganization\": {\n  \"@id\": \"https:\/\/oceancamper.com\/#organization\"\n }\n}<\/script>\t\t\t\t<\/div>\n\t\t\t\t<\/div>\n\t\t\t\t\t<\/div>\n\t\t<\/div>\n\t\t\t\t\t<\/div>\n\t\t<\/section>\n\t\t\t\t<\/div>\n\t\t","protected":false},"excerpt":{"rendered":"<p>Leje campervan i Portugal Din afslappede biltur starter her Fuldt udstyrede Campervans, der er sm\u00e5 nok til at kunne parkeres hvor som helst. Afhentning i Faro eller Lissabon \u2013 derefter kan du k\u00f8re, hvorhen du vil. Tjek tilg\u00e6ngelighed 5.0\u2605 Google-vurdering Over 450 anmeldelser Fuldt udstyret Inkl. senget\u00f8jss\u00e6t og meget mere Fra to overnatninger Weekendture er [&hellip;]<\/p>\n","protected":false},"author":1,"featured_media":231457,"parent":0,"menu_order":0,"comment_status":"closed","ping_status":"closed","template":"elementor_header_footer","meta":{"om_disable_all_campaigns":false,"footnotes":""},"class_list":["post-161686","page","type-page","status-publish","has-post-thumbnail","hentry"],"aioseo_notices":[],"aioseo_head":"\n\t\t<!-- All in One SEO 4.9.10 - aioseo.com -->\n\t<meta name=\"description\" content=\"Udlejning af autocampere i Portugal med afhentning i Faro eller Lissabon. Fuldt udstyrede mini-campervans til par. Start din fleksible Algarve-roadtrip i dag.\" \/>\n\t<meta name=\"robots\" content=\"max-image-preview:large\" \/>\n\t<link rel=\"canonical\" href=\"https:\/\/oceancamper.com\/\" \/>\n\t<meta name=\"generator\" content=\"All in One SEO (AIOSEO) 4.9.10\" \/>\n\t\t<meta property=\"og:locale\" content=\"da_DK\" \/>\n\t\t<meta property=\"og:site_name\" content=\"Ocean Camper - Campervan Rental in Faro, Portugal\" \/>\n\t\t<meta property=\"og:type\" content=\"article\" \/>\n\t\t<meta property=\"og:title\" content=\"Leje campervan i Portugal | Prisvenlige &amp; fuldt udstyrede campere\" \/>\n\t\t<meta property=\"og:description\" content=\"Udforsk Portugal med Ocean Camper. Fuldt udstyrede mini-campervans, uovertrufne priser og 5\u2b50 anmeldelser. Gratis afhentning n\u00e6r Faro Lufthavn. Book dit eventyr i dag!\" \/>\n\t\t<meta property=\"og:url\" content=\"https:\/\/oceancamper.com\/\" \/>\n\t\t<meta property=\"og:image\" content=\"https:\/\/oceancamper.com\/wp-content\/uploads\/2026\/02\/campervan-road-trip-portugal-atlantic-cliffs.webp\" \/>\n\t\t<meta property=\"og:image:secure_url\" content=\"https:\/\/oceancamper.com\/wp-content\/uploads\/2026\/02\/campervan-road-trip-portugal-atlantic-cliffs.webp\" \/>\n\t\t<meta property=\"og:image:width\" content=\"2560\" \/>\n\t\t<meta property=\"og:image:height\" content=\"1706\" \/>\n\t\t<meta property=\"article:published_time\" content=\"2022-01-26T18:39:36+00:00\" \/>\n\t\t<meta property=\"article:modified_time\" content=\"2026-09-05T20:12:13+00:00\" \/>\n\t\t<meta property=\"article:publisher\" content=\"https:\/\/www.facebook.com\/oceancamper\/\" \/>\n\t\t<meta name=\"twitter:card\" content=\"summary\" \/>\n\t\t<meta name=\"twitter:site\" content=\"@Ocean_Camper\" \/>\n\t\t<meta name=\"twitter:title\" content=\"Leje campervan i Portugal | Prisbillig camperudlejning i Algarve\" \/>\n\t\t<meta name=\"twitter:description\" content=\"Udforsk Portugal i fuldt udstyrede mini-campervans. Gratis afhentning n\u00e6r Faro og Lissabon lufthavn, uovertrufne priser og 5\u2b50 anmeldelser. Start din road trip med Ocean Camper!\" \/>\n\t\t<meta name=\"twitter:creator\" content=\"@Ocean_Camper\" \/>\n\t\t<meta name=\"twitter:image\" content=\"https:\/\/oceancamper.com\/wp-content\/uploads\/2026\/02\/campervan-road-trip-portugal-atlantic-cliffs.webp\" \/>\n\t\t<script type=\"application\/ld+json\" class=\"aioseo-schema\">\n\t\t\t{\"@context\":\"https:\\\/\\\/schema.org\",\"@graph\":[{\"@type\":\"BreadcrumbList\",\"@id\":\"https:\\\/\\\/oceancamper.com\\\/da\\\/#breadcrumblist\",\"itemListElement\":[{\"@type\":\"ListItem\",\"@id\":\"https:\\\/\\\/oceancamper.com\\\/da\\\/#listItem\",\"position\":1,\"name\":\"Home\",\"item\":\"https:\\\/\\\/oceancamper.com\\\/da\\\/\",\"nextItem\":{\"@type\":\"ListItem\",\"@id\":\"https:\\\/\\\/oceancamper.com\\\/da\\\/#listItem\",\"name\":\"Leje campervan i Portugal. Din nemme roadtrip starter her!\"}},{\"@type\":\"ListItem\",\"@id\":\"https:\\\/\\\/oceancamper.com\\\/da\\\/#listItem\",\"position\":2,\"name\":\"Leje campervan i Portugal. Din nemme roadtrip starter her!\",\"previousItem\":{\"@type\":\"ListItem\",\"@id\":\"https:\\\/\\\/oceancamper.com\\\/da\\\/#listItem\",\"name\":\"Home\"}}]},{\"@type\":\"Organization\",\"@id\":\"https:\\\/\\\/oceancamper.com\\\/da\\\/#organization\",\"name\":\"Ocean Camper\",\"description\":\"Ocean Camper provides affordable campervan rental in Portugal with fully equipped campervans for up to three people, available in Faro and Lisbon for flexible road trips.\",\"url\":\"https:\\\/\\\/oceancamper.com\\\/da\\\/\",\"email\":\"info@oceancamper.com\",\"telephone\":\"+351920301044\",\"foundingDate\":\"2017-04-19\",\"numberOfEmployees\":{\"@type\":\"QuantitativeValue\",\"minValue\":0,\"maxValue\":10},\"logo\":{\"@type\":\"ImageObject\",\"url\":\"https:\\\/\\\/oceancamper.com\\\/wp-content\\\/uploads\\\/2022\\\/01\\\/Asset-5.png\",\"@id\":\"https:\\\/\\\/oceancamper.com\\\/da\\\/#organizationLogo\",\"width\":662,\"height\":291,\"caption\":\"Ocean Camper logo\"},\"image\":{\"@id\":\"https:\\\/\\\/oceancamper.com\\\/da\\\/#organizationLogo\"},\"sameAs\":[\"https:\\\/\\\/www.facebook.com\\\/oceancamper\\\/\",\"https:\\\/\\\/x.com\\\/Ocean_Camper\",\"https:\\\/\\\/www.instagram.com\\\/oceancamper.vans\\\/\",\"https:\\\/\\\/www.tiktok.com\\\/@oceancamper.vans\",\"https:\\\/\\\/www.youtube.com\\\/@oceancamper\",\"https:\\\/\\\/www.linkedin.com\\\/company\\\/oceancamper\\\/\",\"https:\\\/\\\/www.trustpilot.com\\\/review\\\/oceancamper.com\"]},{\"@type\":\"WebPage\",\"@id\":\"https:\\\/\\\/oceancamper.com\\\/da\\\/#webpage\",\"url\":\"https:\\\/\\\/oceancamper.com\\\/da\\\/\",\"name\":\"Leje campervan i Portugal \\u2013 Din nemme biltur starter her!\",\"description\":\"Udlejning af autocampere i Portugal med afhentning i Faro eller Lissabon. Fuldt udstyrede mini-campervans til par. Start din fleksible Algarve-roadtrip i dag.\",\"inLanguage\":\"da-DK\",\"isPartOf\":{\"@id\":\"https:\\\/\\\/oceancamper.com\\\/da\\\/#website\"},\"breadcrumb\":{\"@id\":\"https:\\\/\\\/oceancamper.com\\\/da\\\/#breadcrumblist\"},\"image\":{\"@type\":\"ImageObject\",\"url\":\"https:\\\/\\\/oceancamper.com\\\/wp-content\\\/uploads\\\/2026\\\/02\\\/campervan-rental-portugal-ocean-camper.webp\",\"@id\":\"https:\\\/\\\/oceancamper.com\\\/da\\\/#mainImage\",\"width\":1200,\"height\":900,\"caption\":\"Fuldt udstyret mini campervan udlejes i Portugal af Ocean Camper.\"},\"primaryImageOfPage\":{\"@id\":\"https:\\\/\\\/oceancamper.com\\\/da\\\/#mainImage\"},\"datePublished\":\"2022-01-26T18:39:36+00:00\",\"dateModified\":\"2026-09-05T20:12:13+00:00\"},{\"@type\":\"WebSite\",\"@id\":\"https:\\\/\\\/oceancamper.com\\\/da\\\/#website\",\"url\":\"https:\\\/\\\/oceancamper.com\\\/da\\\/\",\"name\":\"Ocean Camper\",\"alternateName\":\"Ocean Camper Portugal\",\"description\":\"Campervan Rental in Faro, Portugal\",\"inLanguage\":\"da-DK\",\"publisher\":{\"@id\":\"https:\\\/\\\/oceancamper.com\\\/da\\\/#organization\"}}]}\n\t\t<\/script>\n\t\t<!-- All in One SEO -->\n\n","aioseo_head_json":{"title":"Leje campervan i Portugal \u2013 Din nemme biltur starter her!","description":"Udlejning af autocampere i Portugal med afhentning i Faro eller Lissabon. Fuldt udstyrede mini-campervans til par. Start din fleksible Algarve-roadtrip i dag.","canonical_url":"https:\/\/oceancamper.com\/","robots":"max-image-preview:large","keywords":"","webmasterTools":{"miscellaneous":""},"schema":{"@context":"https:\/\/schema.org","@graph":[{"@type":"BreadcrumbList","@id":"https:\/\/oceancamper.com\/da\/#breadcrumblist","itemListElement":[{"@type":"ListItem","@id":"https:\/\/oceancamper.com\/da\/#listItem","position":1,"name":"Home","item":"https:\/\/oceancamper.com\/da\/","nextItem":{"@type":"ListItem","@id":"https:\/\/oceancamper.com\/da\/#listItem","name":"Leje campervan i Portugal. Din nemme roadtrip starter her!"}},{"@type":"ListItem","@id":"https:\/\/oceancamper.com\/da\/#listItem","position":2,"name":"Leje campervan i Portugal. Din nemme roadtrip starter her!","previousItem":{"@type":"ListItem","@id":"https:\/\/oceancamper.com\/da\/#listItem","name":"Home"}}]},{"@type":"Organization","@id":"https:\/\/oceancamper.com\/da\/#organization","name":"Ocean Camper","description":"Ocean Camper provides affordable campervan rental in Portugal with fully equipped campervans for up to three people, available in Faro and Lisbon for flexible road trips.","url":"https:\/\/oceancamper.com\/da\/","email":"info@oceancamper.com","telephone":"+351920301044","foundingDate":"2017-04-19","numberOfEmployees":{"@type":"QuantitativeValue","minValue":0,"maxValue":10},"logo":{"@type":"ImageObject","url":"https:\/\/oceancamper.com\/wp-content\/uploads\/2022\/01\/Asset-5.png","@id":"https:\/\/oceancamper.com\/da\/#organizationLogo","width":662,"height":291,"caption":"Ocean Camper logo"},"image":{"@id":"https:\/\/oceancamper.com\/da\/#organizationLogo"},"sameAs":["https:\/\/www.facebook.com\/oceancamper\/","https:\/\/x.com\/Ocean_Camper","https:\/\/www.instagram.com\/oceancamper.vans\/","https:\/\/www.tiktok.com\/@oceancamper.vans","https:\/\/www.youtube.com\/@oceancamper","https:\/\/www.linkedin.com\/company\/oceancamper\/","https:\/\/www.trustpilot.com\/review\/oceancamper.com"]},{"@type":"WebPage","@id":"https:\/\/oceancamper.com\/da\/#webpage","url":"https:\/\/oceancamper.com\/da\/","name":"Leje campervan i Portugal \u2013 Din nemme biltur starter her!","description":"Udlejning af autocampere i Portugal med afhentning i Faro eller Lissabon. Fuldt udstyrede mini-campervans til par. Start din fleksible Algarve-roadtrip i dag.","inLanguage":"da-DK","isPartOf":{"@id":"https:\/\/oceancamper.com\/da\/#website"},"breadcrumb":{"@id":"https:\/\/oceancamper.com\/da\/#breadcrumblist"},"image":{"@type":"ImageObject","url":"https:\/\/oceancamper.com\/wp-content\/uploads\/2026\/02\/campervan-rental-portugal-ocean-camper.webp","@id":"https:\/\/oceancamper.com\/da\/#mainImage","width":1200,"height":900,"caption":"Fuldt udstyret mini campervan udlejes i Portugal af Ocean Camper."},"primaryImageOfPage":{"@id":"https:\/\/oceancamper.com\/da\/#mainImage"},"datePublished":"2022-01-26T18:39:36+00:00","dateModified":"2026-09-05T20:12:13+00:00"},{"@type":"WebSite","@id":"https:\/\/oceancamper.com\/da\/#website","url":"https:\/\/oceancamper.com\/da\/","name":"Ocean Camper","alternateName":"Ocean Camper Portugal","description":"Campervan Rental in Faro, Portugal","inLanguage":"da-DK","publisher":{"@id":"https:\/\/oceancamper.com\/da\/#organization"}}]},"og:locale":"da_DK","og:site_name":"Ocean Camper - Campervan Rental in Faro, Portugal","og:type":"article","og:title":"Leje campervan i Portugal | Prisvenlige &amp; fuldt udstyrede campere","og:description":"Udforsk Portugal med Ocean Camper. Fuldt udstyrede mini-campervans, uovertrufne priser og 5\u2b50 anmeldelser. Gratis afhentning n\u00e6r Faro Lufthavn. Book dit eventyr i dag!","og:url":"https:\/\/oceancamper.com\/","og:image":"https:\/\/oceancamper.com\/wp-content\/uploads\/2026\/02\/campervan-road-trip-portugal-atlantic-cliffs.webp","og:image:secure_url":"https:\/\/oceancamper.com\/wp-content\/uploads\/2026\/02\/campervan-road-trip-portugal-atlantic-cliffs.webp","og:image:width":2560,"og:image:height":1706,"article:published_time":"2022-01-26T18:39:36+00:00","article:modified_time":"2026-09-05T20:12:13+00:00","article:publisher":"https:\/\/www.facebook.com\/oceancamper\/","twitter:card":"summary","twitter:site":"@Ocean_Camper","twitter:title":"Leje campervan i Portugal | Prisbillig camperudlejning i Algarve","twitter:description":"Udforsk Portugal i fuldt udstyrede mini-campervans. Gratis afhentning n\u00e6r Faro og Lissabon lufthavn, uovertrufne priser og 5\u2b50 anmeldelser. Start din road trip med Ocean Camper!","twitter:creator":"@Ocean_Camper","twitter:image":"https:\/\/oceancamper.com\/wp-content\/uploads\/2026\/02\/campervan-road-trip-portugal-atlantic-cliffs.webp"},"aioseo_meta_data":{"post_id":"161686","title":"Leje campervan i Portugal \u2013 Din nemme biltur starter her!","description":"Udlejning af autocampere i Portugal med afhentning i Faro eller Lissabon. Fuldt udstyrede mini-campervans til par. Start din fleksible Algarve-roadtrip i dag.  ","keywords":null,"keyphrases":{"focus":{"keyphrase":"Campervan Rental Portugal","score":67,"analysis":{"keyphraseInTitle":{"score":9,"maxScore":9,"error":0},"keyphraseInDescription":{"score":9,"maxScore":9,"error":0},"keyphraseLength":{"score":9,"maxScore":9,"error":0,"length":3},"keyphraseInIntroduction":{"score":3,"maxScore":9,"error":1},"keyphraseInSubHeadings":{"score":3,"maxScore":9,"error":1},"keyphraseInImageAlt":{"score":9,"maxScore":9,"error":0},"keywordDensity":{"score":0,"type":"low","maxScore":9,"error":1}}},"additional":[{"keyphrase":"mini campervan Portugal","score":53,"analysis":{"keyphraseInDescription":{"score":3,"maxScore":9,"error":1},"keyphraseLength":{"score":9,"maxScore":9,"error":0,"length":3},"keyphraseInIntroduction":{"score":3,"maxScore":9,"error":1},"keyphraseInImageAlt":{"score":9,"maxScore":9,"error":0},"keywordDensity":{"score":0,"type":"low","maxScore":9,"error":1}}},{"keyphrase":"campervan hire Faro","score":53,"analysis":{"keyphraseInDescription":{"score":3,"maxScore":9,"error":1},"keyphraseLength":{"score":9,"maxScore":9,"error":0,"length":3},"keyphraseInIntroduction":{"score":3,"maxScore":9,"error":1},"keyphraseInImageAlt":{"score":9,"maxScore":9,"error":0},"keywordDensity":{"score":0,"type":"low","maxScore":9,"error":1}}},{"keyphrase":"budget campervan rental","score":53,"analysis":{"keyphraseInDescription":{"score":3,"maxScore":9,"error":1},"keyphraseLength":{"score":9,"maxScore":9,"error":0,"length":3},"keyphraseInIntroduction":{"score":3,"maxScore":9,"error":1},"keyphraseInImageAlt":{"score":9,"maxScore":9,"error":0},"keywordDensity":{"score":0,"type":"low","maxScore":9,"error":1}}},{"keyphrase":"best campervan rental Faro","score":40,"analysis":{"keyphraseInDescription":{"score":3,"maxScore":9,"error":1},"keyphraseLength":{"score":9,"maxScore":9,"error":0,"length":4},"keyphraseInIntroduction":{"score":3,"maxScore":9,"error":1},"keyphraseInImageAlt":{"score":3,"maxScore":9,"error":1},"keywordDensity":{"score":0,"type":"low","maxScore":9,"error":1}}}]},"primary_term":null,"canonical_url":"https:\/\/oceancamper.com\/","og_title":"Leje campervan i Portugal | Prisvenlige & fuldt udstyrede campere","og_description":"Udforsk Portugal med Ocean Camper. Fuldt udstyrede mini-campervans, uovertrufne priser og 5\u2b50 anmeldelser. Gratis afhentning n\u00e6r Faro Lufthavn. Book dit eventyr i dag!   ","og_object_type":"default","og_image_type":"custom_image","og_image_url":"https:\/\/oceancamper.com\/wp-content\/uploads\/2026\/02\/campervan-road-trip-portugal-atlantic-cliffs.webp","og_image_width":"662","og_image_height":"291","og_image_custom_url":"https:\/\/oceancamper.com\/wp-content\/uploads\/2026\/02\/campervan-road-trip-portugal-atlantic-cliffs.webp","og_image_custom_fields":null,"og_video":"","og_custom_url":null,"og_article_section":null,"og_article_tags":null,"twitter_use_og":false,"twitter_card":"default","twitter_image_type":"custom_image","twitter_image_url":"https:\/\/oceancamper.com\/wp-content\/uploads\/2026\/02\/campervan-road-trip-portugal-atlantic-cliffs.webp","twitter_image_custom_url":"https:\/\/oceancamper.com\/wp-content\/uploads\/2026\/02\/campervan-road-trip-portugal-atlantic-cliffs.webp","twitter_image_custom_fields":null,"twitter_title":"Leje campervan i Portugal | Prisbillig camperudlejning i Algarve","twitter_description":"Udforsk Portugal i fuldt udstyrede mini-campervans. Gratis afhentning n\u00e6r Faro og Lissabon lufthavn, uovertrufne priser og 5\u2b50 anmeldelser. Start din road trip med Ocean Camper!  ","schema":{"blockGraphs":[],"customGraphs":[{"id":"#aioseo-custom-milxju6h","custom":true,"graphName":"Review Schema","schema":"{\"@type\":\"Organization\",\"@id\":\"https:\/\/oceancamper.com\/#organization\",\"name\":\"Ocean Camper\",\"url\":\"https:\/\/oceancamper.com\/\",\"logo\":\"https:\/\/oceancamper.com\/wp-content\/uploads\/2022\/01\/campervan-home-section-min-1.jpg\",\"image\":\"https:\/\/oceancamper.com\/wp-content\/uploads\/2022\/01\/campervan-home-section-min-1.jpg\",\"email\":\"info@oceancamper.com\",\"telephone\":\"+351920301044\",\"address\":{\"@type\":\"PostalAddress\",\"streetAddress\":\"Rua Aquilino Ribeiro 124\",\"addressLocality\":\"Faro\",\"postalCode\":\"8005-177\",\"addressCountry\":\"PT\"},\"aggregateRating\":{\"@type\":\"AggregateRating\",\"ratingValue\":\"5.0\",\"reviewCount\":\"450\",\"bestRating\":\"5\",\"worstRating\":\"1\"}}"},{"id":"#aioseo-custom-localbusiness","custom":true,"graphName":"Local Business","schema":"{\"@type\":\"AutoRental\",\"@id\":\"https:\/\/oceancamper.com\/#localbusiness\",\"name\":\"Ocean Camper\",\"description\":\"Family-run campervan rental in Portugal. Fully equipped mini campervans collected 2 km from Faro Airport or at Lisbon-Montijo.\",\"url\":\"https:\/\/oceancamper.com\/\",\"image\":\"https:\/\/oceancamper.com\/wp-content\/uploads\/2026\/02\/campervan-road-trip-portugal-atlantic-cliffs.webp\",\"logo\":\"https:\/\/oceancamper.com\/wp-content\/uploads\/2022\/01\/cat.png\",\"email\":\"info@oceancamper.com\",\"telephone\":\"+351920301044\",\"priceRange\":\"\u20ac39-\u20ac129\",\"currenciesAccepted\":\"EUR\",\"address\":{\"@type\":\"PostalAddress\",\"streetAddress\":\"Rua Aquilino Ribeiro 124\",\"addressLocality\":\"Faro\",\"postalCode\":\"8005-177\",\"addressRegion\":\"Algarve\",\"addressCountry\":\"PT\"},\"areaServed\":{\"@type\":\"Country\",\"name\":\"Portugal\"},\"parentOrganization\":{\"@id\":\"https:\/\/oceancamper.com\/#organization\"}}"}],"default":{"data":{"Article":[],"Course":[],"Dataset":[],"FAQPage":[],"Movie":[],"Person":[],"Product":[],"ProductReview":[],"Car":[],"Recipe":[],"Service":[],"SoftwareApplication":[],"WebPage":{"id":"aioseo-web-page-6394f5e33259e","slug":"web-page","graphName":"WebPage","label":"Web Page","properties":{"type":"WebPage","name":"","description":""}}},"graphName":"WebPage","isEnabled":false},"graphs":[{"id":"#aioseo-service-mi7l2g58","slug":"service","graphName":"Service","label":"Service - landing page","properties":{"name":"Campervan Rental Portugal","description":"Fully equipped mini campervans for hire in Portugal, collected in Faro or Lisbon-Montijo. Family-run since 2017.","serviceType":"Campervan Rental \/ Camper Hire \/ Motorhome Hire","price":"39","currency":"EUR","image":"https:\/\/oceancamper.com\/wp-content\/uploads\/2022\/01\/bg-why-book-with-us-min-1.jpg","provider":{"name":"Ocean Camper","url":"https:\/\/oceancamper.com","image":"https:\/\/oceancamper.com\/wp-content\/uploads\/2022\/01\/Asset-5.png"}},"value":"service"}]},"schema_type":"default","schema_type_options":"{\"article\":{\"articleType\":\"BlogPosting\"},\"course\":{\"name\":\"\",\"description\":\"\",\"provider\":\"\"},\"faq\":{\"pages\":[]},\"product\":{\"reviews\":[]},\"recipe\":{\"ingredients\":[],\"instructions\":[],\"keywords\":[]},\"software\":{\"reviews\":[],\"operatingSystems\":[]},\"webPage\":{\"webPageType\":\"WebPage\"}}","pillar_content":false,"robots_default":true,"robots_noindex":false,"robots_noarchive":false,"robots_nosnippet":false,"robots_nofollow":false,"robots_noimageindex":false,"robots_noodp":false,"robots_notranslate":false,"robots_max_snippet":"-1","robots_max_videopreview":"-1","robots_max_imagepreview":"large","priority":1,"frequency":"weekly","local_seo":null,"seo_analyzer_scan_date":null,"breadcrumb_settings":null,"limit_modified_date":false,"open_ai":"{\"title\":{\"suggestions\":[],\"usage\":0},\"description\":{\"suggestions\":[],\"usage\":0}}","ai":{"faqs":[],"keyPoints":[],"schemas":[],"titles":[],"descriptions":[],"socialPosts":{"email":[],"linkedin":[],"twitter":[],"facebook":[],"instagram":[]}},"created":"2025-03-14 08:57:05","updated":"2026-09-06 23:33:15"},"aioseo_breadcrumb":"<div class=\"aioseo-breadcrumbs\"><span class=\"aioseo-breadcrumb\">\n\t\t\t<a href=\"https:\/\/oceancamper.com\/da\/\" title=\"Home\">Home<\/a>\n\t\t<\/span><span class=\"aioseo-breadcrumb-separator\">\u00bb<\/span><span class=\"aioseo-breadcrumb\">\n\t\t\tLeje campervan i Portugal. Din nemme roadtrip starter her!\n\t\t<\/span><\/div>","aioseo_breadcrumb_json":[{"label":"Home","link":"https:\/\/oceancamper.com\/da\/"},{"label":"Leje campervan i Portugal. Din nemme roadtrip starter her!","link":"https:\/\/oceancamper.com\/da\/"}],"_links":{"self":[{"href":"https:\/\/oceancamper.com\/da\/wp-json\/wp\/v2\/pages\/161686","targetHints":{"allow":["GET"]}}],"collection":[{"href":"https:\/\/oceancamper.com\/da\/wp-json\/wp\/v2\/pages"}],"about":[{"href":"https:\/\/oceancamper.com\/da\/wp-json\/wp\/v2\/types\/page"}],"author":[{"embeddable":true,"href":"https:\/\/oceancamper.com\/da\/wp-json\/wp\/v2\/users\/1"}],"replies":[{"embeddable":true,"href":"https:\/\/oceancamper.com\/da\/wp-json\/wp\/v2\/comments?post=161686"}],"version-history":[{"count":142,"href":"https:\/\/oceancamper.com\/da\/wp-json\/wp\/v2\/pages\/161686\/revisions"}],"predecessor-version":[{"id":276636,"href":"https:\/\/oceancamper.com\/da\/wp-json\/wp\/v2\/pages\/161686\/revisions\/276636"}],"wp:featuredmedia":[{"embeddable":true,"href":"https:\/\/oceancamper.com\/da\/wp-json\/wp\/v2\/media\/231457"}],"wp:attachment":[{"href":"https:\/\/oceancamper.com\/da\/wp-json\/wp\/v2\/media?parent=161686"}],"curies":[{"name":"wp","href":"https:\/\/api.w.org\/{rel}","templated":true}]}}