{"id":161857,"date":"2022-02-16T15:05:24","date_gmt":"2022-02-16T15:05:24","guid":{"rendered":"https:\/\/oceancamper.com\/podminky-a-pravidla\/"},"modified":"2026-01-19T12:17:09","modified_gmt":"2026-01-19T12:17:09","slug":"podminky-a-pravidla","status":"publish","type":"page","link":"https:\/\/oceancamper.com\/cs\/podminky-a-pravidla\/","title":{"rendered":"Podm\u00ednky a pravidla"},"content":{"rendered":"\t\t<div data-elementor-type=\"wp-page\" data-elementor-id=\"161857\" class=\"elementor elementor-161857 elementor-2783\" data-elementor-post-type=\"page\">\n\t\t\t\t\t\t<section class=\"elementor-section elementor-top-section elementor-element elementor-element-b4d0df9 elementor-section-height-min-height elementor-section-stretched elementor-section-content-middle elementor-section-boxed elementor-section-height-default elementor-section-items-middle\" data-id=\"b4d0df9\" data-element_type=\"section\" data-e-type=\"section\" data-settings=\"{&quot;stretch_section&quot;:&quot;section-stretched&quot;,&quot;background_background&quot;:&quot;classic&quot;}\">\n\t\t\t\t\t\t\t<div class=\"elementor-background-overlay\"><\/div>\n\t\t\t\t\t\t\t<div class=\"elementor-container elementor-column-gap-default\">\n\t\t\t\t\t<div class=\"elementor-column elementor-col-100 elementor-top-column elementor-element elementor-element-faa13eb\" data-id=\"faa13eb\" data-element_type=\"column\" data-e-type=\"column\">\n\t\t\t<div class=\"elementor-widget-wrap elementor-element-populated\">\n\t\t\t\t\t\t<div class=\"elementor-element elementor-element-25c194d elementor-widget elementor-widget-heading\" data-id=\"25c194d\" data-element_type=\"widget\" data-e-type=\"widget\" data-widget_type=\"heading.default\">\n\t\t\t\t<div class=\"elementor-widget-container\">\n\t\t\t\t\t<h1 class=\"elementor-heading-title elementor-size-default\">Podm\u00ednky a pravidla<\/h1>\t\t\t\t<\/div>\n\t\t\t\t<\/div>\n\t\t\t\t\t<\/div>\n\t\t<\/div>\n\t\t\t\t\t<\/div>\n\t\t<\/section>\n\t\t\t\t<section class=\"elementor-section elementor-top-section elementor-element elementor-element-da7a766 elementor-section-stretched elementor-section-boxed elementor-section-height-default elementor-section-height-default\" data-id=\"da7a766\" data-element_type=\"section\" data-e-type=\"section\" data-settings=\"{&quot;stretch_section&quot;:&quot;section-stretched&quot;,&quot;background_background&quot;:&quot;classic&quot;}\">\n\t\t\t\t\t\t<div class=\"elementor-container elementor-column-gap-default\">\n\t\t\t\t\t<div class=\"elementor-column elementor-col-100 elementor-top-column elementor-element elementor-element-81c967f\" data-id=\"81c967f\" data-element_type=\"column\" data-e-type=\"column\">\n\t\t\t<div class=\"elementor-widget-wrap elementor-element-populated\">\n\t\t\t\t\t\t<section class=\"elementor-section elementor-inner-section elementor-element elementor-element-a44bedf elementor-section-boxed elementor-section-height-default elementor-section-height-default\" data-id=\"a44bedf\" data-element_type=\"section\" data-e-type=\"section\">\n\t\t\t\t\t\t<div class=\"elementor-container elementor-column-gap-default\">\n\t\t\t\t\t<div class=\"elementor-column elementor-col-100 elementor-inner-column elementor-element elementor-element-db8fb3f\" data-id=\"db8fb3f\" data-element_type=\"column\" data-e-type=\"column\">\n\t\t\t<div class=\"elementor-widget-wrap elementor-element-populated\">\n\t\t\t\t\t\t<div class=\"elementor-element elementor-element-0ce798e elementor-widget elementor-widget-accordion\" data-id=\"0ce798e\" data-element_type=\"widget\" data-e-type=\"widget\" data-widget_type=\"accordion.default\">\n\t\t\t\t<div class=\"elementor-widget-container\">\n\t\t\t\t\t\t\t<div class=\"elementor-accordion\">\n\t\t\t\t\t\t\t<div class=\"elementor-accordion-item\">\n\t\t\t\t\t<div id=\"elementor-tab-title-1351\" class=\"elementor-tab-title\" data-tab=\"1\" role=\"button\" aria-controls=\"elementor-tab-content-1351\" aria-expanded=\"false\">\n\t\t\t\t\t\t\t\t\t\t\t\t\t<span class=\"elementor-accordion-icon elementor-accordion-icon-left\" aria-hidden=\"true\">\n\t\t\t\t\t\t\t\t\t\t\t\t\t\t\t<span class=\"elementor-accordion-icon-closed\"><i class=\"fas fa-plus\"><\/i><\/span>\n\t\t\t\t\t\t\t\t<span class=\"elementor-accordion-icon-opened\"><i class=\"fas fa-minus\"><\/i><\/span>\n\t\t\t\t\t\t\t\t\t\t\t\t\t\t<\/span>\n\t\t\t\t\t\t\t\t\t\t\t\t<a class=\"elementor-accordion-title\" tabindex=\"0\">Obecn\u00e1 definice<\/a>\n\t\t\t\t\t<\/div>\n\t\t\t\t\t<div id=\"elementor-tab-content-1351\" class=\"elementor-tab-content elementor-clearfix\" data-tab=\"1\" role=\"region\" aria-labelledby=\"elementor-tab-title-1351\"><ol>\n<li>Spole\u010dnost Nomadcanguru, lda vlastn\u00ed zna\u010dku OceanCamper\u00ae, kter\u00e1 pronaj\u00edm\u00e1 obytn\u00e9 vozy, stany, kempinkov\u00e9, sportovn\u00ed a volno\u010dasov\u00e9 vybaven\u00ed s da\u0148ov\u00fdm identifika\u010dn\u00edm \u010d\u00edslem PT514806451, dop\u0159edu tak\u00e9 ozna\u010dovan\u00e1 jako &#8222;My&#8220; nebo &#8222;N\u00e1s&#8220;.<\/li>\n<li>Osoba(y), kter\u00e1 si pronaj\u00edm\u00e1 v\u016fz nebo vybaven\u00ed, je vp\u0159edu ozna\u010dov\u00e1na jako &#8222;Vy&#8220; nebo &#8222;Z\u00e1kazn\u00edk&#8220;.<\/li>\n<\/ol>\n<\/div>\n\t\t\t\t<\/div>\n\t\t\t\t\t\t\t<div class=\"elementor-accordion-item\">\n\t\t\t\t\t<div id=\"elementor-tab-title-1352\" class=\"elementor-tab-title\" data-tab=\"2\" role=\"button\" aria-controls=\"elementor-tab-content-1352\" aria-expanded=\"false\">\n\t\t\t\t\t\t\t\t\t\t\t\t\t<span class=\"elementor-accordion-icon elementor-accordion-icon-left\" aria-hidden=\"true\">\n\t\t\t\t\t\t\t\t\t\t\t\t\t\t\t<span class=\"elementor-accordion-icon-closed\"><i class=\"fas fa-plus\"><\/i><\/span>\n\t\t\t\t\t\t\t\t<span class=\"elementor-accordion-icon-opened\"><i class=\"fas fa-minus\"><\/i><\/span>\n\t\t\t\t\t\t\t\t\t\t\t\t\t\t<\/span>\n\t\t\t\t\t\t\t\t\t\t\t\t<a class=\"elementor-accordion-title\" tabindex=\"0\">1. Rezervace a zru\u0161en\u00ed rezervace<\/a>\n\t\t\t\t\t<\/div>\n\t\t\t\t\t<div id=\"elementor-tab-content-1352\" class=\"elementor-tab-content elementor-clearfix\" data-tab=\"2\" role=\"region\" aria-labelledby=\"elementor-tab-title-1352\"><ol>\n<li>Va\u0161e rezervace je potvrzena, jakmile zaplat\u00edte 30 % z celkov\u00e9 \u010d\u00e1stky na faktu\u0159e prost\u0159ednictv\u00edm na\u0161ich webov\u00fdch str\u00e1nek.<\/li>\n<li>Storno podm\u00ednky:<\/li>\n<\/ol>\n<ul>\n<li style=\"list-style-type: none;\">\n<ul>\n<li>15 a v\u00edce dn\u00ed p\u0159ed check-inem: bude v\u00e1m vr\u00e1ceno 100 % zaplacen\u00e9 \u010d\u00e1stky po ode\u010dten\u00ed poplatk\u016f;<\/li>\n<li><span style=\"background-color: transparent; color: var( --e-global-color-text );\">M\u00e9n\u011b ne\u017e 15 dn\u00ed p\u0159ed check-inem: ;<\/span><\/li>\n<\/ul>\n<\/li>\n<\/ul>\n<div class=\"vc_row wpb_row vc_row-fluid\">\n<div class=\"wpb_column vc_column_container vc_col-sm-12\">\n<div class=\"vc_column-inner\">\n<div class=\"wpb_wrapper\">\n<div class=\"ult_exp_section_layer ult-adjust-bottom-margin \">\n<div class=\"ult_exp_content ult_active_section\">\n<div class=\"ult_ecpsub_cont\">\n<div class=\"wpb_text_column wpb_content_element \">\n<div class=\"wpb_wrapper\">\n<p><strong>M\u016f\u017eete po\u017e\u00e1dat o zm\u011bnu term\u00ednu rezervace, ta v\u0161ak z\u00e1vis\u00ed na dostupnosti a m\u016f\u017ee v\u00e9st k \u00faprav\u011b ceny.<\/strong><\/p>\n<p><strong>Mo\u017enost bezplatn\u00e9ho zru\u0161en\u00ed:<\/strong> P\u0159i v\u00fdb\u011bru t\u00e9to mo\u017enosti m\u016f\u017eete bezplatn\u011b zru\u0161it nebo zm\u011bnit rezervaci do 24 hodin p\u0159ed za\u010d\u00e1tkem cesty a my v\u00e1m poskytneme poukaz na celou \u010d\u00e1stku, kterou jste zaplatili. Poukaz bude platn\u00fd po dobu 2 let. P\u0159i zru\u0161en\u00ed rezervace m\u00e9n\u011b ne\u017e 24 hodin p\u0159ed za\u010d\u00e1tkem v\u00fdletu se pen\u00edze nevracej\u00ed.  <\/p>\n<\/div>\n<\/div>\n<\/div>\n<\/div>\n<\/div>\n<\/div>\n<\/div>\n<\/div>\n<\/div>\n<\/div>\n\t\t\t\t<\/div>\n\t\t\t\t\t\t\t<div class=\"elementor-accordion-item\">\n\t\t\t\t\t<div id=\"elementor-tab-title-1353\" class=\"elementor-tab-title\" data-tab=\"3\" role=\"button\" aria-controls=\"elementor-tab-content-1353\" aria-expanded=\"false\">\n\t\t\t\t\t\t\t\t\t\t\t\t\t<span class=\"elementor-accordion-icon elementor-accordion-icon-left\" aria-hidden=\"true\">\n\t\t\t\t\t\t\t\t\t\t\t\t\t\t\t<span class=\"elementor-accordion-icon-closed\"><i class=\"fas fa-plus\"><\/i><\/span>\n\t\t\t\t\t\t\t\t<span class=\"elementor-accordion-icon-opened\"><i class=\"fas fa-minus\"><\/i><\/span>\n\t\t\t\t\t\t\t\t\t\t\t\t\t\t<\/span>\n\t\t\t\t\t\t\t\t\t\t\t\t<a class=\"elementor-accordion-title\" tabindex=\"0\">2. Kauce a va\u0161e doklady<\/a>\n\t\t\t\t\t<\/div>\n\t\t\t\t\t<div id=\"elementor-tab-content-1353\" class=\"elementor-tab-content elementor-clearfix\" data-tab=\"3\" role=\"region\" aria-labelledby=\"elementor-tab-title-1353\"><p><strong>P\u0159i p\u0159ihl\u00e1\u0161en\u00ed je t\u0159eba p\u0159edlo\u017eit:<\/strong><\/p>\n<ol>\n<li>\u0158idi\u010dsk\u00fd pr\u016fkaz platn\u00fd v Evrop\u011b (plat\u00ed pouze pro vozidla).<\/li>\n<li>Cestovn\u00ed pas nebo ob\u010dansk\u00fd pr\u016fkaz platn\u00fd v Evrop\u011b.<\/li>\n<li>Kreditn\u00ed karta na jm\u00e9no \u0159idi\u010de s pot\u0159ebn\u00fdm kryt\u00edm pro slo\u017een\u00ed kauce. Nem\u00e1te kreditn\u00ed kartu? Kontaktujte n\u00e1s a my pro v\u00e1s najdeme \u0159e\u0161en\u00ed. Zva\u017ete pros\u00edm n\u00e1sleduj\u00edc\u00ed vklady:\n<ul>\n<li>Max. 2000 \u20ac za pron\u00e1jem auta;<\/li>\n<li>200\u20ac kauce za palivovou n\u00e1dr\u017e pro pron\u00e1jem auta;<\/li>\n<li>Max. 200 \u20ac za pron\u00e1jem stanu a kempinkov\u00e9ho vybaven\u00ed.<\/li>\n<\/ul>\n<\/li>\n<\/ol>\n<p>Z\u00e1lohu lze zablokovat z va\u0161\u00ed kreditn\u00ed karty (nap\u0159. VISA) b\u011bhem check-inu nebo ji m\u016f\u017eete p\u0159ev\u00e9st na n\u00e1\u0161 bankovn\u00ed \u00fa\u010det 3 dny p\u0159ed check-inem. Ujist\u011bte se, \u017ee va\u0161e kreditn\u00ed karta m\u00e1 pot\u0159ebn\u00e9 kryt\u00ed.<\/p>\n<p><strong>Bez slo\u017een\u00ed z\u00e1lohy nen\u00ed mo\u017en\u00e9 zah\u00e1jit z\u00e1jezd.<\/strong><\/p>\n<p>M\u016f\u017eete si zvolit dopl\u0148kov\u00e9 poji\u0161t\u011bn\u00ed, kter\u00e9 sn\u00ed\u017e\u00ed va\u0161i kauci.<\/p>\n<p>Kauce bude vr\u00e1cena do jednoho m\u011bs\u00edce, pokud nenastanou \u017e\u00e1dn\u00e9 dal\u0161\u00ed okolnosti, jako je po\u0161kozen\u00ed vozidla, zpo\u017ed\u011bn\u00ed p\u0159i obdr\u017een\u00ed zpr\u00e1vy Via Verde nebo pr\u00e1vn\u00ed spory t\u00fdkaj\u00edc\u00ed se pronajat\u00e9ho vozidla.<\/p>\n<p><strong><em>Pro\u010d z\u00e1loha? Kauce je nutn\u00e1 k pokryt\u00ed p\u0159\u00edpadn\u00fdch n\u00e1klad\u016f na \u0161kody na vozidle a vybaven\u00ed, ztracen\u00e9 v\u011bci, nedopln\u011bnou z\u00e1lohu na naftu nebo jak\u00e9koli n\u00e1klady, kter\u00e9 m\u016f\u017eete zp\u016fsobit. Po potvrzen\u00ed, \u017ee nevznikly \u017e\u00e1dn\u00e9 otev\u0159en\u00e9 n\u00e1klady, v\u00e1m bude vr\u00e1cena kauce. To m\u016f\u017ee trvat a\u017e 30 dn\u00ed po skon\u010den\u00ed doby pron\u00e1jmu.<\/em><\/strong><\/p>\n<\/div>\n\t\t\t\t<\/div>\n\t\t\t\t\t\t\t<div class=\"elementor-accordion-item\">\n\t\t\t\t\t<div id=\"elementor-tab-title-1354\" class=\"elementor-tab-title\" data-tab=\"4\" role=\"button\" aria-controls=\"elementor-tab-content-1354\" aria-expanded=\"false\">\n\t\t\t\t\t\t\t\t\t\t\t\t\t<span class=\"elementor-accordion-icon elementor-accordion-icon-left\" aria-hidden=\"true\">\n\t\t\t\t\t\t\t\t\t\t\t\t\t\t\t<span class=\"elementor-accordion-icon-closed\"><i class=\"fas fa-plus\"><\/i><\/span>\n\t\t\t\t\t\t\t\t<span class=\"elementor-accordion-icon-opened\"><i class=\"fas fa-minus\"><\/i><\/span>\n\t\t\t\t\t\t\t\t\t\t\t\t\t\t<\/span>\n\t\t\t\t\t\t\t\t\t\t\t\t<a class=\"elementor-accordion-title\" tabindex=\"0\">3. Poji\u0161t\u011bn\u00ed a ochrana proti rizik\u016fm<\/a>\n\t\t\t\t\t<\/div>\n\t\t\t\t\t<div id=\"elementor-tab-content-1354\" class=\"elementor-tab-content elementor-clearfix\" data-tab=\"4\" role=\"region\" aria-labelledby=\"elementor-tab-title-1354\"><p><strong> Poskytujeme n\u00e1sleduj\u00edc\u00ed mo\u017enosti poji\u0161t\u011bn\u00ed vozidel:<\/strong><\/p>\n<p><strong>Z\u00e1kladn\u00ed: Spolu\u00fa\u010dast <\/strong>: 1 500 \u20ac pro mal\u00fd obytn\u00fd v\u016fz nebo 2 000 \u20ac pro velk\u00fd obytn\u00fd v\u016fz. Povolen\u00fd jeden \u0159idi\u010d, v cen\u011b je zahrnuto 200 km na noc. <\/p>\n<p><strong>Bal\u00ed\u010dky p\u0159ipoji\u0161t\u011bn\u00ed:<\/strong><\/p>\n<p><strong>Pokro\u010dil\u00fd (<\/strong> bal\u00ed\u010dek s omezen\u00fdm rizikem) *: Spolu\u00fa\u010dast: 400 \u20ac pro mal\u00fd obytn\u00fd v\u016fz nebo 500 \u20ac pro velk\u00fd obytn\u00fd v\u016fz. Povoleni dva \u0159idi\u010di, po\u010det ujet\u00fdch kilometr\u016f 300 km za noc a zahrnuje ochranu pneumatik a \u010deln\u00edho skla. <\/p>\n<p><strong>Kompletn\u00ed (<\/strong> bal\u00ed\u010dek se v\u0161\u00edm v\u0161udy) *: spolu\u00fa\u010dast 200 \u20ac na spot\u0159ebn\u00ed materi\u00e1l a p\u0159\u00edplatky (z\u00e1loha na palivo, poplatek za formul\u00e1\u0159 nehodov\u00e9 pojistky atd.), povoleni dva \u0159idi\u010di, po\u010det ujet\u00fdch kilometr\u016f 400 km za noc, po\u0161kozen\u00ed \u010deln\u00edho skla a pneumatik je kryto, \u0161kody zp\u016fsoben\u00e9 bou\u0159kou jsou kryty, nulov\u00e1 spolu\u00fa\u010dast.<\/p>\n<p><strong>Mlad\u00fd \u0159idi\u010d:<\/strong> Toto poji\u0161t\u011bn\u00ed je povinn\u00e9 pro \u0159idi\u010de mlad\u0161\u00ed 23 let.<\/p>\n<p>Abyste si u n\u00e1s mohli rezervovat cestu, mus\u00edte b\u00fdt v dob\u011b p\u0159ihl\u00e1\u0161en\u00ed dr\u017eitelem \u0159idi\u010dsk\u00e9ho pr\u016fkazu alespo\u0148 jeden rok.<\/p>\n<p><strong>* \u017d\u00e1dn\u00e9 z na\u0161ich poji\u0161t\u011bn\u00ed se nevztahuje na n\u00e1sleduj\u00edc\u00ed \u0161kody a\/nebo ztr\u00e1ty:<\/strong><\/p>\n<ul>\n<li>Osobn\u00ed v\u011bci, vybaven\u00ed vozidla nebo po\u0161kozen\u00ed interi\u00e9ru (nap\u0159. sedadla, vnit\u0159n\u00ed st\u011bny, r\u00e1dio atd.);<\/li>\n<li>\u0160kody zp\u016fsoben\u00e9 vandalismem nebo odcizen\u00edm vozidla;<\/li>\n<li>Pokuty (parkovn\u00e9 apod.) nebo \u0161kody zp\u016fsoben\u00e9 nespr\u00e1vn\u00fdm nebo nedbal\u00fdm pou\u017e\u00edv\u00e1n\u00edm nebo nespr\u00e1vn\u00fdm palivem;<\/li>\n<li>\u0160kody zp\u016fsoben\u00e9 jinou osobou na pronajat\u00e9m vozidle bez kompletn\u00ed dokumentace nehody. Pokud jste nezavin\u011bn\u011b \u00fa\u010dastn\u00edkem nehody, hrad\u00ed \u0161kodu na pronajat\u00e9m vozidle druh\u00fd \u00fa\u010dastn\u00edk nehody. Ale: Je va\u0161\u00ed povinnost\u00ed identifikovat druhou stranu a \u00fa\u010dastn\u00edky nehody (registra\u010dn\u00ed zna\u010dka vozidla, jm\u00e9na a kontaktn\u00ed \u00fadaje) a zdokumentovat pr\u016fb\u011bh nehody (protokol, fotografie atd., v p\u0159\u00edpad\u011b pot\u0159eby policejn\u00ed protokol). V opa\u010dn\u00e9m p\u0159\u00edpad\u011b ponesete ve\u0161kerou \u0161kodu pouze vy.   <\/li>\n<\/ul>\n<\/div>\n\t\t\t\t<\/div>\n\t\t\t\t\t\t\t<div class=\"elementor-accordion-item\">\n\t\t\t\t\t<div id=\"elementor-tab-title-1355\" class=\"elementor-tab-title\" data-tab=\"5\" role=\"button\" aria-controls=\"elementor-tab-content-1355\" aria-expanded=\"false\">\n\t\t\t\t\t\t\t\t\t\t\t\t\t<span class=\"elementor-accordion-icon elementor-accordion-icon-left\" aria-hidden=\"true\">\n\t\t\t\t\t\t\t\t\t\t\t\t\t\t\t<span class=\"elementor-accordion-icon-closed\"><i class=\"fas fa-plus\"><\/i><\/span>\n\t\t\t\t\t\t\t\t<span class=\"elementor-accordion-icon-opened\"><i class=\"fas fa-minus\"><\/i><\/span>\n\t\t\t\t\t\t\t\t\t\t\t\t\t\t<\/span>\n\t\t\t\t\t\t\t\t\t\t\t\t<a class=\"elementor-accordion-title\" tabindex=\"0\">4. Check-out<\/a>\n\t\t\t\t\t<\/div>\n\t\t\t\t\t<div id=\"elementor-tab-content-1355\" class=\"elementor-tab-content elementor-clearfix\" data-tab=\"5\" role=\"region\" aria-labelledby=\"elementor-tab-title-1355\"><ol>\n<li>Ve\u0161ker\u00e9 pronajat\u00e9 vybaven\u00ed\/v\u016fz mus\u00edte vr\u00e1tit b\u011bhem check-outu v dohodnut\u00e9m \u010dase a na dohodnut\u00e9m m\u00edst\u011b.<\/li>\n<li>V p\u0159\u00edpad\u011b odhl\u00e1\u0161en\u00ed mimo pracovn\u00ed dobu mus\u00edte vozidlo zaparkovat na dohodnut\u00e9m parkovi\u0161ti a nesete odpov\u011bdnost za p\u0159\u00edpadn\u00e9 \u0161kody a n\u00e1klady na parkov\u00e1n\u00ed, poplatky\/pokuty, kter\u00e9 mohou vzniknout, dokud si vozidlo nevyzvedneme n\u00e1sleduj\u00edc\u00ed den.<\/li>\n<li>Na cestu zp\u011bt na m\u00edsto odbaven\u00ed si vyhra\u010fte dostatek \u010dasu a po\u010d\u00edtejte s nep\u0159edv\u00eddan\u00fdmi ud\u00e1lostmi (nap\u0159. hust\u00fd provoz, nehoda, p\u00edchl\u00e1 pneumatika atd.). N\u00e1klady na zme\u0161kan\u00e9 lety ani \u017e\u00e1dn\u00e9 souvisej\u00edc\u00ed n\u00e1klady nehrad\u00edme.<\/li>\n<li>V p\u0159\u00edpad\u011b, \u017ee za\u0159\u00edzen\u00ed nedod\u00e1te v dohodnut\u00e9m \u010dase a na dohodnut\u00e9m m\u00edst\u011b, m\u016f\u017eeme v\u00e1m \u00fa\u010dtovat n\u00e1sleduj\u00edc\u00ed poplatky:\n<ul>\n<li>Zpo\u017ed\u011bn\u00ed a\u017e 30 minut: zdarma;<\/li>\n<li>Zpo\u017ed\u011bn\u00ed del\u0161\u00ed ne\u017e 30 minut: plat\u00ed se poplatek za pozdn\u00ed n\u00e1vrat ve v\u00fd\u0161i 30 \u20ac za ka\u017edou zapo\u010datou hodinu.<\/li>\n<\/ul>\n<\/li>\n<\/ol>\n<p><strong>Upozor\u0148ujeme, \u017ee informovat n\u00e1s o jak\u00e9mkoli probl\u00e9mu nebo zpo\u017ed\u011bn\u00ed je d\u016fle\u017eit\u00e9 pro dodr\u017een\u00ed na\u0161eho \u010dasov\u00e9ho pl\u00e1nu a udr\u017een\u00ed na\u0161ich slu\u017eeb na nejvy\u0161\u0161\u00ed mo\u017en\u00e9 \u00farovni, co\u017e je zase v\u00fdhodn\u00e9 pro v\u00e1s.<\/strong><\/p>\n<\/div>\n\t\t\t\t<\/div>\n\t\t\t\t\t\t\t<div class=\"elementor-accordion-item\">\n\t\t\t\t\t<div id=\"elementor-tab-title-1356\" class=\"elementor-tab-title\" data-tab=\"6\" role=\"button\" aria-controls=\"elementor-tab-content-1356\" aria-expanded=\"false\">\n\t\t\t\t\t\t\t\t\t\t\t\t\t<span class=\"elementor-accordion-icon elementor-accordion-icon-left\" aria-hidden=\"true\">\n\t\t\t\t\t\t\t\t\t\t\t\t\t\t\t<span class=\"elementor-accordion-icon-closed\"><i class=\"fas fa-plus\"><\/i><\/span>\n\t\t\t\t\t\t\t\t<span class=\"elementor-accordion-icon-opened\"><i class=\"fas fa-minus\"><\/i><\/span>\n\t\t\t\t\t\t\t\t\t\t\t\t\t\t<\/span>\n\t\t\t\t\t\t\t\t\t\t\t\t<a class=\"elementor-accordion-title\" tabindex=\"0\">5. Dal\u0161\u00ed povinnosti<\/a>\n\t\t\t\t\t<\/div>\n\t\t\t\t\t<div id=\"elementor-tab-content-1356\" class=\"elementor-tab-content elementor-clearfix\" data-tab=\"6\" role=\"region\" aria-labelledby=\"elementor-tab-title-1356\"><ol>\n<li>Za\u0159\u00edzen\u00ed\/vozidlo udr\u017eujeme podle na\u0161ich nejlep\u0161\u00edch znalost\u00ed a minim\u00e1ln\u011b podle normy doporu\u010den\u00e9 v\u00fdrobcem. Pokud je n\u011bco rozbit\u00e9 nebo nefunguje dob\u0159e, oprav\u00edme to nebo vym\u011bn\u00edme za ekvivalentn\u00ed. V p\u0159\u00edpad\u011b, \u017ee nen\u00ed k dispozici n\u00e1hradn\u00ed za\u0159\u00edzen\u00ed\/vozidlo, vr\u00e1t\u00edme v\u00e1m platbu ode dne, kdy p\u0159estalo fungovat.<\/li>\n<li>Na v\u0161echny z\u00e1vady, kter\u00e9 jsme nezjistili p\u0159i check-inu, mus\u00edte upozornit. Pokud jste n\u00e1s p\u0159i p\u0159ihl\u00e1\u0161en\u00ed neupozornili, m\u00e1 se za to, \u017ee jste za\u0159\u00edzen\u00ed\/vozidlo obdr\u017eeli v bezvadn\u00e9m stavu.<\/li>\n<li>Za\u0159\u00edzen\u00ed vr\u00e1t\u00edte v \u010dist\u00e9m a podobn\u00e9m stavu, v jak\u00e9m jste jej obdr\u017eeli. B\u011b\u017en\u00e9 opot\u0159eben\u00ed je akceptov\u00e1no. Upozor\u0148ujeme, \u017ee ve\u0161ker\u00e9 vybaven\u00ed, v\u010detn\u011b surf\u016f a neopren\u016f, by m\u011blo b\u00fdt p\u0159i dod\u00e1n\u00ed umyt\u00e9 a zbaven\u00e9 p\u00edsku.<\/li>\n<li>Bez na\u0161eho p\u00edsemn\u00e9ho souhlasu (nap\u0159. e-mailu, telefonick\u00e9 zpr\u00e1vy) nesm\u00edte nikomu dovolit upravovat nebo opravovat vozidlo\/za\u0159\u00edzen\u00ed.<\/li>\n<li>Jste odpov\u011bdn\u00ed za ve\u0161ker\u00e9 \u0161kody a n\u00e1klady, kter\u00e9 v\u00e1m vzniknou:\n<ul>\n<li>nespr\u00e1vn\u00e9 pou\u017eit\u00ed (nap\u0159. natankov\u00e1n\u00ed nespr\u00e1vn\u00e9ho paliva do vozidla, po\u0161kozen\u00ed surfovac\u00edho prkna, pou\u017eit\u00ed p\u00e1nve v grilu atd.)<\/li>\n<li>Opravy v p\u0159\u00edpad\u011b po\u0161kozen\u00ed za\u0159\u00edzen\u00ed nebo vozidla (zven\u010d\u00ed i zevnit\u0159). Mezi \u0161kody na vozidle pat\u0159\u00ed tak\u00e9 rozbit\u00ed skla, prop\u00edchnut\u00ed pneumatik, po\u0161kozen\u00ed d\u0159ev\u011bn\u00fdch povrch\u016f, matrac\u00ed a pol\u0161t\u00e1\u0159\u016f tekutinami, jako je voda\/v\u00edno, nebo extr\u00e9mn\u011b zne\u010di\u0161t\u011bn\u00fd interi\u00e9r vozidla.<\/li>\n<\/ul>\n<\/li>\n<\/ol>\n<\/div>\n\t\t\t\t<\/div>\n\t\t\t\t\t\t\t<div class=\"elementor-accordion-item\">\n\t\t\t\t\t<div id=\"elementor-tab-title-1357\" class=\"elementor-tab-title\" data-tab=\"7\" role=\"button\" aria-controls=\"elementor-tab-content-1357\" aria-expanded=\"false\">\n\t\t\t\t\t\t\t\t\t\t\t\t\t<span class=\"elementor-accordion-icon elementor-accordion-icon-left\" aria-hidden=\"true\">\n\t\t\t\t\t\t\t\t\t\t\t\t\t\t\t<span class=\"elementor-accordion-icon-closed\"><i class=\"fas fa-plus\"><\/i><\/span>\n\t\t\t\t\t\t\t\t<span class=\"elementor-accordion-icon-opened\"><i class=\"fas fa-minus\"><\/i><\/span>\n\t\t\t\t\t\t\t\t\t\t\t\t\t\t<\/span>\n\t\t\t\t\t\t\t\t\t\t\t\t<a class=\"elementor-accordion-title\" tabindex=\"0\">6. Podm\u00ednky pou\u017e\u00edv\u00e1n\u00ed vozidla<\/a>\n\t\t\t\t\t<\/div>\n\t\t\t\t\t<div id=\"elementor-tab-content-1357\" class=\"elementor-tab-content elementor-clearfix\" data-tab=\"7\" role=\"region\" aria-labelledby=\"elementor-tab-title-1357\"><ol>\n<li>Vozidlo m\u016f\u017ee \u0159\u00eddit pouze \u0159idi\u010d (\u0159idi\u010di) uveden\u00fd (uveden\u00ed) ve smlouv\u011b o pron\u00e1jmu.<\/li>\n<li>\u0158idi\u010d mus\u00ed b\u00fdt dr\u017eitelem \u0159idi\u010dsk\u00e9ho pr\u016fkazu nejm\u00e9n\u011b t\u0159i roky, nesm\u00ed m\u00edt v \u0159idi\u010dsk\u00e9m pr\u016fkazu \u017e\u00e1dn\u00e9 dolo\u017eky nebo odsouzen\u00ed. Pokud je \u0159idi\u010d dr\u017eitelem \u0159idi\u010dsk\u00e9ho pr\u016fkazu m\u00e9n\u011b ne\u017e t\u0159i roky: je t\u0159eba sjednat bal\u00ed\u010dek poji\u0161t\u011bn\u00ed &#8222;Advanced&#8220;.<\/li>\n<li>\u0158idi\u010d sm\u00ed vozidlo pou\u017e\u00edvat pouze pro \u00fa\u010dely kempov\u00e1n\u00ed a dovolen\u00e9 a nesm\u00ed:\n<ul>\n<li>Podn\u00e1jem vozidla t\u0159et\u00ed stran\u011b.<\/li>\n<li>Vozidlo m\u016f\u017eete pou\u017e\u00edvat k z\u00e1vod\u011bn\u00ed, j\u00edzd\u011b v ter\u00e9nu, rychlosti, testov\u00e1n\u00ed spolehlivosti vozidla nebo v\u00fduce j\u00edzdy.<\/li>\n<li>\u0158\u00eddit vozidlo mimo Portugalsko, pokud to nen\u00ed uvedeno ve smlouv\u011b o pron\u00e1jmu.<\/li>\n<\/ul>\n<\/li>\n<\/ol>\n<\/div>\n\t\t\t\t<\/div>\n\t\t\t\t\t\t\t<div class=\"elementor-accordion-item\">\n\t\t\t\t\t<div id=\"elementor-tab-title-1358\" class=\"elementor-tab-title\" data-tab=\"8\" role=\"button\" aria-controls=\"elementor-tab-content-1358\" aria-expanded=\"false\">\n\t\t\t\t\t\t\t\t\t\t\t\t\t<span class=\"elementor-accordion-icon elementor-accordion-icon-left\" aria-hidden=\"true\">\n\t\t\t\t\t\t\t\t\t\t\t\t\t\t\t<span class=\"elementor-accordion-icon-closed\"><i class=\"fas fa-plus\"><\/i><\/span>\n\t\t\t\t\t\t\t\t<span class=\"elementor-accordion-icon-opened\"><i class=\"fas fa-minus\"><\/i><\/span>\n\t\t\t\t\t\t\t\t\t\t\t\t\t\t<\/span>\n\t\t\t\t\t\t\t\t\t\t\t\t<a class=\"elementor-accordion-title\" tabindex=\"0\">7. Mo\u017en\u00e9 n\u00e1klady<\/a>\n\t\t\t\t\t<\/div>\n\t\t\t\t\t<div id=\"elementor-tab-content-1358\" class=\"elementor-tab-content elementor-clearfix\" data-tab=\"8\" role=\"region\" aria-labelledby=\"elementor-tab-title-1358\"><p>Mohou v\u00e1m b\u00fdt \u00fa\u010dtov\u00e1ny n\u00e1sleduj\u00edc\u00ed v\u00fddaje:<\/p>\n<ul>\n<li><strong>Poplatek za pron\u00e1jem: denn\u00ed <\/strong>n\u00e1jemn\u00e9 a p\u0159\u00edpadn\u00fd p\u0159\u00edplatek a dal\u0161\u00ed nepovinn\u00e9 poplatky dohodnut\u00e9 ve smlouv\u011b o pron\u00e1jmu.<\/li>\n<li><strong>D\u00e1lni\u010dn\u00ed poplatky:<\/strong> Pokud jste pou\u017eili placen\u00e9 d\u00e1lnice, budete muset zaplatit 15 \u20ac\/rezervaci (aktiva\u010dn\u00ed poplatek) plus m\u00fdtn\u00e9, kter\u00e9 jste ujeli b\u011bhem doby pron\u00e1jmu. K tomu se p\u0159ipo\u010d\u00edt\u00e1v\u00e1 DPH 23 %. <\/li>\n<li><strong>Za nenapln\u011bnou palivovou n\u00e1dr\u017e va\u0161eho <\/strong>vozidla v\u00e1m bude \u00fa\u010dtov\u00e1no 30 \u20ac plus n\u00e1klady na palivo (plus DPH 23 %). Pokud n\u00e1m vozidlo vrac\u00edte, ujist\u011bte se, \u017ee je n\u00e1dr\u017e skute\u010dn\u011b pln\u00e1. <\/li>\n<li><strong>Dal\u0161\u00ed kilometry<\/strong> nad denn\u00ed limit kilometr\u016f uveden\u00fd v p\u0159ihla\u0161ovac\u00edm formul\u00e1\u0159i <strong>stoj\u00ed<\/strong> 0,25 EUR\/km.<\/li>\n<li><strong>P\u0159\u00edplatek za \u00faklid ve v\u00fd\u0161i<\/strong> a\u017e 50 \u20ac, pokud je vozidlo nebo vybaven\u00ed p\u0159i odjezdu nep\u0159im\u011b\u0159en\u011b zne\u010di\u0161t\u011bn\u00e9.<\/li>\n<li><strong>Ve\u0161ker\u00e9 pokuty a<\/strong> souvisej\u00edc\u00ed n\u00e1klady, nap\u0159. za \u0161patn\u00e9 parkov\u00e1n\u00ed, poru\u0161en\u00ed dopravn\u00edch p\u0159edpis\u016f nebo jin\u00e9 brzdy. Pokud je to rozumn\u011b mo\u017en\u00e9, m\u016f\u017eeme v\u00e1m p\u0159edat v\u0161echny pokuty nebo n\u00e1klady a p\u0159\u00edslu\u0161n\u00e9 informace. V takov\u00e9m p\u0159\u00edpad\u011b od v\u00e1s po\u017eadujeme spr\u00e1vn\u00ed poplatek ve v\u00fd\u0161i 30 EUR jako kompenzaci za \u00fasil\u00ed vynalo\u017een\u00e9 p\u0159i vy\u0159izov\u00e1n\u00ed t\u011bchto z\u00e1le\u017eitost\u00ed.  <\/li>\n<li><strong>V p\u0159\u00edpad\u011b nehody a\u017e<\/strong> 1500-2000 \u20ac na opravu nebo v\u00fdm\u011bnu vozidla, pokud je po\u0161kozeno nebo odcizeno (i kdy\u017e to nen\u00ed va\u0161e vina), plus poplatek za vy\u0159\u00edzen\u00ed \u0161kody ve v\u00fd\u0161i 50 \u20ac. Pokud jste si sjednali dodate\u010dn\u00e9 poji\u0161t\u011bn\u00ed proti \u0161kod\u00e1m zp\u016fsoben\u00fdm hav\u00e1ri\u00ed, nemus\u00edte hradit cel\u00e9 n\u00e1klady. <\/li>\n<li><strong>Parkovac\u00ed poplatky, kter\u00e9<\/strong> mohou vzniknout, pokud jste vozidlo zaparkovali na placen\u00e9m parkovi\u0161ti, nap\u0159\u00edklad na leti\u0161tn\u00edm parkovi\u0161ti, abyste stihli let.<\/li>\n<\/ul>\n<\/div>\n\t\t\t\t<\/div>\n\t\t\t\t\t\t\t<div class=\"elementor-accordion-item\">\n\t\t\t\t\t<div id=\"elementor-tab-title-1359\" class=\"elementor-tab-title\" data-tab=\"9\" role=\"button\" aria-controls=\"elementor-tab-content-1359\" aria-expanded=\"false\">\n\t\t\t\t\t\t\t\t\t\t\t\t\t<span class=\"elementor-accordion-icon elementor-accordion-icon-left\" aria-hidden=\"true\">\n\t\t\t\t\t\t\t\t\t\t\t\t\t\t\t<span class=\"elementor-accordion-icon-closed\"><i class=\"fas fa-plus\"><\/i><\/span>\n\t\t\t\t\t\t\t\t<span class=\"elementor-accordion-icon-opened\"><i class=\"fas fa-minus\"><\/i><\/span>\n\t\t\t\t\t\t\t\t\t\t\t\t\t\t<\/span>\n\t\t\t\t\t\t\t\t\t\t\t\t<a class=\"elementor-accordion-title\" tabindex=\"0\">8. Ukon\u010den\u00ed dohody<\/a>\n\t\t\t\t\t<\/div>\n\t\t\t\t\t<div id=\"elementor-tab-content-1359\" class=\"elementor-tab-content elementor-clearfix\" data-tab=\"9\" role=\"region\" aria-labelledby=\"elementor-tab-title-1359\"><ol>\n<li>Vyhrazujeme si pr\u00e1vo kdykoli odstoupit od smlouvy o pron\u00e1jmu, pokud pronajat\u00e9 za\u0159\u00edzen\u00ed\/vozidlo zneu\u017e\u00edv\u00e1te.\n<ul>\n<li>P\u0159\u00edklad 1: Policie v\u00e1s p\u0159istihla p\u0159i \u0159\u00edzen\u00ed pod vlivem alkoholu nebo drog.<\/li>\n<\/ul>\n<\/li>\n<li>Pokud smlouvu ukon\u010d\u00edme a ponech\u00e1me si pr\u00e1vo ponechat si va\u0161i ji\u017e zaplacenou \u010d\u00e1stku a \u00fa\u010dtovat p\u0159\u00edpadn\u00e9 otev\u0159en\u00e9 n\u00e1klady (nap\u0159. pokuty, m\u00fdtn\u00e9 poplatky atd.)<\/li>\n<li>Smlouva se \u0159\u00edd\u00ed portugalsk\u00fdm pr\u00e1vem a m\u00edstem soudn\u00ed p\u0159\u00edslu\u0161nosti je Faro &#8211; Portugalsko. Pokud n\u011bkter\u00e9 ustanoven\u00ed t\u00e9to smlouvy je nebo se stane neplatn\u00fdm nebo nevymahateln\u00fdm, ostatn\u00ed ustanoven\u00ed t\u00edm nejsou dot\u010dena. \u00fanor 2021<\/li>\n<\/ol>\n<\/div>\n\t\t\t\t<\/div>\n\t\t\t\t\t\t\t<div class=\"elementor-accordion-item\">\n\t\t\t\t\t<div id=\"elementor-tab-title-13510\" class=\"elementor-tab-title\" data-tab=\"10\" role=\"button\" aria-controls=\"elementor-tab-content-13510\" aria-expanded=\"false\">\n\t\t\t\t\t\t\t\t\t\t\t\t\t<span class=\"elementor-accordion-icon elementor-accordion-icon-left\" aria-hidden=\"true\">\n\t\t\t\t\t\t\t\t\t\t\t\t\t\t\t<span class=\"elementor-accordion-icon-closed\"><i class=\"fas fa-plus\"><\/i><\/span>\n\t\t\t\t\t\t\t\t<span class=\"elementor-accordion-icon-opened\"><i class=\"fas fa-minus\"><\/i><\/span>\n\t\t\t\t\t\t\t\t\t\t\t\t\t\t<\/span>\n\t\t\t\t\t\t\t\t\t\t\t\t<a class=\"elementor-accordion-title\" tabindex=\"0\">9. Z\u00e1sady pou\u017e\u00edv\u00e1n\u00ed soubor\u016f cookie a ochrany osobn\u00edch \u00fadaj\u016f<\/a>\n\t\t\t\t\t<\/div>\n\t\t\t\t\t<div id=\"elementor-tab-content-13510\" class=\"elementor-tab-content elementor-clearfix\" data-tab=\"10\" role=\"region\" aria-labelledby=\"elementor-tab-title-13510\"><h5>C\u00edl str\u00e1nky<\/h5>\n<p>Tento dokument obsahuje podm\u00ednky pou\u017e\u00edv\u00e1n\u00ed a podm\u00ednky, za kter\u00fdch spole\u010dnost Oceancamper zp\u0159\u00edstup\u0148uje u\u017eivatel\u016fm sv\u00e9 webov\u00e9 str\u00e1nky www.oceancamper.com.<\/p>\n<p>Jak\u00fdkoli p\u0159\u00edstup na Str\u00e1nky a jejich pou\u017e\u00edv\u00e1n\u00ed mus\u00ed b\u00fdt v souladu s t\u011bmito podm\u00ednkami pou\u017e\u00edv\u00e1n\u00ed, kter\u00e9 si spole\u010dnost Oceancamper vyhrazuje pr\u00e1vo kdykoli upravit, opravit nebo aktualizovat. P\u0159\u00edstupem na str\u00e1nky www.oceancamper.com a jejich pou\u017e\u00edv\u00e1n\u00edm u\u017eivatel pln\u011b a bez v\u00fdhrad p\u0159ij\u00edm\u00e1 ve\u0161ker\u00e1 ustanoven\u00ed obsa\u017een\u00e1 ve smluvn\u00edch podm\u00ednk\u00e1ch pou\u017e\u00edv\u00e1n\u00ed. Pokud u\u017eivatel z jak\u00e9hokoli d\u016fvodu pln\u011b nesouhlas\u00ed s podm\u00ednkami uveden\u00fdmi v tomto dokumentu, nem\u011bl by na Str\u00e1nky p\u0159istupovat\/u\u017e\u00edvat je.<\/p>\n<p>Na\u0161e webov\u00e1 adresa je: https:\/\/www.oceancamper.com<\/p>\n<h5>Editor webu:<\/h5>\n<p>NomadCanguru, Lda.<br \/>Rua Aquilino Ribeiro 124, 8005-177 Faro, Portugalsko<br \/>Tel: +351 920301044<br \/>www.oceancamper.com<br \/>\u0158editel publikace: Nina Solyukova<br \/>Zodpov\u011bdn\u00e1 za psan\u00ed: Nina Solyukova, PhD: Nina Solyukova<\/p>\n<h4>Jak\u00e9 osobn\u00ed \u00fadaje shroma\u017e\u010fujeme a pro\u010d je shroma\u017e\u010fujeme<\/h4>\n<h5>Revize pozv\u00e1nek a zpracov\u00e1n\u00ed dat<\/h5>\n<p>Spr\u00e1vce a zpracovatel \u00fadaj\u016f: Ocean Camper (oceancamper.com) vystupuje jako spr\u00e1vce va\u0161ich osobn\u00edch \u00fadaj\u016f p\u0159i zas\u00edl\u00e1n\u00ed e-mail\u016f s pozv\u00e1nkou na recenzi prost\u0159ednictv\u00edm r\u016fzn\u00fdch platforem. Tyto platformy, jako je nap\u0159\u00edklad Trustpilot, v t\u00e9to souvislosti funguj\u00ed jako zpracovatel\u00e9 \u00fadaj\u016f. Ob\u011b strany zaji\u0161\u0165uj\u00ed, aby s va\u0161imi \u00fadaji bylo nakl\u00e1d\u00e1no bezpe\u010dn\u011b a v souladu s platn\u00fdmi z\u00e1kony.<\/p>\n<p>Souhlas a odhl\u00e1\u0161en\u00ed: Pron\u00e1jmem na\u0161ich kemp\u016f souhlas\u00edte s t\u00edm, \u017ee od n\u00e1s budete dost\u00e1vat e-maily s pozv\u00e1nkami na recenze prost\u0159ednictv\u00edm r\u016fzn\u00fdch platforem. Pokud si p\u0159ejete tato sd\u011blen\u00ed odhl\u00e1sit, m\u016f\u017eete se odhl\u00e1sit pomoc\u00ed odkazu uveden\u00e9ho v e-mailu nebo n\u00e1s m\u016f\u017eete kontaktovat p\u0159\u00edmo.<\/p>\n<p>\u00da\u010del pou\u017eit\u00ed \u00fadaj\u016f: Va\u0161e osobn\u00ed \u00fadaje, v\u010detn\u011b va\u0161\u00ed e-mailov\u00e9 adresy a \u00fadaj\u016f o zku\u0161enostech s pron\u00e1jmem, budou pou\u017eity v\u00fdhradn\u011b k zas\u00edl\u00e1n\u00ed pozv\u00e1nek k recenzi. Tyto \u00fadaje mohou b\u00fdt sd\u00edleny s r\u016fzn\u00fdmi recenzn\u00edmi platformami, aby se usnadnil tento proces a zlep\u0161ily na\u0161e slu\u017eby.<\/p>\n<p>Opat\u0159en\u00ed na ochranu \u00fadaj\u016f: Zav\u00e1d\u00edme p\u0159\u00edsn\u00e1 bezpe\u010dnostn\u00ed opat\u0159en\u00ed na ochranu va\u0161ich osobn\u00edch \u00fadaj\u016f, jako je \u0161ifrov\u00e1n\u00ed, kontrola p\u0159\u00edstupu a pravideln\u00e9 bezpe\u010dnostn\u00ed audity.<\/p>\n<p>Pr\u00e1va u\u017eivatele: M\u00e1te pr\u00e1vo na p\u0159\u00edstup ke sv\u00fdm osobn\u00edm \u00fadaj\u016fm, jejich opravu nebo vymaz\u00e1n\u00ed. Pokud m\u00e1te jak\u00e9koli dotazy nebo obavy t\u00fdkaj\u00edc\u00ed se va\u0161ich \u00fadaj\u016f, kontaktujte n\u00e1s.<\/p>\n<h5>M\u00e9dia<\/h5>\n<p>Pokud na webov\u00e9 str\u00e1nky nahr\u00e1v\u00e1te sn\u00edmky, m\u011bli byste se vyhnout nahr\u00e1v\u00e1n\u00ed sn\u00edmk\u016f s vlo\u017een\u00fdmi \u00fadaji o poloze (EXIF GPS). N\u00e1v\u0161t\u011bvn\u00edci webov\u00fdch str\u00e1nek si mohou z obr\u00e1zk\u016f na webu st\u00e1hnout a vyt\u00e1hnout libovoln\u00e9 \u00fadaje o poloze.<\/p>\n<h5>Kontaktn\u00ed formul\u00e1\u0159e<\/h5>\n<p>Tato str\u00e1nka je chr\u00e1n\u011bna pomoc\u00ed reCAPTCHA a plat\u00ed na ni z\u00e1sady ochrany osobn\u00edch \u00fadaj\u016f a podm\u00ednky slu\u017eby Google.<\/p>\n<h5>Soubory cookie<\/h5>\n<p>Pokud na na\u0161ich str\u00e1nk\u00e1ch zanech\u00e1te koment\u00e1\u0159, m\u016f\u017eete souhlasit s ulo\u017een\u00edm va\u0161eho jm\u00e9na, e-mailov\u00e9 adresy a webov\u00e9 str\u00e1nky do soubor\u016f cookie. Tyto \u00fadaje slou\u017e\u00ed k va\u0161emu pohodl\u00ed, abyste nemuseli znovu vypl\u0148ovat sv\u00e9 \u00fadaje, kdy\u017e zanech\u00e1te dal\u0161\u00ed koment\u00e1\u0159. Tyto soubory cookie vydr\u017e\u00ed jeden rok.<br \/>Pokud nav\u0161t\u00edv\u00edte na\u0161i p\u0159ihla\u0161ovac\u00ed str\u00e1nku, nastav\u00edme do\u010dasn\u00fd soubor cookie, abychom zjistili, zda v\u00e1\u0161 prohl\u00ed\u017ee\u010d p\u0159ij\u00edm\u00e1 soubory cookie. Tento soubor cookie neobsahuje \u017e\u00e1dn\u00e9 osobn\u00ed \u00fadaje a po zav\u0159en\u00ed prohl\u00ed\u017ee\u010de je odstran\u011bn.<\/p>\n<h5>Vlo\u017een\u00fd obsah z jin\u00fdch webov\u00fdch str\u00e1nek<\/h5>\n<p>\u010cl\u00e1nky na t\u011bchto str\u00e1nk\u00e1ch mohou obsahovat vlo\u017een\u00fd obsah (nap\u0159. videa, obr\u00e1zky, \u010dl\u00e1nky atd.). Vlo\u017een\u00fd obsah z jin\u00fdch webov\u00fdch str\u00e1nek se chov\u00e1 \u00fapln\u011b stejn\u011b, jako kdyby n\u00e1v\u0161t\u011bvn\u00edk nav\u0161t\u00edvil jinou webovou str\u00e1nku.<br \/>Tyto webov\u00e9 str\u00e1nky mohou shroma\u017e\u010fovat \u00fadaje o v\u00e1s, pou\u017e\u00edvat soubory cookie, vkl\u00e1dat dal\u0161\u00ed sledov\u00e1n\u00ed t\u0159et\u00edch stran a sledovat va\u0161i interakci s vlo\u017een\u00fdm obsahem, v\u010detn\u011b sledov\u00e1n\u00ed va\u0161\u00ed interakce s vlo\u017een\u00fdm obsahem, pokud m\u00e1te \u00fa\u010det a jste p\u0159ihl\u00e1\u0161eni na dan\u00e9 webov\u00e9 str\u00e1nce.<\/p>\n<h5>Jak dlouho va\u0161e \u00fadaje uchov\u00e1v\u00e1me<\/h5>\n<p>Pokud zanech\u00e1te koment\u00e1\u0159, koment\u00e1\u0159 a jeho metadata se uchov\u00e1vaj\u00ed po neomezenou dobu. Je to proto, abychom mohli automaticky rozpoznat a schv\u00e1lit p\u0159\u00edpadn\u00e9 dal\u0161\u00ed koment\u00e1\u0159e a nemuseli je dr\u017eet v moder\u00e1torsk\u00e9 front\u011b.<br \/>U u\u017eivatel\u016f, kte\u0159\u00ed se na na\u0161ich webov\u00fdch str\u00e1nk\u00e1ch zaregistruj\u00ed (pokud existuj\u00ed), ukl\u00e1d\u00e1me tak\u00e9 osobn\u00ed \u00fadaje, kter\u00e9 poskytnou ve sv\u00e9m u\u017eivatelsk\u00e9m profilu. V\u0161ichni u\u017eivatel\u00e9 mohou kdykoli zobrazit, upravit nebo odstranit sv\u00e9 osobn\u00ed \u00fadaje (krom\u011b toho, \u017ee nemohou zm\u011bnit sv\u00e9 u\u017eivatelsk\u00e9 jm\u00e9no). Tyto informace mohou vid\u011bt a upravovat tak\u00e9 spr\u00e1vci webov\u00fdch str\u00e1nek.<\/p>\n<\/div>\n\t\t\t\t<\/div>\n\t\t\t\t\t\t\t\t<\/div>\n\t\t\t\t\t\t<\/div>\n\t\t\t\t<\/div>\n\t\t\t\t\t<\/div>\n\t\t<\/div>\n\t\t\t\t\t<\/div>\n\t\t<\/section>\n\t\t\t\t\t<\/div>\n\t\t<\/div>\n\t\t\t\t\t<\/div>\n\t\t<\/section>\n\t\t\t\t<\/div>\n\t\t","protected":false},"excerpt":{"rendered":"<p>Podm\u00ednky a pravidla Obecn\u00e1 definice Spole\u010dnost Nomadcanguru, lda vlastn\u00ed zna\u010dku OceanCamper\u00ae, kter\u00e1 pronaj\u00edm\u00e1 obytn\u00e9 vozy, stany, kempinkov\u00e9, sportovn\u00ed a volno\u010dasov\u00e9 vybaven\u00ed s da\u0148ov\u00fdm identifika\u010dn\u00edm \u010d\u00edslem PT514806451, dop\u0159edu tak\u00e9 ozna\u010dovan\u00e1 jako &#8222;My&#8220; nebo &#8222;N\u00e1s&#8220;. Osoba(y), kter\u00e1 si pronaj\u00edm\u00e1 v\u016fz nebo vybaven\u00ed, je vp\u0159edu ozna\u010dov\u00e1na jako &#8222;Vy&#8220; nebo &#8222;Z\u00e1kazn\u00edk&#8220;. 1. Rezervace a zru\u0161en\u00ed rezervace Va\u0161e rezervace je [&hellip;]<\/p>\n","protected":false},"author":1,"featured_media":0,"parent":0,"menu_order":0,"comment_status":"closed","ping_status":"closed","template":"elementor_header_footer","meta":{"om_disable_all_campaigns":false,"footnotes":""},"class_list":["post-161857","page","type-page","status-publish","hentry"],"aioseo_notices":[],"_links":{"self":[{"href":"https:\/\/oceancamper.com\/cs\/wp-json\/wp\/v2\/pages\/161857","targetHints":{"allow":["GET"]}}],"collection":[{"href":"https:\/\/oceancamper.com\/cs\/wp-json\/wp\/v2\/pages"}],"about":[{"href":"https:\/\/oceancamper.com\/cs\/wp-json\/wp\/v2\/types\/page"}],"author":[{"embeddable":true,"href":"https:\/\/oceancamper.com\/cs\/wp-json\/wp\/v2\/users\/1"}],"replies":[{"embeddable":true,"href":"https:\/\/oceancamper.com\/cs\/wp-json\/wp\/v2\/comments?post=161857"}],"version-history":[{"count":6,"href":"https:\/\/oceancamper.com\/cs\/wp-json\/wp\/v2\/pages\/161857\/revisions"}],"predecessor-version":[{"id":225183,"href":"https:\/\/oceancamper.com\/cs\/wp-json\/wp\/v2\/pages\/161857\/revisions\/225183"}],"wp:attachment":[{"href":"https:\/\/oceancamper.com\/cs\/wp-json\/wp\/v2\/media?parent=161857"}],"curies":[{"name":"wp","href":"https:\/\/api.w.org\/{rel}","templated":true}]}}