{"id":161707,"date":"2022-01-19T16:56:47","date_gmt":"2022-01-19T16:56:47","guid":{"rendered":"https:\/\/oceancamper.com\/blog\/"},"modified":"2025-10-27T14:33:09","modified_gmt":"2025-10-27T14:33:09","slug":"blog","status":"publish","type":"page","link":"https:\/\/oceancamper.com\/cs\/blog\/","title":{"rendered":"Blog"},"content":{"rendered":"\t\t<div data-elementor-type=\"wp-page\" data-elementor-id=\"161707\" class=\"elementor elementor-161707 elementor-33\" data-elementor-post-type=\"page\">\n\t\t\t\t\t\t<section class=\"elementor-section elementor-top-section elementor-element elementor-element-a5e8a4c elementor-section-height-min-height elementor-section-stretched elementor-section-content-middle elementor-section-boxed elementor-section-height-default elementor-section-items-middle\" data-id=\"a5e8a4c\" data-element_type=\"section\" data-e-type=\"section\" data-settings=\"{&quot;stretch_section&quot;:&quot;section-stretched&quot;,&quot;background_background&quot;:&quot;classic&quot;}\">\n\t\t\t\t\t\t\t<div class=\"elementor-background-overlay\"><\/div>\n\t\t\t\t\t\t\t<div class=\"elementor-container elementor-column-gap-default\">\n\t\t\t\t\t<div class=\"elementor-column elementor-col-100 elementor-top-column elementor-element elementor-element-237876c\" data-id=\"237876c\" data-element_type=\"column\" data-e-type=\"column\">\n\t\t\t<div class=\"elementor-widget-wrap elementor-element-populated\">\n\t\t\t\t\t\t<div class=\"elementor-element elementor-element-0b40a91 elementor-widget elementor-widget-heading\" data-id=\"0b40a91\" data-element_type=\"widget\" data-e-type=\"widget\" data-widget_type=\"heading.default\">\n\t\t\t\t<div class=\"elementor-widget-container\">\n\t\t\t\t\t<h1 class=\"elementor-heading-title elementor-size-default\">Surf &amp; Camp Algarve Guide<\/h1>\t\t\t\t<\/div>\n\t\t\t\t<\/div>\n\t\t\t\t\t<\/div>\n\t\t<\/div>\n\t\t\t\t\t<\/div>\n\t\t<\/section>\n\t\t<div class=\"elementor-element elementor-element-ceaacfe e-flex e-con-boxed e-con e-parent\" data-id=\"ceaacfe\" data-element_type=\"container\" data-e-type=\"container\">\n\t\t\t\t\t<div class=\"e-con-inner\">\n\t\t\t\t<div class=\"elementor-element elementor-element-841f39a elementor-widget elementor-widget-heading\" data-id=\"841f39a\" data-element_type=\"widget\" data-e-type=\"widget\" data-widget_type=\"heading.default\">\n\t\t\t\t<div class=\"elementor-widget-container\">\n\t\t\t\t\t<h2 class=\"elementor-heading-title elementor-size-default\">Sn\u00edte o dobrodru\u017estv\u00ed na surfu a v kempu v portugalsk\u00e9m Algarve?  <\/h2>\t\t\t\t<\/div>\n\t\t\t\t<\/div>\n\t\t\t\t<div class=\"elementor-element elementor-element-e69bc20 elementor-widget elementor-widget-text-editor\" data-id=\"e69bc20\" data-element_type=\"widget\" data-e-type=\"widget\" data-widget_type=\"text-editor.default\">\n\t\t\t\t<div class=\"elementor-widget-container\">\n\t\t\t\t\t\t\t\t\t<p style=\"text-align: center;\">N\u00e1\u0161 pr\u016fvodce Surf &amp; Camp Guide v\u00e1m pom\u016f\u017ee objevit nejlep\u0161\u00ed surfa\u0159sk\u00e1 m\u00edsta, pl\u00e1\u017eov\u00e9 kempy a trasy vhodn\u00e9 pro obytn\u00e9 vozy na jihu Portugalska. Ocean Camper v\u00e1m uk\u00e1\u017ee, kde m\u016f\u017eete surfovat, kempovat a voln\u011b cestovat po Algarve, a\u0165 u\u017e se vyd\u00e1te za vlnami na z\u00e1padn\u00ed pob\u0159e\u017e\u00ed, nebo odpo\u010d\u00edvat do skryt\u00fdch z\u00e1tok u Lagosu a Sagresu. <\/p>\t\t\t\t\t\t\t\t<\/div>\n\t\t\t\t<\/div>\n\t\t\t\t\t<\/div>\n\t\t\t\t<\/div>\n\t\t\t\t<section class=\"elementor-section elementor-top-section elementor-element elementor-element-3922210 elementor-section-stretched elementor-section-boxed elementor-section-height-default elementor-section-height-default\" data-id=\"3922210\" data-element_type=\"section\" data-e-type=\"section\" data-settings=\"{&quot;stretch_section&quot;:&quot;section-stretched&quot;,&quot;background_background&quot;:&quot;classic&quot;}\">\n\t\t\t\t\t\t<div class=\"elementor-container elementor-column-gap-default\">\n\t\t\t\t\t<div class=\"elementor-column elementor-col-100 elementor-top-column elementor-element elementor-element-2a56f39\" data-id=\"2a56f39\" data-element_type=\"column\" data-e-type=\"column\">\n\t\t\t<div class=\"elementor-widget-wrap elementor-element-populated\">\n\t\t\t\t\t\t<section class=\"elementor-section elementor-inner-section elementor-element elementor-element-2fb7ea7 elementor-section-boxed elementor-section-height-default elementor-section-height-default\" data-id=\"2fb7ea7\" data-element_type=\"section\" data-e-type=\"section\">\n\t\t\t\t\t\t<div class=\"elementor-container elementor-column-gap-default\">\n\t\t\t\t\t<div class=\"elementor-column elementor-col-100 elementor-inner-column elementor-element elementor-element-d939c3b\" data-id=\"d939c3b\" data-element_type=\"column\" data-e-type=\"column\">\n\t\t\t<div class=\"elementor-widget-wrap elementor-element-populated\">\n\t\t\t\t\t\t<div class=\"elementor-element elementor-element-53ddbcf elementor-grid-tablet-3 elementor-grid-3 elementor-grid-mobile-1 elementor-posts--thumbnail-top elementor-posts__hover-gradient elementor-widget elementor-widget-posts\" data-id=\"53ddbcf\" data-element_type=\"widget\" data-e-type=\"widget\" data-settings=\"{&quot;cards_row_gap&quot;:{&quot;unit&quot;:&quot;px&quot;,&quot;size&quot;:20,&quot;sizes&quot;:[]},&quot;cards_row_gap_mobile&quot;:{&quot;unit&quot;:&quot;px&quot;,&quot;size&quot;:10,&quot;sizes&quot;:[]},&quot;cards_columns_tablet&quot;:&quot;3&quot;,&quot;cards_row_gap_tablet&quot;:{&quot;unit&quot;:&quot;px&quot;,&quot;size&quot;:5,&quot;sizes&quot;:[]},&quot;cards_columns&quot;:&quot;3&quot;,&quot;cards_columns_mobile&quot;:&quot;1&quot;}\" data-widget_type=\"posts.cards\">\n\t\t\t\t<div class=\"elementor-widget-container\">\n\t\t\t\t\t\t\t<div class=\"elementor-posts-container elementor-posts elementor-posts--skin-cards elementor-grid\" role=\"list\">\n\t\t\t\t<article class=\"elementor-post elementor-grid-item post-172226 post type-post status-publish format-standard has-post-thumbnail hentry category-tipy-pro-kempovani category-upozorneni tag-hotel-cs tag-obytny-vuz-nebo-hotel tag-pronajem-vozu tag-roadtrip-algarve-cs\" role=\"listitem\">\n\t\t\t<div class=\"elementor-post__card\">\n\t\t\t\t<a class=\"elementor-post__thumbnail__link\" href=\"https:\/\/oceancamper.com\/cs\/pobyt-v-karavanu-nebo-v-hotelu\/\" tabindex=\"-1\" ><div class=\"elementor-post__thumbnail\"><img fetchpriority=\"high\" decoding=\"async\" width=\"1500\" height=\"666\" src=\"https:\/\/oceancamper.com\/wp-content\/uploads\/2025\/03\/Campervan-vs-Hotel-Stay-The-Ultimate-Travel-Comparison-1.jpg\" class=\"attachment-full size-full wp-image-219442\" alt=\"\u010cerven\u00fd obytn\u00fd v\u016fz zaparkovan\u00fd u historick\u00e9ho hradu - uk\u00e1zka svobody cestov\u00e1n\u00ed obytn\u00fdm vozem ve srovn\u00e1n\u00ed s tradi\u010dn\u00edm pobytem v hotelu.\" srcset=\"https:\/\/oceancamper.com\/wp-content\/uploads\/2025\/03\/Campervan-vs-Hotel-Stay-The-Ultimate-Travel-Comparison-1.jpg 1500w, https:\/\/oceancamper.com\/wp-content\/uploads\/2025\/03\/Campervan-vs-Hotel-Stay-The-Ultimate-Travel-Comparison-1-300x133.jpg 300w, https:\/\/oceancamper.com\/wp-content\/uploads\/2025\/03\/Campervan-vs-Hotel-Stay-The-Ultimate-Travel-Comparison-1-1024x455.jpg 1024w, https:\/\/oceancamper.com\/wp-content\/uploads\/2025\/03\/Campervan-vs-Hotel-Stay-The-Ultimate-Travel-Comparison-1-768x341.jpg 768w, https:\/\/oceancamper.com\/wp-content\/uploads\/2025\/03\/Campervan-vs-Hotel-Stay-The-Ultimate-Travel-Comparison-1-240x107.jpg 240w\" sizes=\"(max-width: 1500px) 100vw, 1500px\" \/><\/div><\/a>\n\t\t\t\t<div class=\"elementor-post__text\">\n\t\t\t\t<h2 class=\"elementor-post__title\">\n\t\t\t<a href=\"https:\/\/oceancamper.com\/cs\/pobyt-v-karavanu-nebo-v-hotelu\/\" >\n\t\t\t\tPobyt v karavanu nebo v hotelu\t\t\t<\/a>\n\t\t<\/h2>\n\t\t\t\t<div class=\"elementor-post__excerpt\">\n\t\t\t<p>Obytn\u00fd v\u016fz nebo hotel? Nejd\u016fle\u017eit\u011bj\u0161\u00ed srovn\u00e1n\u00ed cestov\u00e1n\u00ed Obytn\u00fd v\u016fz, nebo pobyt v hotelu?<\/p>\n\t\t<\/div>\n\t\t\n\t\t<a class=\"elementor-post__read-more\" href=\"https:\/\/oceancamper.com\/cs\/pobyt-v-karavanu-nebo-v-hotelu\/\" aria-label=\"Read more about Pobyt v karavanu nebo v hotelu\" tabindex=\"-1\" >\n\t\t\tP\u0159e\u010dt\u011bte si v\u00edce \"\t\t<\/a>\n\n\t\t\t\t<\/div>\n\t\t\t\t\t<\/div>\n\t\t<\/article>\n\t\t\t\t<article class=\"elementor-post elementor-grid-item post-162151 post type-post status-publish format-standard has-post-thumbnail hentry category-uncategorized-cs\" role=\"listitem\">\n\t\t\t<div class=\"elementor-post__card\">\n\t\t\t\t<a class=\"elementor-post__thumbnail__link\" href=\"https:\/\/oceancamper.com\/cs\/pravidla-kempovani-v-portugalsku\/\" tabindex=\"-1\" ><div class=\"elementor-post__thumbnail\"><img decoding=\"async\" width=\"2560\" height=\"1706\" src=\"https:\/\/oceancamper.com\/wp-content\/uploads\/2025\/03\/wild-camping-portugal-ocean-camper-cliff-view-scaled.jpg\" class=\"attachment-full size-full wp-image-210432\" alt=\"\u010cerven\u00e1 obytn\u00e1 dod\u00e1vka Ocean zaparkovan\u00e1 na pob\u0159e\u017en\u00edm \u00fatesu v Portugalsku b\u011bhem divok\u00e9ho kempov\u00e1n\u00ed.\" srcset=\"https:\/\/oceancamper.com\/wp-content\/uploads\/2025\/03\/wild-camping-portugal-ocean-camper-cliff-view-scaled.jpg 2560w, https:\/\/oceancamper.com\/wp-content\/uploads\/2025\/03\/wild-camping-portugal-ocean-camper-cliff-view-300x200.jpg 300w, https:\/\/oceancamper.com\/wp-content\/uploads\/2025\/03\/wild-camping-portugal-ocean-camper-cliff-view-1024x683.jpg 1024w, https:\/\/oceancamper.com\/wp-content\/uploads\/2025\/03\/wild-camping-portugal-ocean-camper-cliff-view-768x512.jpg 768w, https:\/\/oceancamper.com\/wp-content\/uploads\/2025\/03\/wild-camping-portugal-ocean-camper-cliff-view-1536x1024.jpg 1536w, https:\/\/oceancamper.com\/wp-content\/uploads\/2025\/03\/wild-camping-portugal-ocean-camper-cliff-view-2048x1365.jpg 2048w, https:\/\/oceancamper.com\/wp-content\/uploads\/2025\/03\/wild-camping-portugal-ocean-camper-cliff-view-240x160.jpg 240w\" sizes=\"(max-width: 2560px) 100vw, 2560px\" \/><\/div><\/a>\n\t\t\t\t<div class=\"elementor-post__text\">\n\t\t\t\t<h2 class=\"elementor-post__title\">\n\t\t\t<a href=\"https:\/\/oceancamper.com\/cs\/pravidla-kempovani-v-portugalsku\/\" >\n\t\t\t\tDivok\u00e9 t\u00e1bo\u0159en\u00ed v Portugalsku 2026: pravidla, pokuty a leg\u00e1ln\u00ed p\u0159enocov\u00e1n\u00ed\t\t\t<\/a>\n\t\t<\/h2>\n\t\t\t\t<div class=\"elementor-post__excerpt\">\n\t\t\t<p>Tipy pro \u00fasp\u011b\u0161nou cestu. Nejlep\u0161\u00ed aplikace pro kempov\u00e1n\u00ed. Kempov\u00e1n\u00ed v divo\u010din\u011b, ohe\u0148, kom\u00e1\u0159i, zdravotn\u00ed poji\u0161t\u011bn\u00ed.  <\/p>\n\t\t<\/div>\n\t\t\n\t\t<a class=\"elementor-post__read-more\" href=\"https:\/\/oceancamper.com\/cs\/pravidla-kempovani-v-portugalsku\/\" aria-label=\"Read more about Divok\u00e9 t\u00e1bo\u0159en\u00ed v Portugalsku 2026: pravidla, pokuty a leg\u00e1ln\u00ed p\u0159enocov\u00e1n\u00ed\" tabindex=\"-1\" >\n\t\t\tP\u0159e\u010dt\u011bte si v\u00edce \"\t\t<\/a>\n\n\t\t\t\t<\/div>\n\t\t\t\t\t<\/div>\n\t\t<\/article>\n\t\t\t\t<article class=\"elementor-post elementor-grid-item post-161930 post type-post status-publish format-standard has-post-thumbnail hentry category-tipy-pro-kempovani tag-pronajem-karavanu-algarve tag-pronajem-obytneho-vozu-algarve tag-roadtrip-algarve-cs\" role=\"listitem\">\n\t\t\t<div class=\"elementor-post__card\">\n\t\t\t\t<a class=\"elementor-post__thumbnail__link\" href=\"https:\/\/oceancamper.com\/cs\/pronajem-karavanu-algarve-vyplati-se-to\/\" tabindex=\"-1\" ><div class=\"elementor-post__thumbnail\"><img decoding=\"async\" width=\"1600\" height=\"1200\" src=\"https:\/\/oceancamper.com\/wp-content\/uploads\/2025\/02\/IMG-20241111-WA0018.jpg\" class=\"attachment-full size-full wp-image-161931\" alt=\"P\u00e1r si u\u017e\u00edv\u00e1 v\u00fdlet obytn\u00fdm vozem v Algarve 2026\" srcset=\"https:\/\/oceancamper.com\/wp-content\/uploads\/2025\/02\/IMG-20241111-WA0018.jpg 1600w, https:\/\/oceancamper.com\/wp-content\/uploads\/2025\/02\/IMG-20241111-WA0018-300x225.jpg 300w, https:\/\/oceancamper.com\/wp-content\/uploads\/2025\/02\/IMG-20241111-WA0018-1024x768.jpg 1024w, https:\/\/oceancamper.com\/wp-content\/uploads\/2025\/02\/IMG-20241111-WA0018-768x576.jpg 768w, https:\/\/oceancamper.com\/wp-content\/uploads\/2025\/02\/IMG-20241111-WA0018-1536x1152.jpg 1536w, https:\/\/oceancamper.com\/wp-content\/uploads\/2025\/02\/IMG-20241111-WA0018-240x180.jpg 240w\" sizes=\"(max-width: 1600px) 100vw, 1600px\" \/><\/div><\/a>\n\t\t\t\t<div class=\"elementor-post__text\">\n\t\t\t\t<h2 class=\"elementor-post__title\">\n\t\t\t<a href=\"https:\/\/oceancamper.com\/cs\/pronajem-karavanu-algarve-vyplati-se-to\/\" >\n\t\t\t\tPron\u00e1jem karavanu Algarve &#8211; Kompletn\u00ed pr\u016fvodce pro rok 2026\t\t\t<\/a>\n\t\t<\/h2>\n\t\t\t\t<div class=\"elementor-post__excerpt\">\n\t\t\t<p>V\u00fdhody pron\u00e1jmu karavanu v Algarve. Charakteristika regionu, svoboda a cenov\u011b v\u00fdhodn\u00e9 cestov\u00e1n\u00ed. <\/p>\n\t\t<\/div>\n\t\t\n\t\t<a class=\"elementor-post__read-more\" href=\"https:\/\/oceancamper.com\/cs\/pronajem-karavanu-algarve-vyplati-se-to\/\" aria-label=\"Read more about Pron\u00e1jem karavanu Algarve &#8211; Kompletn\u00ed pr\u016fvodce pro rok 2026\" tabindex=\"-1\" >\n\t\t\tP\u0159e\u010dt\u011bte si v\u00edce \"\t\t<\/a>\n\n\t\t\t\t<\/div>\n\t\t\t\t\t<\/div>\n\t\t<\/article>\n\t\t\t\t<article class=\"elementor-post elementor-grid-item post-161938 post type-post status-publish format-standard has-post-thumbnail hentry category-uncategorized-cs tag-campingtips-cs tag-suptips-cs tag-surfingtips-cs\" role=\"listitem\">\n\t\t\t<div class=\"elementor-post__card\">\n\t\t\t\t<a class=\"elementor-post__thumbnail__link\" href=\"https:\/\/oceancamper.com\/cs\/mapa-portugalsko-nejlepsi-mista\/\" tabindex=\"-1\" ><div class=\"elementor-post__thumbnail\"><img loading=\"lazy\" decoding=\"async\" width=\"960\" height=\"640\" src=\"https:\/\/oceancamper.com\/wp-content\/uploads\/2023\/07\/arrifess.jpg\" class=\"attachment-full size-full wp-image-206907\" alt=\"\" srcset=\"https:\/\/oceancamper.com\/wp-content\/uploads\/2023\/07\/arrifess.jpg 960w, https:\/\/oceancamper.com\/wp-content\/uploads\/2023\/07\/arrifess-300x200.jpg 300w, https:\/\/oceancamper.com\/wp-content\/uploads\/2023\/07\/arrifess-768x512.jpg 768w, https:\/\/oceancamper.com\/wp-content\/uploads\/2023\/07\/arrifess-240x160.jpg 240w\" sizes=\"(max-width: 960px) 100vw, 960px\" \/><\/div><\/a>\n\t\t\t\t<div class=\"elementor-post__text\">\n\t\t\t\t<h2 class=\"elementor-post__title\">\n\t\t\t<a href=\"https:\/\/oceancamper.com\/cs\/mapa-portugalsko-nejlepsi-mista\/\" >\n\t\t\t\tMapa: Nejlep\u0161\u00ed m\u00edsta: Portugalsko &#8211; V\u00e1\u0161 pr\u016fvodce na cesty\t\t\t<\/a>\n\t\t<\/h2>\n\t\t\t\t<div class=\"elementor-post__excerpt\">\n\t\t\t<p>Mapa s nejlep\u0161\u00edmi m\u00edsty v Portugalsku: a kemp\u016f.  <\/p>\n\t\t<\/div>\n\t\t\n\t\t<a class=\"elementor-post__read-more\" href=\"https:\/\/oceancamper.com\/cs\/mapa-portugalsko-nejlepsi-mista\/\" aria-label=\"Read more about Mapa: Nejlep\u0161\u00ed m\u00edsta: Portugalsko &#8211; V\u00e1\u0161 pr\u016fvodce na cesty\" tabindex=\"-1\" >\n\t\t\tP\u0159e\u010dt\u011bte si v\u00edce \"\t\t<\/a>\n\n\t\t\t\t<\/div>\n\t\t\t\t\t<\/div>\n\t\t<\/article>\n\t\t\t\t<article class=\"elementor-post elementor-grid-item post-161985 post type-post status-publish format-standard has-post-thumbnail hentry category-tipy-pro-kempovani tag-campingtips-campingapps-camping-cs\" role=\"listitem\">\n\t\t\t<div class=\"elementor-post__card\">\n\t\t\t\t<a class=\"elementor-post__thumbnail__link\" href=\"https:\/\/oceancamper.com\/cs\/10-nejlepsich-kempinkovych-aplikaci-a-webovych-stranek\/\" tabindex=\"-1\" ><div class=\"elementor-post__thumbnail\"><img loading=\"lazy\" decoding=\"async\" width=\"2560\" height=\"1707\" src=\"https:\/\/oceancamper.com\/wp-content\/uploads\/2023\/05\/campervan-view-portugal-nature-ocean-camper-scaled.jpg\" class=\"attachment-full size-full wp-image-210350\" alt=\"nejlep\u0161\u00ed aplikace pro kempov\u00e1n\u00ed Portugalsko. Odpo\u010dinek v obytn\u00e9m voze s otev\u0159en\u00fdmi dve\u0159mi a v\u00fdhledem na kopce v Portugalsku b\u011bhem kempov\u00e1n\u00ed.\" srcset=\"https:\/\/oceancamper.com\/wp-content\/uploads\/2023\/05\/campervan-view-portugal-nature-ocean-camper-scaled.jpg 2560w, https:\/\/oceancamper.com\/wp-content\/uploads\/2023\/05\/campervan-view-portugal-nature-ocean-camper-300x200.jpg 300w, https:\/\/oceancamper.com\/wp-content\/uploads\/2023\/05\/campervan-view-portugal-nature-ocean-camper-1024x683.jpg 1024w, https:\/\/oceancamper.com\/wp-content\/uploads\/2023\/05\/campervan-view-portugal-nature-ocean-camper-768x512.jpg 768w, https:\/\/oceancamper.com\/wp-content\/uploads\/2023\/05\/campervan-view-portugal-nature-ocean-camper-1536x1024.jpg 1536w, https:\/\/oceancamper.com\/wp-content\/uploads\/2023\/05\/campervan-view-portugal-nature-ocean-camper-2048x1365.jpg 2048w, https:\/\/oceancamper.com\/wp-content\/uploads\/2023\/05\/campervan-view-portugal-nature-ocean-camper-240x160.jpg 240w\" sizes=\"(max-width: 2560px) 100vw, 2560px\" \/><\/div><\/a>\n\t\t\t\t<div class=\"elementor-post__text\">\n\t\t\t\t<h2 class=\"elementor-post__title\">\n\t\t\t<a href=\"https:\/\/oceancamper.com\/cs\/10-nejlepsich-kempinkovych-aplikaci-a-webovych-stranek\/\" >\n\t\t\t\tNejlep\u0161\u00ed aplikace pro kempov\u00e1n\u00ed v Portugalsku a Evrop\u011b (pr\u016fvodce pro rok 2026)\t\t\t<\/a>\n\t\t<\/h2>\n\t\t\t\t<div class=\"elementor-post__excerpt\">\n\t\t\t<p>Nejlep\u0161\u00ed mobiln\u00ed n\u00e1\u0159ad\u00ed, kter\u00e9 budete pot\u0159ebovat p\u0159i kempov\u00e1n\u00ed v Portugalsku. Kempov\u00e1n\u00ed je o flexibilit\u011b. Ale bu\u010fte p\u0159ipraveni b\u00fdt flexibiln\u00ed.  <\/p>\n\t\t<\/div>\n\t\t\n\t\t<a class=\"elementor-post__read-more\" href=\"https:\/\/oceancamper.com\/cs\/10-nejlepsich-kempinkovych-aplikaci-a-webovych-stranek\/\" aria-label=\"Read more about Nejlep\u0161\u00ed aplikace pro kempov\u00e1n\u00ed v Portugalsku a Evrop\u011b (pr\u016fvodce pro rok 2026)\" tabindex=\"-1\" >\n\t\t\tP\u0159e\u010dt\u011bte si v\u00edce \"\t\t<\/a>\n\n\t\t\t\t<\/div>\n\t\t\t\t\t<\/div>\n\t\t<\/article>\n\t\t\t\t<article class=\"elementor-post elementor-grid-item post-161993 post type-post status-publish format-standard has-post-thumbnail hentry category-tipy-pro-kempovani tag-solocamping-solotraveller-campingtips-cs\" role=\"listitem\">\n\t\t\t<div class=\"elementor-post__card\">\n\t\t\t\t<a class=\"elementor-post__thumbnail__link\" href=\"https:\/\/oceancamper.com\/cs\/tipy-pro-solo-cestovani\/\" tabindex=\"-1\" ><div class=\"elementor-post__thumbnail\"><img loading=\"lazy\" decoding=\"async\" width=\"1707\" height=\"1280\" src=\"https:\/\/oceancamper.com\/wp-content\/uploads\/2023\/05\/edited-1-340-min.jpg\" class=\"attachment-full size-full wp-image-161994\" alt=\"Woman sitting at the back of a campervan watching the sunset \u2014 solo travel freedom in Algarve, Portugal.\" srcset=\"https:\/\/oceancamper.com\/wp-content\/uploads\/2023\/05\/edited-1-340-min.jpg 1707w, https:\/\/oceancamper.com\/wp-content\/uploads\/2023\/05\/edited-1-340-min-300x225.jpg 300w, https:\/\/oceancamper.com\/wp-content\/uploads\/2023\/05\/edited-1-340-min-1024x768.jpg 1024w, https:\/\/oceancamper.com\/wp-content\/uploads\/2023\/05\/edited-1-340-min-768x576.jpg 768w, https:\/\/oceancamper.com\/wp-content\/uploads\/2023\/05\/edited-1-340-min-1536x1152.jpg 1536w, https:\/\/oceancamper.com\/wp-content\/uploads\/2023\/05\/edited-1-340-min-240x180.jpg 240w\" sizes=\"(max-width: 1707px) 100vw, 1707px\" \/><\/div><\/a>\n\t\t\t\t<div class=\"elementor-post__text\">\n\t\t\t\t<h2 class=\"elementor-post__title\">\n\t\t\t<a href=\"https:\/\/oceancamper.com\/cs\/tipy-pro-solo-cestovani\/\" >\n\t\t\t\tTipy pro s\u00f3lo cestov\u00e1n\u00ed portugalsko\t\t\t<\/a>\n\t\t<\/h2>\n\t\t\t\t<div class=\"elementor-post__excerpt\">\n\t\t\t<p>  Pro\u010d cestovat s\u00f3lo?<br \/>\n V\u00fdhody s\u00f3lov\u00e9ho cestov\u00e1n\u00ed<br \/>\n Bezpe\u010dnost a soci\u00e1ln\u00ed prost\u0159ed\u00ed<br \/>\n N\u00e1vrh aktivit  <\/p>\n\t\t<\/div>\n\t\t\n\t\t<a class=\"elementor-post__read-more\" href=\"https:\/\/oceancamper.com\/cs\/tipy-pro-solo-cestovani\/\" aria-label=\"Read more about Tipy pro s\u00f3lo cestov\u00e1n\u00ed portugalsko\" tabindex=\"-1\" >\n\t\t\tP\u0159e\u010dt\u011bte si v\u00edce \"\t\t<\/a>\n\n\t\t\t\t<\/div>\n\t\t\t\t\t<\/div>\n\t\t<\/article>\n\t\t\t\t<article class=\"elementor-post elementor-grid-item post-162009 post type-post status-publish format-standard has-post-thumbnail hentry category-tipy-pro-kempovani tag-kde-je-verejne-wc tag-kempovani-v-male-dodavce tag-koupelna tag-wc-cs\" role=\"listitem\">\n\t\t\t<div class=\"elementor-post__card\">\n\t\t\t\t<a class=\"elementor-post__thumbnail__link\" href=\"https:\/\/oceancamper.com\/cs\/hledani-toalety-pri-kempovani\/\" tabindex=\"-1\" ><div class=\"elementor-post__thumbnail\"><img loading=\"lazy\" decoding=\"async\" width=\"2560\" height=\"1707\" src=\"https:\/\/oceancamper.com\/wp-content\/uploads\/2025\/10\/image00031-scaled.jpeg\" class=\"attachment-full size-full wp-image-204412\" alt=\"Ocean Camper van zaparkovan\u00fd na \u00fatesech Algarve p\u0159i z\u00e1padu slunce - malebn\u00fd v\u00fdhled na kempov\u00e1n\u00ed a v\u00fdlety v Portugalsku.\" srcset=\"https:\/\/oceancamper.com\/wp-content\/uploads\/2025\/10\/image00031-scaled.jpeg 2560w, https:\/\/oceancamper.com\/wp-content\/uploads\/2025\/10\/image00031-300x200.jpeg 300w, https:\/\/oceancamper.com\/wp-content\/uploads\/2025\/10\/image00031-1024x683.jpeg 1024w, https:\/\/oceancamper.com\/wp-content\/uploads\/2025\/10\/image00031-768x512.jpeg 768w, https:\/\/oceancamper.com\/wp-content\/uploads\/2025\/10\/image00031-1536x1024.jpeg 1536w, https:\/\/oceancamper.com\/wp-content\/uploads\/2025\/10\/image00031-2048x1365.jpeg 2048w, https:\/\/oceancamper.com\/wp-content\/uploads\/2025\/10\/image00031-240x160.jpeg 240w\" sizes=\"(max-width: 2560px) 100vw, 2560px\" \/><\/div><\/a>\n\t\t\t\t<div class=\"elementor-post__text\">\n\t\t\t\t<h2 class=\"elementor-post__title\">\n\t\t\t<a href=\"https:\/\/oceancamper.com\/cs\/hledani-toalety-pri-kempovani\/\" >\n\t\t\t\tHled\u00e1n\u00ed toalety p\u0159i kempov\u00e1n\u00ed\t\t\t<\/a>\n\t\t<\/h2>\n\t\t\t\t<div class=\"elementor-post__excerpt\">\n\t\t\t<p>Hled\u00e1n\u00ed toalet p\u0159i kempov\u00e1n\u00ed v Portugalsku Kdy\u017e cestujete v mini obytn\u00e9m aut\u011b bez vestav\u011bn\u00e9 toalety, m\u016f\u017ee b\u00fdt rozhodov\u00e1n\u00ed o tom, kam j\u00edt, stresuj\u00edc\u00ed. Portugalsko na\u0161t\u011bst\u00ed nab\u00edz\u00ed spoustu mo\u017enost\u00ed &#8211; od<\/p>\n\t\t<\/div>\n\t\t\n\t\t<a class=\"elementor-post__read-more\" href=\"https:\/\/oceancamper.com\/cs\/hledani-toalety-pri-kempovani\/\" aria-label=\"Read more about Hled\u00e1n\u00ed toalety p\u0159i kempov\u00e1n\u00ed\" tabindex=\"-1\" >\n\t\t\tP\u0159e\u010dt\u011bte si v\u00edce \"\t\t<\/a>\n\n\t\t\t\t<\/div>\n\t\t\t\t\t<\/div>\n\t\t<\/article>\n\t\t\t\t<article class=\"elementor-post elementor-grid-item post-162034 post type-post status-publish format-standard has-post-thumbnail hentry category-tipy-pro-kempovani category-zimni tag-co-delat-v-zime-v-portugalsku tag-zimni-kempovani tag-zimni-tipy\" role=\"listitem\">\n\t\t\t<div class=\"elementor-post__card\">\n\t\t\t\t<a class=\"elementor-post__thumbnail__link\" href=\"https:\/\/oceancamper.com\/cs\/zimni-kempovani-v-portugalsku\/\" tabindex=\"-1\" ><div class=\"elementor-post__thumbnail\"><img loading=\"lazy\" decoding=\"async\" width=\"1333\" height=\"1000\" src=\"https:\/\/oceancamper.com\/wp-content\/uploads\/2022\/12\/Ocean13-min.jpg\" class=\"attachment-full size-full wp-image-162035\" alt=\"Pohled z \u010derven\u00e9 dod\u00e1vky Ocean Camper p\u0159i z\u00e1padu slunce - pl\u00e1\u017e, vlny a kuchy\u0148sk\u00e1 stanice v r\u00e1mu otev\u0159en\u00fdch dve\u0159\u00ed.\" srcset=\"https:\/\/oceancamper.com\/wp-content\/uploads\/2022\/12\/Ocean13-min.jpg 1333w, https:\/\/oceancamper.com\/wp-content\/uploads\/2022\/12\/Ocean13-min-300x225.jpg 300w, https:\/\/oceancamper.com\/wp-content\/uploads\/2022\/12\/Ocean13-min-1024x768.jpg 1024w, https:\/\/oceancamper.com\/wp-content\/uploads\/2022\/12\/Ocean13-min-768x576.jpg 768w, https:\/\/oceancamper.com\/wp-content\/uploads\/2022\/12\/elementor\/thumbs\/Ocean13-min-q88m6gkrmcf5umw35631t8yk4qaaqhaix5svzpl4kw.jpg 800w\" sizes=\"(max-width: 1333px) 100vw, 1333px\" \/><\/div><\/a>\n\t\t\t\t<div class=\"elementor-post__text\">\n\t\t\t\t<h2 class=\"elementor-post__title\">\n\t\t\t<a href=\"https:\/\/oceancamper.com\/cs\/zimni-kempovani-v-portugalsku\/\" >\n\t\t\t\tZimn\u00ed kempov\u00e1n\u00ed v Portugalsku &#8211; po\u010das\u00ed, oble\u010den\u00ed a aktivity\t\t\t<\/a>\n\t\t<\/h2>\n\t\t\t\t<div class=\"elementor-post__excerpt\">\n\t\t\t<p>Tipy a aktivity pro zimn\u00ed kempov\u00e1n\u00ed: po\u010das\u00ed, oble\u010den\u00ed, kter\u00e9 budete pot\u0159ebovat, seznam aktivit, kter\u00e9 m\u016f\u017eete podniknout a nav\u0161t\u00edvit, a dal\u0161\u00ed n\u00e1vrhy.<\/p>\n\t\t<\/div>\n\t\t\n\t\t<a class=\"elementor-post__read-more\" href=\"https:\/\/oceancamper.com\/cs\/zimni-kempovani-v-portugalsku\/\" aria-label=\"Read more about Zimn\u00ed kempov\u00e1n\u00ed v Portugalsku &#8211; po\u010das\u00ed, oble\u010den\u00ed a aktivity\" tabindex=\"-1\" >\n\t\t\tP\u0159e\u010dt\u011bte si v\u00edce \"\t\t<\/a>\n\n\t\t\t\t<\/div>\n\t\t\t\t\t<\/div>\n\t\t<\/article>\n\t\t\t\t<article class=\"elementor-post elementor-grid-item post-162079 post type-post status-publish format-standard has-post-thumbnail hentry category-uncategorized-cs category-upozorneni\" role=\"listitem\">\n\t\t\t<div class=\"elementor-post__card\">\n\t\t\t\t<a class=\"elementor-post__thumbnail__link\" href=\"https:\/\/oceancamper.com\/cs\/vylet-s-elektrickym-obytnym-vozem\/\" tabindex=\"-1\" ><div class=\"elementor-post__thumbnail\"><img loading=\"lazy\" decoding=\"async\" width=\"1200\" height=\"800\" src=\"https:\/\/oceancamper.com\/wp-content\/uploads\/2022\/03\/electric-mini-camper-Ocean-Camper.jpg\" class=\"attachment-full size-full wp-image-219469\" alt=\"Electric mini campervan by Ocean Camper parked by the beach in Portugal\" srcset=\"https:\/\/oceancamper.com\/wp-content\/uploads\/2022\/03\/electric-mini-camper-Ocean-Camper.jpg 1200w, https:\/\/oceancamper.com\/wp-content\/uploads\/2022\/03\/electric-mini-camper-Ocean-Camper-300x200.jpg 300w, https:\/\/oceancamper.com\/wp-content\/uploads\/2022\/03\/electric-mini-camper-Ocean-Camper-1024x683.jpg 1024w, https:\/\/oceancamper.com\/wp-content\/uploads\/2022\/03\/electric-mini-camper-Ocean-Camper-768x512.jpg 768w, https:\/\/oceancamper.com\/wp-content\/uploads\/2022\/03\/electric-mini-camper-Ocean-Camper-240x160.jpg 240w\" sizes=\"(max-width: 1200px) 100vw, 1200px\" \/><\/div><\/a>\n\t\t\t\t<div class=\"elementor-post__text\">\n\t\t\t\t<h2 class=\"elementor-post__title\">\n\t\t\t<a href=\"https:\/\/oceancamper.com\/cs\/vylet-s-elektrickym-obytnym-vozem\/\" >\n\t\t\t\tV\u00fdlet s elektrick\u00fdm obytn\u00fdm vozem\t\t\t<\/a>\n\t\t<\/h2>\n\t\t\t\t<div class=\"elementor-post__excerpt\">\n\t\t\t<p>Tipy pro cestov\u00e1n\u00ed s na\u0161\u00edm 100% elektrick\u00fdm obytn\u00fdm vozem e-Nomad: kde ho nab\u00edjet, mapa nab\u00edjec\u00edch m\u00edst a historie eCamperu.<\/p>\n\t\t<\/div>\n\t\t\n\t\t<a class=\"elementor-post__read-more\" href=\"https:\/\/oceancamper.com\/cs\/vylet-s-elektrickym-obytnym-vozem\/\" aria-label=\"Read more about V\u00fdlet s elektrick\u00fdm obytn\u00fdm vozem\" tabindex=\"-1\" >\n\t\t\tP\u0159e\u010dt\u011bte si v\u00edce \"\t\t<\/a>\n\n\t\t\t\t<\/div>\n\t\t\t\t\t<\/div>\n\t\t<\/article>\n\t\t\t\t<article class=\"elementor-post elementor-grid-item post-162116 post type-post status-publish format-standard has-post-thumbnail hentry category-uncategorized-cs\" role=\"listitem\">\n\t\t\t<div class=\"elementor-post__card\">\n\t\t\t\t<a class=\"elementor-post__thumbnail__link\" href=\"https:\/\/oceancamper.com\/cs\/nadherne-plaze\/\" tabindex=\"-1\" ><div class=\"elementor-post__thumbnail\"><img loading=\"lazy\" decoding=\"async\" width=\"960\" height=\"644\" src=\"https:\/\/oceancamper.com\/wp-content\/uploads\/2021\/10\/praia-da-amalia-zambujeira-do-mar-alentejo-ocean-camper-2025.jpg\" class=\"attachment-full size-full wp-image-208640\" alt=\"Pl\u00e1\u017e Praia da Am\u00e1lia obklopen\u00e1 \u00fatesy u Zambujeira do Mar, pob\u0159e\u017e\u00ed Alenteja, Portugalsko\" srcset=\"https:\/\/oceancamper.com\/wp-content\/uploads\/2021\/10\/praia-da-amalia-zambujeira-do-mar-alentejo-ocean-camper-2025.jpg 960w, https:\/\/oceancamper.com\/wp-content\/uploads\/2021\/10\/praia-da-amalia-zambujeira-do-mar-alentejo-ocean-camper-2025-300x201.jpg 300w, https:\/\/oceancamper.com\/wp-content\/uploads\/2021\/10\/praia-da-amalia-zambujeira-do-mar-alentejo-ocean-camper-2025-768x515.jpg 768w, https:\/\/oceancamper.com\/wp-content\/uploads\/2021\/10\/praia-da-amalia-zambujeira-do-mar-alentejo-ocean-camper-2025-240x161.jpg 240w\" sizes=\"(max-width: 960px) 100vw, 960px\" \/><\/div><\/a>\n\t\t\t\t<div class=\"elementor-post__text\">\n\t\t\t\t<h2 class=\"elementor-post__title\">\n\t\t\t<a href=\"https:\/\/oceancamper.com\/cs\/nadherne-plaze\/\" >\n\t\t\t\tN\u00e1dhern\u00e9 pl\u00e1\u017ee Algarve\t\t\t<\/a>\n\t\t<\/h2>\n\t\t\t\t<div class=\"elementor-post__excerpt\">\n\t\t\t<p>P\u0159i v\u00fdb\u011bru pl\u00e1\u017ee, na kter\u00e9 chcete tr\u00e1vit voln\u00fd \u010das, zva\u017ete n\u00e1sleduj\u00edc\u00ed aspekty: P\u0159\u00edliv a odliv oce\u00e1nu.<\/p>\n\t\t<\/div>\n\t\t\n\t\t<a class=\"elementor-post__read-more\" href=\"https:\/\/oceancamper.com\/cs\/nadherne-plaze\/\" aria-label=\"Read more about N\u00e1dhern\u00e9 pl\u00e1\u017ee Algarve\" tabindex=\"-1\" >\n\t\t\tP\u0159e\u010dt\u011bte si v\u00edce \"\t\t<\/a>\n\n\t\t\t\t<\/div>\n\t\t\t\t\t<\/div>\n\t\t<\/article>\n\t\t\t\t<article class=\"elementor-post elementor-grid-item post-162129 post type-post status-publish format-standard has-post-thumbnail hentry category-upozorneni\" role=\"listitem\">\n\t\t\t<div class=\"elementor-post__card\">\n\t\t\t\t<a class=\"elementor-post__thumbnail__link\" href=\"https:\/\/oceancamper.com\/cs\/kempy-algarve\/\" tabindex=\"-1\" ><div class=\"elementor-post__thumbnail\"><img loading=\"lazy\" decoding=\"async\" width=\"1200\" height=\"800\" src=\"https:\/\/oceancamper.com\/wp-content\/uploads\/2021\/05\/Girl-camping-at-the-Algarve-\u2013-Ocean-Camper-Portugal-2026.jpg\" class=\"attachment-full size-full wp-image-219482\" alt=\"Indigo mini camper \u2014 campervan rental Faro Portugal\" srcset=\"https:\/\/oceancamper.com\/wp-content\/uploads\/2021\/05\/Girl-camping-at-the-Algarve-\u2013-Ocean-Camper-Portugal-2026.jpg 1200w, https:\/\/oceancamper.com\/wp-content\/uploads\/2021\/05\/Girl-camping-at-the-Algarve-\u2013-Ocean-Camper-Portugal-2026-300x200.jpg 300w, https:\/\/oceancamper.com\/wp-content\/uploads\/2021\/05\/Girl-camping-at-the-Algarve-\u2013-Ocean-Camper-Portugal-2026-1024x683.jpg 1024w, https:\/\/oceancamper.com\/wp-content\/uploads\/2021\/05\/Girl-camping-at-the-Algarve-\u2013-Ocean-Camper-Portugal-2026-768x512.jpg 768w, https:\/\/oceancamper.com\/wp-content\/uploads\/2021\/05\/Girl-camping-at-the-Algarve-\u2013-Ocean-Camper-Portugal-2026-240x160.jpg 240w\" sizes=\"(max-width: 1200px) 100vw, 1200px\" \/><\/div><\/a>\n\t\t\t\t<div class=\"elementor-post__text\">\n\t\t\t\t<h2 class=\"elementor-post__title\">\n\t\t\t<a href=\"https:\/\/oceancamper.com\/cs\/kempy-algarve\/\" >\n\t\t\t\tNejlep\u0161\u00ed kempy Algarve Portugalsko (2026) &#8211; Pr\u016fvodce kempov\u00e1n\u00edm v karavanech a stanech\t\t\t<\/a>\n\t\t<\/h2>\n\t\t\t\t<div class=\"elementor-post__excerpt\">\n\t\t\t<p>Nejlep\u0161\u00ed kempy v Algarve a Portugalsku: ve vnitrozem\u00ed, v bl\u00edzkosti oce\u00e1nu, s v\u00fdhledem na vodu, levn\u00e9 i drah\u00e9 kempy.<\/p>\n\t\t<\/div>\n\t\t\n\t\t<a class=\"elementor-post__read-more\" href=\"https:\/\/oceancamper.com\/cs\/kempy-algarve\/\" aria-label=\"Read more about Nejlep\u0161\u00ed kempy Algarve Portugalsko (2026) &#8211; Pr\u016fvodce kempov\u00e1n\u00edm v karavanech a stanech\" tabindex=\"-1\" >\n\t\t\tP\u0159e\u010dt\u011bte si v\u00edce \"\t\t<\/a>\n\n\t\t\t\t<\/div>\n\t\t\t\t\t<\/div>\n\t\t<\/article>\n\t\t\t\t<article class=\"elementor-post elementor-grid-item post-162159 post type-post status-publish format-standard has-post-thumbnail hentry category-upozorneni\" role=\"listitem\">\n\t\t\t<div class=\"elementor-post__card\">\n\t\t\t\t<a class=\"elementor-post__thumbnail__link\" href=\"https:\/\/oceancamper.com\/cs\/paddleboarding-algarve\/\" tabindex=\"-1\" ><div class=\"elementor-post__thumbnail\"><img loading=\"lazy\" decoding=\"async\" width=\"2560\" height=\"1707\" src=\"https:\/\/oceancamper.com\/wp-content\/uploads\/2020\/12\/paddleboarding-algarve-sup-ocean-camper-scaled.jpg\" class=\"attachment-full size-full wp-image-208146\" alt=\"Paddleboard a \u010derven\u00fd obytn\u00fd v\u016fz zaparkovan\u00fd na pob\u0159e\u017e\u00ed Algarve - vybaven\u00ed Ocean Camper pro dobrodru\u017estv\u00ed na paddleboardu v Portugalsku.\" srcset=\"https:\/\/oceancamper.com\/wp-content\/uploads\/2020\/12\/paddleboarding-algarve-sup-ocean-camper-scaled.jpg 2560w, https:\/\/oceancamper.com\/wp-content\/uploads\/2020\/12\/paddleboarding-algarve-sup-ocean-camper-300x200.jpg 300w, https:\/\/oceancamper.com\/wp-content\/uploads\/2020\/12\/paddleboarding-algarve-sup-ocean-camper-1024x683.jpg 1024w, https:\/\/oceancamper.com\/wp-content\/uploads\/2020\/12\/paddleboarding-algarve-sup-ocean-camper-768x512.jpg 768w, https:\/\/oceancamper.com\/wp-content\/uploads\/2020\/12\/paddleboarding-algarve-sup-ocean-camper-1536x1024.jpg 1536w, https:\/\/oceancamper.com\/wp-content\/uploads\/2020\/12\/paddleboarding-algarve-sup-ocean-camper-2048x1365.jpg 2048w, https:\/\/oceancamper.com\/wp-content\/uploads\/2020\/12\/paddleboarding-algarve-sup-ocean-camper-240x160.jpg 240w\" sizes=\"(max-width: 2560px) 100vw, 2560px\" \/><\/div><\/a>\n\t\t\t\t<div class=\"elementor-post__text\">\n\t\t\t\t<h2 class=\"elementor-post__title\">\n\t\t\t<a href=\"https:\/\/oceancamper.com\/cs\/paddleboarding-algarve\/\" >\n\t\t\t\tPaddleboarding Algarve &#8211; nejlep\u0161\u00ed m\u00edsta pro SUP\t\t\t<\/a>\n\t\t<\/h2>\n\t\t\t\t<div class=\"elementor-post__excerpt\">\n\t\t\t<p>Nejlep\u0161\u00ed m\u00edsta pro SUP v Algarve! Jeskyn\u011b, \u0159eky a jezera. P\u016fj\u010dte si na\u0161e prkna a p\u00e1dlujte tam, kam se ostatn\u00ed turist\u00e9 nedostanou.  <\/p>\n\t\t<\/div>\n\t\t\n\t\t<a class=\"elementor-post__read-more\" href=\"https:\/\/oceancamper.com\/cs\/paddleboarding-algarve\/\" aria-label=\"Read more about Paddleboarding Algarve &#8211; nejlep\u0161\u00ed m\u00edsta pro SUP\" tabindex=\"-1\" >\n\t\t\tP\u0159e\u010dt\u011bte si v\u00edce \"\t\t<\/a>\n\n\t\t\t\t<\/div>\n\t\t\t\t\t<\/div>\n\t\t<\/article>\n\t\t\t\t<article class=\"elementor-post elementor-grid-item post-162186 post type-post status-publish format-standard has-post-thumbnail hentry category-uncategorized-cs\" role=\"listitem\">\n\t\t\t<div class=\"elementor-post__card\">\n\t\t\t\t<a class=\"elementor-post__thumbnail__link\" href=\"https:\/\/oceancamper.com\/cs\/faro\/\" tabindex=\"-1\" ><div class=\"elementor-post__thumbnail\"><img loading=\"lazy\" decoding=\"async\" width=\"2560\" height=\"1919\" src=\"https:\/\/oceancamper.com\/wp-content\/uploads\/2020\/12\/AdobeStock_307404734-1-min-scaled.jpeg\" class=\"attachment-full size-full wp-image-183894\" alt=\"Leteck\u00fd pohled na Faro v Algarve - \u010derven\u00e9 st\u0159echy, star\u00e9 m\u011bsto a laguna Ria Formosa pod jasnou oblohou.\" srcset=\"https:\/\/oceancamper.com\/wp-content\/uploads\/2020\/12\/AdobeStock_307404734-1-min-scaled.jpeg 2560w, https:\/\/oceancamper.com\/wp-content\/uploads\/2020\/12\/AdobeStock_307404734-1-min-300x225.jpeg 300w, https:\/\/oceancamper.com\/wp-content\/uploads\/2020\/12\/AdobeStock_307404734-1-min-1024x767.jpeg 1024w, https:\/\/oceancamper.com\/wp-content\/uploads\/2020\/12\/AdobeStock_307404734-1-min-768x576.jpeg 768w, https:\/\/oceancamper.com\/wp-content\/uploads\/2020\/12\/AdobeStock_307404734-1-min-1536x1151.jpeg 1536w, https:\/\/oceancamper.com\/wp-content\/uploads\/2020\/12\/AdobeStock_307404734-1-min-2048x1535.jpeg 2048w, https:\/\/oceancamper.com\/wp-content\/uploads\/2020\/12\/AdobeStock_307404734-1-min-240x180.jpeg 240w\" sizes=\"(max-width: 2560px) 100vw, 2560px\" \/><\/div><\/a>\n\t\t\t\t<div class=\"elementor-post__text\">\n\t\t\t\t<h2 class=\"elementor-post__title\">\n\t\t\t<a href=\"https:\/\/oceancamper.com\/cs\/faro\/\" >\n\t\t\t\tCo d\u011blat ve m\u011bst\u011b Faro?\t\t\t<\/a>\n\t\t<\/h2>\n\t\t\t\t<div class=\"elementor-post__excerpt\">\n\t\t\t<p>Jak se dostat z leti\u0161t\u011b do centra m\u011bsta Faro nebo na Praia de Faro? J\u00edzdn\u00ed \u0159\u00e1d autobus\u016f. Nejlep\u0161\u00ed restaurace ve Faro.  <\/p>\n\t\t<\/div>\n\t\t\n\t\t<a class=\"elementor-post__read-more\" href=\"https:\/\/oceancamper.com\/cs\/faro\/\" aria-label=\"Read more about Co d\u011blat ve m\u011bst\u011b Faro?\" tabindex=\"-1\" >\n\t\t\tP\u0159e\u010dt\u011bte si v\u00edce \"\t\t<\/a>\n\n\t\t\t\t<\/div>\n\t\t\t\t\t<\/div>\n\t\t<\/article>\n\t\t\t\t<article class=\"elementor-post elementor-grid-item post-162204 post type-post status-publish format-standard has-post-thumbnail hentry category-uncategorized-cs\" role=\"listitem\">\n\t\t\t<div class=\"elementor-post__card\">\n\t\t\t\t<a class=\"elementor-post__thumbnail__link\" href=\"https:\/\/oceancamper.com\/cs\/portugalske-potraviny\/\" tabindex=\"-1\" ><div class=\"elementor-post__thumbnail\"><img loading=\"lazy\" decoding=\"async\" width=\"2048\" height=\"2048\" src=\"https:\/\/oceancamper.com\/wp-content\/uploads\/2025\/03\/IMG-20250318-WA0022.jpg\" class=\"attachment-full size-full wp-image-164004\" alt=\"Portugalsk\u00e9 j\u00eddlo - chobotnice (polvo) s brambory, tradi\u010dn\u00ed pokrm z mo\u0159sk\u00fdch plod\u016f.\" srcset=\"https:\/\/oceancamper.com\/wp-content\/uploads\/2025\/03\/IMG-20250318-WA0022.jpg 2048w, https:\/\/oceancamper.com\/wp-content\/uploads\/2025\/03\/IMG-20250318-WA0022-300x300.jpg 300w, https:\/\/oceancamper.com\/wp-content\/uploads\/2025\/03\/IMG-20250318-WA0022-1024x1024.jpg 1024w, https:\/\/oceancamper.com\/wp-content\/uploads\/2025\/03\/IMG-20250318-WA0022-150x150.jpg 150w, https:\/\/oceancamper.com\/wp-content\/uploads\/2025\/03\/IMG-20250318-WA0022-768x768.jpg 768w, https:\/\/oceancamper.com\/wp-content\/uploads\/2025\/03\/IMG-20250318-WA0022-1536x1536.jpg 1536w, https:\/\/oceancamper.com\/wp-content\/uploads\/2025\/03\/IMG-20250318-WA0022-32x32.jpg 32w, https:\/\/oceancamper.com\/wp-content\/uploads\/2025\/03\/IMG-20250318-WA0022-48x48.jpg 48w, https:\/\/oceancamper.com\/wp-content\/uploads\/2025\/03\/IMG-20250318-WA0022-80x80.jpg 80w, https:\/\/oceancamper.com\/wp-content\/uploads\/2025\/03\/IMG-20250318-WA0022-180x180.jpg 180w\" sizes=\"(max-width: 2048px) 100vw, 2048px\" \/><\/div><\/a>\n\t\t\t\t<div class=\"elementor-post__text\">\n\t\t\t\t<h2 class=\"elementor-post__title\">\n\t\t\t<a href=\"https:\/\/oceancamper.com\/cs\/portugalske-potraviny\/\" >\n\t\t\t\tPortugalsk\u00e1 j\u00eddla &#8211; ryby, m\u011bkk\u00fd\u0161i, maso a m\u00edstn\u00ed speciality, kter\u00e9 mus\u00edte ochutnat\t\t\t<\/a>\n\t\t<\/h2>\n\t\t\t\t<div class=\"elementor-post__excerpt\">\n\t\t\t<p>J\u00eddlo, kter\u00e9 mus\u00edte v Portugalsku ochutnat. Doporu\u010den\u00ed typick\u00fdch j\u00eddel: ryby, maso, olivov\u00fd olej a v\u00edno jsou nejchutn\u011bj\u0161\u00ed. <\/p>\n\t\t<\/div>\n\t\t\n\t\t<a class=\"elementor-post__read-more\" href=\"https:\/\/oceancamper.com\/cs\/portugalske-potraviny\/\" aria-label=\"Read more about Portugalsk\u00e1 j\u00eddla &#8211; ryby, m\u011bkk\u00fd\u0161i, maso a m\u00edstn\u00ed speciality, kter\u00e9 mus\u00edte ochutnat\" tabindex=\"-1\" >\n\t\t\tP\u0159e\u010dt\u011bte si v\u00edce \"\t\t<\/a>\n\n\t\t\t\t<\/div>\n\t\t\t\t\t<\/div>\n\t\t<\/article>\n\t\t\t\t<article class=\"elementor-post elementor-grid-item post-162207 post type-post status-publish format-standard has-post-thumbnail hentry category-upozorneni\" role=\"listitem\">\n\t\t\t<div class=\"elementor-post__card\">\n\t\t\t\t<a class=\"elementor-post__thumbnail__link\" href=\"https:\/\/oceancamper.com\/cs\/surfovani-v-portugalsku\/\" tabindex=\"-1\" ><div class=\"elementor-post__thumbnail\"><img loading=\"lazy\" decoding=\"async\" width=\"2560\" height=\"1707\" src=\"https:\/\/oceancamper.com\/wp-content\/uploads\/2020\/12\/surfing-in-portugal-ocean-camper-van-scaled.jpg\" class=\"attachment-full size-full wp-image-206775\" alt=\"Surfov\u00e1n\u00ed v Portugalsku s dod\u00e1vkou Ocean Camper zaparkovanou u pl\u00e1\u017ee p\u0159i z\u00e1padu slunce\" srcset=\"https:\/\/oceancamper.com\/wp-content\/uploads\/2020\/12\/surfing-in-portugal-ocean-camper-van-scaled.jpg 2560w, https:\/\/oceancamper.com\/wp-content\/uploads\/2020\/12\/surfing-in-portugal-ocean-camper-van-300x200.jpg 300w, https:\/\/oceancamper.com\/wp-content\/uploads\/2020\/12\/surfing-in-portugal-ocean-camper-van-1024x683.jpg 1024w, https:\/\/oceancamper.com\/wp-content\/uploads\/2020\/12\/surfing-in-portugal-ocean-camper-van-768x512.jpg 768w, https:\/\/oceancamper.com\/wp-content\/uploads\/2020\/12\/surfing-in-portugal-ocean-camper-van-1536x1024.jpg 1536w, https:\/\/oceancamper.com\/wp-content\/uploads\/2020\/12\/surfing-in-portugal-ocean-camper-van-2048x1365.jpg 2048w, https:\/\/oceancamper.com\/wp-content\/uploads\/2020\/12\/surfing-in-portugal-ocean-camper-van-240x160.jpg 240w\" sizes=\"(max-width: 2560px) 100vw, 2560px\" \/><\/div><\/a>\n\t\t\t\t<div class=\"elementor-post__text\">\n\t\t\t\t<h2 class=\"elementor-post__title\">\n\t\t\t<a href=\"https:\/\/oceancamper.com\/cs\/surfovani-v-portugalsku\/\" >\n\t\t\t\tSurfov\u00e1n\u00ed v Portugalsku: Pr\u016fvodce pro v\u00fdlety karavanem: nejlep\u0161\u00ed pl\u00e1\u017ee, surfa\u0159sk\u00e1 m\u00edsta a pr\u016fvodce po Portugalsku.\t\t\t<\/a>\n\t\t<\/h2>\n\t\t\t\t<div class=\"elementor-post__excerpt\">\n\t\t\t<p>Nejlep\u0161\u00ed pl\u00e1\u017ee pro surfov\u00e1n\u00ed v Algarve a Costa Vicentina. Mapa a informace o tom, co m\u016f\u017eete na jednotliv\u00fdch pl\u00e1\u017e\u00edch o\u010dek\u00e1vat.   <\/p>\n\t\t<\/div>\n\t\t\n\t\t<a class=\"elementor-post__read-more\" href=\"https:\/\/oceancamper.com\/cs\/surfovani-v-portugalsku\/\" aria-label=\"Read more about Surfov\u00e1n\u00ed v Portugalsku: Pr\u016fvodce pro v\u00fdlety karavanem: nejlep\u0161\u00ed pl\u00e1\u017ee, surfa\u0159sk\u00e1 m\u00edsta a pr\u016fvodce po Portugalsku.\" tabindex=\"-1\" >\n\t\t\tP\u0159e\u010dt\u011bte si v\u00edce \"\t\t<\/a>\n\n\t\t\t\t<\/div>\n\t\t\t\t\t<\/div>\n\t\t<\/article>\n\t\t\t\t<\/div>\n\t\t\n\t\t\t\t\t\t<\/div>\n\t\t\t\t<\/div>\n\t\t\t\t\t<\/div>\n\t\t<\/div>\n\t\t\t\t\t<\/div>\n\t\t<\/section>\n\t\t\t\t\t<\/div>\n\t\t<\/div>\n\t\t\t\t\t<\/div>\n\t\t<\/section>\n\t\t\t\t<\/div>\n\t\t","protected":false},"excerpt":{"rendered":"<p>Surf &amp; Camp Algarve Guide Sn\u00edte o dobrodru\u017estv\u00ed na surfu a v kempu v portugalsk\u00e9m Algarve? N\u00e1\u0161 pr\u016fvodce Surf &amp; Camp Guide v\u00e1m pom\u016f\u017ee objevit nejlep\u0161\u00ed surfa\u0159sk\u00e1 m\u00edsta, pl\u00e1\u017eov\u00e9 kempy a trasy vhodn\u00e9 pro obytn\u00e9 vozy na jihu Portugalska. Ocean Camper v\u00e1m uk\u00e1\u017ee, kde m\u016f\u017eete surfovat, kempovat a voln\u011b cestovat po Algarve, a\u0165 u\u017e se [&hellip;]<\/p>\n","protected":false},"author":1,"featured_media":166770,"parent":0,"menu_order":0,"comment_status":"closed","ping_status":"closed","template":"elementor_header_footer","meta":{"om_disable_all_campaigns":false,"footnotes":""},"class_list":["post-161707","page","type-page","status-publish","has-post-thumbnail","hentry"],"aioseo_notices":[],"_links":{"self":[{"href":"https:\/\/oceancamper.com\/cs\/wp-json\/wp\/v2\/pages\/161707","targetHints":{"allow":["GET"]}}],"collection":[{"href":"https:\/\/oceancamper.com\/cs\/wp-json\/wp\/v2\/pages"}],"about":[{"href":"https:\/\/oceancamper.com\/cs\/wp-json\/wp\/v2\/types\/page"}],"author":[{"embeddable":true,"href":"https:\/\/oceancamper.com\/cs\/wp-json\/wp\/v2\/users\/1"}],"replies":[{"embeddable":true,"href":"https:\/\/oceancamper.com\/cs\/wp-json\/wp\/v2\/comments?post=161707"}],"version-history":[{"count":4,"href":"https:\/\/oceancamper.com\/cs\/wp-json\/wp\/v2\/pages\/161707\/revisions"}],"predecessor-version":[{"id":205319,"href":"https:\/\/oceancamper.com\/cs\/wp-json\/wp\/v2\/pages\/161707\/revisions\/205319"}],"wp:featuredmedia":[{"embeddable":true,"href":"https:\/\/oceancamper.com\/cs\/wp-json\/wp\/v2\/media\/166770"}],"wp:attachment":[{"href":"https:\/\/oceancamper.com\/cs\/wp-json\/wp\/v2\/media?parent=161707"}],"curies":[{"name":"wp","href":"https:\/\/api.w.org\/{rel}","templated":true}]}}